{"id":3417,"date":"2021-05-28T12:37:45","date_gmt":"2021-05-28T10:37:45","guid":{"rendered":"https:\/\/www.chateaudegoutelas.fr\/?p=3417"},"modified":"2023-05-26T09:57:05","modified_gmt":"2023-05-26T07:57:05","slug":"27-et-28-08-comedie-musicale-une-vie-en-chansons","status":"publish","type":"archive","link":"https:\/\/www.chateaudegoutelas.fr\/en\/archive\/27-et-28-08-comedie-musicale-une-vie-en-chansons\/","title":{"rendered":"27 ET 28.08 &#8211; COM\u00c9DIE MUSICALE : Une vie en chansons"},"content":{"rendered":"<div class=\"shmMigrate\"><\/div>\n<div class=\"shmMigrate\"><\/div>\n<div class=\"shmMigrate\"><\/div>\n<div class=\"shmMigrate\"><\/div>\n<h4><span style=\"font-weight: 400;\">Vendredi 27 et samedi 28 ao\u00fbt<\/span><\/h4>\n<h4><span style=\"font-weight: 400;\">20h30<\/span><\/h4>\n<p>Au gymnase de Bo\u00ebn-sur-Lignon<\/p>\n<div class=\"shmMigrate\"><\/div>\n<div class=\"shmMigrate\"><\/div>\n<div class=\"shmMigrate\"><\/div>\n<p><b>Une vie en chansons<\/b><\/p>\n<p>La Forez Academy pr\u00e9sente sa com\u00e9die musicale !<\/p>\n<p><span style=\"font-weight: 400;\">\u00a0<\/span><\/p>\n<p>Les artistes amateurs de tous \u00e2ges qui forment la troupe de la Forez Academy ont relev\u00e9 le d\u00e9fi de cr\u00e9er une com\u00e9die musicale. Apr\u00e8s cette ann\u00e9e si particuli\u00e8re, ils vous pr\u00e9sentent un spectacle haut en couleurs et en \u00e9motions\u2026 tout en chansons !<\/p>\n<p>&nbsp;<\/p>\n<p>Une cr\u00e9ation accompagn\u00e9e par Am\u00e9lie-les-crayons, Billie, Freddy Kroegher, Toufik Maadi<\/p>\n<p>Mise en sc\u00e8ne : Yanick Guillermin<\/p>\n<div class=\"shmMigrate\"><\/div>\n<div class=\"shmMigrate\"><\/div>\n<div class=\"shmMigrate\"><\/div>\n<p><strong>Au gymnase de Bo\u00ebn-sur-Lignon<\/strong><\/p>\n<p><strong>Gratuit, sur r\u00e9servation<\/strong><\/p>\n<p><strong>Dur\u00e9e 1h30<\/strong><\/p>\n<div class=\"shmMigrate\"><\/div>\n<div class=\"shmMigrate\"><\/div>\n<div class=\"shmMigrate\"><\/div>\n<div class=\"shmMigrate\"><\/div>\n<p><em>Ce projet des Chemins en sc\u00e8ne et en musique s&rsquo;inscrit dans la Convention pour l&rsquo;\u00e9ducation aux arts et \u00e0 la culture entre Loire Forez agglom\u00e9ration et le Minist\u00e8re de la Culture (DRAC Auvergne-Rh\u00f4ne-Alpes). Il est coordonn\u00e9 par le Ch\u00e2teau de Goutelas, la compagnie La Cogite et le r\u00e9seau culturel de Loire Forez agglom\u00e9ration.<\/em><\/p>\n<div class=\"shmMigrate\"><\/div>\n<div class=\"shmMigrate\"><\/div>\n<div class=\"shmMigrate\"><\/div>\n<div class=\"shmMigrate\"><\/div>","protected":false},"author":7,"featured_media":2908,"template":"","meta":{"site-sidebar-layout":"default","site-content-layout":"","ast-site-content-layout":"default","site-content-style":"default","site-sidebar-style":"default","ast-global-header-display":"","ast-banner-title-visibility":"","ast-main-header-display":"","ast-hfb-above-header-display":"","ast-hfb-below-header-display":"","ast-hfb-mobile-header-display":"","site-post-title":"","ast-breadcrumbs-content":null,"ast-featured-img":"","footer-sml-layout":"","ast-disable-related-posts":"","theme-transparent-header-meta":"","adv-header-id-meta":"","stick-header-meta":"","header-above-stick-meta":null,"header-main-stick-meta":"","header-below-stick-meta":null,"astra-migrate-meta-layouts":"default","ast-page-background-enabled":"default","ast-page-background-meta":{"desktop":{"background-color":"","background-image":"","background-repeat":"repeat","background-position":"center center","background-size":"auto","background-attachment":"scroll","background-type":"","background-media":"","overlay-type":"","overlay-color":"","overlay-opacity":"","overlay-gradient":""},"tablet":{"background-color":"","background-image":"","background-repeat":"repeat","background-position":"center center","background-size":"auto","background-attachment":"scroll","background-type":"","background-media":"","overlay-type":"","overlay-color":"","overlay-opacity":"","overlay-gradient":""},"mobile":{"background-color":"","background-image":"","background-repeat":"repeat","background-position":"center center","background-size":"auto","background-attachment":"scroll","background-type":"","background-media":"","overlay-type":"","overlay-color":"","overlay-opacity":"","overlay-gradient":""}},"ast-content-background-meta":{"desktop":{"background-color":"var(--ast-global-color-5)","background-image":"","background-repeat":"repeat","background-position":"center center","background-size":"auto","background-attachment":"scroll","background-type":"","background-media":"","overlay-type":"","overlay-color":"","overlay-opacity":"","overlay-gradient":""},"tablet":{"background-color":"var(--ast-global-color-5)","background-image":"","background-repeat":"repeat","background-position":"center center","background-size":"auto","background-attachment":"scroll","background-type":"","background-media":"","overlay-type":"","overlay-color":"","overlay-opacity":"","overlay-gradient":""},"mobile":{"background-color":"var(--ast-global-color-5)","background-image":"","background-repeat":"repeat","background-position":"center center","background-size":"auto","background-attachment":"scroll","background-type":"","background-media":"","overlay-type":"","overlay-color":"","overlay-opacity":"","overlay-gradient":""}}},"categories":[4],"tags":[],"class_list":["post-3417","archive","type-archive","status-publish","has-post-thumbnail","hentry","category-actualites"],"yoast_head":"<!-- This site is optimized with the Yoast SEO plugin v27.5 - https:\/\/yoast.com\/product\/yoast-seo-wordpress\/ -->\n<title>27 ET 28.08 - COM\u00c9DIE MUSICALE : Une vie en chansons - Ch\u00e2teau de Goutelas<\/title>\n<meta name=\"robots\" content=\"index, follow, max-snippet:-1, max-image-preview:large, max-video-preview:-1\" \/>\n<link rel=\"canonical\" href=\"https:\/\/www.chateaudegoutelas.fr\/en\/archive\/27-et-28-08-comedie-musicale-une-vie-en-chansons\/\" \/>\n<meta property=\"og:locale\" content=\"en_GB\" \/>\n<meta property=\"og:type\" content=\"article\" \/>\n<meta property=\"og:title\" content=\"27 ET 28.08 - COM\u00c9DIE MUSICALE : Une vie en chansons - Ch\u00e2teau de Goutelas\" \/>\n<meta property=\"og:description\" content=\"Vendredi 27 et samedi 28 ao\u00fbt 20h30 Au gymnase de Bo\u00ebn-sur-Lignon Une vie en chansons La Forez Academy pr\u00e9sente sa com\u00e9die musicale ! \u00a0 Les artistes amateurs de tous \u00e2ges qui forment la troupe de la Forez Academy ont relev\u00e9 le d\u00e9fi de cr\u00e9er une com\u00e9die musicale. Apr\u00e8s cette ann\u00e9e si particuli\u00e8re, ils vous pr\u00e9sentent [&hellip;]\" \/>\n<meta property=\"og:url\" content=\"https:\/\/www.chateaudegoutelas.fr\/en\/archive\/27-et-28-08-comedie-musicale-une-vie-en-chansons\/\" \/>\n<meta property=\"og:site_name\" content=\"Ch\u00e2teau de Goutelas\" \/>\n<meta property=\"article:modified_time\" content=\"2023-05-26T07:57:05+00:00\" \/>\n<meta property=\"og:image\" content=\"https:\/\/www.chateaudegoutelas.fr\/wp-content\/uploads\/2020\/07\/P1010870_2.jpg\" \/>\n\t<meta property=\"og:image:width\" content=\"1100\" \/>\n\t<meta property=\"og:image:height\" content=\"733\" \/>\n\t<meta property=\"og:image:type\" content=\"image\/jpeg\" \/>\n<meta name=\"twitter:card\" content=\"summary_large_image\" \/>\n<meta name=\"twitter:label1\" content=\"Estimated reading time\" \/>\n\t<meta name=\"twitter:data1\" content=\"1 minute\" \/>\n<script type=\"application\/ld+json\" class=\"yoast-schema-graph\">{\"@context\":\"https:\\\/\\\/schema.org\",\"@graph\":[{\"@type\":\"WebPage\",\"@id\":\"https:\\\/\\\/www.chateaudegoutelas.fr\\\/archive\\\/27-et-28-08-comedie-musicale-une-vie-en-chansons\\\/\",\"url\":\"https:\\\/\\\/www.chateaudegoutelas.fr\\\/archive\\\/27-et-28-08-comedie-musicale-une-vie-en-chansons\\\/\",\"name\":\"27 ET 28.08 - COM\u00c9DIE MUSICALE : Une vie en chansons - Ch\u00e2teau de Goutelas\",\"isPartOf\":{\"@id\":\"https:\\\/\\\/www.chateaudegoutelas.fr\\\/#website\"},\"primaryImageOfPage\":{\"@id\":\"https:\\\/\\\/www.chateaudegoutelas.fr\\\/archive\\\/27-et-28-08-comedie-musicale-une-vie-en-chansons\\\/#primaryimage\"},\"image\":{\"@id\":\"https:\\\/\\\/www.chateaudegoutelas.fr\\\/archive\\\/27-et-28-08-comedie-musicale-une-vie-en-chansons\\\/#primaryimage\"},\"thumbnailUrl\":\"https:\\\/\\\/www.chateaudegoutelas.fr\\\/wp-content\\\/uploads\\\/2020\\\/07\\\/P1010870_2.jpg\",\"datePublished\":\"2021-05-28T10:37:45+00:00\",\"dateModified\":\"2023-05-26T07:57:05+00:00\",\"breadcrumb\":{\"@id\":\"https:\\\/\\\/www.chateaudegoutelas.fr\\\/archive\\\/27-et-28-08-comedie-musicale-une-vie-en-chansons\\\/#breadcrumb\"},\"inLanguage\":\"en-GB\",\"potentialAction\":[{\"@type\":\"ReadAction\",\"target\":[\"https:\\\/\\\/www.chateaudegoutelas.fr\\\/archive\\\/27-et-28-08-comedie-musicale-une-vie-en-chansons\\\/\"]}]},{\"@type\":\"ImageObject\",\"inLanguage\":\"en-GB\",\"@id\":\"https:\\\/\\\/www.chateaudegoutelas.fr\\\/archive\\\/27-et-28-08-comedie-musicale-une-vie-en-chansons\\\/#primaryimage\",\"url\":\"https:\\\/\\\/www.chateaudegoutelas.fr\\\/wp-content\\\/uploads\\\/2020\\\/07\\\/P1010870_2.jpg\",\"contentUrl\":\"https:\\\/\\\/www.chateaudegoutelas.fr\\\/wp-content\\\/uploads\\\/2020\\\/07\\\/P1010870_2.jpg\",\"width\":1100,\"height\":733},{\"@type\":\"BreadcrumbList\",\"@id\":\"https:\\\/\\\/www.chateaudegoutelas.fr\\\/archive\\\/27-et-28-08-comedie-musicale-une-vie-en-chansons\\\/#breadcrumb\",\"itemListElement\":[{\"@type\":\"ListItem\",\"position\":1,\"name\":\"Accueil\",\"item\":\"https:\\\/\\\/www.chateaudegoutelas.fr\\\/\"},{\"@type\":\"ListItem\",\"position\":2,\"name\":\"27 ET 28.08 &#8211; COM\u00c9DIE MUSICALE : Une vie en chansons\"}]},{\"@type\":\"WebSite\",\"@id\":\"https:\\\/\\\/www.chateaudegoutelas.fr\\\/#website\",\"url\":\"https:\\\/\\\/www.chateaudegoutelas.fr\\\/\",\"name\":\"Ch\u00e2teau de Goutelas\",\"description\":\"Un centre culturel de rencontre en Forez\",\"publisher\":{\"@id\":\"https:\\\/\\\/www.chateaudegoutelas.fr\\\/#organization\"},\"potentialAction\":[{\"@type\":\"SearchAction\",\"target\":{\"@type\":\"EntryPoint\",\"urlTemplate\":\"https:\\\/\\\/www.chateaudegoutelas.fr\\\/?s={search_term_string}\"},\"query-input\":{\"@type\":\"PropertyValueSpecification\",\"valueRequired\":true,\"valueName\":\"search_term_string\"}}],\"inLanguage\":\"en-GB\"},{\"@type\":\"Organization\",\"@id\":\"https:\\\/\\\/www.chateaudegoutelas.fr\\\/#organization\",\"name\":\"Ch\u00e2teau de Goutelas\",\"url\":\"https:\\\/\\\/www.chateaudegoutelas.fr\\\/\",\"logo\":{\"@type\":\"ImageObject\",\"inLanguage\":\"en-GB\",\"@id\":\"https:\\\/\\\/www.chateaudegoutelas.fr\\\/#\\\/schema\\\/logo\\\/image\\\/\",\"url\":\"https:\\\/\\\/www.chateaudegoutelas.fr\\\/wp-content\\\/uploads\\\/2023\\\/05\\\/logo-chateau-goutelas-bleu.png\",\"contentUrl\":\"https:\\\/\\\/www.chateaudegoutelas.fr\\\/wp-content\\\/uploads\\\/2023\\\/05\\\/logo-chateau-goutelas-bleu.png\",\"width\":1123,\"height\":327,\"caption\":\"Ch\u00e2teau de Goutelas\"},\"image\":{\"@id\":\"https:\\\/\\\/www.chateaudegoutelas.fr\\\/#\\\/schema\\\/logo\\\/image\\\/\"}}]}<\/script>\n<!-- \/ Yoast SEO plugin. -->","yoast_head_json":{"title":"27 ET 28.08 - COM\u00c9DIE MUSICALE : Une vie en chansons - Ch\u00e2teau de Goutelas","robots":{"index":"index","follow":"follow","max-snippet":"max-snippet:-1","max-image-preview":"max-image-preview:large","max-video-preview":"max-video-preview:-1"},"canonical":"https:\/\/www.chateaudegoutelas.fr\/en\/archive\/27-et-28-08-comedie-musicale-une-vie-en-chansons\/","og_locale":"en_GB","og_type":"article","og_title":"27 ET 28.08 - COM\u00c9DIE MUSICALE : Une vie en chansons - Ch\u00e2teau de Goutelas","og_description":"Vendredi 27 et samedi 28 ao\u00fbt 20h30 Au gymnase de Bo\u00ebn-sur-Lignon Une vie en chansons La Forez Academy pr\u00e9sente sa com\u00e9die musicale ! \u00a0 Les artistes amateurs de tous \u00e2ges qui forment la troupe de la Forez Academy ont relev\u00e9 le d\u00e9fi de cr\u00e9er une com\u00e9die musicale. Apr\u00e8s cette ann\u00e9e si particuli\u00e8re, ils vous pr\u00e9sentent [&hellip;]","og_url":"https:\/\/www.chateaudegoutelas.fr\/en\/archive\/27-et-28-08-comedie-musicale-une-vie-en-chansons\/","og_site_name":"Ch\u00e2teau de Goutelas","article_modified_time":"2023-05-26T07:57:05+00:00","og_image":[{"width":1100,"height":733,"url":"https:\/\/www.chateaudegoutelas.fr\/wp-content\/uploads\/2020\/07\/P1010870_2.jpg","type":"image\/jpeg"}],"twitter_card":"summary_large_image","twitter_misc":{"Estimated reading time":"1 minute"},"schema":{"@context":"https:\/\/schema.org","@graph":[{"@type":"WebPage","@id":"https:\/\/www.chateaudegoutelas.fr\/archive\/27-et-28-08-comedie-musicale-une-vie-en-chansons\/","url":"https:\/\/www.chateaudegoutelas.fr\/archive\/27-et-28-08-comedie-musicale-une-vie-en-chansons\/","name":"27 ET 28.08 - COM\u00c9DIE MUSICALE : Une vie en chansons - Ch\u00e2teau de Goutelas","isPartOf":{"@id":"https:\/\/www.chateaudegoutelas.fr\/#website"},"primaryImageOfPage":{"@id":"https:\/\/www.chateaudegoutelas.fr\/archive\/27-et-28-08-comedie-musicale-une-vie-en-chansons\/#primaryimage"},"image":{"@id":"https:\/\/www.chateaudegoutelas.fr\/archive\/27-et-28-08-comedie-musicale-une-vie-en-chansons\/#primaryimage"},"thumbnailUrl":"https:\/\/www.chateaudegoutelas.fr\/wp-content\/uploads\/2020\/07\/P1010870_2.jpg","datePublished":"2021-05-28T10:37:45+00:00","dateModified":"2023-05-26T07:57:05+00:00","breadcrumb":{"@id":"https:\/\/www.chateaudegoutelas.fr\/archive\/27-et-28-08-comedie-musicale-une-vie-en-chansons\/#breadcrumb"},"inLanguage":"en-GB","potentialAction":[{"@type":"ReadAction","target":["https:\/\/www.chateaudegoutelas.fr\/archive\/27-et-28-08-comedie-musicale-une-vie-en-chansons\/"]}]},{"@type":"ImageObject","inLanguage":"en-GB","@id":"https:\/\/www.chateaudegoutelas.fr\/archive\/27-et-28-08-comedie-musicale-une-vie-en-chansons\/#primaryimage","url":"https:\/\/www.chateaudegoutelas.fr\/wp-content\/uploads\/2020\/07\/P1010870_2.jpg","contentUrl":"https:\/\/www.chateaudegoutelas.fr\/wp-content\/uploads\/2020\/07\/P1010870_2.jpg","width":1100,"height":733},{"@type":"BreadcrumbList","@id":"https:\/\/www.chateaudegoutelas.fr\/archive\/27-et-28-08-comedie-musicale-une-vie-en-chansons\/#breadcrumb","itemListElement":[{"@type":"ListItem","position":1,"name":"Accueil","item":"https:\/\/www.chateaudegoutelas.fr\/"},{"@type":"ListItem","position":2,"name":"27 ET 28.08 &#8211; COM\u00c9DIE MUSICALE : Une vie en chansons"}]},{"@type":"WebSite","@id":"https:\/\/www.chateaudegoutelas.fr\/#website","url":"https:\/\/www.chateaudegoutelas.fr\/","name":"Ch\u00e2teau de Goutelas","description":"Un centre culturel de rencontre en Forez","publisher":{"@id":"https:\/\/www.chateaudegoutelas.fr\/#organization"},"potentialAction":[{"@type":"SearchAction","target":{"@type":"EntryPoint","urlTemplate":"https:\/\/www.chateaudegoutelas.fr\/?s={search_term_string}"},"query-input":{"@type":"PropertyValueSpecification","valueRequired":true,"valueName":"search_term_string"}}],"inLanguage":"en-GB"},{"@type":"Organization","@id":"https:\/\/www.chateaudegoutelas.fr\/#organization","name":"Ch\u00e2teau de Goutelas","url":"https:\/\/www.chateaudegoutelas.fr\/","logo":{"@type":"ImageObject","inLanguage":"en-GB","@id":"https:\/\/www.chateaudegoutelas.fr\/#\/schema\/logo\/image\/","url":"https:\/\/www.chateaudegoutelas.fr\/wp-content\/uploads\/2023\/05\/logo-chateau-goutelas-bleu.png","contentUrl":"https:\/\/www.chateaudegoutelas.fr\/wp-content\/uploads\/2023\/05\/logo-chateau-goutelas-bleu.png","width":1123,"height":327,"caption":"Ch\u00e2teau de Goutelas"},"image":{"@id":"https:\/\/www.chateaudegoutelas.fr\/#\/schema\/logo\/image\/"}}]}},"_links":{"self":[{"href":"https:\/\/www.chateaudegoutelas.fr\/en\/wp-json\/wp\/v2\/archive\/3417","targetHints":{"allow":["GET"]}}],"collection":[{"href":"https:\/\/www.chateaudegoutelas.fr\/en\/wp-json\/wp\/v2\/archive"}],"about":[{"href":"https:\/\/www.chateaudegoutelas.fr\/en\/wp-json\/wp\/v2\/types\/archive"}],"author":[{"embeddable":true,"href":"https:\/\/www.chateaudegoutelas.fr\/en\/wp-json\/wp\/v2\/users\/7"}],"wp:featuredmedia":[{"embeddable":true,"href":"https:\/\/www.chateaudegoutelas.fr\/en\/wp-json\/wp\/v2\/media\/2908"}],"wp:attachment":[{"href":"https:\/\/www.chateaudegoutelas.fr\/en\/wp-json\/wp\/v2\/media?parent=3417"}],"wp:term":[{"taxonomy":"category","embeddable":true,"href":"https:\/\/www.chateaudegoutelas.fr\/en\/wp-json\/wp\/v2\/categories?post=3417"},{"taxonomy":"post_tag","embeddable":true,"href":"https:\/\/www.chateaudegoutelas.fr\/en\/wp-json\/wp\/v2\/tags?post=3417"}],"curies":[{"name":"wp","href":"https:\/\/api.w.org\/{rel}","templated":true}]}}