{"id":3411,"date":"2021-05-28T09:01:18","date_gmt":"2021-05-28T07:01:18","guid":{"rendered":"https:\/\/www.chateaudegoutelas.fr\/?p=3411"},"modified":"2023-05-26T09:58:49","modified_gmt":"2023-05-26T07:58:49","slug":"juillet-et-aout-suivez-le-guide-visites-thematiques","status":"publish","type":"archive","link":"https:\/\/www.chateaudegoutelas.fr\/en\/archive\/juillet-et-aout-suivez-le-guide-visites-thematiques\/","title":{"rendered":"JUILLET ET AO\u00dbT &#8211; SUIVEZ LE GUIDE : visites th\u00e9matiques"},"content":{"rendered":"<div class=\"shmMigrate\"><\/div>\n<div class=\"shmMigrate\"><\/div>\n<div class=\"shmMigrate\"><\/div>\n<div class=\"shmMigrate\"><\/div>\n<h4><span style=\"font-weight: 400;\">Les dimanches 18 juillet, 25 juillet, 8 ao\u00fbt, 22 ao\u00fbt<\/span><\/h4>\n<h4><span style=\"font-weight: 400;\">10h30<\/span><\/h4>\n<div class=\"shmMigrate\"><\/div>\n<div class=\"shmMigrate\"><\/div>\n<div class=\"shmMigrate\"><\/div>\n<p><b>Suivez le guide !<\/b><\/p>\n<p>Visites th\u00e9matiques du ch\u00e2teau par les b\u00e9n\u00e9voles de l&rsquo;association<\/p>\n<p><span style=\"font-weight: 400;\">\u00a0<\/span><\/p>\n<p><span style=\"font-weight: 400;\">Cet \u00e9t\u00e9, des membres de l&rsquo;association vous proposent de d\u00e9couvrir Goutelas \u00e0 travers leur point de vue. Chaque visite est une variation de l&rsquo;interpr\u00e9tation du site.<\/span><i><\/i><\/p>\n<div class=\"shmMigrate\"><\/div>\n<div class=\"shmMigrate\"><\/div>\n<div class=\"shmMigrate\"><\/div>\n<p><strong>Sur r\u00e9servation<\/strong><\/p>\n<p><strong>3\u20ac, gratuit pour enfants de moins de 12 ans<\/strong><\/p>\n<p><strong>Dur\u00e9e 1h30<\/strong><\/p>\n<div class=\"shmMigrate\"><\/div>\n<div class=\"shmMigrate\"><\/div>\n<div class=\"shmMigrate\"><\/div>\n<p>&#8212;&#8211;<\/p>\n<p><strong>Dimanche 18 juillet<\/strong><\/p>\n<p><strong>Le jazz : l\u2019humanisme en musique<\/strong><br \/>\n<em>Avec Fabrice Just, musicien<\/em><\/p>\n<p>\u201cVivre intens\u00e9ment chaque instant, travailler en \u00e9quipe et, surtout, respecter l\u2019autre\u00a0\u00bb : les (re)b\u00e2tisseurs de Goutelas n&rsquo;auraient pas reni\u00e9 cette devise d\u2019Herbie Hancock ! Marchez dans les pas de Duke Ellington qui donna un concert au ch\u00e2teau en 1966.<\/p>\n<div class=\"shmMigrate\"><\/div>\n<div class=\"shmMigrate\"><\/div>\n<div class=\"shmMigrate\"><\/div>\n<div class=\"shmMigrate\"><\/div>\n<p><strong>Dimanche 25 juillet<\/strong><\/p>\n<p><b>Si les pierres de Goutelas pouvaient parler<\/b><\/p>\n<p><i><span style=\"font-weight: 400;\">Avec Marie-No\u00ebl Moulin, fille de Paul Verdier, artisan de la reconstruction de Goutelas<\/span><\/i><\/p>\n<p><span style=\"font-weight: 400;\">Dans les ann\u00e9es 1960, des hommes et des femmes de tous horizons se mobilisent et\u00a0 redonnent vie au ch\u00e2teau en p\u00e9ril. Plongez dans l\u2019histoire de cette reconstruction, une aventure humaine faite de rires, de partage, de po\u00e9sie et de r\u00eaves.<\/span><\/p>\n<div class=\"shmMigrate\"><\/div>\n<div class=\"shmMigrate\"><\/div>\n<div class=\"shmMigrate\"><\/div>\n<div class=\"shmMigrate\"><\/div>\n<p><strong>Dimanche 8 ao\u00fbt<\/strong><\/p>\n<p><b>Goutelas et l\u2019identit\u00e9 romanesque du Forez\u00a0<\/b><\/p>\n<p><i><span style=\"font-weight: 400;\">Avec Marie-Claude Mioche, agr\u00e9g\u00e9e de lettres classiques<\/span><\/i><\/p>\n<p><span style=\"font-weight: 400;\">Goutelas est l&rsquo;un des sites majeurs de <\/span><i><span style=\"font-weight: 400;\">L&rsquo;Astr\u00e9e <\/span><\/i><span style=\"font-weight: 400;\">d&rsquo;Honor\u00e9 d&rsquo;Urf\u00e9, roman bestseller du XVII<\/span><span style=\"font-weight: 400;\">\u00e8me<\/span><span style=\"font-weight: 400;\"> si\u00e8cle. Cette visite \u00e9voque l\u2019intrigue et le sens de ce roman qui fit entrer le Forez en litt\u00e9rature.\u00a0<\/span><\/p>\n<div class=\"shmMigrate\"><\/div>\n<div class=\"shmMigrate\"><\/div>\n<div class=\"shmMigrate\"><\/div>\n<div class=\"shmMigrate\"><\/div>\n<p><strong>Dimanche 22 ao\u00fbt<\/strong><\/p>\n<p><b>D\u2019un ch\u00e2teau \u00e0 l\u2019\u0153uvre<\/b><\/p>\n<p><i><span style=\"font-weight: 400;\">Avec Dominique Th\u00e9venot, ex charg\u00e9 de mission \u201cArts plastiques\u201d \u00e0 la Ville de Montpellier<\/span><\/i><\/p>\n<p><span style=\"font-weight: 400;\">Cette d\u00e9ambulation ravive le souvenir de Lo\u00ffs Papon, chanoine et po\u00e8te qui contribua \u00e0 faire de Goutelas un lieu d\u00e9di\u00e9 aux arts et au savoir. Un saut dans le temps nous porte vers la cr\u00e9ation contemporaine avec l\u2019exposition <\/span><i><span style=\"font-weight: 400;\">Nouvelles faunes<\/span><\/i><span style=\"font-weight: 400;\">.<\/span><\/p>\n<div class=\"shmMigrate\"><\/div>\n<div class=\"shmMigrate\"><\/div>\n<div class=\"shmMigrate\"><\/div>\n<div class=\"shmMigrate\"><\/div>\n<div class=\"shmMigrate\"><\/div>","protected":false},"author":7,"featured_media":1933,"template":"","meta":{"site-sidebar-layout":"default","site-content-layout":"","ast-site-content-layout":"default","site-content-style":"default","site-sidebar-style":"default","ast-global-header-display":"","ast-banner-title-visibility":"","ast-main-header-display":"","ast-hfb-above-header-display":"","ast-hfb-below-header-display":"","ast-hfb-mobile-header-display":"","site-post-title":"","ast-breadcrumbs-content":null,"ast-featured-img":"","footer-sml-layout":"","ast-disable-related-posts":"","theme-transparent-header-meta":"","adv-header-id-meta":"","stick-header-meta":"","header-above-stick-meta":null,"header-main-stick-meta":"","header-below-stick-meta":null,"astra-migrate-meta-layouts":"default","ast-page-background-enabled":"default","ast-page-background-meta":{"desktop":{"background-color":"","background-image":"","background-repeat":"repeat","background-position":"center center","background-size":"auto","background-attachment":"scroll","background-type":"","background-media":"","overlay-type":"","overlay-color":"","overlay-opacity":"","overlay-gradient":""},"tablet":{"background-color":"","background-image":"","background-repeat":"repeat","background-position":"center center","background-size":"auto","background-attachment":"scroll","background-type":"","background-media":"","overlay-type":"","overlay-color":"","overlay-opacity":"","overlay-gradient":""},"mobile":{"background-color":"","background-image":"","background-repeat":"repeat","background-position":"center center","background-size":"auto","background-attachment":"scroll","background-type":"","background-media":"","overlay-type":"","overlay-color":"","overlay-opacity":"","overlay-gradient":""}},"ast-content-background-meta":{"desktop":{"background-color":"var(--ast-global-color-5)","background-image":"","background-repeat":"repeat","background-position":"center center","background-size":"auto","background-attachment":"scroll","background-type":"","background-media":"","overlay-type":"","overlay-color":"","overlay-opacity":"","overlay-gradient":""},"tablet":{"background-color":"var(--ast-global-color-5)","background-image":"","background-repeat":"repeat","background-position":"center center","background-size":"auto","background-attachment":"scroll","background-type":"","background-media":"","overlay-type":"","overlay-color":"","overlay-opacity":"","overlay-gradient":""},"mobile":{"background-color":"var(--ast-global-color-5)","background-image":"","background-repeat":"repeat","background-position":"center center","background-size":"auto","background-attachment":"scroll","background-type":"","background-media":"","overlay-type":"","overlay-color":"","overlay-opacity":"","overlay-gradient":""}}},"categories":[4],"tags":[],"class_list":["post-3411","archive","type-archive","status-publish","has-post-thumbnail","hentry","category-actualites"],"yoast_head":"<!-- This site is optimized with the Yoast SEO plugin v27.5 - https:\/\/yoast.com\/product\/yoast-seo-wordpress\/ -->\n<title>JUILLET ET AO\u00dbT - SUIVEZ LE GUIDE : visites th\u00e9matiques - Ch\u00e2teau de Goutelas<\/title>\n<meta name=\"robots\" content=\"index, follow, max-snippet:-1, max-image-preview:large, max-video-preview:-1\" \/>\n<link rel=\"canonical\" href=\"https:\/\/www.chateaudegoutelas.fr\/en\/archive\/juillet-et-aout-suivez-le-guide-visites-thematiques\/\" \/>\n<meta property=\"og:locale\" content=\"en_GB\" \/>\n<meta property=\"og:type\" content=\"article\" \/>\n<meta property=\"og:title\" content=\"JUILLET ET AO\u00dbT - SUIVEZ LE GUIDE : visites th\u00e9matiques - Ch\u00e2teau de Goutelas\" \/>\n<meta property=\"og:description\" content=\"Les dimanches 18 juillet, 25 juillet, 8 ao\u00fbt, 22 ao\u00fbt 10h30 Suivez le guide ! Visites th\u00e9matiques du ch\u00e2teau par les b\u00e9n\u00e9voles de l&rsquo;association \u00a0 Cet \u00e9t\u00e9, des membres de l&rsquo;association vous proposent de d\u00e9couvrir Goutelas \u00e0 travers leur point de vue. Chaque visite est une variation de l&rsquo;interpr\u00e9tation du site. Sur r\u00e9servation 3\u20ac, gratuit [&hellip;]\" \/>\n<meta property=\"og:url\" content=\"https:\/\/www.chateaudegoutelas.fr\/en\/archive\/juillet-et-aout-suivez-le-guide-visites-thematiques\/\" \/>\n<meta property=\"og:site_name\" content=\"Ch\u00e2teau de Goutelas\" \/>\n<meta property=\"article:modified_time\" content=\"2023-05-26T07:58:49+00:00\" \/>\n<meta property=\"og:image\" content=\"https:\/\/www.chateaudegoutelas.fr\/wp-content\/uploads\/2019\/08\/2019Goutelas533-e1622194757773.jpg\" \/>\n\t<meta property=\"og:image:width\" content=\"734\" \/>\n\t<meta property=\"og:image:height\" content=\"794\" \/>\n\t<meta property=\"og:image:type\" content=\"image\/jpeg\" \/>\n<meta name=\"twitter:card\" content=\"summary_large_image\" \/>\n<meta name=\"twitter:label1\" content=\"Estimated reading time\" \/>\n\t<meta name=\"twitter:data1\" content=\"2 minutes\" \/>\n<script type=\"application\/ld+json\" class=\"yoast-schema-graph\">{\"@context\":\"https:\\\/\\\/schema.org\",\"@graph\":[{\"@type\":\"WebPage\",\"@id\":\"https:\\\/\\\/www.chateaudegoutelas.fr\\\/archive\\\/juillet-et-aout-suivez-le-guide-visites-thematiques\\\/\",\"url\":\"https:\\\/\\\/www.chateaudegoutelas.fr\\\/archive\\\/juillet-et-aout-suivez-le-guide-visites-thematiques\\\/\",\"name\":\"JUILLET ET AO\u00dbT - SUIVEZ LE GUIDE : visites th\u00e9matiques - Ch\u00e2teau de Goutelas\",\"isPartOf\":{\"@id\":\"https:\\\/\\\/www.chateaudegoutelas.fr\\\/#website\"},\"primaryImageOfPage\":{\"@id\":\"https:\\\/\\\/www.chateaudegoutelas.fr\\\/archive\\\/juillet-et-aout-suivez-le-guide-visites-thematiques\\\/#primaryimage\"},\"image\":{\"@id\":\"https:\\\/\\\/www.chateaudegoutelas.fr\\\/archive\\\/juillet-et-aout-suivez-le-guide-visites-thematiques\\\/#primaryimage\"},\"thumbnailUrl\":\"https:\\\/\\\/www.chateaudegoutelas.fr\\\/wp-content\\\/uploads\\\/2019\\\/08\\\/2019Goutelas533-e1622194757773.jpg\",\"datePublished\":\"2021-05-28T07:01:18+00:00\",\"dateModified\":\"2023-05-26T07:58:49+00:00\",\"breadcrumb\":{\"@id\":\"https:\\\/\\\/www.chateaudegoutelas.fr\\\/archive\\\/juillet-et-aout-suivez-le-guide-visites-thematiques\\\/#breadcrumb\"},\"inLanguage\":\"en-GB\",\"potentialAction\":[{\"@type\":\"ReadAction\",\"target\":[\"https:\\\/\\\/www.chateaudegoutelas.fr\\\/archive\\\/juillet-et-aout-suivez-le-guide-visites-thematiques\\\/\"]}]},{\"@type\":\"ImageObject\",\"inLanguage\":\"en-GB\",\"@id\":\"https:\\\/\\\/www.chateaudegoutelas.fr\\\/archive\\\/juillet-et-aout-suivez-le-guide-visites-thematiques\\\/#primaryimage\",\"url\":\"https:\\\/\\\/www.chateaudegoutelas.fr\\\/wp-content\\\/uploads\\\/2019\\\/08\\\/2019Goutelas533-e1622194757773.jpg\",\"contentUrl\":\"https:\\\/\\\/www.chateaudegoutelas.fr\\\/wp-content\\\/uploads\\\/2019\\\/08\\\/2019Goutelas533-e1622194757773.jpg\",\"width\":734,\"height\":794},{\"@type\":\"BreadcrumbList\",\"@id\":\"https:\\\/\\\/www.chateaudegoutelas.fr\\\/archive\\\/juillet-et-aout-suivez-le-guide-visites-thematiques\\\/#breadcrumb\",\"itemListElement\":[{\"@type\":\"ListItem\",\"position\":1,\"name\":\"Accueil\",\"item\":\"https:\\\/\\\/www.chateaudegoutelas.fr\\\/\"},{\"@type\":\"ListItem\",\"position\":2,\"name\":\"JUILLET ET AO\u00dbT &#8211; SUIVEZ LE GUIDE : visites th\u00e9matiques\"}]},{\"@type\":\"WebSite\",\"@id\":\"https:\\\/\\\/www.chateaudegoutelas.fr\\\/#website\",\"url\":\"https:\\\/\\\/www.chateaudegoutelas.fr\\\/\",\"name\":\"Ch\u00e2teau de Goutelas\",\"description\":\"Un centre culturel de rencontre en Forez\",\"publisher\":{\"@id\":\"https:\\\/\\\/www.chateaudegoutelas.fr\\\/#organization\"},\"potentialAction\":[{\"@type\":\"SearchAction\",\"target\":{\"@type\":\"EntryPoint\",\"urlTemplate\":\"https:\\\/\\\/www.chateaudegoutelas.fr\\\/?s={search_term_string}\"},\"query-input\":{\"@type\":\"PropertyValueSpecification\",\"valueRequired\":true,\"valueName\":\"search_term_string\"}}],\"inLanguage\":\"en-GB\"},{\"@type\":\"Organization\",\"@id\":\"https:\\\/\\\/www.chateaudegoutelas.fr\\\/#organization\",\"name\":\"Ch\u00e2teau de Goutelas\",\"url\":\"https:\\\/\\\/www.chateaudegoutelas.fr\\\/\",\"logo\":{\"@type\":\"ImageObject\",\"inLanguage\":\"en-GB\",\"@id\":\"https:\\\/\\\/www.chateaudegoutelas.fr\\\/#\\\/schema\\\/logo\\\/image\\\/\",\"url\":\"https:\\\/\\\/www.chateaudegoutelas.fr\\\/wp-content\\\/uploads\\\/2023\\\/05\\\/logo-chateau-goutelas-bleu.png\",\"contentUrl\":\"https:\\\/\\\/www.chateaudegoutelas.fr\\\/wp-content\\\/uploads\\\/2023\\\/05\\\/logo-chateau-goutelas-bleu.png\",\"width\":1123,\"height\":327,\"caption\":\"Ch\u00e2teau de Goutelas\"},\"image\":{\"@id\":\"https:\\\/\\\/www.chateaudegoutelas.fr\\\/#\\\/schema\\\/logo\\\/image\\\/\"}}]}<\/script>\n<!-- \/ Yoast SEO plugin. -->","yoast_head_json":{"title":"JUILLET ET AO\u00dbT - SUIVEZ LE GUIDE : visites th\u00e9matiques - Ch\u00e2teau de Goutelas","robots":{"index":"index","follow":"follow","max-snippet":"max-snippet:-1","max-image-preview":"max-image-preview:large","max-video-preview":"max-video-preview:-1"},"canonical":"https:\/\/www.chateaudegoutelas.fr\/en\/archive\/juillet-et-aout-suivez-le-guide-visites-thematiques\/","og_locale":"en_GB","og_type":"article","og_title":"JUILLET ET AO\u00dbT - SUIVEZ LE GUIDE : visites th\u00e9matiques - Ch\u00e2teau de Goutelas","og_description":"Les dimanches 18 juillet, 25 juillet, 8 ao\u00fbt, 22 ao\u00fbt 10h30 Suivez le guide ! Visites th\u00e9matiques du ch\u00e2teau par les b\u00e9n\u00e9voles de l&rsquo;association \u00a0 Cet \u00e9t\u00e9, des membres de l&rsquo;association vous proposent de d\u00e9couvrir Goutelas \u00e0 travers leur point de vue. Chaque visite est une variation de l&rsquo;interpr\u00e9tation du site. Sur r\u00e9servation 3\u20ac, gratuit [&hellip;]","og_url":"https:\/\/www.chateaudegoutelas.fr\/en\/archive\/juillet-et-aout-suivez-le-guide-visites-thematiques\/","og_site_name":"Ch\u00e2teau de Goutelas","article_modified_time":"2023-05-26T07:58:49+00:00","og_image":[{"width":734,"height":794,"url":"https:\/\/www.chateaudegoutelas.fr\/wp-content\/uploads\/2019\/08\/2019Goutelas533-e1622194757773.jpg","type":"image\/jpeg"}],"twitter_card":"summary_large_image","twitter_misc":{"Estimated reading time":"2 minutes"},"schema":{"@context":"https:\/\/schema.org","@graph":[{"@type":"WebPage","@id":"https:\/\/www.chateaudegoutelas.fr\/archive\/juillet-et-aout-suivez-le-guide-visites-thematiques\/","url":"https:\/\/www.chateaudegoutelas.fr\/archive\/juillet-et-aout-suivez-le-guide-visites-thematiques\/","name":"JUILLET ET AO\u00dbT - SUIVEZ LE GUIDE : visites th\u00e9matiques - Ch\u00e2teau de Goutelas","isPartOf":{"@id":"https:\/\/www.chateaudegoutelas.fr\/#website"},"primaryImageOfPage":{"@id":"https:\/\/www.chateaudegoutelas.fr\/archive\/juillet-et-aout-suivez-le-guide-visites-thematiques\/#primaryimage"},"image":{"@id":"https:\/\/www.chateaudegoutelas.fr\/archive\/juillet-et-aout-suivez-le-guide-visites-thematiques\/#primaryimage"},"thumbnailUrl":"https:\/\/www.chateaudegoutelas.fr\/wp-content\/uploads\/2019\/08\/2019Goutelas533-e1622194757773.jpg","datePublished":"2021-05-28T07:01:18+00:00","dateModified":"2023-05-26T07:58:49+00:00","breadcrumb":{"@id":"https:\/\/www.chateaudegoutelas.fr\/archive\/juillet-et-aout-suivez-le-guide-visites-thematiques\/#breadcrumb"},"inLanguage":"en-GB","potentialAction":[{"@type":"ReadAction","target":["https:\/\/www.chateaudegoutelas.fr\/archive\/juillet-et-aout-suivez-le-guide-visites-thematiques\/"]}]},{"@type":"ImageObject","inLanguage":"en-GB","@id":"https:\/\/www.chateaudegoutelas.fr\/archive\/juillet-et-aout-suivez-le-guide-visites-thematiques\/#primaryimage","url":"https:\/\/www.chateaudegoutelas.fr\/wp-content\/uploads\/2019\/08\/2019Goutelas533-e1622194757773.jpg","contentUrl":"https:\/\/www.chateaudegoutelas.fr\/wp-content\/uploads\/2019\/08\/2019Goutelas533-e1622194757773.jpg","width":734,"height":794},{"@type":"BreadcrumbList","@id":"https:\/\/www.chateaudegoutelas.fr\/archive\/juillet-et-aout-suivez-le-guide-visites-thematiques\/#breadcrumb","itemListElement":[{"@type":"ListItem","position":1,"name":"Accueil","item":"https:\/\/www.chateaudegoutelas.fr\/"},{"@type":"ListItem","position":2,"name":"JUILLET ET AO\u00dbT &#8211; SUIVEZ LE GUIDE : visites th\u00e9matiques"}]},{"@type":"WebSite","@id":"https:\/\/www.chateaudegoutelas.fr\/#website","url":"https:\/\/www.chateaudegoutelas.fr\/","name":"Ch\u00e2teau de Goutelas","description":"Un centre culturel de rencontre en Forez","publisher":{"@id":"https:\/\/www.chateaudegoutelas.fr\/#organization"},"potentialAction":[{"@type":"SearchAction","target":{"@type":"EntryPoint","urlTemplate":"https:\/\/www.chateaudegoutelas.fr\/?s={search_term_string}"},"query-input":{"@type":"PropertyValueSpecification","valueRequired":true,"valueName":"search_term_string"}}],"inLanguage":"en-GB"},{"@type":"Organization","@id":"https:\/\/www.chateaudegoutelas.fr\/#organization","name":"Ch\u00e2teau de Goutelas","url":"https:\/\/www.chateaudegoutelas.fr\/","logo":{"@type":"ImageObject","inLanguage":"en-GB","@id":"https:\/\/www.chateaudegoutelas.fr\/#\/schema\/logo\/image\/","url":"https:\/\/www.chateaudegoutelas.fr\/wp-content\/uploads\/2023\/05\/logo-chateau-goutelas-bleu.png","contentUrl":"https:\/\/www.chateaudegoutelas.fr\/wp-content\/uploads\/2023\/05\/logo-chateau-goutelas-bleu.png","width":1123,"height":327,"caption":"Ch\u00e2teau de Goutelas"},"image":{"@id":"https:\/\/www.chateaudegoutelas.fr\/#\/schema\/logo\/image\/"}}]}},"_links":{"self":[{"href":"https:\/\/www.chateaudegoutelas.fr\/en\/wp-json\/wp\/v2\/archive\/3411","targetHints":{"allow":["GET"]}}],"collection":[{"href":"https:\/\/www.chateaudegoutelas.fr\/en\/wp-json\/wp\/v2\/archive"}],"about":[{"href":"https:\/\/www.chateaudegoutelas.fr\/en\/wp-json\/wp\/v2\/types\/archive"}],"author":[{"embeddable":true,"href":"https:\/\/www.chateaudegoutelas.fr\/en\/wp-json\/wp\/v2\/users\/7"}],"wp:featuredmedia":[{"embeddable":true,"href":"https:\/\/www.chateaudegoutelas.fr\/en\/wp-json\/wp\/v2\/media\/1933"}],"wp:attachment":[{"href":"https:\/\/www.chateaudegoutelas.fr\/en\/wp-json\/wp\/v2\/media?parent=3411"}],"wp:term":[{"taxonomy":"category","embeddable":true,"href":"https:\/\/www.chateaudegoutelas.fr\/en\/wp-json\/wp\/v2\/categories?post=3411"},{"taxonomy":"post_tag","embeddable":true,"href":"https:\/\/www.chateaudegoutelas.fr\/en\/wp-json\/wp\/v2\/tags?post=3411"}],"curies":[{"name":"wp","href":"https:\/\/api.w.org\/{rel}","templated":true}]}}