{"id":3323,"date":"2021-02-09T10:28:17","date_gmt":"2021-02-09T09:28:17","guid":{"rendered":"https:\/\/www.chateaudegoutelas.fr\/?p=3323"},"modified":"2023-05-26T09:59:01","modified_gmt":"2023-05-26T07:59:01","slug":"vendredi-18-06-lart-dement-le-chaos-rencontre","status":"publish","type":"archive","link":"https:\/\/www.chateaudegoutelas.fr\/en\/archive\/vendredi-18-06-lart-dement-le-chaos-rencontre\/","title":{"rendered":"VENDREDI 18\/06 &#8211; L&rsquo;ART D\u00c9MENT LE CHAOS : rencontre"},"content":{"rendered":"<div class=\"shmMigrate\"><\/div>\n<div class=\"shmMigrate\"><\/div>\n<div class=\"shmMigrate\"><\/div>\n<div class=\"shmMigrate\"><\/div>\n<h4><span style=\"font-weight: 400;\">Vendredi 18 juin<\/span><\/h4>\n<p>10h-18h<\/p>\n<div class=\"shmMigrate\"><\/div>\n<div class=\"shmMigrate\"><\/div>\n<div class=\"shmMigrate\"><\/div>\n<div>\n<div>\n<p style=\"text-align: left;\" align=\"center\">Avec<strong> L\u2019art d\u00e9ment le chaos,<\/strong> le Ch\u00e2teau de Goutelas m\u00e8ne une d\u00e9marche au long cours qui vise \u00e0 <strong>favoriser l\u2019expression, la cr\u00e9ativit\u00e9 et le bien-\u00eatre des personnes atteintes de troubles cognitifs<\/strong>. Cette exp\u00e9rimentation \u00e0 l\u2019\u00e9chelle d\u2019un territoire associe diff\u00e9rents partenaires sp\u00e9cialis\u00e9s et se construit autour du travail crois\u00e9 entre artistes et chercheurs, \u00e9quipes soignantes et patients, aidants et familles.<\/p>\n<p>Entre droits culturels et respect des gestes barri\u00e8res, <strong>L\u2019art d\u00e9ment le chaos <\/strong>s\u2019anime d\u2019une r\u00e9flexion autour des conditions de vie des a\u00een\u00e9s les plus fragiles, aujourd\u2019hui boulevers\u00e9es par l\u2019\u00e9pid\u00e9mie COVID-19.<\/p>\n<\/div>\n<\/div>\n<p>Rendez-vous au Ch\u00e2teau de Goutelas le 18 juin pour une journ\u00e9e d&rsquo;\u00e9changes et d&rsquo;ateliers en compagnie des acteurs du projet.<\/p>\n<p>&nbsp;<\/p>\n<div>\n<p><strong>10H &gt; 15H | Ateliers et rencontre avec deux artistes associ\u00e9s au projet : <a tabindex=\"-1\" title=\"http:\/\/www.lynnpook.net\/english\/projekte\/organ_fr.htm\" href=\"http:\/\/www.lynnpook.net\/english\/projekte\/organ_fr.htm\" target=\"_blank\" rel=\"noreferrer noopener\">Lynn Pook <\/a>et <a tabindex=\"-1\" title=\"http:\/\/quoi-encore.com\/les-minutes-impatientes\" href=\"http:\/\/quoi-encore.com\/les-minutes-impatientes\" target=\"_blank\" rel=\"noreferrer noopener\"> Bruno Rosier<\/a><\/strong><br \/>\n<em>Sur inscription<\/em><\/p>\n<p>&nbsp;<\/p>\n<p><strong>15H &gt; 16H30 | Table ronde \u00ab\u00a0L&rsquo;art d\u00e9ment le chaos : \u00eatre et rester une personne\u00a0\u00bb. <\/strong><br \/>\nAnim\u00e9e par la g\u00e9rontologue <a tabindex=\"-1\" title=\"https:\/\/www.cairn.info\/publications-de-marie-jo-guisset-martinez--44719.htm\" href=\"https:\/\/www.cairn.info\/publications-de-Marie-Jo-Guisset-Martinez--44719.htm\" target=\"_blank\" rel=\"noreferrer noopener\">Marie-Jo Guisset Martinez<\/a>, cette table ronde donne la parole aux acteurs et aux t\u00e9moins des ateliers artistiques men\u00e9s en 2020 et en 2021 par Lynn Pook aupr\u00e8s des r\u00e9sidents, patients et soignants de trois \u00e9tablissements de sant\u00e9 : le centre hospitalier de Bo\u00ebn-sur-Lignon, l&rsquo;accueil de jour Volubilis \u00e0 Montbrison et l&rsquo;institut psycho-g\u00e9riatrique Montvenoux \u00e0 Tarare. <em>Sur inscription<\/em><br \/>\n<i><em>Sur place ou \u00e0 distance (diffusion en ligne en direct)<\/em><\/i><\/p>\n<\/div>\n<div><\/div>\n<div><\/div>\n<div>\n<p>&nbsp;<\/p>\n<p><strong>16H30 | Go\u00fbter<\/strong><\/p>\n<\/div>\n<p>&nbsp;<\/p>\n<div>\n<p><b><strong>17H<\/strong><\/b><strong> &gt;<\/strong><strong> 18H<\/strong><strong> | Vieillir vivant ! <\/strong><br \/>\nLe collectif Carton Plein et la compagnie La Trou\u00e9e pr\u00e9sentent<a tabindex=\"-1\" title=\"http:\/\/https\/fr.calameo.com\/read\/006110224d728f779b60a\" href=\"http:\/\/https\/fr.calameo.com\/read\/006110224d728f779b60a\" target=\"_blank\" rel=\"noreferrer noopener\"> \u00ab\u00a0Marionnettes \u00e0 domicile\u00a0\u00bb <\/a>: un projet de cr\u00e9ation et de diffusion de spectacles au domicile de personnes \u00e2g\u00e9es men\u00e9 dans le cadre du programme <a tabindex=\"-1\" title=\"http:\/\/polau.org\/incubations\/vieillirvivant\/\" href=\"http:\/\/polau.org\/incubations\/vieillirvivant\/\" target=\"_blank\" rel=\"noreferrer noopener\"> Vieillir vivant !<\/a><br \/>\nPour conclure la journ\u00e9e, d\u00e9couvrez en avant-premi\u00e8re le nouveau spectacle de la compagnie : <em>Attention extraterrestres<\/em>.<br \/>\n<em>Sur inscription<\/em><\/p>\n<\/div>\n<p>&nbsp;<\/p>\n<div>\n<p><em>Destin\u00e9e prioritair<\/em><em>ement aux soignants, aux aidants et aux familles de personnes \u00e2g\u00e9es atteintes de troubles cognitifs, cette rencontre est \u00e9galement ouverte au grand public. <\/em><\/p>\n<\/div>\n<div class=\"shmMigrate\"><\/div>\n<div class=\"shmMigrate\"><\/div>\n<div class=\"shmMigrate\"><\/div>\n<div class=\"shmMigrate\"><\/div>\n<p><em>L\u2019art d\u00e9ment le chaos re\u00e7oit le soutien du D\u00e9partement de la Loire (Conf\u00e9rence des financeurs) et du G\u00e9rontop\u00f4le Auvergne-Rh\u00f4ne-Alpes (laur\u00e9at de l\u2019appel \u00e0 exp\u00e9rimentation living lab \u201cSant\u00e9, autonomie et bien vieillir\u201d). Depuis 2020, la Chaire Sant\u00e9 des A\u00een\u00e9s de l&rsquo;Universit\u00e9 de Saint-Etienne est associ\u00e9e \u00e0 l&rsquo;\u00e9valuation de la d\u00e9marche.\u00a0<\/em><\/p>\n<div class=\"shmMigrate\"><\/div>\n<div class=\"shmMigrate\"><\/div>\n<div class=\"shmMigrate\"><\/div>\n<p>Photo \u00a9 Lynn Pook<\/p>\n<div class=\"shmMigrate\"><\/div>\n<div class=\"shmMigrate\"><\/div>\n<div class=\"shmMigrate\"><\/div>\n<div class=\"shmMigrate\"><\/div>","protected":false},"author":7,"featured_media":3127,"template":"","meta":{"site-sidebar-layout":"default","site-content-layout":"","ast-site-content-layout":"default","site-content-style":"default","site-sidebar-style":"default","ast-global-header-display":"","ast-banner-title-visibility":"","ast-main-header-display":"","ast-hfb-above-header-display":"","ast-hfb-below-header-display":"","ast-hfb-mobile-header-display":"","site-post-title":"","ast-breadcrumbs-content":null,"ast-featured-img":"","footer-sml-layout":"","ast-disable-related-posts":"","theme-transparent-header-meta":"","adv-header-id-meta":"","stick-header-meta":"","header-above-stick-meta":null,"header-main-stick-meta":"","header-below-stick-meta":null,"astra-migrate-meta-layouts":"default","ast-page-background-enabled":"default","ast-page-background-meta":{"desktop":{"background-color":"","background-image":"","background-repeat":"repeat","background-position":"center center","background-size":"auto","background-attachment":"scroll","background-type":"","background-media":"","overlay-type":"","overlay-color":"","overlay-opacity":"","overlay-gradient":""},"tablet":{"background-color":"","background-image":"","background-repeat":"repeat","background-position":"center center","background-size":"auto","background-attachment":"scroll","background-type":"","background-media":"","overlay-type":"","overlay-color":"","overlay-opacity":"","overlay-gradient":""},"mobile":{"background-color":"","background-image":"","background-repeat":"repeat","background-position":"center center","background-size":"auto","background-attachment":"scroll","background-type":"","background-media":"","overlay-type":"","overlay-color":"","overlay-opacity":"","overlay-gradient":""}},"ast-content-background-meta":{"desktop":{"background-color":"var(--ast-global-color-5)","background-image":"","background-repeat":"repeat","background-position":"center center","background-size":"auto","background-attachment":"scroll","background-type":"","background-media":"","overlay-type":"","overlay-color":"","overlay-opacity":"","overlay-gradient":""},"tablet":{"background-color":"var(--ast-global-color-5)","background-image":"","background-repeat":"repeat","background-position":"center center","background-size":"auto","background-attachment":"scroll","background-type":"","background-media":"","overlay-type":"","overlay-color":"","overlay-opacity":"","overlay-gradient":""},"mobile":{"background-color":"var(--ast-global-color-5)","background-image":"","background-repeat":"repeat","background-position":"center center","background-size":"auto","background-attachment":"scroll","background-type":"","background-media":"","overlay-type":"","overlay-color":"","overlay-opacity":"","overlay-gradient":""}}},"categories":[4],"tags":[],"class_list":["post-3323","archive","type-archive","status-publish","has-post-thumbnail","hentry","category-actualites"],"yoast_head":"<!-- This site is optimized with the Yoast SEO plugin v27.5 - https:\/\/yoast.com\/product\/yoast-seo-wordpress\/ -->\n<title>VENDREDI 18\/06 - L&#039;ART D\u00c9MENT LE CHAOS : rencontre - Ch\u00e2teau de Goutelas<\/title>\n<meta name=\"robots\" content=\"index, follow, max-snippet:-1, max-image-preview:large, max-video-preview:-1\" \/>\n<link rel=\"canonical\" href=\"https:\/\/www.chateaudegoutelas.fr\/en\/archive\/vendredi-18-06-lart-dement-le-chaos-rencontre\/\" \/>\n<meta property=\"og:locale\" content=\"en_GB\" \/>\n<meta property=\"og:type\" content=\"article\" \/>\n<meta property=\"og:title\" content=\"VENDREDI 18\/06 - L&#039;ART D\u00c9MENT LE CHAOS : rencontre - Ch\u00e2teau de Goutelas\" \/>\n<meta property=\"og:description\" content=\"Vendredi 18 juin 10h-18h Avec L\u2019art d\u00e9ment le chaos, le Ch\u00e2teau de Goutelas m\u00e8ne une d\u00e9marche au long cours qui vise \u00e0 favoriser l\u2019expression, la cr\u00e9ativit\u00e9 et le bien-\u00eatre des personnes atteintes de troubles cognitifs. Cette exp\u00e9rimentation \u00e0 l\u2019\u00e9chelle d\u2019un territoire associe diff\u00e9rents partenaires sp\u00e9cialis\u00e9s et se construit autour du travail crois\u00e9 entre artistes et [&hellip;]\" \/>\n<meta property=\"og:url\" content=\"https:\/\/www.chateaudegoutelas.fr\/en\/archive\/vendredi-18-06-lart-dement-le-chaos-rencontre\/\" \/>\n<meta property=\"og:site_name\" content=\"Ch\u00e2teau de Goutelas\" \/>\n<meta property=\"article:modified_time\" content=\"2023-05-26T07:59:01+00:00\" \/>\n<meta property=\"og:image\" content=\"https:\/\/www.chateaudegoutelas.fr\/wp-content\/uploads\/2020\/11\/P1000384-scaled.jpg\" \/>\n\t<meta property=\"og:image:width\" content=\"2560\" \/>\n\t<meta property=\"og:image:height\" content=\"1707\" \/>\n\t<meta property=\"og:image:type\" content=\"image\/jpeg\" \/>\n<meta name=\"twitter:card\" content=\"summary_large_image\" \/>\n<meta name=\"twitter:label1\" content=\"Estimated reading time\" \/>\n\t<meta name=\"twitter:data1\" content=\"2 minutes\" \/>\n<script type=\"application\/ld+json\" class=\"yoast-schema-graph\">{\"@context\":\"https:\\\/\\\/schema.org\",\"@graph\":[{\"@type\":\"WebPage\",\"@id\":\"https:\\\/\\\/www.chateaudegoutelas.fr\\\/archive\\\/vendredi-18-06-lart-dement-le-chaos-rencontre\\\/\",\"url\":\"https:\\\/\\\/www.chateaudegoutelas.fr\\\/archive\\\/vendredi-18-06-lart-dement-le-chaos-rencontre\\\/\",\"name\":\"VENDREDI 18\\\/06 - L'ART D\u00c9MENT LE CHAOS : rencontre - Ch\u00e2teau de Goutelas\",\"isPartOf\":{\"@id\":\"https:\\\/\\\/www.chateaudegoutelas.fr\\\/#website\"},\"primaryImageOfPage\":{\"@id\":\"https:\\\/\\\/www.chateaudegoutelas.fr\\\/archive\\\/vendredi-18-06-lart-dement-le-chaos-rencontre\\\/#primaryimage\"},\"image\":{\"@id\":\"https:\\\/\\\/www.chateaudegoutelas.fr\\\/archive\\\/vendredi-18-06-lart-dement-le-chaos-rencontre\\\/#primaryimage\"},\"thumbnailUrl\":\"https:\\\/\\\/www.chateaudegoutelas.fr\\\/wp-content\\\/uploads\\\/2020\\\/11\\\/P1000384-scaled.jpg\",\"datePublished\":\"2021-02-09T09:28:17+00:00\",\"dateModified\":\"2023-05-26T07:59:01+00:00\",\"breadcrumb\":{\"@id\":\"https:\\\/\\\/www.chateaudegoutelas.fr\\\/archive\\\/vendredi-18-06-lart-dement-le-chaos-rencontre\\\/#breadcrumb\"},\"inLanguage\":\"en-GB\",\"potentialAction\":[{\"@type\":\"ReadAction\",\"target\":[\"https:\\\/\\\/www.chateaudegoutelas.fr\\\/archive\\\/vendredi-18-06-lart-dement-le-chaos-rencontre\\\/\"]}]},{\"@type\":\"ImageObject\",\"inLanguage\":\"en-GB\",\"@id\":\"https:\\\/\\\/www.chateaudegoutelas.fr\\\/archive\\\/vendredi-18-06-lart-dement-le-chaos-rencontre\\\/#primaryimage\",\"url\":\"https:\\\/\\\/www.chateaudegoutelas.fr\\\/wp-content\\\/uploads\\\/2020\\\/11\\\/P1000384-scaled.jpg\",\"contentUrl\":\"https:\\\/\\\/www.chateaudegoutelas.fr\\\/wp-content\\\/uploads\\\/2020\\\/11\\\/P1000384-scaled.jpg\",\"width\":2560,\"height\":1707},{\"@type\":\"BreadcrumbList\",\"@id\":\"https:\\\/\\\/www.chateaudegoutelas.fr\\\/archive\\\/vendredi-18-06-lart-dement-le-chaos-rencontre\\\/#breadcrumb\",\"itemListElement\":[{\"@type\":\"ListItem\",\"position\":1,\"name\":\"Accueil\",\"item\":\"https:\\\/\\\/www.chateaudegoutelas.fr\\\/\"},{\"@type\":\"ListItem\",\"position\":2,\"name\":\"VENDREDI 18\\\/06 &#8211; L&rsquo;ART D\u00c9MENT LE CHAOS : rencontre\"}]},{\"@type\":\"WebSite\",\"@id\":\"https:\\\/\\\/www.chateaudegoutelas.fr\\\/#website\",\"url\":\"https:\\\/\\\/www.chateaudegoutelas.fr\\\/\",\"name\":\"Ch\u00e2teau de Goutelas\",\"description\":\"Un centre culturel de rencontre en Forez\",\"publisher\":{\"@id\":\"https:\\\/\\\/www.chateaudegoutelas.fr\\\/#organization\"},\"potentialAction\":[{\"@type\":\"SearchAction\",\"target\":{\"@type\":\"EntryPoint\",\"urlTemplate\":\"https:\\\/\\\/www.chateaudegoutelas.fr\\\/?s={search_term_string}\"},\"query-input\":{\"@type\":\"PropertyValueSpecification\",\"valueRequired\":true,\"valueName\":\"search_term_string\"}}],\"inLanguage\":\"en-GB\"},{\"@type\":\"Organization\",\"@id\":\"https:\\\/\\\/www.chateaudegoutelas.fr\\\/#organization\",\"name\":\"Ch\u00e2teau de Goutelas\",\"url\":\"https:\\\/\\\/www.chateaudegoutelas.fr\\\/\",\"logo\":{\"@type\":\"ImageObject\",\"inLanguage\":\"en-GB\",\"@id\":\"https:\\\/\\\/www.chateaudegoutelas.fr\\\/#\\\/schema\\\/logo\\\/image\\\/\",\"url\":\"https:\\\/\\\/www.chateaudegoutelas.fr\\\/wp-content\\\/uploads\\\/2023\\\/05\\\/logo-chateau-goutelas-bleu.png\",\"contentUrl\":\"https:\\\/\\\/www.chateaudegoutelas.fr\\\/wp-content\\\/uploads\\\/2023\\\/05\\\/logo-chateau-goutelas-bleu.png\",\"width\":1123,\"height\":327,\"caption\":\"Ch\u00e2teau de Goutelas\"},\"image\":{\"@id\":\"https:\\\/\\\/www.chateaudegoutelas.fr\\\/#\\\/schema\\\/logo\\\/image\\\/\"}}]}<\/script>\n<!-- \/ Yoast SEO plugin. -->","yoast_head_json":{"title":"VENDREDI 18\/06 - L'ART D\u00c9MENT LE CHAOS : rencontre - Ch\u00e2teau de Goutelas","robots":{"index":"index","follow":"follow","max-snippet":"max-snippet:-1","max-image-preview":"max-image-preview:large","max-video-preview":"max-video-preview:-1"},"canonical":"https:\/\/www.chateaudegoutelas.fr\/en\/archive\/vendredi-18-06-lart-dement-le-chaos-rencontre\/","og_locale":"en_GB","og_type":"article","og_title":"VENDREDI 18\/06 - L'ART D\u00c9MENT LE CHAOS : rencontre - Ch\u00e2teau de Goutelas","og_description":"Vendredi 18 juin 10h-18h Avec L\u2019art d\u00e9ment le chaos, le Ch\u00e2teau de Goutelas m\u00e8ne une d\u00e9marche au long cours qui vise \u00e0 favoriser l\u2019expression, la cr\u00e9ativit\u00e9 et le bien-\u00eatre des personnes atteintes de troubles cognitifs. Cette exp\u00e9rimentation \u00e0 l\u2019\u00e9chelle d\u2019un territoire associe diff\u00e9rents partenaires sp\u00e9cialis\u00e9s et se construit autour du travail crois\u00e9 entre artistes et [&hellip;]","og_url":"https:\/\/www.chateaudegoutelas.fr\/en\/archive\/vendredi-18-06-lart-dement-le-chaos-rencontre\/","og_site_name":"Ch\u00e2teau de Goutelas","article_modified_time":"2023-05-26T07:59:01+00:00","og_image":[{"width":2560,"height":1707,"url":"https:\/\/www.chateaudegoutelas.fr\/wp-content\/uploads\/2020\/11\/P1000384-scaled.jpg","type":"image\/jpeg"}],"twitter_card":"summary_large_image","twitter_misc":{"Estimated reading time":"2 minutes"},"schema":{"@context":"https:\/\/schema.org","@graph":[{"@type":"WebPage","@id":"https:\/\/www.chateaudegoutelas.fr\/archive\/vendredi-18-06-lart-dement-le-chaos-rencontre\/","url":"https:\/\/www.chateaudegoutelas.fr\/archive\/vendredi-18-06-lart-dement-le-chaos-rencontre\/","name":"VENDREDI 18\/06 - L'ART D\u00c9MENT LE CHAOS : rencontre - Ch\u00e2teau de Goutelas","isPartOf":{"@id":"https:\/\/www.chateaudegoutelas.fr\/#website"},"primaryImageOfPage":{"@id":"https:\/\/www.chateaudegoutelas.fr\/archive\/vendredi-18-06-lart-dement-le-chaos-rencontre\/#primaryimage"},"image":{"@id":"https:\/\/www.chateaudegoutelas.fr\/archive\/vendredi-18-06-lart-dement-le-chaos-rencontre\/#primaryimage"},"thumbnailUrl":"https:\/\/www.chateaudegoutelas.fr\/wp-content\/uploads\/2020\/11\/P1000384-scaled.jpg","datePublished":"2021-02-09T09:28:17+00:00","dateModified":"2023-05-26T07:59:01+00:00","breadcrumb":{"@id":"https:\/\/www.chateaudegoutelas.fr\/archive\/vendredi-18-06-lart-dement-le-chaos-rencontre\/#breadcrumb"},"inLanguage":"en-GB","potentialAction":[{"@type":"ReadAction","target":["https:\/\/www.chateaudegoutelas.fr\/archive\/vendredi-18-06-lart-dement-le-chaos-rencontre\/"]}]},{"@type":"ImageObject","inLanguage":"en-GB","@id":"https:\/\/www.chateaudegoutelas.fr\/archive\/vendredi-18-06-lart-dement-le-chaos-rencontre\/#primaryimage","url":"https:\/\/www.chateaudegoutelas.fr\/wp-content\/uploads\/2020\/11\/P1000384-scaled.jpg","contentUrl":"https:\/\/www.chateaudegoutelas.fr\/wp-content\/uploads\/2020\/11\/P1000384-scaled.jpg","width":2560,"height":1707},{"@type":"BreadcrumbList","@id":"https:\/\/www.chateaudegoutelas.fr\/archive\/vendredi-18-06-lart-dement-le-chaos-rencontre\/#breadcrumb","itemListElement":[{"@type":"ListItem","position":1,"name":"Accueil","item":"https:\/\/www.chateaudegoutelas.fr\/"},{"@type":"ListItem","position":2,"name":"VENDREDI 18\/06 &#8211; L&rsquo;ART D\u00c9MENT LE CHAOS : rencontre"}]},{"@type":"WebSite","@id":"https:\/\/www.chateaudegoutelas.fr\/#website","url":"https:\/\/www.chateaudegoutelas.fr\/","name":"Ch\u00e2teau de Goutelas","description":"Un centre culturel de rencontre en Forez","publisher":{"@id":"https:\/\/www.chateaudegoutelas.fr\/#organization"},"potentialAction":[{"@type":"SearchAction","target":{"@type":"EntryPoint","urlTemplate":"https:\/\/www.chateaudegoutelas.fr\/?s={search_term_string}"},"query-input":{"@type":"PropertyValueSpecification","valueRequired":true,"valueName":"search_term_string"}}],"inLanguage":"en-GB"},{"@type":"Organization","@id":"https:\/\/www.chateaudegoutelas.fr\/#organization","name":"Ch\u00e2teau de Goutelas","url":"https:\/\/www.chateaudegoutelas.fr\/","logo":{"@type":"ImageObject","inLanguage":"en-GB","@id":"https:\/\/www.chateaudegoutelas.fr\/#\/schema\/logo\/image\/","url":"https:\/\/www.chateaudegoutelas.fr\/wp-content\/uploads\/2023\/05\/logo-chateau-goutelas-bleu.png","contentUrl":"https:\/\/www.chateaudegoutelas.fr\/wp-content\/uploads\/2023\/05\/logo-chateau-goutelas-bleu.png","width":1123,"height":327,"caption":"Ch\u00e2teau de Goutelas"},"image":{"@id":"https:\/\/www.chateaudegoutelas.fr\/#\/schema\/logo\/image\/"}}]}},"_links":{"self":[{"href":"https:\/\/www.chateaudegoutelas.fr\/en\/wp-json\/wp\/v2\/archive\/3323","targetHints":{"allow":["GET"]}}],"collection":[{"href":"https:\/\/www.chateaudegoutelas.fr\/en\/wp-json\/wp\/v2\/archive"}],"about":[{"href":"https:\/\/www.chateaudegoutelas.fr\/en\/wp-json\/wp\/v2\/types\/archive"}],"author":[{"embeddable":true,"href":"https:\/\/www.chateaudegoutelas.fr\/en\/wp-json\/wp\/v2\/users\/7"}],"wp:featuredmedia":[{"embeddable":true,"href":"https:\/\/www.chateaudegoutelas.fr\/en\/wp-json\/wp\/v2\/media\/3127"}],"wp:attachment":[{"href":"https:\/\/www.chateaudegoutelas.fr\/en\/wp-json\/wp\/v2\/media?parent=3323"}],"wp:term":[{"taxonomy":"category","embeddable":true,"href":"https:\/\/www.chateaudegoutelas.fr\/en\/wp-json\/wp\/v2\/categories?post=3323"},{"taxonomy":"post_tag","embeddable":true,"href":"https:\/\/www.chateaudegoutelas.fr\/en\/wp-json\/wp\/v2\/tags?post=3323"}],"curies":[{"name":"wp","href":"https:\/\/api.w.org\/{rel}","templated":true}]}}