{"id":3315,"date":"2021-02-09T15:36:48","date_gmt":"2021-02-09T14:36:48","guid":{"rendered":"https:\/\/www.chateaudegoutelas.fr\/?p=3315"},"modified":"2023-05-26T09:58:57","modified_gmt":"2023-05-26T07:58:57","slug":"jusquau-27-06-residence-sandra-lapage","status":"publish","type":"archive","link":"https:\/\/www.chateaudegoutelas.fr\/en\/archive\/jusquau-27-06-residence-sandra-lapage\/","title":{"rendered":"JUSQU&rsquo;AU 27\/06 &#8211; ARTISTE EN R\u00c9SIDENCE : Sandra Lapage"},"content":{"rendered":"<div class=\"shmMigrate\"><\/div>\n<div class=\"shmMigrate\"><\/div>\n<div class=\"shmMigrate\"><\/div>\n<div class=\"shmMigrate\"><\/div>\n<h4>Sandra Lapage<\/h4>\n<h4>Belgique &#8211; Br\u00e9sil<\/h4>\n<h4>Du 3 mai au 27 juin 2021<\/h4>\n<p>&nbsp;<\/p>\n<p><span style=\"font-weight: 400;\">Dipl\u00f4m\u00e9e du Maine College of Art aux \u00c9tats-Unis, la plasticienne <strong><a href=\"https:\/\/cargocollective.com\/sandralapage\">Sandra Lapage<\/a><\/strong><\/span><span style=\"font-weight: 400;\"> vit et travaille \u00e0 S\u00e3o Paulo au Br\u00e9sil. Sa production artistique s\u2019appuie en grande partie sur des d\u00e9chets ou des objets recycl\u00e9s (emballages de barres \u00e9nerg\u00e9tiques, capsules de caf\u00e9\u2026), s\u2019inscrivant ainsi dans <strong>une d\u00e9marche soutenable et critique des exc\u00e8s consum\u00e9ristes<\/strong>. Mues, panoplies, sculptures, mobiles, ses cr\u00e9ations s\u2019inspirent de mythes et de pratiques chamaniques. <\/span><\/p>\n<p>&nbsp;<\/p>\n<p><span style=\"font-weight: 400;\">\u00c0 l\u2019occasion de cette r\u00e9sidence, Sandra Lapage <strong>cr\u00e9e une installation d\u00e9di\u00e9e<\/strong> pour la chapelle du ch\u00e2teau de Goutelas. Cette \u0153uvre in situ et in\u00e9dite sera pr\u00e9sent\u00e9e dans le cadre de l\u2019exposition <\/span><span style=\"font-weight: 400;\"><em>Nouvelles faunes<\/em>.<\/span><\/p>\n<div class=\"shmMigrate\"><\/div>\n<div class=\"shmMigrate\"><\/div>\n<div class=\"shmMigrate\"><\/div>\n<div class=\"shmMigrate\"><\/div>\n<p><em>Cette r\u00e9sidence, <strong>r\u00e9organis\u00e9e \u00ab\u00a0\u00e0 distance\u00a0\u00bb<\/strong> en raison du contexte sanitaire, s&rsquo;inscrit dans le cadre du programme <strong>Odyss\u00e9e<\/strong> pour la r\u00e9sidence d&rsquo;artistes \u00e9trangers dans les Centres culturels de rencontre fran\u00e7ais (Association des Centres culturels de rencontre &#8211; Minist\u00e8re de la Culture).<\/em><\/p>\n<p><a href=\"https:\/\/www.chateaudegoutelas.fr\/en\/jusquau-29-05-appel-a-projets-odyssee-pour-la-residence-dartistes-etrangers\/\">L&rsquo;appel \u00e0 projets 2021 est ouvert jusqu&rsquo;au 29 mai !<\/a><\/p>\n<div class=\"shmMigrate\"><\/div>\n<div class=\"shmMigrate\"><\/div>\n<div class=\"shmMigrate\"><\/div>\n<div class=\"shmMigrate\"><\/div>\n<div class=\"shmMigrate\"><\/div>\n<div class=\"shmMigrate\"><\/div>","protected":false},"author":7,"featured_media":3316,"template":"","meta":{"site-sidebar-layout":"default","site-content-layout":"","ast-site-content-layout":"default","site-content-style":"default","site-sidebar-style":"default","ast-global-header-display":"","ast-banner-title-visibility":"","ast-main-header-display":"","ast-hfb-above-header-display":"","ast-hfb-below-header-display":"","ast-hfb-mobile-header-display":"","site-post-title":"","ast-breadcrumbs-content":null,"ast-featured-img":"","footer-sml-layout":"","ast-disable-related-posts":"","theme-transparent-header-meta":"","adv-header-id-meta":"","stick-header-meta":"","header-above-stick-meta":null,"header-main-stick-meta":"","header-below-stick-meta":null,"astra-migrate-meta-layouts":"default","ast-page-background-enabled":"default","ast-page-background-meta":{"desktop":{"background-color":"","background-image":"","background-repeat":"repeat","background-position":"center center","background-size":"auto","background-attachment":"scroll","background-type":"","background-media":"","overlay-type":"","overlay-color":"","overlay-opacity":"","overlay-gradient":""},"tablet":{"background-color":"","background-image":"","background-repeat":"repeat","background-position":"center center","background-size":"auto","background-attachment":"scroll","background-type":"","background-media":"","overlay-type":"","overlay-color":"","overlay-opacity":"","overlay-gradient":""},"mobile":{"background-color":"","background-image":"","background-repeat":"repeat","background-position":"center center","background-size":"auto","background-attachment":"scroll","background-type":"","background-media":"","overlay-type":"","overlay-color":"","overlay-opacity":"","overlay-gradient":""}},"ast-content-background-meta":{"desktop":{"background-color":"var(--ast-global-color-5)","background-image":"","background-repeat":"repeat","background-position":"center center","background-size":"auto","background-attachment":"scroll","background-type":"","background-media":"","overlay-type":"","overlay-color":"","overlay-opacity":"","overlay-gradient":""},"tablet":{"background-color":"var(--ast-global-color-5)","background-image":"","background-repeat":"repeat","background-position":"center center","background-size":"auto","background-attachment":"scroll","background-type":"","background-media":"","overlay-type":"","overlay-color":"","overlay-opacity":"","overlay-gradient":""},"mobile":{"background-color":"var(--ast-global-color-5)","background-image":"","background-repeat":"repeat","background-position":"center center","background-size":"auto","background-attachment":"scroll","background-type":"","background-media":"","overlay-type":"","overlay-color":"","overlay-opacity":"","overlay-gradient":""}}},"categories":[4],"tags":[],"class_list":["post-3315","archive","type-archive","status-publish","has-post-thumbnail","hentry","category-actualites"],"yoast_head":"<!-- This site is optimized with the Yoast SEO plugin v27.5 - https:\/\/yoast.com\/product\/yoast-seo-wordpress\/ -->\n<title>JUSQU&#039;AU 27\/06 - ARTISTE EN R\u00c9SIDENCE : Sandra Lapage - Ch\u00e2teau de Goutelas<\/title>\n<meta name=\"robots\" content=\"index, follow, max-snippet:-1, max-image-preview:large, max-video-preview:-1\" \/>\n<link rel=\"canonical\" href=\"https:\/\/www.chateaudegoutelas.fr\/en\/archive\/jusquau-27-06-residence-sandra-lapage\/\" \/>\n<meta property=\"og:locale\" content=\"en_GB\" \/>\n<meta property=\"og:type\" content=\"article\" \/>\n<meta property=\"og:title\" content=\"JUSQU&#039;AU 27\/06 - ARTISTE EN R\u00c9SIDENCE : Sandra Lapage - Ch\u00e2teau de Goutelas\" \/>\n<meta property=\"og:description\" content=\"Sandra Lapage Belgique &#8211; Br\u00e9sil Du 3 mai au 27 juin 2021 &nbsp; Dipl\u00f4m\u00e9e du Maine College of Art aux \u00c9tats-Unis, la plasticienne Sandra Lapage vit et travaille \u00e0 S\u00e3o Paulo au Br\u00e9sil. Sa production artistique s\u2019appuie en grande partie sur des d\u00e9chets ou des objets recycl\u00e9s (emballages de barres \u00e9nerg\u00e9tiques, capsules de caf\u00e9\u2026), s\u2019inscrivant [&hellip;]\" \/>\n<meta property=\"og:url\" content=\"https:\/\/www.chateaudegoutelas.fr\/en\/archive\/jusquau-27-06-residence-sandra-lapage\/\" \/>\n<meta property=\"og:site_name\" content=\"Ch\u00e2teau de Goutelas\" \/>\n<meta property=\"article:modified_time\" content=\"2023-05-26T07:58:57+00:00\" \/>\n<meta property=\"og:image\" content=\"https:\/\/www.chateaudegoutelas.fr\/wp-content\/uploads\/2021\/04\/200307-SL-stopmotion-cam-01-day-02-342_min-scaled.jpg\" \/>\n\t<meta property=\"og:image:width\" content=\"2560\" \/>\n\t<meta property=\"og:image:height\" content=\"1707\" \/>\n\t<meta property=\"og:image:type\" content=\"image\/jpeg\" \/>\n<meta name=\"twitter:card\" content=\"summary_large_image\" \/>\n<meta name=\"twitter:label1\" content=\"Estimated reading time\" \/>\n\t<meta name=\"twitter:data1\" content=\"1 minute\" \/>\n<script type=\"application\/ld+json\" class=\"yoast-schema-graph\">{\"@context\":\"https:\\\/\\\/schema.org\",\"@graph\":[{\"@type\":\"WebPage\",\"@id\":\"https:\\\/\\\/www.chateaudegoutelas.fr\\\/archive\\\/jusquau-27-06-residence-sandra-lapage\\\/\",\"url\":\"https:\\\/\\\/www.chateaudegoutelas.fr\\\/archive\\\/jusquau-27-06-residence-sandra-lapage\\\/\",\"name\":\"JUSQU'AU 27\\\/06 - ARTISTE EN R\u00c9SIDENCE : Sandra Lapage - Ch\u00e2teau de Goutelas\",\"isPartOf\":{\"@id\":\"https:\\\/\\\/www.chateaudegoutelas.fr\\\/#website\"},\"primaryImageOfPage\":{\"@id\":\"https:\\\/\\\/www.chateaudegoutelas.fr\\\/archive\\\/jusquau-27-06-residence-sandra-lapage\\\/#primaryimage\"},\"image\":{\"@id\":\"https:\\\/\\\/www.chateaudegoutelas.fr\\\/archive\\\/jusquau-27-06-residence-sandra-lapage\\\/#primaryimage\"},\"thumbnailUrl\":\"https:\\\/\\\/www.chateaudegoutelas.fr\\\/wp-content\\\/uploads\\\/2021\\\/04\\\/200307-SL-stopmotion-cam-01-day-02-342_min-scaled.jpg\",\"datePublished\":\"2021-02-09T14:36:48+00:00\",\"dateModified\":\"2023-05-26T07:58:57+00:00\",\"breadcrumb\":{\"@id\":\"https:\\\/\\\/www.chateaudegoutelas.fr\\\/archive\\\/jusquau-27-06-residence-sandra-lapage\\\/#breadcrumb\"},\"inLanguage\":\"en-GB\",\"potentialAction\":[{\"@type\":\"ReadAction\",\"target\":[\"https:\\\/\\\/www.chateaudegoutelas.fr\\\/archive\\\/jusquau-27-06-residence-sandra-lapage\\\/\"]}]},{\"@type\":\"ImageObject\",\"inLanguage\":\"en-GB\",\"@id\":\"https:\\\/\\\/www.chateaudegoutelas.fr\\\/archive\\\/jusquau-27-06-residence-sandra-lapage\\\/#primaryimage\",\"url\":\"https:\\\/\\\/www.chateaudegoutelas.fr\\\/wp-content\\\/uploads\\\/2021\\\/04\\\/200307-SL-stopmotion-cam-01-day-02-342_min-scaled.jpg\",\"contentUrl\":\"https:\\\/\\\/www.chateaudegoutelas.fr\\\/wp-content\\\/uploads\\\/2021\\\/04\\\/200307-SL-stopmotion-cam-01-day-02-342_min-scaled.jpg\",\"width\":2560,\"height\":1707},{\"@type\":\"BreadcrumbList\",\"@id\":\"https:\\\/\\\/www.chateaudegoutelas.fr\\\/archive\\\/jusquau-27-06-residence-sandra-lapage\\\/#breadcrumb\",\"itemListElement\":[{\"@type\":\"ListItem\",\"position\":1,\"name\":\"Accueil\",\"item\":\"https:\\\/\\\/www.chateaudegoutelas.fr\\\/\"},{\"@type\":\"ListItem\",\"position\":2,\"name\":\"JUSQU&rsquo;AU 27\\\/06 &#8211; ARTISTE EN R\u00c9SIDENCE : Sandra Lapage\"}]},{\"@type\":\"WebSite\",\"@id\":\"https:\\\/\\\/www.chateaudegoutelas.fr\\\/#website\",\"url\":\"https:\\\/\\\/www.chateaudegoutelas.fr\\\/\",\"name\":\"Ch\u00e2teau de Goutelas\",\"description\":\"Un centre culturel de rencontre en Forez\",\"publisher\":{\"@id\":\"https:\\\/\\\/www.chateaudegoutelas.fr\\\/#organization\"},\"potentialAction\":[{\"@type\":\"SearchAction\",\"target\":{\"@type\":\"EntryPoint\",\"urlTemplate\":\"https:\\\/\\\/www.chateaudegoutelas.fr\\\/?s={search_term_string}\"},\"query-input\":{\"@type\":\"PropertyValueSpecification\",\"valueRequired\":true,\"valueName\":\"search_term_string\"}}],\"inLanguage\":\"en-GB\"},{\"@type\":\"Organization\",\"@id\":\"https:\\\/\\\/www.chateaudegoutelas.fr\\\/#organization\",\"name\":\"Ch\u00e2teau de Goutelas\",\"url\":\"https:\\\/\\\/www.chateaudegoutelas.fr\\\/\",\"logo\":{\"@type\":\"ImageObject\",\"inLanguage\":\"en-GB\",\"@id\":\"https:\\\/\\\/www.chateaudegoutelas.fr\\\/#\\\/schema\\\/logo\\\/image\\\/\",\"url\":\"https:\\\/\\\/www.chateaudegoutelas.fr\\\/wp-content\\\/uploads\\\/2023\\\/05\\\/logo-chateau-goutelas-bleu.png\",\"contentUrl\":\"https:\\\/\\\/www.chateaudegoutelas.fr\\\/wp-content\\\/uploads\\\/2023\\\/05\\\/logo-chateau-goutelas-bleu.png\",\"width\":1123,\"height\":327,\"caption\":\"Ch\u00e2teau de Goutelas\"},\"image\":{\"@id\":\"https:\\\/\\\/www.chateaudegoutelas.fr\\\/#\\\/schema\\\/logo\\\/image\\\/\"}}]}<\/script>\n<!-- \/ Yoast SEO plugin. -->","yoast_head_json":{"title":"JUSQU'AU 27\/06 - ARTISTE EN R\u00c9SIDENCE : Sandra Lapage - Ch\u00e2teau de Goutelas","robots":{"index":"index","follow":"follow","max-snippet":"max-snippet:-1","max-image-preview":"max-image-preview:large","max-video-preview":"max-video-preview:-1"},"canonical":"https:\/\/www.chateaudegoutelas.fr\/en\/archive\/jusquau-27-06-residence-sandra-lapage\/","og_locale":"en_GB","og_type":"article","og_title":"JUSQU'AU 27\/06 - ARTISTE EN R\u00c9SIDENCE : Sandra Lapage - Ch\u00e2teau de Goutelas","og_description":"Sandra Lapage Belgique &#8211; Br\u00e9sil Du 3 mai au 27 juin 2021 &nbsp; Dipl\u00f4m\u00e9e du Maine College of Art aux \u00c9tats-Unis, la plasticienne Sandra Lapage vit et travaille \u00e0 S\u00e3o Paulo au Br\u00e9sil. Sa production artistique s\u2019appuie en grande partie sur des d\u00e9chets ou des objets recycl\u00e9s (emballages de barres \u00e9nerg\u00e9tiques, capsules de caf\u00e9\u2026), s\u2019inscrivant [&hellip;]","og_url":"https:\/\/www.chateaudegoutelas.fr\/en\/archive\/jusquau-27-06-residence-sandra-lapage\/","og_site_name":"Ch\u00e2teau de Goutelas","article_modified_time":"2023-05-26T07:58:57+00:00","og_image":[{"width":2560,"height":1707,"url":"https:\/\/www.chateaudegoutelas.fr\/wp-content\/uploads\/2021\/04\/200307-SL-stopmotion-cam-01-day-02-342_min-scaled.jpg","type":"image\/jpeg"}],"twitter_card":"summary_large_image","twitter_misc":{"Estimated reading time":"1 minute"},"schema":{"@context":"https:\/\/schema.org","@graph":[{"@type":"WebPage","@id":"https:\/\/www.chateaudegoutelas.fr\/archive\/jusquau-27-06-residence-sandra-lapage\/","url":"https:\/\/www.chateaudegoutelas.fr\/archive\/jusquau-27-06-residence-sandra-lapage\/","name":"JUSQU'AU 27\/06 - ARTISTE EN R\u00c9SIDENCE : Sandra Lapage - Ch\u00e2teau de Goutelas","isPartOf":{"@id":"https:\/\/www.chateaudegoutelas.fr\/#website"},"primaryImageOfPage":{"@id":"https:\/\/www.chateaudegoutelas.fr\/archive\/jusquau-27-06-residence-sandra-lapage\/#primaryimage"},"image":{"@id":"https:\/\/www.chateaudegoutelas.fr\/archive\/jusquau-27-06-residence-sandra-lapage\/#primaryimage"},"thumbnailUrl":"https:\/\/www.chateaudegoutelas.fr\/wp-content\/uploads\/2021\/04\/200307-SL-stopmotion-cam-01-day-02-342_min-scaled.jpg","datePublished":"2021-02-09T14:36:48+00:00","dateModified":"2023-05-26T07:58:57+00:00","breadcrumb":{"@id":"https:\/\/www.chateaudegoutelas.fr\/archive\/jusquau-27-06-residence-sandra-lapage\/#breadcrumb"},"inLanguage":"en-GB","potentialAction":[{"@type":"ReadAction","target":["https:\/\/www.chateaudegoutelas.fr\/archive\/jusquau-27-06-residence-sandra-lapage\/"]}]},{"@type":"ImageObject","inLanguage":"en-GB","@id":"https:\/\/www.chateaudegoutelas.fr\/archive\/jusquau-27-06-residence-sandra-lapage\/#primaryimage","url":"https:\/\/www.chateaudegoutelas.fr\/wp-content\/uploads\/2021\/04\/200307-SL-stopmotion-cam-01-day-02-342_min-scaled.jpg","contentUrl":"https:\/\/www.chateaudegoutelas.fr\/wp-content\/uploads\/2021\/04\/200307-SL-stopmotion-cam-01-day-02-342_min-scaled.jpg","width":2560,"height":1707},{"@type":"BreadcrumbList","@id":"https:\/\/www.chateaudegoutelas.fr\/archive\/jusquau-27-06-residence-sandra-lapage\/#breadcrumb","itemListElement":[{"@type":"ListItem","position":1,"name":"Accueil","item":"https:\/\/www.chateaudegoutelas.fr\/"},{"@type":"ListItem","position":2,"name":"JUSQU&rsquo;AU 27\/06 &#8211; ARTISTE EN R\u00c9SIDENCE : Sandra Lapage"}]},{"@type":"WebSite","@id":"https:\/\/www.chateaudegoutelas.fr\/#website","url":"https:\/\/www.chateaudegoutelas.fr\/","name":"Ch\u00e2teau de Goutelas","description":"Un centre culturel de rencontre en Forez","publisher":{"@id":"https:\/\/www.chateaudegoutelas.fr\/#organization"},"potentialAction":[{"@type":"SearchAction","target":{"@type":"EntryPoint","urlTemplate":"https:\/\/www.chateaudegoutelas.fr\/?s={search_term_string}"},"query-input":{"@type":"PropertyValueSpecification","valueRequired":true,"valueName":"search_term_string"}}],"inLanguage":"en-GB"},{"@type":"Organization","@id":"https:\/\/www.chateaudegoutelas.fr\/#organization","name":"Ch\u00e2teau de Goutelas","url":"https:\/\/www.chateaudegoutelas.fr\/","logo":{"@type":"ImageObject","inLanguage":"en-GB","@id":"https:\/\/www.chateaudegoutelas.fr\/#\/schema\/logo\/image\/","url":"https:\/\/www.chateaudegoutelas.fr\/wp-content\/uploads\/2023\/05\/logo-chateau-goutelas-bleu.png","contentUrl":"https:\/\/www.chateaudegoutelas.fr\/wp-content\/uploads\/2023\/05\/logo-chateau-goutelas-bleu.png","width":1123,"height":327,"caption":"Ch\u00e2teau de Goutelas"},"image":{"@id":"https:\/\/www.chateaudegoutelas.fr\/#\/schema\/logo\/image\/"}}]}},"_links":{"self":[{"href":"https:\/\/www.chateaudegoutelas.fr\/en\/wp-json\/wp\/v2\/archive\/3315","targetHints":{"allow":["GET"]}}],"collection":[{"href":"https:\/\/www.chateaudegoutelas.fr\/en\/wp-json\/wp\/v2\/archive"}],"about":[{"href":"https:\/\/www.chateaudegoutelas.fr\/en\/wp-json\/wp\/v2\/types\/archive"}],"author":[{"embeddable":true,"href":"https:\/\/www.chateaudegoutelas.fr\/en\/wp-json\/wp\/v2\/users\/7"}],"wp:featuredmedia":[{"embeddable":true,"href":"https:\/\/www.chateaudegoutelas.fr\/en\/wp-json\/wp\/v2\/media\/3316"}],"wp:attachment":[{"href":"https:\/\/www.chateaudegoutelas.fr\/en\/wp-json\/wp\/v2\/media?parent=3315"}],"wp:term":[{"taxonomy":"category","embeddable":true,"href":"https:\/\/www.chateaudegoutelas.fr\/en\/wp-json\/wp\/v2\/categories?post=3315"},{"taxonomy":"post_tag","embeddable":true,"href":"https:\/\/www.chateaudegoutelas.fr\/en\/wp-json\/wp\/v2\/tags?post=3315"}],"curies":[{"name":"wp","href":"https:\/\/api.w.org\/{rel}","templated":true}]}}