{"id":3310,"date":"2021-02-10T18:02:11","date_gmt":"2021-02-10T17:02:11","guid":{"rendered":"https:\/\/www.chateaudegoutelas.fr\/?p=3310"},"modified":"2023-05-26T09:58:56","modified_gmt":"2023-05-26T07:58:56","slug":"jusquau-29-05-appel-a-projets-odyssee-pour-la-residence-dartistes-etrangers","status":"publish","type":"archive","link":"https:\/\/www.chateaudegoutelas.fr\/en\/archive\/jusquau-29-05-appel-a-projets-odyssee-pour-la-residence-dartistes-etrangers\/","title":{"rendered":"JUSQU&rsquo;AU 29\/05 &#8211; APPEL A PROJETS ODYSSEE pour la r\u00e9sidence d&rsquo;artistes \u00e9trangers"},"content":{"rendered":"<div class=\"shmMigrate\"><\/div>\n<div class=\"shmMigrate\"><\/div>\n<div class=\"shmMigrate\"><\/div>\n<div class=\"shmMigrate\"><\/div>\n<div class=\"o-fiche-article-content-para o-fiche-article-content-para--introduction\">\n<p>Avec le soutien du Minist\u00e8re de la Culture, l\u2019Association des Centres culturels de rencontre coordonne le programme de r\u00e9sidence \u00ab Odyss\u00e9e \u00bb. Ce programme s\u2019adresse \u00e0 des artistes, chercheurs, professionnels de la culture \u00e9trangers, qui ne r\u00e9sident pas en France et qui souhaitent d\u00e9velopper des projets au sein des Centres culturels de rencontre fran\u00e7ais en lien avec les vocations de ces sites.<\/p>\n<\/div>\n<p>&nbsp;<\/p>\n<div class=\"o-fiche-article-content-para\">\n<div>Depuis 2003, plus de 700 artistes et professionnels de la culture repr\u00e9sentant 79 nationalit\u00e9s diff\u00e9rentes ont b\u00e9n\u00e9fici\u00e9 de ce programme, dans des domaines aussi vari\u00e9s que la musique, l&rsquo;architecture, l&rsquo;artisanat, les arts plastiques, l&rsquo;\u00e9criture th\u00e9\u00e2trale ou encore le cin\u00e9ma d&rsquo;animation, la photographie, le journalisme\u2026<\/div>\n<\/div>\n<div class=\"shmMigrate\"><\/div>\n<div class=\"shmMigrate\"><\/div>\n<div class=\"shmMigrate\"><\/div>\n<div class=\"o-fiche-article-content-para o-fiche-article-content-para--introduction\">\n<div><strong>L\u2019appel \u00e0 candidatures 2021 s\u2019adresse \u00e0 des artistes, chercheurs et professionnels de la culture de tous les pays autres que la France.\u00a0<\/strong><\/div>\n<div><\/div>\n<div><strong>Nous encourageons vivement les femmes artistes, professionnelles, chercheuses \u00e0 poser leur candidature.<\/strong><\/div>\n<div><\/div>\n<\/div>\n<div><strong>L&rsquo;appel \u00e0 candidatures est ouvert jusqu&rsquo;au 29 mai inclus.<\/strong><\/div>\n<div class=\"shmMigrate\"><\/div>\n<div class=\"shmMigrate\"><\/div>\n<div class=\"shmMigrate\"><\/div>\n<div class=\"shmMigrate\"><\/div>\n<div class=\"shmMigrate\"><\/div>","protected":false},"author":7,"featured_media":3311,"template":"","meta":{"site-sidebar-layout":"default","site-content-layout":"","ast-site-content-layout":"default","site-content-style":"default","site-sidebar-style":"default","ast-global-header-display":"","ast-banner-title-visibility":"","ast-main-header-display":"","ast-hfb-above-header-display":"","ast-hfb-below-header-display":"","ast-hfb-mobile-header-display":"","site-post-title":"","ast-breadcrumbs-content":null,"ast-featured-img":"","footer-sml-layout":"","ast-disable-related-posts":"","theme-transparent-header-meta":"","adv-header-id-meta":"","stick-header-meta":"","header-above-stick-meta":null,"header-main-stick-meta":"","header-below-stick-meta":null,"astra-migrate-meta-layouts":"default","ast-page-background-enabled":"default","ast-page-background-meta":{"desktop":{"background-color":"","background-image":"","background-repeat":"repeat","background-position":"center center","background-size":"auto","background-attachment":"scroll","background-type":"","background-media":"","overlay-type":"","overlay-color":"","overlay-opacity":"","overlay-gradient":""},"tablet":{"background-color":"","background-image":"","background-repeat":"repeat","background-position":"center center","background-size":"auto","background-attachment":"scroll","background-type":"","background-media":"","overlay-type":"","overlay-color":"","overlay-opacity":"","overlay-gradient":""},"mobile":{"background-color":"","background-image":"","background-repeat":"repeat","background-position":"center center","background-size":"auto","background-attachment":"scroll","background-type":"","background-media":"","overlay-type":"","overlay-color":"","overlay-opacity":"","overlay-gradient":""}},"ast-content-background-meta":{"desktop":{"background-color":"var(--ast-global-color-5)","background-image":"","background-repeat":"repeat","background-position":"center center","background-size":"auto","background-attachment":"scroll","background-type":"","background-media":"","overlay-type":"","overlay-color":"","overlay-opacity":"","overlay-gradient":""},"tablet":{"background-color":"var(--ast-global-color-5)","background-image":"","background-repeat":"repeat","background-position":"center center","background-size":"auto","background-attachment":"scroll","background-type":"","background-media":"","overlay-type":"","overlay-color":"","overlay-opacity":"","overlay-gradient":""},"mobile":{"background-color":"var(--ast-global-color-5)","background-image":"","background-repeat":"repeat","background-position":"center center","background-size":"auto","background-attachment":"scroll","background-type":"","background-media":"","overlay-type":"","overlay-color":"","overlay-opacity":"","overlay-gradient":""}}},"categories":[4],"tags":[],"class_list":["post-3310","archive","type-archive","status-publish","has-post-thumbnail","hentry","category-actualites"],"yoast_head":"<!-- This site is optimized with the Yoast SEO plugin v27.5 - https:\/\/yoast.com\/product\/yoast-seo-wordpress\/ -->\n<title>JUSQU&#039;AU 29\/05 - APPEL A PROJETS ODYSSEE pour la r\u00e9sidence d&#039;artistes \u00e9trangers - Ch\u00e2teau de Goutelas<\/title>\n<meta name=\"robots\" content=\"index, follow, max-snippet:-1, max-image-preview:large, max-video-preview:-1\" \/>\n<link rel=\"canonical\" href=\"https:\/\/www.chateaudegoutelas.fr\/en\/archive\/jusquau-29-05-appel-a-projets-odyssee-pour-la-residence-dartistes-etrangers\/\" \/>\n<meta property=\"og:locale\" content=\"en_GB\" \/>\n<meta property=\"og:type\" content=\"article\" \/>\n<meta property=\"og:title\" content=\"JUSQU&#039;AU 29\/05 - APPEL A PROJETS ODYSSEE pour la r\u00e9sidence d&#039;artistes \u00e9trangers - Ch\u00e2teau de Goutelas\" \/>\n<meta property=\"og:description\" content=\"Avec le soutien du Minist\u00e8re de la Culture, l\u2019Association des Centres culturels de rencontre coordonne le programme de r\u00e9sidence \u00ab Odyss\u00e9e \u00bb. Ce programme s\u2019adresse \u00e0 des artistes, chercheurs, professionnels de la culture \u00e9trangers, qui ne r\u00e9sident pas en France et qui souhaitent d\u00e9velopper des projets au sein des Centres culturels de rencontre fran\u00e7ais en [&hellip;]\" \/>\n<meta property=\"og:url\" content=\"https:\/\/www.chateaudegoutelas.fr\/en\/archive\/jusquau-29-05-appel-a-projets-odyssee-pour-la-residence-dartistes-etrangers\/\" \/>\n<meta property=\"og:site_name\" content=\"Ch\u00e2teau de Goutelas\" \/>\n<meta property=\"article:modified_time\" content=\"2023-05-26T07:58:56+00:00\" \/>\n<meta property=\"og:image\" content=\"https:\/\/www.chateaudegoutelas.fr\/wp-content\/uploads\/2021\/04\/odyssee-scaled.jpg\" \/>\n\t<meta property=\"og:image:width\" content=\"2560\" \/>\n\t<meta property=\"og:image:height\" content=\"1444\" \/>\n\t<meta property=\"og:image:type\" content=\"image\/jpeg\" \/>\n<meta name=\"twitter:card\" content=\"summary_large_image\" \/>\n<meta name=\"twitter:label1\" content=\"Estimated reading time\" \/>\n\t<meta name=\"twitter:data1\" content=\"1 minute\" \/>\n<script type=\"application\/ld+json\" class=\"yoast-schema-graph\">{\"@context\":\"https:\\\/\\\/schema.org\",\"@graph\":[{\"@type\":\"WebPage\",\"@id\":\"https:\\\/\\\/www.chateaudegoutelas.fr\\\/archive\\\/jusquau-29-05-appel-a-projets-odyssee-pour-la-residence-dartistes-etrangers\\\/\",\"url\":\"https:\\\/\\\/www.chateaudegoutelas.fr\\\/archive\\\/jusquau-29-05-appel-a-projets-odyssee-pour-la-residence-dartistes-etrangers\\\/\",\"name\":\"JUSQU'AU 29\\\/05 - APPEL A PROJETS ODYSSEE pour la r\u00e9sidence d'artistes \u00e9trangers - Ch\u00e2teau de Goutelas\",\"isPartOf\":{\"@id\":\"https:\\\/\\\/www.chateaudegoutelas.fr\\\/#website\"},\"primaryImageOfPage\":{\"@id\":\"https:\\\/\\\/www.chateaudegoutelas.fr\\\/archive\\\/jusquau-29-05-appel-a-projets-odyssee-pour-la-residence-dartistes-etrangers\\\/#primaryimage\"},\"image\":{\"@id\":\"https:\\\/\\\/www.chateaudegoutelas.fr\\\/archive\\\/jusquau-29-05-appel-a-projets-odyssee-pour-la-residence-dartistes-etrangers\\\/#primaryimage\"},\"thumbnailUrl\":\"https:\\\/\\\/www.chateaudegoutelas.fr\\\/wp-content\\\/uploads\\\/2021\\\/04\\\/odyssee-scaled.jpg\",\"datePublished\":\"2021-02-10T17:02:11+00:00\",\"dateModified\":\"2023-05-26T07:58:56+00:00\",\"breadcrumb\":{\"@id\":\"https:\\\/\\\/www.chateaudegoutelas.fr\\\/archive\\\/jusquau-29-05-appel-a-projets-odyssee-pour-la-residence-dartistes-etrangers\\\/#breadcrumb\"},\"inLanguage\":\"en-GB\",\"potentialAction\":[{\"@type\":\"ReadAction\",\"target\":[\"https:\\\/\\\/www.chateaudegoutelas.fr\\\/archive\\\/jusquau-29-05-appel-a-projets-odyssee-pour-la-residence-dartistes-etrangers\\\/\"]}]},{\"@type\":\"ImageObject\",\"inLanguage\":\"en-GB\",\"@id\":\"https:\\\/\\\/www.chateaudegoutelas.fr\\\/archive\\\/jusquau-29-05-appel-a-projets-odyssee-pour-la-residence-dartistes-etrangers\\\/#primaryimage\",\"url\":\"https:\\\/\\\/www.chateaudegoutelas.fr\\\/wp-content\\\/uploads\\\/2021\\\/04\\\/odyssee-scaled.jpg\",\"contentUrl\":\"https:\\\/\\\/www.chateaudegoutelas.fr\\\/wp-content\\\/uploads\\\/2021\\\/04\\\/odyssee-scaled.jpg\",\"width\":2560,\"height\":1444},{\"@type\":\"BreadcrumbList\",\"@id\":\"https:\\\/\\\/www.chateaudegoutelas.fr\\\/archive\\\/jusquau-29-05-appel-a-projets-odyssee-pour-la-residence-dartistes-etrangers\\\/#breadcrumb\",\"itemListElement\":[{\"@type\":\"ListItem\",\"position\":1,\"name\":\"Accueil\",\"item\":\"https:\\\/\\\/www.chateaudegoutelas.fr\\\/\"},{\"@type\":\"ListItem\",\"position\":2,\"name\":\"JUSQU&rsquo;AU 29\\\/05 &#8211; APPEL A PROJETS ODYSSEE pour la r\u00e9sidence d&rsquo;artistes \u00e9trangers\"}]},{\"@type\":\"WebSite\",\"@id\":\"https:\\\/\\\/www.chateaudegoutelas.fr\\\/#website\",\"url\":\"https:\\\/\\\/www.chateaudegoutelas.fr\\\/\",\"name\":\"Ch\u00e2teau de Goutelas\",\"description\":\"Un centre culturel de rencontre en Forez\",\"publisher\":{\"@id\":\"https:\\\/\\\/www.chateaudegoutelas.fr\\\/#organization\"},\"potentialAction\":[{\"@type\":\"SearchAction\",\"target\":{\"@type\":\"EntryPoint\",\"urlTemplate\":\"https:\\\/\\\/www.chateaudegoutelas.fr\\\/?s={search_term_string}\"},\"query-input\":{\"@type\":\"PropertyValueSpecification\",\"valueRequired\":true,\"valueName\":\"search_term_string\"}}],\"inLanguage\":\"en-GB\"},{\"@type\":\"Organization\",\"@id\":\"https:\\\/\\\/www.chateaudegoutelas.fr\\\/#organization\",\"name\":\"Ch\u00e2teau de Goutelas\",\"url\":\"https:\\\/\\\/www.chateaudegoutelas.fr\\\/\",\"logo\":{\"@type\":\"ImageObject\",\"inLanguage\":\"en-GB\",\"@id\":\"https:\\\/\\\/www.chateaudegoutelas.fr\\\/#\\\/schema\\\/logo\\\/image\\\/\",\"url\":\"https:\\\/\\\/www.chateaudegoutelas.fr\\\/wp-content\\\/uploads\\\/2023\\\/05\\\/logo-chateau-goutelas-bleu.png\",\"contentUrl\":\"https:\\\/\\\/www.chateaudegoutelas.fr\\\/wp-content\\\/uploads\\\/2023\\\/05\\\/logo-chateau-goutelas-bleu.png\",\"width\":1123,\"height\":327,\"caption\":\"Ch\u00e2teau de Goutelas\"},\"image\":{\"@id\":\"https:\\\/\\\/www.chateaudegoutelas.fr\\\/#\\\/schema\\\/logo\\\/image\\\/\"}}]}<\/script>\n<!-- \/ Yoast SEO plugin. -->","yoast_head_json":{"title":"JUSQU'AU 29\/05 - APPEL A PROJETS ODYSSEE pour la r\u00e9sidence d'artistes \u00e9trangers - Ch\u00e2teau de Goutelas","robots":{"index":"index","follow":"follow","max-snippet":"max-snippet:-1","max-image-preview":"max-image-preview:large","max-video-preview":"max-video-preview:-1"},"canonical":"https:\/\/www.chateaudegoutelas.fr\/en\/archive\/jusquau-29-05-appel-a-projets-odyssee-pour-la-residence-dartistes-etrangers\/","og_locale":"en_GB","og_type":"article","og_title":"JUSQU'AU 29\/05 - APPEL A PROJETS ODYSSEE pour la r\u00e9sidence d'artistes \u00e9trangers - Ch\u00e2teau de Goutelas","og_description":"Avec le soutien du Minist\u00e8re de la Culture, l\u2019Association des Centres culturels de rencontre coordonne le programme de r\u00e9sidence \u00ab Odyss\u00e9e \u00bb. Ce programme s\u2019adresse \u00e0 des artistes, chercheurs, professionnels de la culture \u00e9trangers, qui ne r\u00e9sident pas en France et qui souhaitent d\u00e9velopper des projets au sein des Centres culturels de rencontre fran\u00e7ais en [&hellip;]","og_url":"https:\/\/www.chateaudegoutelas.fr\/en\/archive\/jusquau-29-05-appel-a-projets-odyssee-pour-la-residence-dartistes-etrangers\/","og_site_name":"Ch\u00e2teau de Goutelas","article_modified_time":"2023-05-26T07:58:56+00:00","og_image":[{"width":2560,"height":1444,"url":"https:\/\/www.chateaudegoutelas.fr\/wp-content\/uploads\/2021\/04\/odyssee-scaled.jpg","type":"image\/jpeg"}],"twitter_card":"summary_large_image","twitter_misc":{"Estimated reading time":"1 minute"},"schema":{"@context":"https:\/\/schema.org","@graph":[{"@type":"WebPage","@id":"https:\/\/www.chateaudegoutelas.fr\/archive\/jusquau-29-05-appel-a-projets-odyssee-pour-la-residence-dartistes-etrangers\/","url":"https:\/\/www.chateaudegoutelas.fr\/archive\/jusquau-29-05-appel-a-projets-odyssee-pour-la-residence-dartistes-etrangers\/","name":"JUSQU'AU 29\/05 - APPEL A PROJETS ODYSSEE pour la r\u00e9sidence d'artistes \u00e9trangers - Ch\u00e2teau de Goutelas","isPartOf":{"@id":"https:\/\/www.chateaudegoutelas.fr\/#website"},"primaryImageOfPage":{"@id":"https:\/\/www.chateaudegoutelas.fr\/archive\/jusquau-29-05-appel-a-projets-odyssee-pour-la-residence-dartistes-etrangers\/#primaryimage"},"image":{"@id":"https:\/\/www.chateaudegoutelas.fr\/archive\/jusquau-29-05-appel-a-projets-odyssee-pour-la-residence-dartistes-etrangers\/#primaryimage"},"thumbnailUrl":"https:\/\/www.chateaudegoutelas.fr\/wp-content\/uploads\/2021\/04\/odyssee-scaled.jpg","datePublished":"2021-02-10T17:02:11+00:00","dateModified":"2023-05-26T07:58:56+00:00","breadcrumb":{"@id":"https:\/\/www.chateaudegoutelas.fr\/archive\/jusquau-29-05-appel-a-projets-odyssee-pour-la-residence-dartistes-etrangers\/#breadcrumb"},"inLanguage":"en-GB","potentialAction":[{"@type":"ReadAction","target":["https:\/\/www.chateaudegoutelas.fr\/archive\/jusquau-29-05-appel-a-projets-odyssee-pour-la-residence-dartistes-etrangers\/"]}]},{"@type":"ImageObject","inLanguage":"en-GB","@id":"https:\/\/www.chateaudegoutelas.fr\/archive\/jusquau-29-05-appel-a-projets-odyssee-pour-la-residence-dartistes-etrangers\/#primaryimage","url":"https:\/\/www.chateaudegoutelas.fr\/wp-content\/uploads\/2021\/04\/odyssee-scaled.jpg","contentUrl":"https:\/\/www.chateaudegoutelas.fr\/wp-content\/uploads\/2021\/04\/odyssee-scaled.jpg","width":2560,"height":1444},{"@type":"BreadcrumbList","@id":"https:\/\/www.chateaudegoutelas.fr\/archive\/jusquau-29-05-appel-a-projets-odyssee-pour-la-residence-dartistes-etrangers\/#breadcrumb","itemListElement":[{"@type":"ListItem","position":1,"name":"Accueil","item":"https:\/\/www.chateaudegoutelas.fr\/"},{"@type":"ListItem","position":2,"name":"JUSQU&rsquo;AU 29\/05 &#8211; APPEL A PROJETS ODYSSEE pour la r\u00e9sidence d&rsquo;artistes \u00e9trangers"}]},{"@type":"WebSite","@id":"https:\/\/www.chateaudegoutelas.fr\/#website","url":"https:\/\/www.chateaudegoutelas.fr\/","name":"Ch\u00e2teau de Goutelas","description":"Un centre culturel de rencontre en Forez","publisher":{"@id":"https:\/\/www.chateaudegoutelas.fr\/#organization"},"potentialAction":[{"@type":"SearchAction","target":{"@type":"EntryPoint","urlTemplate":"https:\/\/www.chateaudegoutelas.fr\/?s={search_term_string}"},"query-input":{"@type":"PropertyValueSpecification","valueRequired":true,"valueName":"search_term_string"}}],"inLanguage":"en-GB"},{"@type":"Organization","@id":"https:\/\/www.chateaudegoutelas.fr\/#organization","name":"Ch\u00e2teau de Goutelas","url":"https:\/\/www.chateaudegoutelas.fr\/","logo":{"@type":"ImageObject","inLanguage":"en-GB","@id":"https:\/\/www.chateaudegoutelas.fr\/#\/schema\/logo\/image\/","url":"https:\/\/www.chateaudegoutelas.fr\/wp-content\/uploads\/2023\/05\/logo-chateau-goutelas-bleu.png","contentUrl":"https:\/\/www.chateaudegoutelas.fr\/wp-content\/uploads\/2023\/05\/logo-chateau-goutelas-bleu.png","width":1123,"height":327,"caption":"Ch\u00e2teau de Goutelas"},"image":{"@id":"https:\/\/www.chateaudegoutelas.fr\/#\/schema\/logo\/image\/"}}]}},"_links":{"self":[{"href":"https:\/\/www.chateaudegoutelas.fr\/en\/wp-json\/wp\/v2\/archive\/3310","targetHints":{"allow":["GET"]}}],"collection":[{"href":"https:\/\/www.chateaudegoutelas.fr\/en\/wp-json\/wp\/v2\/archive"}],"about":[{"href":"https:\/\/www.chateaudegoutelas.fr\/en\/wp-json\/wp\/v2\/types\/archive"}],"author":[{"embeddable":true,"href":"https:\/\/www.chateaudegoutelas.fr\/en\/wp-json\/wp\/v2\/users\/7"}],"wp:featuredmedia":[{"embeddable":true,"href":"https:\/\/www.chateaudegoutelas.fr\/en\/wp-json\/wp\/v2\/media\/3311"}],"wp:attachment":[{"href":"https:\/\/www.chateaudegoutelas.fr\/en\/wp-json\/wp\/v2\/media?parent=3310"}],"wp:term":[{"taxonomy":"category","embeddable":true,"href":"https:\/\/www.chateaudegoutelas.fr\/en\/wp-json\/wp\/v2\/categories?post=3310"},{"taxonomy":"post_tag","embeddable":true,"href":"https:\/\/www.chateaudegoutelas.fr\/en\/wp-json\/wp\/v2\/tags?post=3310"}],"curies":[{"name":"wp","href":"https:\/\/api.w.org\/{rel}","templated":true}]}}