{"id":3254,"date":"2021-03-10T10:31:15","date_gmt":"2021-03-10T09:31:15","guid":{"rendered":"https:\/\/www.chateaudegoutelas.fr\/?p=3254"},"modified":"2023-05-26T09:58:53","modified_gmt":"2023-05-26T07:58:53","slug":"10-07-la-nuit-indigo-chassol-la-belle-vie","status":"publish","type":"archive","link":"https:\/\/www.chateaudegoutelas.fr\/en\/archive\/10-07-la-nuit-indigo-chassol-la-belle-vie\/","title":{"rendered":"10\/07 &#8211; LA NUIT INDIGO : Chassol + La Belle Vie"},"content":{"rendered":"<div class=\"shmMigrate\"><\/div>\n<div class=\"shmMigrate\"><\/div>\n<div class=\"shmMigrate\"><\/div>\n<div class=\"shmMigrate\"><\/div>\n<h4>Une couleur pour f\u00eater Goutelas<\/h4>\n<div class=\"shmMigrate\"><\/div>\n<div class=\"shmMigrate\"><\/div>\n<div class=\"shmMigrate\"><\/div>\n<h4><strong>Samedi 10 juillet<\/strong><\/h4>\n<h4><\/h4>\n<p>&nbsp;<\/p>\n<h5><strong>Concerts \u00e0 partir de 20h<\/strong><\/h5>\n<h5><strong>Apr\u00e8s-midi familial \u00e0 partir de 15h<\/strong><\/h5>\n<div class=\"shmMigrate\"><\/div>\n<div class=\"shmMigrate\"><\/div>\n<div class=\"shmMigrate\"><\/div>\n<p><span style=\"font-weight: 400;\">Goutelas se pare d\u2019une couleur profonde et m\u00e9tiss\u00e9e pour f\u00eater la nouvelle sc\u00e8ne musicale ! Ce bleu indigo, en r\u00e9f\u00e9rence au titre \u201cMood Indigo\u201d de Duke Ellington, artiste l\u00e9gendaire amoureux du ch\u00e2teau, c\u2019est le bleu d\u2019une f\u00eate heureuse et dansante, o\u00f9 habitants, voyageurs et noctambules se retrouvent, apr\u00e8s un an d\u2019attente, pour profiter en musique d\u2019un site exceptionnel.<\/span><\/p>\n<p><span style=\"font-weight: 400;\">Pour cet \u00e9v\u00e9nement phare, un artiste phare : <\/span><b>Christophe Chassol.<\/b><\/p>\n<p><span style=\"font-weight: 400;\">Musicien, arrangeur (pour Keren Ann, S\u00e9bastien Tellier ou Phoenix), d\u00e9fricheur de contr\u00e9es artistiques, Chassol est \u00e9galement compositeur pour le cin\u00e9ma. Le concert <em>Indiamore<\/em> pr\u00e9sent\u00e9 \u00e0 Goutelas nous plonge dans un spectacle total. Sur un grand \u00e9cran plac\u00e9 face au ch\u00e2teau, les images d\u2019un voyage en Inde deviennent la mati\u00e8re premi\u00e8re des musiciens, d\u00e9compos\u00e9e puis harmonis\u00e9e pour nous transporter dans une exp\u00e9rience immersive. Avec un style qui se place ing\u00e9nieusement \u00e0 la crois\u00e9e de la pop, du jazz et de l&rsquo;\u00e9lectro, Chassol fait depuis plusieurs ann\u00e9es l\u2019unanimit\u00e9 dans la presse internationale (Les Inrockuptibles,The Guardian, Rolling Stones, Rock &amp; Folk\u2026) et dans les plus grands rendez-vous musicaux. Il faut le voir pour le croire !\u00a0<\/span><\/p>\n<p><span style=\"font-weight: 400;\">En premi\u00e8re partie, un groupe dont le nom nous dit presque tout : <\/span><b>La Belle Vie<\/b><span style=\"font-weight: 400;\">. <\/span><span style=\"font-weight: 400;\"><br \/>\n<\/span><span style=\"font-weight: 400;\">\u00ab\u00a0Tu sais, la vie est belle comme tout quand elle est prise par le bon bout, nous sommes le doux qui accompagne l&rsquo;amer. Les couleurs qui manquent \u00e0 l&rsquo;hiver, r\u00eavant des \u00eeles, l\u00e0 dans la ville.\u00a0\u00bb<\/span><\/p>\n<p>&nbsp;<\/p>\n<p><span style=\"font-weight: 400;\">Plus loin dans la nuit, le bleu s\u2019\u00e9lectrise avec <\/span><b>Farkoner, <\/b><span style=\"font-weight: 400;\">DJ et producteur de musiques \u00e9lectroniques, explorateur de percussions tribales et de rythmes \u00e9lectro.<\/span><\/p>\n<div class=\"shmMigrate\"><\/div>\n<div class=\"shmMigrate\"><\/div>\n<div class=\"shmMigrate\"><\/div>\n<p><b>Apr\u00e8s-midi familial (ateliers et parcours autour du jazz \u00e0 Goutelas) \u00e0 partir de 15h<\/b><\/p>\n<p><b>Bistro d&rsquo;\u00e9t\u00e9 (bar et petite restauration) d\u00e8s 19h<\/b><b><br \/>\n<\/b><b>Concerts \u00e0 partir de 20h<\/b><\/p>\n<p>&nbsp;<\/p>\n<p><b>Sur place : 18\u20ac | 12\u20ac tarif r\u00e9duit<\/b><\/p>\n<p><b>En pr\u00e9vente : 15\u20ac\u00a0 | 10\u20ac tarif r\u00e9duit <\/b><b><br \/>\n<\/b><b>Gratuit moins de 12 ans<\/b><b><br \/>\n<\/b><span style=\"font-weight: 400;\">Billetterie disponible en ligne, dans les bureaux de l\u2019Office de tourisme Loire Forez et tous les points de vente habituels <strong>courant avril 2021<\/strong><\/span><\/p>\n<p>&nbsp;<\/p>\n<p>Photo \u00a9Flavien Prioreau<\/p>\n<div class=\"shmMigrate\"><\/div>\n<div class=\"shmMigrate\"><\/div>\n<div class=\"shmMigrate\"><\/div>\n<div class=\"shmMigrate\"><\/div>","protected":false},"author":7,"featured_media":2832,"template":"","meta":{"site-sidebar-layout":"default","site-content-layout":"","ast-site-content-layout":"default","site-content-style":"default","site-sidebar-style":"default","ast-global-header-display":"","ast-banner-title-visibility":"","ast-main-header-display":"","ast-hfb-above-header-display":"","ast-hfb-below-header-display":"","ast-hfb-mobile-header-display":"","site-post-title":"","ast-breadcrumbs-content":null,"ast-featured-img":"","footer-sml-layout":"","ast-disable-related-posts":"","theme-transparent-header-meta":"","adv-header-id-meta":"","stick-header-meta":"","header-above-stick-meta":null,"header-main-stick-meta":"","header-below-stick-meta":null,"astra-migrate-meta-layouts":"default","ast-page-background-enabled":"default","ast-page-background-meta":{"desktop":{"background-color":"","background-image":"","background-repeat":"repeat","background-position":"center center","background-size":"auto","background-attachment":"scroll","background-type":"","background-media":"","overlay-type":"","overlay-color":"","overlay-opacity":"","overlay-gradient":""},"tablet":{"background-color":"","background-image":"","background-repeat":"repeat","background-position":"center center","background-size":"auto","background-attachment":"scroll","background-type":"","background-media":"","overlay-type":"","overlay-color":"","overlay-opacity":"","overlay-gradient":""},"mobile":{"background-color":"","background-image":"","background-repeat":"repeat","background-position":"center center","background-size":"auto","background-attachment":"scroll","background-type":"","background-media":"","overlay-type":"","overlay-color":"","overlay-opacity":"","overlay-gradient":""}},"ast-content-background-meta":{"desktop":{"background-color":"var(--ast-global-color-5)","background-image":"","background-repeat":"repeat","background-position":"center center","background-size":"auto","background-attachment":"scroll","background-type":"","background-media":"","overlay-type":"","overlay-color":"","overlay-opacity":"","overlay-gradient":""},"tablet":{"background-color":"var(--ast-global-color-5)","background-image":"","background-repeat":"repeat","background-position":"center center","background-size":"auto","background-attachment":"scroll","background-type":"","background-media":"","overlay-type":"","overlay-color":"","overlay-opacity":"","overlay-gradient":""},"mobile":{"background-color":"var(--ast-global-color-5)","background-image":"","background-repeat":"repeat","background-position":"center center","background-size":"auto","background-attachment":"scroll","background-type":"","background-media":"","overlay-type":"","overlay-color":"","overlay-opacity":"","overlay-gradient":""}}},"categories":[4],"tags":[9],"class_list":["post-3254","archive","type-archive","status-publish","has-post-thumbnail","hentry","category-actualites","tag-concert"],"yoast_head":"<!-- This site is optimized with the Yoast SEO plugin v27.5 - https:\/\/yoast.com\/product\/yoast-seo-wordpress\/ -->\n<title>10\/07 - LA NUIT INDIGO : Chassol + La Belle Vie - Ch\u00e2teau de Goutelas<\/title>\n<meta name=\"robots\" content=\"index, follow, max-snippet:-1, max-image-preview:large, max-video-preview:-1\" \/>\n<link rel=\"canonical\" href=\"https:\/\/www.chateaudegoutelas.fr\/en\/archive\/10-07-la-nuit-indigo-chassol-la-belle-vie\/\" \/>\n<meta property=\"og:locale\" content=\"en_GB\" \/>\n<meta property=\"og:type\" content=\"article\" \/>\n<meta property=\"og:title\" content=\"10\/07 - LA NUIT INDIGO : Chassol + La Belle Vie - Ch\u00e2teau de Goutelas\" \/>\n<meta property=\"og:description\" content=\"Une couleur pour f\u00eater Goutelas Samedi 10 juillet &nbsp; Concerts \u00e0 partir de 20h Apr\u00e8s-midi familial \u00e0 partir de 15h Goutelas se pare d\u2019une couleur profonde et m\u00e9tiss\u00e9e pour f\u00eater la nouvelle sc\u00e8ne musicale ! Ce bleu indigo, en r\u00e9f\u00e9rence au titre \u201cMood Indigo\u201d de Duke Ellington, artiste l\u00e9gendaire amoureux du ch\u00e2teau, c\u2019est le bleu [&hellip;]\" \/>\n<meta property=\"og:url\" content=\"https:\/\/www.chateaudegoutelas.fr\/en\/archive\/10-07-la-nuit-indigo-chassol-la-belle-vie\/\" \/>\n<meta property=\"og:site_name\" content=\"Ch\u00e2teau de Goutelas\" \/>\n<meta property=\"article:modified_time\" content=\"2023-05-26T07:58:53+00:00\" \/>\n<meta property=\"og:image\" content=\"https:\/\/www.chateaudegoutelas.fr\/wp-content\/uploads\/2020\/01\/CHASSOL-2019-by@Flavien-Prioreau_LD-1.jpg\" \/>\n\t<meta property=\"og:image:width\" content=\"707\" \/>\n\t<meta property=\"og:image:height\" content=\"758\" \/>\n\t<meta property=\"og:image:type\" content=\"image\/jpeg\" \/>\n<meta name=\"twitter:card\" content=\"summary_large_image\" \/>\n<meta name=\"twitter:label1\" content=\"Estimated reading time\" \/>\n\t<meta name=\"twitter:data1\" content=\"2 minutes\" \/>\n<script type=\"application\/ld+json\" class=\"yoast-schema-graph\">{\"@context\":\"https:\\\/\\\/schema.org\",\"@graph\":[{\"@type\":\"WebPage\",\"@id\":\"https:\\\/\\\/www.chateaudegoutelas.fr\\\/archive\\\/10-07-la-nuit-indigo-chassol-la-belle-vie\\\/\",\"url\":\"https:\\\/\\\/www.chateaudegoutelas.fr\\\/archive\\\/10-07-la-nuit-indigo-chassol-la-belle-vie\\\/\",\"name\":\"10\\\/07 - LA NUIT INDIGO : Chassol + La Belle Vie - Ch\u00e2teau de Goutelas\",\"isPartOf\":{\"@id\":\"https:\\\/\\\/www.chateaudegoutelas.fr\\\/#website\"},\"primaryImageOfPage\":{\"@id\":\"https:\\\/\\\/www.chateaudegoutelas.fr\\\/archive\\\/10-07-la-nuit-indigo-chassol-la-belle-vie\\\/#primaryimage\"},\"image\":{\"@id\":\"https:\\\/\\\/www.chateaudegoutelas.fr\\\/archive\\\/10-07-la-nuit-indigo-chassol-la-belle-vie\\\/#primaryimage\"},\"thumbnailUrl\":\"https:\\\/\\\/www.chateaudegoutelas.fr\\\/wp-content\\\/uploads\\\/2020\\\/01\\\/CHASSOL-2019-by@Flavien-Prioreau_LD-1.jpg\",\"datePublished\":\"2021-03-10T09:31:15+00:00\",\"dateModified\":\"2023-05-26T07:58:53+00:00\",\"breadcrumb\":{\"@id\":\"https:\\\/\\\/www.chateaudegoutelas.fr\\\/archive\\\/10-07-la-nuit-indigo-chassol-la-belle-vie\\\/#breadcrumb\"},\"inLanguage\":\"en-GB\",\"potentialAction\":[{\"@type\":\"ReadAction\",\"target\":[\"https:\\\/\\\/www.chateaudegoutelas.fr\\\/archive\\\/10-07-la-nuit-indigo-chassol-la-belle-vie\\\/\"]}]},{\"@type\":\"ImageObject\",\"inLanguage\":\"en-GB\",\"@id\":\"https:\\\/\\\/www.chateaudegoutelas.fr\\\/archive\\\/10-07-la-nuit-indigo-chassol-la-belle-vie\\\/#primaryimage\",\"url\":\"https:\\\/\\\/www.chateaudegoutelas.fr\\\/wp-content\\\/uploads\\\/2020\\\/01\\\/CHASSOL-2019-by@Flavien-Prioreau_LD-1.jpg\",\"contentUrl\":\"https:\\\/\\\/www.chateaudegoutelas.fr\\\/wp-content\\\/uploads\\\/2020\\\/01\\\/CHASSOL-2019-by@Flavien-Prioreau_LD-1.jpg\",\"width\":707,\"height\":758},{\"@type\":\"BreadcrumbList\",\"@id\":\"https:\\\/\\\/www.chateaudegoutelas.fr\\\/archive\\\/10-07-la-nuit-indigo-chassol-la-belle-vie\\\/#breadcrumb\",\"itemListElement\":[{\"@type\":\"ListItem\",\"position\":1,\"name\":\"Accueil\",\"item\":\"https:\\\/\\\/www.chateaudegoutelas.fr\\\/\"},{\"@type\":\"ListItem\",\"position\":2,\"name\":\"10\\\/07 &#8211; LA NUIT INDIGO : Chassol + La Belle Vie\"}]},{\"@type\":\"WebSite\",\"@id\":\"https:\\\/\\\/www.chateaudegoutelas.fr\\\/#website\",\"url\":\"https:\\\/\\\/www.chateaudegoutelas.fr\\\/\",\"name\":\"Ch\u00e2teau de Goutelas\",\"description\":\"Un centre culturel de rencontre en Forez\",\"publisher\":{\"@id\":\"https:\\\/\\\/www.chateaudegoutelas.fr\\\/#organization\"},\"potentialAction\":[{\"@type\":\"SearchAction\",\"target\":{\"@type\":\"EntryPoint\",\"urlTemplate\":\"https:\\\/\\\/www.chateaudegoutelas.fr\\\/?s={search_term_string}\"},\"query-input\":{\"@type\":\"PropertyValueSpecification\",\"valueRequired\":true,\"valueName\":\"search_term_string\"}}],\"inLanguage\":\"en-GB\"},{\"@type\":\"Organization\",\"@id\":\"https:\\\/\\\/www.chateaudegoutelas.fr\\\/#organization\",\"name\":\"Ch\u00e2teau de Goutelas\",\"url\":\"https:\\\/\\\/www.chateaudegoutelas.fr\\\/\",\"logo\":{\"@type\":\"ImageObject\",\"inLanguage\":\"en-GB\",\"@id\":\"https:\\\/\\\/www.chateaudegoutelas.fr\\\/#\\\/schema\\\/logo\\\/image\\\/\",\"url\":\"https:\\\/\\\/www.chateaudegoutelas.fr\\\/wp-content\\\/uploads\\\/2023\\\/05\\\/logo-chateau-goutelas-bleu.png\",\"contentUrl\":\"https:\\\/\\\/www.chateaudegoutelas.fr\\\/wp-content\\\/uploads\\\/2023\\\/05\\\/logo-chateau-goutelas-bleu.png\",\"width\":1123,\"height\":327,\"caption\":\"Ch\u00e2teau de Goutelas\"},\"image\":{\"@id\":\"https:\\\/\\\/www.chateaudegoutelas.fr\\\/#\\\/schema\\\/logo\\\/image\\\/\"}}]}<\/script>\n<!-- \/ Yoast SEO plugin. -->","yoast_head_json":{"title":"10\/07 - LA NUIT INDIGO : Chassol + La Belle Vie - Ch\u00e2teau de Goutelas","robots":{"index":"index","follow":"follow","max-snippet":"max-snippet:-1","max-image-preview":"max-image-preview:large","max-video-preview":"max-video-preview:-1"},"canonical":"https:\/\/www.chateaudegoutelas.fr\/en\/archive\/10-07-la-nuit-indigo-chassol-la-belle-vie\/","og_locale":"en_GB","og_type":"article","og_title":"10\/07 - LA NUIT INDIGO : Chassol + La Belle Vie - Ch\u00e2teau de Goutelas","og_description":"Une couleur pour f\u00eater Goutelas Samedi 10 juillet &nbsp; Concerts \u00e0 partir de 20h Apr\u00e8s-midi familial \u00e0 partir de 15h Goutelas se pare d\u2019une couleur profonde et m\u00e9tiss\u00e9e pour f\u00eater la nouvelle sc\u00e8ne musicale ! Ce bleu indigo, en r\u00e9f\u00e9rence au titre \u201cMood Indigo\u201d de Duke Ellington, artiste l\u00e9gendaire amoureux du ch\u00e2teau, c\u2019est le bleu [&hellip;]","og_url":"https:\/\/www.chateaudegoutelas.fr\/en\/archive\/10-07-la-nuit-indigo-chassol-la-belle-vie\/","og_site_name":"Ch\u00e2teau de Goutelas","article_modified_time":"2023-05-26T07:58:53+00:00","og_image":[{"width":707,"height":758,"url":"https:\/\/www.chateaudegoutelas.fr\/wp-content\/uploads\/2020\/01\/CHASSOL-2019-by@Flavien-Prioreau_LD-1.jpg","type":"image\/jpeg"}],"twitter_card":"summary_large_image","twitter_misc":{"Estimated reading time":"2 minutes"},"schema":{"@context":"https:\/\/schema.org","@graph":[{"@type":"WebPage","@id":"https:\/\/www.chateaudegoutelas.fr\/archive\/10-07-la-nuit-indigo-chassol-la-belle-vie\/","url":"https:\/\/www.chateaudegoutelas.fr\/archive\/10-07-la-nuit-indigo-chassol-la-belle-vie\/","name":"10\/07 - LA NUIT INDIGO : Chassol + La Belle Vie - Ch\u00e2teau de Goutelas","isPartOf":{"@id":"https:\/\/www.chateaudegoutelas.fr\/#website"},"primaryImageOfPage":{"@id":"https:\/\/www.chateaudegoutelas.fr\/archive\/10-07-la-nuit-indigo-chassol-la-belle-vie\/#primaryimage"},"image":{"@id":"https:\/\/www.chateaudegoutelas.fr\/archive\/10-07-la-nuit-indigo-chassol-la-belle-vie\/#primaryimage"},"thumbnailUrl":"https:\/\/www.chateaudegoutelas.fr\/wp-content\/uploads\/2020\/01\/CHASSOL-2019-by@Flavien-Prioreau_LD-1.jpg","datePublished":"2021-03-10T09:31:15+00:00","dateModified":"2023-05-26T07:58:53+00:00","breadcrumb":{"@id":"https:\/\/www.chateaudegoutelas.fr\/archive\/10-07-la-nuit-indigo-chassol-la-belle-vie\/#breadcrumb"},"inLanguage":"en-GB","potentialAction":[{"@type":"ReadAction","target":["https:\/\/www.chateaudegoutelas.fr\/archive\/10-07-la-nuit-indigo-chassol-la-belle-vie\/"]}]},{"@type":"ImageObject","inLanguage":"en-GB","@id":"https:\/\/www.chateaudegoutelas.fr\/archive\/10-07-la-nuit-indigo-chassol-la-belle-vie\/#primaryimage","url":"https:\/\/www.chateaudegoutelas.fr\/wp-content\/uploads\/2020\/01\/CHASSOL-2019-by@Flavien-Prioreau_LD-1.jpg","contentUrl":"https:\/\/www.chateaudegoutelas.fr\/wp-content\/uploads\/2020\/01\/CHASSOL-2019-by@Flavien-Prioreau_LD-1.jpg","width":707,"height":758},{"@type":"BreadcrumbList","@id":"https:\/\/www.chateaudegoutelas.fr\/archive\/10-07-la-nuit-indigo-chassol-la-belle-vie\/#breadcrumb","itemListElement":[{"@type":"ListItem","position":1,"name":"Accueil","item":"https:\/\/www.chateaudegoutelas.fr\/"},{"@type":"ListItem","position":2,"name":"10\/07 &#8211; LA NUIT INDIGO : Chassol + La Belle Vie"}]},{"@type":"WebSite","@id":"https:\/\/www.chateaudegoutelas.fr\/#website","url":"https:\/\/www.chateaudegoutelas.fr\/","name":"Ch\u00e2teau de Goutelas","description":"Un centre culturel de rencontre en Forez","publisher":{"@id":"https:\/\/www.chateaudegoutelas.fr\/#organization"},"potentialAction":[{"@type":"SearchAction","target":{"@type":"EntryPoint","urlTemplate":"https:\/\/www.chateaudegoutelas.fr\/?s={search_term_string}"},"query-input":{"@type":"PropertyValueSpecification","valueRequired":true,"valueName":"search_term_string"}}],"inLanguage":"en-GB"},{"@type":"Organization","@id":"https:\/\/www.chateaudegoutelas.fr\/#organization","name":"Ch\u00e2teau de Goutelas","url":"https:\/\/www.chateaudegoutelas.fr\/","logo":{"@type":"ImageObject","inLanguage":"en-GB","@id":"https:\/\/www.chateaudegoutelas.fr\/#\/schema\/logo\/image\/","url":"https:\/\/www.chateaudegoutelas.fr\/wp-content\/uploads\/2023\/05\/logo-chateau-goutelas-bleu.png","contentUrl":"https:\/\/www.chateaudegoutelas.fr\/wp-content\/uploads\/2023\/05\/logo-chateau-goutelas-bleu.png","width":1123,"height":327,"caption":"Ch\u00e2teau de Goutelas"},"image":{"@id":"https:\/\/www.chateaudegoutelas.fr\/#\/schema\/logo\/image\/"}}]}},"_links":{"self":[{"href":"https:\/\/www.chateaudegoutelas.fr\/en\/wp-json\/wp\/v2\/archive\/3254","targetHints":{"allow":["GET"]}}],"collection":[{"href":"https:\/\/www.chateaudegoutelas.fr\/en\/wp-json\/wp\/v2\/archive"}],"about":[{"href":"https:\/\/www.chateaudegoutelas.fr\/en\/wp-json\/wp\/v2\/types\/archive"}],"author":[{"embeddable":true,"href":"https:\/\/www.chateaudegoutelas.fr\/en\/wp-json\/wp\/v2\/users\/7"}],"wp:featuredmedia":[{"embeddable":true,"href":"https:\/\/www.chateaudegoutelas.fr\/en\/wp-json\/wp\/v2\/media\/2832"}],"wp:attachment":[{"href":"https:\/\/www.chateaudegoutelas.fr\/en\/wp-json\/wp\/v2\/media?parent=3254"}],"wp:term":[{"taxonomy":"category","embeddable":true,"href":"https:\/\/www.chateaudegoutelas.fr\/en\/wp-json\/wp\/v2\/categories?post=3254"},{"taxonomy":"post_tag","embeddable":true,"href":"https:\/\/www.chateaudegoutelas.fr\/en\/wp-json\/wp\/v2\/tags?post=3254"}],"curies":[{"name":"wp","href":"https:\/\/api.w.org\/{rel}","templated":true}]}}