{"id":3251,"date":"2021-09-08T15:01:46","date_gmt":"2021-09-08T13:01:46","guid":{"rendered":"https:\/\/www.chateaudegoutelas.fr\/?p=3251"},"modified":"2023-05-26T09:57:00","modified_gmt":"2023-05-26T07:57:00","slug":"abris-de-fortune-9-cabanes-ephemeres-pour-decouvrir-le-vignoble-des-cotes-du-forez","status":"publish","type":"archive","link":"https:\/\/www.chateaudegoutelas.fr\/en\/archive\/abris-de-fortune-9-cabanes-ephemeres-pour-decouvrir-le-vignoble-des-cotes-du-forez\/","title":{"rendered":"JUSQU&rsquo;AU 24\/10 &#8211; FESTIVAL ABRIS DE FORTUNE : Cabanes et \u00e9v\u00e9nements autour des C\u00f4tes du Forez"},"content":{"rendered":"<div class=\"shmMigrate\"><\/div>\n<div class=\"shmMigrate\"><\/div>\n<div class=\"shmMigrate\"><\/div>\n<div class=\"shmMigrate\"><\/div>\n<p><strong>Festival Abris de Fortune<\/strong><br \/>\n<strong>Petites parcelles, terroir d&rsquo;avenir<\/strong><\/p>\n<p>&nbsp;<\/p>\n<p>du 24 juin au 24 octobre 2021<\/p>\n<p><span style=\"font-weight: 400;\">\u00e0 Marcoux, Bo\u00ebn-sur-Lignon, Marcilly-le-Chatel, Saint-Bonnet-le-Courreau, Montverdun, Bussy-Albieux, Saint-Romain-le-Puy et Champdieu<\/span><\/p>\n<div class=\"shmMigrate\"><\/div>\n<div class=\"shmMigrate\"><\/div>\n<div class=\"shmMigrate\"><\/div>\n<p>\u00c0 l\u2019occasion du vingti\u00e8me anniversaire de l\u2019Appellation d&rsquo;Origine Contr\u00f4l\u00e9e (AOC) C\u00f4tes du Forez, le Ch\u00e2teau de Goutelas s&rsquo;associe aux vignerons pour proposer <strong>un parcours architectural et vivant in\u00e9dit autour de la vigne et du vin.<\/strong><\/p>\n<p><span style=\"font-weight: 400;\">Avec <strong>neuf\u00a0abris install\u00e9s sur des sites embl\u00e9matiques en Loire Forez<\/strong>, ce nouveau mill\u00e9sime des Abris de Fortune invite \u00e0 d\u00e9couvrir un terroir, des paysages et un patrimoine viticoles qui ne cessent de se r\u00e9inventer.<\/span><span style=\"font-weight: 400;\"><br \/>\n<\/span><span style=\"font-weight: 400;\"><br \/>\n<\/span><span style=\"font-weight: 400;\"><strong>Transmission, changement climatique, biodiversit\u00e9<\/strong> : autant de th\u00e9matiques \u00e0 d\u00e9fricher pour les b\u00e2tisseurs des Abris de Fortune (architectes, artistes, designers, lyc\u00e9ens) ; autant d\u2019occasions de rencontres et d\u2019\u00e9changes pour les visiteurs et les vignerons qui feront vivre ces abris tout au long de l\u2019\u00e9t\u00e9.<\/span><\/p>\n<div class=\"shmMigrate\"><\/div>\n<div class=\"shmMigrate\"><\/div>\n<div class=\"shmMigrate\"><\/div>\n<p><span style=\"font-weight: 400;\">Consultez le programme complet : <\/span><span style=\"font-weight: 400;\"><a href=\"https:\/\/www.abrisdefortune.fr\/\">www.abrisdefortune.fr<\/a><\/span><\/p>\n<p>&nbsp;<\/p>\n<p><strong>Avec les architectes, designers et artistes :<\/strong><\/p>\n<p><a href=\"http:\/\/djeff.com\/\">Djeff Regottaz<\/a>, L\u00e9one-Alix Mazaud, <a href=\"https:\/\/www.fabricepeyrolles.com\/\">Fabrice Peyrolles<\/a> \/ Collectif Pif Design, Antoine Gr\u00e9, Flore Bourgine, Jade Barbier \/ MODJO \/ <a href=\"https:\/\/www.le-presse-cervelle.com\/\">collectif Le Presse Cervelle<\/a>, <a href=\"http:\/\/arrangementprovisoire.org\/wordpress\/portfolio\/jordi-gali-2\/\">Jordi Gal\u00ed \/ Cie Arrangement Provisoire<\/a>, Sof\u00eda Gonzalez Farelo et Bertrand Vingere \/ CECINA, Marie Ludmann et Marie Allafort-Duverger \/ <a href=\"http:\/\/www.atelierbrumaire.com\/\">Atelier Brumaire<\/a>, Fran\u00e7ois MARCADET &#8211; &#8211; POMEYROL et Cl\u00e9ment Maurin\u00a0\/ <a href=\"https:\/\/www.instagram.com\/atelier.ma.ma\/\">Ma-Ma<\/a>, <a href=\"http:\/\/www.clementfabre.wixsite.com\/terrecrue\">Atelier Fabre<\/a>, <a href=\"http:\/\/www.maximebricheux.wixsite.com\/atelierlibre\">Maxime Bricheux<\/a> \/ <a href=\"http:\/\/www.terr-o.com\">TERR\u2019O<\/a>, les lyc\u00e9ens du <a href=\"https:\/\/www.campus-agronova.fr\/\">Campus Agronova<\/a><\/p>\n<div class=\"shmMigrate\"><\/div>\n<div class=\"shmMigrate\"><\/div>\n<div class=\"shmMigrate\"><\/div>\n<div class=\"shmMigrate\"><\/div>\n<p><b>Les partenaires :<\/b><\/p>\n<p>&nbsp;<\/p>\n<div class=\"shmMigrate\"><\/div>\n<div class=\"shmMigrate\"><\/div>\n<div class=\"shmMigrate\"><\/div>\n<div class=\"shmMigrate\"><\/div>","protected":false},"author":7,"featured_media":3500,"template":"","meta":{"site-sidebar-layout":"default","site-content-layout":"","ast-site-content-layout":"default","site-content-style":"default","site-sidebar-style":"default","ast-global-header-display":"","ast-banner-title-visibility":"","ast-main-header-display":"","ast-hfb-above-header-display":"","ast-hfb-below-header-display":"","ast-hfb-mobile-header-display":"","site-post-title":"","ast-breadcrumbs-content":null,"ast-featured-img":"","footer-sml-layout":"","ast-disable-related-posts":"","theme-transparent-header-meta":"","adv-header-id-meta":"","stick-header-meta":"","header-above-stick-meta":null,"header-main-stick-meta":"","header-below-stick-meta":null,"astra-migrate-meta-layouts":"default","ast-page-background-enabled":"default","ast-page-background-meta":{"desktop":{"background-color":"","background-image":"","background-repeat":"repeat","background-position":"center center","background-size":"auto","background-attachment":"scroll","background-type":"","background-media":"","overlay-type":"","overlay-color":"","overlay-opacity":"","overlay-gradient":""},"tablet":{"background-color":"","background-image":"","background-repeat":"repeat","background-position":"center center","background-size":"auto","background-attachment":"scroll","background-type":"","background-media":"","overlay-type":"","overlay-color":"","overlay-opacity":"","overlay-gradient":""},"mobile":{"background-color":"","background-image":"","background-repeat":"repeat","background-position":"center center","background-size":"auto","background-attachment":"scroll","background-type":"","background-media":"","overlay-type":"","overlay-color":"","overlay-opacity":"","overlay-gradient":""}},"ast-content-background-meta":{"desktop":{"background-color":"var(--ast-global-color-5)","background-image":"","background-repeat":"repeat","background-position":"center center","background-size":"auto","background-attachment":"scroll","background-type":"","background-media":"","overlay-type":"","overlay-color":"","overlay-opacity":"","overlay-gradient":""},"tablet":{"background-color":"var(--ast-global-color-5)","background-image":"","background-repeat":"repeat","background-position":"center center","background-size":"auto","background-attachment":"scroll","background-type":"","background-media":"","overlay-type":"","overlay-color":"","overlay-opacity":"","overlay-gradient":""},"mobile":{"background-color":"var(--ast-global-color-5)","background-image":"","background-repeat":"repeat","background-position":"center center","background-size":"auto","background-attachment":"scroll","background-type":"","background-media":"","overlay-type":"","overlay-color":"","overlay-opacity":"","overlay-gradient":""}}},"categories":[4],"tags":[20],"class_list":["post-3251","archive","type-archive","status-publish","has-post-thumbnail","hentry","category-actualites","tag-abris-de-fortune"],"yoast_head":"<!-- This site is optimized with the Yoast SEO plugin v27.5 - https:\/\/yoast.com\/product\/yoast-seo-wordpress\/ -->\n<title>JUSQU&#039;AU 24\/10 - FESTIVAL ABRIS DE FORTUNE : Cabanes et \u00e9v\u00e9nements autour des C\u00f4tes du Forez - Ch\u00e2teau de Goutelas<\/title>\n<meta name=\"robots\" content=\"index, follow, max-snippet:-1, max-image-preview:large, max-video-preview:-1\" \/>\n<link rel=\"canonical\" href=\"https:\/\/www.chateaudegoutelas.fr\/en\/archive\/abris-de-fortune-9-cabanes-ephemeres-pour-decouvrir-le-vignoble-des-cotes-du-forez\/\" \/>\n<meta property=\"og:locale\" content=\"en_GB\" \/>\n<meta property=\"og:type\" content=\"article\" \/>\n<meta property=\"og:title\" content=\"JUSQU&#039;AU 24\/10 - FESTIVAL ABRIS DE FORTUNE : Cabanes et \u00e9v\u00e9nements autour des C\u00f4tes du Forez - Ch\u00e2teau de Goutelas\" \/>\n<meta property=\"og:description\" content=\"Festival Abris de Fortune Petites parcelles, terroir d&rsquo;avenir &nbsp; du 24 juin au 24 octobre 2021 \u00e0 Marcoux, Bo\u00ebn-sur-Lignon, Marcilly-le-Chatel, Saint-Bonnet-le-Courreau, Montverdun, Bussy-Albieux, Saint-Romain-le-Puy et Champdieu \u00c0 l\u2019occasion du vingti\u00e8me anniversaire de l\u2019Appellation d&rsquo;Origine Contr\u00f4l\u00e9e (AOC) C\u00f4tes du Forez, le Ch\u00e2teau de Goutelas s&rsquo;associe aux vignerons pour proposer un parcours architectural et vivant in\u00e9dit autour [&hellip;]\" \/>\n<meta property=\"og:url\" content=\"https:\/\/www.chateaudegoutelas.fr\/en\/archive\/abris-de-fortune-9-cabanes-ephemeres-pour-decouvrir-le-vignoble-des-cotes-du-forez\/\" \/>\n<meta property=\"og:site_name\" content=\"Ch\u00e2teau de Goutelas\" \/>\n<meta property=\"article:modified_time\" content=\"2023-05-26T07:57:00+00:00\" \/>\n<meta property=\"og:image\" content=\"https:\/\/www.chateaudegoutelas.fr\/wp-content\/uploads\/2021\/02\/Arriere-plan.jpg\" \/>\n\t<meta property=\"og:image:width\" content=\"1400\" \/>\n\t<meta property=\"og:image:height\" content=\"1949\" \/>\n\t<meta property=\"og:image:type\" content=\"image\/jpeg\" \/>\n<meta name=\"twitter:card\" content=\"summary_large_image\" \/>\n<meta name=\"twitter:label1\" content=\"Estimated reading time\" \/>\n\t<meta name=\"twitter:data1\" content=\"2 minutes\" \/>\n<script type=\"application\/ld+json\" class=\"yoast-schema-graph\">{\"@context\":\"https:\\\/\\\/schema.org\",\"@graph\":[{\"@type\":\"WebPage\",\"@id\":\"https:\\\/\\\/www.chateaudegoutelas.fr\\\/archive\\\/abris-de-fortune-9-cabanes-ephemeres-pour-decouvrir-le-vignoble-des-cotes-du-forez\\\/\",\"url\":\"https:\\\/\\\/www.chateaudegoutelas.fr\\\/archive\\\/abris-de-fortune-9-cabanes-ephemeres-pour-decouvrir-le-vignoble-des-cotes-du-forez\\\/\",\"name\":\"JUSQU'AU 24\\\/10 - FESTIVAL ABRIS DE FORTUNE : Cabanes et \u00e9v\u00e9nements autour des C\u00f4tes du Forez - Ch\u00e2teau de Goutelas\",\"isPartOf\":{\"@id\":\"https:\\\/\\\/www.chateaudegoutelas.fr\\\/#website\"},\"primaryImageOfPage\":{\"@id\":\"https:\\\/\\\/www.chateaudegoutelas.fr\\\/archive\\\/abris-de-fortune-9-cabanes-ephemeres-pour-decouvrir-le-vignoble-des-cotes-du-forez\\\/#primaryimage\"},\"image\":{\"@id\":\"https:\\\/\\\/www.chateaudegoutelas.fr\\\/archive\\\/abris-de-fortune-9-cabanes-ephemeres-pour-decouvrir-le-vignoble-des-cotes-du-forez\\\/#primaryimage\"},\"thumbnailUrl\":\"https:\\\/\\\/www.chateaudegoutelas.fr\\\/wp-content\\\/uploads\\\/2021\\\/02\\\/Arriere-plan.jpg\",\"datePublished\":\"2021-09-08T13:01:46+00:00\",\"dateModified\":\"2023-05-26T07:57:00+00:00\",\"breadcrumb\":{\"@id\":\"https:\\\/\\\/www.chateaudegoutelas.fr\\\/archive\\\/abris-de-fortune-9-cabanes-ephemeres-pour-decouvrir-le-vignoble-des-cotes-du-forez\\\/#breadcrumb\"},\"inLanguage\":\"en-GB\",\"potentialAction\":[{\"@type\":\"ReadAction\",\"target\":[\"https:\\\/\\\/www.chateaudegoutelas.fr\\\/archive\\\/abris-de-fortune-9-cabanes-ephemeres-pour-decouvrir-le-vignoble-des-cotes-du-forez\\\/\"]}]},{\"@type\":\"ImageObject\",\"inLanguage\":\"en-GB\",\"@id\":\"https:\\\/\\\/www.chateaudegoutelas.fr\\\/archive\\\/abris-de-fortune-9-cabanes-ephemeres-pour-decouvrir-le-vignoble-des-cotes-du-forez\\\/#primaryimage\",\"url\":\"https:\\\/\\\/www.chateaudegoutelas.fr\\\/wp-content\\\/uploads\\\/2021\\\/02\\\/Arriere-plan.jpg\",\"contentUrl\":\"https:\\\/\\\/www.chateaudegoutelas.fr\\\/wp-content\\\/uploads\\\/2021\\\/02\\\/Arriere-plan.jpg\",\"width\":1400,\"height\":1949},{\"@type\":\"BreadcrumbList\",\"@id\":\"https:\\\/\\\/www.chateaudegoutelas.fr\\\/archive\\\/abris-de-fortune-9-cabanes-ephemeres-pour-decouvrir-le-vignoble-des-cotes-du-forez\\\/#breadcrumb\",\"itemListElement\":[{\"@type\":\"ListItem\",\"position\":1,\"name\":\"Accueil\",\"item\":\"https:\\\/\\\/www.chateaudegoutelas.fr\\\/\"},{\"@type\":\"ListItem\",\"position\":2,\"name\":\"JUSQU&rsquo;AU 24\\\/10 &#8211; FESTIVAL ABRIS DE FORTUNE : Cabanes et \u00e9v\u00e9nements autour des C\u00f4tes du Forez\"}]},{\"@type\":\"WebSite\",\"@id\":\"https:\\\/\\\/www.chateaudegoutelas.fr\\\/#website\",\"url\":\"https:\\\/\\\/www.chateaudegoutelas.fr\\\/\",\"name\":\"Ch\u00e2teau de Goutelas\",\"description\":\"Un centre culturel de rencontre en Forez\",\"publisher\":{\"@id\":\"https:\\\/\\\/www.chateaudegoutelas.fr\\\/#organization\"},\"potentialAction\":[{\"@type\":\"SearchAction\",\"target\":{\"@type\":\"EntryPoint\",\"urlTemplate\":\"https:\\\/\\\/www.chateaudegoutelas.fr\\\/?s={search_term_string}\"},\"query-input\":{\"@type\":\"PropertyValueSpecification\",\"valueRequired\":true,\"valueName\":\"search_term_string\"}}],\"inLanguage\":\"en-GB\"},{\"@type\":\"Organization\",\"@id\":\"https:\\\/\\\/www.chateaudegoutelas.fr\\\/#organization\",\"name\":\"Ch\u00e2teau de Goutelas\",\"url\":\"https:\\\/\\\/www.chateaudegoutelas.fr\\\/\",\"logo\":{\"@type\":\"ImageObject\",\"inLanguage\":\"en-GB\",\"@id\":\"https:\\\/\\\/www.chateaudegoutelas.fr\\\/#\\\/schema\\\/logo\\\/image\\\/\",\"url\":\"https:\\\/\\\/www.chateaudegoutelas.fr\\\/wp-content\\\/uploads\\\/2023\\\/05\\\/logo-chateau-goutelas-bleu.png\",\"contentUrl\":\"https:\\\/\\\/www.chateaudegoutelas.fr\\\/wp-content\\\/uploads\\\/2023\\\/05\\\/logo-chateau-goutelas-bleu.png\",\"width\":1123,\"height\":327,\"caption\":\"Ch\u00e2teau de Goutelas\"},\"image\":{\"@id\":\"https:\\\/\\\/www.chateaudegoutelas.fr\\\/#\\\/schema\\\/logo\\\/image\\\/\"}}]}<\/script>\n<!-- \/ Yoast SEO plugin. -->","yoast_head_json":{"title":"JUSQU'AU 24\/10 - FESTIVAL ABRIS DE FORTUNE : Cabanes et \u00e9v\u00e9nements autour des C\u00f4tes du Forez - Ch\u00e2teau de Goutelas","robots":{"index":"index","follow":"follow","max-snippet":"max-snippet:-1","max-image-preview":"max-image-preview:large","max-video-preview":"max-video-preview:-1"},"canonical":"https:\/\/www.chateaudegoutelas.fr\/en\/archive\/abris-de-fortune-9-cabanes-ephemeres-pour-decouvrir-le-vignoble-des-cotes-du-forez\/","og_locale":"en_GB","og_type":"article","og_title":"JUSQU'AU 24\/10 - FESTIVAL ABRIS DE FORTUNE : Cabanes et \u00e9v\u00e9nements autour des C\u00f4tes du Forez - Ch\u00e2teau de Goutelas","og_description":"Festival Abris de Fortune Petites parcelles, terroir d&rsquo;avenir &nbsp; du 24 juin au 24 octobre 2021 \u00e0 Marcoux, Bo\u00ebn-sur-Lignon, Marcilly-le-Chatel, Saint-Bonnet-le-Courreau, Montverdun, Bussy-Albieux, Saint-Romain-le-Puy et Champdieu \u00c0 l\u2019occasion du vingti\u00e8me anniversaire de l\u2019Appellation d&rsquo;Origine Contr\u00f4l\u00e9e (AOC) C\u00f4tes du Forez, le Ch\u00e2teau de Goutelas s&rsquo;associe aux vignerons pour proposer un parcours architectural et vivant in\u00e9dit autour [&hellip;]","og_url":"https:\/\/www.chateaudegoutelas.fr\/en\/archive\/abris-de-fortune-9-cabanes-ephemeres-pour-decouvrir-le-vignoble-des-cotes-du-forez\/","og_site_name":"Ch\u00e2teau de Goutelas","article_modified_time":"2023-05-26T07:57:00+00:00","og_image":[{"width":1400,"height":1949,"url":"https:\/\/www.chateaudegoutelas.fr\/wp-content\/uploads\/2021\/02\/Arriere-plan.jpg","type":"image\/jpeg"}],"twitter_card":"summary_large_image","twitter_misc":{"Estimated reading time":"2 minutes"},"schema":{"@context":"https:\/\/schema.org","@graph":[{"@type":"WebPage","@id":"https:\/\/www.chateaudegoutelas.fr\/archive\/abris-de-fortune-9-cabanes-ephemeres-pour-decouvrir-le-vignoble-des-cotes-du-forez\/","url":"https:\/\/www.chateaudegoutelas.fr\/archive\/abris-de-fortune-9-cabanes-ephemeres-pour-decouvrir-le-vignoble-des-cotes-du-forez\/","name":"JUSQU'AU 24\/10 - FESTIVAL ABRIS DE FORTUNE : Cabanes et \u00e9v\u00e9nements autour des C\u00f4tes du Forez - Ch\u00e2teau de Goutelas","isPartOf":{"@id":"https:\/\/www.chateaudegoutelas.fr\/#website"},"primaryImageOfPage":{"@id":"https:\/\/www.chateaudegoutelas.fr\/archive\/abris-de-fortune-9-cabanes-ephemeres-pour-decouvrir-le-vignoble-des-cotes-du-forez\/#primaryimage"},"image":{"@id":"https:\/\/www.chateaudegoutelas.fr\/archive\/abris-de-fortune-9-cabanes-ephemeres-pour-decouvrir-le-vignoble-des-cotes-du-forez\/#primaryimage"},"thumbnailUrl":"https:\/\/www.chateaudegoutelas.fr\/wp-content\/uploads\/2021\/02\/Arriere-plan.jpg","datePublished":"2021-09-08T13:01:46+00:00","dateModified":"2023-05-26T07:57:00+00:00","breadcrumb":{"@id":"https:\/\/www.chateaudegoutelas.fr\/archive\/abris-de-fortune-9-cabanes-ephemeres-pour-decouvrir-le-vignoble-des-cotes-du-forez\/#breadcrumb"},"inLanguage":"en-GB","potentialAction":[{"@type":"ReadAction","target":["https:\/\/www.chateaudegoutelas.fr\/archive\/abris-de-fortune-9-cabanes-ephemeres-pour-decouvrir-le-vignoble-des-cotes-du-forez\/"]}]},{"@type":"ImageObject","inLanguage":"en-GB","@id":"https:\/\/www.chateaudegoutelas.fr\/archive\/abris-de-fortune-9-cabanes-ephemeres-pour-decouvrir-le-vignoble-des-cotes-du-forez\/#primaryimage","url":"https:\/\/www.chateaudegoutelas.fr\/wp-content\/uploads\/2021\/02\/Arriere-plan.jpg","contentUrl":"https:\/\/www.chateaudegoutelas.fr\/wp-content\/uploads\/2021\/02\/Arriere-plan.jpg","width":1400,"height":1949},{"@type":"BreadcrumbList","@id":"https:\/\/www.chateaudegoutelas.fr\/archive\/abris-de-fortune-9-cabanes-ephemeres-pour-decouvrir-le-vignoble-des-cotes-du-forez\/#breadcrumb","itemListElement":[{"@type":"ListItem","position":1,"name":"Accueil","item":"https:\/\/www.chateaudegoutelas.fr\/"},{"@type":"ListItem","position":2,"name":"JUSQU&rsquo;AU 24\/10 &#8211; FESTIVAL ABRIS DE FORTUNE : Cabanes et \u00e9v\u00e9nements autour des C\u00f4tes du Forez"}]},{"@type":"WebSite","@id":"https:\/\/www.chateaudegoutelas.fr\/#website","url":"https:\/\/www.chateaudegoutelas.fr\/","name":"Ch\u00e2teau de Goutelas","description":"Un centre culturel de rencontre en Forez","publisher":{"@id":"https:\/\/www.chateaudegoutelas.fr\/#organization"},"potentialAction":[{"@type":"SearchAction","target":{"@type":"EntryPoint","urlTemplate":"https:\/\/www.chateaudegoutelas.fr\/?s={search_term_string}"},"query-input":{"@type":"PropertyValueSpecification","valueRequired":true,"valueName":"search_term_string"}}],"inLanguage":"en-GB"},{"@type":"Organization","@id":"https:\/\/www.chateaudegoutelas.fr\/#organization","name":"Ch\u00e2teau de Goutelas","url":"https:\/\/www.chateaudegoutelas.fr\/","logo":{"@type":"ImageObject","inLanguage":"en-GB","@id":"https:\/\/www.chateaudegoutelas.fr\/#\/schema\/logo\/image\/","url":"https:\/\/www.chateaudegoutelas.fr\/wp-content\/uploads\/2023\/05\/logo-chateau-goutelas-bleu.png","contentUrl":"https:\/\/www.chateaudegoutelas.fr\/wp-content\/uploads\/2023\/05\/logo-chateau-goutelas-bleu.png","width":1123,"height":327,"caption":"Ch\u00e2teau de Goutelas"},"image":{"@id":"https:\/\/www.chateaudegoutelas.fr\/#\/schema\/logo\/image\/"}}]}},"_links":{"self":[{"href":"https:\/\/www.chateaudegoutelas.fr\/en\/wp-json\/wp\/v2\/archive\/3251","targetHints":{"allow":["GET"]}}],"collection":[{"href":"https:\/\/www.chateaudegoutelas.fr\/en\/wp-json\/wp\/v2\/archive"}],"about":[{"href":"https:\/\/www.chateaudegoutelas.fr\/en\/wp-json\/wp\/v2\/types\/archive"}],"author":[{"embeddable":true,"href":"https:\/\/www.chateaudegoutelas.fr\/en\/wp-json\/wp\/v2\/users\/7"}],"wp:featuredmedia":[{"embeddable":true,"href":"https:\/\/www.chateaudegoutelas.fr\/en\/wp-json\/wp\/v2\/media\/3500"}],"wp:attachment":[{"href":"https:\/\/www.chateaudegoutelas.fr\/en\/wp-json\/wp\/v2\/media?parent=3251"}],"wp:term":[{"taxonomy":"category","embeddable":true,"href":"https:\/\/www.chateaudegoutelas.fr\/en\/wp-json\/wp\/v2\/categories?post=3251"},{"taxonomy":"post_tag","embeddable":true,"href":"https:\/\/www.chateaudegoutelas.fr\/en\/wp-json\/wp\/v2\/tags?post=3251"}],"curies":[{"name":"wp","href":"https:\/\/api.w.org\/{rel}","templated":true}]}}