{"id":3205,"date":"2021-01-28T15:32:13","date_gmt":"2021-01-28T14:32:13","guid":{"rendered":"https:\/\/www.chateaudegoutelas.fr\/?p=3205"},"modified":"2023-05-26T09:59:03","modified_gmt":"2023-05-26T07:59:03","slug":"artiste-en-residence-serhat-karaaslan","status":"publish","type":"archive","link":"https:\/\/www.chateaudegoutelas.fr\/en\/archive\/artiste-en-residence-serhat-karaaslan\/","title":{"rendered":"ARTISTE EN R\u00c9SIDENCE &#8211; Serhat Karaaslan"},"content":{"rendered":"<div class=\"shmMigrate\"><\/div>\n<div class=\"shmMigrate\"><\/div>\n<div class=\"shmMigrate\"><\/div>\n<p><em>R\u00e9sidence r\u00e9organis\u00e9e \u00ab\u00a0\u00e0 distance\u00a0\u00bb en raison du contexte sanitaire<\/em><\/p>\n<div class=\"shmMigrate\"><\/div>\n<div class=\"shmMigrate\"><\/div>\n<div class=\"shmMigrate\"><\/div>\n<h4>Serhat Karaaslan<\/h4>\n<h4>Du 6 janvier au 2 f\u00e9vrier 2021<\/h4>\n<p>&nbsp;<\/p>\n<p><span style=\"font-weight: 400;\">N\u00e9 en Turquie, au Kurdistan, <strong>Serhat Karaaslan<\/strong> a d\u2019abord \u00e9tudi\u00e9 la pharmacie avant de s\u2019int\u00e9resser au cin\u00e9ma et d\u2019effectuer un Master de r\u00e9alisation \u00e0 l\u2019universit\u00e9 d\u2019Istanbul, o\u00f9 il produit ses premiers courts-m\u00e9trages. Son film <\/span><i><span style=\"font-weight: 400;\">Ice cream<\/span><\/i><span style=\"font-weight: 400;\"> est pr\u00e9sent\u00e9 au festival du film de Toronto dans la s\u00e9lection internationale, et ses autres courts-m\u00e9trages, laur\u00e9ats d\u2019une centaine de prix, sont pr\u00e9sent\u00e9s dans de nombreux festivals ainsi qu\u2019\u00e0 la cin\u00e9math\u00e8que de Paris. En 2018, Serhat Karaaslan a r\u00e9alis\u00e9 son premier long-m\u00e9trage <\/span><i><span style=\"font-weight: 400;\">Passed by censor<\/span><\/i><span style=\"font-weight: 400;\">.<\/span><\/p>\n<p><span style=\"font-weight: 400;\">Pendant sa r\u00e9sidence, il poursuit l\u2019\u00e9criture d\u2019un nouveau projet intitul\u00e9 <\/span><i><span style=\"font-weight: 400;\">Night Shift.<\/span><\/i><\/p>\n<p>&nbsp;<\/p>\n<p>Cette r\u00e9sidence s&rsquo;inscrit dans le cadre du programme <b>Nora <\/b>pour la r\u00e9sidence d&rsquo;artistes r\u00e9fugi\u00e9s en France dans les Centres culturels de rencontre fran\u00e7ais (Association des Centres culturels de rencontre &#8211; Minist\u00e8re de la Culture)<\/p>\n<div class=\"shmMigrate\"><\/div>\n<div class=\"shmMigrate\"><\/div>\n<div class=\"shmMigrate\"><\/div>\n<div class=\"shmMigrate\"><\/div>\n<div class=\"shmMigrate\"><\/div>","protected":false},"author":7,"featured_media":3211,"template":"","meta":{"site-sidebar-layout":"default","site-content-layout":"","ast-site-content-layout":"default","site-content-style":"default","site-sidebar-style":"default","ast-global-header-display":"","ast-banner-title-visibility":"","ast-main-header-display":"","ast-hfb-above-header-display":"","ast-hfb-below-header-display":"","ast-hfb-mobile-header-display":"","site-post-title":"","ast-breadcrumbs-content":null,"ast-featured-img":"","footer-sml-layout":"","ast-disable-related-posts":"","theme-transparent-header-meta":"","adv-header-id-meta":"","stick-header-meta":"","header-above-stick-meta":null,"header-main-stick-meta":"","header-below-stick-meta":null,"astra-migrate-meta-layouts":"default","ast-page-background-enabled":"default","ast-page-background-meta":{"desktop":{"background-color":"","background-image":"","background-repeat":"repeat","background-position":"center center","background-size":"auto","background-attachment":"scroll","background-type":"","background-media":"","overlay-type":"","overlay-color":"","overlay-opacity":"","overlay-gradient":""},"tablet":{"background-color":"","background-image":"","background-repeat":"repeat","background-position":"center center","background-size":"auto","background-attachment":"scroll","background-type":"","background-media":"","overlay-type":"","overlay-color":"","overlay-opacity":"","overlay-gradient":""},"mobile":{"background-color":"","background-image":"","background-repeat":"repeat","background-position":"center center","background-size":"auto","background-attachment":"scroll","background-type":"","background-media":"","overlay-type":"","overlay-color":"","overlay-opacity":"","overlay-gradient":""}},"ast-content-background-meta":{"desktop":{"background-color":"var(--ast-global-color-5)","background-image":"","background-repeat":"repeat","background-position":"center center","background-size":"auto","background-attachment":"scroll","background-type":"","background-media":"","overlay-type":"","overlay-color":"","overlay-opacity":"","overlay-gradient":""},"tablet":{"background-color":"var(--ast-global-color-5)","background-image":"","background-repeat":"repeat","background-position":"center center","background-size":"auto","background-attachment":"scroll","background-type":"","background-media":"","overlay-type":"","overlay-color":"","overlay-opacity":"","overlay-gradient":""},"mobile":{"background-color":"var(--ast-global-color-5)","background-image":"","background-repeat":"repeat","background-position":"center center","background-size":"auto","background-attachment":"scroll","background-type":"","background-media":"","overlay-type":"","overlay-color":"","overlay-opacity":"","overlay-gradient":""}}},"categories":[4],"tags":[11,53],"class_list":["post-3205","archive","type-archive","status-publish","has-post-thumbnail","hentry","category-actualites","tag-residence","tag-residence-dartistes"],"yoast_head":"<!-- This site is optimized with the Yoast SEO plugin v27.5 - https:\/\/yoast.com\/product\/yoast-seo-wordpress\/ -->\n<title>ARTISTE EN R\u00c9SIDENCE - Serhat Karaaslan - Ch\u00e2teau de Goutelas<\/title>\n<meta name=\"robots\" content=\"index, follow, max-snippet:-1, max-image-preview:large, max-video-preview:-1\" \/>\n<link rel=\"canonical\" href=\"https:\/\/www.chateaudegoutelas.fr\/en\/archive\/artiste-en-residence-serhat-karaaslan\/\" \/>\n<meta property=\"og:locale\" content=\"en_GB\" \/>\n<meta property=\"og:type\" content=\"article\" \/>\n<meta property=\"og:title\" content=\"ARTISTE EN R\u00c9SIDENCE - Serhat Karaaslan - Ch\u00e2teau de Goutelas\" \/>\n<meta property=\"og:description\" content=\"R\u00e9sidence r\u00e9organis\u00e9e \u00ab\u00a0\u00e0 distance\u00a0\u00bb en raison du contexte sanitaire Serhat Karaaslan Du 6 janvier au 2 f\u00e9vrier 2021 &nbsp; N\u00e9 en Turquie, au Kurdistan, Serhat Karaaslan a d\u2019abord \u00e9tudi\u00e9 la pharmacie avant de s\u2019int\u00e9resser au cin\u00e9ma et d\u2019effectuer un Master de r\u00e9alisation \u00e0 l\u2019universit\u00e9 d\u2019Istanbul, o\u00f9 il produit ses premiers courts-m\u00e9trages. Son film Ice cream [&hellip;]\" \/>\n<meta property=\"og:url\" content=\"https:\/\/www.chateaudegoutelas.fr\/en\/archive\/artiste-en-residence-serhat-karaaslan\/\" \/>\n<meta property=\"og:site_name\" content=\"Ch\u00e2teau de Goutelas\" \/>\n<meta property=\"article:modified_time\" content=\"2023-05-26T07:59:03+00:00\" \/>\n<meta property=\"og:image\" content=\"https:\/\/www.chateaudegoutelas.fr\/wp-content\/uploads\/2021\/01\/Serhat-Karaaslan-Copie.jpg\" \/>\n\t<meta property=\"og:image:width\" content=\"300\" \/>\n\t<meta property=\"og:image:height\" content=\"400\" \/>\n\t<meta property=\"og:image:type\" content=\"image\/jpeg\" \/>\n<meta name=\"twitter:card\" content=\"summary_large_image\" \/>\n<meta name=\"twitter:label1\" content=\"Estimated reading time\" \/>\n\t<meta name=\"twitter:data1\" content=\"1 minute\" \/>\n<script type=\"application\/ld+json\" class=\"yoast-schema-graph\">{\"@context\":\"https:\\\/\\\/schema.org\",\"@graph\":[{\"@type\":\"WebPage\",\"@id\":\"https:\\\/\\\/www.chateaudegoutelas.fr\\\/archive\\\/artiste-en-residence-serhat-karaaslan\\\/\",\"url\":\"https:\\\/\\\/www.chateaudegoutelas.fr\\\/archive\\\/artiste-en-residence-serhat-karaaslan\\\/\",\"name\":\"ARTISTE EN R\u00c9SIDENCE - Serhat Karaaslan - Ch\u00e2teau de Goutelas\",\"isPartOf\":{\"@id\":\"https:\\\/\\\/www.chateaudegoutelas.fr\\\/#website\"},\"primaryImageOfPage\":{\"@id\":\"https:\\\/\\\/www.chateaudegoutelas.fr\\\/archive\\\/artiste-en-residence-serhat-karaaslan\\\/#primaryimage\"},\"image\":{\"@id\":\"https:\\\/\\\/www.chateaudegoutelas.fr\\\/archive\\\/artiste-en-residence-serhat-karaaslan\\\/#primaryimage\"},\"thumbnailUrl\":\"https:\\\/\\\/www.chateaudegoutelas.fr\\\/wp-content\\\/uploads\\\/2021\\\/01\\\/Serhat-Karaaslan-Copie.jpg\",\"datePublished\":\"2021-01-28T14:32:13+00:00\",\"dateModified\":\"2023-05-26T07:59:03+00:00\",\"breadcrumb\":{\"@id\":\"https:\\\/\\\/www.chateaudegoutelas.fr\\\/archive\\\/artiste-en-residence-serhat-karaaslan\\\/#breadcrumb\"},\"inLanguage\":\"en-GB\",\"potentialAction\":[{\"@type\":\"ReadAction\",\"target\":[\"https:\\\/\\\/www.chateaudegoutelas.fr\\\/archive\\\/artiste-en-residence-serhat-karaaslan\\\/\"]}]},{\"@type\":\"ImageObject\",\"inLanguage\":\"en-GB\",\"@id\":\"https:\\\/\\\/www.chateaudegoutelas.fr\\\/archive\\\/artiste-en-residence-serhat-karaaslan\\\/#primaryimage\",\"url\":\"https:\\\/\\\/www.chateaudegoutelas.fr\\\/wp-content\\\/uploads\\\/2021\\\/01\\\/Serhat-Karaaslan-Copie.jpg\",\"contentUrl\":\"https:\\\/\\\/www.chateaudegoutelas.fr\\\/wp-content\\\/uploads\\\/2021\\\/01\\\/Serhat-Karaaslan-Copie.jpg\",\"width\":300,\"height\":400},{\"@type\":\"BreadcrumbList\",\"@id\":\"https:\\\/\\\/www.chateaudegoutelas.fr\\\/archive\\\/artiste-en-residence-serhat-karaaslan\\\/#breadcrumb\",\"itemListElement\":[{\"@type\":\"ListItem\",\"position\":1,\"name\":\"Accueil\",\"item\":\"https:\\\/\\\/www.chateaudegoutelas.fr\\\/\"},{\"@type\":\"ListItem\",\"position\":2,\"name\":\"ARTISTE EN R\u00c9SIDENCE &#8211; Serhat Karaaslan\"}]},{\"@type\":\"WebSite\",\"@id\":\"https:\\\/\\\/www.chateaudegoutelas.fr\\\/#website\",\"url\":\"https:\\\/\\\/www.chateaudegoutelas.fr\\\/\",\"name\":\"Ch\u00e2teau de Goutelas\",\"description\":\"Un centre culturel de rencontre en Forez\",\"publisher\":{\"@id\":\"https:\\\/\\\/www.chateaudegoutelas.fr\\\/#organization\"},\"potentialAction\":[{\"@type\":\"SearchAction\",\"target\":{\"@type\":\"EntryPoint\",\"urlTemplate\":\"https:\\\/\\\/www.chateaudegoutelas.fr\\\/?s={search_term_string}\"},\"query-input\":{\"@type\":\"PropertyValueSpecification\",\"valueRequired\":true,\"valueName\":\"search_term_string\"}}],\"inLanguage\":\"en-GB\"},{\"@type\":\"Organization\",\"@id\":\"https:\\\/\\\/www.chateaudegoutelas.fr\\\/#organization\",\"name\":\"Ch\u00e2teau de Goutelas\",\"url\":\"https:\\\/\\\/www.chateaudegoutelas.fr\\\/\",\"logo\":{\"@type\":\"ImageObject\",\"inLanguage\":\"en-GB\",\"@id\":\"https:\\\/\\\/www.chateaudegoutelas.fr\\\/#\\\/schema\\\/logo\\\/image\\\/\",\"url\":\"https:\\\/\\\/www.chateaudegoutelas.fr\\\/wp-content\\\/uploads\\\/2023\\\/05\\\/logo-chateau-goutelas-bleu.png\",\"contentUrl\":\"https:\\\/\\\/www.chateaudegoutelas.fr\\\/wp-content\\\/uploads\\\/2023\\\/05\\\/logo-chateau-goutelas-bleu.png\",\"width\":1123,\"height\":327,\"caption\":\"Ch\u00e2teau de Goutelas\"},\"image\":{\"@id\":\"https:\\\/\\\/www.chateaudegoutelas.fr\\\/#\\\/schema\\\/logo\\\/image\\\/\"}}]}<\/script>\n<!-- \/ Yoast SEO plugin. -->","yoast_head_json":{"title":"ARTISTE EN R\u00c9SIDENCE - Serhat Karaaslan - Ch\u00e2teau de Goutelas","robots":{"index":"index","follow":"follow","max-snippet":"max-snippet:-1","max-image-preview":"max-image-preview:large","max-video-preview":"max-video-preview:-1"},"canonical":"https:\/\/www.chateaudegoutelas.fr\/en\/archive\/artiste-en-residence-serhat-karaaslan\/","og_locale":"en_GB","og_type":"article","og_title":"ARTISTE EN R\u00c9SIDENCE - Serhat Karaaslan - Ch\u00e2teau de Goutelas","og_description":"R\u00e9sidence r\u00e9organis\u00e9e \u00ab\u00a0\u00e0 distance\u00a0\u00bb en raison du contexte sanitaire Serhat Karaaslan Du 6 janvier au 2 f\u00e9vrier 2021 &nbsp; N\u00e9 en Turquie, au Kurdistan, Serhat Karaaslan a d\u2019abord \u00e9tudi\u00e9 la pharmacie avant de s\u2019int\u00e9resser au cin\u00e9ma et d\u2019effectuer un Master de r\u00e9alisation \u00e0 l\u2019universit\u00e9 d\u2019Istanbul, o\u00f9 il produit ses premiers courts-m\u00e9trages. Son film Ice cream [&hellip;]","og_url":"https:\/\/www.chateaudegoutelas.fr\/en\/archive\/artiste-en-residence-serhat-karaaslan\/","og_site_name":"Ch\u00e2teau de Goutelas","article_modified_time":"2023-05-26T07:59:03+00:00","og_image":[{"width":300,"height":400,"url":"https:\/\/www.chateaudegoutelas.fr\/wp-content\/uploads\/2021\/01\/Serhat-Karaaslan-Copie.jpg","type":"image\/jpeg"}],"twitter_card":"summary_large_image","twitter_misc":{"Estimated reading time":"1 minute"},"schema":{"@context":"https:\/\/schema.org","@graph":[{"@type":"WebPage","@id":"https:\/\/www.chateaudegoutelas.fr\/archive\/artiste-en-residence-serhat-karaaslan\/","url":"https:\/\/www.chateaudegoutelas.fr\/archive\/artiste-en-residence-serhat-karaaslan\/","name":"ARTISTE EN R\u00c9SIDENCE - Serhat Karaaslan - Ch\u00e2teau de Goutelas","isPartOf":{"@id":"https:\/\/www.chateaudegoutelas.fr\/#website"},"primaryImageOfPage":{"@id":"https:\/\/www.chateaudegoutelas.fr\/archive\/artiste-en-residence-serhat-karaaslan\/#primaryimage"},"image":{"@id":"https:\/\/www.chateaudegoutelas.fr\/archive\/artiste-en-residence-serhat-karaaslan\/#primaryimage"},"thumbnailUrl":"https:\/\/www.chateaudegoutelas.fr\/wp-content\/uploads\/2021\/01\/Serhat-Karaaslan-Copie.jpg","datePublished":"2021-01-28T14:32:13+00:00","dateModified":"2023-05-26T07:59:03+00:00","breadcrumb":{"@id":"https:\/\/www.chateaudegoutelas.fr\/archive\/artiste-en-residence-serhat-karaaslan\/#breadcrumb"},"inLanguage":"en-GB","potentialAction":[{"@type":"ReadAction","target":["https:\/\/www.chateaudegoutelas.fr\/archive\/artiste-en-residence-serhat-karaaslan\/"]}]},{"@type":"ImageObject","inLanguage":"en-GB","@id":"https:\/\/www.chateaudegoutelas.fr\/archive\/artiste-en-residence-serhat-karaaslan\/#primaryimage","url":"https:\/\/www.chateaudegoutelas.fr\/wp-content\/uploads\/2021\/01\/Serhat-Karaaslan-Copie.jpg","contentUrl":"https:\/\/www.chateaudegoutelas.fr\/wp-content\/uploads\/2021\/01\/Serhat-Karaaslan-Copie.jpg","width":300,"height":400},{"@type":"BreadcrumbList","@id":"https:\/\/www.chateaudegoutelas.fr\/archive\/artiste-en-residence-serhat-karaaslan\/#breadcrumb","itemListElement":[{"@type":"ListItem","position":1,"name":"Accueil","item":"https:\/\/www.chateaudegoutelas.fr\/"},{"@type":"ListItem","position":2,"name":"ARTISTE EN R\u00c9SIDENCE &#8211; Serhat Karaaslan"}]},{"@type":"WebSite","@id":"https:\/\/www.chateaudegoutelas.fr\/#website","url":"https:\/\/www.chateaudegoutelas.fr\/","name":"Ch\u00e2teau de Goutelas","description":"Un centre culturel de rencontre en Forez","publisher":{"@id":"https:\/\/www.chateaudegoutelas.fr\/#organization"},"potentialAction":[{"@type":"SearchAction","target":{"@type":"EntryPoint","urlTemplate":"https:\/\/www.chateaudegoutelas.fr\/?s={search_term_string}"},"query-input":{"@type":"PropertyValueSpecification","valueRequired":true,"valueName":"search_term_string"}}],"inLanguage":"en-GB"},{"@type":"Organization","@id":"https:\/\/www.chateaudegoutelas.fr\/#organization","name":"Ch\u00e2teau de Goutelas","url":"https:\/\/www.chateaudegoutelas.fr\/","logo":{"@type":"ImageObject","inLanguage":"en-GB","@id":"https:\/\/www.chateaudegoutelas.fr\/#\/schema\/logo\/image\/","url":"https:\/\/www.chateaudegoutelas.fr\/wp-content\/uploads\/2023\/05\/logo-chateau-goutelas-bleu.png","contentUrl":"https:\/\/www.chateaudegoutelas.fr\/wp-content\/uploads\/2023\/05\/logo-chateau-goutelas-bleu.png","width":1123,"height":327,"caption":"Ch\u00e2teau de Goutelas"},"image":{"@id":"https:\/\/www.chateaudegoutelas.fr\/#\/schema\/logo\/image\/"}}]}},"_links":{"self":[{"href":"https:\/\/www.chateaudegoutelas.fr\/en\/wp-json\/wp\/v2\/archive\/3205","targetHints":{"allow":["GET"]}}],"collection":[{"href":"https:\/\/www.chateaudegoutelas.fr\/en\/wp-json\/wp\/v2\/archive"}],"about":[{"href":"https:\/\/www.chateaudegoutelas.fr\/en\/wp-json\/wp\/v2\/types\/archive"}],"author":[{"embeddable":true,"href":"https:\/\/www.chateaudegoutelas.fr\/en\/wp-json\/wp\/v2\/users\/7"}],"wp:featuredmedia":[{"embeddable":true,"href":"https:\/\/www.chateaudegoutelas.fr\/en\/wp-json\/wp\/v2\/media\/3211"}],"wp:attachment":[{"href":"https:\/\/www.chateaudegoutelas.fr\/en\/wp-json\/wp\/v2\/media?parent=3205"}],"wp:term":[{"taxonomy":"category","embeddable":true,"href":"https:\/\/www.chateaudegoutelas.fr\/en\/wp-json\/wp\/v2\/categories?post=3205"},{"taxonomy":"post_tag","embeddable":true,"href":"https:\/\/www.chateaudegoutelas.fr\/en\/wp-json\/wp\/v2\/tags?post=3205"}],"curies":[{"name":"wp","href":"https:\/\/api.w.org\/{rel}","templated":true}]}}