{"id":3187,"date":"2021-01-18T10:04:50","date_gmt":"2021-01-18T09:04:50","guid":{"rendered":"https:\/\/www.chateaudegoutelas.fr\/?p=3187"},"modified":"2023-05-26T09:59:04","modified_gmt":"2023-05-26T07:59:04","slug":"25-02-webinaire-nos-libertes-confinees-3-retrouver-le-chemin-des-libertes","status":"publish","type":"archive","link":"https:\/\/www.chateaudegoutelas.fr\/en\/archive\/25-02-webinaire-nos-libertes-confinees-3-retrouver-le-chemin-des-libertes\/","title":{"rendered":"25\/02 &#8211; WEBINAIRE &#8211; Nos libert\u00e9s confin\u00e9es #3 : Retrouver le chemin des libert\u00e9s"},"content":{"rendered":"<div class=\"shmMigrate\"><\/div>\n<div class=\"shmMigrate\"><\/div>\n<div class=\"shmMigrate\"><\/div>\n<h4>JEUDI 25\/02 \u2013 12H \u2013 14H<\/h4>\n<div class=\"wpb_text_column wpb_content_element\">\n<div class=\"wpb_wrapper\">\n<h4>EN VISIOCONF\u00c9RENCE<\/h4>\n<\/div>\n<\/div>\n<div class=\"shmMigrate\"><\/div>\n<div class=\"shmMigrate\"><\/div>\n<div class=\"shmMigrate\"><\/div>\n<p><strong>Nos libert\u00e9s confin\u00e9es, un cycle de trois visioconfe\u0301rences (janvier-fe\u0301vrier 2021) coorganis\u00e9 par l\u2019Observatoire lyonnais des libert\u00e9s publiques et le Ch\u00e2teau de Goutelas, Centre culturel de rencontre<\/strong><\/p>\n<p>&nbsp;<\/p>\n<p><strong>Conf\u00e9rence #3 : Retrouver le chemin des libert\u00e9s<\/strong><\/p>\n<p>&nbsp;<\/p>\n<p>Les d\u00e9cisions prises au niveau central \u00e9chouent \u00e0 instaurer la confiance des citoyens dans l\u2019action de l\u2019Etat. Comment sortir de l\u2019\u00e9tat d\u2019urgence permanent, en red\u00e9finissant la place des collectivit\u00e9s territoriales, des associations, des experts et des citoyens eux-m\u00eames ?<br \/>\nQuel r\u00f4le pour le D\u00e9fenseur des droits, la commission nationale consultative des droits de l\u2019Homme ?<br \/>\nQuelle place d\u00e9volue \u00e0 l\u2019autorit\u00e9 judiciaire et au justiciable qui subit une proc\u00e9dure d\u00e9grad\u00e9e par des innovations telles que la visio-audience ou la proc\u00e9dure sans audience ?<\/p>\n<p>&nbsp;<\/p>\n<p>Mod\u00e9ration par\u00a0<strong>Myriam Plet<\/strong>, avocate honoraire et membre du conseil d\u2019administration du Ch\u00e2teau de Goutelas<\/p>\n<p>&nbsp;<\/p>\n<p>Introduction :<\/p>\n<p>&nbsp;<\/p>\n<div class=\"o9v6fnle cxmmr5t8 oygrvhab hcukyx3x c1et5uql\"><strong>Patrick Canin<\/strong>, ma\u00eetre de conf\u00e9rences en droit priv\u00e9, membre du bureau national de la Ligue des Droits de l\u2019Homme<\/div>\n<div class=\"o9v6fnle cxmmr5t8 oygrvhab hcukyx3x c1et5uql\"><\/div>\n<p>&nbsp;<\/p>\n<p>Avec :<\/p>\n<p>&nbsp;<\/p>\n<div class=\"o9v6fnle cxmmr5t8 oygrvhab hcukyx3x c1et5uql\"><strong>Jean-Michel Cl\u00e9ment<\/strong>, d\u00e9put\u00e9 de la Vienne<\/div>\n<div><\/div>\n<div class=\"o9v6fnle cxmmr5t8 oygrvhab hcukyx3x c1et5uql\"><strong>Vincent Beillard<\/strong>, ancien maire de Saillans (Dr\u00f4me)<\/div>\n<div><\/div>\n<p><strong>Jean-Philippe Petit<\/strong>, avocat au barreau de Lyon<\/p>\n<p>&nbsp;<\/p>\n<p>En introduction de cette conf\u00e9rence, l\u2019artiste et commissaire d\u2019exposition\u00a0<strong>Thierry Fournier<\/strong> pr\u00e9sente <em>Ecotone<\/em>, un paysage artificiel g\u00e9n\u00e9r\u00e9 et habit\u00e9 par des voix de synth\u00e8se qui lisent en temps r\u00e9el tous les messages que les internautes postent sur Twitter \u00e0 propos de leurs d\u00e9sirs.<\/p>\n<div class=\"shmMigrate\"><\/div>\n<div class=\"shmMigrate\"><\/div>\n<div class=\"shmMigrate\"><\/div>\n<div class=\"shmMigrate\"><\/div>\n<div class=\"shmMigrate\"><\/div>\n<p>Les dispositions l\u00e9gales et r\u00e9glementaires adopt\u00e9es en France pour faire face \u00e0 l\u2019\u00e9pid\u00e9mie en cours, notamment la cr\u00e9ation d\u2019un r\u00e9gime d\u2019\u00ab \u00e9tat d\u2019urgence sanitaire \u00bb par la loi du 23 mars 2020, ont apport\u00e9 ou permis d\u2019apporter des restrictions inusit\u00e9es \u00e0 des libert\u00e9s constitutionnellement garanties. Diverses dispositions pr\u00e9vues par la proposition de loi \u00ab relative \u00e0 la s\u00e9curit\u00e9 globale \u00bb et le projet de loi \u00ab confortant les principes r\u00e9publicains \u00bb suscitent inqui\u00e9tudes et protestations. Voil\u00e0 qui commande de s\u2019interroger sur l\u2019\u00e9tat de \u00ab l\u2019\u00c9tat de droit \u00bb dans ce pays.<\/p>\n<p>&nbsp;<\/p>\n<p>Les trois visioconf\u00e9rences propos\u00e9es ont pour ambition de comprendre comment certaines innovations juridiques des ann\u00e9es r\u00e9centes ont abouti \u00e0 une sorte\u00a0<strong>d\u2019effacement du citoyen<\/strong>\u00a0par alt\u00e9ration de ses libert\u00e9s et r\u00e9duction du r\u00f4le de la d\u00e9lib\u00e9ration d\u00e9mocratique (premi\u00e8re conf\u00e9rence), en quoi\u00a0<strong>le \u00ab droit \u00e0 la sant\u00e9 \u00bb peut justifier certaines de ces restrictions<\/strong>\u00a0(deuxi\u00e8me conf\u00e9rence), et ce qui pourrait permettre de\u00a0<strong>retrouver le chemin des libert\u00e9s<\/strong>\u00a0(troisi\u00e8me conf\u00e9rence).<\/p>\n<p>&nbsp;<\/p>\n<p>En ouverture et en \u00e9cho de chaque conf\u00e9rence, l\u2019artiste et commissaire d\u2019exposition\u00a0<strong>Thierry Fournier<\/strong>\u00a0pr\u00e9sentera bri\u00e8vement sa pratique et une \u0153uvre.<\/p>\n<div class=\"shmMigrate\"><\/div>\n<div class=\"shmMigrate\"><\/div>\n<div class=\"shmMigrate\"><\/div>\n<div class=\"shmMigrate\"><\/div>\n<div class=\"shmMigrate\"><\/div>\n<div class=\"shmMigrate\"><\/div>","protected":false},"author":7,"featured_media":3188,"template":"","meta":{"site-sidebar-layout":"default","site-content-layout":"","ast-site-content-layout":"default","site-content-style":"default","site-sidebar-style":"default","ast-global-header-display":"","ast-banner-title-visibility":"","ast-main-header-display":"","ast-hfb-above-header-display":"","ast-hfb-below-header-display":"","ast-hfb-mobile-header-display":"","site-post-title":"","ast-breadcrumbs-content":null,"ast-featured-img":"","footer-sml-layout":"","ast-disable-related-posts":"","theme-transparent-header-meta":"","adv-header-id-meta":"","stick-header-meta":"","header-above-stick-meta":null,"header-main-stick-meta":"","header-below-stick-meta":null,"astra-migrate-meta-layouts":"default","ast-page-background-enabled":"default","ast-page-background-meta":{"desktop":{"background-color":"","background-image":"","background-repeat":"repeat","background-position":"center center","background-size":"auto","background-attachment":"scroll","background-type":"","background-media":"","overlay-type":"","overlay-color":"","overlay-opacity":"","overlay-gradient":""},"tablet":{"background-color":"","background-image":"","background-repeat":"repeat","background-position":"center center","background-size":"auto","background-attachment":"scroll","background-type":"","background-media":"","overlay-type":"","overlay-color":"","overlay-opacity":"","overlay-gradient":""},"mobile":{"background-color":"","background-image":"","background-repeat":"repeat","background-position":"center center","background-size":"auto","background-attachment":"scroll","background-type":"","background-media":"","overlay-type":"","overlay-color":"","overlay-opacity":"","overlay-gradient":""}},"ast-content-background-meta":{"desktop":{"background-color":"var(--ast-global-color-5)","background-image":"","background-repeat":"repeat","background-position":"center center","background-size":"auto","background-attachment":"scroll","background-type":"","background-media":"","overlay-type":"","overlay-color":"","overlay-opacity":"","overlay-gradient":""},"tablet":{"background-color":"var(--ast-global-color-5)","background-image":"","background-repeat":"repeat","background-position":"center center","background-size":"auto","background-attachment":"scroll","background-type":"","background-media":"","overlay-type":"","overlay-color":"","overlay-opacity":"","overlay-gradient":""},"mobile":{"background-color":"var(--ast-global-color-5)","background-image":"","background-repeat":"repeat","background-position":"center center","background-size":"auto","background-attachment":"scroll","background-type":"","background-media":"","overlay-type":"","overlay-color":"","overlay-opacity":"","overlay-gradient":""}}},"categories":[4],"tags":[],"class_list":["post-3187","archive","type-archive","status-publish","has-post-thumbnail","hentry","category-actualites"],"yoast_head":"<!-- This site is optimized with the Yoast SEO plugin v27.5 - https:\/\/yoast.com\/product\/yoast-seo-wordpress\/ -->\n<title>25\/02 - WEBINAIRE - Nos libert\u00e9s confin\u00e9es #3 : Retrouver le chemin des libert\u00e9s - Ch\u00e2teau de Goutelas<\/title>\n<meta name=\"robots\" content=\"index, follow, max-snippet:-1, max-image-preview:large, max-video-preview:-1\" \/>\n<link rel=\"canonical\" href=\"https:\/\/www.chateaudegoutelas.fr\/en\/archive\/25-02-webinaire-nos-libertes-confinees-3-retrouver-le-chemin-des-libertes\/\" \/>\n<meta property=\"og:locale\" content=\"en_GB\" \/>\n<meta property=\"og:type\" content=\"article\" \/>\n<meta property=\"og:title\" content=\"25\/02 - WEBINAIRE - Nos libert\u00e9s confin\u00e9es #3 : Retrouver le chemin des libert\u00e9s - Ch\u00e2teau de Goutelas\" \/>\n<meta property=\"og:description\" content=\"JEUDI 25\/02 \u2013 12H \u2013 14H EN VISIOCONF\u00c9RENCE Nos libert\u00e9s confin\u00e9es, un cycle de trois visioconfe\u0301rences (janvier-fe\u0301vrier 2021) coorganis\u00e9 par l\u2019Observatoire lyonnais des libert\u00e9s publiques et le Ch\u00e2teau de Goutelas, Centre culturel de rencontre &nbsp; Conf\u00e9rence #3 : Retrouver le chemin des libert\u00e9s &nbsp; Les d\u00e9cisions prises au niveau central \u00e9chouent \u00e0 instaurer la confiance [&hellip;]\" \/>\n<meta property=\"og:url\" content=\"https:\/\/www.chateaudegoutelas.fr\/en\/archive\/25-02-webinaire-nos-libertes-confinees-3-retrouver-le-chemin-des-libertes\/\" \/>\n<meta property=\"og:site_name\" content=\"Ch\u00e2teau de Goutelas\" \/>\n<meta property=\"article:modified_time\" content=\"2023-05-26T07:59:04+00:00\" \/>\n<meta property=\"og:image\" content=\"https:\/\/www.chateaudegoutelas.fr\/wp-content\/uploads\/2021\/01\/Visuel_cycle_3.jpg\" \/>\n\t<meta property=\"og:image:width\" content=\"1754\" \/>\n\t<meta property=\"og:image:height\" content=\"1754\" \/>\n\t<meta property=\"og:image:type\" content=\"image\/jpeg\" \/>\n<meta name=\"twitter:card\" content=\"summary_large_image\" \/>\n<meta name=\"twitter:label1\" content=\"Estimated reading time\" \/>\n\t<meta name=\"twitter:data1\" content=\"3 minutes\" \/>\n<script type=\"application\/ld+json\" class=\"yoast-schema-graph\">{\"@context\":\"https:\\\/\\\/schema.org\",\"@graph\":[{\"@type\":\"WebPage\",\"@id\":\"https:\\\/\\\/www.chateaudegoutelas.fr\\\/archive\\\/25-02-webinaire-nos-libertes-confinees-3-retrouver-le-chemin-des-libertes\\\/\",\"url\":\"https:\\\/\\\/www.chateaudegoutelas.fr\\\/archive\\\/25-02-webinaire-nos-libertes-confinees-3-retrouver-le-chemin-des-libertes\\\/\",\"name\":\"25\\\/02 - WEBINAIRE - Nos libert\u00e9s confin\u00e9es #3 : Retrouver le chemin des libert\u00e9s - Ch\u00e2teau de Goutelas\",\"isPartOf\":{\"@id\":\"https:\\\/\\\/www.chateaudegoutelas.fr\\\/#website\"},\"primaryImageOfPage\":{\"@id\":\"https:\\\/\\\/www.chateaudegoutelas.fr\\\/archive\\\/25-02-webinaire-nos-libertes-confinees-3-retrouver-le-chemin-des-libertes\\\/#primaryimage\"},\"image\":{\"@id\":\"https:\\\/\\\/www.chateaudegoutelas.fr\\\/archive\\\/25-02-webinaire-nos-libertes-confinees-3-retrouver-le-chemin-des-libertes\\\/#primaryimage\"},\"thumbnailUrl\":\"https:\\\/\\\/www.chateaudegoutelas.fr\\\/wp-content\\\/uploads\\\/2021\\\/01\\\/Visuel_cycle_3.jpg\",\"datePublished\":\"2021-01-18T09:04:50+00:00\",\"dateModified\":\"2023-05-26T07:59:04+00:00\",\"breadcrumb\":{\"@id\":\"https:\\\/\\\/www.chateaudegoutelas.fr\\\/archive\\\/25-02-webinaire-nos-libertes-confinees-3-retrouver-le-chemin-des-libertes\\\/#breadcrumb\"},\"inLanguage\":\"en-GB\",\"potentialAction\":[{\"@type\":\"ReadAction\",\"target\":[\"https:\\\/\\\/www.chateaudegoutelas.fr\\\/archive\\\/25-02-webinaire-nos-libertes-confinees-3-retrouver-le-chemin-des-libertes\\\/\"]}]},{\"@type\":\"ImageObject\",\"inLanguage\":\"en-GB\",\"@id\":\"https:\\\/\\\/www.chateaudegoutelas.fr\\\/archive\\\/25-02-webinaire-nos-libertes-confinees-3-retrouver-le-chemin-des-libertes\\\/#primaryimage\",\"url\":\"https:\\\/\\\/www.chateaudegoutelas.fr\\\/wp-content\\\/uploads\\\/2021\\\/01\\\/Visuel_cycle_3.jpg\",\"contentUrl\":\"https:\\\/\\\/www.chateaudegoutelas.fr\\\/wp-content\\\/uploads\\\/2021\\\/01\\\/Visuel_cycle_3.jpg\",\"width\":1754,\"height\":1754},{\"@type\":\"BreadcrumbList\",\"@id\":\"https:\\\/\\\/www.chateaudegoutelas.fr\\\/archive\\\/25-02-webinaire-nos-libertes-confinees-3-retrouver-le-chemin-des-libertes\\\/#breadcrumb\",\"itemListElement\":[{\"@type\":\"ListItem\",\"position\":1,\"name\":\"Accueil\",\"item\":\"https:\\\/\\\/www.chateaudegoutelas.fr\\\/\"},{\"@type\":\"ListItem\",\"position\":2,\"name\":\"25\\\/02 &#8211; WEBINAIRE &#8211; Nos libert\u00e9s confin\u00e9es #3 : Retrouver le chemin des libert\u00e9s\"}]},{\"@type\":\"WebSite\",\"@id\":\"https:\\\/\\\/www.chateaudegoutelas.fr\\\/#website\",\"url\":\"https:\\\/\\\/www.chateaudegoutelas.fr\\\/\",\"name\":\"Ch\u00e2teau de Goutelas\",\"description\":\"Un centre culturel de rencontre en Forez\",\"publisher\":{\"@id\":\"https:\\\/\\\/www.chateaudegoutelas.fr\\\/#organization\"},\"potentialAction\":[{\"@type\":\"SearchAction\",\"target\":{\"@type\":\"EntryPoint\",\"urlTemplate\":\"https:\\\/\\\/www.chateaudegoutelas.fr\\\/?s={search_term_string}\"},\"query-input\":{\"@type\":\"PropertyValueSpecification\",\"valueRequired\":true,\"valueName\":\"search_term_string\"}}],\"inLanguage\":\"en-GB\"},{\"@type\":\"Organization\",\"@id\":\"https:\\\/\\\/www.chateaudegoutelas.fr\\\/#organization\",\"name\":\"Ch\u00e2teau de Goutelas\",\"url\":\"https:\\\/\\\/www.chateaudegoutelas.fr\\\/\",\"logo\":{\"@type\":\"ImageObject\",\"inLanguage\":\"en-GB\",\"@id\":\"https:\\\/\\\/www.chateaudegoutelas.fr\\\/#\\\/schema\\\/logo\\\/image\\\/\",\"url\":\"https:\\\/\\\/www.chateaudegoutelas.fr\\\/wp-content\\\/uploads\\\/2023\\\/05\\\/logo-chateau-goutelas-bleu.png\",\"contentUrl\":\"https:\\\/\\\/www.chateaudegoutelas.fr\\\/wp-content\\\/uploads\\\/2023\\\/05\\\/logo-chateau-goutelas-bleu.png\",\"width\":1123,\"height\":327,\"caption\":\"Ch\u00e2teau de Goutelas\"},\"image\":{\"@id\":\"https:\\\/\\\/www.chateaudegoutelas.fr\\\/#\\\/schema\\\/logo\\\/image\\\/\"}}]}<\/script>\n<!-- \/ Yoast SEO plugin. -->","yoast_head_json":{"title":"25\/02 - WEBINAIRE - Nos libert\u00e9s confin\u00e9es #3 : Retrouver le chemin des libert\u00e9s - Ch\u00e2teau de Goutelas","robots":{"index":"index","follow":"follow","max-snippet":"max-snippet:-1","max-image-preview":"max-image-preview:large","max-video-preview":"max-video-preview:-1"},"canonical":"https:\/\/www.chateaudegoutelas.fr\/en\/archive\/25-02-webinaire-nos-libertes-confinees-3-retrouver-le-chemin-des-libertes\/","og_locale":"en_GB","og_type":"article","og_title":"25\/02 - WEBINAIRE - Nos libert\u00e9s confin\u00e9es #3 : Retrouver le chemin des libert\u00e9s - Ch\u00e2teau de Goutelas","og_description":"JEUDI 25\/02 \u2013 12H \u2013 14H EN VISIOCONF\u00c9RENCE Nos libert\u00e9s confin\u00e9es, un cycle de trois visioconfe\u0301rences (janvier-fe\u0301vrier 2021) coorganis\u00e9 par l\u2019Observatoire lyonnais des libert\u00e9s publiques et le Ch\u00e2teau de Goutelas, Centre culturel de rencontre &nbsp; Conf\u00e9rence #3 : Retrouver le chemin des libert\u00e9s &nbsp; Les d\u00e9cisions prises au niveau central \u00e9chouent \u00e0 instaurer la confiance [&hellip;]","og_url":"https:\/\/www.chateaudegoutelas.fr\/en\/archive\/25-02-webinaire-nos-libertes-confinees-3-retrouver-le-chemin-des-libertes\/","og_site_name":"Ch\u00e2teau de Goutelas","article_modified_time":"2023-05-26T07:59:04+00:00","og_image":[{"width":1754,"height":1754,"url":"https:\/\/www.chateaudegoutelas.fr\/wp-content\/uploads\/2021\/01\/Visuel_cycle_3.jpg","type":"image\/jpeg"}],"twitter_card":"summary_large_image","twitter_misc":{"Estimated reading time":"3 minutes"},"schema":{"@context":"https:\/\/schema.org","@graph":[{"@type":"WebPage","@id":"https:\/\/www.chateaudegoutelas.fr\/archive\/25-02-webinaire-nos-libertes-confinees-3-retrouver-le-chemin-des-libertes\/","url":"https:\/\/www.chateaudegoutelas.fr\/archive\/25-02-webinaire-nos-libertes-confinees-3-retrouver-le-chemin-des-libertes\/","name":"25\/02 - WEBINAIRE - Nos libert\u00e9s confin\u00e9es #3 : Retrouver le chemin des libert\u00e9s - Ch\u00e2teau de Goutelas","isPartOf":{"@id":"https:\/\/www.chateaudegoutelas.fr\/#website"},"primaryImageOfPage":{"@id":"https:\/\/www.chateaudegoutelas.fr\/archive\/25-02-webinaire-nos-libertes-confinees-3-retrouver-le-chemin-des-libertes\/#primaryimage"},"image":{"@id":"https:\/\/www.chateaudegoutelas.fr\/archive\/25-02-webinaire-nos-libertes-confinees-3-retrouver-le-chemin-des-libertes\/#primaryimage"},"thumbnailUrl":"https:\/\/www.chateaudegoutelas.fr\/wp-content\/uploads\/2021\/01\/Visuel_cycle_3.jpg","datePublished":"2021-01-18T09:04:50+00:00","dateModified":"2023-05-26T07:59:04+00:00","breadcrumb":{"@id":"https:\/\/www.chateaudegoutelas.fr\/archive\/25-02-webinaire-nos-libertes-confinees-3-retrouver-le-chemin-des-libertes\/#breadcrumb"},"inLanguage":"en-GB","potentialAction":[{"@type":"ReadAction","target":["https:\/\/www.chateaudegoutelas.fr\/archive\/25-02-webinaire-nos-libertes-confinees-3-retrouver-le-chemin-des-libertes\/"]}]},{"@type":"ImageObject","inLanguage":"en-GB","@id":"https:\/\/www.chateaudegoutelas.fr\/archive\/25-02-webinaire-nos-libertes-confinees-3-retrouver-le-chemin-des-libertes\/#primaryimage","url":"https:\/\/www.chateaudegoutelas.fr\/wp-content\/uploads\/2021\/01\/Visuel_cycle_3.jpg","contentUrl":"https:\/\/www.chateaudegoutelas.fr\/wp-content\/uploads\/2021\/01\/Visuel_cycle_3.jpg","width":1754,"height":1754},{"@type":"BreadcrumbList","@id":"https:\/\/www.chateaudegoutelas.fr\/archive\/25-02-webinaire-nos-libertes-confinees-3-retrouver-le-chemin-des-libertes\/#breadcrumb","itemListElement":[{"@type":"ListItem","position":1,"name":"Accueil","item":"https:\/\/www.chateaudegoutelas.fr\/"},{"@type":"ListItem","position":2,"name":"25\/02 &#8211; WEBINAIRE &#8211; Nos libert\u00e9s confin\u00e9es #3 : Retrouver le chemin des libert\u00e9s"}]},{"@type":"WebSite","@id":"https:\/\/www.chateaudegoutelas.fr\/#website","url":"https:\/\/www.chateaudegoutelas.fr\/","name":"Ch\u00e2teau de Goutelas","description":"Un centre culturel de rencontre en Forez","publisher":{"@id":"https:\/\/www.chateaudegoutelas.fr\/#organization"},"potentialAction":[{"@type":"SearchAction","target":{"@type":"EntryPoint","urlTemplate":"https:\/\/www.chateaudegoutelas.fr\/?s={search_term_string}"},"query-input":{"@type":"PropertyValueSpecification","valueRequired":true,"valueName":"search_term_string"}}],"inLanguage":"en-GB"},{"@type":"Organization","@id":"https:\/\/www.chateaudegoutelas.fr\/#organization","name":"Ch\u00e2teau de Goutelas","url":"https:\/\/www.chateaudegoutelas.fr\/","logo":{"@type":"ImageObject","inLanguage":"en-GB","@id":"https:\/\/www.chateaudegoutelas.fr\/#\/schema\/logo\/image\/","url":"https:\/\/www.chateaudegoutelas.fr\/wp-content\/uploads\/2023\/05\/logo-chateau-goutelas-bleu.png","contentUrl":"https:\/\/www.chateaudegoutelas.fr\/wp-content\/uploads\/2023\/05\/logo-chateau-goutelas-bleu.png","width":1123,"height":327,"caption":"Ch\u00e2teau de Goutelas"},"image":{"@id":"https:\/\/www.chateaudegoutelas.fr\/#\/schema\/logo\/image\/"}}]}},"_links":{"self":[{"href":"https:\/\/www.chateaudegoutelas.fr\/en\/wp-json\/wp\/v2\/archive\/3187","targetHints":{"allow":["GET"]}}],"collection":[{"href":"https:\/\/www.chateaudegoutelas.fr\/en\/wp-json\/wp\/v2\/archive"}],"about":[{"href":"https:\/\/www.chateaudegoutelas.fr\/en\/wp-json\/wp\/v2\/types\/archive"}],"author":[{"embeddable":true,"href":"https:\/\/www.chateaudegoutelas.fr\/en\/wp-json\/wp\/v2\/users\/7"}],"wp:featuredmedia":[{"embeddable":true,"href":"https:\/\/www.chateaudegoutelas.fr\/en\/wp-json\/wp\/v2\/media\/3188"}],"wp:attachment":[{"href":"https:\/\/www.chateaudegoutelas.fr\/en\/wp-json\/wp\/v2\/media?parent=3187"}],"wp:term":[{"taxonomy":"category","embeddable":true,"href":"https:\/\/www.chateaudegoutelas.fr\/en\/wp-json\/wp\/v2\/categories?post=3187"},{"taxonomy":"post_tag","embeddable":true,"href":"https:\/\/www.chateaudegoutelas.fr\/en\/wp-json\/wp\/v2\/tags?post=3187"}],"curies":[{"name":"wp","href":"https:\/\/api.w.org\/{rel}","templated":true}]}}