{"id":3182,"date":"2021-01-18T09:44:42","date_gmt":"2021-01-18T08:44:42","guid":{"rendered":"https:\/\/www.chateaudegoutelas.fr\/?p=3182"},"modified":"2023-05-26T09:59:05","modified_gmt":"2023-05-26T07:59:05","slug":"04-02-webinaire-nos-libertes-confinees-2-le-droit-a-la-sante-plus-fort-que-les-libertes-fondamentales","status":"publish","type":"archive","link":"https:\/\/www.chateaudegoutelas.fr\/en\/archive\/04-02-webinaire-nos-libertes-confinees-2-le-droit-a-la-sante-plus-fort-que-les-libertes-fondamentales\/","title":{"rendered":"04\/02 &#8211; WEBINAIRE &#8211; Nos libert\u00e9s confin\u00e9es #2 : Le droit \u00e0 la sant\u00e9 plus fort que les libert\u00e9s fondamentales ?"},"content":{"rendered":"<div class=\"shmMigrate\"><\/div>\n<div class=\"shmMigrate\"><\/div>\n<div class=\"shmMigrate\"><\/div>\n<h4>JEUDI 04\/02 &#8211; 12H &#8211; 14H<\/h4>\n<div class=\"wpb_text_column wpb_content_element\">\n<div class=\"wpb_wrapper\">\n<h4>EN VISIOCONF\u00c9RENCE<\/h4>\n<\/div>\n<\/div>\n<div class=\"vc_empty_space\"><\/div>\n<div class=\"shmMigrate\"><\/div>\n<div class=\"shmMigrate\"><\/div>\n<div class=\"shmMigrate\"><\/div>\n<p><strong>Nos libert\u00e9s confin\u00e9es, un cycle de trois visioconfe\u0301rences (janvier-fe\u0301vrier 2021) coorganis\u00e9 par l\u2019Observatoire lyonnais des libert\u00e9s publiques et le Ch\u00e2teau de Goutelas, Centre culturel de rencontre<\/strong><\/p>\n<p>&nbsp;<\/p>\n<p><strong>Conf\u00e9rence #2 : Le droit \u00e0 la sant\u00e9 plus fort que les libert\u00e9s fondamentales ?<\/strong><\/p>\n<p>&nbsp;<\/p>\n<div class=\"o9v6fnle cxmmr5t8 oygrvhab hcukyx3x c1et5uql\">\u00c0 partir des points de vue de juristes, d\u2019un philosophe et d\u2019un m\u00e9decin, on s\u2019interrogera sur la justice et la justesse des mesures restrictives de libert\u00e9s (d\u2019aller et venir, de la vie priv\u00e9e, du travail, d\u2019entreprendre, etc.) adopt\u00e9es au titre de \u00ab l\u2019objectif de valeur constitutionnelle de protection de la sant\u00e9 \u00bb, et sur le fondement que peut leur assurer l\u2019\u00e9thique de responsabilit\u00e9 des m\u00e9decins.<\/div>\n<p>&nbsp;<\/p>\n<p>Mod\u00e9ration par\u00a0<strong>Olivier Leclerc<\/strong>, membre du conseil d\u2019administration du Ch\u00e2teau de Goutelas, directeur de recherches au CNRS<\/p>\n<p>&nbsp;<\/p>\n<p>Introduction :<\/p>\n<p>&nbsp;<\/p>\n<div class=\"o9v6fnle cxmmr5t8 oygrvhab hcukyx3x c1et5uql\"><strong>Fran\u00e7ois Heudron<\/strong>, m\u00e9decin, secr\u00e9taire g\u00e9n\u00e9ral adjoint du Conseil r\u00e9gional de l\u2019Ordre des m\u00e9decins Auvergne-Rh\u00f4ne-Alpes de Lyon<\/div>\n<div><\/div>\n<div class=\"o9v6fnle cxmmr5t8 oygrvhab hcukyx3x c1et5uql\"><strong>Serge Deygas<\/strong>, B\u00e2tonnier du Barreau de Lyon<\/div>\n<p>&nbsp;<\/p>\n<p>Avec :<\/p>\n<p>&nbsp;<\/p>\n<div class=\"o9v6fnle cxmmr5t8 oygrvhab hcukyx3x c1et5uql\"><strong>Antoine Jeammaud<\/strong>, Ch\u00e2teau de Goutelas, Professeur de droit honoraire de l\u2019Universit\u00e9 Lumi\u00e8re Lyon 2<\/div>\n<div><\/div>\n<div class=\"o9v6fnle cxmmr5t8 oygrvhab hcukyx3x c1et5uql\"><strong>Claude Gautier<\/strong>, Professeur de philosophie \u00e0 l\u2019Ecole normale sup\u00e9rieure de Lyon, ancien directeur de Triangle (UMR CNRS)<\/div>\n<p>&nbsp;<\/p>\n<p>&nbsp;<\/p>\n<p>En introduction de cette conf\u00e9rence, l\u2019artiste et commissaire d\u2019exposition\u00a0<strong>Thierry Fournier<\/strong> pr\u00e9sente l\u2019installation g\u00e9n\u00e9rative <em>Grave<\/em>. Un tr\u00e8s grand \u00e9cran au sol diffuse l\u2019image d\u2019une pierre tombale dont toutes les inscriptions (nom, dates, \u00e9pitaphe) ne cessent de se r\u00e9\u00e9crire, comme si elle \u00e9tait rest\u00e9e vivante. Le projet \u00e9voque ironiquement l\u2019id\u00e9ologie transhumaniste d\u2019une r\u00e9\u00e9criture illimit\u00e9e de la vie, o\u00f9 tout serait toujours possible, y compris apr\u00e8s la mort.<\/p>\n<div class=\"shmMigrate\"><\/div>\n<div class=\"shmMigrate\"><\/div>\n<div class=\"shmMigrate\"><\/div>\n<div class=\"shmMigrate\"><\/div>\n<div class=\"shmMigrate\"><\/div>\n<div class=\"wpb_text_column wpb_content_element\">\n<div class=\"wpb_wrapper\">\n<p>Les dispositions l\u00e9gales et r\u00e9glementaires adopt\u00e9es en France pour faire face \u00e0 l\u2019\u00e9pid\u00e9mie en cours, notamment la cr\u00e9ation d\u2019un r\u00e9gime d\u2019\u00ab \u00e9tat d\u2019urgence sanitaire \u00bb par la loi du 23 mars 2020, ont apport\u00e9 ou permis d\u2019apporter des restrictions inusit\u00e9es \u00e0 des libert\u00e9s constitutionnellement garanties. Diverses dispositions pr\u00e9vues par la proposition de loi \u00ab relative \u00e0 la s\u00e9curit\u00e9 globale \u00bb et le projet de loi \u00ab confortant les principes r\u00e9publicains \u00bb suscitent inqui\u00e9tudes et protestations. Voil\u00e0 qui commande de s\u2019interroger sur l\u2019\u00e9tat de \u00ab l\u2019\u00c9tat de droit \u00bb dans ce pays.<\/p>\n<p>&nbsp;<\/p>\n<p>Les trois visioconf\u00e9rences propos\u00e9es ont pour ambition de comprendre comment certaines innovations juridiques des ann\u00e9es r\u00e9centes ont abouti \u00e0 une sorte\u00a0<strong>d\u2019effacement du citoyen<\/strong>\u00a0par alt\u00e9ration de ses libert\u00e9s et r\u00e9duction du r\u00f4le de la d\u00e9lib\u00e9ration d\u00e9mocratique (premi\u00e8re conf\u00e9rence), en quoi\u00a0<strong>le \u00ab droit \u00e0 la sant\u00e9 \u00bb peut justifier certaines de ces restrictions<\/strong>\u00a0(deuxi\u00e8me conf\u00e9rence), et ce qui pourrait permettre de\u00a0<strong>retrouver le chemin des libert\u00e9s<\/strong>\u00a0(troisi\u00e8me conf\u00e9rence).<\/p>\n<p>&nbsp;<\/p>\n<p>En ouverture et en \u00e9cho de chaque conf\u00e9rence, l\u2019artiste et commissaire d\u2019exposition\u00a0<strong>Thierry Fournier<\/strong>\u00a0pr\u00e9sentera bri\u00e8vement sa pratique et une \u0153uvre.<\/p>\n<\/div>\n<\/div>\n<div class=\"vc_empty_space\"><\/div>\n<div class=\"shmMigrate\"><\/div>\n<div class=\"shmMigrate\"><\/div>\n<div class=\"shmMigrate\"><\/div>\n<div class=\"shmMigrate\"><\/div>\n<div class=\"shmMigrate\"><\/div>\n<div class=\"shmMigrate\"><\/div>","protected":false},"author":7,"featured_media":3184,"template":"","meta":{"site-sidebar-layout":"default","site-content-layout":"","ast-site-content-layout":"default","site-content-style":"default","site-sidebar-style":"default","ast-global-header-display":"","ast-banner-title-visibility":"","ast-main-header-display":"","ast-hfb-above-header-display":"","ast-hfb-below-header-display":"","ast-hfb-mobile-header-display":"","site-post-title":"","ast-breadcrumbs-content":null,"ast-featured-img":"","footer-sml-layout":"","ast-disable-related-posts":"","theme-transparent-header-meta":"","adv-header-id-meta":"","stick-header-meta":"","header-above-stick-meta":null,"header-main-stick-meta":"","header-below-stick-meta":null,"astra-migrate-meta-layouts":"default","ast-page-background-enabled":"default","ast-page-background-meta":{"desktop":{"background-color":"","background-image":"","background-repeat":"repeat","background-position":"center center","background-size":"auto","background-attachment":"scroll","background-type":"","background-media":"","overlay-type":"","overlay-color":"","overlay-opacity":"","overlay-gradient":""},"tablet":{"background-color":"","background-image":"","background-repeat":"repeat","background-position":"center center","background-size":"auto","background-attachment":"scroll","background-type":"","background-media":"","overlay-type":"","overlay-color":"","overlay-opacity":"","overlay-gradient":""},"mobile":{"background-color":"","background-image":"","background-repeat":"repeat","background-position":"center center","background-size":"auto","background-attachment":"scroll","background-type":"","background-media":"","overlay-type":"","overlay-color":"","overlay-opacity":"","overlay-gradient":""}},"ast-content-background-meta":{"desktop":{"background-color":"var(--ast-global-color-5)","background-image":"","background-repeat":"repeat","background-position":"center center","background-size":"auto","background-attachment":"scroll","background-type":"","background-media":"","overlay-type":"","overlay-color":"","overlay-opacity":"","overlay-gradient":""},"tablet":{"background-color":"var(--ast-global-color-5)","background-image":"","background-repeat":"repeat","background-position":"center center","background-size":"auto","background-attachment":"scroll","background-type":"","background-media":"","overlay-type":"","overlay-color":"","overlay-opacity":"","overlay-gradient":""},"mobile":{"background-color":"var(--ast-global-color-5)","background-image":"","background-repeat":"repeat","background-position":"center center","background-size":"auto","background-attachment":"scroll","background-type":"","background-media":"","overlay-type":"","overlay-color":"","overlay-opacity":"","overlay-gradient":""}}},"categories":[4],"tags":[],"class_list":["post-3182","archive","type-archive","status-publish","has-post-thumbnail","hentry","category-actualites"],"yoast_head":"<!-- This site is optimized with the Yoast SEO plugin v27.5 - https:\/\/yoast.com\/product\/yoast-seo-wordpress\/ -->\n<title>04\/02 - WEBINAIRE - Nos libert\u00e9s confin\u00e9es #2 : Le droit \u00e0 la sant\u00e9 plus fort que les libert\u00e9s fondamentales ? - Ch\u00e2teau de Goutelas<\/title>\n<meta name=\"robots\" content=\"index, follow, max-snippet:-1, max-image-preview:large, max-video-preview:-1\" \/>\n<link rel=\"canonical\" href=\"https:\/\/www.chateaudegoutelas.fr\/en\/archive\/04-02-webinaire-nos-libertes-confinees-2-le-droit-a-la-sante-plus-fort-que-les-libertes-fondamentales\/\" \/>\n<meta property=\"og:locale\" content=\"en_GB\" \/>\n<meta property=\"og:type\" content=\"article\" \/>\n<meta property=\"og:title\" content=\"04\/02 - WEBINAIRE - Nos libert\u00e9s confin\u00e9es #2 : Le droit \u00e0 la sant\u00e9 plus fort que les libert\u00e9s fondamentales ? - Ch\u00e2teau de Goutelas\" \/>\n<meta property=\"og:description\" content=\"JEUDI 04\/02 &#8211; 12H &#8211; 14H EN VISIOCONF\u00c9RENCE Nos libert\u00e9s confin\u00e9es, un cycle de trois visioconfe\u0301rences (janvier-fe\u0301vrier 2021) coorganis\u00e9 par l\u2019Observatoire lyonnais des libert\u00e9s publiques et le Ch\u00e2teau de Goutelas, Centre culturel de rencontre &nbsp; Conf\u00e9rence #2 : Le droit \u00e0 la sant\u00e9 plus fort que les libert\u00e9s fondamentales ? &nbsp; \u00c0 partir des points [&hellip;]\" \/>\n<meta property=\"og:url\" content=\"https:\/\/www.chateaudegoutelas.fr\/en\/archive\/04-02-webinaire-nos-libertes-confinees-2-le-droit-a-la-sante-plus-fort-que-les-libertes-fondamentales\/\" \/>\n<meta property=\"og:site_name\" content=\"Ch\u00e2teau de Goutelas\" \/>\n<meta property=\"article:modified_time\" content=\"2023-05-26T07:59:05+00:00\" \/>\n<meta property=\"og:image\" content=\"https:\/\/www.chateaudegoutelas.fr\/wp-content\/uploads\/2021\/01\/Visuel_cycle_2.jpg\" \/>\n\t<meta property=\"og:image:width\" content=\"1754\" \/>\n\t<meta property=\"og:image:height\" content=\"1754\" \/>\n\t<meta property=\"og:image:type\" content=\"image\/jpeg\" \/>\n<meta name=\"twitter:card\" content=\"summary_large_image\" \/>\n<meta name=\"twitter:label1\" content=\"Estimated reading time\" \/>\n\t<meta name=\"twitter:data1\" content=\"3 minutes\" \/>\n<script type=\"application\/ld+json\" class=\"yoast-schema-graph\">{\"@context\":\"https:\\\/\\\/schema.org\",\"@graph\":[{\"@type\":\"WebPage\",\"@id\":\"https:\\\/\\\/www.chateaudegoutelas.fr\\\/archive\\\/04-02-webinaire-nos-libertes-confinees-2-le-droit-a-la-sante-plus-fort-que-les-libertes-fondamentales\\\/\",\"url\":\"https:\\\/\\\/www.chateaudegoutelas.fr\\\/archive\\\/04-02-webinaire-nos-libertes-confinees-2-le-droit-a-la-sante-plus-fort-que-les-libertes-fondamentales\\\/\",\"name\":\"04\\\/02 - WEBINAIRE - Nos libert\u00e9s confin\u00e9es #2 : Le droit \u00e0 la sant\u00e9 plus fort que les libert\u00e9s fondamentales ? - Ch\u00e2teau de Goutelas\",\"isPartOf\":{\"@id\":\"https:\\\/\\\/www.chateaudegoutelas.fr\\\/#website\"},\"primaryImageOfPage\":{\"@id\":\"https:\\\/\\\/www.chateaudegoutelas.fr\\\/archive\\\/04-02-webinaire-nos-libertes-confinees-2-le-droit-a-la-sante-plus-fort-que-les-libertes-fondamentales\\\/#primaryimage\"},\"image\":{\"@id\":\"https:\\\/\\\/www.chateaudegoutelas.fr\\\/archive\\\/04-02-webinaire-nos-libertes-confinees-2-le-droit-a-la-sante-plus-fort-que-les-libertes-fondamentales\\\/#primaryimage\"},\"thumbnailUrl\":\"https:\\\/\\\/www.chateaudegoutelas.fr\\\/wp-content\\\/uploads\\\/2021\\\/01\\\/Visuel_cycle_2.jpg\",\"datePublished\":\"2021-01-18T08:44:42+00:00\",\"dateModified\":\"2023-05-26T07:59:05+00:00\",\"breadcrumb\":{\"@id\":\"https:\\\/\\\/www.chateaudegoutelas.fr\\\/archive\\\/04-02-webinaire-nos-libertes-confinees-2-le-droit-a-la-sante-plus-fort-que-les-libertes-fondamentales\\\/#breadcrumb\"},\"inLanguage\":\"en-GB\",\"potentialAction\":[{\"@type\":\"ReadAction\",\"target\":[\"https:\\\/\\\/www.chateaudegoutelas.fr\\\/archive\\\/04-02-webinaire-nos-libertes-confinees-2-le-droit-a-la-sante-plus-fort-que-les-libertes-fondamentales\\\/\"]}]},{\"@type\":\"ImageObject\",\"inLanguage\":\"en-GB\",\"@id\":\"https:\\\/\\\/www.chateaudegoutelas.fr\\\/archive\\\/04-02-webinaire-nos-libertes-confinees-2-le-droit-a-la-sante-plus-fort-que-les-libertes-fondamentales\\\/#primaryimage\",\"url\":\"https:\\\/\\\/www.chateaudegoutelas.fr\\\/wp-content\\\/uploads\\\/2021\\\/01\\\/Visuel_cycle_2.jpg\",\"contentUrl\":\"https:\\\/\\\/www.chateaudegoutelas.fr\\\/wp-content\\\/uploads\\\/2021\\\/01\\\/Visuel_cycle_2.jpg\",\"width\":1754,\"height\":1754},{\"@type\":\"BreadcrumbList\",\"@id\":\"https:\\\/\\\/www.chateaudegoutelas.fr\\\/archive\\\/04-02-webinaire-nos-libertes-confinees-2-le-droit-a-la-sante-plus-fort-que-les-libertes-fondamentales\\\/#breadcrumb\",\"itemListElement\":[{\"@type\":\"ListItem\",\"position\":1,\"name\":\"Accueil\",\"item\":\"https:\\\/\\\/www.chateaudegoutelas.fr\\\/\"},{\"@type\":\"ListItem\",\"position\":2,\"name\":\"04\\\/02 &#8211; WEBINAIRE &#8211; Nos libert\u00e9s confin\u00e9es #2 : Le droit \u00e0 la sant\u00e9 plus fort que les libert\u00e9s fondamentales ?\"}]},{\"@type\":\"WebSite\",\"@id\":\"https:\\\/\\\/www.chateaudegoutelas.fr\\\/#website\",\"url\":\"https:\\\/\\\/www.chateaudegoutelas.fr\\\/\",\"name\":\"Ch\u00e2teau de Goutelas\",\"description\":\"Un centre culturel de rencontre en Forez\",\"publisher\":{\"@id\":\"https:\\\/\\\/www.chateaudegoutelas.fr\\\/#organization\"},\"potentialAction\":[{\"@type\":\"SearchAction\",\"target\":{\"@type\":\"EntryPoint\",\"urlTemplate\":\"https:\\\/\\\/www.chateaudegoutelas.fr\\\/?s={search_term_string}\"},\"query-input\":{\"@type\":\"PropertyValueSpecification\",\"valueRequired\":true,\"valueName\":\"search_term_string\"}}],\"inLanguage\":\"en-GB\"},{\"@type\":\"Organization\",\"@id\":\"https:\\\/\\\/www.chateaudegoutelas.fr\\\/#organization\",\"name\":\"Ch\u00e2teau de Goutelas\",\"url\":\"https:\\\/\\\/www.chateaudegoutelas.fr\\\/\",\"logo\":{\"@type\":\"ImageObject\",\"inLanguage\":\"en-GB\",\"@id\":\"https:\\\/\\\/www.chateaudegoutelas.fr\\\/#\\\/schema\\\/logo\\\/image\\\/\",\"url\":\"https:\\\/\\\/www.chateaudegoutelas.fr\\\/wp-content\\\/uploads\\\/2023\\\/05\\\/logo-chateau-goutelas-bleu.png\",\"contentUrl\":\"https:\\\/\\\/www.chateaudegoutelas.fr\\\/wp-content\\\/uploads\\\/2023\\\/05\\\/logo-chateau-goutelas-bleu.png\",\"width\":1123,\"height\":327,\"caption\":\"Ch\u00e2teau de Goutelas\"},\"image\":{\"@id\":\"https:\\\/\\\/www.chateaudegoutelas.fr\\\/#\\\/schema\\\/logo\\\/image\\\/\"}}]}<\/script>\n<!-- \/ Yoast SEO plugin. -->","yoast_head_json":{"title":"04\/02 - WEBINAIRE - Nos libert\u00e9s confin\u00e9es #2 : Le droit \u00e0 la sant\u00e9 plus fort que les libert\u00e9s fondamentales ? - Ch\u00e2teau de Goutelas","robots":{"index":"index","follow":"follow","max-snippet":"max-snippet:-1","max-image-preview":"max-image-preview:large","max-video-preview":"max-video-preview:-1"},"canonical":"https:\/\/www.chateaudegoutelas.fr\/en\/archive\/04-02-webinaire-nos-libertes-confinees-2-le-droit-a-la-sante-plus-fort-que-les-libertes-fondamentales\/","og_locale":"en_GB","og_type":"article","og_title":"04\/02 - WEBINAIRE - Nos libert\u00e9s confin\u00e9es #2 : Le droit \u00e0 la sant\u00e9 plus fort que les libert\u00e9s fondamentales ? - Ch\u00e2teau de Goutelas","og_description":"JEUDI 04\/02 &#8211; 12H &#8211; 14H EN VISIOCONF\u00c9RENCE Nos libert\u00e9s confin\u00e9es, un cycle de trois visioconfe\u0301rences (janvier-fe\u0301vrier 2021) coorganis\u00e9 par l\u2019Observatoire lyonnais des libert\u00e9s publiques et le Ch\u00e2teau de Goutelas, Centre culturel de rencontre &nbsp; Conf\u00e9rence #2 : Le droit \u00e0 la sant\u00e9 plus fort que les libert\u00e9s fondamentales ? &nbsp; \u00c0 partir des points [&hellip;]","og_url":"https:\/\/www.chateaudegoutelas.fr\/en\/archive\/04-02-webinaire-nos-libertes-confinees-2-le-droit-a-la-sante-plus-fort-que-les-libertes-fondamentales\/","og_site_name":"Ch\u00e2teau de Goutelas","article_modified_time":"2023-05-26T07:59:05+00:00","og_image":[{"width":1754,"height":1754,"url":"https:\/\/www.chateaudegoutelas.fr\/wp-content\/uploads\/2021\/01\/Visuel_cycle_2.jpg","type":"image\/jpeg"}],"twitter_card":"summary_large_image","twitter_misc":{"Estimated reading time":"3 minutes"},"schema":{"@context":"https:\/\/schema.org","@graph":[{"@type":"WebPage","@id":"https:\/\/www.chateaudegoutelas.fr\/archive\/04-02-webinaire-nos-libertes-confinees-2-le-droit-a-la-sante-plus-fort-que-les-libertes-fondamentales\/","url":"https:\/\/www.chateaudegoutelas.fr\/archive\/04-02-webinaire-nos-libertes-confinees-2-le-droit-a-la-sante-plus-fort-que-les-libertes-fondamentales\/","name":"04\/02 - WEBINAIRE - Nos libert\u00e9s confin\u00e9es #2 : Le droit \u00e0 la sant\u00e9 plus fort que les libert\u00e9s fondamentales ? - Ch\u00e2teau de Goutelas","isPartOf":{"@id":"https:\/\/www.chateaudegoutelas.fr\/#website"},"primaryImageOfPage":{"@id":"https:\/\/www.chateaudegoutelas.fr\/archive\/04-02-webinaire-nos-libertes-confinees-2-le-droit-a-la-sante-plus-fort-que-les-libertes-fondamentales\/#primaryimage"},"image":{"@id":"https:\/\/www.chateaudegoutelas.fr\/archive\/04-02-webinaire-nos-libertes-confinees-2-le-droit-a-la-sante-plus-fort-que-les-libertes-fondamentales\/#primaryimage"},"thumbnailUrl":"https:\/\/www.chateaudegoutelas.fr\/wp-content\/uploads\/2021\/01\/Visuel_cycle_2.jpg","datePublished":"2021-01-18T08:44:42+00:00","dateModified":"2023-05-26T07:59:05+00:00","breadcrumb":{"@id":"https:\/\/www.chateaudegoutelas.fr\/archive\/04-02-webinaire-nos-libertes-confinees-2-le-droit-a-la-sante-plus-fort-que-les-libertes-fondamentales\/#breadcrumb"},"inLanguage":"en-GB","potentialAction":[{"@type":"ReadAction","target":["https:\/\/www.chateaudegoutelas.fr\/archive\/04-02-webinaire-nos-libertes-confinees-2-le-droit-a-la-sante-plus-fort-que-les-libertes-fondamentales\/"]}]},{"@type":"ImageObject","inLanguage":"en-GB","@id":"https:\/\/www.chateaudegoutelas.fr\/archive\/04-02-webinaire-nos-libertes-confinees-2-le-droit-a-la-sante-plus-fort-que-les-libertes-fondamentales\/#primaryimage","url":"https:\/\/www.chateaudegoutelas.fr\/wp-content\/uploads\/2021\/01\/Visuel_cycle_2.jpg","contentUrl":"https:\/\/www.chateaudegoutelas.fr\/wp-content\/uploads\/2021\/01\/Visuel_cycle_2.jpg","width":1754,"height":1754},{"@type":"BreadcrumbList","@id":"https:\/\/www.chateaudegoutelas.fr\/archive\/04-02-webinaire-nos-libertes-confinees-2-le-droit-a-la-sante-plus-fort-que-les-libertes-fondamentales\/#breadcrumb","itemListElement":[{"@type":"ListItem","position":1,"name":"Accueil","item":"https:\/\/www.chateaudegoutelas.fr\/"},{"@type":"ListItem","position":2,"name":"04\/02 &#8211; WEBINAIRE &#8211; Nos libert\u00e9s confin\u00e9es #2 : Le droit \u00e0 la sant\u00e9 plus fort que les libert\u00e9s fondamentales ?"}]},{"@type":"WebSite","@id":"https:\/\/www.chateaudegoutelas.fr\/#website","url":"https:\/\/www.chateaudegoutelas.fr\/","name":"Ch\u00e2teau de Goutelas","description":"Un centre culturel de rencontre en Forez","publisher":{"@id":"https:\/\/www.chateaudegoutelas.fr\/#organization"},"potentialAction":[{"@type":"SearchAction","target":{"@type":"EntryPoint","urlTemplate":"https:\/\/www.chateaudegoutelas.fr\/?s={search_term_string}"},"query-input":{"@type":"PropertyValueSpecification","valueRequired":true,"valueName":"search_term_string"}}],"inLanguage":"en-GB"},{"@type":"Organization","@id":"https:\/\/www.chateaudegoutelas.fr\/#organization","name":"Ch\u00e2teau de Goutelas","url":"https:\/\/www.chateaudegoutelas.fr\/","logo":{"@type":"ImageObject","inLanguage":"en-GB","@id":"https:\/\/www.chateaudegoutelas.fr\/#\/schema\/logo\/image\/","url":"https:\/\/www.chateaudegoutelas.fr\/wp-content\/uploads\/2023\/05\/logo-chateau-goutelas-bleu.png","contentUrl":"https:\/\/www.chateaudegoutelas.fr\/wp-content\/uploads\/2023\/05\/logo-chateau-goutelas-bleu.png","width":1123,"height":327,"caption":"Ch\u00e2teau de Goutelas"},"image":{"@id":"https:\/\/www.chateaudegoutelas.fr\/#\/schema\/logo\/image\/"}}]}},"_links":{"self":[{"href":"https:\/\/www.chateaudegoutelas.fr\/en\/wp-json\/wp\/v2\/archive\/3182","targetHints":{"allow":["GET"]}}],"collection":[{"href":"https:\/\/www.chateaudegoutelas.fr\/en\/wp-json\/wp\/v2\/archive"}],"about":[{"href":"https:\/\/www.chateaudegoutelas.fr\/en\/wp-json\/wp\/v2\/types\/archive"}],"author":[{"embeddable":true,"href":"https:\/\/www.chateaudegoutelas.fr\/en\/wp-json\/wp\/v2\/users\/7"}],"wp:featuredmedia":[{"embeddable":true,"href":"https:\/\/www.chateaudegoutelas.fr\/en\/wp-json\/wp\/v2\/media\/3184"}],"wp:attachment":[{"href":"https:\/\/www.chateaudegoutelas.fr\/en\/wp-json\/wp\/v2\/media?parent=3182"}],"wp:term":[{"taxonomy":"category","embeddable":true,"href":"https:\/\/www.chateaudegoutelas.fr\/en\/wp-json\/wp\/v2\/categories?post=3182"},{"taxonomy":"post_tag","embeddable":true,"href":"https:\/\/www.chateaudegoutelas.fr\/en\/wp-json\/wp\/v2\/tags?post=3182"}],"curies":[{"name":"wp","href":"https:\/\/api.w.org\/{rel}","templated":true}]}}