{"id":3154,"date":"2021-01-11T11:36:34","date_gmt":"2021-01-11T10:36:34","guid":{"rendered":"https:\/\/www.chateaudegoutelas.fr\/?p=3154"},"modified":"2023-05-26T09:59:08","modified_gmt":"2023-05-26T07:59:08","slug":"21-01-webinaire-nos-libertes-confinees-1-leffacement-du-citoyen","status":"publish","type":"archive","link":"https:\/\/www.chateaudegoutelas.fr\/en\/archive\/21-01-webinaire-nos-libertes-confinees-1-leffacement-du-citoyen\/","title":{"rendered":"21\/01 &#8211; WEBINAIRE &#8211; Nos libert\u00e9s confin\u00e9es #1 : L&rsquo;effacement du citoyen"},"content":{"rendered":"<div class=\"shmMigrate\"><\/div>\n<div class=\"shmMigrate\"><\/div>\n<div class=\"shmMigrate\"><\/div>\n<h4>Jeudi 21\/01 &#8211; 12H-14H<\/h4>\n<h4>En visioconf\u00e9rence<\/h4>\n<div class=\"shmMigrate\"><\/div>\n<div class=\"shmMigrate\"><\/div>\n<div class=\"shmMigrate\"><\/div>\n<p><strong>Nos libert\u00e9s confin\u00e9es, un cycle de trois visioconfe\u0301rences (janvier-fe\u0301vrier 2021) coorganis\u00e9 par l\u2019Observatoire lyonnais des libert\u00e9s publiques et le Ch\u00e2teau de Goutelas, Centre culturel de rencontre<\/strong><\/p>\n<p>&nbsp;<\/p>\n<p><strong>Conf\u00e9rence #1 : L&rsquo;effacement du citoyen<\/strong><\/p>\n<p>&nbsp;<\/p>\n<p>La cr\u00e9ation d\u2019un nouvel \u00e9tat d\u2019urgence sanitaire par la loi du 23 mars 2020 conduit \u00e0 mesurer l\u2019impact de l\u2019e\u0301tat d\u2019urgence se\u0301curitaire et \u00e0 s\u2019interroger sur la normalisation et la banalisation de l\u2019urgence depuis 2015, l\u2019affaiblissement des contre-pouvoirs et l\u2019alte\u0301ration du rapport aux liberte\u0301s. Quelle place pour le citoyen \u00ab confine\u0301 \u00bb face a\u0300 un Etat toujours plus intrusif ?<\/p>\n<p>&nbsp;<\/p>\n<p>Mod\u00e9ration par <strong>Franck Heurtrey<\/strong>, avocat, pr\u00e9sident commission droits de l\u2019Homme et libert\u00e9s publiques du Barreau de Lyon<\/p>\n<p>&nbsp;<\/p>\n<p>Introduction :<\/p>\n<p>&nbsp;<\/p>\n<p><strong>Serge Deygas<\/strong>, Ba\u0302tonnier du Barreau de Lyon<\/p>\n<p><strong>Marie-Claude Mioche<\/strong>, Pre\u0301sidente du Ch\u00e2teau de Goutelas<\/p>\n<p>&nbsp;<\/p>\n<p>Avec :<\/p>\n<p>&nbsp;<\/p>\n<p><strong>Mireille Delmas-Marty<\/strong>, juriste, professeure e\u0301me\u0301rite au Colle\u0300ge de France et membre de l\u2019Acad\u00e9mie des sciences morales et politiques<\/p>\n<p><strong>Karine Roudier<\/strong>, ma\u00eetre de conf\u00e9rences en droit public, directrice adjointe de l\u2019e\u0301quipe de droit public \u2013 Sciences Po Lyon<\/p>\n<p><strong>Jean-Fran\u00e7ois Barre<\/strong>, avocat, vice-B\u00e2tonnier \u00e9lu, ancien pr\u00e9sident de la commission droit p\u00e9nal du Barreau de Lyon<\/p>\n<p>&nbsp;<\/p>\n<p>En introduction de cette conf\u00e9rence, l\u2019artiste et commissaire d\u2019exposition <strong>Thierry Fournier<\/strong> pr\u00e9sente La Main invisible, s\u00e9rie de 8 images num\u00e9riques d\u2019apr\u00e8s des photographies de NnoMan, Amaury Cornu, Beno\u00eet Durand, Anne Paq, Julien Pitinome, Kiran Ridley et Charly Triballeau.<\/p>\n<p>La Main invisible transforme des photographies de reportage qui t\u00e9moignent de violences polici\u00e8res, en effa\u00e7ant int\u00e9gralement les policiers de l\u2019image.<\/p>\n<div class=\"shmMigrate\"><\/div>\n<div class=\"shmMigrate\"><\/div>\n<div class=\"shmMigrate\"><\/div>\n<div class=\"shmMigrate\"><\/div>\n<div class=\"shmMigrate\"><\/div>\n<p><strong><span style=\"color: #000000;\">NOS LIBERT\u00c9S CONFIN\u00c9ES<\/span><\/strong><\/p>\n<p>&nbsp;<\/p>\n<p><span style=\"color: #000000;\">Les dispositions l\u00e9gales et r\u00e9glementaires adopt\u00e9es en France pour faire face \u00e0 l\u2019\u00e9pid\u00e9mie en cours, notamment la cr\u00e9ation d\u2019un r\u00e9gime d\u2019\u00ab \u00e9tat d\u2019urgence sanitaire \u00bb par la loi du 23 mars 2020, ont apport\u00e9 ou permis d\u2019apporter des restrictions inusit\u00e9es \u00e0 des libert\u00e9s constitutionnellement garanties. Diverses dispositions pr\u00e9vues par la proposition de loi \u00ab relative \u00e0 la s\u00e9curit\u00e9 globale \u00bb et le projet de loi \u00ab confortant les principes r\u00e9publicains \u00bb suscitent inqui\u00e9tudes et protestations. Voil\u00e0 qui commande de s\u2019interroger sur l\u2019\u00e9tat de \u00ab l\u2019\u00c9tat de droit \u00bb dans ce pays.<\/span><\/p>\n<p>&nbsp;<\/p>\n<p><span style=\"color: #000000;\">Les trois visioconf\u00e9rences propos\u00e9es ont pour ambition de comprendre comment certaines innovations juridiques des ann\u00e9es r\u00e9centes ont abouti \u00e0 une sorte <strong>d\u2019effacement du citoyen<\/strong> par alt\u00e9ration de ses libert\u00e9s et r\u00e9duction du r\u00f4le de la d\u00e9lib\u00e9ration d\u00e9mocratique (premi\u00e8re conf\u00e9rence), en quoi <strong>le \u00ab droit \u00e0 la sant\u00e9 \u00bb peut justifier certaines de ces restrictions<\/strong> (deuxi\u00e8me conf\u00e9rence), et ce qui pourrait permettre de <strong>retrouver le chemin des libert\u00e9s<\/strong> (troisi\u00e8me conf\u00e9rence).<\/span><\/p>\n<p>&nbsp;<\/p>\n<p><span style=\"color: #000000;\">En ouverture et en \u00e9cho de chaque conf\u00e9rence, l\u2019artiste et commissaire d\u2019exposition <strong>Thierry Fournier<\/strong> pr\u00e9sentera bri\u00e8vement sa pratique et une \u0153uvre.<\/span><\/p>\n<div class=\"shmMigrate\"><\/div>\n<div class=\"shmMigrate\"><\/div>\n<div class=\"shmMigrate\"><\/div>\n<div class=\"shmMigrate\"><\/div>\n<div class=\"shmMigrate\"><\/div>\n<div class=\"shmMigrate\"><\/div>","protected":false},"author":7,"featured_media":3186,"template":"","meta":{"site-sidebar-layout":"default","site-content-layout":"","ast-site-content-layout":"default","site-content-style":"default","site-sidebar-style":"default","ast-global-header-display":"","ast-banner-title-visibility":"","ast-main-header-display":"","ast-hfb-above-header-display":"","ast-hfb-below-header-display":"","ast-hfb-mobile-header-display":"","site-post-title":"","ast-breadcrumbs-content":null,"ast-featured-img":"","footer-sml-layout":"","ast-disable-related-posts":"","theme-transparent-header-meta":"","adv-header-id-meta":"","stick-header-meta":"","header-above-stick-meta":null,"header-main-stick-meta":"","header-below-stick-meta":null,"astra-migrate-meta-layouts":"default","ast-page-background-enabled":"default","ast-page-background-meta":{"desktop":{"background-color":"","background-image":"","background-repeat":"repeat","background-position":"center center","background-size":"auto","background-attachment":"scroll","background-type":"","background-media":"","overlay-type":"","overlay-color":"","overlay-opacity":"","overlay-gradient":""},"tablet":{"background-color":"","background-image":"","background-repeat":"repeat","background-position":"center center","background-size":"auto","background-attachment":"scroll","background-type":"","background-media":"","overlay-type":"","overlay-color":"","overlay-opacity":"","overlay-gradient":""},"mobile":{"background-color":"","background-image":"","background-repeat":"repeat","background-position":"center center","background-size":"auto","background-attachment":"scroll","background-type":"","background-media":"","overlay-type":"","overlay-color":"","overlay-opacity":"","overlay-gradient":""}},"ast-content-background-meta":{"desktop":{"background-color":"var(--ast-global-color-5)","background-image":"","background-repeat":"repeat","background-position":"center center","background-size":"auto","background-attachment":"scroll","background-type":"","background-media":"","overlay-type":"","overlay-color":"","overlay-opacity":"","overlay-gradient":""},"tablet":{"background-color":"var(--ast-global-color-5)","background-image":"","background-repeat":"repeat","background-position":"center center","background-size":"auto","background-attachment":"scroll","background-type":"","background-media":"","overlay-type":"","overlay-color":"","overlay-opacity":"","overlay-gradient":""},"mobile":{"background-color":"var(--ast-global-color-5)","background-image":"","background-repeat":"repeat","background-position":"center center","background-size":"auto","background-attachment":"scroll","background-type":"","background-media":"","overlay-type":"","overlay-color":"","overlay-opacity":"","overlay-gradient":""}}},"categories":[4],"tags":[],"class_list":["post-3154","archive","type-archive","status-publish","has-post-thumbnail","hentry","category-actualites"],"yoast_head":"<!-- This site is optimized with the Yoast SEO plugin v27.5 - https:\/\/yoast.com\/product\/yoast-seo-wordpress\/ -->\n<title>21\/01 - WEBINAIRE - Nos libert\u00e9s confin\u00e9es #1 : L&#039;effacement du citoyen - Ch\u00e2teau de Goutelas<\/title>\n<meta name=\"robots\" content=\"index, follow, max-snippet:-1, max-image-preview:large, max-video-preview:-1\" \/>\n<link rel=\"canonical\" href=\"https:\/\/www.chateaudegoutelas.fr\/en\/archive\/21-01-webinaire-nos-libertes-confinees-1-leffacement-du-citoyen\/\" \/>\n<meta property=\"og:locale\" content=\"en_GB\" \/>\n<meta property=\"og:type\" content=\"article\" \/>\n<meta property=\"og:title\" content=\"21\/01 - WEBINAIRE - Nos libert\u00e9s confin\u00e9es #1 : L&#039;effacement du citoyen - Ch\u00e2teau de Goutelas\" \/>\n<meta property=\"og:description\" content=\"Jeudi 21\/01 &#8211; 12H-14H En visioconf\u00e9rence Nos libert\u00e9s confin\u00e9es, un cycle de trois visioconfe\u0301rences (janvier-fe\u0301vrier 2021) coorganis\u00e9 par l\u2019Observatoire lyonnais des libert\u00e9s publiques et le Ch\u00e2teau de Goutelas, Centre culturel de rencontre &nbsp; Conf\u00e9rence #1 : L&rsquo;effacement du citoyen &nbsp; La cr\u00e9ation d\u2019un nouvel \u00e9tat d\u2019urgence sanitaire par la loi du 23 mars 2020 conduit [&hellip;]\" \/>\n<meta property=\"og:url\" content=\"https:\/\/www.chateaudegoutelas.fr\/en\/archive\/21-01-webinaire-nos-libertes-confinees-1-leffacement-du-citoyen\/\" \/>\n<meta property=\"og:site_name\" content=\"Ch\u00e2teau de Goutelas\" \/>\n<meta property=\"article:modified_time\" content=\"2023-05-26T07:59:08+00:00\" \/>\n<meta property=\"og:image\" content=\"https:\/\/www.chateaudegoutelas.fr\/wp-content\/uploads\/2021\/01\/Visuel_cycle_1.jpg\" \/>\n\t<meta property=\"og:image:width\" content=\"1754\" \/>\n\t<meta property=\"og:image:height\" content=\"1754\" \/>\n\t<meta property=\"og:image:type\" content=\"image\/jpeg\" \/>\n<meta name=\"twitter:card\" content=\"summary_large_image\" \/>\n<meta name=\"twitter:label1\" content=\"Estimated reading time\" \/>\n\t<meta name=\"twitter:data1\" content=\"3 minutes\" \/>\n<script type=\"application\/ld+json\" class=\"yoast-schema-graph\">{\"@context\":\"https:\\\/\\\/schema.org\",\"@graph\":[{\"@type\":\"WebPage\",\"@id\":\"https:\\\/\\\/www.chateaudegoutelas.fr\\\/archive\\\/21-01-webinaire-nos-libertes-confinees-1-leffacement-du-citoyen\\\/\",\"url\":\"https:\\\/\\\/www.chateaudegoutelas.fr\\\/archive\\\/21-01-webinaire-nos-libertes-confinees-1-leffacement-du-citoyen\\\/\",\"name\":\"21\\\/01 - WEBINAIRE - Nos libert\u00e9s confin\u00e9es #1 : L'effacement du citoyen - Ch\u00e2teau de Goutelas\",\"isPartOf\":{\"@id\":\"https:\\\/\\\/www.chateaudegoutelas.fr\\\/#website\"},\"primaryImageOfPage\":{\"@id\":\"https:\\\/\\\/www.chateaudegoutelas.fr\\\/archive\\\/21-01-webinaire-nos-libertes-confinees-1-leffacement-du-citoyen\\\/#primaryimage\"},\"image\":{\"@id\":\"https:\\\/\\\/www.chateaudegoutelas.fr\\\/archive\\\/21-01-webinaire-nos-libertes-confinees-1-leffacement-du-citoyen\\\/#primaryimage\"},\"thumbnailUrl\":\"https:\\\/\\\/www.chateaudegoutelas.fr\\\/wp-content\\\/uploads\\\/2021\\\/01\\\/Visuel_cycle_1.jpg\",\"datePublished\":\"2021-01-11T10:36:34+00:00\",\"dateModified\":\"2023-05-26T07:59:08+00:00\",\"breadcrumb\":{\"@id\":\"https:\\\/\\\/www.chateaudegoutelas.fr\\\/archive\\\/21-01-webinaire-nos-libertes-confinees-1-leffacement-du-citoyen\\\/#breadcrumb\"},\"inLanguage\":\"en-GB\",\"potentialAction\":[{\"@type\":\"ReadAction\",\"target\":[\"https:\\\/\\\/www.chateaudegoutelas.fr\\\/archive\\\/21-01-webinaire-nos-libertes-confinees-1-leffacement-du-citoyen\\\/\"]}]},{\"@type\":\"ImageObject\",\"inLanguage\":\"en-GB\",\"@id\":\"https:\\\/\\\/www.chateaudegoutelas.fr\\\/archive\\\/21-01-webinaire-nos-libertes-confinees-1-leffacement-du-citoyen\\\/#primaryimage\",\"url\":\"https:\\\/\\\/www.chateaudegoutelas.fr\\\/wp-content\\\/uploads\\\/2021\\\/01\\\/Visuel_cycle_1.jpg\",\"contentUrl\":\"https:\\\/\\\/www.chateaudegoutelas.fr\\\/wp-content\\\/uploads\\\/2021\\\/01\\\/Visuel_cycle_1.jpg\",\"width\":1754,\"height\":1754},{\"@type\":\"BreadcrumbList\",\"@id\":\"https:\\\/\\\/www.chateaudegoutelas.fr\\\/archive\\\/21-01-webinaire-nos-libertes-confinees-1-leffacement-du-citoyen\\\/#breadcrumb\",\"itemListElement\":[{\"@type\":\"ListItem\",\"position\":1,\"name\":\"Accueil\",\"item\":\"https:\\\/\\\/www.chateaudegoutelas.fr\\\/\"},{\"@type\":\"ListItem\",\"position\":2,\"name\":\"21\\\/01 &#8211; WEBINAIRE &#8211; Nos libert\u00e9s confin\u00e9es #1 : L&rsquo;effacement du citoyen\"}]},{\"@type\":\"WebSite\",\"@id\":\"https:\\\/\\\/www.chateaudegoutelas.fr\\\/#website\",\"url\":\"https:\\\/\\\/www.chateaudegoutelas.fr\\\/\",\"name\":\"Ch\u00e2teau de Goutelas\",\"description\":\"Un centre culturel de rencontre en Forez\",\"publisher\":{\"@id\":\"https:\\\/\\\/www.chateaudegoutelas.fr\\\/#organization\"},\"potentialAction\":[{\"@type\":\"SearchAction\",\"target\":{\"@type\":\"EntryPoint\",\"urlTemplate\":\"https:\\\/\\\/www.chateaudegoutelas.fr\\\/?s={search_term_string}\"},\"query-input\":{\"@type\":\"PropertyValueSpecification\",\"valueRequired\":true,\"valueName\":\"search_term_string\"}}],\"inLanguage\":\"en-GB\"},{\"@type\":\"Organization\",\"@id\":\"https:\\\/\\\/www.chateaudegoutelas.fr\\\/#organization\",\"name\":\"Ch\u00e2teau de Goutelas\",\"url\":\"https:\\\/\\\/www.chateaudegoutelas.fr\\\/\",\"logo\":{\"@type\":\"ImageObject\",\"inLanguage\":\"en-GB\",\"@id\":\"https:\\\/\\\/www.chateaudegoutelas.fr\\\/#\\\/schema\\\/logo\\\/image\\\/\",\"url\":\"https:\\\/\\\/www.chateaudegoutelas.fr\\\/wp-content\\\/uploads\\\/2023\\\/05\\\/logo-chateau-goutelas-bleu.png\",\"contentUrl\":\"https:\\\/\\\/www.chateaudegoutelas.fr\\\/wp-content\\\/uploads\\\/2023\\\/05\\\/logo-chateau-goutelas-bleu.png\",\"width\":1123,\"height\":327,\"caption\":\"Ch\u00e2teau de Goutelas\"},\"image\":{\"@id\":\"https:\\\/\\\/www.chateaudegoutelas.fr\\\/#\\\/schema\\\/logo\\\/image\\\/\"}}]}<\/script>\n<!-- \/ Yoast SEO plugin. -->","yoast_head_json":{"title":"21\/01 - WEBINAIRE - Nos libert\u00e9s confin\u00e9es #1 : L'effacement du citoyen - Ch\u00e2teau de Goutelas","robots":{"index":"index","follow":"follow","max-snippet":"max-snippet:-1","max-image-preview":"max-image-preview:large","max-video-preview":"max-video-preview:-1"},"canonical":"https:\/\/www.chateaudegoutelas.fr\/en\/archive\/21-01-webinaire-nos-libertes-confinees-1-leffacement-du-citoyen\/","og_locale":"en_GB","og_type":"article","og_title":"21\/01 - WEBINAIRE - Nos libert\u00e9s confin\u00e9es #1 : L'effacement du citoyen - Ch\u00e2teau de Goutelas","og_description":"Jeudi 21\/01 &#8211; 12H-14H En visioconf\u00e9rence Nos libert\u00e9s confin\u00e9es, un cycle de trois visioconfe\u0301rences (janvier-fe\u0301vrier 2021) coorganis\u00e9 par l\u2019Observatoire lyonnais des libert\u00e9s publiques et le Ch\u00e2teau de Goutelas, Centre culturel de rencontre &nbsp; Conf\u00e9rence #1 : L&rsquo;effacement du citoyen &nbsp; La cr\u00e9ation d\u2019un nouvel \u00e9tat d\u2019urgence sanitaire par la loi du 23 mars 2020 conduit [&hellip;]","og_url":"https:\/\/www.chateaudegoutelas.fr\/en\/archive\/21-01-webinaire-nos-libertes-confinees-1-leffacement-du-citoyen\/","og_site_name":"Ch\u00e2teau de Goutelas","article_modified_time":"2023-05-26T07:59:08+00:00","og_image":[{"width":1754,"height":1754,"url":"https:\/\/www.chateaudegoutelas.fr\/wp-content\/uploads\/2021\/01\/Visuel_cycle_1.jpg","type":"image\/jpeg"}],"twitter_card":"summary_large_image","twitter_misc":{"Estimated reading time":"3 minutes"},"schema":{"@context":"https:\/\/schema.org","@graph":[{"@type":"WebPage","@id":"https:\/\/www.chateaudegoutelas.fr\/archive\/21-01-webinaire-nos-libertes-confinees-1-leffacement-du-citoyen\/","url":"https:\/\/www.chateaudegoutelas.fr\/archive\/21-01-webinaire-nos-libertes-confinees-1-leffacement-du-citoyen\/","name":"21\/01 - WEBINAIRE - Nos libert\u00e9s confin\u00e9es #1 : L'effacement du citoyen - Ch\u00e2teau de Goutelas","isPartOf":{"@id":"https:\/\/www.chateaudegoutelas.fr\/#website"},"primaryImageOfPage":{"@id":"https:\/\/www.chateaudegoutelas.fr\/archive\/21-01-webinaire-nos-libertes-confinees-1-leffacement-du-citoyen\/#primaryimage"},"image":{"@id":"https:\/\/www.chateaudegoutelas.fr\/archive\/21-01-webinaire-nos-libertes-confinees-1-leffacement-du-citoyen\/#primaryimage"},"thumbnailUrl":"https:\/\/www.chateaudegoutelas.fr\/wp-content\/uploads\/2021\/01\/Visuel_cycle_1.jpg","datePublished":"2021-01-11T10:36:34+00:00","dateModified":"2023-05-26T07:59:08+00:00","breadcrumb":{"@id":"https:\/\/www.chateaudegoutelas.fr\/archive\/21-01-webinaire-nos-libertes-confinees-1-leffacement-du-citoyen\/#breadcrumb"},"inLanguage":"en-GB","potentialAction":[{"@type":"ReadAction","target":["https:\/\/www.chateaudegoutelas.fr\/archive\/21-01-webinaire-nos-libertes-confinees-1-leffacement-du-citoyen\/"]}]},{"@type":"ImageObject","inLanguage":"en-GB","@id":"https:\/\/www.chateaudegoutelas.fr\/archive\/21-01-webinaire-nos-libertes-confinees-1-leffacement-du-citoyen\/#primaryimage","url":"https:\/\/www.chateaudegoutelas.fr\/wp-content\/uploads\/2021\/01\/Visuel_cycle_1.jpg","contentUrl":"https:\/\/www.chateaudegoutelas.fr\/wp-content\/uploads\/2021\/01\/Visuel_cycle_1.jpg","width":1754,"height":1754},{"@type":"BreadcrumbList","@id":"https:\/\/www.chateaudegoutelas.fr\/archive\/21-01-webinaire-nos-libertes-confinees-1-leffacement-du-citoyen\/#breadcrumb","itemListElement":[{"@type":"ListItem","position":1,"name":"Accueil","item":"https:\/\/www.chateaudegoutelas.fr\/"},{"@type":"ListItem","position":2,"name":"21\/01 &#8211; WEBINAIRE &#8211; Nos libert\u00e9s confin\u00e9es #1 : L&rsquo;effacement du citoyen"}]},{"@type":"WebSite","@id":"https:\/\/www.chateaudegoutelas.fr\/#website","url":"https:\/\/www.chateaudegoutelas.fr\/","name":"Ch\u00e2teau de Goutelas","description":"Un centre culturel de rencontre en Forez","publisher":{"@id":"https:\/\/www.chateaudegoutelas.fr\/#organization"},"potentialAction":[{"@type":"SearchAction","target":{"@type":"EntryPoint","urlTemplate":"https:\/\/www.chateaudegoutelas.fr\/?s={search_term_string}"},"query-input":{"@type":"PropertyValueSpecification","valueRequired":true,"valueName":"search_term_string"}}],"inLanguage":"en-GB"},{"@type":"Organization","@id":"https:\/\/www.chateaudegoutelas.fr\/#organization","name":"Ch\u00e2teau de Goutelas","url":"https:\/\/www.chateaudegoutelas.fr\/","logo":{"@type":"ImageObject","inLanguage":"en-GB","@id":"https:\/\/www.chateaudegoutelas.fr\/#\/schema\/logo\/image\/","url":"https:\/\/www.chateaudegoutelas.fr\/wp-content\/uploads\/2023\/05\/logo-chateau-goutelas-bleu.png","contentUrl":"https:\/\/www.chateaudegoutelas.fr\/wp-content\/uploads\/2023\/05\/logo-chateau-goutelas-bleu.png","width":1123,"height":327,"caption":"Ch\u00e2teau de Goutelas"},"image":{"@id":"https:\/\/www.chateaudegoutelas.fr\/#\/schema\/logo\/image\/"}}]}},"_links":{"self":[{"href":"https:\/\/www.chateaudegoutelas.fr\/en\/wp-json\/wp\/v2\/archive\/3154","targetHints":{"allow":["GET"]}}],"collection":[{"href":"https:\/\/www.chateaudegoutelas.fr\/en\/wp-json\/wp\/v2\/archive"}],"about":[{"href":"https:\/\/www.chateaudegoutelas.fr\/en\/wp-json\/wp\/v2\/types\/archive"}],"author":[{"embeddable":true,"href":"https:\/\/www.chateaudegoutelas.fr\/en\/wp-json\/wp\/v2\/users\/7"}],"wp:featuredmedia":[{"embeddable":true,"href":"https:\/\/www.chateaudegoutelas.fr\/en\/wp-json\/wp\/v2\/media\/3186"}],"wp:attachment":[{"href":"https:\/\/www.chateaudegoutelas.fr\/en\/wp-json\/wp\/v2\/media?parent=3154"}],"wp:term":[{"taxonomy":"category","embeddable":true,"href":"https:\/\/www.chateaudegoutelas.fr\/en\/wp-json\/wp\/v2\/categories?post=3154"},{"taxonomy":"post_tag","embeddable":true,"href":"https:\/\/www.chateaudegoutelas.fr\/en\/wp-json\/wp\/v2\/tags?post=3154"}],"curies":[{"name":"wp","href":"https:\/\/api.w.org\/{rel}","templated":true}]}}