{"id":3141,"date":"2021-01-12T09:52:30","date_gmt":"2021-01-12T08:52:30","guid":{"rendered":"https:\/\/www.chateaudegoutelas.fr\/?p=3141"},"modified":"2023-05-26T09:59:08","modified_gmt":"2023-05-26T07:59:08","slug":"reporte-20-01-mouvement-du-hasard-concert-avec-ottilie-b","status":"publish","type":"archive","link":"https:\/\/www.chateaudegoutelas.fr\/en\/archive\/reporte-20-01-mouvement-du-hasard-concert-avec-ottilie-b\/","title":{"rendered":"REPORT\u00c9 &#8212; 20\/01 &#8211; MOUVEMENT DU HASARD : concert avec Ottilie [B]"},"content":{"rendered":"<div class=\"shmMigrate\"><\/div>\n<div class=\"shmMigrate\"><\/div>\n<div class=\"shmMigrate\"><\/div>\n<div class=\"shmMigrate\"><\/div>\n<div class=\"shmMigrate\"><\/div>\n<h4><span style=\"font-weight: 400;\">Mercredi 20 janvier<\/span><\/h4>\n<h4><span style=\"font-weight: 400;\">19h30<\/span><\/h4>\n<div class=\"shmMigrate\"><\/div>\n<div class=\"shmMigrate\"><\/div>\n<div class=\"shmMigrate\"><\/div>\n<p><b>Festival Poly\u2019sons<\/b><\/p>\n<p><span style=\"font-weight: 400;\">\u00a0<\/span><\/p>\n<p><b>Ottilie [B]<\/b><span style=\"font-weight: 400;\"> taille dans la musicalit\u00e9 des mots et du son comme dans une mati\u00e8re vivante. <\/span><span style=\"font-weight: 400;\">\u00c0 l\u2019occasion du <\/span><b>festival Poly\u2019sons<\/b><span style=\"font-weight: 400;\">, elle invite d\u2019autres artistes \u00e0 la rejoindre pour une exploration du Ch\u00e2teau de Goutelas. Entour\u00e9e de la danseuse et chor\u00e9graphe \u00c9meline Nguyen, du violoncelliste Olivier Koundouno et de la cr\u00e9atrice lumi\u00e8re V\u00e9ronique Gougat, <\/span><span style=\"font-weight: 400;\">Ottilie [B] \u00e9graine ses improvisations avec la complicit\u00e9 du public. Des cartes tir\u00e9es par les spectateurs insufflent la couleur, la nature et l\u2019univers de chaque performance. Ce jeu de hasard po\u00e9tique r\u00e9v\u00e8le la magie du lieu et de l\u2019instant, les liens interd\u00e9pendants des corps, de la musique et de la lumi\u00e8re.<\/span><\/p>\n<p>&nbsp;<\/p>\n<p><span style=\"font-weight: 400;\">Propos\u00e9e en partenariat avec le Th\u00e9\u00e2tre des P\u00e9nitents, la soir\u00e9e s\u2019accompagne d\u2019un repas.<\/span><\/p>\n<p>&nbsp;<\/p>\n<p><i><span style=\"font-weight: 400;\">Chant : Ottilie [B]<\/span><\/i><\/p>\n<p><i><span style=\"font-weight: 400;\">Danse : \u00c9meline Nguyen<\/span><\/i><\/p>\n<p><i><span style=\"font-weight: 400;\">Violoncelle : Olivier Koundouno<\/span><\/i><\/p>\n<p><i><span style=\"font-weight: 400;\">Cr\u00e9ation lumi\u00e8re : V\u00e9ronique Gougat<\/span><\/i><\/p>\n<div class=\"shmMigrate\"><\/div>\n<div class=\"shmMigrate\"><\/div>\n<div class=\"shmMigrate\"><\/div>\n<p><b>Dur\u00e9e : 1h30<\/b><\/p>\n<p><b>De 5 \u00e0 21 \u20ac<\/b><\/p>\n<p><b>Repas compris<\/b><\/p>\n<p>&nbsp;<\/p>\n<p>Photo \u00a9Yosri Harzallah<\/p>\n<div class=\"shmMigrate\"><\/div>\n<div class=\"shmMigrate\"><\/div>\n<div class=\"shmMigrate\"><\/div>\n<div class=\"shmMigrate\"><\/div>\n","protected":false},"author":7,"featured_media":3144,"template":"","meta":{"site-sidebar-layout":"default","site-content-layout":"","ast-site-content-layout":"default","site-content-style":"default","site-sidebar-style":"default","ast-global-header-display":"","ast-banner-title-visibility":"","ast-main-header-display":"","ast-hfb-above-header-display":"","ast-hfb-below-header-display":"","ast-hfb-mobile-header-display":"","site-post-title":"","ast-breadcrumbs-content":null,"ast-featured-img":"","footer-sml-layout":"","ast-disable-related-posts":"","theme-transparent-header-meta":"","adv-header-id-meta":"","stick-header-meta":"","header-above-stick-meta":null,"header-main-stick-meta":"","header-below-stick-meta":null,"astra-migrate-meta-layouts":"default","ast-page-background-enabled":"default","ast-page-background-meta":{"desktop":{"background-color":"","background-image":"","background-repeat":"repeat","background-position":"center center","background-size":"auto","background-attachment":"scroll","background-type":"","background-media":"","overlay-type":"","overlay-color":"","overlay-opacity":"","overlay-gradient":""},"tablet":{"background-color":"","background-image":"","background-repeat":"repeat","background-position":"center center","background-size":"auto","background-attachment":"scroll","background-type":"","background-media":"","overlay-type":"","overlay-color":"","overlay-opacity":"","overlay-gradient":""},"mobile":{"background-color":"","background-image":"","background-repeat":"repeat","background-position":"center center","background-size":"auto","background-attachment":"scroll","background-type":"","background-media":"","overlay-type":"","overlay-color":"","overlay-opacity":"","overlay-gradient":""}},"ast-content-background-meta":{"desktop":{"background-color":"var(--ast-global-color-5)","background-image":"","background-repeat":"repeat","background-position":"center center","background-size":"auto","background-attachment":"scroll","background-type":"","background-media":"","overlay-type":"","overlay-color":"","overlay-opacity":"","overlay-gradient":""},"tablet":{"background-color":"var(--ast-global-color-5)","background-image":"","background-repeat":"repeat","background-position":"center center","background-size":"auto","background-attachment":"scroll","background-type":"","background-media":"","overlay-type":"","overlay-color":"","overlay-opacity":"","overlay-gradient":""},"mobile":{"background-color":"var(--ast-global-color-5)","background-image":"","background-repeat":"repeat","background-position":"center center","background-size":"auto","background-attachment":"scroll","background-type":"","background-media":"","overlay-type":"","overlay-color":"","overlay-opacity":"","overlay-gradient":""}}},"categories":[4],"tags":[9],"class_list":["post-3141","archive","type-archive","status-publish","has-post-thumbnail","hentry","category-actualites","tag-concert"],"yoast_head":"<!-- This site is optimized with the Yoast SEO plugin v27.5 - https:\/\/yoast.com\/product\/yoast-seo-wordpress\/ -->\n<title>REPORT\u00c9 - 20\/01 - MOUVEMENT DU HASARD : concert avec Ottilie [B] - Ch\u00e2teau de Goutelas<\/title>\n<meta name=\"robots\" content=\"index, follow, max-snippet:-1, max-image-preview:large, max-video-preview:-1\" \/>\n<link rel=\"canonical\" href=\"https:\/\/www.chateaudegoutelas.fr\/en\/archive\/reporte-20-01-mouvement-du-hasard-concert-avec-ottilie-b\/\" \/>\n<meta property=\"og:locale\" content=\"en_GB\" \/>\n<meta property=\"og:type\" content=\"article\" \/>\n<meta property=\"og:title\" content=\"REPORT\u00c9 - 20\/01 - MOUVEMENT DU HASARD : concert avec Ottilie [B] - Ch\u00e2teau de Goutelas\" \/>\n<meta property=\"og:description\" content=\"Mercredi 20 janvier 19h30 Festival Poly\u2019sons \u00a0 Ottilie [B] taille dans la musicalit\u00e9 des mots et du son comme dans une mati\u00e8re vivante. \u00c0 l\u2019occasion du festival Poly\u2019sons, elle invite d\u2019autres artistes \u00e0 la rejoindre pour une exploration du Ch\u00e2teau de Goutelas. Entour\u00e9e de la danseuse et chor\u00e9graphe \u00c9meline Nguyen, du violoncelliste Olivier Koundouno et [&hellip;]\" \/>\n<meta property=\"og:url\" content=\"https:\/\/www.chateaudegoutelas.fr\/en\/archive\/reporte-20-01-mouvement-du-hasard-concert-avec-ottilie-b\/\" \/>\n<meta property=\"og:site_name\" content=\"Ch\u00e2teau de Goutelas\" \/>\n<meta property=\"article:modified_time\" content=\"2023-05-26T07:59:08+00:00\" \/>\n<meta property=\"og:image\" content=\"https:\/\/www.chateaudegoutelas.fr\/wp-content\/uploads\/2020\/12\/ottilieb-scaled.jpg\" \/>\n\t<meta property=\"og:image:width\" content=\"2560\" \/>\n\t<meta property=\"og:image:height\" content=\"1707\" \/>\n\t<meta property=\"og:image:type\" content=\"image\/jpeg\" \/>\n<meta name=\"twitter:card\" content=\"summary_large_image\" \/>\n<meta name=\"twitter:label1\" content=\"Estimated reading time\" \/>\n\t<meta name=\"twitter:data1\" content=\"1 minute\" \/>\n<script type=\"application\/ld+json\" class=\"yoast-schema-graph\">{\"@context\":\"https:\\\/\\\/schema.org\",\"@graph\":[{\"@type\":\"WebPage\",\"@id\":\"https:\\\/\\\/www.chateaudegoutelas.fr\\\/archive\\\/reporte-20-01-mouvement-du-hasard-concert-avec-ottilie-b\\\/\",\"url\":\"https:\\\/\\\/www.chateaudegoutelas.fr\\\/archive\\\/reporte-20-01-mouvement-du-hasard-concert-avec-ottilie-b\\\/\",\"name\":\"REPORT\u00c9 - 20\\\/01 - MOUVEMENT DU HASARD : concert avec Ottilie [B] - Ch\u00e2teau de Goutelas\",\"isPartOf\":{\"@id\":\"https:\\\/\\\/www.chateaudegoutelas.fr\\\/#website\"},\"primaryImageOfPage\":{\"@id\":\"https:\\\/\\\/www.chateaudegoutelas.fr\\\/archive\\\/reporte-20-01-mouvement-du-hasard-concert-avec-ottilie-b\\\/#primaryimage\"},\"image\":{\"@id\":\"https:\\\/\\\/www.chateaudegoutelas.fr\\\/archive\\\/reporte-20-01-mouvement-du-hasard-concert-avec-ottilie-b\\\/#primaryimage\"},\"thumbnailUrl\":\"https:\\\/\\\/www.chateaudegoutelas.fr\\\/wp-content\\\/uploads\\\/2020\\\/12\\\/ottilieb-scaled.jpg\",\"datePublished\":\"2021-01-12T08:52:30+00:00\",\"dateModified\":\"2023-05-26T07:59:08+00:00\",\"breadcrumb\":{\"@id\":\"https:\\\/\\\/www.chateaudegoutelas.fr\\\/archive\\\/reporte-20-01-mouvement-du-hasard-concert-avec-ottilie-b\\\/#breadcrumb\"},\"inLanguage\":\"en-GB\",\"potentialAction\":[{\"@type\":\"ReadAction\",\"target\":[\"https:\\\/\\\/www.chateaudegoutelas.fr\\\/archive\\\/reporte-20-01-mouvement-du-hasard-concert-avec-ottilie-b\\\/\"]}]},{\"@type\":\"ImageObject\",\"inLanguage\":\"en-GB\",\"@id\":\"https:\\\/\\\/www.chateaudegoutelas.fr\\\/archive\\\/reporte-20-01-mouvement-du-hasard-concert-avec-ottilie-b\\\/#primaryimage\",\"url\":\"https:\\\/\\\/www.chateaudegoutelas.fr\\\/wp-content\\\/uploads\\\/2020\\\/12\\\/ottilieb-scaled.jpg\",\"contentUrl\":\"https:\\\/\\\/www.chateaudegoutelas.fr\\\/wp-content\\\/uploads\\\/2020\\\/12\\\/ottilieb-scaled.jpg\",\"width\":2560,\"height\":1707},{\"@type\":\"BreadcrumbList\",\"@id\":\"https:\\\/\\\/www.chateaudegoutelas.fr\\\/archive\\\/reporte-20-01-mouvement-du-hasard-concert-avec-ottilie-b\\\/#breadcrumb\",\"itemListElement\":[{\"@type\":\"ListItem\",\"position\":1,\"name\":\"Accueil\",\"item\":\"https:\\\/\\\/www.chateaudegoutelas.fr\\\/\"},{\"@type\":\"ListItem\",\"position\":2,\"name\":\"REPORT\u00c9 &#8212; 20\\\/01 &#8211; MOUVEMENT DU HASARD : concert avec Ottilie [B]\"}]},{\"@type\":\"WebSite\",\"@id\":\"https:\\\/\\\/www.chateaudegoutelas.fr\\\/#website\",\"url\":\"https:\\\/\\\/www.chateaudegoutelas.fr\\\/\",\"name\":\"Ch\u00e2teau de Goutelas\",\"description\":\"Un centre culturel de rencontre en Forez\",\"publisher\":{\"@id\":\"https:\\\/\\\/www.chateaudegoutelas.fr\\\/#organization\"},\"potentialAction\":[{\"@type\":\"SearchAction\",\"target\":{\"@type\":\"EntryPoint\",\"urlTemplate\":\"https:\\\/\\\/www.chateaudegoutelas.fr\\\/?s={search_term_string}\"},\"query-input\":{\"@type\":\"PropertyValueSpecification\",\"valueRequired\":true,\"valueName\":\"search_term_string\"}}],\"inLanguage\":\"en-GB\"},{\"@type\":\"Organization\",\"@id\":\"https:\\\/\\\/www.chateaudegoutelas.fr\\\/#organization\",\"name\":\"Ch\u00e2teau de Goutelas\",\"url\":\"https:\\\/\\\/www.chateaudegoutelas.fr\\\/\",\"logo\":{\"@type\":\"ImageObject\",\"inLanguage\":\"en-GB\",\"@id\":\"https:\\\/\\\/www.chateaudegoutelas.fr\\\/#\\\/schema\\\/logo\\\/image\\\/\",\"url\":\"https:\\\/\\\/www.chateaudegoutelas.fr\\\/wp-content\\\/uploads\\\/2023\\\/05\\\/logo-chateau-goutelas-bleu.png\",\"contentUrl\":\"https:\\\/\\\/www.chateaudegoutelas.fr\\\/wp-content\\\/uploads\\\/2023\\\/05\\\/logo-chateau-goutelas-bleu.png\",\"width\":1123,\"height\":327,\"caption\":\"Ch\u00e2teau de Goutelas\"},\"image\":{\"@id\":\"https:\\\/\\\/www.chateaudegoutelas.fr\\\/#\\\/schema\\\/logo\\\/image\\\/\"}}]}<\/script>\n<!-- \/ Yoast SEO plugin. -->","yoast_head_json":{"title":"REPORT\u00c9 - 20\/01 - MOUVEMENT DU HASARD : concert avec Ottilie [B] - Ch\u00e2teau de Goutelas","robots":{"index":"index","follow":"follow","max-snippet":"max-snippet:-1","max-image-preview":"max-image-preview:large","max-video-preview":"max-video-preview:-1"},"canonical":"https:\/\/www.chateaudegoutelas.fr\/en\/archive\/reporte-20-01-mouvement-du-hasard-concert-avec-ottilie-b\/","og_locale":"en_GB","og_type":"article","og_title":"REPORT\u00c9 - 20\/01 - MOUVEMENT DU HASARD : concert avec Ottilie [B] - Ch\u00e2teau de Goutelas","og_description":"Mercredi 20 janvier 19h30 Festival Poly\u2019sons \u00a0 Ottilie [B] taille dans la musicalit\u00e9 des mots et du son comme dans une mati\u00e8re vivante. \u00c0 l\u2019occasion du festival Poly\u2019sons, elle invite d\u2019autres artistes \u00e0 la rejoindre pour une exploration du Ch\u00e2teau de Goutelas. Entour\u00e9e de la danseuse et chor\u00e9graphe \u00c9meline Nguyen, du violoncelliste Olivier Koundouno et [&hellip;]","og_url":"https:\/\/www.chateaudegoutelas.fr\/en\/archive\/reporte-20-01-mouvement-du-hasard-concert-avec-ottilie-b\/","og_site_name":"Ch\u00e2teau de Goutelas","article_modified_time":"2023-05-26T07:59:08+00:00","og_image":[{"width":2560,"height":1707,"url":"https:\/\/www.chateaudegoutelas.fr\/wp-content\/uploads\/2020\/12\/ottilieb-scaled.jpg","type":"image\/jpeg"}],"twitter_card":"summary_large_image","twitter_misc":{"Estimated reading time":"1 minute"},"schema":{"@context":"https:\/\/schema.org","@graph":[{"@type":"WebPage","@id":"https:\/\/www.chateaudegoutelas.fr\/archive\/reporte-20-01-mouvement-du-hasard-concert-avec-ottilie-b\/","url":"https:\/\/www.chateaudegoutelas.fr\/archive\/reporte-20-01-mouvement-du-hasard-concert-avec-ottilie-b\/","name":"REPORT\u00c9 - 20\/01 - MOUVEMENT DU HASARD : concert avec Ottilie [B] - Ch\u00e2teau de Goutelas","isPartOf":{"@id":"https:\/\/www.chateaudegoutelas.fr\/#website"},"primaryImageOfPage":{"@id":"https:\/\/www.chateaudegoutelas.fr\/archive\/reporte-20-01-mouvement-du-hasard-concert-avec-ottilie-b\/#primaryimage"},"image":{"@id":"https:\/\/www.chateaudegoutelas.fr\/archive\/reporte-20-01-mouvement-du-hasard-concert-avec-ottilie-b\/#primaryimage"},"thumbnailUrl":"https:\/\/www.chateaudegoutelas.fr\/wp-content\/uploads\/2020\/12\/ottilieb-scaled.jpg","datePublished":"2021-01-12T08:52:30+00:00","dateModified":"2023-05-26T07:59:08+00:00","breadcrumb":{"@id":"https:\/\/www.chateaudegoutelas.fr\/archive\/reporte-20-01-mouvement-du-hasard-concert-avec-ottilie-b\/#breadcrumb"},"inLanguage":"en-GB","potentialAction":[{"@type":"ReadAction","target":["https:\/\/www.chateaudegoutelas.fr\/archive\/reporte-20-01-mouvement-du-hasard-concert-avec-ottilie-b\/"]}]},{"@type":"ImageObject","inLanguage":"en-GB","@id":"https:\/\/www.chateaudegoutelas.fr\/archive\/reporte-20-01-mouvement-du-hasard-concert-avec-ottilie-b\/#primaryimage","url":"https:\/\/www.chateaudegoutelas.fr\/wp-content\/uploads\/2020\/12\/ottilieb-scaled.jpg","contentUrl":"https:\/\/www.chateaudegoutelas.fr\/wp-content\/uploads\/2020\/12\/ottilieb-scaled.jpg","width":2560,"height":1707},{"@type":"BreadcrumbList","@id":"https:\/\/www.chateaudegoutelas.fr\/archive\/reporte-20-01-mouvement-du-hasard-concert-avec-ottilie-b\/#breadcrumb","itemListElement":[{"@type":"ListItem","position":1,"name":"Accueil","item":"https:\/\/www.chateaudegoutelas.fr\/"},{"@type":"ListItem","position":2,"name":"REPORT\u00c9 &#8212; 20\/01 &#8211; MOUVEMENT DU HASARD : concert avec Ottilie [B]"}]},{"@type":"WebSite","@id":"https:\/\/www.chateaudegoutelas.fr\/#website","url":"https:\/\/www.chateaudegoutelas.fr\/","name":"Ch\u00e2teau de Goutelas","description":"Un centre culturel de rencontre en Forez","publisher":{"@id":"https:\/\/www.chateaudegoutelas.fr\/#organization"},"potentialAction":[{"@type":"SearchAction","target":{"@type":"EntryPoint","urlTemplate":"https:\/\/www.chateaudegoutelas.fr\/?s={search_term_string}"},"query-input":{"@type":"PropertyValueSpecification","valueRequired":true,"valueName":"search_term_string"}}],"inLanguage":"en-GB"},{"@type":"Organization","@id":"https:\/\/www.chateaudegoutelas.fr\/#organization","name":"Ch\u00e2teau de Goutelas","url":"https:\/\/www.chateaudegoutelas.fr\/","logo":{"@type":"ImageObject","inLanguage":"en-GB","@id":"https:\/\/www.chateaudegoutelas.fr\/#\/schema\/logo\/image\/","url":"https:\/\/www.chateaudegoutelas.fr\/wp-content\/uploads\/2023\/05\/logo-chateau-goutelas-bleu.png","contentUrl":"https:\/\/www.chateaudegoutelas.fr\/wp-content\/uploads\/2023\/05\/logo-chateau-goutelas-bleu.png","width":1123,"height":327,"caption":"Ch\u00e2teau de Goutelas"},"image":{"@id":"https:\/\/www.chateaudegoutelas.fr\/#\/schema\/logo\/image\/"}}]}},"_links":{"self":[{"href":"https:\/\/www.chateaudegoutelas.fr\/en\/wp-json\/wp\/v2\/archive\/3141","targetHints":{"allow":["GET"]}}],"collection":[{"href":"https:\/\/www.chateaudegoutelas.fr\/en\/wp-json\/wp\/v2\/archive"}],"about":[{"href":"https:\/\/www.chateaudegoutelas.fr\/en\/wp-json\/wp\/v2\/types\/archive"}],"author":[{"embeddable":true,"href":"https:\/\/www.chateaudegoutelas.fr\/en\/wp-json\/wp\/v2\/users\/7"}],"wp:featuredmedia":[{"embeddable":true,"href":"https:\/\/www.chateaudegoutelas.fr\/en\/wp-json\/wp\/v2\/media\/3144"}],"wp:attachment":[{"href":"https:\/\/www.chateaudegoutelas.fr\/en\/wp-json\/wp\/v2\/media?parent=3141"}],"wp:term":[{"taxonomy":"category","embeddable":true,"href":"https:\/\/www.chateaudegoutelas.fr\/en\/wp-json\/wp\/v2\/categories?post=3141"},{"taxonomy":"post_tag","embeddable":true,"href":"https:\/\/www.chateaudegoutelas.fr\/en\/wp-json\/wp\/v2\/tags?post=3141"}],"curies":[{"name":"wp","href":"https:\/\/api.w.org\/{rel}","templated":true}]}}