{"id":3126,"date":"2021-01-12T12:08:43","date_gmt":"2021-01-12T11:08:43","guid":{"rendered":"https:\/\/www.chateaudegoutelas.fr\/?p=3126"},"modified":"2023-05-26T09:59:06","modified_gmt":"2023-05-26T07:59:06","slug":"report-en-cours-rencontre-art-innovation-pour-les-personnes-agees-exposition-et-atelier-le-son-a-fleur-de-peau","status":"publish","type":"archive","link":"https:\/\/www.chateaudegoutelas.fr\/en\/archive\/report-en-cours-rencontre-art-innovation-pour-les-personnes-agees-exposition-et-atelier-le-son-a-fleur-de-peau\/","title":{"rendered":"REPORT EN COURS \/\/ Rencontre Art &#038; innovation pour les personnes \u00e2g\u00e9es + exposition et atelier Le son \u00e0 fleur de peau"},"content":{"rendered":"<div class=\"shmMigrate\"><\/div>\n<div class=\"shmMigrate\"><\/div>\n<div class=\"shmMigrate\"><\/div>\n<div class=\"shmMigrate\"><\/div>\n<div class=\"shmMigrate\"><\/div>\n<p><span style=\"font-weight: 400;\">Avec \u201cL\u2019art d\u00e9ment le chaos\u201d, le Ch\u00e2teau de Goutelas m\u00e8ne une d\u00e9marche au long cours qui vise \u00e0 favoriser l\u2019expression, la cr\u00e9ativit\u00e9 et le bien-\u00eatre des personnes atteintes de d\u00e9mence. Cette exp\u00e9rimentation \u00e0 l\u2019\u00e9chelle d\u2019un territoire associe diff\u00e9rents partenaires sp\u00e9cialis\u00e9s et se construit autour du travail crois\u00e9 entre artistes et chercheurs, \u00e9quipes soignantes et patients, aidants et familles.<\/span><\/p>\n<p><span style=\"font-weight: 400;\">Entre droits culturels et respect des gestes barri\u00e8res, \u201cL\u2019art d\u00e9ment le chaos\u201d s\u2019anime d\u2019une r\u00e9flexion autour des conditions de vie des a\u00een\u00e9s les plus fragiles, aujourd\u2019hui boulevers\u00e9es par l\u2019\u00e9pid\u00e9mie COVID-19.<\/span><\/p>\n<p><span style=\"font-weight: 400;\">\u201cL\u2019art d\u00e9ment le chaos\u201d re\u00e7oit le soutien du D\u00e9partement de la Loire (Conf\u00e9rence des financeurs<\/span><span style=\"font-weight: 400;\">) et du G\u00e9rontop\u00f4le Auvergne-Rh\u00f4ne-Alpes (laur\u00e9t de l\u2019appel \u00e0 exp\u00e9rimentation <\/span><i><span style=\"font-weight: 400;\">living lab <\/span><\/i><span style=\"font-weight: 400;\">\u201cSant\u00e9, autonomie et bien vieillir\u201d)<\/span><\/p>\n<div class=\"shmMigrate\"><\/div>\n<div class=\"shmMigrate\"><\/div>\n<div class=\"shmMigrate\"><\/div>\n<div class=\"shmMigrate\"><\/div>","protected":false},"author":7,"featured_media":3127,"template":"","meta":{"site-sidebar-layout":"default","site-content-layout":"","ast-site-content-layout":"default","site-content-style":"default","site-sidebar-style":"default","ast-global-header-display":"","ast-banner-title-visibility":"","ast-main-header-display":"","ast-hfb-above-header-display":"","ast-hfb-below-header-display":"","ast-hfb-mobile-header-display":"","site-post-title":"","ast-breadcrumbs-content":null,"ast-featured-img":"","footer-sml-layout":"","ast-disable-related-posts":"","theme-transparent-header-meta":"","adv-header-id-meta":"","stick-header-meta":"","header-above-stick-meta":null,"header-main-stick-meta":"","header-below-stick-meta":null,"astra-migrate-meta-layouts":"default","ast-page-background-enabled":"default","ast-page-background-meta":{"desktop":{"background-color":"","background-image":"","background-repeat":"repeat","background-position":"center center","background-size":"auto","background-attachment":"scroll","background-type":"","background-media":"","overlay-type":"","overlay-color":"","overlay-opacity":"","overlay-gradient":""},"tablet":{"background-color":"","background-image":"","background-repeat":"repeat","background-position":"center center","background-size":"auto","background-attachment":"scroll","background-type":"","background-media":"","overlay-type":"","overlay-color":"","overlay-opacity":"","overlay-gradient":""},"mobile":{"background-color":"","background-image":"","background-repeat":"repeat","background-position":"center center","background-size":"auto","background-attachment":"scroll","background-type":"","background-media":"","overlay-type":"","overlay-color":"","overlay-opacity":"","overlay-gradient":""}},"ast-content-background-meta":{"desktop":{"background-color":"var(--ast-global-color-5)","background-image":"","background-repeat":"repeat","background-position":"center center","background-size":"auto","background-attachment":"scroll","background-type":"","background-media":"","overlay-type":"","overlay-color":"","overlay-opacity":"","overlay-gradient":""},"tablet":{"background-color":"var(--ast-global-color-5)","background-image":"","background-repeat":"repeat","background-position":"center center","background-size":"auto","background-attachment":"scroll","background-type":"","background-media":"","overlay-type":"","overlay-color":"","overlay-opacity":"","overlay-gradient":""},"mobile":{"background-color":"var(--ast-global-color-5)","background-image":"","background-repeat":"repeat","background-position":"center center","background-size":"auto","background-attachment":"scroll","background-type":"","background-media":"","overlay-type":"","overlay-color":"","overlay-opacity":"","overlay-gradient":""}}},"categories":[4],"tags":[],"class_list":["post-3126","archive","type-archive","status-publish","has-post-thumbnail","hentry","category-actualites"],"yoast_head":"<!-- This site is optimized with the Yoast SEO plugin v27.5 - https:\/\/yoast.com\/product\/yoast-seo-wordpress\/ -->\n<title>REPORT EN COURS \/\/ Rencontre Art &amp; innovation pour les personnes \u00e2g\u00e9es + exposition et atelier Le son \u00e0 fleur de peau - Ch\u00e2teau de Goutelas<\/title>\n<meta name=\"robots\" content=\"index, follow, max-snippet:-1, max-image-preview:large, max-video-preview:-1\" \/>\n<link rel=\"canonical\" href=\"https:\/\/www.chateaudegoutelas.fr\/en\/archive\/report-en-cours-rencontre-art-innovation-pour-les-personnes-agees-exposition-et-atelier-le-son-a-fleur-de-peau\/\" \/>\n<meta property=\"og:locale\" content=\"en_GB\" \/>\n<meta property=\"og:type\" content=\"article\" \/>\n<meta property=\"og:title\" content=\"REPORT EN COURS \/\/ Rencontre Art &amp; innovation pour les personnes \u00e2g\u00e9es + exposition et atelier Le son \u00e0 fleur de peau - Ch\u00e2teau de Goutelas\" \/>\n<meta property=\"og:description\" content=\"Avec \u201cL\u2019art d\u00e9ment le chaos\u201d, le Ch\u00e2teau de Goutelas m\u00e8ne une d\u00e9marche au long cours qui vise \u00e0 favoriser l\u2019expression, la cr\u00e9ativit\u00e9 et le bien-\u00eatre des personnes atteintes de d\u00e9mence. Cette exp\u00e9rimentation \u00e0 l\u2019\u00e9chelle d\u2019un territoire associe diff\u00e9rents partenaires sp\u00e9cialis\u00e9s et se construit autour du travail crois\u00e9 entre artistes et chercheurs, \u00e9quipes soignantes et patients, [&hellip;]\" \/>\n<meta property=\"og:url\" content=\"https:\/\/www.chateaudegoutelas.fr\/en\/archive\/report-en-cours-rencontre-art-innovation-pour-les-personnes-agees-exposition-et-atelier-le-son-a-fleur-de-peau\/\" \/>\n<meta property=\"og:site_name\" content=\"Ch\u00e2teau de Goutelas\" \/>\n<meta property=\"article:modified_time\" content=\"2023-05-26T07:59:06+00:00\" \/>\n<meta property=\"og:image\" content=\"https:\/\/www.chateaudegoutelas.fr\/wp-content\/uploads\/2020\/11\/P1000384-scaled.jpg\" \/>\n\t<meta property=\"og:image:width\" content=\"2560\" \/>\n\t<meta property=\"og:image:height\" content=\"1707\" \/>\n\t<meta property=\"og:image:type\" content=\"image\/jpeg\" \/>\n<meta name=\"twitter:card\" content=\"summary_large_image\" \/>\n<meta name=\"twitter:label1\" content=\"Estimated reading time\" \/>\n\t<meta name=\"twitter:data1\" content=\"1 minute\" \/>\n<script type=\"application\/ld+json\" class=\"yoast-schema-graph\">{\"@context\":\"https:\\\/\\\/schema.org\",\"@graph\":[{\"@type\":\"WebPage\",\"@id\":\"https:\\\/\\\/www.chateaudegoutelas.fr\\\/archive\\\/report-en-cours-rencontre-art-innovation-pour-les-personnes-agees-exposition-et-atelier-le-son-a-fleur-de-peau\\\/\",\"url\":\"https:\\\/\\\/www.chateaudegoutelas.fr\\\/archive\\\/report-en-cours-rencontre-art-innovation-pour-les-personnes-agees-exposition-et-atelier-le-son-a-fleur-de-peau\\\/\",\"name\":\"REPORT EN COURS \\\/\\\/ Rencontre Art & innovation pour les personnes \u00e2g\u00e9es + exposition et atelier Le son \u00e0 fleur de peau - Ch\u00e2teau de Goutelas\",\"isPartOf\":{\"@id\":\"https:\\\/\\\/www.chateaudegoutelas.fr\\\/#website\"},\"primaryImageOfPage\":{\"@id\":\"https:\\\/\\\/www.chateaudegoutelas.fr\\\/archive\\\/report-en-cours-rencontre-art-innovation-pour-les-personnes-agees-exposition-et-atelier-le-son-a-fleur-de-peau\\\/#primaryimage\"},\"image\":{\"@id\":\"https:\\\/\\\/www.chateaudegoutelas.fr\\\/archive\\\/report-en-cours-rencontre-art-innovation-pour-les-personnes-agees-exposition-et-atelier-le-son-a-fleur-de-peau\\\/#primaryimage\"},\"thumbnailUrl\":\"https:\\\/\\\/www.chateaudegoutelas.fr\\\/wp-content\\\/uploads\\\/2020\\\/11\\\/P1000384-scaled.jpg\",\"datePublished\":\"2021-01-12T11:08:43+00:00\",\"dateModified\":\"2023-05-26T07:59:06+00:00\",\"breadcrumb\":{\"@id\":\"https:\\\/\\\/www.chateaudegoutelas.fr\\\/archive\\\/report-en-cours-rencontre-art-innovation-pour-les-personnes-agees-exposition-et-atelier-le-son-a-fleur-de-peau\\\/#breadcrumb\"},\"inLanguage\":\"en-GB\",\"potentialAction\":[{\"@type\":\"ReadAction\",\"target\":[\"https:\\\/\\\/www.chateaudegoutelas.fr\\\/archive\\\/report-en-cours-rencontre-art-innovation-pour-les-personnes-agees-exposition-et-atelier-le-son-a-fleur-de-peau\\\/\"]}]},{\"@type\":\"ImageObject\",\"inLanguage\":\"en-GB\",\"@id\":\"https:\\\/\\\/www.chateaudegoutelas.fr\\\/archive\\\/report-en-cours-rencontre-art-innovation-pour-les-personnes-agees-exposition-et-atelier-le-son-a-fleur-de-peau\\\/#primaryimage\",\"url\":\"https:\\\/\\\/www.chateaudegoutelas.fr\\\/wp-content\\\/uploads\\\/2020\\\/11\\\/P1000384-scaled.jpg\",\"contentUrl\":\"https:\\\/\\\/www.chateaudegoutelas.fr\\\/wp-content\\\/uploads\\\/2020\\\/11\\\/P1000384-scaled.jpg\",\"width\":2560,\"height\":1707},{\"@type\":\"BreadcrumbList\",\"@id\":\"https:\\\/\\\/www.chateaudegoutelas.fr\\\/archive\\\/report-en-cours-rencontre-art-innovation-pour-les-personnes-agees-exposition-et-atelier-le-son-a-fleur-de-peau\\\/#breadcrumb\",\"itemListElement\":[{\"@type\":\"ListItem\",\"position\":1,\"name\":\"Accueil\",\"item\":\"https:\\\/\\\/www.chateaudegoutelas.fr\\\/\"},{\"@type\":\"ListItem\",\"position\":2,\"name\":\"REPORT EN COURS \\\/\\\/ Rencontre Art &#038; innovation pour les personnes \u00e2g\u00e9es + exposition et atelier Le son \u00e0 fleur de peau\"}]},{\"@type\":\"WebSite\",\"@id\":\"https:\\\/\\\/www.chateaudegoutelas.fr\\\/#website\",\"url\":\"https:\\\/\\\/www.chateaudegoutelas.fr\\\/\",\"name\":\"Ch\u00e2teau de Goutelas\",\"description\":\"Un centre culturel de rencontre en Forez\",\"publisher\":{\"@id\":\"https:\\\/\\\/www.chateaudegoutelas.fr\\\/#organization\"},\"potentialAction\":[{\"@type\":\"SearchAction\",\"target\":{\"@type\":\"EntryPoint\",\"urlTemplate\":\"https:\\\/\\\/www.chateaudegoutelas.fr\\\/?s={search_term_string}\"},\"query-input\":{\"@type\":\"PropertyValueSpecification\",\"valueRequired\":true,\"valueName\":\"search_term_string\"}}],\"inLanguage\":\"en-GB\"},{\"@type\":\"Organization\",\"@id\":\"https:\\\/\\\/www.chateaudegoutelas.fr\\\/#organization\",\"name\":\"Ch\u00e2teau de Goutelas\",\"url\":\"https:\\\/\\\/www.chateaudegoutelas.fr\\\/\",\"logo\":{\"@type\":\"ImageObject\",\"inLanguage\":\"en-GB\",\"@id\":\"https:\\\/\\\/www.chateaudegoutelas.fr\\\/#\\\/schema\\\/logo\\\/image\\\/\",\"url\":\"https:\\\/\\\/www.chateaudegoutelas.fr\\\/wp-content\\\/uploads\\\/2023\\\/05\\\/logo-chateau-goutelas-bleu.png\",\"contentUrl\":\"https:\\\/\\\/www.chateaudegoutelas.fr\\\/wp-content\\\/uploads\\\/2023\\\/05\\\/logo-chateau-goutelas-bleu.png\",\"width\":1123,\"height\":327,\"caption\":\"Ch\u00e2teau de Goutelas\"},\"image\":{\"@id\":\"https:\\\/\\\/www.chateaudegoutelas.fr\\\/#\\\/schema\\\/logo\\\/image\\\/\"}}]}<\/script>\n<!-- \/ Yoast SEO plugin. -->","yoast_head_json":{"title":"REPORT EN COURS \/\/ Rencontre Art & innovation pour les personnes \u00e2g\u00e9es + exposition et atelier Le son \u00e0 fleur de peau - Ch\u00e2teau de Goutelas","robots":{"index":"index","follow":"follow","max-snippet":"max-snippet:-1","max-image-preview":"max-image-preview:large","max-video-preview":"max-video-preview:-1"},"canonical":"https:\/\/www.chateaudegoutelas.fr\/en\/archive\/report-en-cours-rencontre-art-innovation-pour-les-personnes-agees-exposition-et-atelier-le-son-a-fleur-de-peau\/","og_locale":"en_GB","og_type":"article","og_title":"REPORT EN COURS \/\/ Rencontre Art & innovation pour les personnes \u00e2g\u00e9es + exposition et atelier Le son \u00e0 fleur de peau - Ch\u00e2teau de Goutelas","og_description":"Avec \u201cL\u2019art d\u00e9ment le chaos\u201d, le Ch\u00e2teau de Goutelas m\u00e8ne une d\u00e9marche au long cours qui vise \u00e0 favoriser l\u2019expression, la cr\u00e9ativit\u00e9 et le bien-\u00eatre des personnes atteintes de d\u00e9mence. Cette exp\u00e9rimentation \u00e0 l\u2019\u00e9chelle d\u2019un territoire associe diff\u00e9rents partenaires sp\u00e9cialis\u00e9s et se construit autour du travail crois\u00e9 entre artistes et chercheurs, \u00e9quipes soignantes et patients, [&hellip;]","og_url":"https:\/\/www.chateaudegoutelas.fr\/en\/archive\/report-en-cours-rencontre-art-innovation-pour-les-personnes-agees-exposition-et-atelier-le-son-a-fleur-de-peau\/","og_site_name":"Ch\u00e2teau de Goutelas","article_modified_time":"2023-05-26T07:59:06+00:00","og_image":[{"width":2560,"height":1707,"url":"https:\/\/www.chateaudegoutelas.fr\/wp-content\/uploads\/2020\/11\/P1000384-scaled.jpg","type":"image\/jpeg"}],"twitter_card":"summary_large_image","twitter_misc":{"Estimated reading time":"1 minute"},"schema":{"@context":"https:\/\/schema.org","@graph":[{"@type":"WebPage","@id":"https:\/\/www.chateaudegoutelas.fr\/archive\/report-en-cours-rencontre-art-innovation-pour-les-personnes-agees-exposition-et-atelier-le-son-a-fleur-de-peau\/","url":"https:\/\/www.chateaudegoutelas.fr\/archive\/report-en-cours-rencontre-art-innovation-pour-les-personnes-agees-exposition-et-atelier-le-son-a-fleur-de-peau\/","name":"REPORT EN COURS \/\/ Rencontre Art & innovation pour les personnes \u00e2g\u00e9es + exposition et atelier Le son \u00e0 fleur de peau - Ch\u00e2teau de Goutelas","isPartOf":{"@id":"https:\/\/www.chateaudegoutelas.fr\/#website"},"primaryImageOfPage":{"@id":"https:\/\/www.chateaudegoutelas.fr\/archive\/report-en-cours-rencontre-art-innovation-pour-les-personnes-agees-exposition-et-atelier-le-son-a-fleur-de-peau\/#primaryimage"},"image":{"@id":"https:\/\/www.chateaudegoutelas.fr\/archive\/report-en-cours-rencontre-art-innovation-pour-les-personnes-agees-exposition-et-atelier-le-son-a-fleur-de-peau\/#primaryimage"},"thumbnailUrl":"https:\/\/www.chateaudegoutelas.fr\/wp-content\/uploads\/2020\/11\/P1000384-scaled.jpg","datePublished":"2021-01-12T11:08:43+00:00","dateModified":"2023-05-26T07:59:06+00:00","breadcrumb":{"@id":"https:\/\/www.chateaudegoutelas.fr\/archive\/report-en-cours-rencontre-art-innovation-pour-les-personnes-agees-exposition-et-atelier-le-son-a-fleur-de-peau\/#breadcrumb"},"inLanguage":"en-GB","potentialAction":[{"@type":"ReadAction","target":["https:\/\/www.chateaudegoutelas.fr\/archive\/report-en-cours-rencontre-art-innovation-pour-les-personnes-agees-exposition-et-atelier-le-son-a-fleur-de-peau\/"]}]},{"@type":"ImageObject","inLanguage":"en-GB","@id":"https:\/\/www.chateaudegoutelas.fr\/archive\/report-en-cours-rencontre-art-innovation-pour-les-personnes-agees-exposition-et-atelier-le-son-a-fleur-de-peau\/#primaryimage","url":"https:\/\/www.chateaudegoutelas.fr\/wp-content\/uploads\/2020\/11\/P1000384-scaled.jpg","contentUrl":"https:\/\/www.chateaudegoutelas.fr\/wp-content\/uploads\/2020\/11\/P1000384-scaled.jpg","width":2560,"height":1707},{"@type":"BreadcrumbList","@id":"https:\/\/www.chateaudegoutelas.fr\/archive\/report-en-cours-rencontre-art-innovation-pour-les-personnes-agees-exposition-et-atelier-le-son-a-fleur-de-peau\/#breadcrumb","itemListElement":[{"@type":"ListItem","position":1,"name":"Accueil","item":"https:\/\/www.chateaudegoutelas.fr\/"},{"@type":"ListItem","position":2,"name":"REPORT EN COURS \/\/ Rencontre Art &#038; innovation pour les personnes \u00e2g\u00e9es + exposition et atelier Le son \u00e0 fleur de peau"}]},{"@type":"WebSite","@id":"https:\/\/www.chateaudegoutelas.fr\/#website","url":"https:\/\/www.chateaudegoutelas.fr\/","name":"Ch\u00e2teau de Goutelas","description":"Un centre culturel de rencontre en Forez","publisher":{"@id":"https:\/\/www.chateaudegoutelas.fr\/#organization"},"potentialAction":[{"@type":"SearchAction","target":{"@type":"EntryPoint","urlTemplate":"https:\/\/www.chateaudegoutelas.fr\/?s={search_term_string}"},"query-input":{"@type":"PropertyValueSpecification","valueRequired":true,"valueName":"search_term_string"}}],"inLanguage":"en-GB"},{"@type":"Organization","@id":"https:\/\/www.chateaudegoutelas.fr\/#organization","name":"Ch\u00e2teau de Goutelas","url":"https:\/\/www.chateaudegoutelas.fr\/","logo":{"@type":"ImageObject","inLanguage":"en-GB","@id":"https:\/\/www.chateaudegoutelas.fr\/#\/schema\/logo\/image\/","url":"https:\/\/www.chateaudegoutelas.fr\/wp-content\/uploads\/2023\/05\/logo-chateau-goutelas-bleu.png","contentUrl":"https:\/\/www.chateaudegoutelas.fr\/wp-content\/uploads\/2023\/05\/logo-chateau-goutelas-bleu.png","width":1123,"height":327,"caption":"Ch\u00e2teau de Goutelas"},"image":{"@id":"https:\/\/www.chateaudegoutelas.fr\/#\/schema\/logo\/image\/"}}]}},"_links":{"self":[{"href":"https:\/\/www.chateaudegoutelas.fr\/en\/wp-json\/wp\/v2\/archive\/3126","targetHints":{"allow":["GET"]}}],"collection":[{"href":"https:\/\/www.chateaudegoutelas.fr\/en\/wp-json\/wp\/v2\/archive"}],"about":[{"href":"https:\/\/www.chateaudegoutelas.fr\/en\/wp-json\/wp\/v2\/types\/archive"}],"author":[{"embeddable":true,"href":"https:\/\/www.chateaudegoutelas.fr\/en\/wp-json\/wp\/v2\/users\/7"}],"wp:featuredmedia":[{"embeddable":true,"href":"https:\/\/www.chateaudegoutelas.fr\/en\/wp-json\/wp\/v2\/media\/3127"}],"wp:attachment":[{"href":"https:\/\/www.chateaudegoutelas.fr\/en\/wp-json\/wp\/v2\/media?parent=3126"}],"wp:term":[{"taxonomy":"category","embeddable":true,"href":"https:\/\/www.chateaudegoutelas.fr\/en\/wp-json\/wp\/v2\/categories?post=3126"},{"taxonomy":"post_tag","embeddable":true,"href":"https:\/\/www.chateaudegoutelas.fr\/en\/wp-json\/wp\/v2\/tags?post=3126"}],"curies":[{"name":"wp","href":"https:\/\/api.w.org\/{rel}","templated":true}]}}