{"id":3083,"date":"2020-11-27T17:51:17","date_gmt":"2020-11-27T16:51:17","guid":{"rendered":"https:\/\/www.chateaudegoutelas.fr\/?p=3083"},"modified":"2023-05-26T09:59:12","modified_gmt":"2023-05-26T07:59:12","slug":"13-11-rencontre-pour-une-sante-participative-festival-savoirs-chauds-savoirs-froids","status":"publish","type":"archive","link":"https:\/\/www.chateaudegoutelas.fr\/en\/archive\/13-11-rencontre-pour-une-sante-participative-festival-savoirs-chauds-savoirs-froids\/","title":{"rendered":"REPORT EN COURS \/\/ 13\/11 &#8211; RENCONTRE Pour une sant\u00e9 participative &#8211; Festival Savoirs chauds, savoirs froids"},"content":{"rendered":"<div class=\"shmMigrate\"><\/div>\n<div class=\"shmMigrate\"><\/div>\n<div class=\"shmMigrate\"><\/div>\n<h4>Vendredi 13 novembre \u00e0 20h<\/h4>\n<h4>Salle des Devises<\/h4>\n<div class=\"shmMigrate\"><\/div>\n<div class=\"shmMigrate\"><\/div>\n<div class=\"shmMigrate\"><\/div>\n<p><b>Pour une sant\u00e9 participative\u00a0<\/b><\/p>\n<p><span style=\"font-weight: 400;\">Ces derniers mois ont vu \u00e9merger de multiples questions sur notre rapport \u00e0 la sant\u00e9 et \u00e0 la m\u00e9decine. Cette rencontre propose de s\u2019int\u00e9resser aux nouvelles relations qui s\u2019inventent aujourd\u2019hui entre les soignants et des patients \u201cexperts\u201d, qui tirent de leur exp\u00e9rience des savoirs et des comp\u00e9tences. Au service du plus grand nombre, cette interconnexion entre \u201csavoirs chauds\u201d et \u201csavoirs froids\u201d rel\u00e8ve le d\u00e9fi d\u2019une sant\u00e9 participative.<\/span><\/p>\n<p>&nbsp;<\/p>\n<p><span style=\"font-weight: 400;\">Rencontre avec :<\/span><\/p>\n<p>&nbsp;<\/p>\n<p><b>Jocelyne Daumer<\/b><span style=\"font-weight: 400;\">, patiente partenaire, intervenante dans des formations m\u00e9dicales, congr\u00e8s, conf\u00e9rences et groupes de travail \u00e0 l\u2019Universit\u00e9 et aux Hospices Civils de Lyon<\/span><\/p>\n<p><b>Alain Moreau<\/b><span style=\"font-weight: 400;\">, m\u00e9decin et professeur \u00e0 l\u2019Universit\u00e9 de Lyon, sp\u00e9cialiste de l\u2019approche centr\u00e9e sur le patient et de l&rsquo;\u00e9ducation th\u00e9rapeutique\u00a0<\/span><\/p>\n<p><b>Abdelkrim Saadoun<\/b><span style=\"font-weight: 400;\">, patient expert, intervenant dans le cadre du programme \u201cExp\u00e9rience v\u00e9cue du patient diab\u00e9tique\u201d \u00e0 l\u2019Universit\u00e9 de Lyon<\/span><\/p>\n<div class=\"shmMigrate\"><\/div>\n<div class=\"shmMigrate\"><\/div>\n<div class=\"shmMigrate\"><\/div>\n<p><strong>Dans le cadre de <a href=\"https:\/\/www.chateaudegoutelas.fr\/en\/du-11-11-au-15-11-savoirs-chauds-savoirs-froids-le-festival-des-conferences-gesticulees-en-forez\/\">Savoirs chauds, savoirs froids, le festival des conf\u00e9rences gesticul\u00e9es en Forez<\/a><\/strong><\/p>\n<p>&nbsp;<\/p>\n<p><strong>Entr\u00e9e libre<\/strong><\/p>\n<p><strong>Sur r\u00e9servation<\/strong><\/p>\n<div class=\"shmMigrate\"><\/div>\n<div class=\"shmMigrate\"><\/div>\n<div class=\"shmMigrate\"><\/div>\n<div class=\"shmMigrate\"><\/div>\n<div class=\"shmMigrate\"><\/div>","protected":false},"author":7,"featured_media":3076,"template":"","meta":{"site-sidebar-layout":"default","site-content-layout":"","ast-site-content-layout":"default","site-content-style":"default","site-sidebar-style":"default","ast-global-header-display":"","ast-banner-title-visibility":"","ast-main-header-display":"","ast-hfb-above-header-display":"","ast-hfb-below-header-display":"","ast-hfb-mobile-header-display":"","site-post-title":"","ast-breadcrumbs-content":null,"ast-featured-img":"","footer-sml-layout":"","ast-disable-related-posts":"","theme-transparent-header-meta":"","adv-header-id-meta":"","stick-header-meta":"","header-above-stick-meta":null,"header-main-stick-meta":"","header-below-stick-meta":null,"astra-migrate-meta-layouts":"default","ast-page-background-enabled":"default","ast-page-background-meta":{"desktop":{"background-color":"","background-image":"","background-repeat":"repeat","background-position":"center center","background-size":"auto","background-attachment":"scroll","background-type":"","background-media":"","overlay-type":"","overlay-color":"","overlay-opacity":"","overlay-gradient":""},"tablet":{"background-color":"","background-image":"","background-repeat":"repeat","background-position":"center center","background-size":"auto","background-attachment":"scroll","background-type":"","background-media":"","overlay-type":"","overlay-color":"","overlay-opacity":"","overlay-gradient":""},"mobile":{"background-color":"","background-image":"","background-repeat":"repeat","background-position":"center center","background-size":"auto","background-attachment":"scroll","background-type":"","background-media":"","overlay-type":"","overlay-color":"","overlay-opacity":"","overlay-gradient":""}},"ast-content-background-meta":{"desktop":{"background-color":"var(--ast-global-color-5)","background-image":"","background-repeat":"repeat","background-position":"center center","background-size":"auto","background-attachment":"scroll","background-type":"","background-media":"","overlay-type":"","overlay-color":"","overlay-opacity":"","overlay-gradient":""},"tablet":{"background-color":"var(--ast-global-color-5)","background-image":"","background-repeat":"repeat","background-position":"center center","background-size":"auto","background-attachment":"scroll","background-type":"","background-media":"","overlay-type":"","overlay-color":"","overlay-opacity":"","overlay-gradient":""},"mobile":{"background-color":"var(--ast-global-color-5)","background-image":"","background-repeat":"repeat","background-position":"center center","background-size":"auto","background-attachment":"scroll","background-type":"","background-media":"","overlay-type":"","overlay-color":"","overlay-opacity":"","overlay-gradient":""}}},"categories":[4],"tags":[],"class_list":["post-3083","archive","type-archive","status-publish","has-post-thumbnail","hentry","category-actualites"],"yoast_head":"<!-- This site is optimized with the Yoast SEO plugin v27.5 - https:\/\/yoast.com\/product\/yoast-seo-wordpress\/ -->\n<title>REPORT EN COURS \/\/ 13\/11 - RENCONTRE Pour une sant\u00e9 participative - Festival Savoirs chauds, savoirs froids - Ch\u00e2teau de Goutelas<\/title>\n<meta name=\"robots\" content=\"index, follow, max-snippet:-1, max-image-preview:large, max-video-preview:-1\" \/>\n<link rel=\"canonical\" href=\"https:\/\/www.chateaudegoutelas.fr\/en\/archive\/13-11-rencontre-pour-une-sante-participative-festival-savoirs-chauds-savoirs-froids\/\" \/>\n<meta property=\"og:locale\" content=\"en_GB\" \/>\n<meta property=\"og:type\" content=\"article\" \/>\n<meta property=\"og:title\" content=\"REPORT EN COURS \/\/ 13\/11 - RENCONTRE Pour une sant\u00e9 participative - Festival Savoirs chauds, savoirs froids - Ch\u00e2teau de Goutelas\" \/>\n<meta property=\"og:description\" content=\"Vendredi 13 novembre \u00e0 20h Salle des Devises Pour une sant\u00e9 participative\u00a0 Ces derniers mois ont vu \u00e9merger de multiples questions sur notre rapport \u00e0 la sant\u00e9 et \u00e0 la m\u00e9decine. Cette rencontre propose de s\u2019int\u00e9resser aux nouvelles relations qui s\u2019inventent aujourd\u2019hui entre les soignants et des patients \u201cexperts\u201d, qui tirent de leur exp\u00e9rience des [&hellip;]\" \/>\n<meta property=\"og:url\" content=\"https:\/\/www.chateaudegoutelas.fr\/en\/archive\/13-11-rencontre-pour-une-sante-participative-festival-savoirs-chauds-savoirs-froids\/\" \/>\n<meta property=\"og:site_name\" content=\"Ch\u00e2teau de Goutelas\" \/>\n<meta property=\"article:modified_time\" content=\"2023-05-26T07:59:12+00:00\" \/>\n<meta property=\"og:image\" content=\"https:\/\/www.chateaudegoutelas.fr\/wp-content\/uploads\/2020\/10\/visuel-savoirs-chauds-savoirs-froids-scaled.jpg\" \/>\n\t<meta property=\"og:image:width\" content=\"2026\" \/>\n\t<meta property=\"og:image:height\" content=\"2560\" \/>\n\t<meta property=\"og:image:type\" content=\"image\/jpeg\" \/>\n<meta name=\"twitter:card\" content=\"summary_large_image\" \/>\n<meta name=\"twitter:label1\" content=\"Estimated reading time\" \/>\n\t<meta name=\"twitter:data1\" content=\"1 minute\" \/>\n<script type=\"application\/ld+json\" class=\"yoast-schema-graph\">{\"@context\":\"https:\\\/\\\/schema.org\",\"@graph\":[{\"@type\":\"WebPage\",\"@id\":\"https:\\\/\\\/www.chateaudegoutelas.fr\\\/archive\\\/13-11-rencontre-pour-une-sante-participative-festival-savoirs-chauds-savoirs-froids\\\/\",\"url\":\"https:\\\/\\\/www.chateaudegoutelas.fr\\\/archive\\\/13-11-rencontre-pour-une-sante-participative-festival-savoirs-chauds-savoirs-froids\\\/\",\"name\":\"REPORT EN COURS \\\/\\\/ 13\\\/11 - RENCONTRE Pour une sant\u00e9 participative - Festival Savoirs chauds, savoirs froids - Ch\u00e2teau de Goutelas\",\"isPartOf\":{\"@id\":\"https:\\\/\\\/www.chateaudegoutelas.fr\\\/#website\"},\"primaryImageOfPage\":{\"@id\":\"https:\\\/\\\/www.chateaudegoutelas.fr\\\/archive\\\/13-11-rencontre-pour-une-sante-participative-festival-savoirs-chauds-savoirs-froids\\\/#primaryimage\"},\"image\":{\"@id\":\"https:\\\/\\\/www.chateaudegoutelas.fr\\\/archive\\\/13-11-rencontre-pour-une-sante-participative-festival-savoirs-chauds-savoirs-froids\\\/#primaryimage\"},\"thumbnailUrl\":\"https:\\\/\\\/www.chateaudegoutelas.fr\\\/wp-content\\\/uploads\\\/2020\\\/10\\\/visuel-savoirs-chauds-savoirs-froids-scaled.jpg\",\"datePublished\":\"2020-11-27T16:51:17+00:00\",\"dateModified\":\"2023-05-26T07:59:12+00:00\",\"breadcrumb\":{\"@id\":\"https:\\\/\\\/www.chateaudegoutelas.fr\\\/archive\\\/13-11-rencontre-pour-une-sante-participative-festival-savoirs-chauds-savoirs-froids\\\/#breadcrumb\"},\"inLanguage\":\"en-GB\",\"potentialAction\":[{\"@type\":\"ReadAction\",\"target\":[\"https:\\\/\\\/www.chateaudegoutelas.fr\\\/archive\\\/13-11-rencontre-pour-une-sante-participative-festival-savoirs-chauds-savoirs-froids\\\/\"]}]},{\"@type\":\"ImageObject\",\"inLanguage\":\"en-GB\",\"@id\":\"https:\\\/\\\/www.chateaudegoutelas.fr\\\/archive\\\/13-11-rencontre-pour-une-sante-participative-festival-savoirs-chauds-savoirs-froids\\\/#primaryimage\",\"url\":\"https:\\\/\\\/www.chateaudegoutelas.fr\\\/wp-content\\\/uploads\\\/2020\\\/10\\\/visuel-savoirs-chauds-savoirs-froids-scaled.jpg\",\"contentUrl\":\"https:\\\/\\\/www.chateaudegoutelas.fr\\\/wp-content\\\/uploads\\\/2020\\\/10\\\/visuel-savoirs-chauds-savoirs-froids-scaled.jpg\",\"width\":2026,\"height\":2560},{\"@type\":\"BreadcrumbList\",\"@id\":\"https:\\\/\\\/www.chateaudegoutelas.fr\\\/archive\\\/13-11-rencontre-pour-une-sante-participative-festival-savoirs-chauds-savoirs-froids\\\/#breadcrumb\",\"itemListElement\":[{\"@type\":\"ListItem\",\"position\":1,\"name\":\"Accueil\",\"item\":\"https:\\\/\\\/www.chateaudegoutelas.fr\\\/\"},{\"@type\":\"ListItem\",\"position\":2,\"name\":\"REPORT EN COURS \\\/\\\/ 13\\\/11 &#8211; RENCONTRE Pour une sant\u00e9 participative &#8211; Festival Savoirs chauds, savoirs froids\"}]},{\"@type\":\"WebSite\",\"@id\":\"https:\\\/\\\/www.chateaudegoutelas.fr\\\/#website\",\"url\":\"https:\\\/\\\/www.chateaudegoutelas.fr\\\/\",\"name\":\"Ch\u00e2teau de Goutelas\",\"description\":\"Un centre culturel de rencontre en Forez\",\"publisher\":{\"@id\":\"https:\\\/\\\/www.chateaudegoutelas.fr\\\/#organization\"},\"potentialAction\":[{\"@type\":\"SearchAction\",\"target\":{\"@type\":\"EntryPoint\",\"urlTemplate\":\"https:\\\/\\\/www.chateaudegoutelas.fr\\\/?s={search_term_string}\"},\"query-input\":{\"@type\":\"PropertyValueSpecification\",\"valueRequired\":true,\"valueName\":\"search_term_string\"}}],\"inLanguage\":\"en-GB\"},{\"@type\":\"Organization\",\"@id\":\"https:\\\/\\\/www.chateaudegoutelas.fr\\\/#organization\",\"name\":\"Ch\u00e2teau de Goutelas\",\"url\":\"https:\\\/\\\/www.chateaudegoutelas.fr\\\/\",\"logo\":{\"@type\":\"ImageObject\",\"inLanguage\":\"en-GB\",\"@id\":\"https:\\\/\\\/www.chateaudegoutelas.fr\\\/#\\\/schema\\\/logo\\\/image\\\/\",\"url\":\"https:\\\/\\\/www.chateaudegoutelas.fr\\\/wp-content\\\/uploads\\\/2023\\\/05\\\/logo-chateau-goutelas-bleu.png\",\"contentUrl\":\"https:\\\/\\\/www.chateaudegoutelas.fr\\\/wp-content\\\/uploads\\\/2023\\\/05\\\/logo-chateau-goutelas-bleu.png\",\"width\":1123,\"height\":327,\"caption\":\"Ch\u00e2teau de Goutelas\"},\"image\":{\"@id\":\"https:\\\/\\\/www.chateaudegoutelas.fr\\\/#\\\/schema\\\/logo\\\/image\\\/\"}}]}<\/script>\n<!-- \/ Yoast SEO plugin. -->","yoast_head_json":{"title":"REPORT EN COURS \/\/ 13\/11 - RENCONTRE Pour une sant\u00e9 participative - Festival Savoirs chauds, savoirs froids - Ch\u00e2teau de Goutelas","robots":{"index":"index","follow":"follow","max-snippet":"max-snippet:-1","max-image-preview":"max-image-preview:large","max-video-preview":"max-video-preview:-1"},"canonical":"https:\/\/www.chateaudegoutelas.fr\/en\/archive\/13-11-rencontre-pour-une-sante-participative-festival-savoirs-chauds-savoirs-froids\/","og_locale":"en_GB","og_type":"article","og_title":"REPORT EN COURS \/\/ 13\/11 - RENCONTRE Pour une sant\u00e9 participative - Festival Savoirs chauds, savoirs froids - Ch\u00e2teau de Goutelas","og_description":"Vendredi 13 novembre \u00e0 20h Salle des Devises Pour une sant\u00e9 participative\u00a0 Ces derniers mois ont vu \u00e9merger de multiples questions sur notre rapport \u00e0 la sant\u00e9 et \u00e0 la m\u00e9decine. Cette rencontre propose de s\u2019int\u00e9resser aux nouvelles relations qui s\u2019inventent aujourd\u2019hui entre les soignants et des patients \u201cexperts\u201d, qui tirent de leur exp\u00e9rience des [&hellip;]","og_url":"https:\/\/www.chateaudegoutelas.fr\/en\/archive\/13-11-rencontre-pour-une-sante-participative-festival-savoirs-chauds-savoirs-froids\/","og_site_name":"Ch\u00e2teau de Goutelas","article_modified_time":"2023-05-26T07:59:12+00:00","og_image":[{"width":2026,"height":2560,"url":"https:\/\/www.chateaudegoutelas.fr\/wp-content\/uploads\/2020\/10\/visuel-savoirs-chauds-savoirs-froids-scaled.jpg","type":"image\/jpeg"}],"twitter_card":"summary_large_image","twitter_misc":{"Estimated reading time":"1 minute"},"schema":{"@context":"https:\/\/schema.org","@graph":[{"@type":"WebPage","@id":"https:\/\/www.chateaudegoutelas.fr\/archive\/13-11-rencontre-pour-une-sante-participative-festival-savoirs-chauds-savoirs-froids\/","url":"https:\/\/www.chateaudegoutelas.fr\/archive\/13-11-rencontre-pour-une-sante-participative-festival-savoirs-chauds-savoirs-froids\/","name":"REPORT EN COURS \/\/ 13\/11 - RENCONTRE Pour une sant\u00e9 participative - Festival Savoirs chauds, savoirs froids - Ch\u00e2teau de Goutelas","isPartOf":{"@id":"https:\/\/www.chateaudegoutelas.fr\/#website"},"primaryImageOfPage":{"@id":"https:\/\/www.chateaudegoutelas.fr\/archive\/13-11-rencontre-pour-une-sante-participative-festival-savoirs-chauds-savoirs-froids\/#primaryimage"},"image":{"@id":"https:\/\/www.chateaudegoutelas.fr\/archive\/13-11-rencontre-pour-une-sante-participative-festival-savoirs-chauds-savoirs-froids\/#primaryimage"},"thumbnailUrl":"https:\/\/www.chateaudegoutelas.fr\/wp-content\/uploads\/2020\/10\/visuel-savoirs-chauds-savoirs-froids-scaled.jpg","datePublished":"2020-11-27T16:51:17+00:00","dateModified":"2023-05-26T07:59:12+00:00","breadcrumb":{"@id":"https:\/\/www.chateaudegoutelas.fr\/archive\/13-11-rencontre-pour-une-sante-participative-festival-savoirs-chauds-savoirs-froids\/#breadcrumb"},"inLanguage":"en-GB","potentialAction":[{"@type":"ReadAction","target":["https:\/\/www.chateaudegoutelas.fr\/archive\/13-11-rencontre-pour-une-sante-participative-festival-savoirs-chauds-savoirs-froids\/"]}]},{"@type":"ImageObject","inLanguage":"en-GB","@id":"https:\/\/www.chateaudegoutelas.fr\/archive\/13-11-rencontre-pour-une-sante-participative-festival-savoirs-chauds-savoirs-froids\/#primaryimage","url":"https:\/\/www.chateaudegoutelas.fr\/wp-content\/uploads\/2020\/10\/visuel-savoirs-chauds-savoirs-froids-scaled.jpg","contentUrl":"https:\/\/www.chateaudegoutelas.fr\/wp-content\/uploads\/2020\/10\/visuel-savoirs-chauds-savoirs-froids-scaled.jpg","width":2026,"height":2560},{"@type":"BreadcrumbList","@id":"https:\/\/www.chateaudegoutelas.fr\/archive\/13-11-rencontre-pour-une-sante-participative-festival-savoirs-chauds-savoirs-froids\/#breadcrumb","itemListElement":[{"@type":"ListItem","position":1,"name":"Accueil","item":"https:\/\/www.chateaudegoutelas.fr\/"},{"@type":"ListItem","position":2,"name":"REPORT EN COURS \/\/ 13\/11 &#8211; RENCONTRE Pour une sant\u00e9 participative &#8211; Festival Savoirs chauds, savoirs froids"}]},{"@type":"WebSite","@id":"https:\/\/www.chateaudegoutelas.fr\/#website","url":"https:\/\/www.chateaudegoutelas.fr\/","name":"Ch\u00e2teau de Goutelas","description":"Un centre culturel de rencontre en Forez","publisher":{"@id":"https:\/\/www.chateaudegoutelas.fr\/#organization"},"potentialAction":[{"@type":"SearchAction","target":{"@type":"EntryPoint","urlTemplate":"https:\/\/www.chateaudegoutelas.fr\/?s={search_term_string}"},"query-input":{"@type":"PropertyValueSpecification","valueRequired":true,"valueName":"search_term_string"}}],"inLanguage":"en-GB"},{"@type":"Organization","@id":"https:\/\/www.chateaudegoutelas.fr\/#organization","name":"Ch\u00e2teau de Goutelas","url":"https:\/\/www.chateaudegoutelas.fr\/","logo":{"@type":"ImageObject","inLanguage":"en-GB","@id":"https:\/\/www.chateaudegoutelas.fr\/#\/schema\/logo\/image\/","url":"https:\/\/www.chateaudegoutelas.fr\/wp-content\/uploads\/2023\/05\/logo-chateau-goutelas-bleu.png","contentUrl":"https:\/\/www.chateaudegoutelas.fr\/wp-content\/uploads\/2023\/05\/logo-chateau-goutelas-bleu.png","width":1123,"height":327,"caption":"Ch\u00e2teau de Goutelas"},"image":{"@id":"https:\/\/www.chateaudegoutelas.fr\/#\/schema\/logo\/image\/"}}]}},"_links":{"self":[{"href":"https:\/\/www.chateaudegoutelas.fr\/en\/wp-json\/wp\/v2\/archive\/3083","targetHints":{"allow":["GET"]}}],"collection":[{"href":"https:\/\/www.chateaudegoutelas.fr\/en\/wp-json\/wp\/v2\/archive"}],"about":[{"href":"https:\/\/www.chateaudegoutelas.fr\/en\/wp-json\/wp\/v2\/types\/archive"}],"author":[{"embeddable":true,"href":"https:\/\/www.chateaudegoutelas.fr\/en\/wp-json\/wp\/v2\/users\/7"}],"wp:featuredmedia":[{"embeddable":true,"href":"https:\/\/www.chateaudegoutelas.fr\/en\/wp-json\/wp\/v2\/media\/3076"}],"wp:attachment":[{"href":"https:\/\/www.chateaudegoutelas.fr\/en\/wp-json\/wp\/v2\/media?parent=3083"}],"wp:term":[{"taxonomy":"category","embeddable":true,"href":"https:\/\/www.chateaudegoutelas.fr\/en\/wp-json\/wp\/v2\/categories?post=3083"},{"taxonomy":"post_tag","embeddable":true,"href":"https:\/\/www.chateaudegoutelas.fr\/en\/wp-json\/wp\/v2\/tags?post=3083"}],"curies":[{"name":"wp","href":"https:\/\/api.w.org\/{rel}","templated":true}]}}