{"id":3075,"date":"2020-11-28T10:42:49","date_gmt":"2020-11-28T09:42:49","guid":{"rendered":"https:\/\/www.chateaudegoutelas.fr\/?p=3075"},"modified":"2023-05-26T09:59:11","modified_gmt":"2023-05-26T07:59:11","slug":"du-11-11-au-15-11-savoirs-chauds-savoirs-froids-le-festival-des-conferences-gesticulees-en-forez","status":"publish","type":"archive","link":"https:\/\/www.chateaudegoutelas.fr\/en\/archive\/du-11-11-au-15-11-savoirs-chauds-savoirs-froids-le-festival-des-conferences-gesticulees-en-forez\/","title":{"rendered":"REPORT EN COURS \/\/ DU 11\/11 AU 15\/11 &#8211; SAVOIRS CHAUDS, SAVOIRS FROIDS, le festival des conf\u00e9rences gesticul\u00e9es en Forez"},"content":{"rendered":"<div class=\"shmMigrate\"><\/div>\n<div class=\"shmMigrate\"><\/div>\n<div class=\"shmMigrate\"><\/div>\n<div class=\"shmMigrate\"><\/div>\n<h4><span style=\"font-weight: 400;\">Du 11 au 15 novembre<\/span><\/h4>\n<p>&nbsp;<\/p>\n<h4><span style=\"font-weight: 400;\">Dans 9 lieux du Forez : Verri\u00e8res-en-Forez, Saint-Germain-Laval, Saint-Etienne, Marcoux, Feurs, Bo\u00ebn-sur-Lignon, Montbrison, Marcilly-le-Ch\u00e2tel, Sail-sous-Couzan<\/span><\/h4>\n<div class=\"shmMigrate\"><\/div>\n<div class=\"shmMigrate\"><\/div>\n<div class=\"shmMigrate\"><\/div>\n<p><span style=\"font-weight: 400;\">Mixez des savoirs \u201cchauds\u201d issus de l\u2019exp\u00e9rience et des savoirs \u201cfroids\u201d th\u00e9oriques, vous obtenez un orage d\u2019id\u00e9es ! <\/span><\/p>\n<p><span style=\"font-weight: 400;\">Cette <strong>sixi\u00e8me \u00e9dition du Festival des conf\u00e9rences gesticul\u00e9es<\/strong> rassemble une dizaine de structures for\u00e9ziennes investies dans l\u2019\u00e9ducation populaire. Le temps d\u2019un long week-end, ce sont les th\u00e8mes les plus actuels qui sont mis en d\u00e9bat : agriculture et alimentation, droit au logement et propri\u00e9t\u00e9 priv\u00e9e ou encore \u00e9cocitoyennet\u00e9\u2026 <\/span><\/p>\n<div class=\"shmMigrate\"><\/div>\n<div class=\"shmMigrate\"><\/div>\n<div class=\"shmMigrate\"><\/div>\n<div class=\"shmMigrate\"><\/div>\n<p><span style=\"color: #a82d2d;\">Attention, changements dans la programmation en raison des restrictions sanitaires :<\/span><\/p>\n<p>&nbsp;<\/p>\n<p><span style=\"color: #a82d2d;\">&gt; La conf\u00e9rence gesticul\u00e9e \u00ab\u00a0Je ne sais plus o\u00f9 j&rsquo;habite\u00a0\u00bb de Julian Aug\u00e9, pr\u00e9vue au caf\u00e9-lecture Le Remue-m\u00e9ninges le 12 novembre, est <strong>ANNUL\u00c9E<\/strong><\/span><\/p>\n<p><span style=\"color: #a82d2d;\">&gt; La conf\u00e9rence gesticul\u00e9e \u00ab\u00a0L&rsquo;avenir est dans le pr\u00e9\u00a0\u00bb de Madeline Carlin et son atelier auront lieu \u00e0 la <strong>SALLE PIERRE BOULEZ<\/strong> (2 rue des Visitandines, Montbrison) et non au Centre social de Montbrison.<\/span><\/p>\n<p>&nbsp;<\/p>\n<p>Les modifications de programmation li\u00e9es \u00e0 la crise sanitaire seront r\u00e9guli\u00e8rement mises \u00e0 jour sur cette page ; merci de votre compr\u00e9hension.<\/p>\n<p>&nbsp;<\/p>\n<p><b>Conf\u00e9rences et ateliers \u00e0 prix libre<\/b><\/p>\n<p><b>R\u00e9servation et renseignements aupr\u00e8s des organisateurs de chaque conf\u00e9rence<\/b><\/p>\n<div class=\"shmMigrate\"><\/div>\n<div class=\"shmMigrate\"><\/div>\n<div class=\"shmMigrate\"><\/div>","protected":false},"author":7,"featured_media":3076,"template":"","meta":{"site-sidebar-layout":"default","site-content-layout":"","ast-site-content-layout":"default","site-content-style":"default","site-sidebar-style":"default","ast-global-header-display":"","ast-banner-title-visibility":"","ast-main-header-display":"","ast-hfb-above-header-display":"","ast-hfb-below-header-display":"","ast-hfb-mobile-header-display":"","site-post-title":"","ast-breadcrumbs-content":null,"ast-featured-img":"","footer-sml-layout":"","ast-disable-related-posts":"","theme-transparent-header-meta":"","adv-header-id-meta":"","stick-header-meta":"","header-above-stick-meta":null,"header-main-stick-meta":"","header-below-stick-meta":null,"astra-migrate-meta-layouts":"default","ast-page-background-enabled":"default","ast-page-background-meta":{"desktop":{"background-color":"","background-image":"","background-repeat":"repeat","background-position":"center center","background-size":"auto","background-attachment":"scroll","background-type":"","background-media":"","overlay-type":"","overlay-color":"","overlay-opacity":"","overlay-gradient":""},"tablet":{"background-color":"","background-image":"","background-repeat":"repeat","background-position":"center center","background-size":"auto","background-attachment":"scroll","background-type":"","background-media":"","overlay-type":"","overlay-color":"","overlay-opacity":"","overlay-gradient":""},"mobile":{"background-color":"","background-image":"","background-repeat":"repeat","background-position":"center center","background-size":"auto","background-attachment":"scroll","background-type":"","background-media":"","overlay-type":"","overlay-color":"","overlay-opacity":"","overlay-gradient":""}},"ast-content-background-meta":{"desktop":{"background-color":"var(--ast-global-color-5)","background-image":"","background-repeat":"repeat","background-position":"center center","background-size":"auto","background-attachment":"scroll","background-type":"","background-media":"","overlay-type":"","overlay-color":"","overlay-opacity":"","overlay-gradient":""},"tablet":{"background-color":"var(--ast-global-color-5)","background-image":"","background-repeat":"repeat","background-position":"center center","background-size":"auto","background-attachment":"scroll","background-type":"","background-media":"","overlay-type":"","overlay-color":"","overlay-opacity":"","overlay-gradient":""},"mobile":{"background-color":"var(--ast-global-color-5)","background-image":"","background-repeat":"repeat","background-position":"center center","background-size":"auto","background-attachment":"scroll","background-type":"","background-media":"","overlay-type":"","overlay-color":"","overlay-opacity":"","overlay-gradient":""}}},"categories":[4],"tags":[],"class_list":["post-3075","archive","type-archive","status-publish","has-post-thumbnail","hentry","category-actualites"],"yoast_head":"<!-- This site is optimized with the Yoast SEO plugin v27.5 - https:\/\/yoast.com\/product\/yoast-seo-wordpress\/ -->\n<title>REPORT EN COURS \/\/ DU 11\/11 AU 15\/11 - SAVOIRS CHAUDS, SAVOIRS FROIDS, le festival des conf\u00e9rences gesticul\u00e9es en Forez - Ch\u00e2teau de Goutelas<\/title>\n<meta name=\"robots\" content=\"index, follow, max-snippet:-1, max-image-preview:large, max-video-preview:-1\" \/>\n<link rel=\"canonical\" href=\"https:\/\/www.chateaudegoutelas.fr\/en\/archive\/du-11-11-au-15-11-savoirs-chauds-savoirs-froids-le-festival-des-conferences-gesticulees-en-forez\/\" \/>\n<meta property=\"og:locale\" content=\"en_GB\" \/>\n<meta property=\"og:type\" content=\"article\" \/>\n<meta property=\"og:title\" content=\"REPORT EN COURS \/\/ DU 11\/11 AU 15\/11 - SAVOIRS CHAUDS, SAVOIRS FROIDS, le festival des conf\u00e9rences gesticul\u00e9es en Forez - Ch\u00e2teau de Goutelas\" \/>\n<meta property=\"og:description\" content=\"Du 11 au 15 novembre &nbsp; Dans 9 lieux du Forez : Verri\u00e8res-en-Forez, Saint-Germain-Laval, Saint-Etienne, Marcoux, Feurs, Bo\u00ebn-sur-Lignon, Montbrison, Marcilly-le-Ch\u00e2tel, Sail-sous-Couzan Mixez des savoirs \u201cchauds\u201d issus de l\u2019exp\u00e9rience et des savoirs \u201cfroids\u201d th\u00e9oriques, vous obtenez un orage d\u2019id\u00e9es ! Cette sixi\u00e8me \u00e9dition du Festival des conf\u00e9rences gesticul\u00e9es rassemble une dizaine de structures for\u00e9ziennes investies dans [&hellip;]\" \/>\n<meta property=\"og:url\" content=\"https:\/\/www.chateaudegoutelas.fr\/en\/archive\/du-11-11-au-15-11-savoirs-chauds-savoirs-froids-le-festival-des-conferences-gesticulees-en-forez\/\" \/>\n<meta property=\"og:site_name\" content=\"Ch\u00e2teau de Goutelas\" \/>\n<meta property=\"article:modified_time\" content=\"2023-05-26T07:59:11+00:00\" \/>\n<meta property=\"og:image\" content=\"https:\/\/www.chateaudegoutelas.fr\/wp-content\/uploads\/2020\/10\/visuel-savoirs-chauds-savoirs-froids-scaled.jpg\" \/>\n\t<meta property=\"og:image:width\" content=\"2026\" \/>\n\t<meta property=\"og:image:height\" content=\"2560\" \/>\n\t<meta property=\"og:image:type\" content=\"image\/jpeg\" \/>\n<meta name=\"twitter:card\" content=\"summary_large_image\" \/>\n<meta name=\"twitter:label1\" content=\"Estimated reading time\" \/>\n\t<meta name=\"twitter:data1\" content=\"1 minute\" \/>\n<script type=\"application\/ld+json\" class=\"yoast-schema-graph\">{\"@context\":\"https:\\\/\\\/schema.org\",\"@graph\":[{\"@type\":\"WebPage\",\"@id\":\"https:\\\/\\\/www.chateaudegoutelas.fr\\\/archive\\\/du-11-11-au-15-11-savoirs-chauds-savoirs-froids-le-festival-des-conferences-gesticulees-en-forez\\\/\",\"url\":\"https:\\\/\\\/www.chateaudegoutelas.fr\\\/archive\\\/du-11-11-au-15-11-savoirs-chauds-savoirs-froids-le-festival-des-conferences-gesticulees-en-forez\\\/\",\"name\":\"REPORT EN COURS \\\/\\\/ DU 11\\\/11 AU 15\\\/11 - SAVOIRS CHAUDS, SAVOIRS FROIDS, le festival des conf\u00e9rences gesticul\u00e9es en Forez - Ch\u00e2teau de Goutelas\",\"isPartOf\":{\"@id\":\"https:\\\/\\\/www.chateaudegoutelas.fr\\\/#website\"},\"primaryImageOfPage\":{\"@id\":\"https:\\\/\\\/www.chateaudegoutelas.fr\\\/archive\\\/du-11-11-au-15-11-savoirs-chauds-savoirs-froids-le-festival-des-conferences-gesticulees-en-forez\\\/#primaryimage\"},\"image\":{\"@id\":\"https:\\\/\\\/www.chateaudegoutelas.fr\\\/archive\\\/du-11-11-au-15-11-savoirs-chauds-savoirs-froids-le-festival-des-conferences-gesticulees-en-forez\\\/#primaryimage\"},\"thumbnailUrl\":\"https:\\\/\\\/www.chateaudegoutelas.fr\\\/wp-content\\\/uploads\\\/2020\\\/10\\\/visuel-savoirs-chauds-savoirs-froids-scaled.jpg\",\"datePublished\":\"2020-11-28T09:42:49+00:00\",\"dateModified\":\"2023-05-26T07:59:11+00:00\",\"breadcrumb\":{\"@id\":\"https:\\\/\\\/www.chateaudegoutelas.fr\\\/archive\\\/du-11-11-au-15-11-savoirs-chauds-savoirs-froids-le-festival-des-conferences-gesticulees-en-forez\\\/#breadcrumb\"},\"inLanguage\":\"en-GB\",\"potentialAction\":[{\"@type\":\"ReadAction\",\"target\":[\"https:\\\/\\\/www.chateaudegoutelas.fr\\\/archive\\\/du-11-11-au-15-11-savoirs-chauds-savoirs-froids-le-festival-des-conferences-gesticulees-en-forez\\\/\"]}]},{\"@type\":\"ImageObject\",\"inLanguage\":\"en-GB\",\"@id\":\"https:\\\/\\\/www.chateaudegoutelas.fr\\\/archive\\\/du-11-11-au-15-11-savoirs-chauds-savoirs-froids-le-festival-des-conferences-gesticulees-en-forez\\\/#primaryimage\",\"url\":\"https:\\\/\\\/www.chateaudegoutelas.fr\\\/wp-content\\\/uploads\\\/2020\\\/10\\\/visuel-savoirs-chauds-savoirs-froids-scaled.jpg\",\"contentUrl\":\"https:\\\/\\\/www.chateaudegoutelas.fr\\\/wp-content\\\/uploads\\\/2020\\\/10\\\/visuel-savoirs-chauds-savoirs-froids-scaled.jpg\",\"width\":2026,\"height\":2560},{\"@type\":\"BreadcrumbList\",\"@id\":\"https:\\\/\\\/www.chateaudegoutelas.fr\\\/archive\\\/du-11-11-au-15-11-savoirs-chauds-savoirs-froids-le-festival-des-conferences-gesticulees-en-forez\\\/#breadcrumb\",\"itemListElement\":[{\"@type\":\"ListItem\",\"position\":1,\"name\":\"Accueil\",\"item\":\"https:\\\/\\\/www.chateaudegoutelas.fr\\\/\"},{\"@type\":\"ListItem\",\"position\":2,\"name\":\"REPORT EN COURS \\\/\\\/ DU 11\\\/11 AU 15\\\/11 &#8211; SAVOIRS CHAUDS, SAVOIRS FROIDS, le festival des conf\u00e9rences gesticul\u00e9es en Forez\"}]},{\"@type\":\"WebSite\",\"@id\":\"https:\\\/\\\/www.chateaudegoutelas.fr\\\/#website\",\"url\":\"https:\\\/\\\/www.chateaudegoutelas.fr\\\/\",\"name\":\"Ch\u00e2teau de Goutelas\",\"description\":\"Un centre culturel de rencontre en Forez\",\"publisher\":{\"@id\":\"https:\\\/\\\/www.chateaudegoutelas.fr\\\/#organization\"},\"potentialAction\":[{\"@type\":\"SearchAction\",\"target\":{\"@type\":\"EntryPoint\",\"urlTemplate\":\"https:\\\/\\\/www.chateaudegoutelas.fr\\\/?s={search_term_string}\"},\"query-input\":{\"@type\":\"PropertyValueSpecification\",\"valueRequired\":true,\"valueName\":\"search_term_string\"}}],\"inLanguage\":\"en-GB\"},{\"@type\":\"Organization\",\"@id\":\"https:\\\/\\\/www.chateaudegoutelas.fr\\\/#organization\",\"name\":\"Ch\u00e2teau de Goutelas\",\"url\":\"https:\\\/\\\/www.chateaudegoutelas.fr\\\/\",\"logo\":{\"@type\":\"ImageObject\",\"inLanguage\":\"en-GB\",\"@id\":\"https:\\\/\\\/www.chateaudegoutelas.fr\\\/#\\\/schema\\\/logo\\\/image\\\/\",\"url\":\"https:\\\/\\\/www.chateaudegoutelas.fr\\\/wp-content\\\/uploads\\\/2023\\\/05\\\/logo-chateau-goutelas-bleu.png\",\"contentUrl\":\"https:\\\/\\\/www.chateaudegoutelas.fr\\\/wp-content\\\/uploads\\\/2023\\\/05\\\/logo-chateau-goutelas-bleu.png\",\"width\":1123,\"height\":327,\"caption\":\"Ch\u00e2teau de Goutelas\"},\"image\":{\"@id\":\"https:\\\/\\\/www.chateaudegoutelas.fr\\\/#\\\/schema\\\/logo\\\/image\\\/\"}}]}<\/script>\n<!-- \/ Yoast SEO plugin. -->","yoast_head_json":{"title":"REPORT EN COURS \/\/ DU 11\/11 AU 15\/11 - SAVOIRS CHAUDS, SAVOIRS FROIDS, le festival des conf\u00e9rences gesticul\u00e9es en Forez - Ch\u00e2teau de Goutelas","robots":{"index":"index","follow":"follow","max-snippet":"max-snippet:-1","max-image-preview":"max-image-preview:large","max-video-preview":"max-video-preview:-1"},"canonical":"https:\/\/www.chateaudegoutelas.fr\/en\/archive\/du-11-11-au-15-11-savoirs-chauds-savoirs-froids-le-festival-des-conferences-gesticulees-en-forez\/","og_locale":"en_GB","og_type":"article","og_title":"REPORT EN COURS \/\/ DU 11\/11 AU 15\/11 - SAVOIRS CHAUDS, SAVOIRS FROIDS, le festival des conf\u00e9rences gesticul\u00e9es en Forez - Ch\u00e2teau de Goutelas","og_description":"Du 11 au 15 novembre &nbsp; Dans 9 lieux du Forez : Verri\u00e8res-en-Forez, Saint-Germain-Laval, Saint-Etienne, Marcoux, Feurs, Bo\u00ebn-sur-Lignon, Montbrison, Marcilly-le-Ch\u00e2tel, Sail-sous-Couzan Mixez des savoirs \u201cchauds\u201d issus de l\u2019exp\u00e9rience et des savoirs \u201cfroids\u201d th\u00e9oriques, vous obtenez un orage d\u2019id\u00e9es ! Cette sixi\u00e8me \u00e9dition du Festival des conf\u00e9rences gesticul\u00e9es rassemble une dizaine de structures for\u00e9ziennes investies dans [&hellip;]","og_url":"https:\/\/www.chateaudegoutelas.fr\/en\/archive\/du-11-11-au-15-11-savoirs-chauds-savoirs-froids-le-festival-des-conferences-gesticulees-en-forez\/","og_site_name":"Ch\u00e2teau de Goutelas","article_modified_time":"2023-05-26T07:59:11+00:00","og_image":[{"width":2026,"height":2560,"url":"https:\/\/www.chateaudegoutelas.fr\/wp-content\/uploads\/2020\/10\/visuel-savoirs-chauds-savoirs-froids-scaled.jpg","type":"image\/jpeg"}],"twitter_card":"summary_large_image","twitter_misc":{"Estimated reading time":"1 minute"},"schema":{"@context":"https:\/\/schema.org","@graph":[{"@type":"WebPage","@id":"https:\/\/www.chateaudegoutelas.fr\/archive\/du-11-11-au-15-11-savoirs-chauds-savoirs-froids-le-festival-des-conferences-gesticulees-en-forez\/","url":"https:\/\/www.chateaudegoutelas.fr\/archive\/du-11-11-au-15-11-savoirs-chauds-savoirs-froids-le-festival-des-conferences-gesticulees-en-forez\/","name":"REPORT EN COURS \/\/ DU 11\/11 AU 15\/11 - SAVOIRS CHAUDS, SAVOIRS FROIDS, le festival des conf\u00e9rences gesticul\u00e9es en Forez - Ch\u00e2teau de Goutelas","isPartOf":{"@id":"https:\/\/www.chateaudegoutelas.fr\/#website"},"primaryImageOfPage":{"@id":"https:\/\/www.chateaudegoutelas.fr\/archive\/du-11-11-au-15-11-savoirs-chauds-savoirs-froids-le-festival-des-conferences-gesticulees-en-forez\/#primaryimage"},"image":{"@id":"https:\/\/www.chateaudegoutelas.fr\/archive\/du-11-11-au-15-11-savoirs-chauds-savoirs-froids-le-festival-des-conferences-gesticulees-en-forez\/#primaryimage"},"thumbnailUrl":"https:\/\/www.chateaudegoutelas.fr\/wp-content\/uploads\/2020\/10\/visuel-savoirs-chauds-savoirs-froids-scaled.jpg","datePublished":"2020-11-28T09:42:49+00:00","dateModified":"2023-05-26T07:59:11+00:00","breadcrumb":{"@id":"https:\/\/www.chateaudegoutelas.fr\/archive\/du-11-11-au-15-11-savoirs-chauds-savoirs-froids-le-festival-des-conferences-gesticulees-en-forez\/#breadcrumb"},"inLanguage":"en-GB","potentialAction":[{"@type":"ReadAction","target":["https:\/\/www.chateaudegoutelas.fr\/archive\/du-11-11-au-15-11-savoirs-chauds-savoirs-froids-le-festival-des-conferences-gesticulees-en-forez\/"]}]},{"@type":"ImageObject","inLanguage":"en-GB","@id":"https:\/\/www.chateaudegoutelas.fr\/archive\/du-11-11-au-15-11-savoirs-chauds-savoirs-froids-le-festival-des-conferences-gesticulees-en-forez\/#primaryimage","url":"https:\/\/www.chateaudegoutelas.fr\/wp-content\/uploads\/2020\/10\/visuel-savoirs-chauds-savoirs-froids-scaled.jpg","contentUrl":"https:\/\/www.chateaudegoutelas.fr\/wp-content\/uploads\/2020\/10\/visuel-savoirs-chauds-savoirs-froids-scaled.jpg","width":2026,"height":2560},{"@type":"BreadcrumbList","@id":"https:\/\/www.chateaudegoutelas.fr\/archive\/du-11-11-au-15-11-savoirs-chauds-savoirs-froids-le-festival-des-conferences-gesticulees-en-forez\/#breadcrumb","itemListElement":[{"@type":"ListItem","position":1,"name":"Accueil","item":"https:\/\/www.chateaudegoutelas.fr\/"},{"@type":"ListItem","position":2,"name":"REPORT EN COURS \/\/ DU 11\/11 AU 15\/11 &#8211; SAVOIRS CHAUDS, SAVOIRS FROIDS, le festival des conf\u00e9rences gesticul\u00e9es en Forez"}]},{"@type":"WebSite","@id":"https:\/\/www.chateaudegoutelas.fr\/#website","url":"https:\/\/www.chateaudegoutelas.fr\/","name":"Ch\u00e2teau de Goutelas","description":"Un centre culturel de rencontre en Forez","publisher":{"@id":"https:\/\/www.chateaudegoutelas.fr\/#organization"},"potentialAction":[{"@type":"SearchAction","target":{"@type":"EntryPoint","urlTemplate":"https:\/\/www.chateaudegoutelas.fr\/?s={search_term_string}"},"query-input":{"@type":"PropertyValueSpecification","valueRequired":true,"valueName":"search_term_string"}}],"inLanguage":"en-GB"},{"@type":"Organization","@id":"https:\/\/www.chateaudegoutelas.fr\/#organization","name":"Ch\u00e2teau de Goutelas","url":"https:\/\/www.chateaudegoutelas.fr\/","logo":{"@type":"ImageObject","inLanguage":"en-GB","@id":"https:\/\/www.chateaudegoutelas.fr\/#\/schema\/logo\/image\/","url":"https:\/\/www.chateaudegoutelas.fr\/wp-content\/uploads\/2023\/05\/logo-chateau-goutelas-bleu.png","contentUrl":"https:\/\/www.chateaudegoutelas.fr\/wp-content\/uploads\/2023\/05\/logo-chateau-goutelas-bleu.png","width":1123,"height":327,"caption":"Ch\u00e2teau de Goutelas"},"image":{"@id":"https:\/\/www.chateaudegoutelas.fr\/#\/schema\/logo\/image\/"}}]}},"_links":{"self":[{"href":"https:\/\/www.chateaudegoutelas.fr\/en\/wp-json\/wp\/v2\/archive\/3075","targetHints":{"allow":["GET"]}}],"collection":[{"href":"https:\/\/www.chateaudegoutelas.fr\/en\/wp-json\/wp\/v2\/archive"}],"about":[{"href":"https:\/\/www.chateaudegoutelas.fr\/en\/wp-json\/wp\/v2\/types\/archive"}],"author":[{"embeddable":true,"href":"https:\/\/www.chateaudegoutelas.fr\/en\/wp-json\/wp\/v2\/users\/7"}],"wp:featuredmedia":[{"embeddable":true,"href":"https:\/\/www.chateaudegoutelas.fr\/en\/wp-json\/wp\/v2\/media\/3076"}],"wp:attachment":[{"href":"https:\/\/www.chateaudegoutelas.fr\/en\/wp-json\/wp\/v2\/media?parent=3075"}],"wp:term":[{"taxonomy":"category","embeddable":true,"href":"https:\/\/www.chateaudegoutelas.fr\/en\/wp-json\/wp\/v2\/categories?post=3075"},{"taxonomy":"post_tag","embeddable":true,"href":"https:\/\/www.chateaudegoutelas.fr\/en\/wp-json\/wp\/v2\/tags?post=3075"}],"curies":[{"name":"wp","href":"https:\/\/api.w.org\/{rel}","templated":true}]}}