{"id":3030,"date":"2020-10-06T11:59:54","date_gmt":"2020-10-06T09:59:54","guid":{"rendered":"https:\/\/www.chateaudegoutelas.fr\/?p=3030"},"modified":"2023-05-26T10:02:31","modified_gmt":"2023-05-26T08:02:31","slug":"30-10-et-31-10-spectacle-jeune-public-le-jeune-yacou","status":"publish","type":"archive","link":"https:\/\/www.chateaudegoutelas.fr\/en\/archive\/30-10-et-31-10-spectacle-jeune-public-le-jeune-yacou\/","title":{"rendered":"REPORT EN COURS \/\/ 30\/10 ET 31\/10 &#8211; SPECTACLE JEUNE PUBLIC : Le jeune Yacou"},"content":{"rendered":"<div class=\"shmMigrate\"><\/div>\n<div class=\"shmMigrate\"><\/div>\n<div class=\"shmMigrate\"><\/div>\n<h4><span style=\"font-weight: 400;\">Samedi 31 octobre<\/span><\/h4>\n<h4><span style=\"font-weight: 400;\">18h30<\/span><\/h4>\n<p>&nbsp;<\/p>\n<h4><\/h4>\n<h4><b>Le jeune Yacou<\/b><\/h4>\n<h4><b>Conte musical<\/b><\/h4>\n<p>&nbsp;<\/p>\n<h4><\/h4>\n<h4><b>Yacouba Konat\u00e9<\/b><\/h4>\n<div class=\"shmMigrate\"><\/div>\n<div class=\"shmMigrate\"><\/div>\n<div class=\"shmMigrate\"><\/div>\n<p><span style=\"font-weight: 400;\">Le jeune Yacou est une travers\u00e9e chant\u00e9e autour de l&rsquo;exil et de l&rsquo;espoir \u00e0 l\u2019attention des petits et des grands.<\/span><\/p>\n<p>&nbsp;<\/p>\n<p><span style=\"font-weight: 400;\">De la C\u00f4te d\u2019Ivoire \u00e0 la France en passant par le Niger, la Lybie et la Tunisie, Yacouba Konat\u00e9 livre le r\u00e9cit de cette travers\u00e9e en musique, accompagn\u00e9 du percussionniste gambien Waly Saho.<\/span><\/p>\n<p>&nbsp;<\/p>\n<p><span style=\"font-weight: 400;\">Ce spectacle, programm\u00e9 en 2019 au festival d\u2019Avignon, propose un temps de v\u00e9rit\u00e9, de partage et de transmission dans lequel chaque histoire est l\u2019occasion d\u2019une nouvelle chanson interpr\u00e9t\u00e9e en bambara, en fran\u00e7ais ou en arabe, invitant le public \u00e0 chanter et \u00e0 danser.\u00a0<\/span><\/p>\n<p>&nbsp;<\/p>\n<p><span style=\"font-weight: 400;\">Texte<\/span><\/p>\n<p><b>Yacouba Konat\u00e9<\/b><\/p>\n<p><span style=\"font-weight: 400;\">Musique<\/span><\/p>\n<p><b>Yacouba Konat\u00e9, Waly Saho<\/b><\/p>\n<p>&nbsp;<\/p>\n<p><i><span style=\"font-weight: 400;\">Yacouba Konat\u00e9 et Waly Saho sont accompagn\u00e9s par l\u2019Atelier des artistes en exil.<\/span><\/i><\/p>\n<p>&nbsp;<\/p>\n<p><b>Dur\u00e9e : 45 min<\/b><\/p>\n<p><b>\u00c0 partir de 6 ans<\/b><\/p>\n<p><b>7\u20ac\u00a0<\/b><\/p>\n<div class=\"shmMigrate\"><\/div>\n<div class=\"shmMigrate\"><\/div>\n<div class=\"shmMigrate\"><\/div>\n<div class=\"shmMigrate\"><\/div>\n<div class=\"shmMigrate\"><\/div>","protected":false},"author":7,"featured_media":3031,"template":"","meta":{"site-sidebar-layout":"default","site-content-layout":"","ast-site-content-layout":"default","site-content-style":"default","site-sidebar-style":"default","ast-global-header-display":"","ast-banner-title-visibility":"","ast-main-header-display":"","ast-hfb-above-header-display":"","ast-hfb-below-header-display":"","ast-hfb-mobile-header-display":"","site-post-title":"","ast-breadcrumbs-content":null,"ast-featured-img":"","footer-sml-layout":"","ast-disable-related-posts":"","theme-transparent-header-meta":"","adv-header-id-meta":"","stick-header-meta":"","header-above-stick-meta":null,"header-main-stick-meta":"","header-below-stick-meta":null,"astra-migrate-meta-layouts":"default","ast-page-background-enabled":"default","ast-page-background-meta":{"desktop":{"background-color":"","background-image":"","background-repeat":"repeat","background-position":"center center","background-size":"auto","background-attachment":"scroll","background-type":"","background-media":"","overlay-type":"","overlay-color":"","overlay-opacity":"","overlay-gradient":""},"tablet":{"background-color":"","background-image":"","background-repeat":"repeat","background-position":"center center","background-size":"auto","background-attachment":"scroll","background-type":"","background-media":"","overlay-type":"","overlay-color":"","overlay-opacity":"","overlay-gradient":""},"mobile":{"background-color":"","background-image":"","background-repeat":"repeat","background-position":"center center","background-size":"auto","background-attachment":"scroll","background-type":"","background-media":"","overlay-type":"","overlay-color":"","overlay-opacity":"","overlay-gradient":""}},"ast-content-background-meta":{"desktop":{"background-color":"var(--ast-global-color-5)","background-image":"","background-repeat":"repeat","background-position":"center center","background-size":"auto","background-attachment":"scroll","background-type":"","background-media":"","overlay-type":"","overlay-color":"","overlay-opacity":"","overlay-gradient":""},"tablet":{"background-color":"var(--ast-global-color-5)","background-image":"","background-repeat":"repeat","background-position":"center center","background-size":"auto","background-attachment":"scroll","background-type":"","background-media":"","overlay-type":"","overlay-color":"","overlay-opacity":"","overlay-gradient":""},"mobile":{"background-color":"var(--ast-global-color-5)","background-image":"","background-repeat":"repeat","background-position":"center center","background-size":"auto","background-attachment":"scroll","background-type":"","background-media":"","overlay-type":"","overlay-color":"","overlay-opacity":"","overlay-gradient":""}}},"categories":[4],"tags":[13],"class_list":["post-3030","archive","type-archive","status-publish","has-post-thumbnail","hentry","category-actualites","tag-jeune-public"],"yoast_head":"<!-- This site is optimized with the Yoast SEO plugin v27.5 - https:\/\/yoast.com\/product\/yoast-seo-wordpress\/ -->\n<title>REPORT EN COURS \/\/ 30\/10 ET 31\/10 - SPECTACLE JEUNE PUBLIC : Le jeune Yacou - Ch\u00e2teau de Goutelas<\/title>\n<meta name=\"robots\" content=\"index, follow, max-snippet:-1, max-image-preview:large, max-video-preview:-1\" \/>\n<link rel=\"canonical\" href=\"https:\/\/www.chateaudegoutelas.fr\/en\/archive\/30-10-et-31-10-spectacle-jeune-public-le-jeune-yacou\/\" \/>\n<meta property=\"og:locale\" content=\"en_GB\" \/>\n<meta property=\"og:type\" content=\"article\" \/>\n<meta property=\"og:title\" content=\"REPORT EN COURS \/\/ 30\/10 ET 31\/10 - SPECTACLE JEUNE PUBLIC : Le jeune Yacou - Ch\u00e2teau de Goutelas\" \/>\n<meta property=\"og:description\" content=\"Samedi 31 octobre 18h30 &nbsp; Le jeune Yacou Conte musical &nbsp; Yacouba Konat\u00e9 Le jeune Yacou est une travers\u00e9e chant\u00e9e autour de l&rsquo;exil et de l&rsquo;espoir \u00e0 l\u2019attention des petits et des grands. &nbsp; De la C\u00f4te d\u2019Ivoire \u00e0 la France en passant par le Niger, la Lybie et la Tunisie, Yacouba Konat\u00e9 livre le [&hellip;]\" \/>\n<meta property=\"og:url\" content=\"https:\/\/www.chateaudegoutelas.fr\/en\/archive\/30-10-et-31-10-spectacle-jeune-public-le-jeune-yacou\/\" \/>\n<meta property=\"og:site_name\" content=\"Ch\u00e2teau de Goutelas\" \/>\n<meta property=\"article:modified_time\" content=\"2023-05-26T08:02:31+00:00\" \/>\n<meta property=\"og:image\" content=\"https:\/\/www.chateaudegoutelas.fr\/wp-content\/uploads\/2020\/10\/Le-jeune-Yacou_1-scaled.jpg\" \/>\n\t<meta property=\"og:image:width\" content=\"2560\" \/>\n\t<meta property=\"og:image:height\" content=\"1707\" \/>\n\t<meta property=\"og:image:type\" content=\"image\/jpeg\" \/>\n<meta name=\"twitter:card\" content=\"summary_large_image\" \/>\n<meta name=\"twitter:label1\" content=\"Estimated reading time\" \/>\n\t<meta name=\"twitter:data1\" content=\"1 minute\" \/>\n<script type=\"application\/ld+json\" class=\"yoast-schema-graph\">{\"@context\":\"https:\\\/\\\/schema.org\",\"@graph\":[{\"@type\":\"WebPage\",\"@id\":\"https:\\\/\\\/www.chateaudegoutelas.fr\\\/archive\\\/30-10-et-31-10-spectacle-jeune-public-le-jeune-yacou\\\/\",\"url\":\"https:\\\/\\\/www.chateaudegoutelas.fr\\\/archive\\\/30-10-et-31-10-spectacle-jeune-public-le-jeune-yacou\\\/\",\"name\":\"REPORT EN COURS \\\/\\\/ 30\\\/10 ET 31\\\/10 - SPECTACLE JEUNE PUBLIC : Le jeune Yacou - Ch\u00e2teau de Goutelas\",\"isPartOf\":{\"@id\":\"https:\\\/\\\/www.chateaudegoutelas.fr\\\/#website\"},\"primaryImageOfPage\":{\"@id\":\"https:\\\/\\\/www.chateaudegoutelas.fr\\\/archive\\\/30-10-et-31-10-spectacle-jeune-public-le-jeune-yacou\\\/#primaryimage\"},\"image\":{\"@id\":\"https:\\\/\\\/www.chateaudegoutelas.fr\\\/archive\\\/30-10-et-31-10-spectacle-jeune-public-le-jeune-yacou\\\/#primaryimage\"},\"thumbnailUrl\":\"https:\\\/\\\/www.chateaudegoutelas.fr\\\/wp-content\\\/uploads\\\/2020\\\/10\\\/Le-jeune-Yacou_1-scaled.jpg\",\"datePublished\":\"2020-10-06T09:59:54+00:00\",\"dateModified\":\"2023-05-26T08:02:31+00:00\",\"breadcrumb\":{\"@id\":\"https:\\\/\\\/www.chateaudegoutelas.fr\\\/archive\\\/30-10-et-31-10-spectacle-jeune-public-le-jeune-yacou\\\/#breadcrumb\"},\"inLanguage\":\"en-GB\",\"potentialAction\":[{\"@type\":\"ReadAction\",\"target\":[\"https:\\\/\\\/www.chateaudegoutelas.fr\\\/archive\\\/30-10-et-31-10-spectacle-jeune-public-le-jeune-yacou\\\/\"]}]},{\"@type\":\"ImageObject\",\"inLanguage\":\"en-GB\",\"@id\":\"https:\\\/\\\/www.chateaudegoutelas.fr\\\/archive\\\/30-10-et-31-10-spectacle-jeune-public-le-jeune-yacou\\\/#primaryimage\",\"url\":\"https:\\\/\\\/www.chateaudegoutelas.fr\\\/wp-content\\\/uploads\\\/2020\\\/10\\\/Le-jeune-Yacou_1-scaled.jpg\",\"contentUrl\":\"https:\\\/\\\/www.chateaudegoutelas.fr\\\/wp-content\\\/uploads\\\/2020\\\/10\\\/Le-jeune-Yacou_1-scaled.jpg\",\"width\":2560,\"height\":1707},{\"@type\":\"BreadcrumbList\",\"@id\":\"https:\\\/\\\/www.chateaudegoutelas.fr\\\/archive\\\/30-10-et-31-10-spectacle-jeune-public-le-jeune-yacou\\\/#breadcrumb\",\"itemListElement\":[{\"@type\":\"ListItem\",\"position\":1,\"name\":\"Accueil\",\"item\":\"https:\\\/\\\/www.chateaudegoutelas.fr\\\/\"},{\"@type\":\"ListItem\",\"position\":2,\"name\":\"REPORT EN COURS \\\/\\\/ 30\\\/10 ET 31\\\/10 &#8211; SPECTACLE JEUNE PUBLIC : Le jeune Yacou\"}]},{\"@type\":\"WebSite\",\"@id\":\"https:\\\/\\\/www.chateaudegoutelas.fr\\\/#website\",\"url\":\"https:\\\/\\\/www.chateaudegoutelas.fr\\\/\",\"name\":\"Ch\u00e2teau de Goutelas\",\"description\":\"Un centre culturel de rencontre en Forez\",\"publisher\":{\"@id\":\"https:\\\/\\\/www.chateaudegoutelas.fr\\\/#organization\"},\"potentialAction\":[{\"@type\":\"SearchAction\",\"target\":{\"@type\":\"EntryPoint\",\"urlTemplate\":\"https:\\\/\\\/www.chateaudegoutelas.fr\\\/?s={search_term_string}\"},\"query-input\":{\"@type\":\"PropertyValueSpecification\",\"valueRequired\":true,\"valueName\":\"search_term_string\"}}],\"inLanguage\":\"en-GB\"},{\"@type\":\"Organization\",\"@id\":\"https:\\\/\\\/www.chateaudegoutelas.fr\\\/#organization\",\"name\":\"Ch\u00e2teau de Goutelas\",\"url\":\"https:\\\/\\\/www.chateaudegoutelas.fr\\\/\",\"logo\":{\"@type\":\"ImageObject\",\"inLanguage\":\"en-GB\",\"@id\":\"https:\\\/\\\/www.chateaudegoutelas.fr\\\/#\\\/schema\\\/logo\\\/image\\\/\",\"url\":\"https:\\\/\\\/www.chateaudegoutelas.fr\\\/wp-content\\\/uploads\\\/2023\\\/05\\\/logo-chateau-goutelas-bleu.png\",\"contentUrl\":\"https:\\\/\\\/www.chateaudegoutelas.fr\\\/wp-content\\\/uploads\\\/2023\\\/05\\\/logo-chateau-goutelas-bleu.png\",\"width\":1123,\"height\":327,\"caption\":\"Ch\u00e2teau de Goutelas\"},\"image\":{\"@id\":\"https:\\\/\\\/www.chateaudegoutelas.fr\\\/#\\\/schema\\\/logo\\\/image\\\/\"}}]}<\/script>\n<!-- \/ Yoast SEO plugin. -->","yoast_head_json":{"title":"REPORT EN COURS \/\/ 30\/10 ET 31\/10 - SPECTACLE JEUNE PUBLIC : Le jeune Yacou - Ch\u00e2teau de Goutelas","robots":{"index":"index","follow":"follow","max-snippet":"max-snippet:-1","max-image-preview":"max-image-preview:large","max-video-preview":"max-video-preview:-1"},"canonical":"https:\/\/www.chateaudegoutelas.fr\/en\/archive\/30-10-et-31-10-spectacle-jeune-public-le-jeune-yacou\/","og_locale":"en_GB","og_type":"article","og_title":"REPORT EN COURS \/\/ 30\/10 ET 31\/10 - SPECTACLE JEUNE PUBLIC : Le jeune Yacou - Ch\u00e2teau de Goutelas","og_description":"Samedi 31 octobre 18h30 &nbsp; Le jeune Yacou Conte musical &nbsp; Yacouba Konat\u00e9 Le jeune Yacou est une travers\u00e9e chant\u00e9e autour de l&rsquo;exil et de l&rsquo;espoir \u00e0 l\u2019attention des petits et des grands. &nbsp; De la C\u00f4te d\u2019Ivoire \u00e0 la France en passant par le Niger, la Lybie et la Tunisie, Yacouba Konat\u00e9 livre le [&hellip;]","og_url":"https:\/\/www.chateaudegoutelas.fr\/en\/archive\/30-10-et-31-10-spectacle-jeune-public-le-jeune-yacou\/","og_site_name":"Ch\u00e2teau de Goutelas","article_modified_time":"2023-05-26T08:02:31+00:00","og_image":[{"width":2560,"height":1707,"url":"https:\/\/www.chateaudegoutelas.fr\/wp-content\/uploads\/2020\/10\/Le-jeune-Yacou_1-scaled.jpg","type":"image\/jpeg"}],"twitter_card":"summary_large_image","twitter_misc":{"Estimated reading time":"1 minute"},"schema":{"@context":"https:\/\/schema.org","@graph":[{"@type":"WebPage","@id":"https:\/\/www.chateaudegoutelas.fr\/archive\/30-10-et-31-10-spectacle-jeune-public-le-jeune-yacou\/","url":"https:\/\/www.chateaudegoutelas.fr\/archive\/30-10-et-31-10-spectacle-jeune-public-le-jeune-yacou\/","name":"REPORT EN COURS \/\/ 30\/10 ET 31\/10 - SPECTACLE JEUNE PUBLIC : Le jeune Yacou - Ch\u00e2teau de Goutelas","isPartOf":{"@id":"https:\/\/www.chateaudegoutelas.fr\/#website"},"primaryImageOfPage":{"@id":"https:\/\/www.chateaudegoutelas.fr\/archive\/30-10-et-31-10-spectacle-jeune-public-le-jeune-yacou\/#primaryimage"},"image":{"@id":"https:\/\/www.chateaudegoutelas.fr\/archive\/30-10-et-31-10-spectacle-jeune-public-le-jeune-yacou\/#primaryimage"},"thumbnailUrl":"https:\/\/www.chateaudegoutelas.fr\/wp-content\/uploads\/2020\/10\/Le-jeune-Yacou_1-scaled.jpg","datePublished":"2020-10-06T09:59:54+00:00","dateModified":"2023-05-26T08:02:31+00:00","breadcrumb":{"@id":"https:\/\/www.chateaudegoutelas.fr\/archive\/30-10-et-31-10-spectacle-jeune-public-le-jeune-yacou\/#breadcrumb"},"inLanguage":"en-GB","potentialAction":[{"@type":"ReadAction","target":["https:\/\/www.chateaudegoutelas.fr\/archive\/30-10-et-31-10-spectacle-jeune-public-le-jeune-yacou\/"]}]},{"@type":"ImageObject","inLanguage":"en-GB","@id":"https:\/\/www.chateaudegoutelas.fr\/archive\/30-10-et-31-10-spectacle-jeune-public-le-jeune-yacou\/#primaryimage","url":"https:\/\/www.chateaudegoutelas.fr\/wp-content\/uploads\/2020\/10\/Le-jeune-Yacou_1-scaled.jpg","contentUrl":"https:\/\/www.chateaudegoutelas.fr\/wp-content\/uploads\/2020\/10\/Le-jeune-Yacou_1-scaled.jpg","width":2560,"height":1707},{"@type":"BreadcrumbList","@id":"https:\/\/www.chateaudegoutelas.fr\/archive\/30-10-et-31-10-spectacle-jeune-public-le-jeune-yacou\/#breadcrumb","itemListElement":[{"@type":"ListItem","position":1,"name":"Accueil","item":"https:\/\/www.chateaudegoutelas.fr\/"},{"@type":"ListItem","position":2,"name":"REPORT EN COURS \/\/ 30\/10 ET 31\/10 &#8211; SPECTACLE JEUNE PUBLIC : Le jeune Yacou"}]},{"@type":"WebSite","@id":"https:\/\/www.chateaudegoutelas.fr\/#website","url":"https:\/\/www.chateaudegoutelas.fr\/","name":"Ch\u00e2teau de Goutelas","description":"Un centre culturel de rencontre en Forez","publisher":{"@id":"https:\/\/www.chateaudegoutelas.fr\/#organization"},"potentialAction":[{"@type":"SearchAction","target":{"@type":"EntryPoint","urlTemplate":"https:\/\/www.chateaudegoutelas.fr\/?s={search_term_string}"},"query-input":{"@type":"PropertyValueSpecification","valueRequired":true,"valueName":"search_term_string"}}],"inLanguage":"en-GB"},{"@type":"Organization","@id":"https:\/\/www.chateaudegoutelas.fr\/#organization","name":"Ch\u00e2teau de Goutelas","url":"https:\/\/www.chateaudegoutelas.fr\/","logo":{"@type":"ImageObject","inLanguage":"en-GB","@id":"https:\/\/www.chateaudegoutelas.fr\/#\/schema\/logo\/image\/","url":"https:\/\/www.chateaudegoutelas.fr\/wp-content\/uploads\/2023\/05\/logo-chateau-goutelas-bleu.png","contentUrl":"https:\/\/www.chateaudegoutelas.fr\/wp-content\/uploads\/2023\/05\/logo-chateau-goutelas-bleu.png","width":1123,"height":327,"caption":"Ch\u00e2teau de Goutelas"},"image":{"@id":"https:\/\/www.chateaudegoutelas.fr\/#\/schema\/logo\/image\/"}}]}},"_links":{"self":[{"href":"https:\/\/www.chateaudegoutelas.fr\/en\/wp-json\/wp\/v2\/archive\/3030","targetHints":{"allow":["GET"]}}],"collection":[{"href":"https:\/\/www.chateaudegoutelas.fr\/en\/wp-json\/wp\/v2\/archive"}],"about":[{"href":"https:\/\/www.chateaudegoutelas.fr\/en\/wp-json\/wp\/v2\/types\/archive"}],"author":[{"embeddable":true,"href":"https:\/\/www.chateaudegoutelas.fr\/en\/wp-json\/wp\/v2\/users\/7"}],"wp:featuredmedia":[{"embeddable":true,"href":"https:\/\/www.chateaudegoutelas.fr\/en\/wp-json\/wp\/v2\/media\/3031"}],"wp:attachment":[{"href":"https:\/\/www.chateaudegoutelas.fr\/en\/wp-json\/wp\/v2\/media?parent=3030"}],"wp:term":[{"taxonomy":"category","embeddable":true,"href":"https:\/\/www.chateaudegoutelas.fr\/en\/wp-json\/wp\/v2\/categories?post=3030"},{"taxonomy":"post_tag","embeddable":true,"href":"https:\/\/www.chateaudegoutelas.fr\/en\/wp-json\/wp\/v2\/tags?post=3030"}],"curies":[{"name":"wp","href":"https:\/\/api.w.org\/{rel}","templated":true}]}}