{"id":3026,"date":"2020-11-28T11:08:43","date_gmt":"2020-11-28T10:08:43","guid":{"rendered":"https:\/\/www.chateaudegoutelas.fr\/?p=3026"},"modified":"2023-05-26T09:59:09","modified_gmt":"2023-05-26T07:59:09","slug":"30-10-et-31-10-lhospitalite-defiee-par-les-migrations","status":"publish","type":"archive","link":"https:\/\/www.chateaudegoutelas.fr\/en\/archive\/30-10-et-31-10-lhospitalite-defiee-par-les-migrations\/","title":{"rendered":"REPORT EN COURS \/\/ 30\/10 ET 31\/10 &#8211; RENCONTRES L&rsquo;HOSPITALIT\u00c9 D\u00c9FI\u00c9E PAR LES MIGRATIONS"},"content":{"rendered":"<div class=\"shmMigrate\"><\/div>\n<div class=\"shmMigrate\"><\/div>\n<div class=\"shmMigrate\"><\/div>\n<h4>Vendredi 30 et samedi 31 octobre<\/h4>\n<h4>Rencontres publiques et radiophoniques<\/h4>\n<div class=\"shmMigrate\"><\/div>\n<div class=\"shmMigrate\"><\/div>\n<div class=\"shmMigrate\"><\/div>\n<p><span style=\"font-weight: 400;\">Avec l\u2019implantation, en 2013, d\u2019un Centre d\u2019accueil de demandeurs d\u2019asile \u00e0 proximit\u00e9 du Ch\u00e2teau de Goutelas, l\u2019enjeu plan\u00e9taire que sont les migrations internationales est devenu un d\u00e9fi tr\u00e8s local pour les habitants du Forez.\u00a0<\/span><\/p>\n<p><span style=\"font-weight: 400;\">Dans le cadre de la biennale Traces, cette nouvelle \u00e9dition des rencontres \u201cL\u2019hospitalit\u00e9 d\u00e9fi\u00e9e par les migrations\u201d s\u2019int\u00e9resse plus particuli\u00e8rement aux actions men\u00e9es par les artistes dont la pratique interroge et bouscule les limites du droit.<\/span><\/p>\n<p><span style=\"font-weight: 400;\">D\u00e9bats d\u2019id\u00e9es, interventions artistiques, spectacles pour les plus jeunes : ces deux journ\u00e9es\u00a0 r\u00e9unissent en public et \u00e0 la radio, chercheurs, artistes, militants et citoyens.<\/span><\/p>\n<div class=\"shmMigrate\"><\/div>\n<div class=\"shmMigrate\"><\/div>\n<div class=\"shmMigrate\"><\/div>\n<p><span style=\"color: #800000;\"><strong>En raison des nouvelles mesures applicables au d\u00e9partement de la Loire (couvre-feu), le programme de ces deux journ\u00e9es \u00e9volue :<\/strong><\/span><\/p>\n<p>&nbsp;<\/p>\n<p><span style=\"color: #800000;\"><strong>VENDREDI\u00a0<\/strong><strong>30\/10<\/strong><\/span><\/p>\n<p><span style=\"color: #800000;\"><strong>&gt; Plateau radio avec\u00a0 S\u00e9bastien Thi\u00e9ry du PEROU et les co-auteurs.trices du Bureau des d\u00e9positions (Sarah Mekdjian, Sa\u00e2 Rapha\u00ebl Moundekeno et Diakit\u00e9 Laye)<\/strong><strong>\u00a0<u>d\u00e9plac\u00e9 \u00e0 18h30<\/u><\/strong><\/span><\/p>\n<p>&nbsp;<\/p>\n<p><span style=\"color: #800000;\"><strong>SAMEDI\u00a031\/10<\/strong><\/span><\/p>\n<p><span style=\"color: #800000;\"><strong>&gt; Interventions artistiques avec le PEROU\u00a0<u>d\u00e9plac\u00e9es de\u00a019h15\u00a0\u00e0 20h15<\/u><br \/>\n&gt; Soir\u00e9e de cl\u00f4ture et d\u00eener annul\u00e9s.<\/strong><\/span><\/p>\n<div class=\"shmMigrate\"><\/div>\n<div class=\"shmMigrate\"><\/div>\n<div class=\"shmMigrate\"><\/div>\n<div class=\"shmMigrate\"><\/div>\n<p><b>Rencontres publiques et radiophoniques<\/b><\/p>\n<p><i><span style=\"font-weight: 400;\">Les temps \u201c\u0152uvrer les limites du droit\u201d sont diffus\u00e9s en direct sur la webradio r22 Tout monde (www.r22.fr), l\u2019ensemble de l\u2019\u00e9v\u00e9nement est restitu\u00e9 la semaine suivante sur Radio DIO (du 2 au 6 novembre &#8211; 12H &gt; 13H &#8211; 89.5 FM Saint-\u00c9tienne et sa r\u00e9gion) et en podcast sur www.radiodio.org. <\/span><\/i><\/p>\n<div class=\"shmMigrate\"><\/div>\n<div class=\"shmMigrate\"><\/div>\n<div class=\"shmMigrate\"><\/div>\n<div class=\"shmMigrate\"><\/div>\n<p>PROGRAMME<\/p>\n<p>&nbsp;<\/p>\n<p><b>VENDREDI 30 OCTOBRE<\/b><\/p>\n<p><b>PLATEAU RADIO<\/b><\/p>\n<p><b>SALLE DES DEVISES<\/b><\/p>\n<p><b>18H30 &gt; 20H<\/b><\/p>\n<p><span style=\"font-weight: 400;\">\u00a0<\/span><\/p>\n<p><b>\u0152uvrer les limites du droit #1\u00a0<\/b><\/p>\n<p><b>L\u2019hospitalit\u00e9 comme patrimoine mondial<\/b><\/p>\n<p><span style=\"font-weight: 400;\">Pr\u00e9sentation par S\u00e9bastien Thi\u00e9ry<\/span><b><\/b><\/p>\n<p>&nbsp;<\/p>\n<p><span style=\"font-weight: 400;\">Le PEROU &#8211; P\u00f4le d\u2019exploration des ressources urbaines est co-fond\u00e9 en octobre 2012 par le jardinier et po\u00e8te Gilles Cl\u00e9ment et le politologue et auteur S\u00e9bastien Thi\u00e9ry. Dans les bidonvilles d\u2019\u00cele-de-France ou dans la Jungle de Calais, dans les squats d\u2019Avignon ou sur les trottoirs de Paris, des projets de recherche-action naissent \u00e0 la rencontre de personnes migrantes, ainsi que de celles et ceux qui leur viennent en aide.<\/span><\/p>\n<p>&nbsp;<\/p>\n<p><span style=\"font-weight: 400;\">Depuis 2019, S\u00e9bastien Thi\u00e9ry m\u00e8ne dans le cadre d\u2019une r\u00e9sidence \u00e0 la Villa M\u00e9dicis une requ\u00eate aupr\u00e8s de l\u2019UNESCO visant \u00e0 faire reconna\u00eetre l\u2019acte d\u2019hospitalit\u00e9 au Patrimoine culturel immat\u00e9riel de l\u2019humanit\u00e9.<\/span><\/p>\n<div class=\"shmMigrate\"><\/div>\n<div class=\"shmMigrate\"><\/div>\n<div class=\"shmMigrate\"><\/div>\n<div class=\"shmMigrate\"><\/div>\n<p><b>SAMEDI 31 OCTOBRE<\/b><\/p>\n<p><b>PLATEAU RADIO\u00a0<\/b><\/p>\n<p><b>SALLE DES DEVISES<\/b><\/p>\n<p>&nbsp;<\/p>\n<p><b>9H30<\/b><\/p>\n<p><b>ACCUEIL CAF\u00c9<\/b><\/p>\n<p>&nbsp;<\/p>\n<p><b>10H<\/b><\/p>\n<p><b>Pr\u00e9sentation de la journ\u00e9e et de la 20<\/b><b>\u00e8me<\/b><b> \u00e9dition de la biennale Traces<\/b><\/p>\n<p>&nbsp;<\/p>\n<p><b>10H30 &gt; 12H<\/b><\/p>\n<p><b>\u0152uvrer les limites du droit #2\u00a0<\/b><\/p>\n<p><b>Plaider sur sc\u00e8ne et devant les tribunaux<\/b><\/p>\n<p><span style=\"font-weight: 400;\">Pr\u00e9sentation de la d\u00e9marche du Bureau des d\u00e9positions par Sarah Mekdjian, Marie Moreau, Mamadou Aliou Diallo et Diakit\u00e9 Laye.\u00a0<\/span><\/p>\n<p>&nbsp;<\/p>\n<p><span style=\"font-weight: 400;\">Entre cr\u00e9ations artistiques et d\u00e9marches juridiques, le Bureau des d\u00e9positions s\u2019oppose aux mesures d&rsquo;\u00e9loignement qui visent plusieurs de ses co-auteurs et co-autrices.<\/span><\/p>\n<p>&nbsp;<\/p>\n<p><b>12H30<\/b><\/p>\n<p><b>D\u00c9JEUNER<\/b><\/p>\n<p>&nbsp;<\/p>\n<p><b>14H &gt; 16H<\/b><\/p>\n<p><b>Les droits culturels en exil\u00a0<\/b><\/p>\n<p><span style=\"font-weight: 400;\">Comment continuer \u00e0 faire vivre son identit\u00e9 culturelle, \u00e0 cr\u00e9er, \u00e0 s\u2019exprimer en situation d\u2019exil ?\u00a0<\/span><\/p>\n<p><span style=\"font-weight: 400;\">Anim\u00e9 par Laurence Cuny, juriste et chercheure en droits culturels et libert\u00e9 artistique \u00e0 la chaire UNESCO de l\u2019universit\u00e9 de Laval, ce plateau radio donne la parole \u00e0 l\u2019\u00e9quipe du spectacle<\/span><b> Le jeune Yacou <\/b><span style=\"font-weight: 400;\">et aux collectifs d\u2019accueil des demandeurs d\u2019asile du Forez.<\/span><\/p>\n<p>&nbsp;<\/p>\n<p><b>16H30 &gt; 18H<\/b><\/p>\n<p><b>\u0152uvrer les limites du droit #3<\/b><\/p>\n<p><b>L\u2019insurrection de l\u2019imaginaire<\/b><\/p>\n<p><span style=\"font-weight: 400;\">Discussion entre le Bureau des d\u00e9positions, Mireille Delmas-Marty, Sylvie Glissant, S\u00e9bastien Thi\u00e9ry et Marie-Jos\u00e9 Mondzain (PEROU)<\/span><\/p>\n<p>&nbsp;<\/p>\n<p><span style=\"font-weight: 400;\">Mireille Delmas-Marty, juriste, et Sylvie Glissant, pr\u00e9sidente de l\u2019Institut du Tout-Monde, s\u2019entretiennent avec le Bureau des d\u00e9positions et le PEROU. <\/span><span style=\"font-weight: 400;\">Ensemble et avec le public, ils questionnent les liens possibles entre droit et cr\u00e9ation.<\/span><\/p>\n<p><span style=\"font-weight: 400;\">\u00a0<\/span><\/p>\n<p><b>18H30<\/b><\/p>\n<p><b>CONTE MUSICAL<\/b><\/p>\n<p><b>Le jeune Yacou<\/b><\/p>\n<p>&nbsp;<\/p>\n<p><strong>19H15 &#8211; 20H15<\/strong><\/p>\n<p><strong>INTERVENTIONS ARTISTIQUES<\/strong><\/p>\n<p>Les actes d&rsquo;hospitalit\u00e9 recueillis par le PEROU, de Rome \u00e0 Calais, prennent vie \u00e0 Goutelas.<\/p>\n<p>&nbsp;<\/p>\n<p><b>19H30<\/b><\/p>\n<p><del><b>TOUT AUTOUR<\/b><\/del><\/p>\n<p><del><b>Repas et propositions artistiques<\/b><\/del><\/p>\n<p><del><span style=\"font-weight: 400;\">En cuisine et aux platines, l\u2019association SELAM assure le voyage !\u00a0<\/span><\/del><\/p>\n<div class=\"shmMigrate\"><\/div>\n<div class=\"shmMigrate\"><\/div>\n<div class=\"shmMigrate\"><\/div>\n<div class=\"shmMigrate\"><\/div>\n<div class=\"shmMigrate\"><\/div>\n<p><strong>Rencontres gratuites<\/strong><\/p>\n<p><strong>Sur r\u00e9servation :\u00a0<a href=\"https:\/\/www.billetweb.fr\/lhospitalite-defiee-par-les-migrations\">https:\/\/www.billetweb.fr\/lhospitalite-defiee-par-les-migrations<\/a><\/strong><\/p>\n<p>&nbsp;<\/p>\n<p><strong>Conte musical Le jeune Yacou\u00a0<\/strong><\/p>\n<p><strong>7 \u20ac sur r\u00e9servation : <a href=\"https:\/\/www.billetweb.fr\/lhospitalite-defiee-par-les-migrations\">https:\/\/www.billetweb.fr\/lhospitalite-defiee-par-les-migrations<\/a><\/strong><\/p>\n<p>&nbsp;<\/p>\n<p><strong>D\u00e9jeuner et d\u00eener du samedi<\/strong><\/p>\n<p><strong>12 \u20ac par repas, sur r\u00e9servation avant le 23 octobre, directement au 04 77 97 35 43 ou par mail : centreculturel@chateaudegoutelas.fr<\/strong><\/p>\n<div class=\"shmMigrate\"><\/div>\n<div class=\"shmMigrate\"><\/div>\n<div class=\"shmMigrate\"><\/div>","protected":false},"author":7,"featured_media":3027,"template":"","meta":{"site-sidebar-layout":"default","site-content-layout":"","ast-site-content-layout":"default","site-content-style":"default","site-sidebar-style":"default","ast-global-header-display":"","ast-banner-title-visibility":"","ast-main-header-display":"","ast-hfb-above-header-display":"","ast-hfb-below-header-display":"","ast-hfb-mobile-header-display":"","site-post-title":"","ast-breadcrumbs-content":null,"ast-featured-img":"","footer-sml-layout":"","ast-disable-related-posts":"","theme-transparent-header-meta":"","adv-header-id-meta":"","stick-header-meta":"","header-above-stick-meta":null,"header-main-stick-meta":"","header-below-stick-meta":null,"astra-migrate-meta-layouts":"default","ast-page-background-enabled":"default","ast-page-background-meta":{"desktop":{"background-color":"","background-image":"","background-repeat":"repeat","background-position":"center center","background-size":"auto","background-attachment":"scroll","background-type":"","background-media":"","overlay-type":"","overlay-color":"","overlay-opacity":"","overlay-gradient":""},"tablet":{"background-color":"","background-image":"","background-repeat":"repeat","background-position":"center center","background-size":"auto","background-attachment":"scroll","background-type":"","background-media":"","overlay-type":"","overlay-color":"","overlay-opacity":"","overlay-gradient":""},"mobile":{"background-color":"","background-image":"","background-repeat":"repeat","background-position":"center center","background-size":"auto","background-attachment":"scroll","background-type":"","background-media":"","overlay-type":"","overlay-color":"","overlay-opacity":"","overlay-gradient":""}},"ast-content-background-meta":{"desktop":{"background-color":"var(--ast-global-color-5)","background-image":"","background-repeat":"repeat","background-position":"center center","background-size":"auto","background-attachment":"scroll","background-type":"","background-media":"","overlay-type":"","overlay-color":"","overlay-opacity":"","overlay-gradient":""},"tablet":{"background-color":"var(--ast-global-color-5)","background-image":"","background-repeat":"repeat","background-position":"center center","background-size":"auto","background-attachment":"scroll","background-type":"","background-media":"","overlay-type":"","overlay-color":"","overlay-opacity":"","overlay-gradient":""},"mobile":{"background-color":"var(--ast-global-color-5)","background-image":"","background-repeat":"repeat","background-position":"center center","background-size":"auto","background-attachment":"scroll","background-type":"","background-media":"","overlay-type":"","overlay-color":"","overlay-opacity":"","overlay-gradient":""}}},"categories":[4],"tags":[],"class_list":["post-3026","archive","type-archive","status-publish","has-post-thumbnail","hentry","category-actualites"],"yoast_head":"<!-- This site is optimized with the Yoast SEO plugin v27.5 - https:\/\/yoast.com\/product\/yoast-seo-wordpress\/ -->\n<title>REPORT EN COURS \/\/ 30\/10 ET 31\/10 - RENCONTRES L&#039;HOSPITALIT\u00c9 D\u00c9FI\u00c9E PAR LES MIGRATIONS - Ch\u00e2teau de Goutelas<\/title>\n<meta name=\"robots\" content=\"index, follow, max-snippet:-1, max-image-preview:large, max-video-preview:-1\" \/>\n<link rel=\"canonical\" href=\"https:\/\/www.chateaudegoutelas.fr\/en\/archive\/30-10-et-31-10-lhospitalite-defiee-par-les-migrations\/\" \/>\n<meta property=\"og:locale\" content=\"en_GB\" \/>\n<meta property=\"og:type\" content=\"article\" \/>\n<meta property=\"og:title\" content=\"REPORT EN COURS \/\/ 30\/10 ET 31\/10 - RENCONTRES L&#039;HOSPITALIT\u00c9 D\u00c9FI\u00c9E PAR LES MIGRATIONS - Ch\u00e2teau de Goutelas\" \/>\n<meta property=\"og:description\" content=\"Vendredi 30 et samedi 31 octobre Rencontres publiques et radiophoniques Avec l\u2019implantation, en 2013, d\u2019un Centre d\u2019accueil de demandeurs d\u2019asile \u00e0 proximit\u00e9 du Ch\u00e2teau de Goutelas, l\u2019enjeu plan\u00e9taire que sont les migrations internationales est devenu un d\u00e9fi tr\u00e8s local pour les habitants du Forez.\u00a0 Dans le cadre de la biennale Traces, cette nouvelle \u00e9dition des [&hellip;]\" \/>\n<meta property=\"og:url\" content=\"https:\/\/www.chateaudegoutelas.fr\/en\/archive\/30-10-et-31-10-lhospitalite-defiee-par-les-migrations\/\" \/>\n<meta property=\"og:site_name\" content=\"Ch\u00e2teau de Goutelas\" \/>\n<meta property=\"article:modified_time\" content=\"2023-05-26T07:59:09+00:00\" \/>\n<meta property=\"og:image\" content=\"https:\/\/www.chateaudegoutelas.fr\/wp-content\/uploads\/2020\/10\/Visuel-pleine-page_cPEROU-scaled.jpeg\" \/>\n\t<meta property=\"og:image:width\" content=\"2560\" \/>\n\t<meta property=\"og:image:height\" content=\"1707\" \/>\n\t<meta property=\"og:image:type\" content=\"image\/jpeg\" \/>\n<meta name=\"twitter:card\" content=\"summary_large_image\" \/>\n<meta name=\"twitter:label1\" content=\"Estimated reading time\" \/>\n\t<meta name=\"twitter:data1\" content=\"4 minutes\" \/>\n<script type=\"application\/ld+json\" class=\"yoast-schema-graph\">{\"@context\":\"https:\\\/\\\/schema.org\",\"@graph\":[{\"@type\":\"WebPage\",\"@id\":\"https:\\\/\\\/www.chateaudegoutelas.fr\\\/archive\\\/30-10-et-31-10-lhospitalite-defiee-par-les-migrations\\\/\",\"url\":\"https:\\\/\\\/www.chateaudegoutelas.fr\\\/archive\\\/30-10-et-31-10-lhospitalite-defiee-par-les-migrations\\\/\",\"name\":\"REPORT EN COURS \\\/\\\/ 30\\\/10 ET 31\\\/10 - RENCONTRES L'HOSPITALIT\u00c9 D\u00c9FI\u00c9E PAR LES MIGRATIONS - Ch\u00e2teau de Goutelas\",\"isPartOf\":{\"@id\":\"https:\\\/\\\/www.chateaudegoutelas.fr\\\/#website\"},\"primaryImageOfPage\":{\"@id\":\"https:\\\/\\\/www.chateaudegoutelas.fr\\\/archive\\\/30-10-et-31-10-lhospitalite-defiee-par-les-migrations\\\/#primaryimage\"},\"image\":{\"@id\":\"https:\\\/\\\/www.chateaudegoutelas.fr\\\/archive\\\/30-10-et-31-10-lhospitalite-defiee-par-les-migrations\\\/#primaryimage\"},\"thumbnailUrl\":\"https:\\\/\\\/www.chateaudegoutelas.fr\\\/wp-content\\\/uploads\\\/2020\\\/10\\\/Visuel-pleine-page_cPEROU-scaled.jpeg\",\"datePublished\":\"2020-11-28T10:08:43+00:00\",\"dateModified\":\"2023-05-26T07:59:09+00:00\",\"breadcrumb\":{\"@id\":\"https:\\\/\\\/www.chateaudegoutelas.fr\\\/archive\\\/30-10-et-31-10-lhospitalite-defiee-par-les-migrations\\\/#breadcrumb\"},\"inLanguage\":\"en-GB\",\"potentialAction\":[{\"@type\":\"ReadAction\",\"target\":[\"https:\\\/\\\/www.chateaudegoutelas.fr\\\/archive\\\/30-10-et-31-10-lhospitalite-defiee-par-les-migrations\\\/\"]}]},{\"@type\":\"ImageObject\",\"inLanguage\":\"en-GB\",\"@id\":\"https:\\\/\\\/www.chateaudegoutelas.fr\\\/archive\\\/30-10-et-31-10-lhospitalite-defiee-par-les-migrations\\\/#primaryimage\",\"url\":\"https:\\\/\\\/www.chateaudegoutelas.fr\\\/wp-content\\\/uploads\\\/2020\\\/10\\\/Visuel-pleine-page_cPEROU-scaled.jpeg\",\"contentUrl\":\"https:\\\/\\\/www.chateaudegoutelas.fr\\\/wp-content\\\/uploads\\\/2020\\\/10\\\/Visuel-pleine-page_cPEROU-scaled.jpeg\",\"width\":2560,\"height\":1707},{\"@type\":\"BreadcrumbList\",\"@id\":\"https:\\\/\\\/www.chateaudegoutelas.fr\\\/archive\\\/30-10-et-31-10-lhospitalite-defiee-par-les-migrations\\\/#breadcrumb\",\"itemListElement\":[{\"@type\":\"ListItem\",\"position\":1,\"name\":\"Accueil\",\"item\":\"https:\\\/\\\/www.chateaudegoutelas.fr\\\/\"},{\"@type\":\"ListItem\",\"position\":2,\"name\":\"REPORT EN COURS \\\/\\\/ 30\\\/10 ET 31\\\/10 &#8211; RENCONTRES L&rsquo;HOSPITALIT\u00c9 D\u00c9FI\u00c9E PAR LES MIGRATIONS\"}]},{\"@type\":\"WebSite\",\"@id\":\"https:\\\/\\\/www.chateaudegoutelas.fr\\\/#website\",\"url\":\"https:\\\/\\\/www.chateaudegoutelas.fr\\\/\",\"name\":\"Ch\u00e2teau de Goutelas\",\"description\":\"Un centre culturel de rencontre en Forez\",\"publisher\":{\"@id\":\"https:\\\/\\\/www.chateaudegoutelas.fr\\\/#organization\"},\"potentialAction\":[{\"@type\":\"SearchAction\",\"target\":{\"@type\":\"EntryPoint\",\"urlTemplate\":\"https:\\\/\\\/www.chateaudegoutelas.fr\\\/?s={search_term_string}\"},\"query-input\":{\"@type\":\"PropertyValueSpecification\",\"valueRequired\":true,\"valueName\":\"search_term_string\"}}],\"inLanguage\":\"en-GB\"},{\"@type\":\"Organization\",\"@id\":\"https:\\\/\\\/www.chateaudegoutelas.fr\\\/#organization\",\"name\":\"Ch\u00e2teau de Goutelas\",\"url\":\"https:\\\/\\\/www.chateaudegoutelas.fr\\\/\",\"logo\":{\"@type\":\"ImageObject\",\"inLanguage\":\"en-GB\",\"@id\":\"https:\\\/\\\/www.chateaudegoutelas.fr\\\/#\\\/schema\\\/logo\\\/image\\\/\",\"url\":\"https:\\\/\\\/www.chateaudegoutelas.fr\\\/wp-content\\\/uploads\\\/2023\\\/05\\\/logo-chateau-goutelas-bleu.png\",\"contentUrl\":\"https:\\\/\\\/www.chateaudegoutelas.fr\\\/wp-content\\\/uploads\\\/2023\\\/05\\\/logo-chateau-goutelas-bleu.png\",\"width\":1123,\"height\":327,\"caption\":\"Ch\u00e2teau de Goutelas\"},\"image\":{\"@id\":\"https:\\\/\\\/www.chateaudegoutelas.fr\\\/#\\\/schema\\\/logo\\\/image\\\/\"}}]}<\/script>\n<!-- \/ Yoast SEO plugin. -->","yoast_head_json":{"title":"REPORT EN COURS \/\/ 30\/10 ET 31\/10 - RENCONTRES L'HOSPITALIT\u00c9 D\u00c9FI\u00c9E PAR LES MIGRATIONS - Ch\u00e2teau de Goutelas","robots":{"index":"index","follow":"follow","max-snippet":"max-snippet:-1","max-image-preview":"max-image-preview:large","max-video-preview":"max-video-preview:-1"},"canonical":"https:\/\/www.chateaudegoutelas.fr\/en\/archive\/30-10-et-31-10-lhospitalite-defiee-par-les-migrations\/","og_locale":"en_GB","og_type":"article","og_title":"REPORT EN COURS \/\/ 30\/10 ET 31\/10 - RENCONTRES L'HOSPITALIT\u00c9 D\u00c9FI\u00c9E PAR LES MIGRATIONS - Ch\u00e2teau de Goutelas","og_description":"Vendredi 30 et samedi 31 octobre Rencontres publiques et radiophoniques Avec l\u2019implantation, en 2013, d\u2019un Centre d\u2019accueil de demandeurs d\u2019asile \u00e0 proximit\u00e9 du Ch\u00e2teau de Goutelas, l\u2019enjeu plan\u00e9taire que sont les migrations internationales est devenu un d\u00e9fi tr\u00e8s local pour les habitants du Forez.\u00a0 Dans le cadre de la biennale Traces, cette nouvelle \u00e9dition des [&hellip;]","og_url":"https:\/\/www.chateaudegoutelas.fr\/en\/archive\/30-10-et-31-10-lhospitalite-defiee-par-les-migrations\/","og_site_name":"Ch\u00e2teau de Goutelas","article_modified_time":"2023-05-26T07:59:09+00:00","og_image":[{"width":2560,"height":1707,"url":"https:\/\/www.chateaudegoutelas.fr\/wp-content\/uploads\/2020\/10\/Visuel-pleine-page_cPEROU-scaled.jpeg","type":"image\/jpeg"}],"twitter_card":"summary_large_image","twitter_misc":{"Estimated reading time":"4 minutes"},"schema":{"@context":"https:\/\/schema.org","@graph":[{"@type":"WebPage","@id":"https:\/\/www.chateaudegoutelas.fr\/archive\/30-10-et-31-10-lhospitalite-defiee-par-les-migrations\/","url":"https:\/\/www.chateaudegoutelas.fr\/archive\/30-10-et-31-10-lhospitalite-defiee-par-les-migrations\/","name":"REPORT EN COURS \/\/ 30\/10 ET 31\/10 - RENCONTRES L'HOSPITALIT\u00c9 D\u00c9FI\u00c9E PAR LES MIGRATIONS - Ch\u00e2teau de Goutelas","isPartOf":{"@id":"https:\/\/www.chateaudegoutelas.fr\/#website"},"primaryImageOfPage":{"@id":"https:\/\/www.chateaudegoutelas.fr\/archive\/30-10-et-31-10-lhospitalite-defiee-par-les-migrations\/#primaryimage"},"image":{"@id":"https:\/\/www.chateaudegoutelas.fr\/archive\/30-10-et-31-10-lhospitalite-defiee-par-les-migrations\/#primaryimage"},"thumbnailUrl":"https:\/\/www.chateaudegoutelas.fr\/wp-content\/uploads\/2020\/10\/Visuel-pleine-page_cPEROU-scaled.jpeg","datePublished":"2020-11-28T10:08:43+00:00","dateModified":"2023-05-26T07:59:09+00:00","breadcrumb":{"@id":"https:\/\/www.chateaudegoutelas.fr\/archive\/30-10-et-31-10-lhospitalite-defiee-par-les-migrations\/#breadcrumb"},"inLanguage":"en-GB","potentialAction":[{"@type":"ReadAction","target":["https:\/\/www.chateaudegoutelas.fr\/archive\/30-10-et-31-10-lhospitalite-defiee-par-les-migrations\/"]}]},{"@type":"ImageObject","inLanguage":"en-GB","@id":"https:\/\/www.chateaudegoutelas.fr\/archive\/30-10-et-31-10-lhospitalite-defiee-par-les-migrations\/#primaryimage","url":"https:\/\/www.chateaudegoutelas.fr\/wp-content\/uploads\/2020\/10\/Visuel-pleine-page_cPEROU-scaled.jpeg","contentUrl":"https:\/\/www.chateaudegoutelas.fr\/wp-content\/uploads\/2020\/10\/Visuel-pleine-page_cPEROU-scaled.jpeg","width":2560,"height":1707},{"@type":"BreadcrumbList","@id":"https:\/\/www.chateaudegoutelas.fr\/archive\/30-10-et-31-10-lhospitalite-defiee-par-les-migrations\/#breadcrumb","itemListElement":[{"@type":"ListItem","position":1,"name":"Accueil","item":"https:\/\/www.chateaudegoutelas.fr\/"},{"@type":"ListItem","position":2,"name":"REPORT EN COURS \/\/ 30\/10 ET 31\/10 &#8211; RENCONTRES L&rsquo;HOSPITALIT\u00c9 D\u00c9FI\u00c9E PAR LES MIGRATIONS"}]},{"@type":"WebSite","@id":"https:\/\/www.chateaudegoutelas.fr\/#website","url":"https:\/\/www.chateaudegoutelas.fr\/","name":"Ch\u00e2teau de Goutelas","description":"Un centre culturel de rencontre en Forez","publisher":{"@id":"https:\/\/www.chateaudegoutelas.fr\/#organization"},"potentialAction":[{"@type":"SearchAction","target":{"@type":"EntryPoint","urlTemplate":"https:\/\/www.chateaudegoutelas.fr\/?s={search_term_string}"},"query-input":{"@type":"PropertyValueSpecification","valueRequired":true,"valueName":"search_term_string"}}],"inLanguage":"en-GB"},{"@type":"Organization","@id":"https:\/\/www.chateaudegoutelas.fr\/#organization","name":"Ch\u00e2teau de Goutelas","url":"https:\/\/www.chateaudegoutelas.fr\/","logo":{"@type":"ImageObject","inLanguage":"en-GB","@id":"https:\/\/www.chateaudegoutelas.fr\/#\/schema\/logo\/image\/","url":"https:\/\/www.chateaudegoutelas.fr\/wp-content\/uploads\/2023\/05\/logo-chateau-goutelas-bleu.png","contentUrl":"https:\/\/www.chateaudegoutelas.fr\/wp-content\/uploads\/2023\/05\/logo-chateau-goutelas-bleu.png","width":1123,"height":327,"caption":"Ch\u00e2teau de Goutelas"},"image":{"@id":"https:\/\/www.chateaudegoutelas.fr\/#\/schema\/logo\/image\/"}}]}},"_links":{"self":[{"href":"https:\/\/www.chateaudegoutelas.fr\/en\/wp-json\/wp\/v2\/archive\/3026","targetHints":{"allow":["GET"]}}],"collection":[{"href":"https:\/\/www.chateaudegoutelas.fr\/en\/wp-json\/wp\/v2\/archive"}],"about":[{"href":"https:\/\/www.chateaudegoutelas.fr\/en\/wp-json\/wp\/v2\/types\/archive"}],"author":[{"embeddable":true,"href":"https:\/\/www.chateaudegoutelas.fr\/en\/wp-json\/wp\/v2\/users\/7"}],"wp:featuredmedia":[{"embeddable":true,"href":"https:\/\/www.chateaudegoutelas.fr\/en\/wp-json\/wp\/v2\/media\/3027"}],"wp:attachment":[{"href":"https:\/\/www.chateaudegoutelas.fr\/en\/wp-json\/wp\/v2\/media?parent=3026"}],"wp:term":[{"taxonomy":"category","embeddable":true,"href":"https:\/\/www.chateaudegoutelas.fr\/en\/wp-json\/wp\/v2\/categories?post=3026"},{"taxonomy":"post_tag","embeddable":true,"href":"https:\/\/www.chateaudegoutelas.fr\/en\/wp-json\/wp\/v2\/tags?post=3026"}],"curies":[{"name":"wp","href":"https:\/\/api.w.org\/{rel}","templated":true}]}}