{"id":2889,"date":"2020-07-06T13:28:17","date_gmt":"2020-07-06T11:28:17","guid":{"rendered":"https:\/\/www.chateaudegoutelas.fr\/?p=2889"},"modified":"2023-05-26T10:02:35","modified_gmt":"2023-05-26T08:02:35","slug":"19-09-et-20-09-journees-europeennes-du-patrimoine-au-chateau-de-goutelas","status":"publish","type":"archive","link":"https:\/\/www.chateaudegoutelas.fr\/en\/archive\/19-09-et-20-09-journees-europeennes-du-patrimoine-au-chateau-de-goutelas\/","title":{"rendered":"19\/09 ET 20\/09 &#8211; JOURN\u00c9ES EUROP\u00c9ENNES DU PATRIMOINE au Ch\u00e2teau de Goutelas"},"content":{"rendered":"<div class=\"shmMigrate\"><\/div>\n<div class=\"shmMigrate\"><\/div>\n<div class=\"shmMigrate\"><\/div>\n<p>Samedi 19 et dimanche 20 septembre 2020<\/p>\n<div class=\"shmMigrate\"><\/div>\n<div class=\"shmMigrate\"><\/div>\n<div class=\"shmMigrate\"><\/div>\n<p><strong>&gt; SAMEDI 19.09 | 17H30<\/strong><\/p>\n<p><strong>Balade accompagn\u00e9e et d\u00e9gustation de C\u00f4tes du Forez<\/strong><\/p>\n<p><span style=\"color: #ff0000;\">Balade compl\u00e8te, la r\u00e9servation n&rsquo;est malheureusement plus possible !<\/span><\/p>\n<p>Des b\u00e9n\u00e9voles du Ch\u00e2teau de Goutelas vous accompagnent sur le chemin de B\u00e9lizar \u00e0 la d\u00e9couverte du vignoble for\u00e9zien, de ses paysages et de ses vins. D\u00e9gustation avec vue au sommet du volcan.<\/p>\n<p>&nbsp;<\/p>\n<p><em>D\u00e9part du Ch\u00e2teau de Goutelas<\/em><\/p>\n<p><em>Dur\u00e9e : 2h avec d\u00e9gustation<\/em><\/p>\n<p><em>Gratuit sur inscription : centreculturel@chateaudegoutelas.fr \/ 04 77 97 35 43<\/em><\/p>\n<div class=\"shmMigrate\"><\/div>\n<div class=\"shmMigrate\"><\/div>\n<div class=\"shmMigrate\"><\/div>\n<div class=\"shmMigrate\"><\/div>\n<p><strong>&gt; SAMEDI 19.09 ET DIMANCHE 20.09 | DE 10H A 18H<\/strong><\/p>\n<p><strong>Visite libre du Ch\u00e2teau de Goutelas<\/strong><\/p>\n<p>&nbsp;<\/p>\n<p>D\u00e9couvrez le ch\u00e2teau du XVIe si\u00e8cle avec son architecture en \u00ab\u00a0H\u00a0\u00bb, son d\u00e9cor Renaissance, ses fresques et toiture bris\u00e9e du XVIIIe. La demeure situ\u00e9e \u00e0 flanc de coteaux offre un panorama \u00e9largi sur la plaine du Forez. Le cadre bois\u00e9 et champ\u00eatre offre \u00e9galement des possibilit\u00e9s de promenades et de balades.<\/p>\n<p>&nbsp;<\/p>\n<p><em>Gratuit<\/em><\/p>\n<p><em>Renseignements : centreculturel@chateaudegoutelas.fr \/ 04 77 97 35 43<\/em><\/p>\n<div class=\"shmMigrate\"><\/div>\n<div class=\"shmMigrate\"><\/div>\n<div class=\"shmMigrate\"><\/div>\n<p><strong>&gt; DIMANCHE 20.09 | 10H30 ET 16H <span style=\"color: #ff0000;\">[COMPLET]<\/span><\/strong><\/p>\n<p><strong>Visite guid\u00e9e du Ch\u00e2teau de Goutelas<\/strong><\/p>\n<p>&nbsp;<\/p>\n<p>Laissez-vous conter les vies du ch\u00e2teau de Goutelas ! Les deux visites propos\u00e9es pour les Journ\u00e9es du patrimoine vous entra\u00eenent \u00e0 la d\u00e9couverte de cette histoire hors du commun, de la maison forte \u00e0 la reconstruction en passant par les transformations de la Renaissance.<\/p>\n<p>&nbsp;<\/p>\n<p><em>Dur\u00e9e : 1h30<\/em><\/p>\n<p><em>Gratuit sur inscription : centreculturel@chateaudegoutelas.fr \/ 04 77 97 35 43<\/em><\/p>\n<div class=\"shmMigrate\"><\/div>\n<div class=\"shmMigrate\"><\/div>\n<div class=\"shmMigrate\"><\/div>\n<div class=\"shmMigrate\"><\/div>\n<div class=\"shmMigrate\"><\/div>\n<div class=\"shmMigrate\"><\/div>\n","protected":false},"author":7,"featured_media":2890,"template":"","meta":{"site-sidebar-layout":"default","site-content-layout":"","ast-site-content-layout":"default","site-content-style":"default","site-sidebar-style":"default","ast-global-header-display":"","ast-banner-title-visibility":"","ast-main-header-display":"","ast-hfb-above-header-display":"","ast-hfb-below-header-display":"","ast-hfb-mobile-header-display":"","site-post-title":"","ast-breadcrumbs-content":null,"ast-featured-img":"","footer-sml-layout":"","ast-disable-related-posts":"","theme-transparent-header-meta":"","adv-header-id-meta":"","stick-header-meta":"","header-above-stick-meta":null,"header-main-stick-meta":"","header-below-stick-meta":null,"astra-migrate-meta-layouts":"default","ast-page-background-enabled":"default","ast-page-background-meta":{"desktop":{"background-color":"","background-image":"","background-repeat":"repeat","background-position":"center center","background-size":"auto","background-attachment":"scroll","background-type":"","background-media":"","overlay-type":"","overlay-color":"","overlay-opacity":"","overlay-gradient":""},"tablet":{"background-color":"","background-image":"","background-repeat":"repeat","background-position":"center center","background-size":"auto","background-attachment":"scroll","background-type":"","background-media":"","overlay-type":"","overlay-color":"","overlay-opacity":"","overlay-gradient":""},"mobile":{"background-color":"","background-image":"","background-repeat":"repeat","background-position":"center center","background-size":"auto","background-attachment":"scroll","background-type":"","background-media":"","overlay-type":"","overlay-color":"","overlay-opacity":"","overlay-gradient":""}},"ast-content-background-meta":{"desktop":{"background-color":"var(--ast-global-color-5)","background-image":"","background-repeat":"repeat","background-position":"center center","background-size":"auto","background-attachment":"scroll","background-type":"","background-media":"","overlay-type":"","overlay-color":"","overlay-opacity":"","overlay-gradient":""},"tablet":{"background-color":"var(--ast-global-color-5)","background-image":"","background-repeat":"repeat","background-position":"center center","background-size":"auto","background-attachment":"scroll","background-type":"","background-media":"","overlay-type":"","overlay-color":"","overlay-opacity":"","overlay-gradient":""},"mobile":{"background-color":"var(--ast-global-color-5)","background-image":"","background-repeat":"repeat","background-position":"center center","background-size":"auto","background-attachment":"scroll","background-type":"","background-media":"","overlay-type":"","overlay-color":"","overlay-opacity":"","overlay-gradient":""}}},"categories":[4],"tags":[],"class_list":["post-2889","archive","type-archive","status-publish","has-post-thumbnail","hentry","category-actualites"],"yoast_head":"<!-- This site is optimized with the Yoast SEO plugin v27.5 - https:\/\/yoast.com\/product\/yoast-seo-wordpress\/ -->\n<title>19\/09 ET 20\/09 - JOURN\u00c9ES EUROP\u00c9ENNES DU PATRIMOINE au Ch\u00e2teau de Goutelas - Ch\u00e2teau de Goutelas<\/title>\n<meta name=\"robots\" content=\"index, follow, max-snippet:-1, max-image-preview:large, max-video-preview:-1\" \/>\n<link rel=\"canonical\" href=\"https:\/\/www.chateaudegoutelas.fr\/en\/archive\/19-09-et-20-09-journees-europeennes-du-patrimoine-au-chateau-de-goutelas\/\" \/>\n<meta property=\"og:locale\" content=\"en_GB\" \/>\n<meta property=\"og:type\" content=\"article\" \/>\n<meta property=\"og:title\" content=\"19\/09 ET 20\/09 - JOURN\u00c9ES EUROP\u00c9ENNES DU PATRIMOINE au Ch\u00e2teau de Goutelas - Ch\u00e2teau de Goutelas\" \/>\n<meta property=\"og:description\" content=\"Samedi 19 et dimanche 20 septembre 2020 &gt; SAMEDI 19.09 | 17H30 Balade accompagn\u00e9e et d\u00e9gustation de C\u00f4tes du Forez Balade compl\u00e8te, la r\u00e9servation n&rsquo;est malheureusement plus possible ! Des b\u00e9n\u00e9voles du Ch\u00e2teau de Goutelas vous accompagnent sur le chemin de B\u00e9lizar \u00e0 la d\u00e9couverte du vignoble for\u00e9zien, de ses paysages et de ses vins. [&hellip;]\" \/>\n<meta property=\"og:url\" content=\"https:\/\/www.chateaudegoutelas.fr\/en\/archive\/19-09-et-20-09-journees-europeennes-du-patrimoine-au-chateau-de-goutelas\/\" \/>\n<meta property=\"og:site_name\" content=\"Ch\u00e2teau de Goutelas\" \/>\n<meta property=\"article:modified_time\" content=\"2023-05-26T08:02:35+00:00\" \/>\n<meta property=\"og:image\" content=\"https:\/\/www.chateaudegoutelas.fr\/wp-content\/uploads\/2020\/07\/post-instagram-sans-texte.jpg\" \/>\n\t<meta property=\"og:image:width\" content=\"1080\" \/>\n\t<meta property=\"og:image:height\" content=\"1080\" \/>\n\t<meta property=\"og:image:type\" content=\"image\/jpeg\" \/>\n<meta name=\"twitter:card\" content=\"summary_large_image\" \/>\n<meta name=\"twitter:label1\" content=\"Estimated reading time\" \/>\n\t<meta name=\"twitter:data1\" content=\"2 minutes\" \/>\n<script type=\"application\/ld+json\" class=\"yoast-schema-graph\">{\"@context\":\"https:\\\/\\\/schema.org\",\"@graph\":[{\"@type\":\"WebPage\",\"@id\":\"https:\\\/\\\/www.chateaudegoutelas.fr\\\/archive\\\/19-09-et-20-09-journees-europeennes-du-patrimoine-au-chateau-de-goutelas\\\/\",\"url\":\"https:\\\/\\\/www.chateaudegoutelas.fr\\\/archive\\\/19-09-et-20-09-journees-europeennes-du-patrimoine-au-chateau-de-goutelas\\\/\",\"name\":\"19\\\/09 ET 20\\\/09 - JOURN\u00c9ES EUROP\u00c9ENNES DU PATRIMOINE au Ch\u00e2teau de Goutelas - Ch\u00e2teau de Goutelas\",\"isPartOf\":{\"@id\":\"https:\\\/\\\/www.chateaudegoutelas.fr\\\/#website\"},\"primaryImageOfPage\":{\"@id\":\"https:\\\/\\\/www.chateaudegoutelas.fr\\\/archive\\\/19-09-et-20-09-journees-europeennes-du-patrimoine-au-chateau-de-goutelas\\\/#primaryimage\"},\"image\":{\"@id\":\"https:\\\/\\\/www.chateaudegoutelas.fr\\\/archive\\\/19-09-et-20-09-journees-europeennes-du-patrimoine-au-chateau-de-goutelas\\\/#primaryimage\"},\"thumbnailUrl\":\"https:\\\/\\\/www.chateaudegoutelas.fr\\\/wp-content\\\/uploads\\\/2020\\\/07\\\/post-instagram-sans-texte.jpg\",\"datePublished\":\"2020-07-06T11:28:17+00:00\",\"dateModified\":\"2023-05-26T08:02:35+00:00\",\"breadcrumb\":{\"@id\":\"https:\\\/\\\/www.chateaudegoutelas.fr\\\/archive\\\/19-09-et-20-09-journees-europeennes-du-patrimoine-au-chateau-de-goutelas\\\/#breadcrumb\"},\"inLanguage\":\"en-GB\",\"potentialAction\":[{\"@type\":\"ReadAction\",\"target\":[\"https:\\\/\\\/www.chateaudegoutelas.fr\\\/archive\\\/19-09-et-20-09-journees-europeennes-du-patrimoine-au-chateau-de-goutelas\\\/\"]}]},{\"@type\":\"ImageObject\",\"inLanguage\":\"en-GB\",\"@id\":\"https:\\\/\\\/www.chateaudegoutelas.fr\\\/archive\\\/19-09-et-20-09-journees-europeennes-du-patrimoine-au-chateau-de-goutelas\\\/#primaryimage\",\"url\":\"https:\\\/\\\/www.chateaudegoutelas.fr\\\/wp-content\\\/uploads\\\/2020\\\/07\\\/post-instagram-sans-texte.jpg\",\"contentUrl\":\"https:\\\/\\\/www.chateaudegoutelas.fr\\\/wp-content\\\/uploads\\\/2020\\\/07\\\/post-instagram-sans-texte.jpg\",\"width\":1080,\"height\":1080},{\"@type\":\"BreadcrumbList\",\"@id\":\"https:\\\/\\\/www.chateaudegoutelas.fr\\\/archive\\\/19-09-et-20-09-journees-europeennes-du-patrimoine-au-chateau-de-goutelas\\\/#breadcrumb\",\"itemListElement\":[{\"@type\":\"ListItem\",\"position\":1,\"name\":\"Accueil\",\"item\":\"https:\\\/\\\/www.chateaudegoutelas.fr\\\/\"},{\"@type\":\"ListItem\",\"position\":2,\"name\":\"19\\\/09 ET 20\\\/09 &#8211; JOURN\u00c9ES EUROP\u00c9ENNES DU PATRIMOINE au Ch\u00e2teau de Goutelas\"}]},{\"@type\":\"WebSite\",\"@id\":\"https:\\\/\\\/www.chateaudegoutelas.fr\\\/#website\",\"url\":\"https:\\\/\\\/www.chateaudegoutelas.fr\\\/\",\"name\":\"Ch\u00e2teau de Goutelas\",\"description\":\"Un centre culturel de rencontre en Forez\",\"publisher\":{\"@id\":\"https:\\\/\\\/www.chateaudegoutelas.fr\\\/#organization\"},\"potentialAction\":[{\"@type\":\"SearchAction\",\"target\":{\"@type\":\"EntryPoint\",\"urlTemplate\":\"https:\\\/\\\/www.chateaudegoutelas.fr\\\/?s={search_term_string}\"},\"query-input\":{\"@type\":\"PropertyValueSpecification\",\"valueRequired\":true,\"valueName\":\"search_term_string\"}}],\"inLanguage\":\"en-GB\"},{\"@type\":\"Organization\",\"@id\":\"https:\\\/\\\/www.chateaudegoutelas.fr\\\/#organization\",\"name\":\"Ch\u00e2teau de Goutelas\",\"url\":\"https:\\\/\\\/www.chateaudegoutelas.fr\\\/\",\"logo\":{\"@type\":\"ImageObject\",\"inLanguage\":\"en-GB\",\"@id\":\"https:\\\/\\\/www.chateaudegoutelas.fr\\\/#\\\/schema\\\/logo\\\/image\\\/\",\"url\":\"https:\\\/\\\/www.chateaudegoutelas.fr\\\/wp-content\\\/uploads\\\/2023\\\/05\\\/logo-chateau-goutelas-bleu.png\",\"contentUrl\":\"https:\\\/\\\/www.chateaudegoutelas.fr\\\/wp-content\\\/uploads\\\/2023\\\/05\\\/logo-chateau-goutelas-bleu.png\",\"width\":1123,\"height\":327,\"caption\":\"Ch\u00e2teau de Goutelas\"},\"image\":{\"@id\":\"https:\\\/\\\/www.chateaudegoutelas.fr\\\/#\\\/schema\\\/logo\\\/image\\\/\"}}]}<\/script>\n<!-- \/ Yoast SEO plugin. -->","yoast_head_json":{"title":"19\/09 ET 20\/09 - JOURN\u00c9ES EUROP\u00c9ENNES DU PATRIMOINE au Ch\u00e2teau de Goutelas - Ch\u00e2teau de Goutelas","robots":{"index":"index","follow":"follow","max-snippet":"max-snippet:-1","max-image-preview":"max-image-preview:large","max-video-preview":"max-video-preview:-1"},"canonical":"https:\/\/www.chateaudegoutelas.fr\/en\/archive\/19-09-et-20-09-journees-europeennes-du-patrimoine-au-chateau-de-goutelas\/","og_locale":"en_GB","og_type":"article","og_title":"19\/09 ET 20\/09 - JOURN\u00c9ES EUROP\u00c9ENNES DU PATRIMOINE au Ch\u00e2teau de Goutelas - Ch\u00e2teau de Goutelas","og_description":"Samedi 19 et dimanche 20 septembre 2020 &gt; SAMEDI 19.09 | 17H30 Balade accompagn\u00e9e et d\u00e9gustation de C\u00f4tes du Forez Balade compl\u00e8te, la r\u00e9servation n&rsquo;est malheureusement plus possible ! Des b\u00e9n\u00e9voles du Ch\u00e2teau de Goutelas vous accompagnent sur le chemin de B\u00e9lizar \u00e0 la d\u00e9couverte du vignoble for\u00e9zien, de ses paysages et de ses vins. [&hellip;]","og_url":"https:\/\/www.chateaudegoutelas.fr\/en\/archive\/19-09-et-20-09-journees-europeennes-du-patrimoine-au-chateau-de-goutelas\/","og_site_name":"Ch\u00e2teau de Goutelas","article_modified_time":"2023-05-26T08:02:35+00:00","og_image":[{"width":1080,"height":1080,"url":"https:\/\/www.chateaudegoutelas.fr\/wp-content\/uploads\/2020\/07\/post-instagram-sans-texte.jpg","type":"image\/jpeg"}],"twitter_card":"summary_large_image","twitter_misc":{"Estimated reading time":"2 minutes"},"schema":{"@context":"https:\/\/schema.org","@graph":[{"@type":"WebPage","@id":"https:\/\/www.chateaudegoutelas.fr\/archive\/19-09-et-20-09-journees-europeennes-du-patrimoine-au-chateau-de-goutelas\/","url":"https:\/\/www.chateaudegoutelas.fr\/archive\/19-09-et-20-09-journees-europeennes-du-patrimoine-au-chateau-de-goutelas\/","name":"19\/09 ET 20\/09 - JOURN\u00c9ES EUROP\u00c9ENNES DU PATRIMOINE au Ch\u00e2teau de Goutelas - Ch\u00e2teau de Goutelas","isPartOf":{"@id":"https:\/\/www.chateaudegoutelas.fr\/#website"},"primaryImageOfPage":{"@id":"https:\/\/www.chateaudegoutelas.fr\/archive\/19-09-et-20-09-journees-europeennes-du-patrimoine-au-chateau-de-goutelas\/#primaryimage"},"image":{"@id":"https:\/\/www.chateaudegoutelas.fr\/archive\/19-09-et-20-09-journees-europeennes-du-patrimoine-au-chateau-de-goutelas\/#primaryimage"},"thumbnailUrl":"https:\/\/www.chateaudegoutelas.fr\/wp-content\/uploads\/2020\/07\/post-instagram-sans-texte.jpg","datePublished":"2020-07-06T11:28:17+00:00","dateModified":"2023-05-26T08:02:35+00:00","breadcrumb":{"@id":"https:\/\/www.chateaudegoutelas.fr\/archive\/19-09-et-20-09-journees-europeennes-du-patrimoine-au-chateau-de-goutelas\/#breadcrumb"},"inLanguage":"en-GB","potentialAction":[{"@type":"ReadAction","target":["https:\/\/www.chateaudegoutelas.fr\/archive\/19-09-et-20-09-journees-europeennes-du-patrimoine-au-chateau-de-goutelas\/"]}]},{"@type":"ImageObject","inLanguage":"en-GB","@id":"https:\/\/www.chateaudegoutelas.fr\/archive\/19-09-et-20-09-journees-europeennes-du-patrimoine-au-chateau-de-goutelas\/#primaryimage","url":"https:\/\/www.chateaudegoutelas.fr\/wp-content\/uploads\/2020\/07\/post-instagram-sans-texte.jpg","contentUrl":"https:\/\/www.chateaudegoutelas.fr\/wp-content\/uploads\/2020\/07\/post-instagram-sans-texte.jpg","width":1080,"height":1080},{"@type":"BreadcrumbList","@id":"https:\/\/www.chateaudegoutelas.fr\/archive\/19-09-et-20-09-journees-europeennes-du-patrimoine-au-chateau-de-goutelas\/#breadcrumb","itemListElement":[{"@type":"ListItem","position":1,"name":"Accueil","item":"https:\/\/www.chateaudegoutelas.fr\/"},{"@type":"ListItem","position":2,"name":"19\/09 ET 20\/09 &#8211; JOURN\u00c9ES EUROP\u00c9ENNES DU PATRIMOINE au Ch\u00e2teau de Goutelas"}]},{"@type":"WebSite","@id":"https:\/\/www.chateaudegoutelas.fr\/#website","url":"https:\/\/www.chateaudegoutelas.fr\/","name":"Ch\u00e2teau de Goutelas","description":"Un centre culturel de rencontre en Forez","publisher":{"@id":"https:\/\/www.chateaudegoutelas.fr\/#organization"},"potentialAction":[{"@type":"SearchAction","target":{"@type":"EntryPoint","urlTemplate":"https:\/\/www.chateaudegoutelas.fr\/?s={search_term_string}"},"query-input":{"@type":"PropertyValueSpecification","valueRequired":true,"valueName":"search_term_string"}}],"inLanguage":"en-GB"},{"@type":"Organization","@id":"https:\/\/www.chateaudegoutelas.fr\/#organization","name":"Ch\u00e2teau de Goutelas","url":"https:\/\/www.chateaudegoutelas.fr\/","logo":{"@type":"ImageObject","inLanguage":"en-GB","@id":"https:\/\/www.chateaudegoutelas.fr\/#\/schema\/logo\/image\/","url":"https:\/\/www.chateaudegoutelas.fr\/wp-content\/uploads\/2023\/05\/logo-chateau-goutelas-bleu.png","contentUrl":"https:\/\/www.chateaudegoutelas.fr\/wp-content\/uploads\/2023\/05\/logo-chateau-goutelas-bleu.png","width":1123,"height":327,"caption":"Ch\u00e2teau de Goutelas"},"image":{"@id":"https:\/\/www.chateaudegoutelas.fr\/#\/schema\/logo\/image\/"}}]}},"_links":{"self":[{"href":"https:\/\/www.chateaudegoutelas.fr\/en\/wp-json\/wp\/v2\/archive\/2889","targetHints":{"allow":["GET"]}}],"collection":[{"href":"https:\/\/www.chateaudegoutelas.fr\/en\/wp-json\/wp\/v2\/archive"}],"about":[{"href":"https:\/\/www.chateaudegoutelas.fr\/en\/wp-json\/wp\/v2\/types\/archive"}],"author":[{"embeddable":true,"href":"https:\/\/www.chateaudegoutelas.fr\/en\/wp-json\/wp\/v2\/users\/7"}],"wp:featuredmedia":[{"embeddable":true,"href":"https:\/\/www.chateaudegoutelas.fr\/en\/wp-json\/wp\/v2\/media\/2890"}],"wp:attachment":[{"href":"https:\/\/www.chateaudegoutelas.fr\/en\/wp-json\/wp\/v2\/media?parent=2889"}],"wp:term":[{"taxonomy":"category","embeddable":true,"href":"https:\/\/www.chateaudegoutelas.fr\/en\/wp-json\/wp\/v2\/categories?post=2889"},{"taxonomy":"post_tag","embeddable":true,"href":"https:\/\/www.chateaudegoutelas.fr\/en\/wp-json\/wp\/v2\/tags?post=2889"}],"curies":[{"name":"wp","href":"https:\/\/api.w.org\/{rel}","templated":true}]}}