{"id":2463,"date":"2020-01-22T11:01:31","date_gmt":"2020-01-22T10:01:31","guid":{"rendered":"https:\/\/www.chateaudegoutelas.fr\/?p=2463"},"modified":"2023-05-26T10:02:36","modified_gmt":"2023-05-26T08:02:36","slug":"11-07-fete-du-chateau-la-nuit-indigo-une-couleur-pour-feter-goutelas","status":"publish","type":"archive","link":"https:\/\/www.chateaudegoutelas.fr\/en\/archive\/11-07-fete-du-chateau-la-nuit-indigo-une-couleur-pour-feter-goutelas\/","title":{"rendered":"11\/07- REPORT\u00c9E &#8211; Soir\u00e9e-\u00e9v\u00e9nement LA NUIT INDIGO"},"content":{"rendered":"<div class=\"shmMigrate\"><\/div>\n<div class=\"shmMigrate\"><\/div>\n<div class=\"shmMigrate\"><\/div>\n<div class=\"shmMigrate\"><\/div>\n<div class=\"shmMigrate\"><\/div>\n<div class=\"shmMigrate\"><\/div>\n<div class=\"shmMigrate\"><\/div>\n<div class=\"shmMigrate\"><\/div>\n<div class=\"shmMigrate\"><\/div>\n<p>SAMEDI 11 JUILLET | A PARTIR DE 20H<\/p>\n<div class=\"shmMigrate\"><\/div>\n<div class=\"shmMigrate\"><\/div>\n<div class=\"shmMigrate\"><\/div>\n<div class=\"shmMigrate\"><\/div>\n<div class=\"shmMigrate\"><\/div>\n<div class=\"shmMigrate\"><\/div>\n<div class=\"shmMigrate\"><\/div>\n<div class=\"shmMigrate\"><\/div>\n<div class=\"shmMigrate\"><\/div>\n<div class=\"shmMigrate\"><\/div>\n<div class=\"shmMigrate\"><\/div>\n<h2><span style=\"color: #2f287f;\">CHASSOL <\/span><\/h2>\n<h3><span style=\"color: #f2f287f;\">+ LA BELLE VIE + FARKONER<\/span><\/h3>\n<div class=\"shmMigrate\"><\/div>\n<div class=\"shmMigrate\"><\/div>\n<div class=\"shmMigrate\"><\/div>\n<div class=\"shmMigrate\"><\/div>\n<div class=\"shmMigrate\"><\/div>\n<div class=\"shmMigrate\"><\/div>\n<div class=\"shmMigrate\"><\/div>\n<p><strong>En 2020, le ch\u00e2teau se pare d\u2019une couleur profonde et m\u00e9tiss\u00e9e pour f\u00eater la nouvelle sc\u00e8ne musicale.<\/strong><\/p>\n<p>&nbsp;<\/p>\n<p>Ce bleu indigo, r\u00e9f\u00e9rence au titre <em>Mood Indigo<\/em> de Duke Ellington, artiste l\u00e9gendaire amoureux de Goutelas, c\u2019est le bleu d\u2019une f\u00eate heureuse et dansante, o\u00f9 habitants, voyageurs et noctambules se retrouvent pour profiter en musique d\u2019un site exceptionnel.<\/p>\n<p>Pour cet \u00e9v\u00e9nement phare, un artiste phare : <a href=\"http:\/\/www.chassol.fr\"><span style=\"color: #993366;\"><strong>Christophe Chassol<\/strong><\/span>.<\/a><\/p>\n<p>Musicien, arrangeur (pour Keren Ann, S\u00e9bastien Tellier ou Ph\u0153nix), d\u00e9fricheur de contr\u00e9es artistiques, Chassol est \u00e9galement compositeur pour le cin\u00e9ma. Le concert <em>Indiamore<\/em> pr\u00e9sent\u00e9 \u00e0 Goutelas nous plonge dans un spectacle total. Sur un grand \u00e9cran face au ch\u00e2teau, les images d\u2019un voyage en Inde deviennent la mati\u00e8re premi\u00e8re des musiciens, d\u00e9compos\u00e9e puis harmonis\u00e9e pour nous transporter dans une exp\u00e9rience immersive. Avec un style qui se place ing\u00e9nieusement \u00e0 la crois\u00e9e de la pop, du jazz et de l&rsquo;\u00e9lectro, Chassol fait depuis plusieurs ann\u00e9es l\u2019unanimit\u00e9 dans la presse internationale (Les Inrockuptibles,The Guardian, Rolling Stones, Rock &amp; Folk\u2026) et dans les plus grands rendez-vous musicaux. Il faut le voir pour le croire !<\/p>\n<p>En premi\u00e8re partie, un groupe dont le nom nous dit presque tout :<a href=\"https:\/\/www.youtube.com\/channel\/UCagXFP908ecaHvgVw8RRI-Q\"> <span style=\"color: #993366;\"><strong>La Belle Vie<\/strong><\/span>.<\/a> Tu <em>sais, la vie est belle comme tout quand elle est prise par le bon bout, nous sommes le doux qui accompagne l&rsquo;amer. Les couleurs qui manquent \u00e0 l&rsquo;hiver, r\u00eavant des \u00eeles, l\u00e0 dans la ville.<\/em><\/p>\n<p>Plus loin dans la nuit, le bleu s\u2019\u00e9lectrise avec<strong><span style=\"color: #993366;\"> Farkoner<\/span><\/strong>, DJ et producteur de musiques \u00e9lectroniques, explorateur de percussions tribales et de rythmes \u00e9lectro.<\/p>\n<div class=\"shmMigrate\"><\/div>\n<div class=\"shmMigrate\"><\/div>\n<div class=\"shmMigrate\"><\/div>\n<div class=\"shmMigrate\"><\/div>\n<div class=\"shmMigrate\"><\/div>\n<div class=\"shmMigrate\"><\/div>\n<div class=\"shmMigrate\"><\/div>\n<div class=\"shmMigrate\"><\/div>\n<div class=\"shmMigrate\"><\/div>\n<div class=\"shmMigrate\"><\/div>\n<div class=\"shmMigrate\"><\/div>\n<p><span style=\"color: #993366;\"><strong>CONCERTS<\/strong><\/span><br \/>\n<span style=\"color: #993366;\"><strong>\u00c0 PARTIR DE 20H<\/strong><\/span><\/p>\n<p>Cour d\u2019honneur<br \/>\n<span style=\"color: #993366;\"><strong>Sur place <\/strong><\/span>18\u20ac \u00b7 12\u20ac tarif r\u00e9duit<br \/>\n<strong><span style=\"color: #993366;\">En pr\u00e9vente<\/span><\/strong> 15\u20ac \u00b7 10\u20ac tarif r\u00e9duit<br \/>\nGratuit pour les moins de 12 ans<\/p>\n<p><em>Hors frais de location des revendeurs<\/em><\/p>\n<p>&nbsp;<\/p>\n<p><strong><span style=\"color: #993366;\">D\u00c8S 19H<\/span><\/strong><br \/>\n<strong><span style=\"color: #993366;\">Bistro d&rsquo;\u00e9t\u00e9<\/span><\/strong> (bar et petite restauration)<\/p>\n<p>&nbsp;<\/p>\n<p>&nbsp;<\/p>\n<p>Billetterie en ligne, dans les bureaux de l&rsquo;Office de tourisme Loire Forez et tous les points de vente habituels.<\/p>\n<div class=\"shmMigrate\"><\/div>\n<div class=\"shmMigrate\"><\/div>\n<h6>Photo \u00a9Flavien Prioreau<\/h6>\n<div class=\"shmMigrate\"><\/div>\n<div class=\"shmMigrate\"><\/div>\n<div class=\"shmMigrate\"><\/div>\n<div class=\"shmMigrate\"><\/div>\n<div class=\"shmMigrate\"><\/div>","protected":false},"author":4,"featured_media":2832,"template":"","meta":{"site-sidebar-layout":"default","site-content-layout":"","ast-site-content-layout":"default","site-content-style":"default","site-sidebar-style":"default","ast-global-header-display":"","ast-banner-title-visibility":"","ast-main-header-display":"","ast-hfb-above-header-display":"","ast-hfb-below-header-display":"","ast-hfb-mobile-header-display":"","site-post-title":"","ast-breadcrumbs-content":null,"ast-featured-img":"","footer-sml-layout":"","ast-disable-related-posts":"","theme-transparent-header-meta":"","adv-header-id-meta":"","stick-header-meta":"","header-above-stick-meta":null,"header-main-stick-meta":"","header-below-stick-meta":null,"astra-migrate-meta-layouts":"default","ast-page-background-enabled":"default","ast-page-background-meta":{"desktop":{"background-color":"","background-image":"","background-repeat":"repeat","background-position":"center center","background-size":"auto","background-attachment":"scroll","background-type":"","background-media":"","overlay-type":"","overlay-color":"","overlay-opacity":"","overlay-gradient":""},"tablet":{"background-color":"","background-image":"","background-repeat":"repeat","background-position":"center center","background-size":"auto","background-attachment":"scroll","background-type":"","background-media":"","overlay-type":"","overlay-color":"","overlay-opacity":"","overlay-gradient":""},"mobile":{"background-color":"","background-image":"","background-repeat":"repeat","background-position":"center center","background-size":"auto","background-attachment":"scroll","background-type":"","background-media":"","overlay-type":"","overlay-color":"","overlay-opacity":"","overlay-gradient":""}},"ast-content-background-meta":{"desktop":{"background-color":"var(--ast-global-color-5)","background-image":"","background-repeat":"repeat","background-position":"center center","background-size":"auto","background-attachment":"scroll","background-type":"","background-media":"","overlay-type":"","overlay-color":"","overlay-opacity":"","overlay-gradient":""},"tablet":{"background-color":"var(--ast-global-color-5)","background-image":"","background-repeat":"repeat","background-position":"center center","background-size":"auto","background-attachment":"scroll","background-type":"","background-media":"","overlay-type":"","overlay-color":"","overlay-opacity":"","overlay-gradient":""},"mobile":{"background-color":"var(--ast-global-color-5)","background-image":"","background-repeat":"repeat","background-position":"center center","background-size":"auto","background-attachment":"scroll","background-type":"","background-media":"","overlay-type":"","overlay-color":"","overlay-opacity":"","overlay-gradient":""}}},"categories":[4],"tags":[9],"class_list":["post-2463","archive","type-archive","status-publish","has-post-thumbnail","hentry","category-actualites","tag-concert"],"yoast_head":"<!-- This site is optimized with the Yoast SEO plugin v27.5 - https:\/\/yoast.com\/product\/yoast-seo-wordpress\/ -->\n<title>11\/07- REPORT\u00c9E - Soir\u00e9e-\u00e9v\u00e9nement LA NUIT INDIGO - Ch\u00e2teau de Goutelas<\/title>\n<meta name=\"robots\" content=\"index, follow, max-snippet:-1, max-image-preview:large, max-video-preview:-1\" \/>\n<link rel=\"canonical\" href=\"https:\/\/www.chateaudegoutelas.fr\/en\/archive\/11-07-fete-du-chateau-la-nuit-indigo-une-couleur-pour-feter-goutelas\/\" \/>\n<meta property=\"og:locale\" content=\"en_GB\" \/>\n<meta property=\"og:type\" content=\"article\" \/>\n<meta property=\"og:title\" content=\"11\/07- REPORT\u00c9E - Soir\u00e9e-\u00e9v\u00e9nement LA NUIT INDIGO - Ch\u00e2teau de Goutelas\" \/>\n<meta property=\"og:description\" content=\"SAMEDI 11 JUILLET | A PARTIR DE 20H CHASSOL + LA BELLE VIE + FARKONER En 2020, le ch\u00e2teau se pare d\u2019une couleur profonde et m\u00e9tiss\u00e9e pour f\u00eater la nouvelle sc\u00e8ne musicale. &nbsp; Ce bleu indigo, r\u00e9f\u00e9rence au titre Mood Indigo de Duke Ellington, artiste l\u00e9gendaire amoureux de Goutelas, c\u2019est le bleu d\u2019une f\u00eate heureuse [&hellip;]\" \/>\n<meta property=\"og:url\" content=\"https:\/\/www.chateaudegoutelas.fr\/en\/archive\/11-07-fete-du-chateau-la-nuit-indigo-une-couleur-pour-feter-goutelas\/\" \/>\n<meta property=\"og:site_name\" content=\"Ch\u00e2teau de Goutelas\" \/>\n<meta property=\"article:modified_time\" content=\"2023-05-26T08:02:36+00:00\" \/>\n<meta property=\"og:image\" content=\"https:\/\/www.chateaudegoutelas.fr\/wp-content\/uploads\/2020\/01\/CHASSOL-2019-by@Flavien-Prioreau_LD-1.jpg\" \/>\n\t<meta property=\"og:image:width\" content=\"707\" \/>\n\t<meta property=\"og:image:height\" content=\"758\" \/>\n\t<meta property=\"og:image:type\" content=\"image\/jpeg\" \/>\n<meta name=\"twitter:card\" content=\"summary_large_image\" \/>\n<meta name=\"twitter:label1\" content=\"Estimated reading time\" \/>\n\t<meta name=\"twitter:data1\" content=\"2 minutes\" \/>\n<script type=\"application\/ld+json\" class=\"yoast-schema-graph\">{\"@context\":\"https:\\\/\\\/schema.org\",\"@graph\":[{\"@type\":\"WebPage\",\"@id\":\"https:\\\/\\\/www.chateaudegoutelas.fr\\\/archive\\\/11-07-fete-du-chateau-la-nuit-indigo-une-couleur-pour-feter-goutelas\\\/\",\"url\":\"https:\\\/\\\/www.chateaudegoutelas.fr\\\/archive\\\/11-07-fete-du-chateau-la-nuit-indigo-une-couleur-pour-feter-goutelas\\\/\",\"name\":\"11\\\/07- REPORT\u00c9E - Soir\u00e9e-\u00e9v\u00e9nement LA NUIT INDIGO - Ch\u00e2teau de Goutelas\",\"isPartOf\":{\"@id\":\"https:\\\/\\\/www.chateaudegoutelas.fr\\\/#website\"},\"primaryImageOfPage\":{\"@id\":\"https:\\\/\\\/www.chateaudegoutelas.fr\\\/archive\\\/11-07-fete-du-chateau-la-nuit-indigo-une-couleur-pour-feter-goutelas\\\/#primaryimage\"},\"image\":{\"@id\":\"https:\\\/\\\/www.chateaudegoutelas.fr\\\/archive\\\/11-07-fete-du-chateau-la-nuit-indigo-une-couleur-pour-feter-goutelas\\\/#primaryimage\"},\"thumbnailUrl\":\"https:\\\/\\\/www.chateaudegoutelas.fr\\\/wp-content\\\/uploads\\\/2020\\\/01\\\/CHASSOL-2019-by@Flavien-Prioreau_LD-1.jpg\",\"datePublished\":\"2020-01-22T10:01:31+00:00\",\"dateModified\":\"2023-05-26T08:02:36+00:00\",\"breadcrumb\":{\"@id\":\"https:\\\/\\\/www.chateaudegoutelas.fr\\\/archive\\\/11-07-fete-du-chateau-la-nuit-indigo-une-couleur-pour-feter-goutelas\\\/#breadcrumb\"},\"inLanguage\":\"en-GB\",\"potentialAction\":[{\"@type\":\"ReadAction\",\"target\":[\"https:\\\/\\\/www.chateaudegoutelas.fr\\\/archive\\\/11-07-fete-du-chateau-la-nuit-indigo-une-couleur-pour-feter-goutelas\\\/\"]}]},{\"@type\":\"ImageObject\",\"inLanguage\":\"en-GB\",\"@id\":\"https:\\\/\\\/www.chateaudegoutelas.fr\\\/archive\\\/11-07-fete-du-chateau-la-nuit-indigo-une-couleur-pour-feter-goutelas\\\/#primaryimage\",\"url\":\"https:\\\/\\\/www.chateaudegoutelas.fr\\\/wp-content\\\/uploads\\\/2020\\\/01\\\/CHASSOL-2019-by@Flavien-Prioreau_LD-1.jpg\",\"contentUrl\":\"https:\\\/\\\/www.chateaudegoutelas.fr\\\/wp-content\\\/uploads\\\/2020\\\/01\\\/CHASSOL-2019-by@Flavien-Prioreau_LD-1.jpg\",\"width\":707,\"height\":758},{\"@type\":\"BreadcrumbList\",\"@id\":\"https:\\\/\\\/www.chateaudegoutelas.fr\\\/archive\\\/11-07-fete-du-chateau-la-nuit-indigo-une-couleur-pour-feter-goutelas\\\/#breadcrumb\",\"itemListElement\":[{\"@type\":\"ListItem\",\"position\":1,\"name\":\"Accueil\",\"item\":\"https:\\\/\\\/www.chateaudegoutelas.fr\\\/\"},{\"@type\":\"ListItem\",\"position\":2,\"name\":\"11\\\/07- REPORT\u00c9E &#8211; Soir\u00e9e-\u00e9v\u00e9nement LA NUIT INDIGO\"}]},{\"@type\":\"WebSite\",\"@id\":\"https:\\\/\\\/www.chateaudegoutelas.fr\\\/#website\",\"url\":\"https:\\\/\\\/www.chateaudegoutelas.fr\\\/\",\"name\":\"Ch\u00e2teau de Goutelas\",\"description\":\"Un centre culturel de rencontre en Forez\",\"publisher\":{\"@id\":\"https:\\\/\\\/www.chateaudegoutelas.fr\\\/#organization\"},\"potentialAction\":[{\"@type\":\"SearchAction\",\"target\":{\"@type\":\"EntryPoint\",\"urlTemplate\":\"https:\\\/\\\/www.chateaudegoutelas.fr\\\/?s={search_term_string}\"},\"query-input\":{\"@type\":\"PropertyValueSpecification\",\"valueRequired\":true,\"valueName\":\"search_term_string\"}}],\"inLanguage\":\"en-GB\"},{\"@type\":\"Organization\",\"@id\":\"https:\\\/\\\/www.chateaudegoutelas.fr\\\/#organization\",\"name\":\"Ch\u00e2teau de Goutelas\",\"url\":\"https:\\\/\\\/www.chateaudegoutelas.fr\\\/\",\"logo\":{\"@type\":\"ImageObject\",\"inLanguage\":\"en-GB\",\"@id\":\"https:\\\/\\\/www.chateaudegoutelas.fr\\\/#\\\/schema\\\/logo\\\/image\\\/\",\"url\":\"https:\\\/\\\/www.chateaudegoutelas.fr\\\/wp-content\\\/uploads\\\/2023\\\/05\\\/logo-chateau-goutelas-bleu.png\",\"contentUrl\":\"https:\\\/\\\/www.chateaudegoutelas.fr\\\/wp-content\\\/uploads\\\/2023\\\/05\\\/logo-chateau-goutelas-bleu.png\",\"width\":1123,\"height\":327,\"caption\":\"Ch\u00e2teau de Goutelas\"},\"image\":{\"@id\":\"https:\\\/\\\/www.chateaudegoutelas.fr\\\/#\\\/schema\\\/logo\\\/image\\\/\"}}]}<\/script>\n<!-- \/ Yoast SEO plugin. -->","yoast_head_json":{"title":"11\/07- REPORT\u00c9E - Soir\u00e9e-\u00e9v\u00e9nement LA NUIT INDIGO - Ch\u00e2teau de Goutelas","robots":{"index":"index","follow":"follow","max-snippet":"max-snippet:-1","max-image-preview":"max-image-preview:large","max-video-preview":"max-video-preview:-1"},"canonical":"https:\/\/www.chateaudegoutelas.fr\/en\/archive\/11-07-fete-du-chateau-la-nuit-indigo-une-couleur-pour-feter-goutelas\/","og_locale":"en_GB","og_type":"article","og_title":"11\/07- REPORT\u00c9E - Soir\u00e9e-\u00e9v\u00e9nement LA NUIT INDIGO - Ch\u00e2teau de Goutelas","og_description":"SAMEDI 11 JUILLET | A PARTIR DE 20H CHASSOL + LA BELLE VIE + FARKONER En 2020, le ch\u00e2teau se pare d\u2019une couleur profonde et m\u00e9tiss\u00e9e pour f\u00eater la nouvelle sc\u00e8ne musicale. &nbsp; Ce bleu indigo, r\u00e9f\u00e9rence au titre Mood Indigo de Duke Ellington, artiste l\u00e9gendaire amoureux de Goutelas, c\u2019est le bleu d\u2019une f\u00eate heureuse [&hellip;]","og_url":"https:\/\/www.chateaudegoutelas.fr\/en\/archive\/11-07-fete-du-chateau-la-nuit-indigo-une-couleur-pour-feter-goutelas\/","og_site_name":"Ch\u00e2teau de Goutelas","article_modified_time":"2023-05-26T08:02:36+00:00","og_image":[{"width":707,"height":758,"url":"https:\/\/www.chateaudegoutelas.fr\/wp-content\/uploads\/2020\/01\/CHASSOL-2019-by@Flavien-Prioreau_LD-1.jpg","type":"image\/jpeg"}],"twitter_card":"summary_large_image","twitter_misc":{"Estimated reading time":"2 minutes"},"schema":{"@context":"https:\/\/schema.org","@graph":[{"@type":"WebPage","@id":"https:\/\/www.chateaudegoutelas.fr\/archive\/11-07-fete-du-chateau-la-nuit-indigo-une-couleur-pour-feter-goutelas\/","url":"https:\/\/www.chateaudegoutelas.fr\/archive\/11-07-fete-du-chateau-la-nuit-indigo-une-couleur-pour-feter-goutelas\/","name":"11\/07- REPORT\u00c9E - Soir\u00e9e-\u00e9v\u00e9nement LA NUIT INDIGO - Ch\u00e2teau de Goutelas","isPartOf":{"@id":"https:\/\/www.chateaudegoutelas.fr\/#website"},"primaryImageOfPage":{"@id":"https:\/\/www.chateaudegoutelas.fr\/archive\/11-07-fete-du-chateau-la-nuit-indigo-une-couleur-pour-feter-goutelas\/#primaryimage"},"image":{"@id":"https:\/\/www.chateaudegoutelas.fr\/archive\/11-07-fete-du-chateau-la-nuit-indigo-une-couleur-pour-feter-goutelas\/#primaryimage"},"thumbnailUrl":"https:\/\/www.chateaudegoutelas.fr\/wp-content\/uploads\/2020\/01\/CHASSOL-2019-by@Flavien-Prioreau_LD-1.jpg","datePublished":"2020-01-22T10:01:31+00:00","dateModified":"2023-05-26T08:02:36+00:00","breadcrumb":{"@id":"https:\/\/www.chateaudegoutelas.fr\/archive\/11-07-fete-du-chateau-la-nuit-indigo-une-couleur-pour-feter-goutelas\/#breadcrumb"},"inLanguage":"en-GB","potentialAction":[{"@type":"ReadAction","target":["https:\/\/www.chateaudegoutelas.fr\/archive\/11-07-fete-du-chateau-la-nuit-indigo-une-couleur-pour-feter-goutelas\/"]}]},{"@type":"ImageObject","inLanguage":"en-GB","@id":"https:\/\/www.chateaudegoutelas.fr\/archive\/11-07-fete-du-chateau-la-nuit-indigo-une-couleur-pour-feter-goutelas\/#primaryimage","url":"https:\/\/www.chateaudegoutelas.fr\/wp-content\/uploads\/2020\/01\/CHASSOL-2019-by@Flavien-Prioreau_LD-1.jpg","contentUrl":"https:\/\/www.chateaudegoutelas.fr\/wp-content\/uploads\/2020\/01\/CHASSOL-2019-by@Flavien-Prioreau_LD-1.jpg","width":707,"height":758},{"@type":"BreadcrumbList","@id":"https:\/\/www.chateaudegoutelas.fr\/archive\/11-07-fete-du-chateau-la-nuit-indigo-une-couleur-pour-feter-goutelas\/#breadcrumb","itemListElement":[{"@type":"ListItem","position":1,"name":"Accueil","item":"https:\/\/www.chateaudegoutelas.fr\/"},{"@type":"ListItem","position":2,"name":"11\/07- REPORT\u00c9E &#8211; Soir\u00e9e-\u00e9v\u00e9nement LA NUIT INDIGO"}]},{"@type":"WebSite","@id":"https:\/\/www.chateaudegoutelas.fr\/#website","url":"https:\/\/www.chateaudegoutelas.fr\/","name":"Ch\u00e2teau de Goutelas","description":"Un centre culturel de rencontre en Forez","publisher":{"@id":"https:\/\/www.chateaudegoutelas.fr\/#organization"},"potentialAction":[{"@type":"SearchAction","target":{"@type":"EntryPoint","urlTemplate":"https:\/\/www.chateaudegoutelas.fr\/?s={search_term_string}"},"query-input":{"@type":"PropertyValueSpecification","valueRequired":true,"valueName":"search_term_string"}}],"inLanguage":"en-GB"},{"@type":"Organization","@id":"https:\/\/www.chateaudegoutelas.fr\/#organization","name":"Ch\u00e2teau de Goutelas","url":"https:\/\/www.chateaudegoutelas.fr\/","logo":{"@type":"ImageObject","inLanguage":"en-GB","@id":"https:\/\/www.chateaudegoutelas.fr\/#\/schema\/logo\/image\/","url":"https:\/\/www.chateaudegoutelas.fr\/wp-content\/uploads\/2023\/05\/logo-chateau-goutelas-bleu.png","contentUrl":"https:\/\/www.chateaudegoutelas.fr\/wp-content\/uploads\/2023\/05\/logo-chateau-goutelas-bleu.png","width":1123,"height":327,"caption":"Ch\u00e2teau de Goutelas"},"image":{"@id":"https:\/\/www.chateaudegoutelas.fr\/#\/schema\/logo\/image\/"}}]}},"_links":{"self":[{"href":"https:\/\/www.chateaudegoutelas.fr\/en\/wp-json\/wp\/v2\/archive\/2463","targetHints":{"allow":["GET"]}}],"collection":[{"href":"https:\/\/www.chateaudegoutelas.fr\/en\/wp-json\/wp\/v2\/archive"}],"about":[{"href":"https:\/\/www.chateaudegoutelas.fr\/en\/wp-json\/wp\/v2\/types\/archive"}],"author":[{"embeddable":true,"href":"https:\/\/www.chateaudegoutelas.fr\/en\/wp-json\/wp\/v2\/users\/4"}],"wp:featuredmedia":[{"embeddable":true,"href":"https:\/\/www.chateaudegoutelas.fr\/en\/wp-json\/wp\/v2\/media\/2832"}],"wp:attachment":[{"href":"https:\/\/www.chateaudegoutelas.fr\/en\/wp-json\/wp\/v2\/media?parent=2463"}],"wp:term":[{"taxonomy":"category","embeddable":true,"href":"https:\/\/www.chateaudegoutelas.fr\/en\/wp-json\/wp\/v2\/categories?post=2463"},{"taxonomy":"post_tag","embeddable":true,"href":"https:\/\/www.chateaudegoutelas.fr\/en\/wp-json\/wp\/v2\/tags?post=2463"}],"curies":[{"name":"wp","href":"https:\/\/api.w.org\/{rel}","templated":true}]}}