{"id":2303,"date":"2020-01-10T09:32:38","date_gmt":"2020-01-10T08:32:38","guid":{"rendered":"https:\/\/www.chateaudegoutelas.fr\/?p=2303"},"modified":"2023-05-26T10:02:39","modified_gmt":"2023-05-26T08:02:39","slug":"03-04-et-04-04-rencontres-droit-et-intimite-un-secret-espoir","status":"publish","type":"archive","link":"https:\/\/www.chateaudegoutelas.fr\/en\/archive\/03-04-et-04-04-rencontres-droit-et-intimite-un-secret-espoir\/","title":{"rendered":"ANNUL\u00c9ES &#8212;- 03\/04 et  04\/04 &#8211; RENCONTRES Droit et intimit\u00e9, un secret espoir"},"content":{"rendered":"<div class=\"shmMigrate\"><\/div>\n<div class=\"shmMigrate\"><\/div>\n<div class=\"shmMigrate\"><\/div>\n<div class=\"shmMigrate\"><\/div>\n<div class=\"shmMigrate\"><\/div>\n<h4>Vendredi 3 &amp; samedi 4 avril<\/h4>\n<div class=\"shmMigrate\"><\/div>\n<div class=\"shmMigrate\"><\/div>\n<div class=\"shmMigrate\"><\/div>\n<div class=\"shmMigrate\"><\/div>\n<div class=\"shmMigrate\"><\/div>\n<div class=\"shmMigrate\"><\/div>\n<div class=\"shmMigrate\"><\/div>\n<h4>Rencontres Droit &amp; intimit\u00e9, un secret espoir<\/h4>\n<div class=\"shmMigrate\"><\/div>\n<div class=\"shmMigrate\"><\/div>\n<div class=\"shmMigrate\"><\/div>\n<div class=\"shmMigrate\"><\/div>\n<div class=\"shmMigrate\"><\/div>\n<div class=\"shmMigrate\"><\/div>\n<div class=\"shmMigrate\"><\/div>\n<p>Ces rencontres croisent les regards de <strong>juristes, chercheurs et artistes<\/strong> pour questionner notre rapport \u00e0 l\u2019intimit\u00e9 et la place du droit dans nos espaces<br \/>\npersonnels. Dans un contexte d\u2019innovation technologique, la protection de nos vies priv\u00e9es est elle encore garantie ? Quel contr\u00f4le avons-nous sur les<br \/>\ndonn\u00e9es qui nous concernent ? \u00c0 quelles futures exploitations de ces datas peut-on s\u2019attendre ?<\/p>\n<p>&nbsp;<\/p>\n<p>En prolongement de ces analyses, les artistes nous ouvrent les portes de leurs jardins secrets, habilement d\u00e9voil\u00e9s sur la toile ou mis en sc\u00e8ne \u00e0 travers des installations comme celles de V\u00e9ronique B\u00e9land pr\u00e9sent\u00e9es ce semestre \u00e0 Goutelas. Une d\u00e9marche cr\u00e9atrice que le philosophe Patrice Meyer-Bisch nous invite \u00e0 saisir avec la notion d\u2019 \u00ab\u00a0extime\u00a0\u00bb : l\u2019intime exprim\u00e9, approfondi, sublim\u00e9 dans une \u0153uvre.<br \/>\n<strong>Droit et intimit\u00e9<\/strong>, c\u2019est un \u00e9v\u00e9nement interdisciplinaire, juridique et po\u00e9tique pour interroger et saisir ce secret espoir\u2026 de libert\u00e9.<\/p>\n<div class=\"shmMigrate\"><\/div>\n<div class=\"shmMigrate\"><\/div>\n<div class=\"shmMigrate\"><\/div>\n<h4>VENDREDI 3 AVRIL<\/h4>\n<p><strong>20H30 | \u00c9loge de l&rsquo; \u00ab\u00a0extime\u00a0\u00bb, entre r\u00e9volte et admiration<\/strong><\/p>\n<p>Conf\u00e9rence de Patrice MeyerBisch, philosophe, pr\u00e9sident de l\u2019Observatoire de la diversit\u00e9 et des droits culturels, Universit\u00e9 de Fribourg.<\/p>\n<div class=\"shmMigrate\"><\/div>\n<div class=\"shmMigrate\"><\/div>\n<div class=\"shmMigrate\"><\/div>\n<h4>SAMEDI 4 AVRIL<\/h4>\n<p><strong>10H &#8211; 12H30 | Projection juridique de la vie priv\u00e9e et des donn\u00e9es personnelles<\/strong><\/p>\n<p>Conf\u00e9rence de Marie-France Mazars, juriste, doyenne honoraire de la Cour de cassation et ancienne vice-pr\u00e9sidente d\u00e9l\u00e9gu\u00e9e de la CNIL.<\/p>\n<p>&nbsp;<\/p>\n<p><strong>Donn\u00e9es de sant\u00e9, objets connect\u00e9s : nouveaux enjeux juridiques<\/strong><\/p>\n<p>Conf\u00e9rence de Margo Bernelin, juriste, projet DataSant\u00e9.<\/p>\n<p>&nbsp;<\/p>\n<p>&nbsp;<\/p>\n<p><strong>14H30 &#8211; 18H | Table ronde : L&rsquo;intimit\u00e9 , un espace de cr\u00e9ation privil\u00e9gi\u00e9\u00a0<\/strong><\/p>\n<p>&nbsp;<\/p>\n<p><strong>20H30 | CONCERT-PERFORMANCE <\/strong><\/p>\n<p>Premi\u00e8re rencontre par V\u00e9ronique B\u00e9land et David Lavaysse<\/p>\n<div class=\"shmMigrate\"><\/div>\n<div class=\"shmMigrate\"><\/div>\n<div class=\"shmMigrate\"><\/div>\n<div class=\"shmMigrate\"><\/div>\n<div class=\"shmMigrate\"><\/div>\n<div class=\"shmMigrate\"><\/div>\n<div class=\"shmMigrate\"><\/div>\n<div class=\"shmMigrate\"><\/div>\n<div class=\"shmMigrate\"><\/div>\n<div class=\"shmMigrate\"><\/div>\n<div class=\"shmMigrate\"><\/div>\n<div class=\"shmMigrate\"><\/div>\n<div class=\"shmMigrate\"><\/div>\n<div class=\"shmMigrate\"><\/div>\n<div class=\"shmMigrate\"><\/div>\n<div class=\"shmMigrate\"><\/div>\n<h4><strong>Conf\u00e9rences<\/strong> gratuites<br \/>\nR\u00e9servation conseill\u00e9e<\/h4>\n<p>&nbsp;<\/p>\n<h4><strong>Concert -performance<\/strong><br \/>\n5\u20ac, sur r\u00e9servation<\/h4>\n<p>&nbsp;<\/p>\n<h4><strong>D\u00e9jeuner &amp; d\u00eener<\/strong> du samedi<br \/>\n12\u20ac par repas, sur r\u00e9servation avant le 28 mars<\/h4>\n<div class=\"shmMigrate\"><\/div>\n<div class=\"shmMigrate\"><\/div>\n<div class=\"shmMigrate\"><\/div>\n<div class=\"shmMigrate\"><\/div>\n<h4>Infos &amp; r\u00e9servations<br \/>\n04 77 97 35 43<br \/>\ncentreculturel@chateaudegoutelas.fr<\/h4>\n<div class=\"shmMigrate\"><\/div>\n<div class=\"shmMigrate\"><\/div>\n<div class=\"shmMigrate\"><\/div>\n<div class=\"shmMigrate\"><\/div>\n<div class=\"shmMigrate\"><\/div>\n<div class=\"shmMigrate\"><\/div>\n<div class=\"shmMigrate\"><\/div>","protected":false},"author":4,"featured_media":0,"template":"","meta":{"site-sidebar-layout":"default","site-content-layout":"","ast-site-content-layout":"default","site-content-style":"default","site-sidebar-style":"default","ast-global-header-display":"","ast-banner-title-visibility":"","ast-main-header-display":"","ast-hfb-above-header-display":"","ast-hfb-below-header-display":"","ast-hfb-mobile-header-display":"","site-post-title":"","ast-breadcrumbs-content":null,"ast-featured-img":"","footer-sml-layout":"","ast-disable-related-posts":"","theme-transparent-header-meta":"","adv-header-id-meta":"","stick-header-meta":"","header-above-stick-meta":null,"header-main-stick-meta":"","header-below-stick-meta":null,"astra-migrate-meta-layouts":"default","ast-page-background-enabled":"default","ast-page-background-meta":{"desktop":{"background-color":"","background-image":"","background-repeat":"repeat","background-position":"center center","background-size":"auto","background-attachment":"scroll","background-type":"","background-media":"","overlay-type":"","overlay-color":"","overlay-opacity":"","overlay-gradient":""},"tablet":{"background-color":"","background-image":"","background-repeat":"repeat","background-position":"center center","background-size":"auto","background-attachment":"scroll","background-type":"","background-media":"","overlay-type":"","overlay-color":"","overlay-opacity":"","overlay-gradient":""},"mobile":{"background-color":"","background-image":"","background-repeat":"repeat","background-position":"center center","background-size":"auto","background-attachment":"scroll","background-type":"","background-media":"","overlay-type":"","overlay-color":"","overlay-opacity":"","overlay-gradient":""}},"ast-content-background-meta":{"desktop":{"background-color":"var(--ast-global-color-5)","background-image":"","background-repeat":"repeat","background-position":"center center","background-size":"auto","background-attachment":"scroll","background-type":"","background-media":"","overlay-type":"","overlay-color":"","overlay-opacity":"","overlay-gradient":""},"tablet":{"background-color":"var(--ast-global-color-5)","background-image":"","background-repeat":"repeat","background-position":"center center","background-size":"auto","background-attachment":"scroll","background-type":"","background-media":"","overlay-type":"","overlay-color":"","overlay-opacity":"","overlay-gradient":""},"mobile":{"background-color":"var(--ast-global-color-5)","background-image":"","background-repeat":"repeat","background-position":"center center","background-size":"auto","background-attachment":"scroll","background-type":"","background-media":"","overlay-type":"","overlay-color":"","overlay-opacity":"","overlay-gradient":""}}},"categories":[4],"tags":[],"class_list":["post-2303","archive","type-archive","status-publish","hentry","category-actualites"],"yoast_head":"<!-- This site is optimized with the Yoast SEO plugin v27.5 - https:\/\/yoast.com\/product\/yoast-seo-wordpress\/ -->\n<title>ANNUL\u00c9ES - 03\/04 et 04\/04 - RENCONTRES Droit et intimit\u00e9, un secret espoir - Ch\u00e2teau de Goutelas<\/title>\n<meta name=\"robots\" content=\"index, follow, max-snippet:-1, max-image-preview:large, max-video-preview:-1\" \/>\n<link rel=\"canonical\" href=\"https:\/\/www.chateaudegoutelas.fr\/en\/archive\/03-04-et-04-04-rencontres-droit-et-intimite-un-secret-espoir\/\" \/>\n<meta property=\"og:locale\" content=\"en_GB\" \/>\n<meta property=\"og:type\" content=\"article\" \/>\n<meta property=\"og:title\" content=\"ANNUL\u00c9ES - 03\/04 et 04\/04 - RENCONTRES Droit et intimit\u00e9, un secret espoir - Ch\u00e2teau de Goutelas\" \/>\n<meta property=\"og:description\" content=\"Vendredi 3 &amp; samedi 4 avril Rencontres Droit &amp; intimit\u00e9, un secret espoir Ces rencontres croisent les regards de juristes, chercheurs et artistes pour questionner notre rapport \u00e0 l\u2019intimit\u00e9 et la place du droit dans nos espaces personnels. Dans un contexte d\u2019innovation technologique, la protection de nos vies priv\u00e9es est elle encore garantie ? Quel [&hellip;]\" \/>\n<meta property=\"og:url\" content=\"https:\/\/www.chateaudegoutelas.fr\/en\/archive\/03-04-et-04-04-rencontres-droit-et-intimite-un-secret-espoir\/\" \/>\n<meta property=\"og:site_name\" content=\"Ch\u00e2teau de Goutelas\" \/>\n<meta property=\"article:modified_time\" content=\"2023-05-26T08:02:39+00:00\" \/>\n<meta name=\"twitter:card\" content=\"summary_large_image\" \/>\n<meta name=\"twitter:label1\" content=\"Estimated reading time\" \/>\n\t<meta name=\"twitter:data1\" content=\"2 minutes\" \/>\n<script type=\"application\/ld+json\" class=\"yoast-schema-graph\">{\"@context\":\"https:\\\/\\\/schema.org\",\"@graph\":[{\"@type\":\"WebPage\",\"@id\":\"https:\\\/\\\/www.chateaudegoutelas.fr\\\/archive\\\/03-04-et-04-04-rencontres-droit-et-intimite-un-secret-espoir\\\/\",\"url\":\"https:\\\/\\\/www.chateaudegoutelas.fr\\\/archive\\\/03-04-et-04-04-rencontres-droit-et-intimite-un-secret-espoir\\\/\",\"name\":\"ANNUL\u00c9ES - 03\\\/04 et 04\\\/04 - RENCONTRES Droit et intimit\u00e9, un secret espoir - Ch\u00e2teau de Goutelas\",\"isPartOf\":{\"@id\":\"https:\\\/\\\/www.chateaudegoutelas.fr\\\/#website\"},\"datePublished\":\"2020-01-10T08:32:38+00:00\",\"dateModified\":\"2023-05-26T08:02:39+00:00\",\"breadcrumb\":{\"@id\":\"https:\\\/\\\/www.chateaudegoutelas.fr\\\/archive\\\/03-04-et-04-04-rencontres-droit-et-intimite-un-secret-espoir\\\/#breadcrumb\"},\"inLanguage\":\"en-GB\",\"potentialAction\":[{\"@type\":\"ReadAction\",\"target\":[\"https:\\\/\\\/www.chateaudegoutelas.fr\\\/archive\\\/03-04-et-04-04-rencontres-droit-et-intimite-un-secret-espoir\\\/\"]}]},{\"@type\":\"BreadcrumbList\",\"@id\":\"https:\\\/\\\/www.chateaudegoutelas.fr\\\/archive\\\/03-04-et-04-04-rencontres-droit-et-intimite-un-secret-espoir\\\/#breadcrumb\",\"itemListElement\":[{\"@type\":\"ListItem\",\"position\":1,\"name\":\"Accueil\",\"item\":\"https:\\\/\\\/www.chateaudegoutelas.fr\\\/\"},{\"@type\":\"ListItem\",\"position\":2,\"name\":\"ANNUL\u00c9ES &#8212;- 03\\\/04 et 04\\\/04 &#8211; RENCONTRES Droit et intimit\u00e9, un secret espoir\"}]},{\"@type\":\"WebSite\",\"@id\":\"https:\\\/\\\/www.chateaudegoutelas.fr\\\/#website\",\"url\":\"https:\\\/\\\/www.chateaudegoutelas.fr\\\/\",\"name\":\"Ch\u00e2teau de Goutelas\",\"description\":\"Un centre culturel de rencontre en Forez\",\"publisher\":{\"@id\":\"https:\\\/\\\/www.chateaudegoutelas.fr\\\/#organization\"},\"potentialAction\":[{\"@type\":\"SearchAction\",\"target\":{\"@type\":\"EntryPoint\",\"urlTemplate\":\"https:\\\/\\\/www.chateaudegoutelas.fr\\\/?s={search_term_string}\"},\"query-input\":{\"@type\":\"PropertyValueSpecification\",\"valueRequired\":true,\"valueName\":\"search_term_string\"}}],\"inLanguage\":\"en-GB\"},{\"@type\":\"Organization\",\"@id\":\"https:\\\/\\\/www.chateaudegoutelas.fr\\\/#organization\",\"name\":\"Ch\u00e2teau de Goutelas\",\"url\":\"https:\\\/\\\/www.chateaudegoutelas.fr\\\/\",\"logo\":{\"@type\":\"ImageObject\",\"inLanguage\":\"en-GB\",\"@id\":\"https:\\\/\\\/www.chateaudegoutelas.fr\\\/#\\\/schema\\\/logo\\\/image\\\/\",\"url\":\"https:\\\/\\\/www.chateaudegoutelas.fr\\\/wp-content\\\/uploads\\\/2023\\\/05\\\/logo-chateau-goutelas-bleu.png\",\"contentUrl\":\"https:\\\/\\\/www.chateaudegoutelas.fr\\\/wp-content\\\/uploads\\\/2023\\\/05\\\/logo-chateau-goutelas-bleu.png\",\"width\":1123,\"height\":327,\"caption\":\"Ch\u00e2teau de Goutelas\"},\"image\":{\"@id\":\"https:\\\/\\\/www.chateaudegoutelas.fr\\\/#\\\/schema\\\/logo\\\/image\\\/\"}}]}<\/script>\n<!-- \/ Yoast SEO plugin. -->","yoast_head_json":{"title":"ANNUL\u00c9ES - 03\/04 et 04\/04 - RENCONTRES Droit et intimit\u00e9, un secret espoir - Ch\u00e2teau de Goutelas","robots":{"index":"index","follow":"follow","max-snippet":"max-snippet:-1","max-image-preview":"max-image-preview:large","max-video-preview":"max-video-preview:-1"},"canonical":"https:\/\/www.chateaudegoutelas.fr\/en\/archive\/03-04-et-04-04-rencontres-droit-et-intimite-un-secret-espoir\/","og_locale":"en_GB","og_type":"article","og_title":"ANNUL\u00c9ES - 03\/04 et 04\/04 - RENCONTRES Droit et intimit\u00e9, un secret espoir - Ch\u00e2teau de Goutelas","og_description":"Vendredi 3 &amp; samedi 4 avril Rencontres Droit &amp; intimit\u00e9, un secret espoir Ces rencontres croisent les regards de juristes, chercheurs et artistes pour questionner notre rapport \u00e0 l\u2019intimit\u00e9 et la place du droit dans nos espaces personnels. Dans un contexte d\u2019innovation technologique, la protection de nos vies priv\u00e9es est elle encore garantie ? Quel [&hellip;]","og_url":"https:\/\/www.chateaudegoutelas.fr\/en\/archive\/03-04-et-04-04-rencontres-droit-et-intimite-un-secret-espoir\/","og_site_name":"Ch\u00e2teau de Goutelas","article_modified_time":"2023-05-26T08:02:39+00:00","twitter_card":"summary_large_image","twitter_misc":{"Estimated reading time":"2 minutes"},"schema":{"@context":"https:\/\/schema.org","@graph":[{"@type":"WebPage","@id":"https:\/\/www.chateaudegoutelas.fr\/archive\/03-04-et-04-04-rencontres-droit-et-intimite-un-secret-espoir\/","url":"https:\/\/www.chateaudegoutelas.fr\/archive\/03-04-et-04-04-rencontres-droit-et-intimite-un-secret-espoir\/","name":"ANNUL\u00c9ES - 03\/04 et 04\/04 - RENCONTRES Droit et intimit\u00e9, un secret espoir - Ch\u00e2teau de Goutelas","isPartOf":{"@id":"https:\/\/www.chateaudegoutelas.fr\/#website"},"datePublished":"2020-01-10T08:32:38+00:00","dateModified":"2023-05-26T08:02:39+00:00","breadcrumb":{"@id":"https:\/\/www.chateaudegoutelas.fr\/archive\/03-04-et-04-04-rencontres-droit-et-intimite-un-secret-espoir\/#breadcrumb"},"inLanguage":"en-GB","potentialAction":[{"@type":"ReadAction","target":["https:\/\/www.chateaudegoutelas.fr\/archive\/03-04-et-04-04-rencontres-droit-et-intimite-un-secret-espoir\/"]}]},{"@type":"BreadcrumbList","@id":"https:\/\/www.chateaudegoutelas.fr\/archive\/03-04-et-04-04-rencontres-droit-et-intimite-un-secret-espoir\/#breadcrumb","itemListElement":[{"@type":"ListItem","position":1,"name":"Accueil","item":"https:\/\/www.chateaudegoutelas.fr\/"},{"@type":"ListItem","position":2,"name":"ANNUL\u00c9ES &#8212;- 03\/04 et 04\/04 &#8211; RENCONTRES Droit et intimit\u00e9, un secret espoir"}]},{"@type":"WebSite","@id":"https:\/\/www.chateaudegoutelas.fr\/#website","url":"https:\/\/www.chateaudegoutelas.fr\/","name":"Ch\u00e2teau de Goutelas","description":"Un centre culturel de rencontre en Forez","publisher":{"@id":"https:\/\/www.chateaudegoutelas.fr\/#organization"},"potentialAction":[{"@type":"SearchAction","target":{"@type":"EntryPoint","urlTemplate":"https:\/\/www.chateaudegoutelas.fr\/?s={search_term_string}"},"query-input":{"@type":"PropertyValueSpecification","valueRequired":true,"valueName":"search_term_string"}}],"inLanguage":"en-GB"},{"@type":"Organization","@id":"https:\/\/www.chateaudegoutelas.fr\/#organization","name":"Ch\u00e2teau de Goutelas","url":"https:\/\/www.chateaudegoutelas.fr\/","logo":{"@type":"ImageObject","inLanguage":"en-GB","@id":"https:\/\/www.chateaudegoutelas.fr\/#\/schema\/logo\/image\/","url":"https:\/\/www.chateaudegoutelas.fr\/wp-content\/uploads\/2023\/05\/logo-chateau-goutelas-bleu.png","contentUrl":"https:\/\/www.chateaudegoutelas.fr\/wp-content\/uploads\/2023\/05\/logo-chateau-goutelas-bleu.png","width":1123,"height":327,"caption":"Ch\u00e2teau de Goutelas"},"image":{"@id":"https:\/\/www.chateaudegoutelas.fr\/#\/schema\/logo\/image\/"}}]}},"_links":{"self":[{"href":"https:\/\/www.chateaudegoutelas.fr\/en\/wp-json\/wp\/v2\/archive\/2303","targetHints":{"allow":["GET"]}}],"collection":[{"href":"https:\/\/www.chateaudegoutelas.fr\/en\/wp-json\/wp\/v2\/archive"}],"about":[{"href":"https:\/\/www.chateaudegoutelas.fr\/en\/wp-json\/wp\/v2\/types\/archive"}],"author":[{"embeddable":true,"href":"https:\/\/www.chateaudegoutelas.fr\/en\/wp-json\/wp\/v2\/users\/4"}],"wp:attachment":[{"href":"https:\/\/www.chateaudegoutelas.fr\/en\/wp-json\/wp\/v2\/media?parent=2303"}],"wp:term":[{"taxonomy":"category","embeddable":true,"href":"https:\/\/www.chateaudegoutelas.fr\/en\/wp-json\/wp\/v2\/categories?post=2303"},{"taxonomy":"post_tag","embeddable":true,"href":"https:\/\/www.chateaudegoutelas.fr\/en\/wp-json\/wp\/v2\/tags?post=2303"}],"curies":[{"name":"wp","href":"https:\/\/api.w.org\/{rel}","templated":true}]}}