{"id":2230,"date":"2019-12-07T14:21:36","date_gmt":"2019-12-07T13:21:36","guid":{"rendered":"https:\/\/www.chateaudegoutelas.fr\/?p=2230"},"modified":"2023-05-26T10:02:43","modified_gmt":"2023-05-26T08:02:43","slug":"16-01-vernissage-de-lexposition-juste-avant-lhorizon-du-visible-et-concert-de-clio","status":"publish","type":"archive","link":"https:\/\/www.chateaudegoutelas.fr\/en\/archive\/16-01-vernissage-de-lexposition-juste-avant-lhorizon-du-visible-et-concert-de-clio\/","title":{"rendered":"16\/01 &#8211; VERNISSAGE de l&rsquo;exposition Juste avant l&rsquo;horizon du visible et concert de Clio"},"content":{"rendered":"<div class=\"shmMigrate\"><\/div>\n<div class=\"shmMigrate\"><\/div>\n<div class=\"shmMigrate\"><\/div>\n<h5>Jeudi 16 janvier &#8211; Vernissage 18h30 &#8211; Concert 19h30<\/h5>\n<div class=\"shmMigrate\"><\/div>\n<div class=\"shmMigrate\"><\/div>\n<div class=\"shmMigrate\"><\/div>\n<h4>Veill\u00e9e concert dans le cadre du festival Poly&rsquo;sons<\/h4>\n<div class=\"shmMigrate\"><\/div>\n<div class=\"shmMigrate\"><\/div>\n<div class=\"shmMigrate\"><\/div>\n<p><span style=\"font-weight: 400;\">Auteure, compositrice et interpr\u00e8te, <strong>Clio porte un nom de muse mais elle semble incarner l&rsquo;inspiration autant qu&rsquo;elle la transmet<\/strong>. Cette grande timide, p\u00e9trie de talent, est devenue au fil de ses exp\u00e9riences musicales une v\u00e9ritable audacieuse.<\/span><\/p>\n<p><span style=\"font-weight: 400;\">Une jeune femme \u00e0 la voix m\u00e9lancolique, parfois hypnotique, qui nous fait voyager \u00e0 travers son \u00e9criture cisel\u00e9e et personnelle dans un univers largement nourri par le cin\u00e9ma.<\/span><\/p>\n<p><span style=\"font-weight: 400;\">Pour cette <strong>3\u00e8me \u00e9dition<\/strong> de la veill\u00e9e propos\u00e9e en partenariat avec le Th\u00e9\u00e2tre des P\u00e9nitents, Clio nous pr\u00e9sente les titres de son second album \u00ab D\u00e9j\u00e0 Venise \u00bb. Un moment intime et po\u00e9tique pour une soir\u00e9e incontournable du festival Poly&rsquo;Sons.<\/span><\/p>\n<div class=\"shmMigrate\"><\/div>\n<div class=\"shmMigrate\"><\/div>\n<div class=\"shmMigrate\"><\/div>\n<h4><strong>Rendez-vous d\u00e8s 18h30 pour le vernissage de l&rsquo;exposition <em>Juste avant l&rsquo;horizon du visible<\/em> <\/strong><\/h4>\n<div class=\"shmMigrate\"><\/div>\n<div class=\"shmMigrate\"><\/div>\n<div class=\"shmMigrate\"><\/div>\n<p>En 2020, une partie des espaces du ch\u00e2teau de Goutelas se transforme pour accueillir des expositions longues. De janvier \u00e0 juin, l&rsquo;artiste qu\u00e9b\u00e9coise V\u00e9ronique B\u00e9land pr\u00e9sente une s\u00e9lection d&rsquo;\u0153uvres interactives et sensibles : une machine \u00e0 fabriquer des r\u00eaves, un piano m\u00e9canique pour interpr\u00e9ter votre aura, une m\u00e9t\u00e9orite et ses messages venus du cosmos&#8230; Les cr\u00e9ations de V\u00e9ronique B\u00e9land associent sciences, technologies et humour pour proposer au public des exp\u00e9riences po\u00e9tiques et privil\u00e9gi\u00e9es. Ici c\u2019est l\u2019invisible qui se mat\u00e9rialise, c\u2019est l\u2019imperceptible qui nous effleure. Install\u00e9es dans le salon de musique, la chapelle et jusque dans l\u2019intimit\u00e9 d\u2019une chambre, les \u0153uvres nous invitent \u00e0 une rencontre in\u00e9dite entre l\u2019architecture patrimoniale du site et l\u2019art contemporain.<\/p>\n<div class=\"shmMigrate\"><\/div>\n<div class=\"shmMigrate\"><\/div>\n<div class=\"shmMigrate\"><\/div>\n<div class=\"shmMigrate\"><\/div>\n<div class=\"shmMigrate\"><\/div>\n<h4>Vernissage : entr\u00e9e libre<\/h4>\n<h4><\/h4>\n<h4>Dur\u00e9e du concert 1h15<\/h4>\n<h4>Tarifs 5\u20ac | 21\u20ac<\/h4>\n<h4>Repas compris (ap\u00e9ritif d\u00eenatoire, br\u00fblot, dessert en fin de soir\u00e9e)<\/h4>\n<h4>R\u00e9servations pour la veill\u00e9e concert via la billetterie de l&rsquo;<strong><a href=\"https:\/\/loireforez.com\/\">Office de tourisme Loire Forez<\/a><\/strong><\/h4>\n<div class=\"shmMigrate\"><\/div>\n<div class=\"shmMigrate\"><\/div>\n<div class=\"shmMigrate\"><\/div>\n<div class=\"shmMigrate\"><\/div>\n<div class=\"shmMigrate\"><\/div>\n<div class=\"shmMigrate\"><\/div>\n<div class=\"shmMigrate\"><\/div>","protected":false},"author":4,"featured_media":2218,"template":"","meta":{"site-sidebar-layout":"default","site-content-layout":"","ast-site-content-layout":"default","site-content-style":"default","site-sidebar-style":"default","ast-global-header-display":"","ast-banner-title-visibility":"","ast-main-header-display":"","ast-hfb-above-header-display":"","ast-hfb-below-header-display":"","ast-hfb-mobile-header-display":"","site-post-title":"","ast-breadcrumbs-content":null,"ast-featured-img":"","footer-sml-layout":"","ast-disable-related-posts":"","theme-transparent-header-meta":"","adv-header-id-meta":"","stick-header-meta":"","header-above-stick-meta":null,"header-main-stick-meta":"","header-below-stick-meta":null,"astra-migrate-meta-layouts":"default","ast-page-background-enabled":"default","ast-page-background-meta":{"desktop":{"background-color":"","background-image":"","background-repeat":"repeat","background-position":"center center","background-size":"auto","background-attachment":"scroll","background-type":"","background-media":"","overlay-type":"","overlay-color":"","overlay-opacity":"","overlay-gradient":""},"tablet":{"background-color":"","background-image":"","background-repeat":"repeat","background-position":"center center","background-size":"auto","background-attachment":"scroll","background-type":"","background-media":"","overlay-type":"","overlay-color":"","overlay-opacity":"","overlay-gradient":""},"mobile":{"background-color":"","background-image":"","background-repeat":"repeat","background-position":"center center","background-size":"auto","background-attachment":"scroll","background-type":"","background-media":"","overlay-type":"","overlay-color":"","overlay-opacity":"","overlay-gradient":""}},"ast-content-background-meta":{"desktop":{"background-color":"var(--ast-global-color-5)","background-image":"","background-repeat":"repeat","background-position":"center center","background-size":"auto","background-attachment":"scroll","background-type":"","background-media":"","overlay-type":"","overlay-color":"","overlay-opacity":"","overlay-gradient":""},"tablet":{"background-color":"var(--ast-global-color-5)","background-image":"","background-repeat":"repeat","background-position":"center center","background-size":"auto","background-attachment":"scroll","background-type":"","background-media":"","overlay-type":"","overlay-color":"","overlay-opacity":"","overlay-gradient":""},"mobile":{"background-color":"var(--ast-global-color-5)","background-image":"","background-repeat":"repeat","background-position":"center center","background-size":"auto","background-attachment":"scroll","background-type":"","background-media":"","overlay-type":"","overlay-color":"","overlay-opacity":"","overlay-gradient":""}}},"categories":[4],"tags":[9],"class_list":["post-2230","archive","type-archive","status-publish","has-post-thumbnail","hentry","category-actualites","tag-concert"],"yoast_head":"<!-- This site is optimized with the Yoast SEO plugin v27.5 - https:\/\/yoast.com\/product\/yoast-seo-wordpress\/ -->\n<title>16\/01 - VERNISSAGE de l&#039;exposition Juste avant l&#039;horizon du visible et concert de Clio - Ch\u00e2teau de Goutelas<\/title>\n<meta name=\"robots\" content=\"index, follow, max-snippet:-1, max-image-preview:large, max-video-preview:-1\" \/>\n<link rel=\"canonical\" href=\"https:\/\/www.chateaudegoutelas.fr\/en\/archive\/16-01-vernissage-de-lexposition-juste-avant-lhorizon-du-visible-et-concert-de-clio\/\" \/>\n<meta property=\"og:locale\" content=\"en_GB\" \/>\n<meta property=\"og:type\" content=\"article\" \/>\n<meta property=\"og:title\" content=\"16\/01 - VERNISSAGE de l&#039;exposition Juste avant l&#039;horizon du visible et concert de Clio - Ch\u00e2teau de Goutelas\" \/>\n<meta property=\"og:description\" content=\"Jeudi 16 janvier &#8211; Vernissage 18h30 &#8211; Concert 19h30 Veill\u00e9e concert dans le cadre du festival Poly&rsquo;sons Auteure, compositrice et interpr\u00e8te, Clio porte un nom de muse mais elle semble incarner l&rsquo;inspiration autant qu&rsquo;elle la transmet. Cette grande timide, p\u00e9trie de talent, est devenue au fil de ses exp\u00e9riences musicales une v\u00e9ritable audacieuse. Une jeune [&hellip;]\" \/>\n<meta property=\"og:url\" content=\"https:\/\/www.chateaudegoutelas.fr\/en\/archive\/16-01-vernissage-de-lexposition-juste-avant-lhorizon-du-visible-et-concert-de-clio\/\" \/>\n<meta property=\"og:site_name\" content=\"Ch\u00e2teau de Goutelas\" \/>\n<meta property=\"article:modified_time\" content=\"2023-05-26T08:02:43+00:00\" \/>\n<meta property=\"og:image\" content=\"https:\/\/www.chateaudegoutelas.fr\/wp-content\/uploads\/2019\/12\/Clio.jpg\" \/>\n\t<meta property=\"og:image:width\" content=\"1024\" \/>\n\t<meta property=\"og:image:height\" content=\"648\" \/>\n\t<meta property=\"og:image:type\" content=\"image\/jpeg\" \/>\n<meta name=\"twitter:card\" content=\"summary_large_image\" \/>\n<meta name=\"twitter:label1\" content=\"Estimated reading time\" \/>\n\t<meta name=\"twitter:data1\" content=\"2 minutes\" \/>\n<script type=\"application\/ld+json\" class=\"yoast-schema-graph\">{\"@context\":\"https:\\\/\\\/schema.org\",\"@graph\":[{\"@type\":\"WebPage\",\"@id\":\"https:\\\/\\\/www.chateaudegoutelas.fr\\\/archive\\\/16-01-vernissage-de-lexposition-juste-avant-lhorizon-du-visible-et-concert-de-clio\\\/\",\"url\":\"https:\\\/\\\/www.chateaudegoutelas.fr\\\/archive\\\/16-01-vernissage-de-lexposition-juste-avant-lhorizon-du-visible-et-concert-de-clio\\\/\",\"name\":\"16\\\/01 - VERNISSAGE de l'exposition Juste avant l'horizon du visible et concert de Clio - Ch\u00e2teau de Goutelas\",\"isPartOf\":{\"@id\":\"https:\\\/\\\/www.chateaudegoutelas.fr\\\/#website\"},\"primaryImageOfPage\":{\"@id\":\"https:\\\/\\\/www.chateaudegoutelas.fr\\\/archive\\\/16-01-vernissage-de-lexposition-juste-avant-lhorizon-du-visible-et-concert-de-clio\\\/#primaryimage\"},\"image\":{\"@id\":\"https:\\\/\\\/www.chateaudegoutelas.fr\\\/archive\\\/16-01-vernissage-de-lexposition-juste-avant-lhorizon-du-visible-et-concert-de-clio\\\/#primaryimage\"},\"thumbnailUrl\":\"https:\\\/\\\/www.chateaudegoutelas.fr\\\/wp-content\\\/uploads\\\/2019\\\/12\\\/Clio.jpg\",\"datePublished\":\"2019-12-07T13:21:36+00:00\",\"dateModified\":\"2023-05-26T08:02:43+00:00\",\"breadcrumb\":{\"@id\":\"https:\\\/\\\/www.chateaudegoutelas.fr\\\/archive\\\/16-01-vernissage-de-lexposition-juste-avant-lhorizon-du-visible-et-concert-de-clio\\\/#breadcrumb\"},\"inLanguage\":\"en-GB\",\"potentialAction\":[{\"@type\":\"ReadAction\",\"target\":[\"https:\\\/\\\/www.chateaudegoutelas.fr\\\/archive\\\/16-01-vernissage-de-lexposition-juste-avant-lhorizon-du-visible-et-concert-de-clio\\\/\"]}]},{\"@type\":\"ImageObject\",\"inLanguage\":\"en-GB\",\"@id\":\"https:\\\/\\\/www.chateaudegoutelas.fr\\\/archive\\\/16-01-vernissage-de-lexposition-juste-avant-lhorizon-du-visible-et-concert-de-clio\\\/#primaryimage\",\"url\":\"https:\\\/\\\/www.chateaudegoutelas.fr\\\/wp-content\\\/uploads\\\/2019\\\/12\\\/Clio.jpg\",\"contentUrl\":\"https:\\\/\\\/www.chateaudegoutelas.fr\\\/wp-content\\\/uploads\\\/2019\\\/12\\\/Clio.jpg\",\"width\":1024,\"height\":648},{\"@type\":\"BreadcrumbList\",\"@id\":\"https:\\\/\\\/www.chateaudegoutelas.fr\\\/archive\\\/16-01-vernissage-de-lexposition-juste-avant-lhorizon-du-visible-et-concert-de-clio\\\/#breadcrumb\",\"itemListElement\":[{\"@type\":\"ListItem\",\"position\":1,\"name\":\"Accueil\",\"item\":\"https:\\\/\\\/www.chateaudegoutelas.fr\\\/\"},{\"@type\":\"ListItem\",\"position\":2,\"name\":\"16\\\/01 &#8211; VERNISSAGE de l&rsquo;exposition Juste avant l&rsquo;horizon du visible et concert de Clio\"}]},{\"@type\":\"WebSite\",\"@id\":\"https:\\\/\\\/www.chateaudegoutelas.fr\\\/#website\",\"url\":\"https:\\\/\\\/www.chateaudegoutelas.fr\\\/\",\"name\":\"Ch\u00e2teau de Goutelas\",\"description\":\"Un centre culturel de rencontre en Forez\",\"publisher\":{\"@id\":\"https:\\\/\\\/www.chateaudegoutelas.fr\\\/#organization\"},\"potentialAction\":[{\"@type\":\"SearchAction\",\"target\":{\"@type\":\"EntryPoint\",\"urlTemplate\":\"https:\\\/\\\/www.chateaudegoutelas.fr\\\/?s={search_term_string}\"},\"query-input\":{\"@type\":\"PropertyValueSpecification\",\"valueRequired\":true,\"valueName\":\"search_term_string\"}}],\"inLanguage\":\"en-GB\"},{\"@type\":\"Organization\",\"@id\":\"https:\\\/\\\/www.chateaudegoutelas.fr\\\/#organization\",\"name\":\"Ch\u00e2teau de Goutelas\",\"url\":\"https:\\\/\\\/www.chateaudegoutelas.fr\\\/\",\"logo\":{\"@type\":\"ImageObject\",\"inLanguage\":\"en-GB\",\"@id\":\"https:\\\/\\\/www.chateaudegoutelas.fr\\\/#\\\/schema\\\/logo\\\/image\\\/\",\"url\":\"https:\\\/\\\/www.chateaudegoutelas.fr\\\/wp-content\\\/uploads\\\/2023\\\/05\\\/logo-chateau-goutelas-bleu.png\",\"contentUrl\":\"https:\\\/\\\/www.chateaudegoutelas.fr\\\/wp-content\\\/uploads\\\/2023\\\/05\\\/logo-chateau-goutelas-bleu.png\",\"width\":1123,\"height\":327,\"caption\":\"Ch\u00e2teau de Goutelas\"},\"image\":{\"@id\":\"https:\\\/\\\/www.chateaudegoutelas.fr\\\/#\\\/schema\\\/logo\\\/image\\\/\"}}]}<\/script>\n<!-- \/ Yoast SEO plugin. -->","yoast_head_json":{"title":"16\/01 - VERNISSAGE de l'exposition Juste avant l'horizon du visible et concert de Clio - Ch\u00e2teau de Goutelas","robots":{"index":"index","follow":"follow","max-snippet":"max-snippet:-1","max-image-preview":"max-image-preview:large","max-video-preview":"max-video-preview:-1"},"canonical":"https:\/\/www.chateaudegoutelas.fr\/en\/archive\/16-01-vernissage-de-lexposition-juste-avant-lhorizon-du-visible-et-concert-de-clio\/","og_locale":"en_GB","og_type":"article","og_title":"16\/01 - VERNISSAGE de l'exposition Juste avant l'horizon du visible et concert de Clio - Ch\u00e2teau de Goutelas","og_description":"Jeudi 16 janvier &#8211; Vernissage 18h30 &#8211; Concert 19h30 Veill\u00e9e concert dans le cadre du festival Poly&rsquo;sons Auteure, compositrice et interpr\u00e8te, Clio porte un nom de muse mais elle semble incarner l&rsquo;inspiration autant qu&rsquo;elle la transmet. Cette grande timide, p\u00e9trie de talent, est devenue au fil de ses exp\u00e9riences musicales une v\u00e9ritable audacieuse. Une jeune [&hellip;]","og_url":"https:\/\/www.chateaudegoutelas.fr\/en\/archive\/16-01-vernissage-de-lexposition-juste-avant-lhorizon-du-visible-et-concert-de-clio\/","og_site_name":"Ch\u00e2teau de Goutelas","article_modified_time":"2023-05-26T08:02:43+00:00","og_image":[{"width":1024,"height":648,"url":"https:\/\/www.chateaudegoutelas.fr\/wp-content\/uploads\/2019\/12\/Clio.jpg","type":"image\/jpeg"}],"twitter_card":"summary_large_image","twitter_misc":{"Estimated reading time":"2 minutes"},"schema":{"@context":"https:\/\/schema.org","@graph":[{"@type":"WebPage","@id":"https:\/\/www.chateaudegoutelas.fr\/archive\/16-01-vernissage-de-lexposition-juste-avant-lhorizon-du-visible-et-concert-de-clio\/","url":"https:\/\/www.chateaudegoutelas.fr\/archive\/16-01-vernissage-de-lexposition-juste-avant-lhorizon-du-visible-et-concert-de-clio\/","name":"16\/01 - VERNISSAGE de l'exposition Juste avant l'horizon du visible et concert de Clio - Ch\u00e2teau de Goutelas","isPartOf":{"@id":"https:\/\/www.chateaudegoutelas.fr\/#website"},"primaryImageOfPage":{"@id":"https:\/\/www.chateaudegoutelas.fr\/archive\/16-01-vernissage-de-lexposition-juste-avant-lhorizon-du-visible-et-concert-de-clio\/#primaryimage"},"image":{"@id":"https:\/\/www.chateaudegoutelas.fr\/archive\/16-01-vernissage-de-lexposition-juste-avant-lhorizon-du-visible-et-concert-de-clio\/#primaryimage"},"thumbnailUrl":"https:\/\/www.chateaudegoutelas.fr\/wp-content\/uploads\/2019\/12\/Clio.jpg","datePublished":"2019-12-07T13:21:36+00:00","dateModified":"2023-05-26T08:02:43+00:00","breadcrumb":{"@id":"https:\/\/www.chateaudegoutelas.fr\/archive\/16-01-vernissage-de-lexposition-juste-avant-lhorizon-du-visible-et-concert-de-clio\/#breadcrumb"},"inLanguage":"en-GB","potentialAction":[{"@type":"ReadAction","target":["https:\/\/www.chateaudegoutelas.fr\/archive\/16-01-vernissage-de-lexposition-juste-avant-lhorizon-du-visible-et-concert-de-clio\/"]}]},{"@type":"ImageObject","inLanguage":"en-GB","@id":"https:\/\/www.chateaudegoutelas.fr\/archive\/16-01-vernissage-de-lexposition-juste-avant-lhorizon-du-visible-et-concert-de-clio\/#primaryimage","url":"https:\/\/www.chateaudegoutelas.fr\/wp-content\/uploads\/2019\/12\/Clio.jpg","contentUrl":"https:\/\/www.chateaudegoutelas.fr\/wp-content\/uploads\/2019\/12\/Clio.jpg","width":1024,"height":648},{"@type":"BreadcrumbList","@id":"https:\/\/www.chateaudegoutelas.fr\/archive\/16-01-vernissage-de-lexposition-juste-avant-lhorizon-du-visible-et-concert-de-clio\/#breadcrumb","itemListElement":[{"@type":"ListItem","position":1,"name":"Accueil","item":"https:\/\/www.chateaudegoutelas.fr\/"},{"@type":"ListItem","position":2,"name":"16\/01 &#8211; VERNISSAGE de l&rsquo;exposition Juste avant l&rsquo;horizon du visible et concert de Clio"}]},{"@type":"WebSite","@id":"https:\/\/www.chateaudegoutelas.fr\/#website","url":"https:\/\/www.chateaudegoutelas.fr\/","name":"Ch\u00e2teau de Goutelas","description":"Un centre culturel de rencontre en Forez","publisher":{"@id":"https:\/\/www.chateaudegoutelas.fr\/#organization"},"potentialAction":[{"@type":"SearchAction","target":{"@type":"EntryPoint","urlTemplate":"https:\/\/www.chateaudegoutelas.fr\/?s={search_term_string}"},"query-input":{"@type":"PropertyValueSpecification","valueRequired":true,"valueName":"search_term_string"}}],"inLanguage":"en-GB"},{"@type":"Organization","@id":"https:\/\/www.chateaudegoutelas.fr\/#organization","name":"Ch\u00e2teau de Goutelas","url":"https:\/\/www.chateaudegoutelas.fr\/","logo":{"@type":"ImageObject","inLanguage":"en-GB","@id":"https:\/\/www.chateaudegoutelas.fr\/#\/schema\/logo\/image\/","url":"https:\/\/www.chateaudegoutelas.fr\/wp-content\/uploads\/2023\/05\/logo-chateau-goutelas-bleu.png","contentUrl":"https:\/\/www.chateaudegoutelas.fr\/wp-content\/uploads\/2023\/05\/logo-chateau-goutelas-bleu.png","width":1123,"height":327,"caption":"Ch\u00e2teau de Goutelas"},"image":{"@id":"https:\/\/www.chateaudegoutelas.fr\/#\/schema\/logo\/image\/"}}]}},"_links":{"self":[{"href":"https:\/\/www.chateaudegoutelas.fr\/en\/wp-json\/wp\/v2\/archive\/2230","targetHints":{"allow":["GET"]}}],"collection":[{"href":"https:\/\/www.chateaudegoutelas.fr\/en\/wp-json\/wp\/v2\/archive"}],"about":[{"href":"https:\/\/www.chateaudegoutelas.fr\/en\/wp-json\/wp\/v2\/types\/archive"}],"author":[{"embeddable":true,"href":"https:\/\/www.chateaudegoutelas.fr\/en\/wp-json\/wp\/v2\/users\/4"}],"wp:featuredmedia":[{"embeddable":true,"href":"https:\/\/www.chateaudegoutelas.fr\/en\/wp-json\/wp\/v2\/media\/2218"}],"wp:attachment":[{"href":"https:\/\/www.chateaudegoutelas.fr\/en\/wp-json\/wp\/v2\/media?parent=2230"}],"wp:term":[{"taxonomy":"category","embeddable":true,"href":"https:\/\/www.chateaudegoutelas.fr\/en\/wp-json\/wp\/v2\/categories?post=2230"},{"taxonomy":"post_tag","embeddable":true,"href":"https:\/\/www.chateaudegoutelas.fr\/en\/wp-json\/wp\/v2\/tags?post=2230"}],"curies":[{"name":"wp","href":"https:\/\/api.w.org\/{rel}","templated":true}]}}