{"id":2004,"date":"2019-09-24T17:14:48","date_gmt":"2019-09-24T15:14:48","guid":{"rendered":"https:\/\/www.chateaudegoutelas.fr\/?p=2004"},"modified":"2023-05-26T10:02:46","modified_gmt":"2023-05-26T08:02:46","slug":"du-7-10-au-11-10-5eme-festival-des-conferences-gesticulees-en-forez","status":"publish","type":"archive","link":"https:\/\/www.chateaudegoutelas.fr\/en\/archive\/du-7-10-au-11-10-5eme-festival-des-conferences-gesticulees-en-forez\/","title":{"rendered":"Du 7\/11 au 11\/11 &#8211;  5\u00e8me festival des conf\u00e9rences gesticul\u00e9es en Forez"},"content":{"rendered":"<div class=\"shmMigrate\"><\/div>\n<div class=\"shmMigrate\"><\/div>\n<div class=\"shmMigrate\"><\/div>\n<h4>Du 7 au 11 novembre<\/h4>\n<div class=\"shmMigrate\"><\/div>\n<div class=\"shmMigrate\"><\/div>\n<div class=\"shmMigrate\"><\/div>\n<div class=\"shmMigrate\"><\/div>\n<div class=\"shmMigrate\"><\/div>\n<div class=\"shmMigrate\"><\/div>\n<div class=\"shmMigrate\"><\/div>\n<div class=\"shmMigrate\"><\/div>\n<div class=\"shmMigrate\"><\/div>\n<div class=\"shmMigrate\"><\/div>\n<div class=\"shmMigrate\"><\/div>\n<p>Pour sa cinqui\u00e8me \u00e9dition, le Festival des conf\u00e9rences gesticul\u00e9es en Forez continue \u00e0 agiter les grandes questions qui traversent notre soci\u00e9t\u00e9.<br \/>\nTransition \u00e9cologique, politique migratoire, f\u00e9minisme, sant\u00e9, intelligence artificielle, d\u00e9mocratie : venez vous informer et d\u00e9battre autour de ces th\u00e8mes d\u2019actualit\u00e9 gr\u00e2ce aux conf\u00e9rences et ateliers programm\u00e9s aux quatre coins du Forez.<br \/>\nPas besoin d\u2019\u00eatre un sp\u00e9cialiste du sujet ! La conf\u00e9rence gesticul\u00e9e &#8211; forme hybride entre la conf\u00e9rence et le spectacle &#8211; repose sur l\u2019envie de partager ce que l\u2019on a compris, de m\u00ealer savoirs \u00ab chauds \u00bb issus de l\u2019exp\u00e9rience et savoirs \u00ab froids \u00bb, de donner \u00e0 toutes et \u00e0 tous des cl\u00e9s pour analyser le monde qui nous entoure et construire son avenir.<\/p>\n<p>&nbsp;<\/p>\n<p>Conf\u00e9rences et ateliers \u00e0 prix libre<\/p>\n<div class=\"shmMigrate\"><\/div>\n<div class=\"shmMigrate\"><\/div>\n<div class=\"shmMigrate\"><\/div>\n<div class=\"shmMigrate\"><\/div>\n<div class=\"shmMigrate\"><\/div>\n<div class=\"shmMigrate\"><\/div>\n<div class=\"shmMigrate\"><\/div>\n<div class=\"shmMigrate\"><\/div>\n<div class=\"shmMigrate\"><\/div>","protected":false},"author":4,"featured_media":2025,"template":"","meta":{"site-sidebar-layout":"default","site-content-layout":"","ast-site-content-layout":"default","site-content-style":"default","site-sidebar-style":"default","ast-global-header-display":"","ast-banner-title-visibility":"","ast-main-header-display":"","ast-hfb-above-header-display":"","ast-hfb-below-header-display":"","ast-hfb-mobile-header-display":"","site-post-title":"","ast-breadcrumbs-content":null,"ast-featured-img":"","footer-sml-layout":"","ast-disable-related-posts":"","theme-transparent-header-meta":"","adv-header-id-meta":"","stick-header-meta":"","header-above-stick-meta":null,"header-main-stick-meta":"","header-below-stick-meta":null,"astra-migrate-meta-layouts":"default","ast-page-background-enabled":"default","ast-page-background-meta":{"desktop":{"background-color":"","background-image":"","background-repeat":"repeat","background-position":"center center","background-size":"auto","background-attachment":"scroll","background-type":"","background-media":"","overlay-type":"","overlay-color":"","overlay-opacity":"","overlay-gradient":""},"tablet":{"background-color":"","background-image":"","background-repeat":"repeat","background-position":"center center","background-size":"auto","background-attachment":"scroll","background-type":"","background-media":"","overlay-type":"","overlay-color":"","overlay-opacity":"","overlay-gradient":""},"mobile":{"background-color":"","background-image":"","background-repeat":"repeat","background-position":"center center","background-size":"auto","background-attachment":"scroll","background-type":"","background-media":"","overlay-type":"","overlay-color":"","overlay-opacity":"","overlay-gradient":""}},"ast-content-background-meta":{"desktop":{"background-color":"var(--ast-global-color-5)","background-image":"","background-repeat":"repeat","background-position":"center center","background-size":"auto","background-attachment":"scroll","background-type":"","background-media":"","overlay-type":"","overlay-color":"","overlay-opacity":"","overlay-gradient":""},"tablet":{"background-color":"var(--ast-global-color-5)","background-image":"","background-repeat":"repeat","background-position":"center center","background-size":"auto","background-attachment":"scroll","background-type":"","background-media":"","overlay-type":"","overlay-color":"","overlay-opacity":"","overlay-gradient":""},"mobile":{"background-color":"var(--ast-global-color-5)","background-image":"","background-repeat":"repeat","background-position":"center center","background-size":"auto","background-attachment":"scroll","background-type":"","background-media":"","overlay-type":"","overlay-color":"","overlay-opacity":"","overlay-gradient":""}}},"categories":[4],"tags":[],"class_list":["post-2004","archive","type-archive","status-publish","has-post-thumbnail","hentry","category-actualites"],"yoast_head":"<!-- This site is optimized with the Yoast SEO plugin v27.5 - https:\/\/yoast.com\/product\/yoast-seo-wordpress\/ -->\n<title>Du 7\/11 au 11\/11 - 5\u00e8me festival des conf\u00e9rences gesticul\u00e9es en Forez - Ch\u00e2teau de Goutelas<\/title>\n<meta name=\"robots\" content=\"index, follow, max-snippet:-1, max-image-preview:large, max-video-preview:-1\" \/>\n<link rel=\"canonical\" href=\"https:\/\/www.chateaudegoutelas.fr\/en\/archive\/du-7-10-au-11-10-5eme-festival-des-conferences-gesticulees-en-forez\/\" \/>\n<meta property=\"og:locale\" content=\"en_GB\" \/>\n<meta property=\"og:type\" content=\"article\" \/>\n<meta property=\"og:title\" content=\"Du 7\/11 au 11\/11 - 5\u00e8me festival des conf\u00e9rences gesticul\u00e9es en Forez - Ch\u00e2teau de Goutelas\" \/>\n<meta property=\"og:description\" content=\"Du 7 au 11 novembre Pour sa cinqui\u00e8me \u00e9dition, le Festival des conf\u00e9rences gesticul\u00e9es en Forez continue \u00e0 agiter les grandes questions qui traversent notre soci\u00e9t\u00e9. Transition \u00e9cologique, politique migratoire, f\u00e9minisme, sant\u00e9, intelligence artificielle, d\u00e9mocratie : venez vous informer et d\u00e9battre autour de ces th\u00e8mes d\u2019actualit\u00e9 gr\u00e2ce aux conf\u00e9rences et ateliers programm\u00e9s aux quatre coins [&hellip;]\" \/>\n<meta property=\"og:url\" content=\"https:\/\/www.chateaudegoutelas.fr\/en\/archive\/du-7-10-au-11-10-5eme-festival-des-conferences-gesticulees-en-forez\/\" \/>\n<meta property=\"og:site_name\" content=\"Ch\u00e2teau de Goutelas\" \/>\n<meta property=\"article:modified_time\" content=\"2023-05-26T08:02:46+00:00\" \/>\n<meta property=\"og:image\" content=\"https:\/\/www.chateaudegoutelas.fr\/wp-content\/uploads\/2019\/09\/Julie-Allard2.jpg\" \/>\n\t<meta property=\"og:image:width\" content=\"733\" \/>\n\t<meta property=\"og:image:height\" content=\"1100\" \/>\n\t<meta property=\"og:image:type\" content=\"image\/jpeg\" \/>\n<meta name=\"twitter:card\" content=\"summary_large_image\" \/>\n<meta name=\"twitter:label1\" content=\"Estimated reading time\" \/>\n\t<meta name=\"twitter:data1\" content=\"1 minute\" \/>\n<script type=\"application\/ld+json\" class=\"yoast-schema-graph\">{\"@context\":\"https:\\\/\\\/schema.org\",\"@graph\":[{\"@type\":\"WebPage\",\"@id\":\"https:\\\/\\\/www.chateaudegoutelas.fr\\\/archive\\\/du-7-10-au-11-10-5eme-festival-des-conferences-gesticulees-en-forez\\\/\",\"url\":\"https:\\\/\\\/www.chateaudegoutelas.fr\\\/archive\\\/du-7-10-au-11-10-5eme-festival-des-conferences-gesticulees-en-forez\\\/\",\"name\":\"Du 7\\\/11 au 11\\\/11 - 5\u00e8me festival des conf\u00e9rences gesticul\u00e9es en Forez - Ch\u00e2teau de Goutelas\",\"isPartOf\":{\"@id\":\"https:\\\/\\\/www.chateaudegoutelas.fr\\\/#website\"},\"primaryImageOfPage\":{\"@id\":\"https:\\\/\\\/www.chateaudegoutelas.fr\\\/archive\\\/du-7-10-au-11-10-5eme-festival-des-conferences-gesticulees-en-forez\\\/#primaryimage\"},\"image\":{\"@id\":\"https:\\\/\\\/www.chateaudegoutelas.fr\\\/archive\\\/du-7-10-au-11-10-5eme-festival-des-conferences-gesticulees-en-forez\\\/#primaryimage\"},\"thumbnailUrl\":\"https:\\\/\\\/www.chateaudegoutelas.fr\\\/wp-content\\\/uploads\\\/2019\\\/09\\\/Julie-Allard2.jpg\",\"datePublished\":\"2019-09-24T15:14:48+00:00\",\"dateModified\":\"2023-05-26T08:02:46+00:00\",\"breadcrumb\":{\"@id\":\"https:\\\/\\\/www.chateaudegoutelas.fr\\\/archive\\\/du-7-10-au-11-10-5eme-festival-des-conferences-gesticulees-en-forez\\\/#breadcrumb\"},\"inLanguage\":\"en-GB\",\"potentialAction\":[{\"@type\":\"ReadAction\",\"target\":[\"https:\\\/\\\/www.chateaudegoutelas.fr\\\/archive\\\/du-7-10-au-11-10-5eme-festival-des-conferences-gesticulees-en-forez\\\/\"]}]},{\"@type\":\"ImageObject\",\"inLanguage\":\"en-GB\",\"@id\":\"https:\\\/\\\/www.chateaudegoutelas.fr\\\/archive\\\/du-7-10-au-11-10-5eme-festival-des-conferences-gesticulees-en-forez\\\/#primaryimage\",\"url\":\"https:\\\/\\\/www.chateaudegoutelas.fr\\\/wp-content\\\/uploads\\\/2019\\\/09\\\/Julie-Allard2.jpg\",\"contentUrl\":\"https:\\\/\\\/www.chateaudegoutelas.fr\\\/wp-content\\\/uploads\\\/2019\\\/09\\\/Julie-Allard2.jpg\",\"width\":733,\"height\":1100},{\"@type\":\"BreadcrumbList\",\"@id\":\"https:\\\/\\\/www.chateaudegoutelas.fr\\\/archive\\\/du-7-10-au-11-10-5eme-festival-des-conferences-gesticulees-en-forez\\\/#breadcrumb\",\"itemListElement\":[{\"@type\":\"ListItem\",\"position\":1,\"name\":\"Accueil\",\"item\":\"https:\\\/\\\/www.chateaudegoutelas.fr\\\/\"},{\"@type\":\"ListItem\",\"position\":2,\"name\":\"Du 7\\\/11 au 11\\\/11 &#8211; 5\u00e8me festival des conf\u00e9rences gesticul\u00e9es en Forez\"}]},{\"@type\":\"WebSite\",\"@id\":\"https:\\\/\\\/www.chateaudegoutelas.fr\\\/#website\",\"url\":\"https:\\\/\\\/www.chateaudegoutelas.fr\\\/\",\"name\":\"Ch\u00e2teau de Goutelas\",\"description\":\"Un centre culturel de rencontre en Forez\",\"publisher\":{\"@id\":\"https:\\\/\\\/www.chateaudegoutelas.fr\\\/#organization\"},\"potentialAction\":[{\"@type\":\"SearchAction\",\"target\":{\"@type\":\"EntryPoint\",\"urlTemplate\":\"https:\\\/\\\/www.chateaudegoutelas.fr\\\/?s={search_term_string}\"},\"query-input\":{\"@type\":\"PropertyValueSpecification\",\"valueRequired\":true,\"valueName\":\"search_term_string\"}}],\"inLanguage\":\"en-GB\"},{\"@type\":\"Organization\",\"@id\":\"https:\\\/\\\/www.chateaudegoutelas.fr\\\/#organization\",\"name\":\"Ch\u00e2teau de Goutelas\",\"url\":\"https:\\\/\\\/www.chateaudegoutelas.fr\\\/\",\"logo\":{\"@type\":\"ImageObject\",\"inLanguage\":\"en-GB\",\"@id\":\"https:\\\/\\\/www.chateaudegoutelas.fr\\\/#\\\/schema\\\/logo\\\/image\\\/\",\"url\":\"https:\\\/\\\/www.chateaudegoutelas.fr\\\/wp-content\\\/uploads\\\/2023\\\/05\\\/logo-chateau-goutelas-bleu.png\",\"contentUrl\":\"https:\\\/\\\/www.chateaudegoutelas.fr\\\/wp-content\\\/uploads\\\/2023\\\/05\\\/logo-chateau-goutelas-bleu.png\",\"width\":1123,\"height\":327,\"caption\":\"Ch\u00e2teau de Goutelas\"},\"image\":{\"@id\":\"https:\\\/\\\/www.chateaudegoutelas.fr\\\/#\\\/schema\\\/logo\\\/image\\\/\"}}]}<\/script>\n<!-- \/ Yoast SEO plugin. -->","yoast_head_json":{"title":"Du 7\/11 au 11\/11 - 5\u00e8me festival des conf\u00e9rences gesticul\u00e9es en Forez - Ch\u00e2teau de Goutelas","robots":{"index":"index","follow":"follow","max-snippet":"max-snippet:-1","max-image-preview":"max-image-preview:large","max-video-preview":"max-video-preview:-1"},"canonical":"https:\/\/www.chateaudegoutelas.fr\/en\/archive\/du-7-10-au-11-10-5eme-festival-des-conferences-gesticulees-en-forez\/","og_locale":"en_GB","og_type":"article","og_title":"Du 7\/11 au 11\/11 - 5\u00e8me festival des conf\u00e9rences gesticul\u00e9es en Forez - Ch\u00e2teau de Goutelas","og_description":"Du 7 au 11 novembre Pour sa cinqui\u00e8me \u00e9dition, le Festival des conf\u00e9rences gesticul\u00e9es en Forez continue \u00e0 agiter les grandes questions qui traversent notre soci\u00e9t\u00e9. Transition \u00e9cologique, politique migratoire, f\u00e9minisme, sant\u00e9, intelligence artificielle, d\u00e9mocratie : venez vous informer et d\u00e9battre autour de ces th\u00e8mes d\u2019actualit\u00e9 gr\u00e2ce aux conf\u00e9rences et ateliers programm\u00e9s aux quatre coins [&hellip;]","og_url":"https:\/\/www.chateaudegoutelas.fr\/en\/archive\/du-7-10-au-11-10-5eme-festival-des-conferences-gesticulees-en-forez\/","og_site_name":"Ch\u00e2teau de Goutelas","article_modified_time":"2023-05-26T08:02:46+00:00","og_image":[{"width":733,"height":1100,"url":"https:\/\/www.chateaudegoutelas.fr\/wp-content\/uploads\/2019\/09\/Julie-Allard2.jpg","type":"image\/jpeg"}],"twitter_card":"summary_large_image","twitter_misc":{"Estimated reading time":"1 minute"},"schema":{"@context":"https:\/\/schema.org","@graph":[{"@type":"WebPage","@id":"https:\/\/www.chateaudegoutelas.fr\/archive\/du-7-10-au-11-10-5eme-festival-des-conferences-gesticulees-en-forez\/","url":"https:\/\/www.chateaudegoutelas.fr\/archive\/du-7-10-au-11-10-5eme-festival-des-conferences-gesticulees-en-forez\/","name":"Du 7\/11 au 11\/11 - 5\u00e8me festival des conf\u00e9rences gesticul\u00e9es en Forez - Ch\u00e2teau de Goutelas","isPartOf":{"@id":"https:\/\/www.chateaudegoutelas.fr\/#website"},"primaryImageOfPage":{"@id":"https:\/\/www.chateaudegoutelas.fr\/archive\/du-7-10-au-11-10-5eme-festival-des-conferences-gesticulees-en-forez\/#primaryimage"},"image":{"@id":"https:\/\/www.chateaudegoutelas.fr\/archive\/du-7-10-au-11-10-5eme-festival-des-conferences-gesticulees-en-forez\/#primaryimage"},"thumbnailUrl":"https:\/\/www.chateaudegoutelas.fr\/wp-content\/uploads\/2019\/09\/Julie-Allard2.jpg","datePublished":"2019-09-24T15:14:48+00:00","dateModified":"2023-05-26T08:02:46+00:00","breadcrumb":{"@id":"https:\/\/www.chateaudegoutelas.fr\/archive\/du-7-10-au-11-10-5eme-festival-des-conferences-gesticulees-en-forez\/#breadcrumb"},"inLanguage":"en-GB","potentialAction":[{"@type":"ReadAction","target":["https:\/\/www.chateaudegoutelas.fr\/archive\/du-7-10-au-11-10-5eme-festival-des-conferences-gesticulees-en-forez\/"]}]},{"@type":"ImageObject","inLanguage":"en-GB","@id":"https:\/\/www.chateaudegoutelas.fr\/archive\/du-7-10-au-11-10-5eme-festival-des-conferences-gesticulees-en-forez\/#primaryimage","url":"https:\/\/www.chateaudegoutelas.fr\/wp-content\/uploads\/2019\/09\/Julie-Allard2.jpg","contentUrl":"https:\/\/www.chateaudegoutelas.fr\/wp-content\/uploads\/2019\/09\/Julie-Allard2.jpg","width":733,"height":1100},{"@type":"BreadcrumbList","@id":"https:\/\/www.chateaudegoutelas.fr\/archive\/du-7-10-au-11-10-5eme-festival-des-conferences-gesticulees-en-forez\/#breadcrumb","itemListElement":[{"@type":"ListItem","position":1,"name":"Accueil","item":"https:\/\/www.chateaudegoutelas.fr\/"},{"@type":"ListItem","position":2,"name":"Du 7\/11 au 11\/11 &#8211; 5\u00e8me festival des conf\u00e9rences gesticul\u00e9es en Forez"}]},{"@type":"WebSite","@id":"https:\/\/www.chateaudegoutelas.fr\/#website","url":"https:\/\/www.chateaudegoutelas.fr\/","name":"Ch\u00e2teau de Goutelas","description":"Un centre culturel de rencontre en Forez","publisher":{"@id":"https:\/\/www.chateaudegoutelas.fr\/#organization"},"potentialAction":[{"@type":"SearchAction","target":{"@type":"EntryPoint","urlTemplate":"https:\/\/www.chateaudegoutelas.fr\/?s={search_term_string}"},"query-input":{"@type":"PropertyValueSpecification","valueRequired":true,"valueName":"search_term_string"}}],"inLanguage":"en-GB"},{"@type":"Organization","@id":"https:\/\/www.chateaudegoutelas.fr\/#organization","name":"Ch\u00e2teau de Goutelas","url":"https:\/\/www.chateaudegoutelas.fr\/","logo":{"@type":"ImageObject","inLanguage":"en-GB","@id":"https:\/\/www.chateaudegoutelas.fr\/#\/schema\/logo\/image\/","url":"https:\/\/www.chateaudegoutelas.fr\/wp-content\/uploads\/2023\/05\/logo-chateau-goutelas-bleu.png","contentUrl":"https:\/\/www.chateaudegoutelas.fr\/wp-content\/uploads\/2023\/05\/logo-chateau-goutelas-bleu.png","width":1123,"height":327,"caption":"Ch\u00e2teau de Goutelas"},"image":{"@id":"https:\/\/www.chateaudegoutelas.fr\/#\/schema\/logo\/image\/"}}]}},"_links":{"self":[{"href":"https:\/\/www.chateaudegoutelas.fr\/en\/wp-json\/wp\/v2\/archive\/2004","targetHints":{"allow":["GET"]}}],"collection":[{"href":"https:\/\/www.chateaudegoutelas.fr\/en\/wp-json\/wp\/v2\/archive"}],"about":[{"href":"https:\/\/www.chateaudegoutelas.fr\/en\/wp-json\/wp\/v2\/types\/archive"}],"author":[{"embeddable":true,"href":"https:\/\/www.chateaudegoutelas.fr\/en\/wp-json\/wp\/v2\/users\/4"}],"wp:featuredmedia":[{"embeddable":true,"href":"https:\/\/www.chateaudegoutelas.fr\/en\/wp-json\/wp\/v2\/media\/2025"}],"wp:attachment":[{"href":"https:\/\/www.chateaudegoutelas.fr\/en\/wp-json\/wp\/v2\/media?parent=2004"}],"wp:term":[{"taxonomy":"category","embeddable":true,"href":"https:\/\/www.chateaudegoutelas.fr\/en\/wp-json\/wp\/v2\/categories?post=2004"},{"taxonomy":"post_tag","embeddable":true,"href":"https:\/\/www.chateaudegoutelas.fr\/en\/wp-json\/wp\/v2\/tags?post=2004"}],"curies":[{"name":"wp","href":"https:\/\/api.w.org\/{rel}","templated":true}]}}