{"id":1997,"date":"2019-09-24T17:18:41","date_gmt":"2019-09-24T15:18:41","guid":{"rendered":"https:\/\/www.chateaudegoutelas.fr\/?p=1997"},"modified":"2023-05-26T10:02:45","modified_gmt":"2023-05-26T08:02:45","slug":"mardi-26-11-et-vendredi-29-11-representation-de-migraaants","status":"publish","type":"archive","link":"https:\/\/www.chateaudegoutelas.fr\/en\/archive\/mardi-26-11-et-vendredi-29-11-representation-de-migraaants\/","title":{"rendered":"26\/11 et  29\/11 &#8211; Spectacle \u00ab\u00a0Migraaaants\u00a0\u00bb \u00e0 Bo\u00ebn et Saint-Germain-laval"},"content":{"rendered":"<div class=\"shmMigrate\"><\/div>\n<div class=\"shmMigrate\"><\/div>\n<div class=\"shmMigrate\"><\/div>\n<h4><strong>MARDI 26.11 | 14H ET 20H<\/strong><strong><br \/>\nA la salle des f\u00eates de Bo\u00ebn-sur-Lignon<\/strong><br \/>\nou<br \/>\n<strong>VENDREDI 29.11 | 13H45 ET 20H<\/strong><br \/>\n<strong>A la salle des f\u00eates de Saint-Germain-Laval<\/strong><\/h4>\n<div class=\"shmMigrate\"><\/div>\n<div class=\"shmMigrate\"><\/div>\n<div class=\"shmMigrate\"><\/div>\n<div class=\"shmMigrate\"><\/div>\n<div class=\"shmMigrate\"><\/div>\n<div class=\"shmMigrate\"><\/div>\n<div class=\"shmMigrate\"><\/div>\n<p><em><strong>Migraaaants<\/strong><\/em><\/p>\n<p><em>Migraaaants <\/em>raconte la travers\u00e9e silencieuse, sous la f\u00e9rule d\u2019odieux bourreaux, de ceux que l\u2019on appelle \u00ab\u00a0migrants\u00a0\u00bb ; le journaliste et dramaturge Matei Visniec s\u2019est appuy\u00e9 sur la r\u00e9alit\u00e9 qu\u2019il c\u00f4toie r\u00e9guli\u00e8rement et la projette avec une plume grin\u00e7ante sur la sc\u00e8ne.Gr\u00e2ce \u00e0 un partenariat entre diff\u00e9rentes structures \u00e9ducatives et culturelles du territoire, dont le Ch\u00e2teau de Goutelas, des coll\u00e9giens de Bo\u00ebn et de Saint-Germain-Laval sont invit\u00e9s \u00e0 d\u00e9couvrir la pi\u00e8ce mise en sc\u00e8ne par Trouble Th\u00e9\u00e2tre et \u00e0 prendre part \u00e0 de nombreuses rencontres et actions de sensibilisation autour des migrations. Les repr\u00e9sentations des 26 et 29 novembre, qui seront suivies d\u2019un bord de sc\u00e8ne, sont ouvertes \u00e0 toutes et tous.<\/p>\n<p><em>Renseignements et r\u00e9servations : 04 77 24 45 59 (Bo\u00ebn-sur-Lignon) \/ 07 81 22 41 29 (Saint-Germain-Laval)<\/em><\/p>\n<div class=\"shmMigrate\"><\/div>\n<div class=\"shmMigrate\"><\/div>\n<div class=\"shmMigrate\"><\/div>\n<div class=\"shmMigrate\"><\/div>\n<div class=\"shmMigrate\"><\/div>\n<div class=\"shmMigrate\"><\/div>\n<div class=\"shmMigrate\"><\/div>\n<div class=\"shmMigrate\"><\/div>","protected":false},"author":4,"featured_media":1998,"template":"","meta":{"site-sidebar-layout":"default","site-content-layout":"","ast-site-content-layout":"default","site-content-style":"default","site-sidebar-style":"default","ast-global-header-display":"","ast-banner-title-visibility":"","ast-main-header-display":"","ast-hfb-above-header-display":"","ast-hfb-below-header-display":"","ast-hfb-mobile-header-display":"","site-post-title":"","ast-breadcrumbs-content":null,"ast-featured-img":"","footer-sml-layout":"","ast-disable-related-posts":"","theme-transparent-header-meta":"","adv-header-id-meta":"","stick-header-meta":"","header-above-stick-meta":null,"header-main-stick-meta":"","header-below-stick-meta":null,"astra-migrate-meta-layouts":"default","ast-page-background-enabled":"default","ast-page-background-meta":{"desktop":{"background-color":"","background-image":"","background-repeat":"repeat","background-position":"center center","background-size":"auto","background-attachment":"scroll","background-type":"","background-media":"","overlay-type":"","overlay-color":"","overlay-opacity":"","overlay-gradient":""},"tablet":{"background-color":"","background-image":"","background-repeat":"repeat","background-position":"center center","background-size":"auto","background-attachment":"scroll","background-type":"","background-media":"","overlay-type":"","overlay-color":"","overlay-opacity":"","overlay-gradient":""},"mobile":{"background-color":"","background-image":"","background-repeat":"repeat","background-position":"center center","background-size":"auto","background-attachment":"scroll","background-type":"","background-media":"","overlay-type":"","overlay-color":"","overlay-opacity":"","overlay-gradient":""}},"ast-content-background-meta":{"desktop":{"background-color":"var(--ast-global-color-5)","background-image":"","background-repeat":"repeat","background-position":"center center","background-size":"auto","background-attachment":"scroll","background-type":"","background-media":"","overlay-type":"","overlay-color":"","overlay-opacity":"","overlay-gradient":""},"tablet":{"background-color":"var(--ast-global-color-5)","background-image":"","background-repeat":"repeat","background-position":"center center","background-size":"auto","background-attachment":"scroll","background-type":"","background-media":"","overlay-type":"","overlay-color":"","overlay-opacity":"","overlay-gradient":""},"mobile":{"background-color":"var(--ast-global-color-5)","background-image":"","background-repeat":"repeat","background-position":"center center","background-size":"auto","background-attachment":"scroll","background-type":"","background-media":"","overlay-type":"","overlay-color":"","overlay-opacity":"","overlay-gradient":""}}},"categories":[4],"tags":[12,24],"class_list":["post-1997","archive","type-archive","status-publish","has-post-thumbnail","hentry","category-actualites","tag-spectacle","tag-theatre"],"yoast_head":"<!-- This site is optimized with the Yoast SEO plugin v27.5 - https:\/\/yoast.com\/product\/yoast-seo-wordpress\/ -->\n<title>26\/11 et 29\/11 - Spectacle &quot;Migraaaants&quot; \u00e0 Bo\u00ebn et Saint-Germain-laval - Ch\u00e2teau de Goutelas<\/title>\n<meta name=\"robots\" content=\"index, follow, max-snippet:-1, max-image-preview:large, max-video-preview:-1\" \/>\n<link rel=\"canonical\" href=\"https:\/\/www.chateaudegoutelas.fr\/en\/archive\/mardi-26-11-et-vendredi-29-11-representation-de-migraaants\/\" \/>\n<meta property=\"og:locale\" content=\"en_GB\" \/>\n<meta property=\"og:type\" content=\"article\" \/>\n<meta property=\"og:title\" content=\"26\/11 et 29\/11 - Spectacle &quot;Migraaaants&quot; \u00e0 Bo\u00ebn et Saint-Germain-laval - Ch\u00e2teau de Goutelas\" \/>\n<meta property=\"og:description\" content=\"MARDI 26.11 | 14H ET 20H A la salle des f\u00eates de Bo\u00ebn-sur-Lignon ou VENDREDI 29.11 | 13H45 ET 20H A la salle des f\u00eates de Saint-Germain-Laval Migraaaants Migraaaants raconte la travers\u00e9e silencieuse, sous la f\u00e9rule d\u2019odieux bourreaux, de ceux que l\u2019on appelle \u00ab\u00a0migrants\u00a0\u00bb ; le journaliste et dramaturge Matei Visniec s\u2019est appuy\u00e9 sur la [&hellip;]\" \/>\n<meta property=\"og:url\" content=\"https:\/\/www.chateaudegoutelas.fr\/en\/archive\/mardi-26-11-et-vendredi-29-11-representation-de-migraaants\/\" \/>\n<meta property=\"og:site_name\" content=\"Ch\u00e2teau de Goutelas\" \/>\n<meta property=\"article:modified_time\" content=\"2023-05-26T08:02:45+00:00\" \/>\n<meta property=\"og:image\" content=\"https:\/\/www.chateaudegoutelas.fr\/wp-content\/uploads\/2019\/09\/Migraaaants.jpg\" \/>\n\t<meta property=\"og:image:width\" content=\"1100\" \/>\n\t<meta property=\"og:image:height\" content=\"723\" \/>\n\t<meta property=\"og:image:type\" content=\"image\/jpeg\" \/>\n<meta name=\"twitter:card\" content=\"summary_large_image\" \/>\n<meta name=\"twitter:label1\" content=\"Estimated reading time\" \/>\n\t<meta name=\"twitter:data1\" content=\"1 minute\" \/>\n<script type=\"application\/ld+json\" class=\"yoast-schema-graph\">{\"@context\":\"https:\\\/\\\/schema.org\",\"@graph\":[{\"@type\":\"WebPage\",\"@id\":\"https:\\\/\\\/www.chateaudegoutelas.fr\\\/archive\\\/mardi-26-11-et-vendredi-29-11-representation-de-migraaants\\\/\",\"url\":\"https:\\\/\\\/www.chateaudegoutelas.fr\\\/archive\\\/mardi-26-11-et-vendredi-29-11-representation-de-migraaants\\\/\",\"name\":\"26\\\/11 et 29\\\/11 - Spectacle \\\"Migraaaants\\\" \u00e0 Bo\u00ebn et Saint-Germain-laval - Ch\u00e2teau de Goutelas\",\"isPartOf\":{\"@id\":\"https:\\\/\\\/www.chateaudegoutelas.fr\\\/#website\"},\"primaryImageOfPage\":{\"@id\":\"https:\\\/\\\/www.chateaudegoutelas.fr\\\/archive\\\/mardi-26-11-et-vendredi-29-11-representation-de-migraaants\\\/#primaryimage\"},\"image\":{\"@id\":\"https:\\\/\\\/www.chateaudegoutelas.fr\\\/archive\\\/mardi-26-11-et-vendredi-29-11-representation-de-migraaants\\\/#primaryimage\"},\"thumbnailUrl\":\"https:\\\/\\\/www.chateaudegoutelas.fr\\\/wp-content\\\/uploads\\\/2019\\\/09\\\/Migraaaants.jpg\",\"datePublished\":\"2019-09-24T15:18:41+00:00\",\"dateModified\":\"2023-05-26T08:02:45+00:00\",\"breadcrumb\":{\"@id\":\"https:\\\/\\\/www.chateaudegoutelas.fr\\\/archive\\\/mardi-26-11-et-vendredi-29-11-representation-de-migraaants\\\/#breadcrumb\"},\"inLanguage\":\"en-GB\",\"potentialAction\":[{\"@type\":\"ReadAction\",\"target\":[\"https:\\\/\\\/www.chateaudegoutelas.fr\\\/archive\\\/mardi-26-11-et-vendredi-29-11-representation-de-migraaants\\\/\"]}]},{\"@type\":\"ImageObject\",\"inLanguage\":\"en-GB\",\"@id\":\"https:\\\/\\\/www.chateaudegoutelas.fr\\\/archive\\\/mardi-26-11-et-vendredi-29-11-representation-de-migraaants\\\/#primaryimage\",\"url\":\"https:\\\/\\\/www.chateaudegoutelas.fr\\\/wp-content\\\/uploads\\\/2019\\\/09\\\/Migraaaants.jpg\",\"contentUrl\":\"https:\\\/\\\/www.chateaudegoutelas.fr\\\/wp-content\\\/uploads\\\/2019\\\/09\\\/Migraaaants.jpg\",\"width\":1100,\"height\":723},{\"@type\":\"BreadcrumbList\",\"@id\":\"https:\\\/\\\/www.chateaudegoutelas.fr\\\/archive\\\/mardi-26-11-et-vendredi-29-11-representation-de-migraaants\\\/#breadcrumb\",\"itemListElement\":[{\"@type\":\"ListItem\",\"position\":1,\"name\":\"Accueil\",\"item\":\"https:\\\/\\\/www.chateaudegoutelas.fr\\\/\"},{\"@type\":\"ListItem\",\"position\":2,\"name\":\"26\\\/11 et 29\\\/11 &#8211; Spectacle \u00ab\u00a0Migraaaants\u00a0\u00bb \u00e0 Bo\u00ebn et Saint-Germain-laval\"}]},{\"@type\":\"WebSite\",\"@id\":\"https:\\\/\\\/www.chateaudegoutelas.fr\\\/#website\",\"url\":\"https:\\\/\\\/www.chateaudegoutelas.fr\\\/\",\"name\":\"Ch\u00e2teau de Goutelas\",\"description\":\"Un centre culturel de rencontre en Forez\",\"publisher\":{\"@id\":\"https:\\\/\\\/www.chateaudegoutelas.fr\\\/#organization\"},\"potentialAction\":[{\"@type\":\"SearchAction\",\"target\":{\"@type\":\"EntryPoint\",\"urlTemplate\":\"https:\\\/\\\/www.chateaudegoutelas.fr\\\/?s={search_term_string}\"},\"query-input\":{\"@type\":\"PropertyValueSpecification\",\"valueRequired\":true,\"valueName\":\"search_term_string\"}}],\"inLanguage\":\"en-GB\"},{\"@type\":\"Organization\",\"@id\":\"https:\\\/\\\/www.chateaudegoutelas.fr\\\/#organization\",\"name\":\"Ch\u00e2teau de Goutelas\",\"url\":\"https:\\\/\\\/www.chateaudegoutelas.fr\\\/\",\"logo\":{\"@type\":\"ImageObject\",\"inLanguage\":\"en-GB\",\"@id\":\"https:\\\/\\\/www.chateaudegoutelas.fr\\\/#\\\/schema\\\/logo\\\/image\\\/\",\"url\":\"https:\\\/\\\/www.chateaudegoutelas.fr\\\/wp-content\\\/uploads\\\/2023\\\/05\\\/logo-chateau-goutelas-bleu.png\",\"contentUrl\":\"https:\\\/\\\/www.chateaudegoutelas.fr\\\/wp-content\\\/uploads\\\/2023\\\/05\\\/logo-chateau-goutelas-bleu.png\",\"width\":1123,\"height\":327,\"caption\":\"Ch\u00e2teau de Goutelas\"},\"image\":{\"@id\":\"https:\\\/\\\/www.chateaudegoutelas.fr\\\/#\\\/schema\\\/logo\\\/image\\\/\"}}]}<\/script>\n<!-- \/ Yoast SEO plugin. -->","yoast_head_json":{"title":"26\/11 et 29\/11 - Spectacle \"Migraaaants\" \u00e0 Bo\u00ebn et Saint-Germain-laval - Ch\u00e2teau de Goutelas","robots":{"index":"index","follow":"follow","max-snippet":"max-snippet:-1","max-image-preview":"max-image-preview:large","max-video-preview":"max-video-preview:-1"},"canonical":"https:\/\/www.chateaudegoutelas.fr\/en\/archive\/mardi-26-11-et-vendredi-29-11-representation-de-migraaants\/","og_locale":"en_GB","og_type":"article","og_title":"26\/11 et 29\/11 - Spectacle \"Migraaaants\" \u00e0 Bo\u00ebn et Saint-Germain-laval - Ch\u00e2teau de Goutelas","og_description":"MARDI 26.11 | 14H ET 20H A la salle des f\u00eates de Bo\u00ebn-sur-Lignon ou VENDREDI 29.11 | 13H45 ET 20H A la salle des f\u00eates de Saint-Germain-Laval Migraaaants Migraaaants raconte la travers\u00e9e silencieuse, sous la f\u00e9rule d\u2019odieux bourreaux, de ceux que l\u2019on appelle \u00ab\u00a0migrants\u00a0\u00bb ; le journaliste et dramaturge Matei Visniec s\u2019est appuy\u00e9 sur la [&hellip;]","og_url":"https:\/\/www.chateaudegoutelas.fr\/en\/archive\/mardi-26-11-et-vendredi-29-11-representation-de-migraaants\/","og_site_name":"Ch\u00e2teau de Goutelas","article_modified_time":"2023-05-26T08:02:45+00:00","og_image":[{"width":1100,"height":723,"url":"https:\/\/www.chateaudegoutelas.fr\/wp-content\/uploads\/2019\/09\/Migraaaants.jpg","type":"image\/jpeg"}],"twitter_card":"summary_large_image","twitter_misc":{"Estimated reading time":"1 minute"},"schema":{"@context":"https:\/\/schema.org","@graph":[{"@type":"WebPage","@id":"https:\/\/www.chateaudegoutelas.fr\/archive\/mardi-26-11-et-vendredi-29-11-representation-de-migraaants\/","url":"https:\/\/www.chateaudegoutelas.fr\/archive\/mardi-26-11-et-vendredi-29-11-representation-de-migraaants\/","name":"26\/11 et 29\/11 - Spectacle \"Migraaaants\" \u00e0 Bo\u00ebn et Saint-Germain-laval - Ch\u00e2teau de Goutelas","isPartOf":{"@id":"https:\/\/www.chateaudegoutelas.fr\/#website"},"primaryImageOfPage":{"@id":"https:\/\/www.chateaudegoutelas.fr\/archive\/mardi-26-11-et-vendredi-29-11-representation-de-migraaants\/#primaryimage"},"image":{"@id":"https:\/\/www.chateaudegoutelas.fr\/archive\/mardi-26-11-et-vendredi-29-11-representation-de-migraaants\/#primaryimage"},"thumbnailUrl":"https:\/\/www.chateaudegoutelas.fr\/wp-content\/uploads\/2019\/09\/Migraaaants.jpg","datePublished":"2019-09-24T15:18:41+00:00","dateModified":"2023-05-26T08:02:45+00:00","breadcrumb":{"@id":"https:\/\/www.chateaudegoutelas.fr\/archive\/mardi-26-11-et-vendredi-29-11-representation-de-migraaants\/#breadcrumb"},"inLanguage":"en-GB","potentialAction":[{"@type":"ReadAction","target":["https:\/\/www.chateaudegoutelas.fr\/archive\/mardi-26-11-et-vendredi-29-11-representation-de-migraaants\/"]}]},{"@type":"ImageObject","inLanguage":"en-GB","@id":"https:\/\/www.chateaudegoutelas.fr\/archive\/mardi-26-11-et-vendredi-29-11-representation-de-migraaants\/#primaryimage","url":"https:\/\/www.chateaudegoutelas.fr\/wp-content\/uploads\/2019\/09\/Migraaaants.jpg","contentUrl":"https:\/\/www.chateaudegoutelas.fr\/wp-content\/uploads\/2019\/09\/Migraaaants.jpg","width":1100,"height":723},{"@type":"BreadcrumbList","@id":"https:\/\/www.chateaudegoutelas.fr\/archive\/mardi-26-11-et-vendredi-29-11-representation-de-migraaants\/#breadcrumb","itemListElement":[{"@type":"ListItem","position":1,"name":"Accueil","item":"https:\/\/www.chateaudegoutelas.fr\/"},{"@type":"ListItem","position":2,"name":"26\/11 et 29\/11 &#8211; Spectacle \u00ab\u00a0Migraaaants\u00a0\u00bb \u00e0 Bo\u00ebn et Saint-Germain-laval"}]},{"@type":"WebSite","@id":"https:\/\/www.chateaudegoutelas.fr\/#website","url":"https:\/\/www.chateaudegoutelas.fr\/","name":"Ch\u00e2teau de Goutelas","description":"Un centre culturel de rencontre en Forez","publisher":{"@id":"https:\/\/www.chateaudegoutelas.fr\/#organization"},"potentialAction":[{"@type":"SearchAction","target":{"@type":"EntryPoint","urlTemplate":"https:\/\/www.chateaudegoutelas.fr\/?s={search_term_string}"},"query-input":{"@type":"PropertyValueSpecification","valueRequired":true,"valueName":"search_term_string"}}],"inLanguage":"en-GB"},{"@type":"Organization","@id":"https:\/\/www.chateaudegoutelas.fr\/#organization","name":"Ch\u00e2teau de Goutelas","url":"https:\/\/www.chateaudegoutelas.fr\/","logo":{"@type":"ImageObject","inLanguage":"en-GB","@id":"https:\/\/www.chateaudegoutelas.fr\/#\/schema\/logo\/image\/","url":"https:\/\/www.chateaudegoutelas.fr\/wp-content\/uploads\/2023\/05\/logo-chateau-goutelas-bleu.png","contentUrl":"https:\/\/www.chateaudegoutelas.fr\/wp-content\/uploads\/2023\/05\/logo-chateau-goutelas-bleu.png","width":1123,"height":327,"caption":"Ch\u00e2teau de Goutelas"},"image":{"@id":"https:\/\/www.chateaudegoutelas.fr\/#\/schema\/logo\/image\/"}}]}},"_links":{"self":[{"href":"https:\/\/www.chateaudegoutelas.fr\/en\/wp-json\/wp\/v2\/archive\/1997","targetHints":{"allow":["GET"]}}],"collection":[{"href":"https:\/\/www.chateaudegoutelas.fr\/en\/wp-json\/wp\/v2\/archive"}],"about":[{"href":"https:\/\/www.chateaudegoutelas.fr\/en\/wp-json\/wp\/v2\/types\/archive"}],"author":[{"embeddable":true,"href":"https:\/\/www.chateaudegoutelas.fr\/en\/wp-json\/wp\/v2\/users\/4"}],"wp:featuredmedia":[{"embeddable":true,"href":"https:\/\/www.chateaudegoutelas.fr\/en\/wp-json\/wp\/v2\/media\/1998"}],"wp:attachment":[{"href":"https:\/\/www.chateaudegoutelas.fr\/en\/wp-json\/wp\/v2\/media?parent=1997"}],"wp:term":[{"taxonomy":"category","embeddable":true,"href":"https:\/\/www.chateaudegoutelas.fr\/en\/wp-json\/wp\/v2\/categories?post=1997"},{"taxonomy":"post_tag","embeddable":true,"href":"https:\/\/www.chateaudegoutelas.fr\/en\/wp-json\/wp\/v2\/tags?post=1997"}],"curies":[{"name":"wp","href":"https:\/\/api.w.org\/{rel}","templated":true}]}}