{"id":1699,"date":"2019-02-08T15:32:14","date_gmt":"2019-02-08T14:32:14","guid":{"rendered":"https:\/\/www.chateaudegoutelas.fr\/?p=1699"},"modified":"2023-05-26T10:00:46","modified_gmt":"2023-05-26T08:00:46","slug":"13-07-puisque-la-terre-est-ronde-fete-du-chateau-de-goutelas","status":"publish","type":"archive","link":"https:\/\/www.chateaudegoutelas.fr\/en\/archive\/13-07-puisque-la-terre-est-ronde-fete-du-chateau-de-goutelas\/","title":{"rendered":"13\/07 &#8211; PUISQUE LA TERRE EST RONDE : F\u00eate du ch\u00e2teau de Goutelas"},"content":{"rendered":"<div class=\"shmMigrate\"><\/div>\n<div class=\"shmMigrate\"><\/div>\n<div class=\"shmMigrate\"><\/div>\n<h4>Samedi 13 juillet<\/h4>\n<h4>Apr\u00e8s-midi familial 15h30 &#8211; 18h<\/h4>\n<h4>Sc\u00e8ne ouverte et food trucks 18h30<\/h4>\n<h4>Soir\u00e9e de concerts 20h30 &#8211; 02h<\/h4>\n<div class=\"shmMigrate\"><\/div>\n<div class=\"shmMigrate\"><\/div>\n<div class=\"shmMigrate\"><\/div>\n<p><strong>Puisque la terre est ronde\u2026 On ouvre en grand les portes du ch\u00e2teau !<\/strong><\/p>\n<p>Retrouvons-nous \u00e0 Goutelas pour une journ\u00e9e plac\u00e9e sous le signe de l\u2019hospitalit\u00e9 et de la f\u00eate.<\/p>\n<p>Au programme : un apr\u00e8s-midi autour des cabanes d\u00e9di\u00e9 aux familles, un accueil convivial et une soir\u00e9e de concerts en plein air m\u00ealant les g\u00e9n\u00e9rations et les influences swing, \u00e9lectro, balkanique, hip-hop, jazz, soul.<\/p>\n<p>&nbsp;<\/p>\n<p><span style=\"color: #008080;\"><strong>&gt; 15h30 \u00e0 18h\u00a0: Animations pour petits et grands autour des cabanes et du ch\u00e2teau<\/strong><\/span><\/p>\n<p><span style=\"font-style: normal !msorm;\"><em>L<\/em><\/span><span style=\"font-style: normal !msorm;\"><em>abyrinthe en bottes de paille, parcours pieds nus,\u2026<\/em><\/span><\/p>\n<p>&nbsp;<\/p>\n<p><span style=\"color: #008080;\"><strong>&gt; A partir de 18h30\u00a0: Sc\u00e8ne ouverte et food trucks sur les terrasses du ch\u00e2teau<\/strong><\/span><\/p>\n<p><span style=\"font-style: normal !msorm;\"><em>A<\/em><\/span><span style=\"font-style: normal !msorm;\"><em>utour d<\/em><\/span><span style=\"font-style: normal !msorm;\"><em>\u2019un verre offert par les b\u00e9n\u00e9voles de l\u2019association<\/em><\/span><\/p>\n<p>&nbsp;<\/p>\n<p><span style=\"color: #008080;\"><strong>&gt; A partir de 20h30\u00a0: Soir\u00e9e de concerts dans la cour d\u2019honneur<\/strong><\/span> avec\u00a0:<\/p>\n<p>\/ <span style=\"font-weight: normal !msorm;\"><strong>Supa Dupa<\/strong><\/span> : Supa Dupa, c&rsquo;est un groove organique br\u00fblant, un rap actuel qui puise ses racines dans le jazz et la soul.<\/p>\n<p>\/ <span style=\"font-weight: normal !msorm;\"><strong>Les Yeux D\u2019La T\u00eate<\/strong><\/span>\u00a0: de Paris \u00e0 Budapest en passant par Berlin, les chansons festives et m\u00e9tiss\u00e9es des Yeux D&rsquo;La T\u00eate sonnent comme un \u00e9change, une rencontre, une douce folie sans limite.<\/p>\n<p>\/ <span style=\"font-weight: normal !msorm;\"><strong>Kognitif<\/strong><\/span>\u00a0: Dj aux influences vari\u00e9es, le producteur Kognitif s\u2019impose aujourd\u2019hui comme une figure incontournable du Trip-Hop \u00e0 la fran\u00e7aise.<\/p>\n<div class=\"shmMigrate\"><\/div>\n<div class=\"shmMigrate\"><\/div>\n<div class=\"shmMigrate\"><\/div>\n<h4>Apr\u00e8s-midi familial : gratuit<\/h4>\n<h4>Entr\u00e9e payante d\u00e8s 18h30 :<\/h4>\n<h4>&gt; Pr\u00e9vente 15\u20ac<\/h4>\n<h4>&gt; Sur place 17\u20ac<\/h4>\n<p>&nbsp;<\/p>\n<p>&nbsp;<\/p>\n<h4>Retrouvez toutes les infos sur <a href=\"https:\/\/feteduchateau.wixsite.com\/2019\">https:\/\/feteduchateau.wixsite.com\/2019<\/a><\/h4>\n<div class=\"shmMigrate\"><\/div>\n<div class=\"shmMigrate\"><\/div>\n<div class=\"shmMigrate\"><\/div>\n<div class=\"shmMigrate\"><\/div>\n<div class=\"shmMigrate\"><\/div>\n<div class=\"shmMigrate\"><\/div>\n<div class=\"shmMigrate\"><\/div>","protected":false},"author":4,"featured_media":1701,"template":"","meta":{"site-sidebar-layout":"default","site-content-layout":"","ast-site-content-layout":"default","site-content-style":"default","site-sidebar-style":"default","ast-global-header-display":"","ast-banner-title-visibility":"","ast-main-header-display":"","ast-hfb-above-header-display":"","ast-hfb-below-header-display":"","ast-hfb-mobile-header-display":"","site-post-title":"","ast-breadcrumbs-content":null,"ast-featured-img":"","footer-sml-layout":"","ast-disable-related-posts":"","theme-transparent-header-meta":"","adv-header-id-meta":"","stick-header-meta":"","header-above-stick-meta":null,"header-main-stick-meta":"","header-below-stick-meta":null,"astra-migrate-meta-layouts":"default","ast-page-background-enabled":"default","ast-page-background-meta":{"desktop":{"background-color":"","background-image":"","background-repeat":"repeat","background-position":"center center","background-size":"auto","background-attachment":"scroll","background-type":"","background-media":"","overlay-type":"","overlay-color":"","overlay-opacity":"","overlay-gradient":""},"tablet":{"background-color":"","background-image":"","background-repeat":"repeat","background-position":"center center","background-size":"auto","background-attachment":"scroll","background-type":"","background-media":"","overlay-type":"","overlay-color":"","overlay-opacity":"","overlay-gradient":""},"mobile":{"background-color":"","background-image":"","background-repeat":"repeat","background-position":"center center","background-size":"auto","background-attachment":"scroll","background-type":"","background-media":"","overlay-type":"","overlay-color":"","overlay-opacity":"","overlay-gradient":""}},"ast-content-background-meta":{"desktop":{"background-color":"var(--ast-global-color-5)","background-image":"","background-repeat":"repeat","background-position":"center center","background-size":"auto","background-attachment":"scroll","background-type":"","background-media":"","overlay-type":"","overlay-color":"","overlay-opacity":"","overlay-gradient":""},"tablet":{"background-color":"var(--ast-global-color-5)","background-image":"","background-repeat":"repeat","background-position":"center center","background-size":"auto","background-attachment":"scroll","background-type":"","background-media":"","overlay-type":"","overlay-color":"","overlay-opacity":"","overlay-gradient":""},"mobile":{"background-color":"var(--ast-global-color-5)","background-image":"","background-repeat":"repeat","background-position":"center center","background-size":"auto","background-attachment":"scroll","background-type":"","background-media":"","overlay-type":"","overlay-color":"","overlay-opacity":"","overlay-gradient":""}}},"categories":[4],"tags":[9,13],"class_list":["post-1699","archive","type-archive","status-publish","has-post-thumbnail","hentry","category-actualites","tag-concert","tag-jeune-public"],"yoast_head":"<!-- This site is optimized with the Yoast SEO plugin v27.5 - https:\/\/yoast.com\/product\/yoast-seo-wordpress\/ -->\n<title>13\/07 - PUISQUE LA TERRE EST RONDE : F\u00eate du ch\u00e2teau de Goutelas - Ch\u00e2teau de Goutelas<\/title>\n<meta name=\"robots\" content=\"index, follow, max-snippet:-1, max-image-preview:large, max-video-preview:-1\" \/>\n<link rel=\"canonical\" href=\"https:\/\/www.chateaudegoutelas.fr\/en\/archive\/13-07-puisque-la-terre-est-ronde-fete-du-chateau-de-goutelas\/\" \/>\n<meta property=\"og:locale\" content=\"en_GB\" \/>\n<meta property=\"og:type\" content=\"article\" \/>\n<meta property=\"og:title\" content=\"13\/07 - PUISQUE LA TERRE EST RONDE : F\u00eate du ch\u00e2teau de Goutelas - Ch\u00e2teau de Goutelas\" \/>\n<meta property=\"og:description\" content=\"Samedi 13 juillet Apr\u00e8s-midi familial 15h30 &#8211; 18h Sc\u00e8ne ouverte et food trucks 18h30 Soir\u00e9e de concerts 20h30 &#8211; 02h Puisque la terre est ronde\u2026 On ouvre en grand les portes du ch\u00e2teau ! Retrouvons-nous \u00e0 Goutelas pour une journ\u00e9e plac\u00e9e sous le signe de l\u2019hospitalit\u00e9 et de la f\u00eate. Au programme : un apr\u00e8s-midi [&hellip;]\" \/>\n<meta property=\"og:url\" content=\"https:\/\/www.chateaudegoutelas.fr\/en\/archive\/13-07-puisque-la-terre-est-ronde-fete-du-chateau-de-goutelas\/\" \/>\n<meta property=\"og:site_name\" content=\"Ch\u00e2teau de Goutelas\" \/>\n<meta property=\"article:modified_time\" content=\"2023-05-26T08:00:46+00:00\" \/>\n<meta property=\"og:image\" content=\"https:\/\/www.chateaudegoutelas.fr\/wp-content\/uploads\/2019\/06\/1_Affiche_Goutelas_2019.jpg\" \/>\n\t<meta property=\"og:image:width\" content=\"778\" \/>\n\t<meta property=\"og:image:height\" content=\"1100\" \/>\n\t<meta property=\"og:image:type\" content=\"image\/jpeg\" \/>\n<meta name=\"twitter:card\" content=\"summary_large_image\" \/>\n<meta name=\"twitter:label1\" content=\"Estimated reading time\" \/>\n\t<meta name=\"twitter:data1\" content=\"1 minute\" \/>\n<script type=\"application\/ld+json\" class=\"yoast-schema-graph\">{\"@context\":\"https:\\\/\\\/schema.org\",\"@graph\":[{\"@type\":\"WebPage\",\"@id\":\"https:\\\/\\\/www.chateaudegoutelas.fr\\\/archive\\\/13-07-puisque-la-terre-est-ronde-fete-du-chateau-de-goutelas\\\/\",\"url\":\"https:\\\/\\\/www.chateaudegoutelas.fr\\\/archive\\\/13-07-puisque-la-terre-est-ronde-fete-du-chateau-de-goutelas\\\/\",\"name\":\"13\\\/07 - PUISQUE LA TERRE EST RONDE : F\u00eate du ch\u00e2teau de Goutelas - Ch\u00e2teau de Goutelas\",\"isPartOf\":{\"@id\":\"https:\\\/\\\/www.chateaudegoutelas.fr\\\/#website\"},\"primaryImageOfPage\":{\"@id\":\"https:\\\/\\\/www.chateaudegoutelas.fr\\\/archive\\\/13-07-puisque-la-terre-est-ronde-fete-du-chateau-de-goutelas\\\/#primaryimage\"},\"image\":{\"@id\":\"https:\\\/\\\/www.chateaudegoutelas.fr\\\/archive\\\/13-07-puisque-la-terre-est-ronde-fete-du-chateau-de-goutelas\\\/#primaryimage\"},\"thumbnailUrl\":\"https:\\\/\\\/www.chateaudegoutelas.fr\\\/wp-content\\\/uploads\\\/2019\\\/06\\\/1_Affiche_Goutelas_2019.jpg\",\"datePublished\":\"2019-02-08T14:32:14+00:00\",\"dateModified\":\"2023-05-26T08:00:46+00:00\",\"breadcrumb\":{\"@id\":\"https:\\\/\\\/www.chateaudegoutelas.fr\\\/archive\\\/13-07-puisque-la-terre-est-ronde-fete-du-chateau-de-goutelas\\\/#breadcrumb\"},\"inLanguage\":\"en-GB\",\"potentialAction\":[{\"@type\":\"ReadAction\",\"target\":[\"https:\\\/\\\/www.chateaudegoutelas.fr\\\/archive\\\/13-07-puisque-la-terre-est-ronde-fete-du-chateau-de-goutelas\\\/\"]}]},{\"@type\":\"ImageObject\",\"inLanguage\":\"en-GB\",\"@id\":\"https:\\\/\\\/www.chateaudegoutelas.fr\\\/archive\\\/13-07-puisque-la-terre-est-ronde-fete-du-chateau-de-goutelas\\\/#primaryimage\",\"url\":\"https:\\\/\\\/www.chateaudegoutelas.fr\\\/wp-content\\\/uploads\\\/2019\\\/06\\\/1_Affiche_Goutelas_2019.jpg\",\"contentUrl\":\"https:\\\/\\\/www.chateaudegoutelas.fr\\\/wp-content\\\/uploads\\\/2019\\\/06\\\/1_Affiche_Goutelas_2019.jpg\",\"width\":778,\"height\":1100},{\"@type\":\"BreadcrumbList\",\"@id\":\"https:\\\/\\\/www.chateaudegoutelas.fr\\\/archive\\\/13-07-puisque-la-terre-est-ronde-fete-du-chateau-de-goutelas\\\/#breadcrumb\",\"itemListElement\":[{\"@type\":\"ListItem\",\"position\":1,\"name\":\"Accueil\",\"item\":\"https:\\\/\\\/www.chateaudegoutelas.fr\\\/\"},{\"@type\":\"ListItem\",\"position\":2,\"name\":\"13\\\/07 &#8211; PUISQUE LA TERRE EST RONDE : F\u00eate du ch\u00e2teau de Goutelas\"}]},{\"@type\":\"WebSite\",\"@id\":\"https:\\\/\\\/www.chateaudegoutelas.fr\\\/#website\",\"url\":\"https:\\\/\\\/www.chateaudegoutelas.fr\\\/\",\"name\":\"Ch\u00e2teau de Goutelas\",\"description\":\"Un centre culturel de rencontre en Forez\",\"publisher\":{\"@id\":\"https:\\\/\\\/www.chateaudegoutelas.fr\\\/#organization\"},\"potentialAction\":[{\"@type\":\"SearchAction\",\"target\":{\"@type\":\"EntryPoint\",\"urlTemplate\":\"https:\\\/\\\/www.chateaudegoutelas.fr\\\/?s={search_term_string}\"},\"query-input\":{\"@type\":\"PropertyValueSpecification\",\"valueRequired\":true,\"valueName\":\"search_term_string\"}}],\"inLanguage\":\"en-GB\"},{\"@type\":\"Organization\",\"@id\":\"https:\\\/\\\/www.chateaudegoutelas.fr\\\/#organization\",\"name\":\"Ch\u00e2teau de Goutelas\",\"url\":\"https:\\\/\\\/www.chateaudegoutelas.fr\\\/\",\"logo\":{\"@type\":\"ImageObject\",\"inLanguage\":\"en-GB\",\"@id\":\"https:\\\/\\\/www.chateaudegoutelas.fr\\\/#\\\/schema\\\/logo\\\/image\\\/\",\"url\":\"https:\\\/\\\/www.chateaudegoutelas.fr\\\/wp-content\\\/uploads\\\/2023\\\/05\\\/logo-chateau-goutelas-bleu.png\",\"contentUrl\":\"https:\\\/\\\/www.chateaudegoutelas.fr\\\/wp-content\\\/uploads\\\/2023\\\/05\\\/logo-chateau-goutelas-bleu.png\",\"width\":1123,\"height\":327,\"caption\":\"Ch\u00e2teau de Goutelas\"},\"image\":{\"@id\":\"https:\\\/\\\/www.chateaudegoutelas.fr\\\/#\\\/schema\\\/logo\\\/image\\\/\"}}]}<\/script>\n<!-- \/ Yoast SEO plugin. -->","yoast_head_json":{"title":"13\/07 - PUISQUE LA TERRE EST RONDE : F\u00eate du ch\u00e2teau de Goutelas - Ch\u00e2teau de Goutelas","robots":{"index":"index","follow":"follow","max-snippet":"max-snippet:-1","max-image-preview":"max-image-preview:large","max-video-preview":"max-video-preview:-1"},"canonical":"https:\/\/www.chateaudegoutelas.fr\/en\/archive\/13-07-puisque-la-terre-est-ronde-fete-du-chateau-de-goutelas\/","og_locale":"en_GB","og_type":"article","og_title":"13\/07 - PUISQUE LA TERRE EST RONDE : F\u00eate du ch\u00e2teau de Goutelas - Ch\u00e2teau de Goutelas","og_description":"Samedi 13 juillet Apr\u00e8s-midi familial 15h30 &#8211; 18h Sc\u00e8ne ouverte et food trucks 18h30 Soir\u00e9e de concerts 20h30 &#8211; 02h Puisque la terre est ronde\u2026 On ouvre en grand les portes du ch\u00e2teau ! Retrouvons-nous \u00e0 Goutelas pour une journ\u00e9e plac\u00e9e sous le signe de l\u2019hospitalit\u00e9 et de la f\u00eate. Au programme : un apr\u00e8s-midi [&hellip;]","og_url":"https:\/\/www.chateaudegoutelas.fr\/en\/archive\/13-07-puisque-la-terre-est-ronde-fete-du-chateau-de-goutelas\/","og_site_name":"Ch\u00e2teau de Goutelas","article_modified_time":"2023-05-26T08:00:46+00:00","og_image":[{"width":778,"height":1100,"url":"https:\/\/www.chateaudegoutelas.fr\/wp-content\/uploads\/2019\/06\/1_Affiche_Goutelas_2019.jpg","type":"image\/jpeg"}],"twitter_card":"summary_large_image","twitter_misc":{"Estimated reading time":"1 minute"},"schema":{"@context":"https:\/\/schema.org","@graph":[{"@type":"WebPage","@id":"https:\/\/www.chateaudegoutelas.fr\/archive\/13-07-puisque-la-terre-est-ronde-fete-du-chateau-de-goutelas\/","url":"https:\/\/www.chateaudegoutelas.fr\/archive\/13-07-puisque-la-terre-est-ronde-fete-du-chateau-de-goutelas\/","name":"13\/07 - PUISQUE LA TERRE EST RONDE : F\u00eate du ch\u00e2teau de Goutelas - Ch\u00e2teau de Goutelas","isPartOf":{"@id":"https:\/\/www.chateaudegoutelas.fr\/#website"},"primaryImageOfPage":{"@id":"https:\/\/www.chateaudegoutelas.fr\/archive\/13-07-puisque-la-terre-est-ronde-fete-du-chateau-de-goutelas\/#primaryimage"},"image":{"@id":"https:\/\/www.chateaudegoutelas.fr\/archive\/13-07-puisque-la-terre-est-ronde-fete-du-chateau-de-goutelas\/#primaryimage"},"thumbnailUrl":"https:\/\/www.chateaudegoutelas.fr\/wp-content\/uploads\/2019\/06\/1_Affiche_Goutelas_2019.jpg","datePublished":"2019-02-08T14:32:14+00:00","dateModified":"2023-05-26T08:00:46+00:00","breadcrumb":{"@id":"https:\/\/www.chateaudegoutelas.fr\/archive\/13-07-puisque-la-terre-est-ronde-fete-du-chateau-de-goutelas\/#breadcrumb"},"inLanguage":"en-GB","potentialAction":[{"@type":"ReadAction","target":["https:\/\/www.chateaudegoutelas.fr\/archive\/13-07-puisque-la-terre-est-ronde-fete-du-chateau-de-goutelas\/"]}]},{"@type":"ImageObject","inLanguage":"en-GB","@id":"https:\/\/www.chateaudegoutelas.fr\/archive\/13-07-puisque-la-terre-est-ronde-fete-du-chateau-de-goutelas\/#primaryimage","url":"https:\/\/www.chateaudegoutelas.fr\/wp-content\/uploads\/2019\/06\/1_Affiche_Goutelas_2019.jpg","contentUrl":"https:\/\/www.chateaudegoutelas.fr\/wp-content\/uploads\/2019\/06\/1_Affiche_Goutelas_2019.jpg","width":778,"height":1100},{"@type":"BreadcrumbList","@id":"https:\/\/www.chateaudegoutelas.fr\/archive\/13-07-puisque-la-terre-est-ronde-fete-du-chateau-de-goutelas\/#breadcrumb","itemListElement":[{"@type":"ListItem","position":1,"name":"Accueil","item":"https:\/\/www.chateaudegoutelas.fr\/"},{"@type":"ListItem","position":2,"name":"13\/07 &#8211; PUISQUE LA TERRE EST RONDE : F\u00eate du ch\u00e2teau de Goutelas"}]},{"@type":"WebSite","@id":"https:\/\/www.chateaudegoutelas.fr\/#website","url":"https:\/\/www.chateaudegoutelas.fr\/","name":"Ch\u00e2teau de Goutelas","description":"Un centre culturel de rencontre en Forez","publisher":{"@id":"https:\/\/www.chateaudegoutelas.fr\/#organization"},"potentialAction":[{"@type":"SearchAction","target":{"@type":"EntryPoint","urlTemplate":"https:\/\/www.chateaudegoutelas.fr\/?s={search_term_string}"},"query-input":{"@type":"PropertyValueSpecification","valueRequired":true,"valueName":"search_term_string"}}],"inLanguage":"en-GB"},{"@type":"Organization","@id":"https:\/\/www.chateaudegoutelas.fr\/#organization","name":"Ch\u00e2teau de Goutelas","url":"https:\/\/www.chateaudegoutelas.fr\/","logo":{"@type":"ImageObject","inLanguage":"en-GB","@id":"https:\/\/www.chateaudegoutelas.fr\/#\/schema\/logo\/image\/","url":"https:\/\/www.chateaudegoutelas.fr\/wp-content\/uploads\/2023\/05\/logo-chateau-goutelas-bleu.png","contentUrl":"https:\/\/www.chateaudegoutelas.fr\/wp-content\/uploads\/2023\/05\/logo-chateau-goutelas-bleu.png","width":1123,"height":327,"caption":"Ch\u00e2teau de Goutelas"},"image":{"@id":"https:\/\/www.chateaudegoutelas.fr\/#\/schema\/logo\/image\/"}}]}},"_links":{"self":[{"href":"https:\/\/www.chateaudegoutelas.fr\/en\/wp-json\/wp\/v2\/archive\/1699","targetHints":{"allow":["GET"]}}],"collection":[{"href":"https:\/\/www.chateaudegoutelas.fr\/en\/wp-json\/wp\/v2\/archive"}],"about":[{"href":"https:\/\/www.chateaudegoutelas.fr\/en\/wp-json\/wp\/v2\/types\/archive"}],"author":[{"embeddable":true,"href":"https:\/\/www.chateaudegoutelas.fr\/en\/wp-json\/wp\/v2\/users\/4"}],"wp:featuredmedia":[{"embeddable":true,"href":"https:\/\/www.chateaudegoutelas.fr\/en\/wp-json\/wp\/v2\/media\/1701"}],"wp:attachment":[{"href":"https:\/\/www.chateaudegoutelas.fr\/en\/wp-json\/wp\/v2\/media?parent=1699"}],"wp:term":[{"taxonomy":"category","embeddable":true,"href":"https:\/\/www.chateaudegoutelas.fr\/en\/wp-json\/wp\/v2\/categories?post=1699"},{"taxonomy":"post_tag","embeddable":true,"href":"https:\/\/www.chateaudegoutelas.fr\/en\/wp-json\/wp\/v2\/tags?post=1699"}],"curies":[{"name":"wp","href":"https:\/\/api.w.org\/{rel}","templated":true}]}}