{"id":1410,"date":"2019-01-22T14:09:18","date_gmt":"2019-01-22T13:09:18","guid":{"rendered":"https:\/\/www.chateaudegoutelas.fr\/?p=1410"},"modified":"2023-05-26T10:01:03","modified_gmt":"2023-05-26T08:01:03","slug":"26-04-conference-daniel-kawka-autour-du-marteau-sans-maitre-et-de-pierre-boulez","status":"publish","type":"archive","link":"https:\/\/www.chateaudegoutelas.fr\/en\/archive\/26-04-conference-daniel-kawka-autour-du-marteau-sans-maitre-et-de-pierre-boulez\/","title":{"rendered":"26\/04 &#8211; CONF\u00c9RENCE : Daniel Kawka autour du Marteau sans ma\u00eetre et de Pierre Boulez"},"content":{"rendered":"<div class=\"shmMigrate\"><\/div>\n<div class=\"shmMigrate\"><\/div>\n<div class=\"shmMigrate\"><\/div>\n<h3><span style=\"color: #993300;\">Vendredi 26 avril | 20 h\u00a0<\/span><\/h3>\n<div class=\"shmMigrate\"><\/div>\n<div class=\"shmMigrate\"><\/div>\n<div class=\"shmMigrate\"><\/div>\n<div class=\"shmMigrate\"><\/div>\n<div class=\"shmMigrate\"><\/div>\n<div class=\"shmMigrate\"><\/div>\n<div class=\"shmMigrate\"><\/div>\n<div class=\"shmMigrate\"><\/div>\n<div class=\"shmMigrate\"><\/div>\n<div class=\"shmMigrate\"><\/div>\n<div class=\"shmMigrate\"><\/div>\n<p>Fondateur de l\u2019EOC, <strong>Daniel Kawka<\/strong> est un chef d\u2019orchestre \u00e9clectique qui prend plaisir \u00e0 partager avec tous les publics sa passion pour la musique du XXe si\u00e8cle. En amont de la r\u00e9sidence de l\u2019EOC \u00e0 Goutelas, <strong>il nous livre son regard personnel sur l\u2019\u0153uvre qui sera jou\u00e9e le 7 mai et sur le compositeur Pierre Boulez<\/strong> qu\u2019il a eu l\u2019occasion de c\u00f4toyer personnellement.<\/p>\n<div class=\"shmMigrate\"><\/div>\n<div class=\"shmMigrate\"><\/div>\n<div class=\"shmMigrate\"><\/div>\n<div class=\"shmMigrate\"><\/div>\n<div class=\"shmMigrate\"><\/div>\n<div class=\"shmMigrate\"><\/div>\n<div class=\"shmMigrate\"><\/div>\n<p>Dur\u00e9e\u00a0: 1 h<br \/>\nTarif unique\u00a0: 5\u00a0\u20ac<\/p>\n<div class=\"shmMigrate\"><\/div>\n<div class=\"shmMigrate\"><\/div>\n<div class=\"shmMigrate\"><\/div>","protected":false},"author":4,"featured_media":1411,"template":"","meta":{"site-sidebar-layout":"default","site-content-layout":"","ast-site-content-layout":"default","site-content-style":"default","site-sidebar-style":"default","ast-global-header-display":"","ast-banner-title-visibility":"","ast-main-header-display":"","ast-hfb-above-header-display":"","ast-hfb-below-header-display":"","ast-hfb-mobile-header-display":"","site-post-title":"","ast-breadcrumbs-content":null,"ast-featured-img":"","footer-sml-layout":"","ast-disable-related-posts":"","theme-transparent-header-meta":"","adv-header-id-meta":"","stick-header-meta":"","header-above-stick-meta":null,"header-main-stick-meta":"","header-below-stick-meta":null,"astra-migrate-meta-layouts":"default","ast-page-background-enabled":"default","ast-page-background-meta":{"desktop":{"background-color":"","background-image":"","background-repeat":"repeat","background-position":"center center","background-size":"auto","background-attachment":"scroll","background-type":"","background-media":"","overlay-type":"","overlay-color":"","overlay-opacity":"","overlay-gradient":""},"tablet":{"background-color":"","background-image":"","background-repeat":"repeat","background-position":"center center","background-size":"auto","background-attachment":"scroll","background-type":"","background-media":"","overlay-type":"","overlay-color":"","overlay-opacity":"","overlay-gradient":""},"mobile":{"background-color":"","background-image":"","background-repeat":"repeat","background-position":"center center","background-size":"auto","background-attachment":"scroll","background-type":"","background-media":"","overlay-type":"","overlay-color":"","overlay-opacity":"","overlay-gradient":""}},"ast-content-background-meta":{"desktop":{"background-color":"var(--ast-global-color-5)","background-image":"","background-repeat":"repeat","background-position":"center center","background-size":"auto","background-attachment":"scroll","background-type":"","background-media":"","overlay-type":"","overlay-color":"","overlay-opacity":"","overlay-gradient":""},"tablet":{"background-color":"var(--ast-global-color-5)","background-image":"","background-repeat":"repeat","background-position":"center center","background-size":"auto","background-attachment":"scroll","background-type":"","background-media":"","overlay-type":"","overlay-color":"","overlay-opacity":"","overlay-gradient":""},"mobile":{"background-color":"var(--ast-global-color-5)","background-image":"","background-repeat":"repeat","background-position":"center center","background-size":"auto","background-attachment":"scroll","background-type":"","background-media":"","overlay-type":"","overlay-color":"","overlay-opacity":"","overlay-gradient":""}}},"categories":[4],"tags":[],"class_list":["post-1410","archive","type-archive","status-publish","has-post-thumbnail","hentry","category-actualites"],"yoast_head":"<!-- This site is optimized with the Yoast SEO plugin v27.5 - https:\/\/yoast.com\/product\/yoast-seo-wordpress\/ -->\n<title>26\/04 - CONF\u00c9RENCE : Daniel Kawka autour du Marteau sans ma\u00eetre et de Pierre Boulez - Ch\u00e2teau de Goutelas<\/title>\n<meta name=\"robots\" content=\"index, follow, max-snippet:-1, max-image-preview:large, max-video-preview:-1\" \/>\n<link rel=\"canonical\" href=\"https:\/\/www.chateaudegoutelas.fr\/en\/archive\/26-04-conference-daniel-kawka-autour-du-marteau-sans-maitre-et-de-pierre-boulez\/\" \/>\n<meta property=\"og:locale\" content=\"en_GB\" \/>\n<meta property=\"og:type\" content=\"article\" \/>\n<meta property=\"og:title\" content=\"26\/04 - CONF\u00c9RENCE : Daniel Kawka autour du Marteau sans ma\u00eetre et de Pierre Boulez - Ch\u00e2teau de Goutelas\" \/>\n<meta property=\"og:description\" content=\"Vendredi 26 avril | 20 h\u00a0 Fondateur de l\u2019EOC, Daniel Kawka est un chef d\u2019orchestre \u00e9clectique qui prend plaisir \u00e0 partager avec tous les publics sa passion pour la musique du XXe si\u00e8cle. En amont de la r\u00e9sidence de l\u2019EOC \u00e0 Goutelas, il nous livre son regard personnel sur l\u2019\u0153uvre qui sera jou\u00e9e le 7 [&hellip;]\" \/>\n<meta property=\"og:url\" content=\"https:\/\/www.chateaudegoutelas.fr\/en\/archive\/26-04-conference-daniel-kawka-autour-du-marteau-sans-maitre-et-de-pierre-boulez\/\" \/>\n<meta property=\"og:site_name\" content=\"Ch\u00e2teau de Goutelas\" \/>\n<meta property=\"article:modified_time\" content=\"2023-05-26T08:01:03+00:00\" \/>\n<meta property=\"og:image\" content=\"https:\/\/www.chateaudegoutelas.fr\/wp-content\/uploads\/2019\/03\/Boulez.jpg\" \/>\n\t<meta property=\"og:image:width\" content=\"1100\" \/>\n\t<meta property=\"og:image:height\" content=\"619\" \/>\n\t<meta property=\"og:image:type\" content=\"image\/jpeg\" \/>\n<meta name=\"twitter:card\" content=\"summary_large_image\" \/>\n<script type=\"application\/ld+json\" class=\"yoast-schema-graph\">{\"@context\":\"https:\\\/\\\/schema.org\",\"@graph\":[{\"@type\":\"WebPage\",\"@id\":\"https:\\\/\\\/www.chateaudegoutelas.fr\\\/archive\\\/26-04-conference-daniel-kawka-autour-du-marteau-sans-maitre-et-de-pierre-boulez\\\/\",\"url\":\"https:\\\/\\\/www.chateaudegoutelas.fr\\\/archive\\\/26-04-conference-daniel-kawka-autour-du-marteau-sans-maitre-et-de-pierre-boulez\\\/\",\"name\":\"26\\\/04 - CONF\u00c9RENCE : Daniel Kawka autour du Marteau sans ma\u00eetre et de Pierre Boulez - Ch\u00e2teau de Goutelas\",\"isPartOf\":{\"@id\":\"https:\\\/\\\/www.chateaudegoutelas.fr\\\/#website\"},\"primaryImageOfPage\":{\"@id\":\"https:\\\/\\\/www.chateaudegoutelas.fr\\\/archive\\\/26-04-conference-daniel-kawka-autour-du-marteau-sans-maitre-et-de-pierre-boulez\\\/#primaryimage\"},\"image\":{\"@id\":\"https:\\\/\\\/www.chateaudegoutelas.fr\\\/archive\\\/26-04-conference-daniel-kawka-autour-du-marteau-sans-maitre-et-de-pierre-boulez\\\/#primaryimage\"},\"thumbnailUrl\":\"https:\\\/\\\/www.chateaudegoutelas.fr\\\/wp-content\\\/uploads\\\/2019\\\/03\\\/Boulez.jpg\",\"datePublished\":\"2019-01-22T13:09:18+00:00\",\"dateModified\":\"2023-05-26T08:01:03+00:00\",\"breadcrumb\":{\"@id\":\"https:\\\/\\\/www.chateaudegoutelas.fr\\\/archive\\\/26-04-conference-daniel-kawka-autour-du-marteau-sans-maitre-et-de-pierre-boulez\\\/#breadcrumb\"},\"inLanguage\":\"en-GB\",\"potentialAction\":[{\"@type\":\"ReadAction\",\"target\":[\"https:\\\/\\\/www.chateaudegoutelas.fr\\\/archive\\\/26-04-conference-daniel-kawka-autour-du-marteau-sans-maitre-et-de-pierre-boulez\\\/\"]}]},{\"@type\":\"ImageObject\",\"inLanguage\":\"en-GB\",\"@id\":\"https:\\\/\\\/www.chateaudegoutelas.fr\\\/archive\\\/26-04-conference-daniel-kawka-autour-du-marteau-sans-maitre-et-de-pierre-boulez\\\/#primaryimage\",\"url\":\"https:\\\/\\\/www.chateaudegoutelas.fr\\\/wp-content\\\/uploads\\\/2019\\\/03\\\/Boulez.jpg\",\"contentUrl\":\"https:\\\/\\\/www.chateaudegoutelas.fr\\\/wp-content\\\/uploads\\\/2019\\\/03\\\/Boulez.jpg\",\"width\":1100,\"height\":619},{\"@type\":\"BreadcrumbList\",\"@id\":\"https:\\\/\\\/www.chateaudegoutelas.fr\\\/archive\\\/26-04-conference-daniel-kawka-autour-du-marteau-sans-maitre-et-de-pierre-boulez\\\/#breadcrumb\",\"itemListElement\":[{\"@type\":\"ListItem\",\"position\":1,\"name\":\"Accueil\",\"item\":\"https:\\\/\\\/www.chateaudegoutelas.fr\\\/\"},{\"@type\":\"ListItem\",\"position\":2,\"name\":\"26\\\/04 &#8211; CONF\u00c9RENCE : Daniel Kawka autour du Marteau sans ma\u00eetre et de Pierre Boulez\"}]},{\"@type\":\"WebSite\",\"@id\":\"https:\\\/\\\/www.chateaudegoutelas.fr\\\/#website\",\"url\":\"https:\\\/\\\/www.chateaudegoutelas.fr\\\/\",\"name\":\"Ch\u00e2teau de Goutelas\",\"description\":\"Un centre culturel de rencontre en Forez\",\"publisher\":{\"@id\":\"https:\\\/\\\/www.chateaudegoutelas.fr\\\/#organization\"},\"potentialAction\":[{\"@type\":\"SearchAction\",\"target\":{\"@type\":\"EntryPoint\",\"urlTemplate\":\"https:\\\/\\\/www.chateaudegoutelas.fr\\\/?s={search_term_string}\"},\"query-input\":{\"@type\":\"PropertyValueSpecification\",\"valueRequired\":true,\"valueName\":\"search_term_string\"}}],\"inLanguage\":\"en-GB\"},{\"@type\":\"Organization\",\"@id\":\"https:\\\/\\\/www.chateaudegoutelas.fr\\\/#organization\",\"name\":\"Ch\u00e2teau de Goutelas\",\"url\":\"https:\\\/\\\/www.chateaudegoutelas.fr\\\/\",\"logo\":{\"@type\":\"ImageObject\",\"inLanguage\":\"en-GB\",\"@id\":\"https:\\\/\\\/www.chateaudegoutelas.fr\\\/#\\\/schema\\\/logo\\\/image\\\/\",\"url\":\"https:\\\/\\\/www.chateaudegoutelas.fr\\\/wp-content\\\/uploads\\\/2023\\\/05\\\/logo-chateau-goutelas-bleu.png\",\"contentUrl\":\"https:\\\/\\\/www.chateaudegoutelas.fr\\\/wp-content\\\/uploads\\\/2023\\\/05\\\/logo-chateau-goutelas-bleu.png\",\"width\":1123,\"height\":327,\"caption\":\"Ch\u00e2teau de Goutelas\"},\"image\":{\"@id\":\"https:\\\/\\\/www.chateaudegoutelas.fr\\\/#\\\/schema\\\/logo\\\/image\\\/\"}}]}<\/script>\n<!-- \/ Yoast SEO plugin. -->","yoast_head_json":{"title":"26\/04 - CONF\u00c9RENCE : Daniel Kawka autour du Marteau sans ma\u00eetre et de Pierre Boulez - Ch\u00e2teau de Goutelas","robots":{"index":"index","follow":"follow","max-snippet":"max-snippet:-1","max-image-preview":"max-image-preview:large","max-video-preview":"max-video-preview:-1"},"canonical":"https:\/\/www.chateaudegoutelas.fr\/en\/archive\/26-04-conference-daniel-kawka-autour-du-marteau-sans-maitre-et-de-pierre-boulez\/","og_locale":"en_GB","og_type":"article","og_title":"26\/04 - CONF\u00c9RENCE : Daniel Kawka autour du Marteau sans ma\u00eetre et de Pierre Boulez - Ch\u00e2teau de Goutelas","og_description":"Vendredi 26 avril | 20 h\u00a0 Fondateur de l\u2019EOC, Daniel Kawka est un chef d\u2019orchestre \u00e9clectique qui prend plaisir \u00e0 partager avec tous les publics sa passion pour la musique du XXe si\u00e8cle. En amont de la r\u00e9sidence de l\u2019EOC \u00e0 Goutelas, il nous livre son regard personnel sur l\u2019\u0153uvre qui sera jou\u00e9e le 7 [&hellip;]","og_url":"https:\/\/www.chateaudegoutelas.fr\/en\/archive\/26-04-conference-daniel-kawka-autour-du-marteau-sans-maitre-et-de-pierre-boulez\/","og_site_name":"Ch\u00e2teau de Goutelas","article_modified_time":"2023-05-26T08:01:03+00:00","og_image":[{"width":1100,"height":619,"url":"https:\/\/www.chateaudegoutelas.fr\/wp-content\/uploads\/2019\/03\/Boulez.jpg","type":"image\/jpeg"}],"twitter_card":"summary_large_image","schema":{"@context":"https:\/\/schema.org","@graph":[{"@type":"WebPage","@id":"https:\/\/www.chateaudegoutelas.fr\/archive\/26-04-conference-daniel-kawka-autour-du-marteau-sans-maitre-et-de-pierre-boulez\/","url":"https:\/\/www.chateaudegoutelas.fr\/archive\/26-04-conference-daniel-kawka-autour-du-marteau-sans-maitre-et-de-pierre-boulez\/","name":"26\/04 - CONF\u00c9RENCE : Daniel Kawka autour du Marteau sans ma\u00eetre et de Pierre Boulez - Ch\u00e2teau de Goutelas","isPartOf":{"@id":"https:\/\/www.chateaudegoutelas.fr\/#website"},"primaryImageOfPage":{"@id":"https:\/\/www.chateaudegoutelas.fr\/archive\/26-04-conference-daniel-kawka-autour-du-marteau-sans-maitre-et-de-pierre-boulez\/#primaryimage"},"image":{"@id":"https:\/\/www.chateaudegoutelas.fr\/archive\/26-04-conference-daniel-kawka-autour-du-marteau-sans-maitre-et-de-pierre-boulez\/#primaryimage"},"thumbnailUrl":"https:\/\/www.chateaudegoutelas.fr\/wp-content\/uploads\/2019\/03\/Boulez.jpg","datePublished":"2019-01-22T13:09:18+00:00","dateModified":"2023-05-26T08:01:03+00:00","breadcrumb":{"@id":"https:\/\/www.chateaudegoutelas.fr\/archive\/26-04-conference-daniel-kawka-autour-du-marteau-sans-maitre-et-de-pierre-boulez\/#breadcrumb"},"inLanguage":"en-GB","potentialAction":[{"@type":"ReadAction","target":["https:\/\/www.chateaudegoutelas.fr\/archive\/26-04-conference-daniel-kawka-autour-du-marteau-sans-maitre-et-de-pierre-boulez\/"]}]},{"@type":"ImageObject","inLanguage":"en-GB","@id":"https:\/\/www.chateaudegoutelas.fr\/archive\/26-04-conference-daniel-kawka-autour-du-marteau-sans-maitre-et-de-pierre-boulez\/#primaryimage","url":"https:\/\/www.chateaudegoutelas.fr\/wp-content\/uploads\/2019\/03\/Boulez.jpg","contentUrl":"https:\/\/www.chateaudegoutelas.fr\/wp-content\/uploads\/2019\/03\/Boulez.jpg","width":1100,"height":619},{"@type":"BreadcrumbList","@id":"https:\/\/www.chateaudegoutelas.fr\/archive\/26-04-conference-daniel-kawka-autour-du-marteau-sans-maitre-et-de-pierre-boulez\/#breadcrumb","itemListElement":[{"@type":"ListItem","position":1,"name":"Accueil","item":"https:\/\/www.chateaudegoutelas.fr\/"},{"@type":"ListItem","position":2,"name":"26\/04 &#8211; CONF\u00c9RENCE : Daniel Kawka autour du Marteau sans ma\u00eetre et de Pierre Boulez"}]},{"@type":"WebSite","@id":"https:\/\/www.chateaudegoutelas.fr\/#website","url":"https:\/\/www.chateaudegoutelas.fr\/","name":"Ch\u00e2teau de Goutelas","description":"Un centre culturel de rencontre en Forez","publisher":{"@id":"https:\/\/www.chateaudegoutelas.fr\/#organization"},"potentialAction":[{"@type":"SearchAction","target":{"@type":"EntryPoint","urlTemplate":"https:\/\/www.chateaudegoutelas.fr\/?s={search_term_string}"},"query-input":{"@type":"PropertyValueSpecification","valueRequired":true,"valueName":"search_term_string"}}],"inLanguage":"en-GB"},{"@type":"Organization","@id":"https:\/\/www.chateaudegoutelas.fr\/#organization","name":"Ch\u00e2teau de Goutelas","url":"https:\/\/www.chateaudegoutelas.fr\/","logo":{"@type":"ImageObject","inLanguage":"en-GB","@id":"https:\/\/www.chateaudegoutelas.fr\/#\/schema\/logo\/image\/","url":"https:\/\/www.chateaudegoutelas.fr\/wp-content\/uploads\/2023\/05\/logo-chateau-goutelas-bleu.png","contentUrl":"https:\/\/www.chateaudegoutelas.fr\/wp-content\/uploads\/2023\/05\/logo-chateau-goutelas-bleu.png","width":1123,"height":327,"caption":"Ch\u00e2teau de Goutelas"},"image":{"@id":"https:\/\/www.chateaudegoutelas.fr\/#\/schema\/logo\/image\/"}}]}},"_links":{"self":[{"href":"https:\/\/www.chateaudegoutelas.fr\/en\/wp-json\/wp\/v2\/archive\/1410","targetHints":{"allow":["GET"]}}],"collection":[{"href":"https:\/\/www.chateaudegoutelas.fr\/en\/wp-json\/wp\/v2\/archive"}],"about":[{"href":"https:\/\/www.chateaudegoutelas.fr\/en\/wp-json\/wp\/v2\/types\/archive"}],"author":[{"embeddable":true,"href":"https:\/\/www.chateaudegoutelas.fr\/en\/wp-json\/wp\/v2\/users\/4"}],"wp:featuredmedia":[{"embeddable":true,"href":"https:\/\/www.chateaudegoutelas.fr\/en\/wp-json\/wp\/v2\/media\/1411"}],"wp:attachment":[{"href":"https:\/\/www.chateaudegoutelas.fr\/en\/wp-json\/wp\/v2\/media?parent=1410"}],"wp:term":[{"taxonomy":"category","embeddable":true,"href":"https:\/\/www.chateaudegoutelas.fr\/en\/wp-json\/wp\/v2\/categories?post=1410"},{"taxonomy":"post_tag","embeddable":true,"href":"https:\/\/www.chateaudegoutelas.fr\/en\/wp-json\/wp\/v2\/tags?post=1410"}],"curies":[{"name":"wp","href":"https:\/\/api.w.org\/{rel}","templated":true}]}}