{"id":1396,"date":"2019-01-21T11:32:17","date_gmt":"2019-01-21T10:32:17","guid":{"rendered":"https:\/\/www.chateaudegoutelas.fr\/?p=1396"},"modified":"2023-05-26T10:01:03","modified_gmt":"2023-05-26T08:01:03","slug":"du-25-04-au-20-05-exposition-de-memoire-et-dombre-en-pleine-lumiere","status":"publish","type":"archive","link":"https:\/\/www.chateaudegoutelas.fr\/en\/archive\/du-25-04-au-20-05-exposition-de-memoire-et-dombre-en-pleine-lumiere\/","title":{"rendered":"Du 25\/04 AU 20\/05 &#8211; EXPOSITION : De m\u00e9moire et d&rsquo;ombre en pleine lumi\u00e8re"},"content":{"rendered":"<div class=\"shmMigrate\"><\/div>\n<div class=\"shmMigrate\"><\/div>\n<div class=\"shmMigrate\"><\/div>\n<p>Exposition des tableaux de V\u00e9ronique Peytour<\/p>\n<p>L\u2019artiste V\u00e9ronique Peytour vous invite \u00e0 d\u00e9couvrir <strong>les \u0153uvres qu\u2019elle a r\u00e9alis\u00e9es \u00e0 partir de son exp\u00e9rience aupr\u00e8s des malades d\u2019Alzheimer de l\u2019accueil de jour Volubilis.<\/strong> Invit\u00e9e \u00e0 partager des moments privil\u00e9gi\u00e9s avec ces personnes, elle s\u2019est laiss\u00e9 envelopper par les \u00e9motions suscit\u00e9es et a traduit celles-ci dans les tableaux expos\u00e9s au ch\u00e2teau. Acc\u00e8s libre Merci de vous pr\u00e9senter \u00e0 l\u2019accueil du ch\u00e2teau avant d\u2019acc\u00e9der \u00e0 l\u2019exposition<\/p>\n<div class=\"shmMigrate\"><\/div>\n<div class=\"shmMigrate\"><\/div>\n<div class=\"shmMigrate\"><\/div>","protected":false},"author":4,"featured_media":1399,"template":"","meta":{"site-sidebar-layout":"default","site-content-layout":"","ast-site-content-layout":"default","site-content-style":"default","site-sidebar-style":"default","ast-global-header-display":"","ast-banner-title-visibility":"","ast-main-header-display":"","ast-hfb-above-header-display":"","ast-hfb-below-header-display":"","ast-hfb-mobile-header-display":"","site-post-title":"","ast-breadcrumbs-content":null,"ast-featured-img":"","footer-sml-layout":"","ast-disable-related-posts":"","theme-transparent-header-meta":"","adv-header-id-meta":"","stick-header-meta":"","header-above-stick-meta":null,"header-main-stick-meta":"","header-below-stick-meta":null,"astra-migrate-meta-layouts":"default","ast-page-background-enabled":"default","ast-page-background-meta":{"desktop":{"background-color":"","background-image":"","background-repeat":"repeat","background-position":"center center","background-size":"auto","background-attachment":"scroll","background-type":"","background-media":"","overlay-type":"","overlay-color":"","overlay-opacity":"","overlay-gradient":""},"tablet":{"background-color":"","background-image":"","background-repeat":"repeat","background-position":"center center","background-size":"auto","background-attachment":"scroll","background-type":"","background-media":"","overlay-type":"","overlay-color":"","overlay-opacity":"","overlay-gradient":""},"mobile":{"background-color":"","background-image":"","background-repeat":"repeat","background-position":"center center","background-size":"auto","background-attachment":"scroll","background-type":"","background-media":"","overlay-type":"","overlay-color":"","overlay-opacity":"","overlay-gradient":""}},"ast-content-background-meta":{"desktop":{"background-color":"var(--ast-global-color-5)","background-image":"","background-repeat":"repeat","background-position":"center center","background-size":"auto","background-attachment":"scroll","background-type":"","background-media":"","overlay-type":"","overlay-color":"","overlay-opacity":"","overlay-gradient":""},"tablet":{"background-color":"var(--ast-global-color-5)","background-image":"","background-repeat":"repeat","background-position":"center center","background-size":"auto","background-attachment":"scroll","background-type":"","background-media":"","overlay-type":"","overlay-color":"","overlay-opacity":"","overlay-gradient":""},"mobile":{"background-color":"var(--ast-global-color-5)","background-image":"","background-repeat":"repeat","background-position":"center center","background-size":"auto","background-attachment":"scroll","background-type":"","background-media":"","overlay-type":"","overlay-color":"","overlay-opacity":"","overlay-gradient":""}}},"categories":[4],"tags":[],"class_list":["post-1396","archive","type-archive","status-publish","has-post-thumbnail","hentry","category-actualites"],"yoast_head":"<!-- This site is optimized with the Yoast SEO plugin v27.5 - https:\/\/yoast.com\/product\/yoast-seo-wordpress\/ -->\n<title>Du 25\/04 AU 20\/05 - EXPOSITION : De m\u00e9moire et d&#039;ombre en pleine lumi\u00e8re - Ch\u00e2teau de Goutelas<\/title>\n<meta name=\"robots\" content=\"index, follow, max-snippet:-1, max-image-preview:large, max-video-preview:-1\" \/>\n<link rel=\"canonical\" href=\"https:\/\/www.chateaudegoutelas.fr\/en\/archive\/du-25-04-au-20-05-exposition-de-memoire-et-dombre-en-pleine-lumiere\/\" \/>\n<meta property=\"og:locale\" content=\"en_GB\" \/>\n<meta property=\"og:type\" content=\"article\" \/>\n<meta property=\"og:title\" content=\"Du 25\/04 AU 20\/05 - EXPOSITION : De m\u00e9moire et d&#039;ombre en pleine lumi\u00e8re - Ch\u00e2teau de Goutelas\" \/>\n<meta property=\"og:description\" content=\"Exposition des tableaux de V\u00e9ronique Peytour L\u2019artiste V\u00e9ronique Peytour vous invite \u00e0 d\u00e9couvrir les \u0153uvres qu\u2019elle a r\u00e9alis\u00e9es \u00e0 partir de son exp\u00e9rience aupr\u00e8s des malades d\u2019Alzheimer de l\u2019accueil de jour Volubilis. Invit\u00e9e \u00e0 partager des moments privil\u00e9gi\u00e9s avec ces personnes, elle s\u2019est laiss\u00e9 envelopper par les \u00e9motions suscit\u00e9es et a traduit celles-ci dans les [&hellip;]\" \/>\n<meta property=\"og:url\" content=\"https:\/\/www.chateaudegoutelas.fr\/en\/archive\/du-25-04-au-20-05-exposition-de-memoire-et-dombre-en-pleine-lumiere\/\" \/>\n<meta property=\"og:site_name\" content=\"Ch\u00e2teau de Goutelas\" \/>\n<meta property=\"article:modified_time\" content=\"2023-05-26T08:01:03+00:00\" \/>\n<meta property=\"og:image\" content=\"https:\/\/www.chateaudegoutelas.fr\/wp-content\/uploads\/2019\/01\/V\u00e9ronique-Peytour.jpg\" \/>\n\t<meta property=\"og:image:width\" content=\"1100\" \/>\n\t<meta property=\"og:image:height\" content=\"1100\" \/>\n\t<meta property=\"og:image:type\" content=\"image\/jpeg\" \/>\n<meta name=\"twitter:card\" content=\"summary_large_image\" \/>\n<script type=\"application\/ld+json\" class=\"yoast-schema-graph\">{\"@context\":\"https:\\\/\\\/schema.org\",\"@graph\":[{\"@type\":\"WebPage\",\"@id\":\"https:\\\/\\\/www.chateaudegoutelas.fr\\\/archive\\\/du-25-04-au-20-05-exposition-de-memoire-et-dombre-en-pleine-lumiere\\\/\",\"url\":\"https:\\\/\\\/www.chateaudegoutelas.fr\\\/archive\\\/du-25-04-au-20-05-exposition-de-memoire-et-dombre-en-pleine-lumiere\\\/\",\"name\":\"Du 25\\\/04 AU 20\\\/05 - EXPOSITION : De m\u00e9moire et d'ombre en pleine lumi\u00e8re - Ch\u00e2teau de Goutelas\",\"isPartOf\":{\"@id\":\"https:\\\/\\\/www.chateaudegoutelas.fr\\\/#website\"},\"primaryImageOfPage\":{\"@id\":\"https:\\\/\\\/www.chateaudegoutelas.fr\\\/archive\\\/du-25-04-au-20-05-exposition-de-memoire-et-dombre-en-pleine-lumiere\\\/#primaryimage\"},\"image\":{\"@id\":\"https:\\\/\\\/www.chateaudegoutelas.fr\\\/archive\\\/du-25-04-au-20-05-exposition-de-memoire-et-dombre-en-pleine-lumiere\\\/#primaryimage\"},\"thumbnailUrl\":\"https:\\\/\\\/www.chateaudegoutelas.fr\\\/wp-content\\\/uploads\\\/2019\\\/01\\\/V\u00e9ronique-Peytour.jpg\",\"datePublished\":\"2019-01-21T10:32:17+00:00\",\"dateModified\":\"2023-05-26T08:01:03+00:00\",\"breadcrumb\":{\"@id\":\"https:\\\/\\\/www.chateaudegoutelas.fr\\\/archive\\\/du-25-04-au-20-05-exposition-de-memoire-et-dombre-en-pleine-lumiere\\\/#breadcrumb\"},\"inLanguage\":\"en-GB\",\"potentialAction\":[{\"@type\":\"ReadAction\",\"target\":[\"https:\\\/\\\/www.chateaudegoutelas.fr\\\/archive\\\/du-25-04-au-20-05-exposition-de-memoire-et-dombre-en-pleine-lumiere\\\/\"]}]},{\"@type\":\"ImageObject\",\"inLanguage\":\"en-GB\",\"@id\":\"https:\\\/\\\/www.chateaudegoutelas.fr\\\/archive\\\/du-25-04-au-20-05-exposition-de-memoire-et-dombre-en-pleine-lumiere\\\/#primaryimage\",\"url\":\"https:\\\/\\\/www.chateaudegoutelas.fr\\\/wp-content\\\/uploads\\\/2019\\\/01\\\/V\u00e9ronique-Peytour.jpg\",\"contentUrl\":\"https:\\\/\\\/www.chateaudegoutelas.fr\\\/wp-content\\\/uploads\\\/2019\\\/01\\\/V\u00e9ronique-Peytour.jpg\",\"width\":1100,\"height\":1100,\"caption\":\"dav\"},{\"@type\":\"BreadcrumbList\",\"@id\":\"https:\\\/\\\/www.chateaudegoutelas.fr\\\/archive\\\/du-25-04-au-20-05-exposition-de-memoire-et-dombre-en-pleine-lumiere\\\/#breadcrumb\",\"itemListElement\":[{\"@type\":\"ListItem\",\"position\":1,\"name\":\"Accueil\",\"item\":\"https:\\\/\\\/www.chateaudegoutelas.fr\\\/\"},{\"@type\":\"ListItem\",\"position\":2,\"name\":\"Du 25\\\/04 AU 20\\\/05 &#8211; EXPOSITION : De m\u00e9moire et d&rsquo;ombre en pleine lumi\u00e8re\"}]},{\"@type\":\"WebSite\",\"@id\":\"https:\\\/\\\/www.chateaudegoutelas.fr\\\/#website\",\"url\":\"https:\\\/\\\/www.chateaudegoutelas.fr\\\/\",\"name\":\"Ch\u00e2teau de Goutelas\",\"description\":\"Un centre culturel de rencontre en Forez\",\"publisher\":{\"@id\":\"https:\\\/\\\/www.chateaudegoutelas.fr\\\/#organization\"},\"potentialAction\":[{\"@type\":\"SearchAction\",\"target\":{\"@type\":\"EntryPoint\",\"urlTemplate\":\"https:\\\/\\\/www.chateaudegoutelas.fr\\\/?s={search_term_string}\"},\"query-input\":{\"@type\":\"PropertyValueSpecification\",\"valueRequired\":true,\"valueName\":\"search_term_string\"}}],\"inLanguage\":\"en-GB\"},{\"@type\":\"Organization\",\"@id\":\"https:\\\/\\\/www.chateaudegoutelas.fr\\\/#organization\",\"name\":\"Ch\u00e2teau de Goutelas\",\"url\":\"https:\\\/\\\/www.chateaudegoutelas.fr\\\/\",\"logo\":{\"@type\":\"ImageObject\",\"inLanguage\":\"en-GB\",\"@id\":\"https:\\\/\\\/www.chateaudegoutelas.fr\\\/#\\\/schema\\\/logo\\\/image\\\/\",\"url\":\"https:\\\/\\\/www.chateaudegoutelas.fr\\\/wp-content\\\/uploads\\\/2023\\\/05\\\/logo-chateau-goutelas-bleu.png\",\"contentUrl\":\"https:\\\/\\\/www.chateaudegoutelas.fr\\\/wp-content\\\/uploads\\\/2023\\\/05\\\/logo-chateau-goutelas-bleu.png\",\"width\":1123,\"height\":327,\"caption\":\"Ch\u00e2teau de Goutelas\"},\"image\":{\"@id\":\"https:\\\/\\\/www.chateaudegoutelas.fr\\\/#\\\/schema\\\/logo\\\/image\\\/\"}}]}<\/script>\n<!-- \/ Yoast SEO plugin. -->","yoast_head_json":{"title":"Du 25\/04 AU 20\/05 - EXPOSITION : De m\u00e9moire et d'ombre en pleine lumi\u00e8re - Ch\u00e2teau de Goutelas","robots":{"index":"index","follow":"follow","max-snippet":"max-snippet:-1","max-image-preview":"max-image-preview:large","max-video-preview":"max-video-preview:-1"},"canonical":"https:\/\/www.chateaudegoutelas.fr\/en\/archive\/du-25-04-au-20-05-exposition-de-memoire-et-dombre-en-pleine-lumiere\/","og_locale":"en_GB","og_type":"article","og_title":"Du 25\/04 AU 20\/05 - EXPOSITION : De m\u00e9moire et d'ombre en pleine lumi\u00e8re - Ch\u00e2teau de Goutelas","og_description":"Exposition des tableaux de V\u00e9ronique Peytour L\u2019artiste V\u00e9ronique Peytour vous invite \u00e0 d\u00e9couvrir les \u0153uvres qu\u2019elle a r\u00e9alis\u00e9es \u00e0 partir de son exp\u00e9rience aupr\u00e8s des malades d\u2019Alzheimer de l\u2019accueil de jour Volubilis. Invit\u00e9e \u00e0 partager des moments privil\u00e9gi\u00e9s avec ces personnes, elle s\u2019est laiss\u00e9 envelopper par les \u00e9motions suscit\u00e9es et a traduit celles-ci dans les [&hellip;]","og_url":"https:\/\/www.chateaudegoutelas.fr\/en\/archive\/du-25-04-au-20-05-exposition-de-memoire-et-dombre-en-pleine-lumiere\/","og_site_name":"Ch\u00e2teau de Goutelas","article_modified_time":"2023-05-26T08:01:03+00:00","og_image":[{"width":1100,"height":1100,"url":"https:\/\/www.chateaudegoutelas.fr\/wp-content\/uploads\/2019\/01\/V\u00e9ronique-Peytour.jpg","type":"image\/jpeg"}],"twitter_card":"summary_large_image","schema":{"@context":"https:\/\/schema.org","@graph":[{"@type":"WebPage","@id":"https:\/\/www.chateaudegoutelas.fr\/archive\/du-25-04-au-20-05-exposition-de-memoire-et-dombre-en-pleine-lumiere\/","url":"https:\/\/www.chateaudegoutelas.fr\/archive\/du-25-04-au-20-05-exposition-de-memoire-et-dombre-en-pleine-lumiere\/","name":"Du 25\/04 AU 20\/05 - EXPOSITION : De m\u00e9moire et d'ombre en pleine lumi\u00e8re - Ch\u00e2teau de Goutelas","isPartOf":{"@id":"https:\/\/www.chateaudegoutelas.fr\/#website"},"primaryImageOfPage":{"@id":"https:\/\/www.chateaudegoutelas.fr\/archive\/du-25-04-au-20-05-exposition-de-memoire-et-dombre-en-pleine-lumiere\/#primaryimage"},"image":{"@id":"https:\/\/www.chateaudegoutelas.fr\/archive\/du-25-04-au-20-05-exposition-de-memoire-et-dombre-en-pleine-lumiere\/#primaryimage"},"thumbnailUrl":"https:\/\/www.chateaudegoutelas.fr\/wp-content\/uploads\/2019\/01\/V\u00e9ronique-Peytour.jpg","datePublished":"2019-01-21T10:32:17+00:00","dateModified":"2023-05-26T08:01:03+00:00","breadcrumb":{"@id":"https:\/\/www.chateaudegoutelas.fr\/archive\/du-25-04-au-20-05-exposition-de-memoire-et-dombre-en-pleine-lumiere\/#breadcrumb"},"inLanguage":"en-GB","potentialAction":[{"@type":"ReadAction","target":["https:\/\/www.chateaudegoutelas.fr\/archive\/du-25-04-au-20-05-exposition-de-memoire-et-dombre-en-pleine-lumiere\/"]}]},{"@type":"ImageObject","inLanguage":"en-GB","@id":"https:\/\/www.chateaudegoutelas.fr\/archive\/du-25-04-au-20-05-exposition-de-memoire-et-dombre-en-pleine-lumiere\/#primaryimage","url":"https:\/\/www.chateaudegoutelas.fr\/wp-content\/uploads\/2019\/01\/V\u00e9ronique-Peytour.jpg","contentUrl":"https:\/\/www.chateaudegoutelas.fr\/wp-content\/uploads\/2019\/01\/V\u00e9ronique-Peytour.jpg","width":1100,"height":1100,"caption":"dav"},{"@type":"BreadcrumbList","@id":"https:\/\/www.chateaudegoutelas.fr\/archive\/du-25-04-au-20-05-exposition-de-memoire-et-dombre-en-pleine-lumiere\/#breadcrumb","itemListElement":[{"@type":"ListItem","position":1,"name":"Accueil","item":"https:\/\/www.chateaudegoutelas.fr\/"},{"@type":"ListItem","position":2,"name":"Du 25\/04 AU 20\/05 &#8211; EXPOSITION : De m\u00e9moire et d&rsquo;ombre en pleine lumi\u00e8re"}]},{"@type":"WebSite","@id":"https:\/\/www.chateaudegoutelas.fr\/#website","url":"https:\/\/www.chateaudegoutelas.fr\/","name":"Ch\u00e2teau de Goutelas","description":"Un centre culturel de rencontre en Forez","publisher":{"@id":"https:\/\/www.chateaudegoutelas.fr\/#organization"},"potentialAction":[{"@type":"SearchAction","target":{"@type":"EntryPoint","urlTemplate":"https:\/\/www.chateaudegoutelas.fr\/?s={search_term_string}"},"query-input":{"@type":"PropertyValueSpecification","valueRequired":true,"valueName":"search_term_string"}}],"inLanguage":"en-GB"},{"@type":"Organization","@id":"https:\/\/www.chateaudegoutelas.fr\/#organization","name":"Ch\u00e2teau de Goutelas","url":"https:\/\/www.chateaudegoutelas.fr\/","logo":{"@type":"ImageObject","inLanguage":"en-GB","@id":"https:\/\/www.chateaudegoutelas.fr\/#\/schema\/logo\/image\/","url":"https:\/\/www.chateaudegoutelas.fr\/wp-content\/uploads\/2023\/05\/logo-chateau-goutelas-bleu.png","contentUrl":"https:\/\/www.chateaudegoutelas.fr\/wp-content\/uploads\/2023\/05\/logo-chateau-goutelas-bleu.png","width":1123,"height":327,"caption":"Ch\u00e2teau de Goutelas"},"image":{"@id":"https:\/\/www.chateaudegoutelas.fr\/#\/schema\/logo\/image\/"}}]}},"_links":{"self":[{"href":"https:\/\/www.chateaudegoutelas.fr\/en\/wp-json\/wp\/v2\/archive\/1396","targetHints":{"allow":["GET"]}}],"collection":[{"href":"https:\/\/www.chateaudegoutelas.fr\/en\/wp-json\/wp\/v2\/archive"}],"about":[{"href":"https:\/\/www.chateaudegoutelas.fr\/en\/wp-json\/wp\/v2\/types\/archive"}],"author":[{"embeddable":true,"href":"https:\/\/www.chateaudegoutelas.fr\/en\/wp-json\/wp\/v2\/users\/4"}],"wp:featuredmedia":[{"embeddable":true,"href":"https:\/\/www.chateaudegoutelas.fr\/en\/wp-json\/wp\/v2\/media\/1399"}],"wp:attachment":[{"href":"https:\/\/www.chateaudegoutelas.fr\/en\/wp-json\/wp\/v2\/media?parent=1396"}],"wp:term":[{"taxonomy":"category","embeddable":true,"href":"https:\/\/www.chateaudegoutelas.fr\/en\/wp-json\/wp\/v2\/categories?post=1396"},{"taxonomy":"post_tag","embeddable":true,"href":"https:\/\/www.chateaudegoutelas.fr\/en\/wp-json\/wp\/v2\/tags?post=1396"}],"curies":[{"name":"wp","href":"https:\/\/api.w.org\/{rel}","templated":true}]}}