{"id":1361,"date":"2019-01-11T14:19:28","date_gmt":"2019-01-11T13:19:28","guid":{"rendered":"https:\/\/www.chateaudegoutelas.fr\/?p=1361"},"modified":"2023-05-26T10:01:09","modified_gmt":"2023-05-26T08:01:09","slug":"08-03-repetition-ouverte-avec-les-compagnies-la-cogite-et-cie-du-theatre-du-songe","status":"publish","type":"archive","link":"https:\/\/www.chateaudegoutelas.fr\/en\/archive\/08-03-repetition-ouverte-avec-les-compagnies-la-cogite-et-cie-du-theatre-du-songe\/","title":{"rendered":"08\/03 R\u00c9P\u00c9TITION OUVERTE : avec les compagnies La Cogite et Cie du Th\u00e9\u00e2tre du Songe"},"content":{"rendered":"<div class=\"shmMigrate\"><\/div>\n<div class=\"shmMigrate\"><\/div>\n<div class=\"shmMigrate\"><\/div>\n<p>Vendredi 8 mars | 15 h<\/p>\n<div class=\"shmMigrate\"><\/div>\n<div class=\"shmMigrate\"><\/div>\n<div class=\"shmMigrate\"><\/div>\n<div class=\"shmMigrate\"><\/div>\n<div class=\"shmMigrate\"><\/div>\n<div class=\"shmMigrate\"><\/div>\n<div class=\"shmMigrate\"><\/div>\n<div class=\"shmMigrate\"><\/div>\n<div class=\"shmMigrate\"><\/div>\n<div class=\"shmMigrate\"><\/div>\n<div class=\"shmMigrate\"><\/div>\n<p>Andr\u00e9 Reynaud et \u00c9va Mifsud de la Cie du Th\u00e9\u00e2tre du Songe travaillent depuis un an sur le texte La Devise de Fran\u00e7ois B\u00e9gaudeau. Apr\u00e8s en avoir r\u00e9alis\u00e9 une premi\u00e8re forme, ils d\u00e9sirent poursuivre et approfondir leur travail avec un nouveau regard et une refonte de la mise en sc\u00e8ne. La Cie La Cogite devient partenaire et son metteur en sc\u00e8ne Yanick Guillermin rejoint cette aventure th\u00e9\u00e2trale.<\/p>\n<p>Apr\u00e8s plusieurs s\u00e9ances de travail autour de la table, l\u2019\u00e9quipe entame sa premi\u00e8re p\u00e9riode de r\u00e9p\u00e9titions dans l\u2019espace au ch\u00e2teau de Goutelas. Celle-ci permettra de mettre en forme les nouveaux enjeux artistiques et d\u2019explorer plus avant le jeu et les liens entre les deux personnages de la pi\u00e8ce.<\/p>\n<p>Venez d\u00e9couvrir ce travail \u00e0 l\u2019occasion d\u2019une r\u00e9p\u00e9tition ouverte au ch\u00e2teau le vendredi 8 mars \u00e0 partir de 15h !<\/p>\n<div class=\"shmMigrate\"><\/div>\n<div class=\"shmMigrate\"><\/div>\n<div class=\"shmMigrate\"><\/div>","protected":false},"author":4,"featured_media":1362,"template":"","meta":{"site-sidebar-layout":"default","site-content-layout":"","ast-site-content-layout":"default","site-content-style":"default","site-sidebar-style":"default","ast-global-header-display":"","ast-banner-title-visibility":"","ast-main-header-display":"","ast-hfb-above-header-display":"","ast-hfb-below-header-display":"","ast-hfb-mobile-header-display":"","site-post-title":"","ast-breadcrumbs-content":null,"ast-featured-img":"","footer-sml-layout":"","ast-disable-related-posts":"","theme-transparent-header-meta":"","adv-header-id-meta":"","stick-header-meta":"","header-above-stick-meta":null,"header-main-stick-meta":"","header-below-stick-meta":null,"astra-migrate-meta-layouts":"default","ast-page-background-enabled":"default","ast-page-background-meta":{"desktop":{"background-color":"","background-image":"","background-repeat":"repeat","background-position":"center center","background-size":"auto","background-attachment":"scroll","background-type":"","background-media":"","overlay-type":"","overlay-color":"","overlay-opacity":"","overlay-gradient":""},"tablet":{"background-color":"","background-image":"","background-repeat":"repeat","background-position":"center center","background-size":"auto","background-attachment":"scroll","background-type":"","background-media":"","overlay-type":"","overlay-color":"","overlay-opacity":"","overlay-gradient":""},"mobile":{"background-color":"","background-image":"","background-repeat":"repeat","background-position":"center center","background-size":"auto","background-attachment":"scroll","background-type":"","background-media":"","overlay-type":"","overlay-color":"","overlay-opacity":"","overlay-gradient":""}},"ast-content-background-meta":{"desktop":{"background-color":"var(--ast-global-color-5)","background-image":"","background-repeat":"repeat","background-position":"center center","background-size":"auto","background-attachment":"scroll","background-type":"","background-media":"","overlay-type":"","overlay-color":"","overlay-opacity":"","overlay-gradient":""},"tablet":{"background-color":"var(--ast-global-color-5)","background-image":"","background-repeat":"repeat","background-position":"center center","background-size":"auto","background-attachment":"scroll","background-type":"","background-media":"","overlay-type":"","overlay-color":"","overlay-opacity":"","overlay-gradient":""},"mobile":{"background-color":"var(--ast-global-color-5)","background-image":"","background-repeat":"repeat","background-position":"center center","background-size":"auto","background-attachment":"scroll","background-type":"","background-media":"","overlay-type":"","overlay-color":"","overlay-opacity":"","overlay-gradient":""}}},"categories":[4],"tags":[24],"class_list":["post-1361","archive","type-archive","status-publish","has-post-thumbnail","hentry","category-actualites","tag-theatre"],"yoast_head":"<!-- This site is optimized with the Yoast SEO plugin v27.5 - https:\/\/yoast.com\/product\/yoast-seo-wordpress\/ -->\n<title>08\/03 R\u00c9P\u00c9TITION OUVERTE : avec les compagnies La Cogite et Cie du Th\u00e9\u00e2tre du Songe - Ch\u00e2teau de Goutelas<\/title>\n<meta name=\"robots\" content=\"index, follow, max-snippet:-1, max-image-preview:large, max-video-preview:-1\" \/>\n<link rel=\"canonical\" href=\"https:\/\/www.chateaudegoutelas.fr\/en\/archive\/08-03-repetition-ouverte-avec-les-compagnies-la-cogite-et-cie-du-theatre-du-songe\/\" \/>\n<meta property=\"og:locale\" content=\"en_GB\" \/>\n<meta property=\"og:type\" content=\"article\" \/>\n<meta property=\"og:title\" content=\"08\/03 R\u00c9P\u00c9TITION OUVERTE : avec les compagnies La Cogite et Cie du Th\u00e9\u00e2tre du Songe - Ch\u00e2teau de Goutelas\" \/>\n<meta property=\"og:description\" content=\"Vendredi 8 mars | 15 h Andr\u00e9 Reynaud et \u00c9va Mifsud de la Cie du Th\u00e9\u00e2tre du Songe travaillent depuis un an sur le texte La Devise de Fran\u00e7ois B\u00e9gaudeau. Apr\u00e8s en avoir r\u00e9alis\u00e9 une premi\u00e8re forme, ils d\u00e9sirent poursuivre et approfondir leur travail avec un nouveau regard et une refonte de la mise en [&hellip;]\" \/>\n<meta property=\"og:url\" content=\"https:\/\/www.chateaudegoutelas.fr\/en\/archive\/08-03-repetition-ouverte-avec-les-compagnies-la-cogite-et-cie-du-theatre-du-songe\/\" \/>\n<meta property=\"og:site_name\" content=\"Ch\u00e2teau de Goutelas\" \/>\n<meta property=\"article:modified_time\" content=\"2023-05-26T08:01:09+00:00\" \/>\n<meta property=\"og:image\" content=\"https:\/\/www.chateaudegoutelas.fr\/wp-content\/uploads\/2019\/02\/La-Cogite.jpg\" \/>\n\t<meta property=\"og:image:width\" content=\"458\" \/>\n\t<meta property=\"og:image:height\" content=\"400\" \/>\n\t<meta property=\"og:image:type\" content=\"image\/jpeg\" \/>\n<meta name=\"twitter:card\" content=\"summary_large_image\" \/>\n<meta name=\"twitter:label1\" content=\"Estimated reading time\" \/>\n\t<meta name=\"twitter:data1\" content=\"1 minute\" \/>\n<script type=\"application\/ld+json\" class=\"yoast-schema-graph\">{\"@context\":\"https:\\\/\\\/schema.org\",\"@graph\":[{\"@type\":\"WebPage\",\"@id\":\"https:\\\/\\\/www.chateaudegoutelas.fr\\\/archive\\\/08-03-repetition-ouverte-avec-les-compagnies-la-cogite-et-cie-du-theatre-du-songe\\\/\",\"url\":\"https:\\\/\\\/www.chateaudegoutelas.fr\\\/archive\\\/08-03-repetition-ouverte-avec-les-compagnies-la-cogite-et-cie-du-theatre-du-songe\\\/\",\"name\":\"08\\\/03 R\u00c9P\u00c9TITION OUVERTE : avec les compagnies La Cogite et Cie du Th\u00e9\u00e2tre du Songe - Ch\u00e2teau de Goutelas\",\"isPartOf\":{\"@id\":\"https:\\\/\\\/www.chateaudegoutelas.fr\\\/#website\"},\"primaryImageOfPage\":{\"@id\":\"https:\\\/\\\/www.chateaudegoutelas.fr\\\/archive\\\/08-03-repetition-ouverte-avec-les-compagnies-la-cogite-et-cie-du-theatre-du-songe\\\/#primaryimage\"},\"image\":{\"@id\":\"https:\\\/\\\/www.chateaudegoutelas.fr\\\/archive\\\/08-03-repetition-ouverte-avec-les-compagnies-la-cogite-et-cie-du-theatre-du-songe\\\/#primaryimage\"},\"thumbnailUrl\":\"https:\\\/\\\/www.chateaudegoutelas.fr\\\/wp-content\\\/uploads\\\/2019\\\/02\\\/La-Cogite.jpg\",\"datePublished\":\"2019-01-11T13:19:28+00:00\",\"dateModified\":\"2023-05-26T08:01:09+00:00\",\"breadcrumb\":{\"@id\":\"https:\\\/\\\/www.chateaudegoutelas.fr\\\/archive\\\/08-03-repetition-ouverte-avec-les-compagnies-la-cogite-et-cie-du-theatre-du-songe\\\/#breadcrumb\"},\"inLanguage\":\"en-GB\",\"potentialAction\":[{\"@type\":\"ReadAction\",\"target\":[\"https:\\\/\\\/www.chateaudegoutelas.fr\\\/archive\\\/08-03-repetition-ouverte-avec-les-compagnies-la-cogite-et-cie-du-theatre-du-songe\\\/\"]}]},{\"@type\":\"ImageObject\",\"inLanguage\":\"en-GB\",\"@id\":\"https:\\\/\\\/www.chateaudegoutelas.fr\\\/archive\\\/08-03-repetition-ouverte-avec-les-compagnies-la-cogite-et-cie-du-theatre-du-songe\\\/#primaryimage\",\"url\":\"https:\\\/\\\/www.chateaudegoutelas.fr\\\/wp-content\\\/uploads\\\/2019\\\/02\\\/La-Cogite.jpg\",\"contentUrl\":\"https:\\\/\\\/www.chateaudegoutelas.fr\\\/wp-content\\\/uploads\\\/2019\\\/02\\\/La-Cogite.jpg\",\"width\":458,\"height\":400},{\"@type\":\"BreadcrumbList\",\"@id\":\"https:\\\/\\\/www.chateaudegoutelas.fr\\\/archive\\\/08-03-repetition-ouverte-avec-les-compagnies-la-cogite-et-cie-du-theatre-du-songe\\\/#breadcrumb\",\"itemListElement\":[{\"@type\":\"ListItem\",\"position\":1,\"name\":\"Accueil\",\"item\":\"https:\\\/\\\/www.chateaudegoutelas.fr\\\/\"},{\"@type\":\"ListItem\",\"position\":2,\"name\":\"08\\\/03 R\u00c9P\u00c9TITION OUVERTE : avec les compagnies La Cogite et Cie du Th\u00e9\u00e2tre du Songe\"}]},{\"@type\":\"WebSite\",\"@id\":\"https:\\\/\\\/www.chateaudegoutelas.fr\\\/#website\",\"url\":\"https:\\\/\\\/www.chateaudegoutelas.fr\\\/\",\"name\":\"Ch\u00e2teau de Goutelas\",\"description\":\"Un centre culturel de rencontre en Forez\",\"publisher\":{\"@id\":\"https:\\\/\\\/www.chateaudegoutelas.fr\\\/#organization\"},\"potentialAction\":[{\"@type\":\"SearchAction\",\"target\":{\"@type\":\"EntryPoint\",\"urlTemplate\":\"https:\\\/\\\/www.chateaudegoutelas.fr\\\/?s={search_term_string}\"},\"query-input\":{\"@type\":\"PropertyValueSpecification\",\"valueRequired\":true,\"valueName\":\"search_term_string\"}}],\"inLanguage\":\"en-GB\"},{\"@type\":\"Organization\",\"@id\":\"https:\\\/\\\/www.chateaudegoutelas.fr\\\/#organization\",\"name\":\"Ch\u00e2teau de Goutelas\",\"url\":\"https:\\\/\\\/www.chateaudegoutelas.fr\\\/\",\"logo\":{\"@type\":\"ImageObject\",\"inLanguage\":\"en-GB\",\"@id\":\"https:\\\/\\\/www.chateaudegoutelas.fr\\\/#\\\/schema\\\/logo\\\/image\\\/\",\"url\":\"https:\\\/\\\/www.chateaudegoutelas.fr\\\/wp-content\\\/uploads\\\/2023\\\/05\\\/logo-chateau-goutelas-bleu.png\",\"contentUrl\":\"https:\\\/\\\/www.chateaudegoutelas.fr\\\/wp-content\\\/uploads\\\/2023\\\/05\\\/logo-chateau-goutelas-bleu.png\",\"width\":1123,\"height\":327,\"caption\":\"Ch\u00e2teau de Goutelas\"},\"image\":{\"@id\":\"https:\\\/\\\/www.chateaudegoutelas.fr\\\/#\\\/schema\\\/logo\\\/image\\\/\"}}]}<\/script>\n<!-- \/ Yoast SEO plugin. -->","yoast_head_json":{"title":"08\/03 R\u00c9P\u00c9TITION OUVERTE : avec les compagnies La Cogite et Cie du Th\u00e9\u00e2tre du Songe - Ch\u00e2teau de Goutelas","robots":{"index":"index","follow":"follow","max-snippet":"max-snippet:-1","max-image-preview":"max-image-preview:large","max-video-preview":"max-video-preview:-1"},"canonical":"https:\/\/www.chateaudegoutelas.fr\/en\/archive\/08-03-repetition-ouverte-avec-les-compagnies-la-cogite-et-cie-du-theatre-du-songe\/","og_locale":"en_GB","og_type":"article","og_title":"08\/03 R\u00c9P\u00c9TITION OUVERTE : avec les compagnies La Cogite et Cie du Th\u00e9\u00e2tre du Songe - Ch\u00e2teau de Goutelas","og_description":"Vendredi 8 mars | 15 h Andr\u00e9 Reynaud et \u00c9va Mifsud de la Cie du Th\u00e9\u00e2tre du Songe travaillent depuis un an sur le texte La Devise de Fran\u00e7ois B\u00e9gaudeau. Apr\u00e8s en avoir r\u00e9alis\u00e9 une premi\u00e8re forme, ils d\u00e9sirent poursuivre et approfondir leur travail avec un nouveau regard et une refonte de la mise en [&hellip;]","og_url":"https:\/\/www.chateaudegoutelas.fr\/en\/archive\/08-03-repetition-ouverte-avec-les-compagnies-la-cogite-et-cie-du-theatre-du-songe\/","og_site_name":"Ch\u00e2teau de Goutelas","article_modified_time":"2023-05-26T08:01:09+00:00","og_image":[{"width":458,"height":400,"url":"https:\/\/www.chateaudegoutelas.fr\/wp-content\/uploads\/2019\/02\/La-Cogite.jpg","type":"image\/jpeg"}],"twitter_card":"summary_large_image","twitter_misc":{"Estimated reading time":"1 minute"},"schema":{"@context":"https:\/\/schema.org","@graph":[{"@type":"WebPage","@id":"https:\/\/www.chateaudegoutelas.fr\/archive\/08-03-repetition-ouverte-avec-les-compagnies-la-cogite-et-cie-du-theatre-du-songe\/","url":"https:\/\/www.chateaudegoutelas.fr\/archive\/08-03-repetition-ouverte-avec-les-compagnies-la-cogite-et-cie-du-theatre-du-songe\/","name":"08\/03 R\u00c9P\u00c9TITION OUVERTE : avec les compagnies La Cogite et Cie du Th\u00e9\u00e2tre du Songe - Ch\u00e2teau de Goutelas","isPartOf":{"@id":"https:\/\/www.chateaudegoutelas.fr\/#website"},"primaryImageOfPage":{"@id":"https:\/\/www.chateaudegoutelas.fr\/archive\/08-03-repetition-ouverte-avec-les-compagnies-la-cogite-et-cie-du-theatre-du-songe\/#primaryimage"},"image":{"@id":"https:\/\/www.chateaudegoutelas.fr\/archive\/08-03-repetition-ouverte-avec-les-compagnies-la-cogite-et-cie-du-theatre-du-songe\/#primaryimage"},"thumbnailUrl":"https:\/\/www.chateaudegoutelas.fr\/wp-content\/uploads\/2019\/02\/La-Cogite.jpg","datePublished":"2019-01-11T13:19:28+00:00","dateModified":"2023-05-26T08:01:09+00:00","breadcrumb":{"@id":"https:\/\/www.chateaudegoutelas.fr\/archive\/08-03-repetition-ouverte-avec-les-compagnies-la-cogite-et-cie-du-theatre-du-songe\/#breadcrumb"},"inLanguage":"en-GB","potentialAction":[{"@type":"ReadAction","target":["https:\/\/www.chateaudegoutelas.fr\/archive\/08-03-repetition-ouverte-avec-les-compagnies-la-cogite-et-cie-du-theatre-du-songe\/"]}]},{"@type":"ImageObject","inLanguage":"en-GB","@id":"https:\/\/www.chateaudegoutelas.fr\/archive\/08-03-repetition-ouverte-avec-les-compagnies-la-cogite-et-cie-du-theatre-du-songe\/#primaryimage","url":"https:\/\/www.chateaudegoutelas.fr\/wp-content\/uploads\/2019\/02\/La-Cogite.jpg","contentUrl":"https:\/\/www.chateaudegoutelas.fr\/wp-content\/uploads\/2019\/02\/La-Cogite.jpg","width":458,"height":400},{"@type":"BreadcrumbList","@id":"https:\/\/www.chateaudegoutelas.fr\/archive\/08-03-repetition-ouverte-avec-les-compagnies-la-cogite-et-cie-du-theatre-du-songe\/#breadcrumb","itemListElement":[{"@type":"ListItem","position":1,"name":"Accueil","item":"https:\/\/www.chateaudegoutelas.fr\/"},{"@type":"ListItem","position":2,"name":"08\/03 R\u00c9P\u00c9TITION OUVERTE : avec les compagnies La Cogite et Cie du Th\u00e9\u00e2tre du Songe"}]},{"@type":"WebSite","@id":"https:\/\/www.chateaudegoutelas.fr\/#website","url":"https:\/\/www.chateaudegoutelas.fr\/","name":"Ch\u00e2teau de Goutelas","description":"Un centre culturel de rencontre en Forez","publisher":{"@id":"https:\/\/www.chateaudegoutelas.fr\/#organization"},"potentialAction":[{"@type":"SearchAction","target":{"@type":"EntryPoint","urlTemplate":"https:\/\/www.chateaudegoutelas.fr\/?s={search_term_string}"},"query-input":{"@type":"PropertyValueSpecification","valueRequired":true,"valueName":"search_term_string"}}],"inLanguage":"en-GB"},{"@type":"Organization","@id":"https:\/\/www.chateaudegoutelas.fr\/#organization","name":"Ch\u00e2teau de Goutelas","url":"https:\/\/www.chateaudegoutelas.fr\/","logo":{"@type":"ImageObject","inLanguage":"en-GB","@id":"https:\/\/www.chateaudegoutelas.fr\/#\/schema\/logo\/image\/","url":"https:\/\/www.chateaudegoutelas.fr\/wp-content\/uploads\/2023\/05\/logo-chateau-goutelas-bleu.png","contentUrl":"https:\/\/www.chateaudegoutelas.fr\/wp-content\/uploads\/2023\/05\/logo-chateau-goutelas-bleu.png","width":1123,"height":327,"caption":"Ch\u00e2teau de Goutelas"},"image":{"@id":"https:\/\/www.chateaudegoutelas.fr\/#\/schema\/logo\/image\/"}}]}},"_links":{"self":[{"href":"https:\/\/www.chateaudegoutelas.fr\/en\/wp-json\/wp\/v2\/archive\/1361","targetHints":{"allow":["GET"]}}],"collection":[{"href":"https:\/\/www.chateaudegoutelas.fr\/en\/wp-json\/wp\/v2\/archive"}],"about":[{"href":"https:\/\/www.chateaudegoutelas.fr\/en\/wp-json\/wp\/v2\/types\/archive"}],"author":[{"embeddable":true,"href":"https:\/\/www.chateaudegoutelas.fr\/en\/wp-json\/wp\/v2\/users\/4"}],"wp:featuredmedia":[{"embeddable":true,"href":"https:\/\/www.chateaudegoutelas.fr\/en\/wp-json\/wp\/v2\/media\/1362"}],"wp:attachment":[{"href":"https:\/\/www.chateaudegoutelas.fr\/en\/wp-json\/wp\/v2\/media?parent=1361"}],"wp:term":[{"taxonomy":"category","embeddable":true,"href":"https:\/\/www.chateaudegoutelas.fr\/en\/wp-json\/wp\/v2\/categories?post=1361"},{"taxonomy":"post_tag","embeddable":true,"href":"https:\/\/www.chateaudegoutelas.fr\/en\/wp-json\/wp\/v2\/tags?post=1361"}],"curies":[{"name":"wp","href":"https:\/\/api.w.org\/{rel}","templated":true}]}}