{"id":7027,"date":"2023-05-26T10:43:32","date_gmt":"2023-05-26T08:43:32","guid":{"rendered":"https:\/\/dev.chateaudegoutelas.fr\/?page_id=7027"},"modified":"2023-09-20T17:07:18","modified_gmt":"2023-09-20T15:07:18","slug":"archives-evenements","status":"publish","type":"page","link":"http:\/\/www.chateaudegoutelas.fr\/en\/archives\/archives-evenements\/","title":{"rendered":"Archives des \u00e9v\u00e9nements"},"content":{"rendered":"<h2>\u00e9v\u00e9nements pass\u00e9s<\/h2>\t\t\t\n\t<div class=\"em em-view-container\" id=\"em-view-118135844\" data-view=\"list-grouped\">\r\n\t<div class=\"em em-list em-events-list em-events-list-grouped\" id=\"em-events-list-grouped-118135844\">\r\n\t<h3 id=\"April 2026\" class=\"shmGroupbymonthTitle\">April 2026<\/h3><div class=\"shmEventListWidget\">\r\n<a href=\"http:\/\/www.chateaudegoutelas.fr\/en\/agenda\/apero-rencontre-grande-bricole\/\" class=\"shmEventListItem\">\r\n\t<div class=\"marg\">\r\n\t\t<div class=\"EVENTIMAGE\"><img loading=\"lazy\" decoding=\"async\" width=\"720\" height=\"720\" src=\"https:\/\/www.chateaudegoutelas.fr\/wp-content\/uploads\/2026\/03\/visuel-photo-titre-720x720.jpg\" class=\"attachment-thumbnail size-thumbnail\" alt=\"\" srcset=\"https:\/\/www.chateaudegoutelas.fr\/wp-content\/uploads\/2026\/03\/visuel-photo-titre-720x720.jpg 720w, https:\/\/www.chateaudegoutelas.fr\/wp-content\/uploads\/2026\/03\/visuel-photo-titre-768x768.jpg 768w, https:\/\/www.chateaudegoutelas.fr\/wp-content\/uploads\/2026\/03\/visuel-photo-titre-12x12.jpg 12w, https:\/\/www.chateaudegoutelas.fr\/wp-content\/uploads\/2026\/03\/visuel-photo-titre.jpg 1080w\" sizes=\"auto, (max-width: 720px) 100vw, 720px\" \/><\/div>\r\n\t\t<div class=\"shmEventListItemText\">\r\n\t\t\t<div> <span class=\"ATT_type_rendez_vous\">Rencontre<\/span><\/div>\r\n\t\t\t<div class=\"EVENTNAME\">La Grande Bricole<\/div>\r\n\t\t\t<div class=\"ATT_sous_titre\">Ap\u00e9ro d'info avec l'\u00e9quipe<\/div>\r\n\t\t\t<div class=\"DATE\">Tue. 28 April<\/div>\r\n\t\t<\/div>\r\n\t<\/div>\r\n<\/a><a href=\"http:\/\/www.chateaudegoutelas.fr\/en\/agenda\/goutelas-et-les-paysans\/\" class=\"shmEventListItem\">\r\n\t<div class=\"marg\">\r\n\t\t<div class=\"EVENTIMAGE\"><img loading=\"lazy\" decoding=\"async\" width=\"720\" height=\"720\" src=\"https:\/\/www.chateaudegoutelas.fr\/wp-content\/uploads\/2024\/08\/03-Noel-Durand-tracteur-720x720.jpg\" class=\"attachment-thumbnail size-thumbnail\" alt=\"\" \/><\/div>\r\n\t\t<div class=\"shmEventListItemText\">\r\n\t\t\t<div> <span class=\"ATT_type_rendez_vous\">Visite point de vue<\/span><\/div>\r\n\t\t\t<div class=\"EVENTNAME\">Goutelas et les paysans<\/div>\r\n\t\t\t<div class=\"ATT_sous_titre\"><\/div>\r\n\t\t\t<div class=\"DATE\">Sun. 19 April<\/div>\r\n\t\t<\/div>\r\n\t<\/div>\r\n<\/a><a href=\"http:\/\/www.chateaudegoutelas.fr\/en\/agenda\/goutelas-perd-le-nord-pah\/\" class=\"shmEventListItem\">\r\n\t<div class=\"marg\">\r\n\t\t<div class=\"EVENTIMAGE\"><img loading=\"lazy\" decoding=\"async\" width=\"720\" height=\"720\" src=\"https:\/\/www.chateaudegoutelas.fr\/wp-content\/uploads\/2025\/09\/Atelier-jeune-public-1-chateau-de-goutelas-720x720.jpg\" class=\"attachment-thumbnail size-thumbnail\" alt=\"\" \/><\/div>\r\n\t\t<div class=\"shmEventListItemText\">\r\n\t\t\t<div> <span class=\"ATT_type_rendez_vous\">Jeu d\u00e9couverte<\/span><\/div>\r\n\t\t\t<div class=\"EVENTNAME\">Goutelas perd le nord<\/div>\r\n\t\t\t<div class=\"ATT_sous_titre\">Avec le Pays d'art et d'histoire du Forez<\/div>\r\n\t\t\t<div class=\"DATE\">Wed. 15 April<\/div>\r\n\t\t<\/div>\r\n\t<\/div>\r\n<\/a><a href=\"http:\/\/www.chateaudegoutelas.fr\/en\/agenda\/les-aventures-dastree-et-celadon\/\" class=\"shmEventListItem\">\r\n\t<div class=\"marg\">\r\n\t\t<div class=\"EVENTIMAGE\"><img loading=\"lazy\" decoding=\"async\" width=\"720\" height=\"720\" src=\"https:\/\/www.chateaudegoutelas.fr\/wp-content\/uploads\/2025\/09\/visuel-cogite-720x720.jpg\" class=\"attachment-thumbnail size-thumbnail\" alt=\"\" srcset=\"https:\/\/www.chateaudegoutelas.fr\/wp-content\/uploads\/2025\/09\/visuel-cogite-720x720.jpg 720w, https:\/\/www.chateaudegoutelas.fr\/wp-content\/uploads\/2025\/09\/visuel-cogite-12x12.jpg 12w\" sizes=\"auto, (max-width: 720px) 100vw, 720px\" \/><\/div>\r\n\t\t<div class=\"shmEventListItemText\">\r\n\t\t\t<div> <span class=\"ATT_type_rendez_vous\">Spectacle<\/span><span class=\"ATT_type_rendez_vous\"> \u2022 Th\u00e9\u00e2tre de tr\u00e9teaux<\/span><\/div>\r\n\t\t\t<div class=\"EVENTNAME\">Les aventures d&rsquo;Astr\u00e9e et C\u00e9ladon<\/div>\r\n\t\t\t<div class=\"ATT_sous_titre\">Compagnie La Cogite<\/div>\r\n\t\t\t<div class=\"DATE\">Wed. 8 April<\/div>\r\n\t\t<\/div>\r\n\t<\/div>\r\n<\/a><a href=\"http:\/\/www.chateaudegoutelas.fr\/en\/agenda\/atelier-theatre-la-cogite\/\" class=\"shmEventListItem\">\r\n\t<div class=\"marg\">\r\n\t\t<div class=\"EVENTIMAGE\"><img loading=\"lazy\" decoding=\"async\" width=\"720\" height=\"720\" src=\"https:\/\/www.chateaudegoutelas.fr\/wp-content\/uploads\/2025\/08\/atelier-la-trouee-credit-Chateau-de-Goutelas-min-720x720.jpg\" class=\"attachment-thumbnail size-thumbnail\" alt=\"\" \/><\/div>\r\n\t\t<div class=\"shmEventListItemText\">\r\n\t\t\t<div> <span class=\"ATT_type_rendez_vous\">Atelier<\/span><\/div>\r\n\t\t\t<div class=\"EVENTNAME\">Atelier th\u00e9\u00e2tre<\/div>\r\n\t\t\t<div class=\"ATT_sous_titre\">Compagnie La Cogite<\/div>\r\n\t\t\t<div class=\"DATE\">Tue. 7 April<\/div>\r\n\t\t<\/div>\r\n\t<\/div>\r\n<\/a><\/div><h3 id=\"March 2026\" class=\"shmGroupbymonthTitle\">March 2026<\/h3><div class=\"shmEventListWidget\">\r\n<a href=\"http:\/\/www.chateaudegoutelas.fr\/en\/agenda\/tilt-trio\/\" class=\"shmEventListItem\">\r\n\t<div class=\"marg\">\r\n\t\t<div class=\"EVENTIMAGE\"><img loading=\"lazy\" decoding=\"async\" width=\"720\" height=\"720\" src=\"https:\/\/www.chateaudegoutelas.fr\/wp-content\/uploads\/2025\/09\/tilt-report-720x720.jpg\" class=\"attachment-thumbnail size-thumbnail\" alt=\"\" srcset=\"https:\/\/www.chateaudegoutelas.fr\/wp-content\/uploads\/2025\/09\/tilt-report-720x720.jpg 720w, https:\/\/www.chateaudegoutelas.fr\/wp-content\/uploads\/2025\/09\/tilt-report-768x768.jpg 768w, https:\/\/www.chateaudegoutelas.fr\/wp-content\/uploads\/2025\/09\/tilt-report-12x12.jpg 12w, https:\/\/www.chateaudegoutelas.fr\/wp-content\/uploads\/2025\/09\/tilt-report.jpg 1080w\" sizes=\"auto, (max-width: 720px) 100vw, 720px\" \/><\/div>\r\n\t\t<div class=\"shmEventListItemText\">\r\n\t\t\t<div> <span class=\"ATT_type_rendez_vous\">Concert<\/span><\/div>\r\n\t\t\t<div class=\"EVENTNAME\">TILT trio<\/div>\r\n\t\t\t<div class=\"ATT_sous_titre\">Musiques traditionnelles arabes revisit\u00e9es<\/div>\r\n\t\t\t<div class=\"DATE\">Fri. 27 March<\/div>\r\n\t\t<\/div>\r\n\t<\/div>\r\n<\/a><a href=\"http:\/\/www.chateaudegoutelas.fr\/en\/agenda\/reperes-humanistes\/\" class=\"shmEventListItem\">\r\n\t<div class=\"marg\">\r\n\t\t<div class=\"EVENTIMAGE\"><img loading=\"lazy\" decoding=\"async\" width=\"720\" height=\"720\" src=\"https:\/\/www.chateaudegoutelas.fr\/wp-content\/uploads\/2025\/08\/Visites_4_credit-Chateau-de-Goutelas-min-720x720.jpg\" class=\"attachment-thumbnail size-thumbnail\" alt=\"\" \/><\/div>\r\n\t\t<div class=\"shmEventListItemText\">\r\n\t\t\t<div> <span class=\"ATT_type_rendez_vous\">Visite point de vue<\/span><\/div>\r\n\t\t\t<div class=\"EVENTNAME\">Rep\u00e8res humanistes<\/div>\r\n\t\t\t<div class=\"ATT_sous_titre\"><\/div>\r\n\t\t\t<div class=\"DATE\">Sun. 22 March<\/div>\r\n\t\t<\/div>\r\n\t<\/div>\r\n<\/a><a href=\"http:\/\/www.chateaudegoutelas.fr\/en\/agenda\/banquet-citoyen-saint-germain-laval\/\" class=\"shmEventListItem\">\r\n\t<div class=\"marg\">\r\n\t\t<div class=\"EVENTIMAGE\"><img loading=\"lazy\" decoding=\"async\" width=\"720\" height=\"720\" src=\"https:\/\/www.chateaudegoutelas.fr\/wp-content\/uploads\/2026\/01\/service-public-credit-chateau-de-goutelas-210-min-720x720.jpg\" class=\"attachment-thumbnail size-thumbnail\" alt=\"\" \/><\/div>\r\n\t\t<div class=\"shmEventListItemText\">\r\n\t\t\t<div> <span class=\"ATT_type_rendez_vous\">Banquet citoyen<\/span><\/div>\r\n\t\t\t<div class=\"EVENTNAME\">Banquet citoyen du Cheval Blanc<\/div>\r\n\t\t\t<div class=\"ATT_sous_titre\">Hors les murs \u00e0 Saint-Germain-Laval<\/div>\r\n\t\t\t<div class=\"DATE\">Sun. 1 March<\/div>\r\n\t\t<\/div>\r\n\t<\/div>\r\n<\/a><\/div><h3 id=\"February 2026\" class=\"shmGroupbymonthTitle\">February 2026<\/h3><div class=\"shmEventListWidget\">\r\n<a href=\"http:\/\/www.chateaudegoutelas.fr\/en\/agenda\/carnaval-2026\/\" class=\"shmEventListItem\">\r\n\t<div class=\"marg\">\r\n\t\t<div class=\"EVENTIMAGE\"><img loading=\"lazy\" decoding=\"async\" width=\"720\" height=\"720\" src=\"https:\/\/www.chateaudegoutelas.fr\/wp-content\/uploads\/2025\/08\/carnaval-sou-des-ecoles-credit-chateau-de-goutelas-min-720x720.jpg\" class=\"attachment-thumbnail size-thumbnail\" alt=\"\" \/><\/div>\r\n\t\t<div class=\"shmEventListItemText\">\r\n\t\t\t<div> <span class=\"ATT_type_rendez_vous\">\u00c9v\u00e9nement<\/span><\/div>\r\n\t\t\t<div class=\"EVENTNAME\">Carnaval<\/div>\r\n\t\t\t<div class=\"ATT_sous_titre\">Avec le Sou des \u00e9coles de Marcoux<\/div>\r\n\t\t\t<div class=\"DATE\">Tue. 17 February<\/div>\r\n\t\t<\/div>\r\n\t<\/div>\r\n<\/a><a href=\"http:\/\/www.chateaudegoutelas.fr\/en\/agenda\/visite-goutelas-et-le-jazz\/\" class=\"shmEventListItem\">\r\n\t<div class=\"marg\">\r\n\t\t<div class=\"EVENTIMAGE\"><img loading=\"lazy\" decoding=\"async\" width=\"720\" height=\"720\" src=\"https:\/\/www.chateaudegoutelas.fr\/wp-content\/uploads\/2023\/09\/Duke-Ellington-a-Goutelas_\u00a9Chateau-de-Goutelas-720x720.jpg\" class=\"attachment-thumbnail size-thumbnail\" alt=\"\" srcset=\"https:\/\/www.chateaudegoutelas.fr\/wp-content\/uploads\/2023\/09\/Duke-Ellington-a-Goutelas_\u00a9Chateau-de-Goutelas-720x720.jpg 720w, https:\/\/www.chateaudegoutelas.fr\/wp-content\/uploads\/2023\/09\/Duke-Ellington-a-Goutelas_\u00a9Chateau-de-Goutelas-13x12.jpg 13w\" sizes=\"auto, (max-width: 720px) 100vw, 720px\" \/><\/div>\r\n\t\t<div class=\"shmEventListItemText\">\r\n\t\t\t<div> <span class=\"ATT_type_rendez_vous\">Visite point de vue<\/span><\/div>\r\n\t\t\t<div class=\"EVENTNAME\">Goutelas et le jazz<\/div>\r\n\t\t\t<div class=\"ATT_sous_titre\">L'humanisme en musique<\/div>\r\n\t\t\t<div class=\"DATE\">Sun. 15 February<\/div>\r\n\t\t<\/div>\r\n\t<\/div>\r\n<\/a><a href=\"http:\/\/www.chateaudegoutelas.fr\/en\/agenda\/la-ou-vit-lhiver\/\" class=\"shmEventListItem\">\r\n\t<div class=\"marg\">\r\n\t\t<div class=\"EVENTIMAGE\"><img loading=\"lazy\" decoding=\"async\" width=\"720\" height=\"513\" src=\"https:\/\/www.chateaudegoutelas.fr\/wp-content\/uploads\/2025\/09\/la-ou-vit-l-hiver_credit-Cyrille-Reynaud-720x513.jpg\" class=\"attachment-thumbnail size-thumbnail\" alt=\"\" srcset=\"https:\/\/www.chateaudegoutelas.fr\/wp-content\/uploads\/2025\/09\/la-ou-vit-l-hiver_credit-Cyrille-Reynaud-720x513.jpg 720w, https:\/\/www.chateaudegoutelas.fr\/wp-content\/uploads\/2025\/09\/la-ou-vit-l-hiver_credit-Cyrille-Reynaud-18x12.jpg 18w\" sizes=\"auto, (max-width: 720px) 100vw, 720px\" \/><\/div>\r\n\t\t<div class=\"shmEventListItemText\">\r\n\t\t\t<div> <span class=\"ATT_type_rendez_vous\">Spectacle jeune public<\/span><\/div>\r\n\t\t\t<div class=\"EVENTNAME\">L\u00e0 o\u00f9 vit l&rsquo;hiver<\/div>\r\n\t\t\t<div class=\"ATT_sous_titre\">Compagnie Pompik Sardine<\/div>\r\n\t\t\t<div class=\"DATE\">Fri. 13 February<\/div>\r\n\t\t<\/div>\r\n\t<\/div>\r\n<\/a><a href=\"http:\/\/www.chateaudegoutelas.fr\/en\/agenda\/atelier-decouverte\/\" class=\"shmEventListItem\">\r\n\t<div class=\"marg\">\r\n\t\t<div class=\"EVENTIMAGE\"><img loading=\"lazy\" decoding=\"async\" width=\"720\" height=\"720\" src=\"https:\/\/www.chateaudegoutelas.fr\/wp-content\/uploads\/2025\/09\/atelier-theatre-min-720x720.jpg\" class=\"attachment-thumbnail size-thumbnail\" alt=\"\" \/><\/div>\r\n\t\t<div class=\"shmEventListItemText\">\r\n\t\t\t<div> <span class=\"ATT_type_rendez_vous\">Atelier<\/span><\/div>\r\n\t\t\t<div class=\"EVENTNAME\">D\u00e9couverte du spectacle \u00ab\u00a0L\u00e0 o\u00f9 vit l&rsquo;hiver\u00a0\u00bb<\/div>\r\n\t\t\t<div class=\"ATT_sous_titre\">Compagnie Pompik Sardine<\/div>\r\n\t\t\t<div class=\"DATE\">Thu. 12 February<\/div>\r\n\t\t<\/div>\r\n\t<\/div>\r\n<\/a><a href=\"http:\/\/www.chateaudegoutelas.fr\/en\/agenda\/le-mystere-du-h-atelier\/\" class=\"shmEventListItem\">\r\n\t<div class=\"marg\">\r\n\t\t<div class=\"EVENTIMAGE\"><img loading=\"lazy\" decoding=\"async\" width=\"720\" height=\"720\" src=\"https:\/\/www.chateaudegoutelas.fr\/wp-content\/uploads\/2025\/09\/Atelier-jeune-public_credit-Goutelas-720x720.jpg\" class=\"attachment-thumbnail size-thumbnail\" alt=\"\" srcset=\"https:\/\/www.chateaudegoutelas.fr\/wp-content\/uploads\/2025\/09\/Atelier-jeune-public_credit-Goutelas-720x720.jpg 720w, https:\/\/www.chateaudegoutelas.fr\/wp-content\/uploads\/2025\/09\/Atelier-jeune-public_credit-Goutelas-12x12.jpg 12w\" sizes=\"auto, (max-width: 720px) 100vw, 720px\" \/><\/div>\r\n\t\t<div class=\"shmEventListItemText\">\r\n\t\t\t<div> <span class=\"ATT_type_rendez_vous\">Atelier<\/span><\/div>\r\n\t\t\t<div class=\"EVENTNAME\">Le myst\u00e8re du H<\/div>\r\n\t\t\t<div class=\"ATT_sous_titre\">Avec le Pays d'art et d'histoire du Forez<\/div>\r\n\t\t\t<div class=\"DATE\">Wed. 11 February<\/div>\r\n\t\t<\/div>\r\n\t<\/div>\r\n<\/a><a href=\"http:\/\/www.chateaudegoutelas.fr\/en\/agenda\/soiree-choucroute\/\" class=\"shmEventListItem\">\r\n\t<div class=\"marg\">\r\n\t\t<div class=\"EVENTIMAGE\"><img loading=\"lazy\" decoding=\"async\" width=\"720\" height=\"720\" src=\"https:\/\/www.chateaudegoutelas.fr\/wp-content\/uploads\/2026\/01\/choucroute-1-720x720.jpg\" class=\"attachment-thumbnail size-thumbnail\" alt=\"\" \/><\/div>\r\n\t\t<div class=\"shmEventListItemText\">\r\n\t\t\t<div> <span class=\"ATT_type_rendez_vous\">Repas<\/span><\/div>\r\n\t\t\t<div class=\"EVENTNAME\">Soir\u00e9e choucroute<\/div>\r\n\t\t\t<div class=\"ATT_sous_titre\"><\/div>\r\n\t\t\t<div class=\"DATE\">Fri. 6 February<\/div>\r\n\t\t<\/div>\r\n\t<\/div>\r\n<\/a><a href=\"http:\/\/www.chateaudegoutelas.fr\/en\/agenda\/banquet-citoyen-sail\/\" class=\"shmEventListItem\">\r\n\t<div class=\"marg\">\r\n\t\t<div class=\"EVENTIMAGE\"><img loading=\"lazy\" decoding=\"async\" width=\"720\" height=\"720\" src=\"https:\/\/www.chateaudegoutelas.fr\/wp-content\/uploads\/2026\/01\/service-public-credit-chateau-de-goutelas-199-min-720x720.jpg\" class=\"attachment-thumbnail size-thumbnail\" alt=\"\" \/><\/div>\r\n\t\t<div class=\"shmEventListItemText\">\r\n\t\t\t<div> <span class=\"ATT_type_rendez_vous\">Banquet citoyen<\/span><\/div>\r\n\t\t\t<div class=\"EVENTNAME\">Banquet citoyen de la C.L.E.F.<\/div>\r\n\t\t\t<div class=\"ATT_sous_titre\">Hors les murs \u00e0 Sail-sous-Couzan<\/div>\r\n\t\t\t<div class=\"DATE\">Sun. 1 February<\/div>\r\n\t\t<\/div>\r\n\t<\/div>\r\n<\/a><\/div><h3 id=\"December 2025\" class=\"shmGroupbymonthTitle\">December 2025<\/h3><div class=\"shmEventListWidget\">\r\n<a href=\"http:\/\/www.chateaudegoutelas.fr\/en\/agenda\/moustik-haterz\/\" class=\"shmEventListItem\">\r\n\t<div class=\"marg\">\r\n\t\t<div class=\"EVENTIMAGE\"><img loading=\"lazy\" decoding=\"async\" width=\"720\" height=\"720\" src=\"https:\/\/www.chateaudegoutelas.fr\/wp-content\/uploads\/2025\/01\/MOUSTIK_HATERZ-720x720.jpg\" class=\"attachment-thumbnail size-thumbnail\" alt=\"\" \/><\/div>\r\n\t\t<div class=\"shmEventListItemText\">\r\n\t\t\t<div> <span class=\"ATT_type_rendez_vous\">Concert<\/span><span class=\"ATT_type_rendez_vous\"> \u2022 Jazz<\/span><\/div>\r\n\t\t\t<div class=\"EVENTNAME\">Moustik Haterz<\/div>\r\n\t\t\t<div class=\"ATT_sous_titre\"><\/div>\r\n\t\t\t<div class=\"DATE\">Fri. 19 December<\/div>\r\n\t\t<\/div>\r\n\t<\/div>\r\n<\/a><a href=\"http:\/\/www.chateaudegoutelas.fr\/en\/agenda\/banquet-citoyen-montbrison\/\" class=\"shmEventListItem\">\r\n\t<div class=\"marg\">\r\n\t\t<div class=\"EVENTIMAGE\"><img loading=\"lazy\" decoding=\"async\" width=\"720\" height=\"720\" src=\"https:\/\/www.chateaudegoutelas.fr\/wp-content\/uploads\/2025\/10\/banquet1_credit-Chateau-de-Goutelas-720x720.jpg\" class=\"attachment-thumbnail size-thumbnail\" alt=\"\" \/><\/div>\r\n\t\t<div class=\"shmEventListItemText\">\r\n\t\t\t<div> <span class=\"ATT_type_rendez_vous\">Banquet citoyen<\/span><\/div>\r\n\t\t\t<div class=\"EVENTNAME\">Banquet citoyen du Centre social<\/div>\r\n\t\t\t<div class=\"ATT_sous_titre\">Hors les murs \u00e0 Montbrison<\/div>\r\n\t\t\t<div class=\"DATE\">Sat. 13 December<\/div>\r\n\t\t<\/div>\r\n\t<\/div>\r\n<\/a><a href=\"http:\/\/www.chateaudegoutelas.fr\/en\/agenda\/banquet-citoyen-services-publics\/\" class=\"shmEventListItem\">\r\n\t<div class=\"marg\">\r\n\t\t<div class=\"EVENTIMAGE\"><img loading=\"lazy\" decoding=\"async\" width=\"720\" height=\"720\" src=\"https:\/\/www.chateaudegoutelas.fr\/wp-content\/uploads\/2025\/10\/banquet2_credit-Valentin-Touly-min-720x720.jpg\" class=\"attachment-thumbnail size-thumbnail\" alt=\"\" \/><\/div>\r\n\t\t<div class=\"shmEventListItemText\">\r\n\t\t\t<div> <span class=\"ATT_type_rendez_vous\">Banquet citoyen<\/span><\/div>\r\n\t\t\t<div class=\"EVENTNAME\">De quels services publics avons-nous besoin ?<\/div>\r\n\t\t\t<div class=\"ATT_sous_titre\">Collectif \u00c0 la crois\u00e9e des savoirs<\/div>\r\n\t\t\t<div class=\"DATE\">Sun. 7 December<\/div>\r\n\t\t<\/div>\r\n\t<\/div>\r\n<\/a><a href=\"http:\/\/www.chateaudegoutelas.fr\/en\/agenda\/services-publics-affaire-d-etat-de-marche-de-toustes\/\" class=\"shmEventListItem\">\r\n\t<div class=\"marg\">\r\n\t\t<div class=\"EVENTIMAGE\"><img loading=\"lazy\" decoding=\"async\" width=\"720\" height=\"720\" src=\"https:\/\/www.chateaudegoutelas.fr\/wp-content\/uploads\/2025\/10\/lampadaire-720x720.jpg\" class=\"attachment-thumbnail size-thumbnail\" alt=\"\" srcset=\"https:\/\/www.chateaudegoutelas.fr\/wp-content\/uploads\/2025\/10\/lampadaire-720x720.jpg 720w, https:\/\/www.chateaudegoutelas.fr\/wp-content\/uploads\/2025\/10\/lampadaire-768x768.jpg 768w, https:\/\/www.chateaudegoutelas.fr\/wp-content\/uploads\/2025\/10\/lampadaire-12x12.jpg 12w, https:\/\/www.chateaudegoutelas.fr\/wp-content\/uploads\/2025\/10\/lampadaire.jpg 1080w\" sizes=\"auto, (max-width: 720px) 100vw, 720px\" \/><\/div>\r\n\t\t<div class=\"shmEventListItemText\">\r\n\t\t\t<div> <span class=\"ATT_type_rendez_vous\">Discussion<\/span><\/div>\r\n\t\t\t<div class=\"EVENTNAME\">Services publics : affaire d\u2019\u00c9tat, affaire de march\u00e9, affaire de tou\u00b7tes ?<\/div>\r\n\t\t\t<div class=\"ATT_sous_titre\">Julie Gervais, Anne Le Strat, Matthieu H\u00e9ly, Antoine Vauchez<\/div>\r\n\t\t\t<div class=\"DATE\">Sun. 7 December<\/div>\r\n\t\t<\/div>\r\n\t<\/div>\r\n<\/a><a href=\"http:\/\/www.chateaudegoutelas.fr\/en\/agenda\/doleances-collectif-x\/\" class=\"shmEventListItem\">\r\n\t<div class=\"marg\">\r\n\t\t<div class=\"EVENTIMAGE\"><img loading=\"lazy\" decoding=\"async\" width=\"720\" height=\"678\" src=\"https:\/\/www.chateaudegoutelas.fr\/wp-content\/uploads\/2025\/10\/Doleances-Bandeau-01-720x678.jpg\" class=\"attachment-thumbnail size-thumbnail\" alt=\"\" \/><\/div>\r\n\t\t<div class=\"shmEventListItemText\">\r\n\t\t\t<div> <span class=\"ATT_type_rendez_vous\">Spectacle en cr\u00e9ation<\/span><\/div>\r\n\t\t\t<div class=\"EVENTNAME\">Dol\u00e9ances<\/div>\r\n\t\t\t<div class=\"ATT_sous_titre\">Collectif X<\/div>\r\n\t\t\t<div class=\"DATE\">Sat. 6 December<\/div>\r\n\t\t<\/div>\r\n\t<\/div>\r\n<\/a><a href=\"http:\/\/www.chateaudegoutelas.fr\/en\/agenda\/services-publics-quand-l-appel-des-campagnes-reste-sans-reponse\/\" class=\"shmEventListItem\">\r\n\t<div class=\"marg\">\r\n\t\t<div class=\"EVENTIMAGE\"><img loading=\"lazy\" decoding=\"async\" width=\"720\" height=\"720\" src=\"https:\/\/www.chateaudegoutelas.fr\/wp-content\/uploads\/2025\/10\/lampadaire-720x720.jpg\" class=\"attachment-thumbnail size-thumbnail\" alt=\"\" srcset=\"https:\/\/www.chateaudegoutelas.fr\/wp-content\/uploads\/2025\/10\/lampadaire-720x720.jpg 720w, https:\/\/www.chateaudegoutelas.fr\/wp-content\/uploads\/2025\/10\/lampadaire-768x768.jpg 768w, https:\/\/www.chateaudegoutelas.fr\/wp-content\/uploads\/2025\/10\/lampadaire-12x12.jpg 12w, https:\/\/www.chateaudegoutelas.fr\/wp-content\/uploads\/2025\/10\/lampadaire.jpg 1080w\" sizes=\"auto, (max-width: 720px) 100vw, 720px\" \/><\/div>\r\n\t\t<div class=\"shmEventListItemText\">\r\n\t\t\t<div> <span class=\"ATT_type_rendez_vous\">Discussion<\/span><\/div>\r\n\t\t\t<div class=\"EVENTNAME\">Services publics : quand l&rsquo;appel des campagnes reste sans r\u00e9ponse<\/div>\r\n\t\t\t<div class=\"ATT_sous_titre\">Simona Cerutti, Pierre Blavier, Arnaud Bontemps<\/div>\r\n\t\t\t<div class=\"DATE\">Sat. 6 December<\/div>\r\n\t\t<\/div>\r\n\t<\/div>\r\n<\/a><a href=\"http:\/\/www.chateaudegoutelas.fr\/en\/agenda\/quelle-est-la-vraie-dette-publique\/\" class=\"shmEventListItem\">\r\n\t<div class=\"marg\">\r\n\t\t<div class=\"EVENTIMAGE\"><img loading=\"lazy\" decoding=\"async\" width=\"720\" height=\"720\" src=\"https:\/\/www.chateaudegoutelas.fr\/wp-content\/uploads\/2025\/10\/lampadaire-720x720.jpg\" class=\"attachment-thumbnail size-thumbnail\" alt=\"\" srcset=\"https:\/\/www.chateaudegoutelas.fr\/wp-content\/uploads\/2025\/10\/lampadaire-720x720.jpg 720w, https:\/\/www.chateaudegoutelas.fr\/wp-content\/uploads\/2025\/10\/lampadaire-768x768.jpg 768w, https:\/\/www.chateaudegoutelas.fr\/wp-content\/uploads\/2025\/10\/lampadaire-12x12.jpg 12w, https:\/\/www.chateaudegoutelas.fr\/wp-content\/uploads\/2025\/10\/lampadaire.jpg 1080w\" sizes=\"auto, (max-width: 720px) 100vw, 720px\" \/><\/div>\r\n\t\t<div class=\"shmEventListItemText\">\r\n\t\t\t<div> <span class=\"ATT_type_rendez_vous\">Discussion<\/span><\/div>\r\n\t\t\t<div class=\"EVENTNAME\">Quelle est la (vraie) dette publique ?<\/div>\r\n\t\t\t<div class=\"ATT_sous_titre\">Sandra Laugier, Laurence Scialom, Benjamin Lemoine, St\u00e9phanie Hennette-Vauchez<\/div>\r\n\t\t\t<div class=\"DATE\">Sat. 6 December<\/div>\r\n\t\t<\/div>\r\n\t<\/div>\r\n<\/a><a href=\"http:\/\/www.chateaudegoutelas.fr\/en\/agenda\/pour-un-service-public-europeen-de-l-hospitalite\/\" class=\"shmEventListItem\">\r\n\t<div class=\"marg\">\r\n\t\t<div class=\"EVENTIMAGE\"><img loading=\"lazy\" decoding=\"async\" width=\"720\" height=\"720\" src=\"https:\/\/www.chateaudegoutelas.fr\/wp-content\/uploads\/2025\/10\/navire-avenir-c-elisa-lavergo-5063-720x720.jpg\" class=\"attachment-thumbnail size-thumbnail\" alt=\"\" \/><\/div>\r\n\t\t<div class=\"shmEventListItemText\">\r\n\t\t\t<div> <span class=\"ATT_type_rendez_vous\">Atelier<\/span><\/div>\r\n\t\t\t<div class=\"EVENTNAME\">Pour un service public europ\u00e9en de l&rsquo;hospitalit\u00e9<\/div>\r\n\t\t\t<div class=\"ATT_sous_titre\">Navire Avenir<\/div>\r\n\t\t\t<div class=\"DATE\">Sat. 6 December<\/div>\r\n\t\t<\/div>\r\n\t<\/div>\r\n<\/a><a href=\"http:\/\/www.chateaudegoutelas.fr\/en\/agenda\/les-nouveaux-guichets-du-service-public\/\" class=\"shmEventListItem\">\r\n\t<div class=\"marg\">\r\n\t\t<div class=\"EVENTIMAGE\"><img loading=\"lazy\" decoding=\"async\" width=\"720\" height=\"720\" src=\"https:\/\/www.chateaudegoutelas.fr\/wp-content\/uploads\/2025\/10\/lampadaire-720x720.jpg\" class=\"attachment-thumbnail size-thumbnail\" alt=\"\" srcset=\"https:\/\/www.chateaudegoutelas.fr\/wp-content\/uploads\/2025\/10\/lampadaire-720x720.jpg 720w, https:\/\/www.chateaudegoutelas.fr\/wp-content\/uploads\/2025\/10\/lampadaire-768x768.jpg 768w, https:\/\/www.chateaudegoutelas.fr\/wp-content\/uploads\/2025\/10\/lampadaire-12x12.jpg 12w, https:\/\/www.chateaudegoutelas.fr\/wp-content\/uploads\/2025\/10\/lampadaire.jpg 1080w\" sizes=\"auto, (max-width: 720px) 100vw, 720px\" \/><\/div>\r\n\t\t<div class=\"shmEventListItemText\">\r\n\t\t\t<div> <span class=\"ATT_type_rendez_vous\">Discussion<\/span><\/div>\r\n\t\t\t<div class=\"EVENTNAME\">Les nouveaux guichets du service public<\/div>\r\n\t\t\t<div class=\"ATT_sous_titre\">Annabelle Allouch, Simon Arambourou, Alex Dupr\u00e9<\/div>\r\n\t\t\t<div class=\"DATE\">Sat. 6 December<\/div>\r\n\t\t<\/div>\r\n\t<\/div>\r\n<\/a><a href=\"http:\/\/www.chateaudegoutelas.fr\/en\/agenda\/pls-prendre-le-soin\/\" class=\"shmEventListItem\">\r\n\t<div class=\"marg\">\r\n\t\t<div class=\"EVENTIMAGE\"><img loading=\"lazy\" decoding=\"async\" width=\"720\" height=\"720\" src=\"https:\/\/www.chateaudegoutelas.fr\/wp-content\/uploads\/2025\/10\/Bien-commun_PLS_credit-Loic-Nys-720x720.jpg\" class=\"attachment-thumbnail size-thumbnail\" alt=\"\" \/><\/div>\r\n\t\t<div class=\"shmEventListItemText\">\r\n\t\t\t<div> <span class=\"ATT_type_rendez_vous\">Spectacle<\/span><span class=\"ATT_type_rendez_vous\"> \u2022 Danse<\/span><\/div>\r\n\t\t\t<div class=\"EVENTNAME\">PLS &#8211; Prendre le soin<\/div>\r\n\t\t\t<div class=\"ATT_sous_titre\">Compagnie La Berroca<\/div>\r\n\t\t\t<div class=\"DATE\">Fri. 5 December<\/div>\r\n\t\t<\/div>\r\n\t<\/div>\r\n<\/a><a href=\"http:\/\/www.chateaudegoutelas.fr\/en\/agenda\/entretien-avec-dominique-meda\/\" class=\"shmEventListItem\">\r\n\t<div class=\"marg\">\r\n\t\t<div class=\"EVENTIMAGE\"><img loading=\"lazy\" decoding=\"async\" width=\"720\" height=\"680\" src=\"https:\/\/www.chateaudegoutelas.fr\/wp-content\/uploads\/2025\/09\/dominique_meda_photo_credit-Philippe-MATSASLeemage-720x680.jpg\" class=\"attachment-thumbnail size-thumbnail\" alt=\"\" \/><\/div>\r\n\t\t<div class=\"shmEventListItemText\">\r\n\t\t\t<div> <span class=\"ATT_type_rendez_vous\">Conf\u00e9rence<\/span><\/div>\r\n\t\t\t<div class=\"EVENTNAME\">Entretien avec Dominique M\u00e9da<\/div>\r\n\t\t\t<div class=\"ATT_sous_titre\"><\/div>\r\n\t\t\t<div class=\"DATE\">Fri. 5 December<\/div>\r\n\t\t<\/div>\r\n\t<\/div>\r\n<\/a><a href=\"http:\/\/www.chateaudegoutelas.fr\/en\/agenda\/festival-bien-commun-2025\/\" class=\"shmEventListItem\">\r\n\t<div class=\"marg\">\r\n\t\t<div class=\"EVENTIMAGE\"><img loading=\"lazy\" decoding=\"async\" width=\"720\" height=\"720\" src=\"https:\/\/www.chateaudegoutelas.fr\/wp-content\/uploads\/2025\/04\/Banniere_bien_commun_titre-seul-720x720.jpg\" class=\"attachment-thumbnail size-thumbnail\" alt=\"\" \/><\/div>\r\n\t\t<div class=\"shmEventListItemText\">\r\n\t\t\t<div> <span class=\"ATT_type_rendez_vous\">Festival<\/span><\/div>\r\n\t\t\t<div class=\"EVENTNAME\">Service public !<\/div>\r\n\t\t\t<div class=\"ATT_sous_titre\">Festival Bien commun #1<\/div>\r\n\t\t\t<div class=\"DATE\">Fri. 5 December - Sun. 7 December<\/div>\r\n\t\t<\/div>\r\n\t<\/div>\r\n<\/a><\/div><h3 id=\"November 2025\" class=\"shmGroupbymonthTitle\">November 2025<\/h3><div class=\"shmEventListWidget\">\r\n<a href=\"http:\/\/www.chateaudegoutelas.fr\/en\/agenda\/conference-violences-conjugales\/\" class=\"shmEventListItem\">\r\n\t<div class=\"marg\">\r\n\t\t<div class=\"EVENTIMAGE\"><img loading=\"lazy\" decoding=\"async\" width=\"720\" height=\"720\" src=\"https:\/\/www.chateaudegoutelas.fr\/wp-content\/uploads\/2025\/09\/Visites_5_credit-Chateau-de-Goutelas.jpg\" class=\"attachment-thumbnail size-thumbnail\" alt=\"\" srcset=\"https:\/\/www.chateaudegoutelas.fr\/wp-content\/uploads\/2025\/09\/Visites_5_credit-Chateau-de-Goutelas.jpg 720w, https:\/\/www.chateaudegoutelas.fr\/wp-content\/uploads\/2025\/09\/Visites_5_credit-Chateau-de-Goutelas-12x12.jpg 12w\" sizes=\"auto, (max-width: 720px) 100vw, 720px\" \/><\/div>\r\n\t\t<div class=\"shmEventListItemText\">\r\n\t\t\t<div> <span class=\"ATT_type_rendez_vous\">Conf\u00e9rence<\/span><\/div>\r\n\t\t\t<div class=\"EVENTNAME\">Violences conjugales : du combat f\u00e9ministe \u00e0 la cause publique<\/div>\r\n\t\t\t<div class=\"ATT_sous_titre\">Pauline Delage<\/div>\r\n\t\t\t<div class=\"DATE\">Tue. 25 November<\/div>\r\n\t\t<\/div>\r\n\t<\/div>\r\n<\/a><a href=\"http:\/\/www.chateaudegoutelas.fr\/en\/agenda\/balade-contee\/\" class=\"shmEventListItem\">\r\n\t<div class=\"marg\">\r\n\t\t<div class=\"EVENTIMAGE\"><img loading=\"lazy\" decoding=\"async\" width=\"720\" height=\"720\" src=\"https:\/\/www.chateaudegoutelas.fr\/wp-content\/uploads\/2025\/09\/Balade-contee-credit-chateau-de-goutelas-min-720x720.jpg\" class=\"attachment-thumbnail size-thumbnail\" alt=\"\" \/><\/div>\r\n\t\t<div class=\"shmEventListItemText\">\r\n\t\t\t<div> <span class=\"ATT_type_rendez_vous\">Balade cont\u00e9e<\/span><\/div>\r\n\t\t\t<div class=\"EVENTNAME\">Balade cont\u00e9e et dans\u00e9e<\/div>\r\n\t\t\t<div class=\"ATT_sous_titre\">Avec les Fardelets du Forez<\/div>\r\n\t\t\t<div class=\"DATE\">Sun. 16 November<\/div>\r\n\t\t<\/div>\r\n\t<\/div>\r\n<\/a><a href=\"http:\/\/www.chateaudegoutelas.fr\/en\/agenda\/comment-sonne-la-loire\/\" class=\"shmEventListItem\">\r\n\t<div class=\"marg\">\r\n\t\t<div class=\"EVENTIMAGE\"><img loading=\"lazy\" decoding=\"async\" width=\"720\" height=\"720\" src=\"https:\/\/www.chateaudegoutelas.fr\/wp-content\/uploads\/2025\/08\/Comment-sonne-la-Loire_credit-CMTRA_2-min-720x720.jpg\" class=\"attachment-thumbnail size-thumbnail\" alt=\"\" \/><\/div>\r\n\t\t<div class=\"shmEventListItemText\">\r\n\t\t\t<div> <span class=\"ATT_type_rendez_vous\">Ev\u00e9nement invit\u00e9<\/span><\/div>\r\n\t\t\t<div class=\"EVENTNAME\">Comment sonne la Loire ?<\/div>\r\n\t\t\t<div class=\"ATT_sous_titre\">Avec le CMTRA \u00b7 Forum des musiques et danses traditionnelles<\/div>\r\n\t\t\t<div class=\"DATE\">Fri. 14 November - Sun. 16 November<\/div>\r\n\t\t<\/div>\r\n\t<\/div>\r\n<\/a><a href=\"http:\/\/www.chateaudegoutelas.fr\/en\/agenda\/l-hopital-public-dans-le-forez\/\" class=\"shmEventListItem\">\r\n\t<div class=\"marg\">\r\n\t\t<div class=\"EVENTIMAGE\"><img loading=\"lazy\" decoding=\"async\" width=\"720\" height=\"720\" src=\"https:\/\/www.chateaudegoutelas.fr\/wp-content\/uploads\/2025\/08\/Bien-commun_PLS_credit-Michel-Wiart-min-720x720.jpg\" class=\"attachment-thumbnail size-thumbnail\" alt=\"\" \/><\/div>\r\n\t\t<div class=\"shmEventListItemText\">\r\n\t\t\t<div> <span class=\"ATT_type_rendez_vous\">Discussion<\/span><\/div>\r\n\t\t\t<div class=\"EVENTNAME\">L&rsquo;h\u00f4pital public dans le Forez<\/div>\r\n\t\t\t<div class=\"ATT_sous_titre\">Fanny Vincent<\/div>\r\n\t\t\t<div class=\"DATE\">Wed. 12 November<\/div>\r\n\t\t<\/div>\r\n\t<\/div>\r\n<\/a><\/div><h3 id=\"October 2025\" class=\"shmGroupbymonthTitle\">October 2025<\/h3><div class=\"shmEventListWidget\">\r\n<a href=\"http:\/\/www.chateaudegoutelas.fr\/en\/agenda\/c-est-l-bazar-il-fait-tout-noir\/\" class=\"shmEventListItem\">\r\n\t<div class=\"marg\">\r\n\t\t<div class=\"EVENTIMAGE\"><img loading=\"lazy\" decoding=\"async\" width=\"720\" height=\"720\" src=\"https:\/\/www.chateaudegoutelas.fr\/wp-content\/uploads\/2025\/08\/C-est-l-bazar-credit-Compagnie-La-Trouee-min-720x720.jpg\" class=\"attachment-thumbnail size-thumbnail\" alt=\"\" \/><\/div>\r\n\t\t<div class=\"shmEventListItemText\">\r\n\t\t\t<div> <span class=\"ATT_type_rendez_vous\">Spectacle jeune public<\/span><\/div>\r\n\t\t\t<div class=\"EVENTNAME\">C&rsquo;est l&rsquo;bazar, il fait tout noir !<\/div>\r\n\t\t\t<div class=\"ATT_sous_titre\">Compagnie La Trou\u00e9e<\/div>\r\n\t\t\t<div class=\"DATE\">Wed. 29 October<\/div>\r\n\t\t<\/div>\r\n\t<\/div>\r\n<\/a><a href=\"http:\/\/www.chateaudegoutelas.fr\/en\/agenda\/atelier-theatre-marionnettes\/\" class=\"shmEventListItem\">\r\n\t<div class=\"marg\">\r\n\t\t<div class=\"EVENTIMAGE\"><img loading=\"lazy\" decoding=\"async\" width=\"720\" height=\"720\" src=\"https:\/\/www.chateaudegoutelas.fr\/wp-content\/uploads\/2025\/08\/atelier-la-trouee-credit-Chateau-de-Goutelas-min-720x720.jpg\" class=\"attachment-thumbnail size-thumbnail\" alt=\"\" \/><\/div>\r\n\t\t<div class=\"shmEventListItemText\">\r\n\t\t\t<div> <span class=\"ATT_type_rendez_vous\">Atelier<\/span><\/div>\r\n\t\t\t<div class=\"EVENTNAME\">Atelier th\u00e9\u00e2tre &#038; marionnettes<\/div>\r\n\t\t\t<div class=\"ATT_sous_titre\">Compagnie La Trou\u00e9e<\/div>\r\n\t\t\t<div class=\"DATE\">Tue. 28 October<\/div>\r\n\t\t<\/div>\r\n\t<\/div>\r\n<\/a><a href=\"http:\/\/www.chateaudegoutelas.fr\/en\/agenda\/visite-goutelas-et-lastree\/\" class=\"shmEventListItem\">\r\n\t<div class=\"marg\">\r\n\t\t<div class=\"EVENTIMAGE\"><img loading=\"lazy\" decoding=\"async\" width=\"720\" height=\"720\" src=\"https:\/\/www.chateaudegoutelas.fr\/wp-content\/uploads\/2025\/09\/Goutelas-et-l_astree_credit-Emilie_s-photographie-720x720.jpg\" class=\"attachment-thumbnail size-thumbnail\" alt=\"\" \/><\/div>\r\n\t\t<div class=\"shmEventListItemText\">\r\n\t\t\t<div> <span class=\"ATT_type_rendez_vous\">Visite th\u00e9\u00e2tralis\u00e9e<\/span><\/div>\r\n\t\t\t<div class=\"EVENTNAME\">Goutelas et L&rsquo;Astr\u00e9e<\/div>\r\n\t\t\t<div class=\"ATT_sous_titre\">Avec l'AFR Trelins-Leigneux<\/div>\r\n\t\t\t<div class=\"DATE\">Sun. 26 October<\/div>\r\n\t\t<\/div>\r\n\t<\/div>\r\n<\/a><a href=\"http:\/\/www.chateaudegoutelas.fr\/en\/agenda\/raconte-tapis\/\" class=\"shmEventListItem\">\r\n\t<div class=\"marg\">\r\n\t\t<div class=\"EVENTIMAGE\"><img loading=\"lazy\" decoding=\"async\" width=\"720\" height=\"720\" src=\"https:\/\/www.chateaudegoutelas.fr\/wp-content\/uploads\/2025\/09\/Atelier-jeune-public_credit-Goutelas-720x720.jpg\" class=\"attachment-thumbnail size-thumbnail\" alt=\"\" srcset=\"https:\/\/www.chateaudegoutelas.fr\/wp-content\/uploads\/2025\/09\/Atelier-jeune-public_credit-Goutelas-720x720.jpg 720w, https:\/\/www.chateaudegoutelas.fr\/wp-content\/uploads\/2025\/09\/Atelier-jeune-public_credit-Goutelas-12x12.jpg 12w\" sizes=\"auto, (max-width: 720px) 100vw, 720px\" \/><\/div>\r\n\t\t<div class=\"shmEventListItemText\">\r\n\t\t\t<div> <span class=\"ATT_type_rendez_vous\">Atelier<\/span><\/div>\r\n\t\t\t<div class=\"EVENTNAME\">Raconte-tapis<\/div>\r\n\t\t\t<div class=\"ATT_sous_titre\">Avec le Pays d'art et d'histoire du Forez<\/div>\r\n\t\t\t<div class=\"DATE\">Thu. 23 October<\/div>\r\n\t\t<\/div>\r\n\t<\/div>\r\n<\/a><a href=\"http:\/\/www.chateaudegoutelas.fr\/en\/agenda\/tape-dru-vignobles-en-scene\/\" class=\"shmEventListItem\">\r\n\t<div class=\"marg\">\r\n\t\t<div class=\"EVENTIMAGE\"><img loading=\"lazy\" decoding=\"async\" width=\"720\" height=\"720\" src=\"https:\/\/www.chateaudegoutelas.fr\/wp-content\/uploads\/2025\/08\/Vignobles-en-scene-Tape-dru_credit-Francois-Rousset-720x720.png\" class=\"attachment-thumbnail size-thumbnail\" alt=\"\" \/><\/div>\r\n\t\t<div class=\"shmEventListItemText\">\r\n\t\t\t<div> <span class=\"ATT_type_rendez_vous\">Concert &amp; d\u00e9gustation de vins<\/span><\/div>\r\n\t\t\t<div class=\"EVENTNAME\">Tape-Dru &#8211; Vignobles en Sc\u00e8ne !<\/div>\r\n\t\t\t<div class=\"ATT_sous_titre\">Hors les murs au prieur\u00e9 de Champdieu<\/div>\r\n\t\t\t<div class=\"DATE\">Fri. 17 October<\/div>\r\n\t\t<\/div>\r\n\t<\/div>\r\n<\/a><a href=\"http:\/\/www.chateaudegoutelas.fr\/en\/agenda\/l-astree-a-velo\/\" class=\"shmEventListItem\">\r\n\t<div class=\"marg\">\r\n\t\t<div class=\"EVENTIMAGE\"><img loading=\"lazy\" decoding=\"async\" width=\"720\" height=\"720\" src=\"https:\/\/www.chateaudegoutelas.fr\/wp-content\/uploads\/2025\/08\/Astree-a-velo_credit-Chateau-de-Goutelas-min-720x720.jpg\" class=\"attachment-thumbnail size-thumbnail\" alt=\"\" \/><\/div>\r\n\t\t<div class=\"shmEventListItemText\">\r\n\t\t\t<div> <span class=\"ATT_type_rendez_vous\">Spectacle nomade et balade \u00e0 v\u00e9lo<\/span><\/div>\r\n\t\t\t<div class=\"EVENTNAME\">L&rsquo;Astr\u00e9e \u00e0 v\u00e9lo<\/div>\r\n\t\t\t<div class=\"ATT_sous_titre\"><\/div>\r\n\t\t\t<div class=\"DATE\">Sun. 5 October<\/div>\r\n\t\t<\/div>\r\n\t<\/div>\r\n<\/a><a href=\"http:\/\/www.chateaudegoutelas.fr\/en\/agenda\/dans-lombre-la-lumiere\/\" class=\"shmEventListItem\">\r\n\t<div class=\"marg\">\r\n\t\t<div class=\"EVENTIMAGE\"><img loading=\"lazy\" decoding=\"async\" width=\"720\" height=\"720\" src=\"https:\/\/www.chateaudegoutelas.fr\/wp-content\/uploads\/2025\/09\/spectacle-dans-lombre-la-lumiere-credit-la-lucarne-d-ariane-720x720.jpg\" class=\"attachment-thumbnail size-thumbnail\" alt=\"\" \/><\/div>\r\n\t\t<div class=\"shmEventListItemText\">\r\n\t\t\t<div> <span class=\"ATT_type_rendez_vous\">Spectacle<\/span><span class=\"ATT_type_rendez_vous\"> \u2022 Po\u00e9sie et musique<\/span><\/div>\r\n\t\t\t<div class=\"EVENTNAME\">Dans l&rsquo;ombre, la lumi\u00e8re<\/div>\r\n\t\t\t<div class=\"ATT_sous_titre\">Khaled Miloudi et Rapha\u00ebl Goldman<\/div>\r\n\t\t\t<div class=\"DATE\">Thu. 2 October<\/div>\r\n\t\t<\/div>\r\n\t<\/div>\r\n<\/a><a href=\"http:\/\/www.chateaudegoutelas.fr\/en\/agenda\/la-nuit-du-droit-discussion\/\" class=\"shmEventListItem\">\r\n\t<div class=\"marg\">\r\n\t\t<div class=\"EVENTIMAGE\"><img loading=\"lazy\" decoding=\"async\" width=\"720\" height=\"720\" src=\"https:\/\/www.chateaudegoutelas.fr\/wp-content\/uploads\/2025\/09\/Plateau-radio-720x720.jpg\" class=\"attachment-thumbnail size-thumbnail\" alt=\"\" \/><\/div>\r\n\t\t<div class=\"shmEventListItemText\">\r\n\t\t\t<div> <span class=\"ATT_type_rendez_vous\">Discussion<\/span><\/div>\r\n\t\t\t<div class=\"EVENTNAME\">La Nuit du Droit : discussion<\/div>\r\n\t\t\t<div class=\"ATT_sous_titre\">Ma\u00eflys Tetu, Khaled Miloudi, Bernard Bolze<\/div>\r\n\t\t\t<div class=\"DATE\">Thu. 2 October<\/div>\r\n\t\t<\/div>\r\n\t<\/div>\r\n<\/a><a href=\"http:\/\/www.chateaudegoutelas.fr\/en\/agenda\/la-nuit-du-droit-2025\/\" class=\"shmEventListItem\">\r\n\t<div class=\"marg\">\r\n\t\t<div class=\"EVENTIMAGE\"><img loading=\"lazy\" decoding=\"async\" width=\"720\" height=\"720\" src=\"https:\/\/www.chateaudegoutelas.fr\/wp-content\/uploads\/2025\/08\/nuit-du-droit-2-720x720.png\" class=\"attachment-thumbnail size-thumbnail\" alt=\"\" srcset=\"https:\/\/www.chateaudegoutelas.fr\/wp-content\/uploads\/2025\/08\/nuit-du-droit-2-720x720.png 720w, https:\/\/www.chateaudegoutelas.fr\/wp-content\/uploads\/2025\/08\/nuit-du-droit-2-768x768.png 768w, https:\/\/www.chateaudegoutelas.fr\/wp-content\/uploads\/2025\/08\/nuit-du-droit-2-12x12.png 12w, https:\/\/www.chateaudegoutelas.fr\/wp-content\/uploads\/2025\/08\/nuit-du-droit-2.png 1080w\" sizes=\"auto, (max-width: 720px) 100vw, 720px\" \/><\/div>\r\n\t\t<div class=\"shmEventListItemText\">\r\n\t\t\t<div> <span class=\"ATT_type_rendez_vous\">\u00c9v\u00e9nement<\/span><\/div>\r\n\t\t\t<div class=\"EVENTNAME\">La Nuit du Droit<\/div>\r\n\t\t\t<div class=\"ATT_sous_titre\">Discussion et spectacle<\/div>\r\n\t\t\t<div class=\"DATE\">Thu. 2 October<\/div>\r\n\t\t<\/div>\r\n\t<\/div>\r\n<\/a><\/div><h3 id=\"September 2025\" class=\"shmGroupbymonthTitle\">September 2025<\/h3><div class=\"shmEventListWidget\">\r\n<a href=\"http:\/\/www.chateaudegoutelas.fr\/en\/agenda\/baroque-en-forez-2025\/\" class=\"shmEventListItem\">\r\n\t<div class=\"marg\">\r\n\t\t<div class=\"EVENTIMAGE\"><img loading=\"lazy\" decoding=\"async\" width=\"720\" height=\"720\" src=\"https:\/\/www.chateaudegoutelas.fr\/wp-content\/uploads\/2025\/08\/Baroque-en-Forez_credit-Chateau-de-Goutelas-min-720x720.jpg\" class=\"attachment-thumbnail size-thumbnail\" alt=\"\" \/><\/div>\r\n\t\t<div class=\"shmEventListItemText\">\r\n\t\t\t<div> <span class=\"ATT_type_rendez_vous\">Ev\u00e9nement invit\u00e9<\/span><span class=\"ATT_type_rendez_vous\"> \u2022 Concerts et animations<\/span><\/div>\r\n\t\t\t<div class=\"EVENTNAME\">Ouverture du festival Baroque en Forez<\/div>\r\n\t\t\t<div class=\"ATT_sous_titre\"><\/div>\r\n\t\t\t<div class=\"DATE\">Sat. 27 September<\/div>\r\n\t\t<\/div>\r\n\t<\/div>\r\n<\/a><a href=\"http:\/\/www.chateaudegoutelas.fr\/en\/agenda\/soum\/\" class=\"shmEventListItem\">\r\n\t<div class=\"marg\">\r\n\t\t<div class=\"EVENTIMAGE\"><img loading=\"lazy\" decoding=\"async\" width=\"720\" height=\"720\" src=\"https:\/\/www.chateaudegoutelas.fr\/wp-content\/uploads\/2025\/04\/Soum-photo-3-720x720.jpg\" class=\"attachment-thumbnail size-thumbnail\" alt=\"\" \/><\/div>\r\n\t\t<div class=\"shmEventListItemText\">\r\n\t\t\t<div> <span class=\"ATT_type_rendez_vous\">Concert<\/span><span class=\"ATT_type_rendez_vous\"> \u2022 Polyphonies du monde<\/span><\/div>\r\n\t\t\t<div class=\"EVENTNAME\">S\u00f6um<\/div>\r\n\t\t\t<div class=\"ATT_sous_titre\"><\/div>\r\n\t\t\t<div class=\"DATE\">Sat. 20 September<\/div>\r\n\t\t<\/div>\r\n\t<\/div>\r\n<\/a><a href=\"http:\/\/www.chateaudegoutelas.fr\/en\/agenda\/le-matrimoine-est-il-le-feminin-du-patrimoine\/\" class=\"shmEventListItem\">\r\n\t<div class=\"marg\">\r\n\t\t<div class=\"EVENTIMAGE\"><img loading=\"lazy\" decoding=\"async\" width=\"720\" height=\"720\" src=\"https:\/\/www.chateaudegoutelas.fr\/wp-content\/uploads\/2025\/08\/Visites_1_credit-Chateau-de-Goutelas-min-720x720.jpg\" class=\"attachment-thumbnail size-thumbnail\" alt=\"\" \/><\/div>\r\n\t\t<div class=\"shmEventListItemText\">\r\n\t\t\t<div> <span class=\"ATT_type_rendez_vous\">Table ronde<\/span><\/div>\r\n\t\t\t<div class=\"EVENTNAME\">Le matrimoine est-il le f\u00e9minin du patrimoine ?<\/div>\r\n\t\t\t<div class=\"ATT_sous_titre\"><\/div>\r\n\t\t\t<div class=\"DATE\">Sat. 20 September<\/div>\r\n\t\t<\/div>\r\n\t<\/div>\r\n<\/a><a href=\"http:\/\/www.chateaudegoutelas.fr\/en\/agenda\/balade-matrimoniale\/\" class=\"shmEventListItem\">\r\n\t<div class=\"marg\">\r\n\t\t<div class=\"EVENTIMAGE\"><img loading=\"lazy\" decoding=\"async\" width=\"720\" height=\"720\" src=\"https:\/\/www.chateaudegoutelas.fr\/wp-content\/uploads\/2025\/09\/DSC0525-2-720x720.jpg\" class=\"attachment-thumbnail size-thumbnail\" alt=\"\" \/><\/div>\r\n\t\t<div class=\"shmEventListItemText\">\r\n\t\t\t<div> <\/div>\r\n\t\t\t<div class=\"EVENTNAME\">Balade matrimoniale<\/div>\r\n\t\t\t<div class=\"ATT_sous_titre\"><\/div>\r\n\t\t\t<div class=\"DATE\">Sat. 20 September<\/div>\r\n\t\t<\/div>\r\n\t<\/div>\r\n<\/a><a href=\"http:\/\/www.chateaudegoutelas.fr\/en\/agenda\/femmes-au-chateau-presentation-livre\/\" class=\"shmEventListItem\">\r\n\t<div class=\"marg\">\r\n\t\t<div class=\"EVENTIMAGE\"><img loading=\"lazy\" decoding=\"async\" width=\"720\" height=\"720\" src=\"https:\/\/www.chateaudegoutelas.fr\/wp-content\/uploads\/2025\/09\/visuel-carre-720x720.png\" class=\"attachment-thumbnail size-thumbnail\" alt=\"\" srcset=\"https:\/\/www.chateaudegoutelas.fr\/wp-content\/uploads\/2025\/09\/visuel-carre-720x720.png 720w, https:\/\/www.chateaudegoutelas.fr\/wp-content\/uploads\/2025\/09\/visuel-carre-768x768.png 768w, https:\/\/www.chateaudegoutelas.fr\/wp-content\/uploads\/2025\/09\/visuel-carre-12x12.png 12w, https:\/\/www.chateaudegoutelas.fr\/wp-content\/uploads\/2025\/09\/visuel-carre.png 1080w\" sizes=\"auto, (max-width: 720px) 100vw, 720px\" \/><\/div>\r\n\t\t<div class=\"shmEventListItemText\">\r\n\t\t\t<div> <span class=\"ATT_type_rendez_vous\">Pr\u00e9sentation du livre<\/span><\/div>\r\n\t\t\t<div class=\"EVENTNAME\">Femmes, au ch\u00e2teau ! Reprendre le r\u00e9cit de Goutelas<\/div>\r\n\t\t\t<div class=\"ATT_sous_titre\"><\/div>\r\n\t\t\t<div class=\"DATE\">Sat. 20 September<\/div>\r\n\t\t<\/div>\r\n\t<\/div>\r\n<\/a><a href=\"http:\/\/www.chateaudegoutelas.fr\/en\/agenda\/journees-europeennes-du-matrimoine\/\" class=\"shmEventListItem\">\r\n\t<div class=\"marg\">\r\n\t\t<div class=\"EVENTIMAGE\"><img loading=\"lazy\" decoding=\"async\" width=\"720\" height=\"720\" src=\"https:\/\/www.chateaudegoutelas.fr\/wp-content\/uploads\/2025\/04\/Journees-du-patrimoine_credit-Chateau-de-Goutelas_2-min-720x720.jpg\" class=\"attachment-thumbnail size-thumbnail\" alt=\"\" \/><\/div>\r\n\t\t<div class=\"shmEventListItemText\">\r\n\t\t\t<div> <span class=\"ATT_type_rendez_vous\">\u00c9v\u00e9nement<\/span><\/div>\r\n\t\t\t<div class=\"EVENTNAME\">Journ\u00e9es europ\u00e9ennes du m(p)atrimoine<\/div>\r\n\t\t\t<div class=\"ATT_sous_titre\"><\/div>\r\n\t\t\t<div class=\"DATE\">Sat. 20 September - Sun. 21 September<\/div>\r\n\t\t<\/div>\r\n\t<\/div>\r\n<\/a><a href=\"http:\/\/www.chateaudegoutelas.fr\/en\/agenda\/mad-jacques-velo-loire-2025\/\" class=\"shmEventListItem\">\r\n\t<div class=\"marg\">\r\n\t\t<div class=\"EVENTIMAGE\"><img loading=\"lazy\" decoding=\"async\" width=\"720\" height=\"720\" src=\"https:\/\/www.chateaudegoutelas.fr\/wp-content\/uploads\/2025\/04\/Mad-Jacques_credit-Alexandre-Leroy-Mad-Jacques-min-720x720.jpg\" class=\"attachment-thumbnail size-thumbnail\" alt=\"\" \/><\/div>\r\n\t\t<div class=\"shmEventListItemText\">\r\n\t\t\t<div> <span class=\"ATT_type_rendez_vous\">Course d'aventure<\/span><\/div>\r\n\t\t\t<div class=\"EVENTNAME\">Mad Jacques V\u00e9lo Loire<\/div>\r\n\t\t\t<div class=\"ATT_sous_titre\">Entre fourme et coteaux volcaniques<\/div>\r\n\t\t\t<div class=\"DATE\">Fri. 12 September - Sun. 14 September<\/div>\r\n\t\t<\/div>\r\n\t<\/div>\r\n<\/a><a href=\"http:\/\/www.chateaudegoutelas.fr\/en\/agenda\/adamas-2025-table-ronde\/\" class=\"shmEventListItem\">\r\n\t<div class=\"marg\">\r\n\t\t<div class=\"EVENTIMAGE\"><img loading=\"lazy\" decoding=\"async\" width=\"720\" height=\"720\" src=\"https:\/\/www.chateaudegoutelas.fr\/wp-content\/uploads\/2025\/08\/adamas2024-24-min-720x720.jpg\" class=\"attachment-thumbnail size-thumbnail\" alt=\"\" \/><\/div>\r\n\t\t<div class=\"shmEventListItemText\">\r\n\t\t\t<div> <span class=\"ATT_type_rendez_vous\">Table ronde<\/span><\/div>\r\n\t\t\t<div class=\"EVENTNAME\">R\u00e9sidences Adamas<\/div>\r\n\t\t\t<div class=\"ATT_sous_titre\">Table-ronde de fin de r\u00e9sidence<\/div>\r\n\t\t\t<div class=\"DATE\">Thu. 11 September<\/div>\r\n\t\t<\/div>\r\n\t<\/div>\r\n<\/a><\/div><h3 id=\"July 2025\" class=\"shmGroupbymonthTitle\">July 2025<\/h3><div class=\"shmEventListWidget\">\r\n<a href=\"http:\/\/www.chateaudegoutelas.fr\/en\/agenda\/commandant-coustou\/\" class=\"shmEventListItem\">\r\n\t<div class=\"marg\">\r\n\t\t<div class=\"EVENTIMAGE\"><img loading=\"lazy\" decoding=\"async\" width=\"720\" height=\"720\" src=\"https:\/\/www.chateaudegoutelas.fr\/wp-content\/uploads\/2025\/04\/commandant-coustou_credit-fred-perry-min-720x720.jpeg\" class=\"attachment-thumbnail size-thumbnail\" alt=\"\" \/><\/div>\r\n\t\t<div class=\"shmEventListItemText\">\r\n\t\t\t<div> <span class=\"ATT_type_rendez_vous\">Concert Panorama<\/span><span class=\"ATT_type_rendez_vous\"> \u2022 Calypso &amp; musiques carib\u00e9ennes<\/span><\/div>\r\n\t\t\t<div class=\"EVENTNAME\">Commandant Coustou<\/div>\r\n\t\t\t<div class=\"ATT_sous_titre\">+ 1\u00e8re partie FORMS Utopia<\/div>\r\n\t\t\t<div class=\"DATE\">Thu. 31 July<\/div>\r\n\t\t<\/div>\r\n\t<\/div>\r\n<\/a><a href=\"http:\/\/www.chateaudegoutelas.fr\/en\/agenda\/concert-la-mossa\/\" class=\"shmEventListItem\">\r\n\t<div class=\"marg\">\r\n\t\t<div class=\"EVENTIMAGE\"><img loading=\"lazy\" decoding=\"async\" width=\"720\" height=\"720\" src=\"https:\/\/www.chateaudegoutelas.fr\/wp-content\/uploads\/2025\/06\/La-Mossa-2-\u00a9Marc-Ginot-720x720.jpg\" class=\"attachment-thumbnail size-thumbnail\" alt=\"\" \/><\/div>\r\n\t\t<div class=\"shmEventListItemText\">\r\n\t\t\t<div> <span class=\"ATT_type_rendez_vous\">Concert en plein air<\/span><span class=\"ATT_type_rendez_vous\"> \u2022 Voix et percussions<\/span><\/div>\r\n\t\t\t<div class=\"EVENTNAME\">La M\u00f2ssa<\/div>\r\n\t\t\t<div class=\"ATT_sous_titre\">Concert en plein air dans l'\u0153uvre Z\u00e9phyr<\/div>\r\n\t\t\t<div class=\"DATE\">Sat. 26 July<\/div>\r\n\t\t<\/div>\r\n\t<\/div>\r\n<\/a><a href=\"http:\/\/www.chateaudegoutelas.fr\/en\/agenda\/zephyr-atelier-artistique\/\" class=\"shmEventListItem\">\r\n\t<div class=\"marg\">\r\n\t\t<div class=\"EVENTIMAGE\"><img loading=\"lazy\" decoding=\"async\" width=\"720\" height=\"720\" src=\"https:\/\/www.chateaudegoutelas.fr\/wp-content\/uploads\/2025\/06\/Atelier-Zephyr-credit-Chateau-de-Goutelas-720x720.jpg\" class=\"attachment-thumbnail size-thumbnail\" alt=\"\" \/><\/div>\r\n\t\t<div class=\"shmEventListItemText\">\r\n\t\t\t<div> <span class=\"ATT_type_rendez_vous\">Atelier<\/span><span class=\"ATT_type_rendez_vous\"> \u2022 Arts visuels<\/span><\/div>\r\n\t\t\t<div class=\"EVENTNAME\">Z\u00e9phyr : atelier<\/div>\r\n\t\t\t<div class=\"ATT_sous_titre\">Avec UV Lab<\/div>\r\n\t\t\t<div class=\"DATE\">Sat. 26 July<\/div>\r\n\t\t<\/div>\r\n\t<\/div>\r\n<\/a><a href=\"http:\/\/www.chateaudegoutelas.fr\/en\/agenda\/vins-et-mets\/\" class=\"shmEventListItem\">\r\n\t<div class=\"marg\">\r\n\t\t<div class=\"EVENTIMAGE\"><img loading=\"lazy\" decoding=\"async\" width=\"720\" height=\"720\" src=\"https:\/\/www.chateaudegoutelas.fr\/wp-content\/uploads\/2025\/04\/Dejeuner-sur-l_herbe_credit-Chateau-de-Goutelas-min-720x720.jpg\" class=\"attachment-thumbnail size-thumbnail\" alt=\"\" \/><\/div>\r\n\t\t<div class=\"shmEventListItemText\">\r\n\t\t\t<div> <span class=\"ATT_type_rendez_vous\">Pique-nique &amp; animations<\/span><\/div>\r\n\t\t\t<div class=\"EVENTNAME\">Vins &#038; mets<\/div>\r\n\t\t\t<div class=\"ATT_sous_titre\">Avec les vigneron\u00b7ne\u00b7s du Forez<\/div>\r\n\t\t\t<div class=\"DATE\">Sat. 26 July<\/div>\r\n\t\t<\/div>\r\n\t<\/div>\r\n<\/a><a href=\"http:\/\/www.chateaudegoutelas.fr\/en\/agenda\/zephyr\/\" class=\"shmEventListItem\">\r\n\t<div class=\"marg\">\r\n\t\t<div class=\"EVENTIMAGE\"><img loading=\"lazy\" decoding=\"async\" width=\"720\" height=\"720\" src=\"https:\/\/www.chateaudegoutelas.fr\/wp-content\/uploads\/2025\/04\/zephyr-visuel_carre-720x720.jpg\" class=\"attachment-thumbnail size-thumbnail\" alt=\"\" srcset=\"https:\/\/www.chateaudegoutelas.fr\/wp-content\/uploads\/2025\/04\/zephyr-visuel_carre-720x720.jpg 720w, https:\/\/www.chateaudegoutelas.fr\/wp-content\/uploads\/2025\/04\/zephyr-visuel_carre-768x768.jpg 768w, https:\/\/www.chateaudegoutelas.fr\/wp-content\/uploads\/2025\/04\/zephyr-visuel_carre-12x12.jpg 12w, https:\/\/www.chateaudegoutelas.fr\/wp-content\/uploads\/2025\/04\/zephyr-visuel_carre.jpg 1080w\" sizes=\"auto, (max-width: 720px) 100vw, 720px\" \/><\/div>\r\n\t\t<div class=\"shmEventListItemText\">\r\n\t\t\t<div> <span class=\"ATT_type_rendez_vous\">\u0152uvre en plein air<\/span><span class=\"ATT_type_rendez_vous\"> \u2022 Arts visuels<\/span><\/div>\r\n\t\t\t<div class=\"EVENTNAME\">Z\u00e9phyr<\/div>\r\n\t\t\t<div class=\"ATT_sous_titre\">UV LAB<\/div>\r\n\t\t\t<div class=\"DATE\">Sat. 26 July - Tue. 30 September<\/div>\r\n\t\t<\/div>\r\n\t<\/div>\r\n<\/a><a href=\"http:\/\/www.chateaudegoutelas.fr\/en\/agenda\/shezlong\/\" class=\"shmEventListItem\">\r\n\t<div class=\"marg\">\r\n\t\t<div class=\"EVENTIMAGE\"><img loading=\"lazy\" decoding=\"async\" width=\"705\" height=\"500\" src=\"https:\/\/www.chateaudegoutelas.fr\/wp-content\/uploads\/2025\/04\/Shezlong-1-min.jpg\" class=\"attachment-thumbnail size-thumbnail\" alt=\"\" srcset=\"https:\/\/www.chateaudegoutelas.fr\/wp-content\/uploads\/2025\/04\/Shezlong-1-min.jpg 705w, https:\/\/www.chateaudegoutelas.fr\/wp-content\/uploads\/2025\/04\/Shezlong-1-min-18x12.jpg 18w\" sizes=\"auto, (max-width: 705px) 100vw, 705px\" \/><\/div>\r\n\t\t<div class=\"shmEventListItemText\">\r\n\t\t\t<div> <span class=\"ATT_type_rendez_vous\">Concert Panorama<\/span><span class=\"ATT_type_rendez_vous\"> \u2022 Musiques d'Anatolie &amp; funk psych\u00e9d\u00e9lique<\/span><\/div>\r\n\t\t\t<div class=\"EVENTNAME\">Shezl\u00f6ng<\/div>\r\n\t\t\t<div class=\"ATT_sous_titre\">+ 1\u00e8re partie Verl'aine<\/div>\r\n\t\t\t<div class=\"DATE\">Thu. 24 July<\/div>\r\n\t\t<\/div>\r\n\t<\/div>\r\n<\/a><a href=\"http:\/\/www.chateaudegoutelas.fr\/en\/agenda\/vins-et-braises\/\" class=\"shmEventListItem\">\r\n\t<div class=\"marg\">\r\n\t\t<div class=\"EVENTIMAGE\"><img loading=\"lazy\" decoding=\"async\" width=\"720\" height=\"720\" src=\"https:\/\/www.chateaudegoutelas.fr\/wp-content\/uploads\/2025\/04\/Belles-tablees_credit-Chateau-de-Goutelas-720x720.jpg\" class=\"attachment-thumbnail size-thumbnail\" alt=\"\" \/><\/div>\r\n\t\t<div class=\"shmEventListItemText\">\r\n\t\t\t<div> <span class=\"ATT_type_rendez_vous\">Soir\u00e9e brasero<\/span><\/div>\r\n\t\t\t<div class=\"EVENTNAME\">Vins &#038; braises<\/div>\r\n\t\t\t<div class=\"ATT_sous_titre\">Avec les vigneron\u00b7ne\u00b7s du Forez<\/div>\r\n\t\t\t<div class=\"DATE\">Thu. 17 July<\/div>\r\n\t\t<\/div>\r\n\t<\/div>\r\n<\/a><a href=\"http:\/\/www.chateaudegoutelas.fr\/en\/agenda\/chantier-collectif-uv-lab\/\" class=\"shmEventListItem\">\r\n\t<div class=\"marg\">\r\n\t\t<div class=\"EVENTIMAGE\"><img loading=\"lazy\" decoding=\"async\" width=\"720\" height=\"720\" src=\"https:\/\/www.chateaudegoutelas.fr\/wp-content\/uploads\/2025\/04\/Chantier-collectif_credit-Louis-Perrin_2-min-720x720.jpg\" class=\"attachment-thumbnail size-thumbnail\" alt=\"\" \/><\/div>\r\n\t\t<div class=\"shmEventListItemText\">\r\n\t\t\t<div> <span class=\"ATT_type_rendez_vous\">Chantier<\/span><span class=\"ATT_type_rendez_vous\"> \u2022 Arts visuels<\/span><\/div>\r\n\t\t\t<div class=\"EVENTNAME\">Z\u00e9phyr : chantier collectif<\/div>\r\n\t\t\t<div class=\"ATT_sous_titre\">Avec UV Lab<\/div>\r\n\t\t\t<div class=\"DATE\">Thu. 17 July - Thu. 24 July<\/div>\r\n\t\t<\/div>\r\n\t<\/div>\r\n<\/a><a href=\"http:\/\/www.chateaudegoutelas.fr\/en\/agenda\/la-fanfare-des-paves\/\" class=\"shmEventListItem\">\r\n\t<div class=\"marg\">\r\n\t\t<div class=\"EVENTIMAGE\"><img loading=\"lazy\" decoding=\"async\" width=\"720\" height=\"720\" src=\"https:\/\/www.chateaudegoutelas.fr\/wp-content\/uploads\/2025\/04\/Fanfare-des-paves_credit-Nicolas-Rivoire-min-720x720.jpg\" class=\"attachment-thumbnail size-thumbnail\" alt=\"\" \/><\/div>\r\n\t\t<div class=\"shmEventListItemText\">\r\n\t\t\t<div> <span class=\"ATT_type_rendez_vous\">Concert Panorama<\/span><span class=\"ATT_type_rendez_vous\"> \u2022 Musiques du monde &amp; spectacle de rue<\/span><\/div>\r\n\t\t\t<div class=\"EVENTNAME\">La fanfare des pav\u00e9s<\/div>\r\n\t\t\t<div class=\"ATT_sous_titre\">+ 1\u00e8re partie Gal\u00e8re \u00e0 Tribord<\/div>\r\n\t\t\t<div class=\"DATE\">Thu. 10 July<\/div>\r\n\t\t<\/div>\r\n\t<\/div>\r\n<\/a><a href=\"http:\/\/www.chateaudegoutelas.fr\/en\/agenda\/popote-chef-la-finale\/\" class=\"shmEventListItem\">\r\n\t<div class=\"marg\">\r\n\t\t<div class=\"EVENTIMAGE\"><img loading=\"lazy\" decoding=\"async\" width=\"720\" height=\"720\" src=\"https:\/\/www.chateaudegoutelas.fr\/wp-content\/uploads\/2025\/04\/banniere-facebook-popotechef-Copie-720x720.jpg\" class=\"attachment-thumbnail size-thumbnail\" alt=\"\" srcset=\"https:\/\/www.chateaudegoutelas.fr\/wp-content\/uploads\/2025\/04\/banniere-facebook-popotechef-Copie-720x720.jpg 720w, https:\/\/www.chateaudegoutelas.fr\/wp-content\/uploads\/2025\/04\/banniere-facebook-popotechef-Copie-11x12.jpg 11w\" sizes=\"auto, (max-width: 720px) 100vw, 720px\" \/><\/div>\r\n\t\t<div class=\"shmEventListItemText\">\r\n\t\t\t<div> <span class=\"ATT_type_rendez_vous\">Animations &amp; cuisine<\/span><\/div>\r\n\t\t\t<div class=\"EVENTNAME\">Popote chef : la finale !<\/div>\r\n\t\t\t<div class=\"ATT_sous_titre\">\u00c0 Bo\u00ebn-sur-Lignon<\/div>\r\n\t\t\t<div class=\"DATE\">Sat. 5 July<\/div>\r\n\t\t<\/div>\r\n\t<\/div>\r\n<\/a><\/div><h3 id=\"June 2025\" class=\"shmGroupbymonthTitle\">June 2025<\/h3><div class=\"shmEventListWidget\">\r\n<a href=\"http:\/\/www.chateaudegoutelas.fr\/en\/agenda\/la-pensee-qui-fabrique\/\" class=\"shmEventListItem\">\r\n\t<div class=\"marg\">\r\n\t\t<div class=\"EVENTIMAGE\"><img loading=\"lazy\" decoding=\"async\" width=\"720\" height=\"720\" src=\"https:\/\/www.chateaudegoutelas.fr\/wp-content\/uploads\/2025\/04\/La-pensee-qui-fabrique_credit-Bits-to-Atoms-min-720x720.jpg\" class=\"attachment-thumbnail size-thumbnail\" alt=\"\" \/><\/div>\r\n\t\t<div class=\"shmEventListItemText\">\r\n\t\t\t<div> <span class=\"ATT_type_rendez_vous\">Atelier design<\/span><\/div>\r\n\t\t\t<div class=\"EVENTNAME\">La pens\u00e9e qui fabrique<\/div>\r\n\t\t\t<div class=\"ATT_sous_titre\">Par la Cit\u00e9 du design<\/div>\r\n\t\t\t<div class=\"DATE\">Sat. 28 June<\/div>\r\n\t\t<\/div>\r\n\t<\/div>\r\n<\/a><a href=\"http:\/\/www.chateaudegoutelas.fr\/en\/agenda\/seule-la-rose-le-sait\/\" class=\"shmEventListItem\">\r\n\t<div class=\"marg\">\r\n\t\t<div class=\"EVENTIMAGE\"><img loading=\"lazy\" decoding=\"async\" width=\"720\" height=\"720\" src=\"https:\/\/www.chateaudegoutelas.fr\/wp-content\/uploads\/2025\/04\/Seule-la-rose_6_credit-Pierre-Jaffeux-min-720x720.jpg\" class=\"attachment-thumbnail size-thumbnail\" alt=\"\" \/><\/div>\r\n\t\t<div class=\"shmEventListItemText\">\r\n\t\t\t<div> <span class=\"ATT_type_rendez_vous\">Spectacle<\/span><\/div>\r\n\t\t\t<div class=\"EVENTNAME\">Seule la rose le sait<\/div>\r\n\t\t\t<div class=\"ATT_sous_titre\">Cie LOCAR - le cri de l'Harfang<\/div>\r\n\t\t\t<div class=\"DATE\">Wed. 25 June<\/div>\r\n\t\t<\/div>\r\n\t<\/div>\r\n<\/a><a href=\"http:\/\/www.chateaudegoutelas.fr\/en\/agenda\/la-vie-taupe-secrete-2\/\" class=\"shmEventListItem\">\r\n\t<div class=\"marg\">\r\n\t\t<div class=\"EVENTIMAGE\"><img loading=\"lazy\" decoding=\"async\" width=\"720\" height=\"720\" src=\"https:\/\/www.chateaudegoutelas.fr\/wp-content\/uploads\/2025\/04\/P1330293_Nik_DxO-min-720x720.jpg\" class=\"attachment-thumbnail size-thumbnail\" alt=\"\" \/><\/div>\r\n\t\t<div class=\"shmEventListItemText\">\r\n\t\t\t<div> <span class=\"ATT_type_rendez_vous\">Spectacle jeune public<\/span><\/div>\r\n\t\t\t<div class=\"EVENTNAME\">La vie Taupe secr\u00e8te<\/div>\r\n\t\t\t<div class=\"ATT_sous_titre\">Compagnie Ecoutilles<\/div>\r\n\t\t\t<div class=\"DATE\">Sun. 15 June<\/div>\r\n\t\t<\/div>\r\n\t<\/div>\r\n<\/a><a href=\"http:\/\/www.chateaudegoutelas.fr\/en\/agenda\/initiation-fauconnerie\/\" class=\"shmEventListItem\">\r\n\t<div class=\"marg\">\r\n\t\t<div class=\"EVENTIMAGE\"><img loading=\"lazy\" decoding=\"async\" width=\"720\" height=\"720\" src=\"https:\/\/www.chateaudegoutelas.fr\/wp-content\/uploads\/2025\/04\/initiation-fauconnerie-credit-alexandre-leroy-mad-jacques-720x720.jpg\" class=\"attachment-thumbnail size-thumbnail\" alt=\"\" \/><\/div>\r\n\t\t<div class=\"shmEventListItemText\">\r\n\t\t\t<div> <span class=\"ATT_type_rendez_vous\">Atelier<\/span><\/div>\r\n\t\t\t<div class=\"EVENTNAME\">Initiation \u00e0 la fauconnerie<\/div>\r\n\t\t\t<div class=\"ATT_sous_titre\">Avec la Volerie du Forez<\/div>\r\n\t\t\t<div class=\"DATE\">Sun. 15 June<\/div>\r\n\t\t<\/div>\r\n\t<\/div>\r\n<\/a><a href=\"http:\/\/www.chateaudegoutelas.fr\/en\/agenda\/la-vie-taupe-secrete\/\" class=\"shmEventListItem\">\r\n\t<div class=\"marg\">\r\n\t\t<div class=\"EVENTIMAGE\"><img loading=\"lazy\" decoding=\"async\" width=\"720\" height=\"720\" src=\"https:\/\/www.chateaudegoutelas.fr\/wp-content\/uploads\/2025\/04\/P1330293_Nik_DxO-min-720x720.jpg\" class=\"attachment-thumbnail size-thumbnail\" alt=\"\" \/><\/div>\r\n\t\t<div class=\"shmEventListItemText\">\r\n\t\t\t<div> <span class=\"ATT_type_rendez_vous\">Spectacle jeune public<\/span><\/div>\r\n\t\t\t<div class=\"EVENTNAME\">La vie Taupe secr\u00e8te<\/div>\r\n\t\t\t<div class=\"ATT_sous_titre\">Compagnie Ecoutilles<\/div>\r\n\t\t\t<div class=\"DATE\">Sun. 15 June<\/div>\r\n\t\t<\/div>\r\n\t<\/div>\r\n<\/a><a href=\"http:\/\/www.chateaudegoutelas.fr\/en\/agenda\/pister-les-animaux-sauvages\/\" class=\"shmEventListItem\">\r\n\t<div class=\"marg\">\r\n\t\t<div class=\"EVENTIMAGE\"><img loading=\"lazy\" decoding=\"async\" width=\"720\" height=\"720\" src=\"https:\/\/www.chateaudegoutelas.fr\/wp-content\/uploads\/2025\/04\/pister-animaux-720x720.jpg\" class=\"attachment-thumbnail size-thumbnail\" alt=\"\" \/><\/div>\r\n\t\t<div class=\"shmEventListItemText\">\r\n\t\t\t<div> <span class=\"ATT_type_rendez_vous\">Atelier<\/span><\/div>\r\n\t\t\t<div class=\"EVENTNAME\">Pister les animaux sauvages<\/div>\r\n\t\t\t<div class=\"ATT_sous_titre\">Avec Anne-Marie Griot<\/div>\r\n\t\t\t<div class=\"DATE\">Sun. 15 June<\/div>\r\n\t\t<\/div>\r\n\t<\/div>\r\n<\/a><a href=\"http:\/\/www.chateaudegoutelas.fr\/en\/agenda\/cohabiter-avec-les-insectes\/\" class=\"shmEventListItem\">\r\n\t<div class=\"marg\">\r\n\t\t<div class=\"EVENTIMAGE\"><img loading=\"lazy\" decoding=\"async\" width=\"720\" height=\"480\" src=\"https:\/\/www.chateaudegoutelas.fr\/wp-content\/uploads\/2024\/08\/botanistes-4-min-scaled.jpg\" class=\"attachment-thumbnail size-thumbnail\" alt=\"\" srcset=\"https:\/\/www.chateaudegoutelas.fr\/wp-content\/uploads\/2024\/08\/botanistes-4-min-scaled.jpg 2560w, https:\/\/www.chateaudegoutelas.fr\/wp-content\/uploads\/2024\/08\/botanistes-4-min-1200x800.jpg 1200w\" sizes=\"auto, (max-width: 720px) 100vw, 720px\" \/><\/div>\r\n\t\t<div class=\"shmEventListItemText\">\r\n\t\t\t<div> <span class=\"ATT_type_rendez_vous\">Atelier<\/span><\/div>\r\n\t\t\t<div class=\"EVENTNAME\">Cohabiter avec les insectes<\/div>\r\n\t\t\t<div class=\"ATT_sous_titre\"><\/div>\r\n\t\t\t<div class=\"DATE\">Sun. 15 June<\/div>\r\n\t\t<\/div>\r\n\t<\/div>\r\n<\/a><a href=\"http:\/\/www.chateaudegoutelas.fr\/en\/agenda\/cause-animale-conversation\/\" class=\"shmEventListItem\">\r\n\t<div class=\"marg\">\r\n\t\t<div class=\"EVENTIMAGE\"><img loading=\"lazy\" decoding=\"async\" width=\"720\" height=\"720\" src=\"https:\/\/www.chateaudegoutelas.fr\/wp-content\/uploads\/2024\/08\/VISUEL-FP20252-720x720.jpg\" class=\"attachment-thumbnail size-thumbnail\" alt=\"\" \/><\/div>\r\n\t\t<div class=\"shmEventListItemText\">\r\n\t\t\t<div> <span class=\"ATT_type_rendez_vous\">Conversation<\/span><\/div>\r\n\t\t\t<div class=\"EVENTNAME\">Cause animale : entre protection et controverses<\/div>\r\n\t\t\t<div class=\"ATT_sous_titre\"><\/div>\r\n\t\t\t<div class=\"DATE\">Sun. 15 June<\/div>\r\n\t\t<\/div>\r\n\t<\/div>\r\n<\/a><a href=\"http:\/\/www.chateaudegoutelas.fr\/en\/agenda\/merveille-lecture\/\" class=\"shmEventListItem\">\r\n\t<div class=\"marg\">\r\n\t\t<div class=\"EVENTIMAGE\"><img loading=\"lazy\" decoding=\"async\" width=\"720\" height=\"720\" src=\"https:\/\/www.chateaudegoutelas.fr\/wp-content\/uploads\/2025\/04\/20220514_155107-720x720.jpg\" class=\"attachment-thumbnail size-thumbnail\" alt=\"\" \/><\/div>\r\n\t\t<div class=\"shmEventListItemText\">\r\n\t\t\t<div> <span class=\"ATT_type_rendez_vous\">Lecture<\/span><\/div>\r\n\t\t\t<div class=\"EVENTNAME\">Merveille<\/div>\r\n\t\t\t<div class=\"ATT_sous_titre\">Cie Bande d'Art et d'Urgence<\/div>\r\n\t\t\t<div class=\"DATE\">Sun. 15 June<\/div>\r\n\t\t<\/div>\r\n\t<\/div>\r\n<\/a><a href=\"http:\/\/www.chateaudegoutelas.fr\/en\/agenda\/decouverte-equitherapie\/\" class=\"shmEventListItem\">\r\n\t<div class=\"marg\">\r\n\t\t<div class=\"EVENTIMAGE\"><img loading=\"lazy\" decoding=\"async\" width=\"720\" height=\"720\" src=\"https:\/\/www.chateaudegoutelas.fr\/wp-content\/uploads\/2025\/04\/equitherapie-e1745413532326-720x720.jpg\" class=\"attachment-thumbnail size-thumbnail\" alt=\"\" srcset=\"https:\/\/www.chateaudegoutelas.fr\/wp-content\/uploads\/2025\/04\/equitherapie-e1745413532326-720x720.jpg 720w, https:\/\/www.chateaudegoutelas.fr\/wp-content\/uploads\/2025\/04\/equitherapie-e1745413532326-12x12.jpg 12w\" sizes=\"auto, (max-width: 720px) 100vw, 720px\" \/><\/div>\r\n\t\t<div class=\"shmEventListItemText\">\r\n\t\t\t<div> <span class=\"ATT_type_rendez_vous\">Atelier<\/span><\/div>\r\n\t\t\t<div class=\"EVENTNAME\">D\u00e9couverte de l&rsquo;\u00e9quith\u00e9rapie<\/div>\r\n\t\t\t<div class=\"ATT_sous_titre\">Les animaux acteurs du bien-\u00eatre humain<\/div>\r\n\t\t\t<div class=\"DATE\">Sun. 15 June<\/div>\r\n\t\t<\/div>\r\n\t<\/div>\r\n<\/a><a href=\"http:\/\/www.chateaudegoutelas.fr\/en\/agenda\/carne\/\" class=\"shmEventListItem\">\r\n\t<div class=\"marg\">\r\n\t\t<div class=\"EVENTIMAGE\"><img loading=\"lazy\" decoding=\"async\" width=\"720\" height=\"720\" src=\"https:\/\/www.chateaudegoutelas.fr\/wp-content\/uploads\/2025\/04\/2407121755_DSC3096_\u00a9-Susy-Lagrange-min-720x720.jpg\" class=\"attachment-thumbnail size-thumbnail\" alt=\"\" \/><\/div>\r\n\t\t<div class=\"shmEventListItemText\">\r\n\t\t\t<div> <span class=\"ATT_type_rendez_vous\">Spectacle<\/span><\/div>\r\n\t\t\t<div class=\"EVENTNAME\">CARNE<\/div>\r\n\t\t\t<div class=\"ATT_sous_titre\">Compagnie G\u00e9rard G\u00e9rard<\/div>\r\n\t\t\t<div class=\"DATE\">Sat. 14 June<\/div>\r\n\t\t<\/div>\r\n\t<\/div>\r\n<\/a><a href=\"http:\/\/www.chateaudegoutelas.fr\/en\/agenda\/representations-animales-conversation\/\" class=\"shmEventListItem\">\r\n\t<div class=\"marg\">\r\n\t\t<div class=\"EVENTIMAGE\"><img loading=\"lazy\" decoding=\"async\" width=\"720\" height=\"680\" src=\"https:\/\/www.chateaudegoutelas.fr\/wp-content\/uploads\/2025\/04\/detail-de-l-oeuvre-histoire-des-alliances-suzanne-husky-720x680.jpg\" class=\"attachment-thumbnail size-thumbnail\" alt=\"\" \/><\/div>\r\n\t\t<div class=\"shmEventListItemText\">\r\n\t\t\t<div> <span class=\"ATT_type_rendez_vous\">Conversation<\/span><\/div>\r\n\t\t\t<div class=\"EVENTNAME\">Repr\u00e9sentations animales<\/div>\r\n\t\t\t<div class=\"ATT_sous_titre\">Les images transforment le monde<\/div>\r\n\t\t\t<div class=\"DATE\">Sat. 14 June<\/div>\r\n\t\t<\/div>\r\n\t<\/div>\r\n<\/a><a href=\"http:\/\/www.chateaudegoutelas.fr\/en\/agenda\/humains-animaux-vinciane-despret\/\" class=\"shmEventListItem\">\r\n\t<div class=\"marg\">\r\n\t\t<div class=\"EVENTIMAGE\"><img loading=\"lazy\" decoding=\"async\" width=\"720\" height=\"720\" src=\"https:\/\/www.chateaudegoutelas.fr\/wp-content\/uploads\/2025\/04\/Vinciane_Despret_credit-Emmanuel_Luce-min-720x720.jpg\" class=\"attachment-thumbnail size-thumbnail\" alt=\"\" \/><\/div>\r\n\t\t<div class=\"shmEventListItemText\">\r\n\t\t\t<div> <span class=\"ATT_type_rendez_vous\">Conversation<\/span><\/div>\r\n\t\t\t<div class=\"EVENTNAME\">Humains-animaux : repenser nos attachements<\/div>\r\n\t\t\t<div class=\"ATT_sous_titre\">Vinciane Despret<\/div>\r\n\t\t\t<div class=\"DATE\">Sat. 14 June<\/div>\r\n\t\t<\/div>\r\n\t<\/div>\r\n<\/a><a href=\"http:\/\/www.chateaudegoutelas.fr\/en\/agenda\/sillons\/\" class=\"shmEventListItem\">\r\n\t<div class=\"marg\">\r\n\t\t<div class=\"EVENTIMAGE\"><img loading=\"lazy\" decoding=\"async\" width=\"720\" height=\"720\" src=\"https:\/\/www.chateaudegoutelas.fr\/wp-content\/uploads\/2025\/04\/futurspossibles-235-min-720x720.jpg\" class=\"attachment-thumbnail size-thumbnail\" alt=\"\" \/><\/div>\r\n\t\t<div class=\"shmEventListItemText\">\r\n\t\t\t<div> <span class=\"ATT_type_rendez_vous\">Rencontre et jeu de plateau<\/span><\/div>\r\n\t\t\t<div class=\"EVENTNAME\">Sillons<\/div>\r\n\t\t\t<div class=\"ATT_sous_titre\">Axelle Gr\u00e9goire<\/div>\r\n\t\t\t<div class=\"DATE\">Sat. 14 June<\/div>\r\n\t\t<\/div>\r\n\t<\/div>\r\n<\/a><a href=\"http:\/\/www.chateaudegoutelas.fr\/en\/agenda\/expo-familles-devorantes\/\" class=\"shmEventListItem\">\r\n\t<div class=\"marg\">\r\n\t\t<div class=\"EVENTIMAGE\"><img loading=\"lazy\" decoding=\"async\" width=\"720\" height=\"720\" src=\"https:\/\/www.chateaudegoutelas.fr\/wp-content\/uploads\/2025\/04\/FAMILLES-DEVORANTES_credit-Arnaud-Theval-min-720x720.jpg\" class=\"attachment-thumbnail size-thumbnail\" alt=\"\" \/><\/div>\r\n\t\t<div class=\"shmEventListItemText\">\r\n\t\t\t<div> <span class=\"ATT_type_rendez_vous\">Exposition<\/span><span class=\"ATT_type_rendez_vous\"> \u2022 Photographie<\/span><\/div>\r\n\t\t\t<div class=\"EVENTNAME\">Familles d\u00e9vorantes<\/div>\r\n\t\t\t<div class=\"ATT_sous_titre\">Arnaud Th\u00e9val<\/div>\r\n\t\t\t<div class=\"DATE\">Sat. 14 June - Sun. 15 June<\/div>\r\n\t\t<\/div>\r\n\t<\/div>\r\n<\/a><a href=\"http:\/\/www.chateaudegoutelas.fr\/en\/agenda\/familles-devorantes\/\" class=\"shmEventListItem\">\r\n\t<div class=\"marg\">\r\n\t\t<div class=\"EVENTIMAGE\"><img loading=\"lazy\" decoding=\"async\" width=\"720\" height=\"720\" src=\"https:\/\/www.chateaudegoutelas.fr\/wp-content\/uploads\/2025\/04\/FAMILLES-DEVORANTES_credit-Arnaud-Theval-min-720x720.jpg\" class=\"attachment-thumbnail size-thumbnail\" alt=\"\" \/><\/div>\r\n\t\t<div class=\"shmEventListItemText\">\r\n\t\t\t<div> <span class=\"ATT_type_rendez_vous\">D\u00e9ambulation et ap\u00e9ritif<\/span><\/div>\r\n\t\t\t<div class=\"EVENTNAME\">Familles d\u00e9vorantes<\/div>\r\n\t\t\t<div class=\"ATT_sous_titre\">Arnaud Th\u00e9val<\/div>\r\n\t\t\t<div class=\"DATE\">Fri. 13 June<\/div>\r\n\t\t<\/div>\r\n\t<\/div>\r\n<\/a><a href=\"http:\/\/www.chateaudegoutelas.fr\/en\/agenda\/conference-carnee\/\" class=\"shmEventListItem\">\r\n\t<div class=\"marg\">\r\n\t\t<div class=\"EVENTIMAGE\"><img loading=\"lazy\" decoding=\"async\" width=\"720\" height=\"720\" src=\"https:\/\/www.chateaudegoutelas.fr\/wp-content\/uploads\/2025\/04\/Carne-49-\u00a9Kalimba-min-720x720.jpg\" class=\"attachment-thumbnail size-thumbnail\" alt=\"\" \/><\/div>\r\n\t\t<div class=\"shmEventListItemText\">\r\n\t\t\t<div> <span class=\"ATT_type_rendez_vous\">Conf\u00e9rence-spectacle<\/span><\/div>\r\n\t\t\t<div class=\"EVENTNAME\">Conf\u00e9rence carn\u00e9e<\/div>\r\n\t\t\t<div class=\"ATT_sous_titre\">Compagnie G\u00e9rard G\u00e9rard<\/div>\r\n\t\t\t<div class=\"DATE\">Fri. 13 June<\/div>\r\n\t\t<\/div>\r\n\t<\/div>\r\n<\/a><a href=\"http:\/\/www.chateaudegoutelas.fr\/en\/agenda\/de-la-morue\/\" class=\"shmEventListItem\">\r\n\t<div class=\"marg\">\r\n\t\t<div class=\"EVENTIMAGE\"><img loading=\"lazy\" decoding=\"async\" width=\"720\" height=\"720\" src=\"https:\/\/www.chateaudegoutelas.fr\/wp-content\/uploads\/2025\/04\/de-la-morue_FHD09\u00a9mathilde-delahaye-min-720x720.jpg\" class=\"attachment-thumbnail size-thumbnail\" alt=\"\" \/><\/div>\r\n\t\t<div class=\"shmEventListItemText\">\r\n\t\t\t<div> <span class=\"ATT_type_rendez_vous\">Spectacle<\/span><\/div>\r\n\t\t\t<div class=\"EVENTNAME\">De la morue : cartographie 6<\/div>\r\n\t\t\t<div class=\"ATT_sous_titre\">Compagnie Vertical D\u00e9tour<\/div>\r\n\t\t\t<div class=\"DATE\">Thu. 12 June<\/div>\r\n\t\t<\/div>\r\n\t<\/div>\r\n<\/a><a href=\"http:\/\/www.chateaudegoutelas.fr\/en\/agenda\/futurs-possibles-2025\/\" class=\"shmEventListItem\">\r\n\t<div class=\"marg\">\r\n\t\t<div class=\"EVENTIMAGE\"><img loading=\"lazy\" decoding=\"async\" width=\"720\" height=\"720\" src=\"https:\/\/www.chateaudegoutelas.fr\/wp-content\/uploads\/2024\/08\/VISUEL-FP20252-720x720.jpg\" class=\"attachment-thumbnail size-thumbnail\" alt=\"\" \/><\/div>\r\n\t\t<div class=\"shmEventListItemText\">\r\n\t\t\t<div> <span class=\"ATT_type_rendez_vous\">Festival<\/span><\/div>\r\n\t\t\t<div class=\"EVENTNAME\">Futurs possibles 2025<\/div>\r\n\t\t\t<div class=\"ATT_sous_titre\">\u00c9dition #4 : Part animale<\/div>\r\n\t\t\t<div class=\"DATE\">Thu. 12 June - Sun. 15 June<\/div>\r\n\t\t<\/div>\r\n\t<\/div>\r\n<\/a><a href=\"http:\/\/www.chateaudegoutelas.fr\/en\/agenda\/la-caravane-2025\/\" class=\"shmEventListItem\">\r\n\t<div class=\"marg\">\r\n\t\t<div class=\"EVENTIMAGE\"><img loading=\"lazy\" decoding=\"async\" width=\"720\" height=\"720\" src=\"https:\/\/www.chateaudegoutelas.fr\/wp-content\/uploads\/2025\/04\/caravane-min-720x720.jpg\" class=\"attachment-thumbnail size-thumbnail\" alt=\"\" \/><\/div>\r\n\t\t<div class=\"shmEventListItemText\">\r\n\t\t\t<div> <span class=\"ATT_type_rendez_vous\">Food truck &amp; bistrot for\u00e9zien<\/span><\/div>\r\n\t\t\t<div class=\"EVENTNAME\">La Caravane<\/div>\r\n\t\t\t<div class=\"ATT_sous_titre\"><\/div>\r\n\t\t\t<div class=\"DATE\">Wed. 11 June - Sat. 27 September<\/div>\r\n\t\t<\/div>\r\n\t<\/div>\r\n<\/a><a href=\"http:\/\/www.chateaudegoutelas.fr\/en\/agenda\/atelier-cree-ton-animal-fabuleux\/\" class=\"shmEventListItem\">\r\n\t<div class=\"marg\">\r\n\t\t<div class=\"EVENTIMAGE\"><img loading=\"lazy\" decoding=\"async\" width=\"720\" height=\"720\" src=\"https:\/\/www.chateaudegoutelas.fr\/wp-content\/uploads\/2025\/04\/20240321_100730-720x720.jpg\" class=\"attachment-thumbnail size-thumbnail\" alt=\"\" \/><\/div>\r\n\t\t<div class=\"shmEventListItemText\">\r\n\t\t\t<div> <span class=\"ATT_type_rendez_vous\">Atelier<\/span><\/div>\r\n\t\t\t<div class=\"EVENTNAME\">Cr\u00e9e ton animal fabuleux avec L&rsquo;Astr\u00e9e<\/div>\r\n\t\t\t<div class=\"ATT_sous_titre\">\u00c0 la B\u00e2tie d'Urf\u00e9<\/div>\r\n\t\t\t<div class=\"DATE\">Sat. 7 June<\/div>\r\n\t\t<\/div>\r\n\t<\/div>\r\n<\/a><a href=\"http:\/\/www.chateaudegoutelas.fr\/en\/agenda\/clume\/\" class=\"shmEventListItem\">\r\n\t<div class=\"marg\">\r\n\t\t<div class=\"EVENTIMAGE\"><img loading=\"lazy\" decoding=\"async\" width=\"720\" height=\"720\" src=\"https:\/\/www.chateaudegoutelas.fr\/wp-content\/uploads\/2025\/04\/Clume-1-version-carree-pas-de-credit-720x720.png\" class=\"attachment-thumbnail size-thumbnail\" alt=\"\" srcset=\"https:\/\/www.chateaudegoutelas.fr\/wp-content\/uploads\/2025\/04\/Clume-1-version-carree-pas-de-credit-720x720.png 720w, https:\/\/www.chateaudegoutelas.fr\/wp-content\/uploads\/2025\/04\/Clume-1-version-carree-pas-de-credit-1200x1200.png 1200w, https:\/\/www.chateaudegoutelas.fr\/wp-content\/uploads\/2025\/04\/Clume-1-version-carree-pas-de-credit-768x768.png 768w, https:\/\/www.chateaudegoutelas.fr\/wp-content\/uploads\/2025\/04\/Clume-1-version-carree-pas-de-credit-12x12.png 12w, https:\/\/www.chateaudegoutelas.fr\/wp-content\/uploads\/2025\/04\/Clume-1-version-carree-pas-de-credit.png 1400w\" sizes=\"auto, (max-width: 720px) 100vw, 720px\" \/><\/div>\r\n\t\t<div class=\"shmEventListItemText\">\r\n\t\t\t<div> <span class=\"ATT_type_rendez_vous\">Concert en plein air<\/span><span class=\"ATT_type_rendez_vous\"> \u2022 Musiques trad<\/span><\/div>\r\n\t\t\t<div class=\"EVENTNAME\">Clume<\/div>\r\n\t\t\t<div class=\"ATT_sous_titre\">Trois voix sur chants d\u2019amour et de r\u00e9volte<\/div>\r\n\t\t\t<div class=\"DATE\">Thu. 5 June<\/div>\r\n\t\t<\/div>\r\n\t<\/div>\r\n<\/a><a href=\"http:\/\/www.chateaudegoutelas.fr\/en\/agenda\/inauguration-mementopie\/\" class=\"shmEventListItem\">\r\n\t<div class=\"marg\">\r\n\t\t<div class=\"EVENTIMAGE\"><img loading=\"lazy\" decoding=\"async\" width=\"591\" height=\"591\" src=\"https:\/\/www.chateaudegoutelas.fr\/wp-content\/uploads\/2025\/04\/visuel-Mementopie-carre-sans-typo.jpg\" class=\"attachment-thumbnail size-thumbnail\" alt=\"\" srcset=\"https:\/\/www.chateaudegoutelas.fr\/wp-content\/uploads\/2025\/04\/visuel-Mementopie-carre-sans-typo.jpg 591w, https:\/\/www.chateaudegoutelas.fr\/wp-content\/uploads\/2025\/04\/visuel-Mementopie-carre-sans-typo-12x12.jpg 12w\" sizes=\"auto, (max-width: 591px) 100vw, 591px\" \/><\/div>\r\n\t\t<div class=\"shmEventListItemText\">\r\n\t\t\t<div> <span class=\"ATT_type_rendez_vous\">Inauguration<\/span><span class=\"ATT_type_rendez_vous\"> \u2022 Arts visuels<\/span><\/div>\r\n\t\t\t<div class=\"EVENTNAME\">Mementopie<\/div>\r\n\t\t\t<div class=\"ATT_sous_titre\">Vincent Mauger<\/div>\r\n\t\t\t<div class=\"DATE\">Thu. 5 June<\/div>\r\n\t\t<\/div>\r\n\t<\/div>\r\n<\/a><a href=\"http:\/\/www.chateaudegoutelas.fr\/en\/agenda\/mementopie\/\" class=\"shmEventListItem\">\r\n\t<div class=\"marg\">\r\n\t\t<div class=\"EVENTIMAGE\"><img loading=\"lazy\" decoding=\"async\" width=\"591\" height=\"591\" src=\"https:\/\/www.chateaudegoutelas.fr\/wp-content\/uploads\/2025\/04\/visuel-Mementopie-carre-sans-typo.jpg\" class=\"attachment-thumbnail size-thumbnail\" alt=\"\" srcset=\"https:\/\/www.chateaudegoutelas.fr\/wp-content\/uploads\/2025\/04\/visuel-Mementopie-carre-sans-typo.jpg 591w, https:\/\/www.chateaudegoutelas.fr\/wp-content\/uploads\/2025\/04\/visuel-Mementopie-carre-sans-typo-12x12.jpg 12w\" sizes=\"auto, (max-width: 591px) 100vw, 591px\" \/><\/div>\r\n\t\t<div class=\"shmEventListItemText\">\r\n\t\t\t<div> <span class=\"ATT_type_rendez_vous\">sculpture-belv\u00e9d\u00e8re<\/span><\/div>\r\n\t\t\t<div class=\"EVENTNAME\">Mementopie<\/div>\r\n\t\t\t<div class=\"ATT_sous_titre\">Vincent Mauger<\/div>\r\n\t\t\t<div class=\"DATE\">Thu. 5 June - Tue. 30 September<\/div>\r\n\t\t<\/div>\r\n\t<\/div>\r\n<\/a><a href=\"http:\/\/www.chateaudegoutelas.fr\/en\/agenda\/ete-phenomene-2025\/\" class=\"shmEventListItem\">\r\n\t<div class=\"marg\">\r\n\t\t<div class=\"EVENTIMAGE\"><img loading=\"lazy\" decoding=\"async\" width=\"720\" height=\"720\" src=\"https:\/\/www.chateaudegoutelas.fr\/wp-content\/uploads\/2025\/05\/Ete-phenomene-2025-scaled-1-720x720.jpg\" class=\"attachment-thumbnail size-thumbnail\" alt=\"\" \/><\/div>\r\n\t\t<div class=\"shmEventListItemText\">\r\n\t\t\t<div> <\/div>\r\n\t\t\t<div class=\"EVENTNAME\">L&rsquo;\u00e9t\u00e9 ph\u00e9nom\u00e8ne<\/div>\r\n\t\t\t<div class=\"ATT_sous_titre\">Concerts, spectacles, \u00e9v\u00e9nements & rencontres, food truck<\/div>\r\n\t\t\t<div class=\"DATE\">Sun. 1 June - Sun. 21 September<\/div>\r\n\t\t<\/div>\r\n\t<\/div>\r\n<\/a><\/div><h3 id=\"May 2025\" class=\"shmGroupbymonthTitle\">May 2025<\/h3><div class=\"shmEventListWidget\">\r\n<a href=\"http:\/\/www.chateaudegoutelas.fr\/en\/agenda\/notile\/\" class=\"shmEventListItem\">\r\n\t<div class=\"marg\">\r\n\t\t<div class=\"EVENTIMAGE\"><img loading=\"lazy\" decoding=\"async\" width=\"720\" height=\"720\" src=\"https:\/\/www.chateaudegoutelas.fr\/wp-content\/uploads\/2024\/08\/notile-\u00a9-bertrand-gaudillere-item-1-720x720.jpg\" class=\"attachment-thumbnail size-thumbnail\" alt=\"\" \/><\/div>\r\n\t\t<div class=\"shmEventListItemText\">\r\n\t\t\t<div> <span class=\"ATT_type_rendez_vous\">Concert en plein air<\/span><span class=\"ATT_type_rendez_vous\"> \u2022 Jazz<\/span><\/div>\r\n\t\t\t<div class=\"EVENTNAME\">N\u00f6tile<\/div>\r\n\t\t\t<div class=\"ATT_sous_titre\"><\/div>\r\n\t\t\t<div class=\"DATE\">Wed. 28 May<\/div>\r\n\t\t<\/div>\r\n\t<\/div>\r\n<\/a><a href=\"http:\/\/www.chateaudegoutelas.fr\/en\/agenda\/popote-chef-la-guerre-des-restaus\/\" class=\"shmEventListItem\">\r\n\t<div class=\"marg\">\r\n\t\t<div class=\"EVENTIMAGE\"><img loading=\"lazy\" decoding=\"async\" width=\"720\" height=\"720\" src=\"https:\/\/www.chateaudegoutelas.fr\/wp-content\/uploads\/2025\/04\/banniere-facebook-popotechef-Copie-720x720.jpg\" class=\"attachment-thumbnail size-thumbnail\" alt=\"\" srcset=\"https:\/\/www.chateaudegoutelas.fr\/wp-content\/uploads\/2025\/04\/banniere-facebook-popotechef-Copie-720x720.jpg 720w, https:\/\/www.chateaudegoutelas.fr\/wp-content\/uploads\/2025\/04\/banniere-facebook-popotechef-Copie-11x12.jpg 11w\" sizes=\"auto, (max-width: 720px) 100vw, 720px\" \/><\/div>\r\n\t\t<div class=\"shmEventListItemText\">\r\n\t\t\t<div> <span class=\"ATT_type_rendez_vous\">Animations &amp; cuisine<\/span><\/div>\r\n\t\t\t<div class=\"EVENTNAME\">Popote chef : \u00e9preuve #3 La guerre des restaus<\/div>\r\n\t\t\t<div class=\"ATT_sous_titre\">\u00c0 Montbrison<\/div>\r\n\t\t\t<div class=\"DATE\">Sun. 18 May<\/div>\r\n\t\t<\/div>\r\n\t<\/div>\r\n<\/a><a href=\"http:\/\/www.chateaudegoutelas.fr\/en\/agenda\/visite-goutelas-et-les-paysans\/\" class=\"shmEventListItem\">\r\n\t<div class=\"marg\">\r\n\t\t<div class=\"EVENTIMAGE\"><img loading=\"lazy\" decoding=\"async\" width=\"720\" height=\"720\" src=\"https:\/\/www.chateaudegoutelas.fr\/wp-content\/uploads\/2024\/08\/03-Noel-Durand-tracteur-720x720.jpg\" class=\"attachment-thumbnail size-thumbnail\" alt=\"\" \/><\/div>\r\n\t\t<div class=\"shmEventListItemText\">\r\n\t\t\t<div> <span class=\"ATT_type_rendez_vous\">Visite guid\u00e9e<\/span><\/div>\r\n\t\t\t<div class=\"EVENTNAME\">Goutelas et les paysans<\/div>\r\n\t\t\t<div class=\"ATT_sous_titre\">Visite point de vue<\/div>\r\n\t\t\t<div class=\"DATE\">Sun. 11 May<\/div>\r\n\t\t<\/div>\r\n\t<\/div>\r\n<\/a><\/div><h3 id=\"April 2025\" class=\"shmGroupbymonthTitle\">April 2025<\/h3><div class=\"shmEventListWidget\">\r\n<a href=\"http:\/\/www.chateaudegoutelas.fr\/en\/agenda\/atelier-la-nature-a-bon-gout\/\" class=\"shmEventListItem enfamille\">\r\n\t<div class=\"marg\">\r\n\t\t<div class=\"EVENTIMAGE\"><img loading=\"lazy\" decoding=\"async\" width=\"720\" height=\"480\" src=\"https:\/\/www.chateaudegoutelas.fr\/wp-content\/uploads\/2024\/08\/botanistes-4-min-scaled.jpg\" class=\"attachment-thumbnail size-thumbnail\" alt=\"\" srcset=\"https:\/\/www.chateaudegoutelas.fr\/wp-content\/uploads\/2024\/08\/botanistes-4-min-scaled.jpg 2560w, https:\/\/www.chateaudegoutelas.fr\/wp-content\/uploads\/2024\/08\/botanistes-4-min-1200x800.jpg 1200w\" sizes=\"auto, (max-width: 720px) 100vw, 720px\" \/><\/div>\r\n\t\t<div class=\"shmEventListItemText\">\r\n\t\t\t<div> <span class=\"ATT_type_rendez_vous\">Atelier plein air<\/span><\/div>\r\n\t\t\t<div class=\"EVENTNAME\">La nature a bon go\u00fbt !<\/div>\r\n\t\t\t<div class=\"ATT_sous_titre\"><\/div>\r\n\t\t\t<div class=\"DATE\">Wed. 30 April<\/div>\r\n\t\t<\/div>\r\n\t<\/div>\r\n<\/a><a href=\"http:\/\/www.chateaudegoutelas.fr\/en\/agenda\/popote-chef-la-carte-aux-tresors-culinaires\/\" class=\"shmEventListItem\">\r\n\t<div class=\"marg\">\r\n\t\t<div class=\"EVENTIMAGE\"><img loading=\"lazy\" decoding=\"async\" width=\"720\" height=\"720\" src=\"https:\/\/www.chateaudegoutelas.fr\/wp-content\/uploads\/2025\/04\/banniere-facebook-popotechef-Copie-720x720.jpg\" class=\"attachment-thumbnail size-thumbnail\" alt=\"\" srcset=\"https:\/\/www.chateaudegoutelas.fr\/wp-content\/uploads\/2025\/04\/banniere-facebook-popotechef-Copie-720x720.jpg 720w, https:\/\/www.chateaudegoutelas.fr\/wp-content\/uploads\/2025\/04\/banniere-facebook-popotechef-Copie-11x12.jpg 11w\" sizes=\"auto, (max-width: 720px) 100vw, 720px\" \/><\/div>\r\n\t\t<div class=\"shmEventListItemText\">\r\n\t\t\t<div> <span class=\"ATT_type_rendez_vous\">Animations &amp; cuisine<\/span><\/div>\r\n\t\t\t<div class=\"EVENTNAME\">Popote chef : \u00e9preuve #2 La Carte aux tr\u00e9sors culinaires<\/div>\r\n\t\t\t<div class=\"ATT_sous_titre\">\u00c0 V\u00eatre-sur-Anzon<\/div>\r\n\t\t\t<div class=\"DATE\">Sat. 26 April<\/div>\r\n\t\t<\/div>\r\n\t<\/div>\r\n<\/a><a href=\"http:\/\/www.chateaudegoutelas.fr\/en\/agenda\/spectacle-la-fiancee-du-vampire\/\" class=\"shmEventListItem enfamille\">\r\n\t<div class=\"marg\">\r\n\t\t<div class=\"EVENTIMAGE\"><img loading=\"lazy\" decoding=\"async\" width=\"720\" height=\"720\" src=\"https:\/\/www.chateaudegoutelas.fr\/wp-content\/uploads\/2024\/08\/FianceeVampire_credit-baron-samedi-zombi-1-720x720.jpg\" class=\"attachment-thumbnail size-thumbnail\" alt=\"\" \/><\/div>\r\n\t\t<div class=\"shmEventListItemText\">\r\n\t\t\t<div> <span class=\"ATT_type_rendez_vous\">Spectacle<\/span><span class=\"ATT_type_rendez_vous\">Th\u00e9\u00e2tre musical jeune public<\/span><\/div>\r\n\t\t\t<div class=\"EVENTNAME\">La fianc\u00e9e du vampire<\/div>\r\n\t\t\t<div class=\"ATT_sous_titre\">Trio vocal Nana Sila<\/div>\r\n\t\t\t<div class=\"DATE\">Thu. 24 April<\/div>\r\n\t\t<\/div>\r\n\t<\/div>\r\n<\/a><a href=\"http:\/\/www.chateaudegoutelas.fr\/en\/agenda\/atelier-petites-betes-pas-si-betes\/\" class=\"shmEventListItem\">\r\n\t<div class=\"marg\">\r\n\t\t<div class=\"EVENTIMAGE\"><img loading=\"lazy\" decoding=\"async\" width=\"720\" height=\"720\" src=\"https:\/\/www.chateaudegoutelas.fr\/wp-content\/uploads\/2024\/08\/Petites-betes-pas-si-betes_credit-Chateau-de-Goutelas-720x720.jpg\" class=\"attachment-thumbnail size-thumbnail\" alt=\"\" \/><\/div>\r\n\t\t<div class=\"shmEventListItemText\">\r\n\t\t\t<div> <span class=\"ATT_type_rendez_vous\">Atelier plein air<\/span><\/div>\r\n\t\t\t<div class=\"EVENTNAME\">Petites b\u00eates pas si b\u00eates<\/div>\r\n\t\t\t<div class=\"ATT_sous_titre\">avec la LPO<\/div>\r\n\t\t\t<div class=\"DATE\">Wed. 23 April<\/div>\r\n\t\t<\/div>\r\n\t<\/div>\r\n<\/a><a href=\"http:\/\/www.chateaudegoutelas.fr\/en\/agenda\/goutelas-perd-le-nord-2025\/\" class=\"shmEventListItem enfamille\">\r\n\t<div class=\"marg\">\r\n\t\t<div class=\"EVENTIMAGE\"><img loading=\"lazy\" decoding=\"async\" width=\"720\" height=\"720\" src=\"https:\/\/www.chateaudegoutelas.fr\/wp-content\/uploads\/2023\/08\/DSC0984-720x720.jpg\" class=\"attachment-thumbnail size-thumbnail\" alt=\"\" \/><\/div>\r\n\t\t<div class=\"shmEventListItemText\">\r\n\t\t\t<div> <span class=\"ATT_type_rendez_vous\">Jeu d'orientation<\/span><\/div>\r\n\t\t\t<div class=\"EVENTNAME\">Goutelas perd le nord !<\/div>\r\n\t\t\t<div class=\"ATT_sous_titre\">Avec le Pays d\u2019Art et d\u2019Histoire du Forez<\/div>\r\n\t\t\t<div class=\"DATE\">Tue. 22 April<\/div>\r\n\t\t<\/div>\r\n\t<\/div>\r\n<\/a><a href=\"http:\/\/www.chateaudegoutelas.fr\/en\/agenda\/etre-vivants-cine-debat\/\" class=\"shmEventListItem\">\r\n\t<div class=\"marg\">\r\n\t\t<div class=\"EVENTIMAGE\"><img loading=\"lazy\" decoding=\"async\" width=\"720\" height=\"578\" src=\"https:\/\/www.chateaudegoutelas.fr\/wp-content\/uploads\/2025\/03\/etres-vivants-scaled-1-720x578.jpg\" class=\"attachment-thumbnail size-thumbnail\" alt=\"\" srcset=\"https:\/\/www.chateaudegoutelas.fr\/wp-content\/uploads\/2025\/03\/etres-vivants-scaled-1-720x578.jpg 720w, https:\/\/www.chateaudegoutelas.fr\/wp-content\/uploads\/2025\/03\/etres-vivants-scaled-1-15x12.jpg 15w\" sizes=\"auto, (max-width: 720px) 100vw, 720px\" \/><\/div>\r\n\t\t<div class=\"shmEventListItemText\">\r\n\t\t\t<div> <span class=\"ATT_type_rendez_vous\">Cin\u00e9-d\u00e9bat<\/span><\/div>\r\n\t\t\t<div class=\"EVENTNAME\">\u00catre(s) vivants<\/div>\r\n\t\t\t<div class=\"ATT_sous_titre\">Avec les \u00e9l\u00e8ves du Campus Agronova<\/div>\r\n\t\t\t<div class=\"DATE\">Thu. 17 April<\/div>\r\n\t\t<\/div>\r\n\t<\/div>\r\n<\/a><a href=\"http:\/\/www.chateaudegoutelas.fr\/en\/agenda\/lunar\/\" class=\"shmEventListItem\">\r\n\t<div class=\"marg\">\r\n\t\t<div class=\"EVENTIMAGE\"><img loading=\"lazy\" decoding=\"async\" width=\"720\" height=\"720\" src=\"https:\/\/www.chateaudegoutelas.fr\/wp-content\/uploads\/2024\/08\/lunar2_credit-Martin-Meunier-720x720.jpg\" class=\"attachment-thumbnail size-thumbnail\" alt=\"\" \/><\/div>\r\n\t\t<div class=\"shmEventListItemText\">\r\n\t\t\t<div> <span class=\"ATT_type_rendez_vous\">Concert<\/span><span class=\"ATT_type_rendez_vous\"> \u2022 Jazz<\/span><\/div>\r\n\t\t\t<div class=\"EVENTNAME\">Lunar<\/div>\r\n\t\t\t<div class=\"ATT_sous_titre\"><\/div>\r\n\t\t\t<div class=\"DATE\">Fri. 11 April<\/div>\r\n\t\t<\/div>\r\n\t<\/div>\r\n<\/a><a href=\"http:\/\/www.chateaudegoutelas.fr\/en\/agenda\/goutelassuite\/\" class=\"shmEventListItem\">\r\n\t<div class=\"marg\">\r\n\t\t<div class=\"EVENTIMAGE\"><img loading=\"lazy\" decoding=\"async\" width=\"720\" height=\"651\" src=\"https:\/\/www.chateaudegoutelas.fr\/wp-content\/uploads\/2024\/08\/big-band_CRR-ST-ETIENNE-min-720x651.jpg\" class=\"attachment-thumbnail size-thumbnail\" alt=\"\" \/><\/div>\r\n\t\t<div class=\"shmEventListItemText\">\r\n\t\t\t<div> <span class=\"ATT_type_rendez_vous\">Concert<\/span><span class=\"ATT_type_rendez_vous\"> \u2022 Jazz<\/span><\/div>\r\n\t\t\t<div class=\"EVENTNAME\">COMPLET &#8211; Goutelas\u2019Suite<\/div>\r\n\t\t\t<div class=\"ATT_sous_titre\">Big band jazz du CRR de Saint-\u00c9tienne<\/div>\r\n\t\t\t<div class=\"DATE\">Sun. 6 April<\/div>\r\n\t\t<\/div>\r\n\t<\/div>\r\n<\/a><a href=\"http:\/\/www.chateaudegoutelas.fr\/en\/agenda\/le-jazz-lhumanisme-en-musique-2025\/\" class=\"shmEventListItem\">\r\n\t<div class=\"marg\">\r\n\t\t<div class=\"EVENTIMAGE\"><img loading=\"lazy\" decoding=\"async\" width=\"720\" height=\"720\" src=\"https:\/\/www.chateaudegoutelas.fr\/wp-content\/uploads\/2024\/08\/Goutelas-et-le-jazz_credit-Chateau-de-Goutelas-720x720.jpg\" class=\"attachment-thumbnail size-thumbnail\" alt=\"\" srcset=\"https:\/\/www.chateaudegoutelas.fr\/wp-content\/uploads\/2024\/08\/Goutelas-et-le-jazz_credit-Chateau-de-Goutelas-720x720.jpg 720w, https:\/\/www.chateaudegoutelas.fr\/wp-content\/uploads\/2024\/08\/Goutelas-et-le-jazz_credit-Chateau-de-Goutelas-13x12.jpg 13w\" sizes=\"auto, (max-width: 720px) 100vw, 720px\" \/><\/div>\r\n\t\t<div class=\"shmEventListItemText\">\r\n\t\t\t<div> <span class=\"ATT_type_rendez_vous\">Visite guid\u00e9e<\/span><\/div>\r\n\t\t\t<div class=\"EVENTNAME\">ANNUL\u00c9 &#8212; Goutelas et le jazz : l\u2019humanisme en musique<\/div>\r\n\t\t\t<div class=\"ATT_sous_titre\"><\/div>\r\n\t\t\t<div class=\"DATE\">Sun. 6 April<\/div>\r\n\t\t<\/div>\r\n\t<\/div>\r\n<\/a><a href=\"http:\/\/www.chateaudegoutelas.fr\/en\/agenda\/une-poule-sur-un-piano-projection\/\" class=\"shmEventListItem\">\r\n\t<div class=\"marg\">\r\n\t\t<div class=\"EVENTIMAGE\"><img loading=\"lazy\" decoding=\"async\" width=\"720\" height=\"720\" src=\"https:\/\/www.chateaudegoutelas.fr\/wp-content\/uploads\/2025\/03\/Goutelas-et-le-jazz_credit-Chateau-de-Goutelas-720x720.jpg\" class=\"attachment-thumbnail size-thumbnail\" alt=\"\" srcset=\"https:\/\/www.chateaudegoutelas.fr\/wp-content\/uploads\/2025\/03\/Goutelas-et-le-jazz_credit-Chateau-de-Goutelas-720x720.jpg 720w, https:\/\/www.chateaudegoutelas.fr\/wp-content\/uploads\/2025\/03\/Goutelas-et-le-jazz_credit-Chateau-de-Goutelas-13x12.jpg 13w\" sizes=\"auto, (max-width: 720px) 100vw, 720px\" \/><\/div>\r\n\t\t<div class=\"shmEventListItemText\">\r\n\t\t\t<div> <span class=\"ATT_type_rendez_vous\">Projection<\/span><\/div>\r\n\t\t\t<div class=\"EVENTNAME\">Une poule sur un piano<\/div>\r\n\t\t\t<div class=\"ATT_sous_titre\">Au cin\u00e9ma L'Entract \u00e0 Bo\u00ebn<\/div>\r\n\t\t\t<div class=\"DATE\">Sun. 6 April<\/div>\r\n\t\t<\/div>\r\n\t<\/div>\r\n<\/a><a href=\"http:\/\/www.chateaudegoutelas.fr\/en\/agenda\/popote-chef-la-baraka-sury\/\" class=\"shmEventListItem\">\r\n\t<div class=\"marg\">\r\n\t\t<div class=\"EVENTIMAGE\"><img loading=\"lazy\" decoding=\"async\" width=\"720\" height=\"720\" src=\"https:\/\/www.chateaudegoutelas.fr\/wp-content\/uploads\/2025\/04\/banniere-facebook-popotechef-Copie-720x720.jpg\" class=\"attachment-thumbnail size-thumbnail\" alt=\"\" srcset=\"https:\/\/www.chateaudegoutelas.fr\/wp-content\/uploads\/2025\/04\/banniere-facebook-popotechef-Copie-720x720.jpg 720w, https:\/\/www.chateaudegoutelas.fr\/wp-content\/uploads\/2025\/04\/banniere-facebook-popotechef-Copie-11x12.jpg 11w\" sizes=\"auto, (max-width: 720px) 100vw, 720px\" \/><\/div>\r\n\t\t<div class=\"shmEventListItemText\">\r\n\t\t\t<div> <span class=\"ATT_type_rendez_vous\">Animations &amp; cuisine<\/span><\/div>\r\n\t\t\t<div class=\"EVENTNAME\">Popote chef : \u00e9preuve #1 La Baraka<\/div>\r\n\t\t\t<div class=\"ATT_sous_titre\">\u00c0 Sury-le-Comtal<\/div>\r\n\t\t\t<div class=\"DATE\">Sun. 6 April<\/div>\r\n\t\t<\/div>\r\n\t<\/div>\r\n<\/a><a href=\"http:\/\/www.chateaudegoutelas.fr\/en\/agenda\/le-tribunal-des-envolees\/\" class=\"shmEventListItem\">\r\n\t<div class=\"marg\">\r\n\t\t<div class=\"EVENTIMAGE\"><img loading=\"lazy\" decoding=\"async\" width=\"720\" height=\"720\" src=\"https:\/\/www.chateaudegoutelas.fr\/wp-content\/uploads\/2024\/08\/Tribunal-des-Envolees_credit-Chateau-de-Goutelas-720x720.jpg\" class=\"attachment-thumbnail size-thumbnail\" alt=\"\" \/><\/div>\r\n\t\t<div class=\"shmEventListItemText\">\r\n\t\t\t<div> <span class=\"ATT_type_rendez_vous\">Soir\u00e9e \u00e9loquence<\/span><\/div>\r\n\t\t\t<div class=\"EVENTNAME\">Le tribunal des Envol\u00e9es<\/div>\r\n\t\t\t<div class=\"ATT_sous_titre\"><\/div>\r\n\t\t\t<div class=\"DATE\">Thu. 3 April<\/div>\r\n\t\t<\/div>\r\n\t<\/div>\r\n<\/a><\/div><h3 id=\"March 2025\" class=\"shmGroupbymonthTitle\">March 2025<\/h3><div class=\"shmEventListWidget\">\r\n<a href=\"http:\/\/www.chateaudegoutelas.fr\/en\/agenda\/initiation-a-l-eloquence\/\" class=\"shmEventListItem\">\r\n\t<div class=\"marg\">\r\n\t\t<div class=\"EVENTIMAGE\"><img loading=\"lazy\" decoding=\"async\" width=\"720\" height=\"720\" src=\"https:\/\/www.chateaudegoutelas.fr\/wp-content\/uploads\/2024\/08\/Les-Envolees_2_credit-Chateau-de-Goutelas-720x720.jpg\" class=\"attachment-thumbnail size-thumbnail\" alt=\"\" \/><\/div>\r\n\t\t<div class=\"shmEventListItemText\">\r\n\t\t\t<div> <span class=\"ATT_type_rendez_vous\">Atelier<\/span><\/div>\r\n\t\t\t<div class=\"EVENTNAME\">Initiation \u00e0 l&rsquo;\u00e9loquence<\/div>\r\n\t\t\t<div class=\"ATT_sous_titre\"><\/div>\r\n\t\t\t<div class=\"DATE\">Sat. 29 March<\/div>\r\n\t\t<\/div>\r\n\t<\/div>\r\n<\/a><a href=\"http:\/\/www.chateaudegoutelas.fr\/en\/agenda\/nikolai-khrust-basem-al-ashkar\/\" class=\"shmEventListItem\">\r\n\t<div class=\"marg\">\r\n\t\t<div class=\"EVENTIMAGE\"><img loading=\"lazy\" decoding=\"async\" width=\"640\" height=\"720\" src=\"https:\/\/www.chateaudegoutelas.fr\/wp-content\/uploads\/2024\/08\/basem-al-ashkar-credit-alexander-panov-640x720.jpg\" class=\"attachment-thumbnail size-thumbnail\" alt=\"\" \/><\/div>\r\n\t\t<div class=\"shmEventListItemText\">\r\n\t\t\t<div> <span class=\"ATT_type_rendez_vous\">Concert<\/span><span class=\"ATT_type_rendez_vous\"> \u2022 Sortie de r\u00e9sidence<\/span><\/div>\r\n\t\t\t<div class=\"EVENTNAME\">Nikolai Khrust et Basem Al Ashkar<\/div>\r\n\t\t\t<div class=\"ATT_sous_titre\"><\/div>\r\n\t\t\t<div class=\"DATE\">Fri. 21 March<\/div>\r\n\t\t<\/div>\r\n\t<\/div>\r\n<\/a><\/div>\t<\/div>\r\n<\/div>\n\t\t\t\t<img decoding=\"async\" src=\"https:\/\/www.chateaudegoutelas.fr\/wp-content\/uploads\/2023\/04\/gimmick-goutelas-1.png\" alt=\"gimmick-goutelas-1\" title=\"gimmick-goutelas-1\" \/>\n\t\t<h2>avant 2023<\/h2>\t\t\t\n\t\t<a href=\"https:\/\/www.chateaudegoutelas.fr\/en\/archive\/festival-futurs-possibles-2023-devenez-benevole\/\" target=\"_self\" aria-label=\"Post Element\" rel=\"noopener\"><\/a>\t\t\n\t\t\t\t\t\t\t\t\t\t\t\t\t\t<a href=\"https:\/\/www.chateaudegoutelas.fr\/en\/archive\/festival-futurs-possibles-2023-devenez-benevole\/\" target=\"_self\" title=\"FESTIVAL FUTURS POSSIBLES 2023 : Devenez b\u00e9n\u00e9vole !\" rel=\"noopener\">\n\t\t\t\t<img decoding=\"async\" src=\"https:\/\/www.chateaudegoutelas.fr\/wp-content\/uploads\/2023\/04\/devenez-benevole-chateau-de-goutelas-600x600.jpg\" alt=\"\" \/>\n\t\t\t\t<\/a>\n\t\t\t\t\t\t<h6>\n\t\t\t\t<a href=\"https:\/\/www.chateaudegoutelas.fr\/en\/archive\/festival-futurs-possibles-2023-devenez-benevole\/\" title=\"FESTIVAL FUTURS POSSIBLES 2023 : Devenez b\u00e9n\u00e9vole !\">FESTIVAL FUTURS POSSIBLES 2023 : Devenez b\u00e9n\u00e9vole !<\/a>\t\t\t<\/h6>\n\t\t<a href=\"https:\/\/www.chateaudegoutelas.fr\/en\/archive\/dimanche-26-03-concert-trio-l\/\" target=\"_self\" aria-label=\"Post Element\" rel=\"noopener\"><\/a>\t\t\n\t\t\t\t\t\t\t\t\t\t\t\t\t\t<a href=\"https:\/\/www.chateaudegoutelas.fr\/en\/archive\/dimanche-26-03-concert-trio-l\/\" target=\"_self\" title=\"Dimanche 26\/03 &#8211; Concert : Trio L\" rel=\"noopener\">\n\t\t\t\t<img decoding=\"async\" src=\"https:\/\/www.chateaudegoutelas.fr\/wp-content\/uploads\/2022\/11\/Trio-L_credit-Remy-Perrin-min-600x600.jpg\" alt=\"\" \/>\n\t\t\t\t<\/a>\n\t\t\t\t\t\t<h6>\n\t\t\t\t<a href=\"https:\/\/www.chateaudegoutelas.fr\/en\/archive\/dimanche-26-03-concert-trio-l\/\" title=\"Dimanche 26\/03 &#8211; Concert : Trio L\">Dimanche 26\/03 &#8211; Concert : Trio L<\/a>\t\t\t<\/h6>\n\t\t<a href=\"https:\/\/www.chateaudegoutelas.fr\/en\/archive\/lundi-20-03-concert-anna-ulaieva-et-eleves-daremuz\/\" target=\"_self\" aria-label=\"Post Element\" rel=\"noopener\"><\/a>\t\t\n\t\t\t\t\t\t\t\t\t\t\t\t\t\t<a href=\"https:\/\/www.chateaudegoutelas.fr\/en\/archive\/lundi-20-03-concert-anna-ulaieva-et-eleves-daremuz\/\" target=\"_self\" title=\"Lundi 20\/03 &#8211; Concert : Anna Ulaieva et \u00e9l\u00e8ves d&rsquo;Ar\u00e9muz\" rel=\"noopener\">\n\t\t\t\t<img decoding=\"async\" src=\"https:\/\/www.chateaudegoutelas.fr\/wp-content\/uploads\/2022\/11\/Anna-Ulaieva_credit-Arman-Karakhanyan-min-600x600.jpg\" alt=\"\" \/>\n\t\t\t\t<\/a>\n\t\t\t\t\t\t<h6>\n\t\t\t\t<a href=\"https:\/\/www.chateaudegoutelas.fr\/en\/archive\/lundi-20-03-concert-anna-ulaieva-et-eleves-daremuz\/\" title=\"Lundi 20\/03 &#8211; Concert : Anna Ulaieva et \u00e9l\u00e8ves d&rsquo;Ar\u00e9muz\">Lundi 20\/03 &#8211; Concert : Anna Ulaieva et \u00e9l\u00e8ves d&rsquo;Ar\u00e9muz<\/a>\t\t\t<\/h6>\n\t\t<a href=\"https:\/\/www.chateaudegoutelas.fr\/en\/archive\/vendredi-10-03-concert-obsidiane-jazz\/\" target=\"_self\" aria-label=\"Post Element\" rel=\"noopener\"><\/a>\t\t\n\t\t\t\t\t\t\t\t\t\t\t\t\t\t<a href=\"https:\/\/www.chateaudegoutelas.fr\/en\/archive\/vendredi-10-03-concert-obsidiane-jazz\/\" target=\"_self\" title=\"Vendredi 10\/03 &#8211; Concert : Obsidiane \/ Jazz\" rel=\"noopener\">\n\t\t\t\t<img decoding=\"async\" src=\"https:\/\/www.chateaudegoutelas.fr\/wp-content\/uploads\/2022\/11\/Obsidiane_credit-Lucas-Remon-Degletagne-min-600x600.jpg\" alt=\"\" \/>\n\t\t\t\t<\/a>\n\t\t\t\t\t\t<h6>\n\t\t\t\t<a href=\"https:\/\/www.chateaudegoutelas.fr\/en\/archive\/vendredi-10-03-concert-obsidiane-jazz\/\" title=\"Vendredi 10\/03 &#8211; Concert : Obsidiane \/ Jazz\">Vendredi 10\/03 &#8211; Concert : Obsidiane \/ Jazz<\/a>\t\t\t<\/h6>\n\t\t<a href=\"https:\/\/www.chateaudegoutelas.fr\/en\/archive\/dimanche-05-03-visite-guidee-crises-et-nouveaux-mondes\/\" target=\"_self\" aria-label=\"Post Element\" rel=\"noopener\"><\/a>\t\t\n\t\t\t\t\t\t\t\t\t\t\t\t\t\t<a href=\"https:\/\/www.chateaudegoutelas.fr\/en\/archive\/dimanche-05-03-visite-guidee-crises-et-nouveaux-mondes\/\" target=\"_self\" title=\"Dimanche 05\/03 &#8211; Visite guid\u00e9e : crises et nouveaux mondes\" rel=\"noopener\">\n\t\t\t\t<img decoding=\"async\" src=\"https:\/\/www.chateaudegoutelas.fr\/wp-content\/uploads\/2022\/11\/Visite_credit_Philippe-Mesa-min-600x600.jpg\" alt=\"\" \/>\n\t\t\t\t<\/a>\n\t\t\t\t\t\t<h6>\n\t\t\t\t<a href=\"https:\/\/www.chateaudegoutelas.fr\/en\/archive\/dimanche-05-03-visite-guidee-crises-et-nouveaux-mondes\/\" title=\"Dimanche 05\/03 &#8211; Visite guid\u00e9e : crises et nouveaux mondes\">Dimanche 05\/03 &#8211; Visite guid\u00e9e : crises et nouveaux mondes<\/a>\t\t\t<\/h6>\n\t\t<a href=\"https:\/\/www.chateaudegoutelas.fr\/en\/archive\/samedi-25-02-theatre-jeune-public-vieillardises\/\" target=\"_self\" aria-label=\"Post Element\" rel=\"noopener\"><\/a>\t\t\n\t\t\t\t\t\t\t\t\t\t\t\t\t\t<a href=\"https:\/\/www.chateaudegoutelas.fr\/en\/archive\/samedi-25-02-theatre-jeune-public-vieillardises\/\" target=\"_self\" title=\"SAMEDI 25\/02 &#8211; TH\u00c9\u00c2TRE JEUNE PUBLIC : Vieillardises\" rel=\"noopener\">\n\t\t\t\t<img decoding=\"async\" src=\"https:\/\/www.chateaudegoutelas.fr\/wp-content\/uploads\/2022\/10\/Vieillardises_creditJean-Luc-Fortin-min-600x576.jpg\" alt=\"\" \/>\n\t\t\t\t<\/a>\n\t\t\t\t\t\t<h6>\n\t\t\t\t<a href=\"https:\/\/www.chateaudegoutelas.fr\/en\/archive\/samedi-25-02-theatre-jeune-public-vieillardises\/\" title=\"SAMEDI 25\/02 &#8211; TH\u00c9\u00c2TRE JEUNE PUBLIC : Vieillardises\">SAMEDI 25\/02 &#8211; TH\u00c9\u00c2TRE JEUNE PUBLIC : Vieillardises<\/a>\t\t\t<\/h6>\n\t\t<a href=\"https:\/\/www.chateaudegoutelas.fr\/en\/archive\/du-23-02-au-26-02-temps-fort-au-bout-dma-life\/\" target=\"_self\" aria-label=\"Post Element\" rel=\"noopener\"><\/a>\t\t\n\t\t\t\t\t\t\t\t\t\t\t\t\t\t<a href=\"https:\/\/www.chateaudegoutelas.fr\/en\/archive\/du-23-02-au-26-02-temps-fort-au-bout-dma-life\/\" target=\"_self\" title=\"DU 23\/02 AU 26\/02 &#8211; TEMPS FORT : Au bout d&rsquo;ma life\" rel=\"noopener\">\n\t\t\t\t<img decoding=\"async\" src=\"https:\/\/www.chateaudegoutelas.fr\/wp-content\/uploads\/2022\/10\/Au_bout-dma_life_credit-Celine-Nardou-min-600x600.jpg\" alt=\"\" \/>\n\t\t\t\t<\/a>\n\t\t\t\t\t\t<h6>\n\t\t\t\t<a href=\"https:\/\/www.chateaudegoutelas.fr\/en\/archive\/du-23-02-au-26-02-temps-fort-au-bout-dma-life\/\" title=\"DU 23\/02 AU 26\/02 &#8211; TEMPS FORT : Au bout d&rsquo;ma life\">DU 23\/02 AU 26\/02 &#8211; TEMPS FORT : Au bout d&rsquo;ma life<\/a>\t\t\t<\/h6>\n\t\t<a href=\"https:\/\/www.chateaudegoutelas.fr\/en\/archive\/du-23-02-au-26-02-exposition-confabulations\/\" target=\"_self\" aria-label=\"Post Element\" rel=\"noopener\"><\/a>\t\t\n\t\t\t\t\t\t\t\t\t\t\t\t\t\t<a href=\"https:\/\/www.chateaudegoutelas.fr\/en\/archive\/du-23-02-au-26-02-exposition-confabulations\/\" target=\"_self\" title=\"DU 23\/02 AU 26\/02 &#8211; EXPOSITION : Confabulations\" rel=\"noopener\">\n\t\t\t\t<img decoding=\"async\" src=\"https:\/\/www.chateaudegoutelas.fr\/wp-content\/uploads\/2022\/10\/Confabulations_credit-Clement-Gaumon-min-600x600.jpg\" alt=\"\" \/>\n\t\t\t\t<\/a>\n\t\t\t\t\t\t<h6>\n\t\t\t\t<a href=\"https:\/\/www.chateaudegoutelas.fr\/en\/archive\/du-23-02-au-26-02-exposition-confabulations\/\" title=\"DU 23\/02 AU 26\/02 &#8211; EXPOSITION : Confabulations\">DU 23\/02 AU 26\/02 &#8211; EXPOSITION : Confabulations<\/a>\t\t\t<\/h6>\n\t\t<a href=\"https:\/\/www.chateaudegoutelas.fr\/en\/archive\/mercredi-15-02-atelier-cuisine-chou-rave-party\/\" target=\"_self\" aria-label=\"Post Element\" rel=\"noopener\"><\/a>\t\t\n\t\t\t\t\t\t\t\t\t\t\t\t\t\t<a href=\"https:\/\/www.chateaudegoutelas.fr\/en\/archive\/mercredi-15-02-atelier-cuisine-chou-rave-party\/\" target=\"_self\" title=\"MERCREDI 15\/02 &#8211; ATELIER CUISINE : Chou-rave party\" rel=\"noopener\">\n\t\t\t\t<img decoding=\"async\" src=\"https:\/\/www.chateaudegoutelas.fr\/wp-content\/uploads\/2022\/10\/Atelier-cuisine-credit-Chateau-de-Goutelas-min-1-600x600.jpg\" alt=\"\" \/>\n\t\t\t\t<\/a>\n\t\t\t\t\t\t<h6>\n\t\t\t\t<a href=\"https:\/\/www.chateaudegoutelas.fr\/en\/archive\/mercredi-15-02-atelier-cuisine-chou-rave-party\/\" title=\"MERCREDI 15\/02 &#8211; ATELIER CUISINE : Chou-rave party\">MERCREDI 15\/02 &#8211; ATELIER CUISINE : Chou-rave party<\/a>\t\t\t<\/h6>\n\t\t<a href=\"https:\/\/www.chateaudegoutelas.fr\/en\/archive\/du-10-12-au-12-12-rencontres-la-solidarite-du-vivant\/\" target=\"_self\" aria-label=\"Post Element\" rel=\"noopener\"><\/a>\t\t\n\t\t\t\t\t\t\t\t\t\t\t\t\t\t<a href=\"https:\/\/www.chateaudegoutelas.fr\/en\/archive\/du-10-12-au-12-12-rencontres-la-solidarite-du-vivant\/\" target=\"_self\" title=\"DU 10\/12 AU 12\/12 &#8211; RENCONTRES : La solidarit\u00e9 du vivant\" rel=\"noopener\">\n\t\t\t\t<img decoding=\"async\" src=\"https:\/\/www.chateaudegoutelas.fr\/wp-content\/uploads\/2022\/10\/Boussole_credit_Chateau-de-Goutelas-min-600x600.jpg\" alt=\"\" \/>\n\t\t\t\t<\/a>\n\t\t\t\t\t\t<h6>\n\t\t\t\t<a href=\"https:\/\/www.chateaudegoutelas.fr\/en\/archive\/du-10-12-au-12-12-rencontres-la-solidarite-du-vivant\/\" title=\"DU 10\/12 AU 12\/12 &#8211; RENCONTRES : La solidarit\u00e9 du vivant\">DU 10\/12 AU 12\/12 &#8211; RENCONTRES : La solidarit\u00e9 du vivant<\/a>\t\t\t<\/h6>\n\t\t<a href=\"https:\/\/www.chateaudegoutelas.fr\/en\/archive\/mercredi-08-02-atelier-plein-air-par-ici-les-chauves-souris\/\" target=\"_self\" aria-label=\"Post Element\" rel=\"noopener\"><\/a>\t\t\n\t\t\t\t\t\t\t\t\t\t\t\t\t\t<a href=\"https:\/\/www.chateaudegoutelas.fr\/en\/archive\/mercredi-08-02-atelier-plein-air-par-ici-les-chauves-souris\/\" target=\"_self\" title=\"MERCREDI 08\/02 &#8211; ATELIER PLEIN AIR : Par ici les chauves-souris !\" rel=\"noopener\">\n\t\t\t\t<img decoding=\"async\" src=\"https:\/\/www.chateaudegoutelas.fr\/wp-content\/uploads\/2022\/10\/Atelier-LPO-credit-Chateau-de-Goutelas-1.jpg-min-1-600x600.jpg\" alt=\"\" \/>\n\t\t\t\t<\/a>\n\t\t\t\t\t\t<h6>\n\t\t\t\t<a href=\"https:\/\/www.chateaudegoutelas.fr\/en\/archive\/mercredi-08-02-atelier-plein-air-par-ici-les-chauves-souris\/\" title=\"MERCREDI 08\/02 &#8211; ATELIER PLEIN AIR : Par ici les chauves-souris !\">MERCREDI 08\/02 &#8211; ATELIER PLEIN AIR : Par ici les chauves-souris !<\/a>\t\t\t<\/h6>\n\t\t<a href=\"https:\/\/www.chateaudegoutelas.fr\/en\/archive\/vendredi-27-01-concert-xavier-machault-et-morgane-carnet\/\" target=\"_self\" aria-label=\"Post Element\" rel=\"noopener\"><\/a>\t\t\n\t\t\t\t\t\t\t\t\t\t\t\t\t\t<a href=\"https:\/\/www.chateaudegoutelas.fr\/en\/archive\/vendredi-27-01-concert-xavier-machault-et-morgane-carnet\/\" target=\"_self\" title=\"VENDREDI 27\/01 &#8211; CONCERT : Xavier Machault et Morgane Carnet\" rel=\"noopener\">\n\t\t\t\t<img decoding=\"async\" src=\"https:\/\/www.chateaudegoutelas.fr\/wp-content\/uploads\/2022\/10\/polysons23-600x600.jpg\" alt=\"\" \/>\n\t\t\t\t<\/a>\n\t\t\t\t\t\t<h6>\n\t\t\t\t<a href=\"https:\/\/www.chateaudegoutelas.fr\/en\/archive\/vendredi-27-01-concert-xavier-machault-et-morgane-carnet\/\" title=\"VENDREDI 27\/01 &#8211; CONCERT : Xavier Machault et Morgane Carnet\">VENDREDI 27\/01 &#8211; CONCERT : Xavier Machault et Morgane Carnet<\/a>\t\t\t<\/h6>\n\t\t<a href=\"https:\/\/www.chateaudegoutelas.fr\/en\/archive\/dimanche-15-01-concert-mozart-au-clair-de-lune\/\" target=\"_self\" aria-label=\"Post Element\" rel=\"noopener\"><\/a>\t\t\n\t\t\t\t\t\t\t\t\t\t\t\t\t\t<a href=\"https:\/\/www.chateaudegoutelas.fr\/en\/archive\/dimanche-15-01-concert-mozart-au-clair-de-lune\/\" target=\"_self\" title=\"DIMANCHE 15\/01 &#8211; CONCERT : Mozart au clair de lune\" rel=\"noopener\">\n\t\t\t\t<img decoding=\"async\" src=\"https:\/\/www.chateaudegoutelas.fr\/wp-content\/uploads\/2022\/10\/69751089_3124333901040027_8374602523964604416_n-600x576.jpg\" alt=\"\" \/>\n\t\t\t\t<\/a>\n\t\t\t\t\t\t<h6>\n\t\t\t\t<a href=\"https:\/\/www.chateaudegoutelas.fr\/en\/archive\/dimanche-15-01-concert-mozart-au-clair-de-lune\/\" title=\"DIMANCHE 15\/01 &#8211; CONCERT : Mozart au clair de lune\">DIMANCHE 15\/01 &#8211; CONCERT : Mozart au clair de lune<\/a>\t\t\t<\/h6>\n\t\t<a href=\"https:\/\/www.chateaudegoutelas.fr\/en\/archive\/dimanche-08-01-visite-goutelas-et-le-jazz-lhumanisme-en-musique\/\" target=\"_self\" aria-label=\"Post Element\" rel=\"noopener\"><\/a>\t\t\n\t\t\t\t\t\t\t\t\t\t\t\t\t\t<a href=\"https:\/\/www.chateaudegoutelas.fr\/en\/archive\/dimanche-08-01-visite-goutelas-et-le-jazz-lhumanisme-en-musique\/\" target=\"_self\" title=\"DIMANCHE 08\/01 &#8211; VISITE : Goutelas et le jazz, l&rsquo;humanisme en musique\" rel=\"noopener\">\n\t\t\t\t<img decoding=\"async\" src=\"https:\/\/www.chateaudegoutelas.fr\/wp-content\/uploads\/2021\/10\/Duke-Ellington-a-Goutelas-600x600.jpg\" alt=\"\" \/>\n\t\t\t\t<\/a>\n\t\t\t\t\t\t<h6>\n\t\t\t\t<a href=\"https:\/\/www.chateaudegoutelas.fr\/en\/archive\/dimanche-08-01-visite-goutelas-et-le-jazz-lhumanisme-en-musique\/\" title=\"DIMANCHE 08\/01 &#8211; VISITE : Goutelas et le jazz, l&rsquo;humanisme en musique\">DIMANCHE 08\/01 &#8211; VISITE : Goutelas et le jazz, l&rsquo;humanisme en musique<\/a>\t\t\t<\/h6>\n\t\t<a href=\"https:\/\/www.chateaudegoutelas.fr\/en\/archive\/vendredi-09-12-concert-sunscape-jazz\/\" target=\"_self\" aria-label=\"Post Element\" rel=\"noopener\"><\/a>\t\t\n\t\t\t\t\t\t\t\t\t\t\t\t\t\t<a href=\"https:\/\/www.chateaudegoutelas.fr\/en\/archive\/vendredi-09-12-concert-sunscape-jazz\/\" target=\"_self\" title=\"VENDREDI 09\/12 &#8211; CONCERT : Sunscape (jazz)\" rel=\"noopener\">\n\t\t\t\t<img decoding=\"async\" src=\"https:\/\/www.chateaudegoutelas.fr\/wp-content\/uploads\/2022\/10\/sunscape6_credit-Federico-Drigo-min-600x600.jpg\" alt=\"\" \/>\n\t\t\t\t<\/a>\n\t\t\t\t\t\t<h6>\n\t\t\t\t<a href=\"https:\/\/www.chateaudegoutelas.fr\/en\/archive\/vendredi-09-12-concert-sunscape-jazz\/\" title=\"VENDREDI 09\/12 &#8211; CONCERT : Sunscape (jazz)\">VENDREDI 09\/12 &#8211; CONCERT : Sunscape (jazz)<\/a>\t\t\t<\/h6>\n\t\t<a href=\"https:\/\/www.chateaudegoutelas.fr\/en\/archive\/vendredi-25-11-concert-frida\/\" target=\"_self\" aria-label=\"Post Element\" rel=\"noopener\"><\/a>\t\t\n\t\t\t\t\t\t\t\t\t\t\t\t\t\t<a href=\"https:\/\/www.chateaudegoutelas.fr\/en\/archive\/vendredi-25-11-concert-frida\/\" target=\"_self\" title=\"VENDREDI 25\/11 &#8211; CONCERT : Frida (Arab soul)\" rel=\"noopener\">\n\t\t\t\t<img decoding=\"async\" src=\"https:\/\/www.chateaudegoutelas.fr\/wp-content\/uploads\/2022\/10\/Frida-credit-benno-hunziker-min-600x600.jpg\" alt=\"\" \/>\n\t\t\t\t<\/a>\n\t\t\t\t\t\t<h6>\n\t\t\t\t<a href=\"https:\/\/www.chateaudegoutelas.fr\/en\/archive\/vendredi-25-11-concert-frida\/\" title=\"VENDREDI 25\/11 &#8211; CONCERT : Frida (Arab soul)\">VENDREDI 25\/11 &#8211; CONCERT : Frida (Arab soul)<\/a>\t\t\t<\/h6>\n\t\t\t<ul class='page-numbers'>\n\t<li>1<\/li>\n\t<li><a href=\"https:\/\/www.chateaudegoutelas.fr\/en\/page\/2\/?page_id=7027&#038;fl_builder\">2<\/a><\/li>\n\t<li><a href=\"https:\/\/www.chateaudegoutelas.fr\/en\/page\/3\/?page_id=7027&#038;fl_builder\">3<\/a><\/li>\n\t<li>&#8230;<\/li>\n\t<li><a href=\"https:\/\/www.chateaudegoutelas.fr\/en\/page\/17\/?page_id=7027&#038;fl_builder\">17<\/a><\/li>\n\t<li><a href=\"https:\/\/www.chateaudegoutelas.fr\/en\/page\/2\/?page_id=7027&#038;fl_builder\">Suivant\u00a0\u00bb<\/a><\/li>\n<\/ul>","protected":false},"excerpt":{"rendered":"<p>\u00e9v\u00e9nements pass\u00e9s avant 2023 FESTIVAL FUTURS POSSIBLES 2023 : Devenez b\u00e9n\u00e9vole ! Dimanche 26\/03 &#8211; Concert : Trio L Lundi 20\/03 &#8211; Concert : Anna Ulaieva et \u00e9l\u00e8ves d&rsquo;Ar\u00e9muz Vendredi 10\/03 &#8211; Concert : Obsidiane \/ Jazz Dimanche 05\/03 &#8211; Visite guid\u00e9e : crises et nouveaux mondes SAMEDI 25\/02 &#8211; TH\u00c9\u00c2TRE JEUNE PUBLIC : Vieillardises [&hellip;]<\/p>\n","protected":false},"author":8,"featured_media":4681,"parent":5753,"menu_order":0,"comment_status":"closed","ping_status":"closed","template":"","meta":{"site-sidebar-layout":"no-sidebar","site-content-layout":"page-builder","ast-site-content-layout":"default","site-content-style":"default","site-sidebar-style":"default","ast-global-header-display":"","ast-banner-title-visibility":"","ast-main-header-display":"","ast-hfb-above-header-display":"","ast-hfb-below-header-display":"","ast-hfb-mobile-header-display":"","site-post-title":"disabled","ast-breadcrumbs-content":"","ast-featured-img":"disabled","footer-sml-layout":"","ast-disable-related-posts":"","theme-transparent-header-meta":"default","adv-header-id-meta":"","stick-header-meta":"default","header-above-stick-meta":"","header-main-stick-meta":"","header-below-stick-meta":"","astra-migrate-meta-layouts":"default","ast-page-background-enabled":"default","ast-page-background-meta":{"desktop":{"background-color":"","background-image":"","background-repeat":"repeat","background-position":"center center","background-size":"auto","background-attachment":"scroll","background-type":"","background-media":"","overlay-type":"","overlay-color":"","overlay-opacity":"","overlay-gradient":""},"tablet":{"background-color":"","background-image":"","background-repeat":"repeat","background-position":"center center","background-size":"auto","background-attachment":"scroll","background-type":"","background-media":"","overlay-type":"","overlay-color":"","overlay-opacity":"","overlay-gradient":""},"mobile":{"background-color":"","background-image":"","background-repeat":"repeat","background-position":"center center","background-size":"auto","background-attachment":"scroll","background-type":"","background-media":"","overlay-type":"","overlay-color":"","overlay-opacity":"","overlay-gradient":""}},"ast-content-background-meta":{"desktop":{"background-color":"var(--ast-global-color-5)","background-image":"","background-repeat":"repeat","background-position":"center center","background-size":"auto","background-attachment":"scroll","background-type":"","background-media":"","overlay-type":"","overlay-color":"","overlay-opacity":"","overlay-gradient":""},"tablet":{"background-color":"var(--ast-global-color-5)","background-image":"","background-repeat":"repeat","background-position":"center center","background-size":"auto","background-attachment":"scroll","background-type":"","background-media":"","overlay-type":"","overlay-color":"","overlay-opacity":"","overlay-gradient":""},"mobile":{"background-color":"var(--ast-global-color-5)","background-image":"","background-repeat":"repeat","background-position":"center center","background-size":"auto","background-attachment":"scroll","background-type":"","background-media":"","overlay-type":"","overlay-color":"","overlay-opacity":"","overlay-gradient":""}},"footnotes":""},"categories":[4],"tags":[],"class_list":["post-7027","page","type-page","status-publish","has-post-thumbnail","hentry","category-actualites"],"yoast_head":"<!-- This site is optimized with the Yoast SEO plugin v27.5 - https:\/\/yoast.com\/product\/yoast-seo-wordpress\/ -->\n<title>Archives des \u00e9v\u00e9nements - Ch\u00e2teau de Goutelas<\/title>\n<meta name=\"robots\" content=\"index, follow, max-snippet:-1, max-image-preview:large, max-video-preview:-1\" \/>\n<link rel=\"canonical\" href=\"https:\/\/www.chateaudegoutelas.fr\/en\/archives\/archives-evenements\/\" \/>\n<meta property=\"og:locale\" content=\"en_GB\" \/>\n<meta property=\"og:type\" content=\"article\" \/>\n<meta property=\"og:title\" content=\"Archives des \u00e9v\u00e9nements - Ch\u00e2teau de Goutelas\" \/>\n<meta property=\"og:description\" content=\"\u00e9v\u00e9nements pass\u00e9s avant 2023 FESTIVAL FUTURS POSSIBLES 2023 : Devenez b\u00e9n\u00e9vole ! Dimanche 26\/03 &#8211; Concert : Trio L Lundi 20\/03 &#8211; Concert : Anna Ulaieva et \u00e9l\u00e8ves d&rsquo;Ar\u00e9muz Vendredi 10\/03 &#8211; Concert : Obsidiane \/ Jazz Dimanche 05\/03 &#8211; Visite guid\u00e9e : crises et nouveaux mondes SAMEDI 25\/02 &#8211; TH\u00c9\u00c2TRE JEUNE PUBLIC : Vieillardises [&hellip;]\" \/>\n<meta property=\"og:url\" content=\"https:\/\/www.chateaudegoutelas.fr\/en\/archives\/archives-evenements\/\" \/>\n<meta property=\"og:site_name\" content=\"Ch\u00e2teau de Goutelas\" \/>\n<meta property=\"article:modified_time\" content=\"2023-09-20T15:07:18+00:00\" \/>\n<meta property=\"og:image\" content=\"https:\/\/www.chateaudegoutelas.fr\/wp-content\/uploads\/2022\/10\/Avec-les-ecoles-min-scaled.jpg\" \/>\n\t<meta property=\"og:image:width\" content=\"2560\" \/>\n\t<meta property=\"og:image:height\" content=\"1707\" \/>\n\t<meta property=\"og:image:type\" content=\"image\/jpeg\" \/>\n<meta name=\"twitter:card\" content=\"summary_large_image\" \/>\n<meta name=\"twitter:label1\" content=\"Estimated reading time\" \/>\n\t<meta name=\"twitter:data1\" content=\"3 minutes\" \/>\n<script type=\"application\/ld+json\" class=\"yoast-schema-graph\">{\"@context\":\"https:\\\/\\\/schema.org\",\"@graph\":[{\"@type\":\"WebPage\",\"@id\":\"https:\\\/\\\/www.chateaudegoutelas.fr\\\/archives\\\/archives-evenements\\\/\",\"url\":\"https:\\\/\\\/www.chateaudegoutelas.fr\\\/archives\\\/archives-evenements\\\/\",\"name\":\"Archives des \u00e9v\u00e9nements - Ch\u00e2teau de Goutelas\",\"isPartOf\":{\"@id\":\"https:\\\/\\\/www.chateaudegoutelas.fr\\\/#website\"},\"primaryImageOfPage\":{\"@id\":\"https:\\\/\\\/www.chateaudegoutelas.fr\\\/archives\\\/archives-evenements\\\/#primaryimage\"},\"image\":{\"@id\":\"https:\\\/\\\/www.chateaudegoutelas.fr\\\/archives\\\/archives-evenements\\\/#primaryimage\"},\"thumbnailUrl\":\"https:\\\/\\\/www.chateaudegoutelas.fr\\\/wp-content\\\/uploads\\\/2022\\\/10\\\/Avec-les-ecoles-min-scaled.jpg\",\"datePublished\":\"2023-05-26T08:43:32+00:00\",\"dateModified\":\"2023-09-20T15:07:18+00:00\",\"breadcrumb\":{\"@id\":\"https:\\\/\\\/www.chateaudegoutelas.fr\\\/archives\\\/archives-evenements\\\/#breadcrumb\"},\"inLanguage\":\"en-GB\",\"potentialAction\":[{\"@type\":\"ReadAction\",\"target\":[\"https:\\\/\\\/www.chateaudegoutelas.fr\\\/archives\\\/archives-evenements\\\/\"]}]},{\"@type\":\"ImageObject\",\"inLanguage\":\"en-GB\",\"@id\":\"https:\\\/\\\/www.chateaudegoutelas.fr\\\/archives\\\/archives-evenements\\\/#primaryimage\",\"url\":\"https:\\\/\\\/www.chateaudegoutelas.fr\\\/wp-content\\\/uploads\\\/2022\\\/10\\\/Avec-les-ecoles-min-scaled.jpg\",\"contentUrl\":\"https:\\\/\\\/www.chateaudegoutelas.fr\\\/wp-content\\\/uploads\\\/2022\\\/10\\\/Avec-les-ecoles-min-scaled.jpg\",\"width\":2560,\"height\":1707},{\"@type\":\"BreadcrumbList\",\"@id\":\"https:\\\/\\\/www.chateaudegoutelas.fr\\\/archives\\\/archives-evenements\\\/#breadcrumb\",\"itemListElement\":[{\"@type\":\"ListItem\",\"position\":1,\"name\":\"Accueil\",\"item\":\"https:\\\/\\\/www.chateaudegoutelas.fr\\\/\"},{\"@type\":\"ListItem\",\"position\":2,\"name\":\"Toutes les archives\",\"item\":\"https:\\\/\\\/www.chateaudegoutelas.fr\\\/archives\\\/\"},{\"@type\":\"ListItem\",\"position\":3,\"name\":\"Archives des \u00e9v\u00e9nements\"}]},{\"@type\":\"WebSite\",\"@id\":\"https:\\\/\\\/www.chateaudegoutelas.fr\\\/#website\",\"url\":\"https:\\\/\\\/www.chateaudegoutelas.fr\\\/\",\"name\":\"Ch\u00e2teau de Goutelas\",\"description\":\"Un centre culturel de rencontre en Forez\",\"publisher\":{\"@id\":\"https:\\\/\\\/www.chateaudegoutelas.fr\\\/#organization\"},\"potentialAction\":[{\"@type\":\"SearchAction\",\"target\":{\"@type\":\"EntryPoint\",\"urlTemplate\":\"https:\\\/\\\/www.chateaudegoutelas.fr\\\/?s={search_term_string}\"},\"query-input\":{\"@type\":\"PropertyValueSpecification\",\"valueRequired\":true,\"valueName\":\"search_term_string\"}}],\"inLanguage\":\"en-GB\"},{\"@type\":\"Organization\",\"@id\":\"https:\\\/\\\/www.chateaudegoutelas.fr\\\/#organization\",\"name\":\"Ch\u00e2teau de Goutelas\",\"url\":\"https:\\\/\\\/www.chateaudegoutelas.fr\\\/\",\"logo\":{\"@type\":\"ImageObject\",\"inLanguage\":\"en-GB\",\"@id\":\"https:\\\/\\\/www.chateaudegoutelas.fr\\\/#\\\/schema\\\/logo\\\/image\\\/\",\"url\":\"https:\\\/\\\/www.chateaudegoutelas.fr\\\/wp-content\\\/uploads\\\/2023\\\/05\\\/logo-chateau-goutelas-bleu.png\",\"contentUrl\":\"https:\\\/\\\/www.chateaudegoutelas.fr\\\/wp-content\\\/uploads\\\/2023\\\/05\\\/logo-chateau-goutelas-bleu.png\",\"width\":1123,\"height\":327,\"caption\":\"Ch\u00e2teau de Goutelas\"},\"image\":{\"@id\":\"https:\\\/\\\/www.chateaudegoutelas.fr\\\/#\\\/schema\\\/logo\\\/image\\\/\"}}]}<\/script>\n<!-- \/ Yoast SEO plugin. -->","yoast_head_json":{"title":"Archives des \u00e9v\u00e9nements - Ch\u00e2teau de Goutelas","robots":{"index":"index","follow":"follow","max-snippet":"max-snippet:-1","max-image-preview":"max-image-preview:large","max-video-preview":"max-video-preview:-1"},"canonical":"https:\/\/www.chateaudegoutelas.fr\/en\/archives\/archives-evenements\/","og_locale":"en_GB","og_type":"article","og_title":"Archives des \u00e9v\u00e9nements - Ch\u00e2teau de Goutelas","og_description":"\u00e9v\u00e9nements pass\u00e9s avant 2023 FESTIVAL FUTURS POSSIBLES 2023 : Devenez b\u00e9n\u00e9vole ! Dimanche 26\/03 &#8211; Concert : Trio L Lundi 20\/03 &#8211; Concert : Anna Ulaieva et \u00e9l\u00e8ves d&rsquo;Ar\u00e9muz Vendredi 10\/03 &#8211; Concert : Obsidiane \/ Jazz Dimanche 05\/03 &#8211; Visite guid\u00e9e : crises et nouveaux mondes SAMEDI 25\/02 &#8211; TH\u00c9\u00c2TRE JEUNE PUBLIC : Vieillardises [&hellip;]","og_url":"https:\/\/www.chateaudegoutelas.fr\/en\/archives\/archives-evenements\/","og_site_name":"Ch\u00e2teau de Goutelas","article_modified_time":"2023-09-20T15:07:18+00:00","og_image":[{"width":2560,"height":1707,"url":"https:\/\/www.chateaudegoutelas.fr\/wp-content\/uploads\/2022\/10\/Avec-les-ecoles-min-scaled.jpg","type":"image\/jpeg"}],"twitter_card":"summary_large_image","twitter_misc":{"Estimated reading time":"3 minutes"},"schema":{"@context":"https:\/\/schema.org","@graph":[{"@type":"WebPage","@id":"https:\/\/www.chateaudegoutelas.fr\/archives\/archives-evenements\/","url":"https:\/\/www.chateaudegoutelas.fr\/archives\/archives-evenements\/","name":"Archives des \u00e9v\u00e9nements - Ch\u00e2teau de Goutelas","isPartOf":{"@id":"https:\/\/www.chateaudegoutelas.fr\/#website"},"primaryImageOfPage":{"@id":"https:\/\/www.chateaudegoutelas.fr\/archives\/archives-evenements\/#primaryimage"},"image":{"@id":"https:\/\/www.chateaudegoutelas.fr\/archives\/archives-evenements\/#primaryimage"},"thumbnailUrl":"https:\/\/www.chateaudegoutelas.fr\/wp-content\/uploads\/2022\/10\/Avec-les-ecoles-min-scaled.jpg","datePublished":"2023-05-26T08:43:32+00:00","dateModified":"2023-09-20T15:07:18+00:00","breadcrumb":{"@id":"https:\/\/www.chateaudegoutelas.fr\/archives\/archives-evenements\/#breadcrumb"},"inLanguage":"en-GB","potentialAction":[{"@type":"ReadAction","target":["https:\/\/www.chateaudegoutelas.fr\/archives\/archives-evenements\/"]}]},{"@type":"ImageObject","inLanguage":"en-GB","@id":"https:\/\/www.chateaudegoutelas.fr\/archives\/archives-evenements\/#primaryimage","url":"https:\/\/www.chateaudegoutelas.fr\/wp-content\/uploads\/2022\/10\/Avec-les-ecoles-min-scaled.jpg","contentUrl":"https:\/\/www.chateaudegoutelas.fr\/wp-content\/uploads\/2022\/10\/Avec-les-ecoles-min-scaled.jpg","width":2560,"height":1707},{"@type":"BreadcrumbList","@id":"https:\/\/www.chateaudegoutelas.fr\/archives\/archives-evenements\/#breadcrumb","itemListElement":[{"@type":"ListItem","position":1,"name":"Accueil","item":"https:\/\/www.chateaudegoutelas.fr\/"},{"@type":"ListItem","position":2,"name":"Toutes les archives","item":"https:\/\/www.chateaudegoutelas.fr\/archives\/"},{"@type":"ListItem","position":3,"name":"Archives des \u00e9v\u00e9nements"}]},{"@type":"WebSite","@id":"https:\/\/www.chateaudegoutelas.fr\/#website","url":"https:\/\/www.chateaudegoutelas.fr\/","name":"Ch\u00e2teau de Goutelas","description":"Un centre culturel de rencontre en Forez","publisher":{"@id":"https:\/\/www.chateaudegoutelas.fr\/#organization"},"potentialAction":[{"@type":"SearchAction","target":{"@type":"EntryPoint","urlTemplate":"https:\/\/www.chateaudegoutelas.fr\/?s={search_term_string}"},"query-input":{"@type":"PropertyValueSpecification","valueRequired":true,"valueName":"search_term_string"}}],"inLanguage":"en-GB"},{"@type":"Organization","@id":"https:\/\/www.chateaudegoutelas.fr\/#organization","name":"Ch\u00e2teau de Goutelas","url":"https:\/\/www.chateaudegoutelas.fr\/","logo":{"@type":"ImageObject","inLanguage":"en-GB","@id":"https:\/\/www.chateaudegoutelas.fr\/#\/schema\/logo\/image\/","url":"https:\/\/www.chateaudegoutelas.fr\/wp-content\/uploads\/2023\/05\/logo-chateau-goutelas-bleu.png","contentUrl":"https:\/\/www.chateaudegoutelas.fr\/wp-content\/uploads\/2023\/05\/logo-chateau-goutelas-bleu.png","width":1123,"height":327,"caption":"Ch\u00e2teau de Goutelas"},"image":{"@id":"https:\/\/www.chateaudegoutelas.fr\/#\/schema\/logo\/image\/"}}]}},"_links":{"self":[{"href":"http:\/\/www.chateaudegoutelas.fr\/en\/wp-json\/wp\/v2\/pages\/7027","targetHints":{"allow":["GET"]}}],"collection":[{"href":"http:\/\/www.chateaudegoutelas.fr\/en\/wp-json\/wp\/v2\/pages"}],"about":[{"href":"http:\/\/www.chateaudegoutelas.fr\/en\/wp-json\/wp\/v2\/types\/page"}],"author":[{"embeddable":true,"href":"http:\/\/www.chateaudegoutelas.fr\/en\/wp-json\/wp\/v2\/users\/8"}],"replies":[{"embeddable":true,"href":"http:\/\/www.chateaudegoutelas.fr\/en\/wp-json\/wp\/v2\/comments?post=7027"}],"version-history":[{"count":3,"href":"http:\/\/www.chateaudegoutelas.fr\/en\/wp-json\/wp\/v2\/pages\/7027\/revisions"}],"predecessor-version":[{"id":8466,"href":"http:\/\/www.chateaudegoutelas.fr\/en\/wp-json\/wp\/v2\/pages\/7027\/revisions\/8466"}],"up":[{"embeddable":true,"href":"http:\/\/www.chateaudegoutelas.fr\/en\/wp-json\/wp\/v2\/pages\/5753"}],"wp:featuredmedia":[{"embeddable":true,"href":"http:\/\/www.chateaudegoutelas.fr\/en\/wp-json\/wp\/v2\/media\/4681"}],"wp:attachment":[{"href":"http:\/\/www.chateaudegoutelas.fr\/en\/wp-json\/wp\/v2\/media?parent=7027"}],"wp:term":[{"taxonomy":"category","embeddable":true,"href":"http:\/\/www.chateaudegoutelas.fr\/en\/wp-json\/wp\/v2\/categories?post=7027"},{"taxonomy":"post_tag","embeddable":true,"href":"http:\/\/www.chateaudegoutelas.fr\/en\/wp-json\/wp\/v2\/tags?post=7027"}],"curies":[{"name":"wp","href":"https:\/\/api.w.org\/{rel}","templated":true}]}}