{"id":5920,"date":"2023-04-06T14:50:22","date_gmt":"2023-04-06T12:50:22","guid":{"rendered":"https:\/\/dev.chateaudegoutelas.fr\/?page_id=5920"},"modified":"2025-05-07T15:39:09","modified_gmt":"2025-05-07T13:39:09","slug":"la-caravane","status":"publish","type":"page","link":"http:\/\/www.chateaudegoutelas.fr\/en\/votre-visite\/la-caravane\/","title":{"rendered":"Food truck La Caravane"},"content":{"rendered":"<h1>\n\t\t\t\tFood truck La Caravane\n\t\t\t<\/h1>\n\t\t\t<h3>Bistrot d&rsquo;\u00e9t\u00e9 &amp; petite restauration for\u00e9zienne<\/h3>\t\n\t<p>\u00a9 Ch\u00e2teau de Goutelas<\/p>\n\t\t\t<h2>Food truck La Caravane<\/h2>\t\t\t\n\t\t\t\t<h3>Bistrot d&rsquo;\u00e9t\u00e9 et petite restauration for\u00e9zienne<\/h3>\n\t<h5>Durant l&rsquo;\u00e9t\u00e9, la Caravane de Goutelas offre une petite restauration for\u00e9zienne sous l&rsquo;ombre du tilleul avec vue imprenable sur le ch\u00e2teau et la plaine du Forez.<\/h5>\n<p>Installez-vous sur les terrasses dans la cour d&rsquo;honneur du ch\u00e2teau, \u00e0 l&rsquo;ombre du tilleul, et profitez d&rsquo;une vue imprenable sur la plaine. Go\u00fbtez \u00e0 nos tartines, burgers for\u00e9ziens, frites maison et glaces artisanales, partagez une planche ap\u00e9ritif en toute convivialit\u00e9, d\u00e9gustez les vins des C\u00f4tes du Forez, des bi\u00e8res et jus de fruits&#8230;<\/p>\n<p>Entre amis, en famille, entre coll\u00e8gues, la pause est ici !<\/p>\n<p>&nbsp;<\/p>\n<p><strong>Vers la carte, les horaires et la r\u00e9servation de la Caravane pour l&rsquo;\u00e9t\u00e9 2025 :<\/strong><\/p>\n\t\t<a href=\"https:\/\/www.chateaudegoutelas.fr\/en\/agenda\/la-caravane-2025\/\" title=\"Afficher le contenu de la bo\u00eete\" target=\"_self\"  aria-label=\"Post Element\"><\/a>\t\t\n\t\t\t\t\t\t\t\t\t\t\t\t\t\t<a href=\"https:\/\/www.chateaudegoutelas.fr\/en\/agenda\/la-caravane-2025\/\" target=\"_self\" title=\"La Caravane\">\n\t\t\t\t<img decoding=\"async\" src=\"https:\/\/www.chateaudegoutelas.fr\/wp-content\/uploads\/2025\/04\/caravane-min-720x720.jpg\" alt=\"\" \/>\n\t\t\t\t<\/a>\n\t\t\t\t\t\t<h4>\n\t\t\t\t<a href=\"https:\/\/www.chateaudegoutelas.fr\/en\/agenda\/la-caravane-2025\/\" title=\"La Caravane\" tabindex=\"0\">La Caravane<\/a>\t\t\t<\/h4>\n\t\t\t\t\t\t<h6>OUVERTURE<\/h6>\n\t\t\t<p>De juin \u00e0 septembre<\/p>\n\t<p>La Caravane vous ouvre ses portes gr\u00e2ce au cofinancement de l&rsquo;UNION EUROPEENNE et de Loire Forez agglom\u00e9ration, dans le cadre du programme LEADER.<\/p>\n<h2>\n\t\tvoir aussi\n\t<\/h2>\n\t\t\t\t<img loading=\"lazy\" decoding=\"async\" src=\"https:\/\/www.chateaudegoutelas.fr\/wp-content\/uploads\/2023\/10\/gimmick_4.png\" alt=\"gimmick_4\" itemprop=\"image\" height=\"1458\" width=\"1458\" title=\"gimmick_4\" onerror=\"this.style.display='none'\"  \/>\n\t\t<a href=\"https:\/\/www.chateaudegoutelas.fr\/en\/votre-visite\/informations-pratiques\/\" title=\"Afficher le contenu de la bo\u00eete\" target=\"_self\"  aria-label=\"Post Element\"><\/a>\t\t\n\t\t\t\t\t\t\t\t\t\t\t\t\t\t<a href=\"https:\/\/www.chateaudegoutelas.fr\/en\/votre-visite\/informations-pratiques\/\" target=\"_self\" title=\"Informations pratiques\">\n\t\t\t\t<img decoding=\"async\" src=\"https:\/\/www.chateaudegoutelas.fr\/wp-content\/uploads\/2023\/09\/madalitso-1052-720x720.jpg\" alt=\"\" \/>\n\t\t\t\t<\/a>\n\t\t\t\t\t\t<h4>\n\t\t\t\t<a href=\"https:\/\/www.chateaudegoutelas.fr\/en\/votre-visite\/informations-pratiques\/\" title=\"Informations pratiques\" tabindex=\"0\">Informations pratiques<\/a>\t\t\t<\/h4>\n\t\t<a href=\"https:\/\/www.chateaudegoutelas.fr\/en\/votre-visite\/boutique\/\" title=\"Afficher le contenu de la bo\u00eete\" target=\"_self\"  aria-label=\"Post Element\"><\/a>\t\t\n\t\t\t\t\t\t\t\t\t\t\t\t\t\t<a href=\"https:\/\/www.chateaudegoutelas.fr\/en\/votre-visite\/boutique\/\" target=\"_self\" title=\"Boutique\">\n\t\t\t\t<img decoding=\"async\" src=\"https:\/\/www.chateaudegoutelas.fr\/wp-content\/uploads\/2023\/09\/DSC_0619-720x720.jpg\" alt=\"\" \/>\n\t\t\t\t<\/a>\n\t\t\t\t\t\t<h4>\n\t\t\t\t<a href=\"https:\/\/www.chateaudegoutelas.fr\/en\/votre-visite\/boutique\/\" title=\"Boutique\" tabindex=\"0\">Boutique<\/a>\t\t\t<\/h4>\n\t\t<a href=\"https:\/\/www.chateaudegoutelas.fr\/en\/votre-visite\/jardins-et-alentours\/\" title=\"Afficher le contenu de la bo\u00eete\" target=\"_self\"  aria-label=\"Post Element\"><\/a>\t\t\n\t\t\t\t\t\t\t\t\t\t\t\t\t\t<a href=\"https:\/\/www.chateaudegoutelas.fr\/en\/votre-visite\/jardins-et-alentours\/\" target=\"_self\" title=\"Jardins et alentours\">\n\t\t\t\t<img decoding=\"async\" src=\"https:\/\/www.chateaudegoutelas.fr\/wp-content\/uploads\/2023\/09\/chemin-de-Belizar-720x720.jpg\" alt=\"\" \/>\n\t\t\t\t<\/a>\n\t\t\t\t\t\t<h4>\n\t\t\t\t<a href=\"https:\/\/www.chateaudegoutelas.fr\/en\/votre-visite\/jardins-et-alentours\/\" title=\"Jardins et alentours\" tabindex=\"0\">Jardins et alentours<\/a>\t\t\t<\/h4>\n\t\t<a href=\"https:\/\/www.chateaudegoutelas.fr\/en\/seminaires-evenements\/restauration\/\" title=\"Afficher le contenu de la bo\u00eete\" target=\"_self\"  aria-label=\"Post Element\"><\/a>\t\t\n\t\t\t\t\t\t\t\t\t\t\t\t\t\t<a href=\"https:\/\/www.chateaudegoutelas.fr\/en\/seminaires-evenements\/restauration\/\" target=\"_self\" title=\"Restauration\">\n\t\t\t\t<img decoding=\"async\" src=\"https:\/\/www.chateaudegoutelas.fr\/wp-content\/uploads\/2023\/09\/DSC0798-720x720.jpg\" alt=\"\" \/>\n\t\t\t\t<\/a>\n\t\t\t\t\t\t<h4>\n\t\t\t\t<a href=\"https:\/\/www.chateaudegoutelas.fr\/en\/seminaires-evenements\/restauration\/\" title=\"Restauration\" tabindex=\"0\">Restauration<\/a>\t\t\t<\/h4>","protected":false},"excerpt":{"rendered":"<p>Food truck La Caravane Bistrot d&rsquo;\u00e9t\u00e9 &amp; petite restauration for\u00e9zienne \u00a9 Ch\u00e2teau de Goutelas Food truck La Caravane Bistrot d&rsquo;\u00e9t\u00e9 et petite restauration for\u00e9zienne Durant l&rsquo;\u00e9t\u00e9, la Caravane de Goutelas offre une petite restauration for\u00e9zienne sous l&rsquo;ombre du tilleul avec vue imprenable sur le ch\u00e2teau et la plaine du Forez. Installez-vous sur les terrasses dans [&hellip;]<\/p>\n","protected":false},"author":8,"featured_media":7843,"parent":8363,"menu_order":0,"comment_status":"closed","ping_status":"closed","template":"","meta":{"site-sidebar-layout":"no-sidebar","site-content-layout":"","ast-site-content-layout":"full-width-container","site-content-style":"unboxed","site-sidebar-style":"unboxed","ast-global-header-display":"","ast-banner-title-visibility":"","ast-main-header-display":"","ast-hfb-above-header-display":"","ast-hfb-below-header-display":"","ast-hfb-mobile-header-display":"","site-post-title":"disabled","ast-breadcrumbs-content":"","ast-featured-img":"disabled","footer-sml-layout":"","ast-disable-related-posts":"","theme-transparent-header-meta":"default","adv-header-id-meta":"","stick-header-meta":"default","header-above-stick-meta":"","header-main-stick-meta":"","header-below-stick-meta":"","astra-migrate-meta-layouts":"set","ast-page-background-enabled":"default","ast-page-background-meta":{"desktop":{"background-color":"","background-image":"","background-repeat":"repeat","background-position":"center center","background-size":"auto","background-attachment":"scroll","background-type":"","background-media":"","overlay-type":"","overlay-color":"","overlay-opacity":"","overlay-gradient":""},"tablet":{"background-color":"","background-image":"","background-repeat":"repeat","background-position":"center center","background-size":"auto","background-attachment":"scroll","background-type":"","background-media":"","overlay-type":"","overlay-color":"","overlay-opacity":"","overlay-gradient":""},"mobile":{"background-color":"","background-image":"","background-repeat":"repeat","background-position":"center center","background-size":"auto","background-attachment":"scroll","background-type":"","background-media":"","overlay-type":"","overlay-color":"","overlay-opacity":"","overlay-gradient":""}},"ast-content-background-meta":{"desktop":{"background-color":"var(--ast-global-color-5)","background-image":"","background-repeat":"repeat","background-position":"center center","background-size":"auto","background-attachment":"scroll","background-type":"","background-media":"","overlay-type":"","overlay-color":"","overlay-opacity":"","overlay-gradient":""},"tablet":{"background-color":"var(--ast-global-color-5)","background-image":"","background-repeat":"repeat","background-position":"center center","background-size":"auto","background-attachment":"scroll","background-type":"","background-media":"","overlay-type":"","overlay-color":"","overlay-opacity":"","overlay-gradient":""},"mobile":{"background-color":"var(--ast-global-color-5)","background-image":"","background-repeat":"repeat","background-position":"center center","background-size":"auto","background-attachment":"scroll","background-type":"","background-media":"","overlay-type":"","overlay-color":"","overlay-opacity":"","overlay-gradient":""}},"footnotes":""},"categories":[204],"tags":[],"class_list":["post-5920","page","type-page","status-publish","has-post-thumbnail","hentry","category-nous-rendre-visite"],"yoast_head":"<!-- This site is optimized with the Yoast SEO plugin v27.5 - https:\/\/yoast.com\/product\/yoast-seo-wordpress\/ -->\n<title>Food truck La Caravane - Ch\u00e2teau de Goutelas<\/title>\n<meta name=\"robots\" content=\"index, follow, max-snippet:-1, max-image-preview:large, max-video-preview:-1\" \/>\n<link rel=\"canonical\" href=\"https:\/\/www.chateaudegoutelas.fr\/en\/votre-visite\/la-caravane\/\" \/>\n<meta property=\"og:locale\" content=\"en_GB\" \/>\n<meta property=\"og:type\" content=\"article\" \/>\n<meta property=\"og:title\" content=\"Food truck La Caravane - Ch\u00e2teau de Goutelas\" \/>\n<meta property=\"og:description\" content=\"Food truck La Caravane Bistrot d&rsquo;\u00e9t\u00e9 &amp; petite restauration for\u00e9zienne \u00a9 Ch\u00e2teau de Goutelas Food truck La Caravane Bistrot d&rsquo;\u00e9t\u00e9 et petite restauration for\u00e9zienne Durant l&rsquo;\u00e9t\u00e9, la Caravane de Goutelas offre une petite restauration for\u00e9zienne sous l&rsquo;ombre du tilleul avec vue imprenable sur le ch\u00e2teau et la plaine du Forez. Installez-vous sur les terrasses dans [&hellip;]\" \/>\n<meta property=\"og:url\" content=\"https:\/\/www.chateaudegoutelas.fr\/en\/votre-visite\/la-caravane\/\" \/>\n<meta property=\"og:site_name\" content=\"Ch\u00e2teau de Goutelas\" \/>\n<meta property=\"article:modified_time\" content=\"2025-05-07T13:39:09+00:00\" \/>\n<meta property=\"og:image\" content=\"https:\/\/www.chateaudegoutelas.fr\/wp-content\/uploads\/2023\/09\/DSC1210-scaled.jpg\" \/>\n\t<meta property=\"og:image:width\" content=\"2560\" \/>\n\t<meta property=\"og:image:height\" content=\"1707\" \/>\n\t<meta property=\"og:image:type\" content=\"image\/jpeg\" \/>\n<meta name=\"twitter:card\" content=\"summary_large_image\" \/>\n<meta name=\"twitter:label1\" content=\"Estimated reading time\" \/>\n\t<meta name=\"twitter:data1\" content=\"4 minutes\" \/>\n<script type=\"application\/ld+json\" class=\"yoast-schema-graph\">{\"@context\":\"https:\\\/\\\/schema.org\",\"@graph\":[{\"@type\":\"WebPage\",\"@id\":\"https:\\\/\\\/www.chateaudegoutelas.fr\\\/votre-visite\\\/la-caravane\\\/\",\"url\":\"https:\\\/\\\/www.chateaudegoutelas.fr\\\/votre-visite\\\/la-caravane\\\/\",\"name\":\"Food truck La Caravane - Ch\u00e2teau de Goutelas\",\"isPartOf\":{\"@id\":\"https:\\\/\\\/www.chateaudegoutelas.fr\\\/#website\"},\"primaryImageOfPage\":{\"@id\":\"https:\\\/\\\/www.chateaudegoutelas.fr\\\/votre-visite\\\/la-caravane\\\/#primaryimage\"},\"image\":{\"@id\":\"https:\\\/\\\/www.chateaudegoutelas.fr\\\/votre-visite\\\/la-caravane\\\/#primaryimage\"},\"thumbnailUrl\":\"https:\\\/\\\/www.chateaudegoutelas.fr\\\/wp-content\\\/uploads\\\/2023\\\/09\\\/DSC1210-scaled.jpg\",\"datePublished\":\"2023-04-06T12:50:22+00:00\",\"dateModified\":\"2025-05-07T13:39:09+00:00\",\"breadcrumb\":{\"@id\":\"https:\\\/\\\/www.chateaudegoutelas.fr\\\/votre-visite\\\/la-caravane\\\/#breadcrumb\"},\"inLanguage\":\"en-GB\",\"potentialAction\":[{\"@type\":\"ReadAction\",\"target\":[\"https:\\\/\\\/www.chateaudegoutelas.fr\\\/votre-visite\\\/la-caravane\\\/\"]}]},{\"@type\":\"ImageObject\",\"inLanguage\":\"en-GB\",\"@id\":\"https:\\\/\\\/www.chateaudegoutelas.fr\\\/votre-visite\\\/la-caravane\\\/#primaryimage\",\"url\":\"https:\\\/\\\/www.chateaudegoutelas.fr\\\/wp-content\\\/uploads\\\/2023\\\/09\\\/DSC1210-scaled.jpg\",\"contentUrl\":\"https:\\\/\\\/www.chateaudegoutelas.fr\\\/wp-content\\\/uploads\\\/2023\\\/09\\\/DSC1210-scaled.jpg\",\"width\":2560,\"height\":1707},{\"@type\":\"BreadcrumbList\",\"@id\":\"https:\\\/\\\/www.chateaudegoutelas.fr\\\/votre-visite\\\/la-caravane\\\/#breadcrumb\",\"itemListElement\":[{\"@type\":\"ListItem\",\"position\":1,\"name\":\"Accueil\",\"item\":\"https:\\\/\\\/www.chateaudegoutelas.fr\\\/\"},{\"@type\":\"ListItem\",\"position\":2,\"name\":\"votre visite\",\"item\":\"https:\\\/\\\/www.chateaudegoutelas.fr\\\/votre-visite\\\/\"},{\"@type\":\"ListItem\",\"position\":3,\"name\":\"Food truck La Caravane\"}]},{\"@type\":\"WebSite\",\"@id\":\"https:\\\/\\\/www.chateaudegoutelas.fr\\\/#website\",\"url\":\"https:\\\/\\\/www.chateaudegoutelas.fr\\\/\",\"name\":\"Ch\u00e2teau de Goutelas\",\"description\":\"Un centre culturel de rencontre en Forez\",\"publisher\":{\"@id\":\"https:\\\/\\\/www.chateaudegoutelas.fr\\\/#organization\"},\"potentialAction\":[{\"@type\":\"SearchAction\",\"target\":{\"@type\":\"EntryPoint\",\"urlTemplate\":\"https:\\\/\\\/www.chateaudegoutelas.fr\\\/?s={search_term_string}\"},\"query-input\":{\"@type\":\"PropertyValueSpecification\",\"valueRequired\":true,\"valueName\":\"search_term_string\"}}],\"inLanguage\":\"en-GB\"},{\"@type\":\"Organization\",\"@id\":\"https:\\\/\\\/www.chateaudegoutelas.fr\\\/#organization\",\"name\":\"Ch\u00e2teau de Goutelas\",\"url\":\"https:\\\/\\\/www.chateaudegoutelas.fr\\\/\",\"logo\":{\"@type\":\"ImageObject\",\"inLanguage\":\"en-GB\",\"@id\":\"https:\\\/\\\/www.chateaudegoutelas.fr\\\/#\\\/schema\\\/logo\\\/image\\\/\",\"url\":\"https:\\\/\\\/www.chateaudegoutelas.fr\\\/wp-content\\\/uploads\\\/2023\\\/05\\\/logo-chateau-goutelas-bleu.png\",\"contentUrl\":\"https:\\\/\\\/www.chateaudegoutelas.fr\\\/wp-content\\\/uploads\\\/2023\\\/05\\\/logo-chateau-goutelas-bleu.png\",\"width\":1123,\"height\":327,\"caption\":\"Ch\u00e2teau de Goutelas\"},\"image\":{\"@id\":\"https:\\\/\\\/www.chateaudegoutelas.fr\\\/#\\\/schema\\\/logo\\\/image\\\/\"}}]}<\/script>\n<!-- \/ Yoast SEO plugin. -->","yoast_head_json":{"title":"Food truck La Caravane - Ch\u00e2teau de Goutelas","robots":{"index":"index","follow":"follow","max-snippet":"max-snippet:-1","max-image-preview":"max-image-preview:large","max-video-preview":"max-video-preview:-1"},"canonical":"https:\/\/www.chateaudegoutelas.fr\/en\/votre-visite\/la-caravane\/","og_locale":"en_GB","og_type":"article","og_title":"Food truck La Caravane - Ch\u00e2teau de Goutelas","og_description":"Food truck La Caravane Bistrot d&rsquo;\u00e9t\u00e9 &amp; petite restauration for\u00e9zienne \u00a9 Ch\u00e2teau de Goutelas Food truck La Caravane Bistrot d&rsquo;\u00e9t\u00e9 et petite restauration for\u00e9zienne Durant l&rsquo;\u00e9t\u00e9, la Caravane de Goutelas offre une petite restauration for\u00e9zienne sous l&rsquo;ombre du tilleul avec vue imprenable sur le ch\u00e2teau et la plaine du Forez. Installez-vous sur les terrasses dans [&hellip;]","og_url":"https:\/\/www.chateaudegoutelas.fr\/en\/votre-visite\/la-caravane\/","og_site_name":"Ch\u00e2teau de Goutelas","article_modified_time":"2025-05-07T13:39:09+00:00","og_image":[{"width":2560,"height":1707,"url":"https:\/\/www.chateaudegoutelas.fr\/wp-content\/uploads\/2023\/09\/DSC1210-scaled.jpg","type":"image\/jpeg"}],"twitter_card":"summary_large_image","twitter_misc":{"Estimated reading time":"4 minutes"},"schema":{"@context":"https:\/\/schema.org","@graph":[{"@type":"WebPage","@id":"https:\/\/www.chateaudegoutelas.fr\/votre-visite\/la-caravane\/","url":"https:\/\/www.chateaudegoutelas.fr\/votre-visite\/la-caravane\/","name":"Food truck La Caravane - Ch\u00e2teau de Goutelas","isPartOf":{"@id":"https:\/\/www.chateaudegoutelas.fr\/#website"},"primaryImageOfPage":{"@id":"https:\/\/www.chateaudegoutelas.fr\/votre-visite\/la-caravane\/#primaryimage"},"image":{"@id":"https:\/\/www.chateaudegoutelas.fr\/votre-visite\/la-caravane\/#primaryimage"},"thumbnailUrl":"https:\/\/www.chateaudegoutelas.fr\/wp-content\/uploads\/2023\/09\/DSC1210-scaled.jpg","datePublished":"2023-04-06T12:50:22+00:00","dateModified":"2025-05-07T13:39:09+00:00","breadcrumb":{"@id":"https:\/\/www.chateaudegoutelas.fr\/votre-visite\/la-caravane\/#breadcrumb"},"inLanguage":"en-GB","potentialAction":[{"@type":"ReadAction","target":["https:\/\/www.chateaudegoutelas.fr\/votre-visite\/la-caravane\/"]}]},{"@type":"ImageObject","inLanguage":"en-GB","@id":"https:\/\/www.chateaudegoutelas.fr\/votre-visite\/la-caravane\/#primaryimage","url":"https:\/\/www.chateaudegoutelas.fr\/wp-content\/uploads\/2023\/09\/DSC1210-scaled.jpg","contentUrl":"https:\/\/www.chateaudegoutelas.fr\/wp-content\/uploads\/2023\/09\/DSC1210-scaled.jpg","width":2560,"height":1707},{"@type":"BreadcrumbList","@id":"https:\/\/www.chateaudegoutelas.fr\/votre-visite\/la-caravane\/#breadcrumb","itemListElement":[{"@type":"ListItem","position":1,"name":"Accueil","item":"https:\/\/www.chateaudegoutelas.fr\/"},{"@type":"ListItem","position":2,"name":"votre visite","item":"https:\/\/www.chateaudegoutelas.fr\/votre-visite\/"},{"@type":"ListItem","position":3,"name":"Food truck La Caravane"}]},{"@type":"WebSite","@id":"https:\/\/www.chateaudegoutelas.fr\/#website","url":"https:\/\/www.chateaudegoutelas.fr\/","name":"Ch\u00e2teau de Goutelas","description":"Un centre culturel de rencontre en Forez","publisher":{"@id":"https:\/\/www.chateaudegoutelas.fr\/#organization"},"potentialAction":[{"@type":"SearchAction","target":{"@type":"EntryPoint","urlTemplate":"https:\/\/www.chateaudegoutelas.fr\/?s={search_term_string}"},"query-input":{"@type":"PropertyValueSpecification","valueRequired":true,"valueName":"search_term_string"}}],"inLanguage":"en-GB"},{"@type":"Organization","@id":"https:\/\/www.chateaudegoutelas.fr\/#organization","name":"Ch\u00e2teau de Goutelas","url":"https:\/\/www.chateaudegoutelas.fr\/","logo":{"@type":"ImageObject","inLanguage":"en-GB","@id":"https:\/\/www.chateaudegoutelas.fr\/#\/schema\/logo\/image\/","url":"https:\/\/www.chateaudegoutelas.fr\/wp-content\/uploads\/2023\/05\/logo-chateau-goutelas-bleu.png","contentUrl":"https:\/\/www.chateaudegoutelas.fr\/wp-content\/uploads\/2023\/05\/logo-chateau-goutelas-bleu.png","width":1123,"height":327,"caption":"Ch\u00e2teau de Goutelas"},"image":{"@id":"https:\/\/www.chateaudegoutelas.fr\/#\/schema\/logo\/image\/"}}]}},"_links":{"self":[{"href":"http:\/\/www.chateaudegoutelas.fr\/en\/wp-json\/wp\/v2\/pages\/5920","targetHints":{"allow":["GET"]}}],"collection":[{"href":"http:\/\/www.chateaudegoutelas.fr\/en\/wp-json\/wp\/v2\/pages"}],"about":[{"href":"http:\/\/www.chateaudegoutelas.fr\/en\/wp-json\/wp\/v2\/types\/page"}],"author":[{"embeddable":true,"href":"http:\/\/www.chateaudegoutelas.fr\/en\/wp-json\/wp\/v2\/users\/8"}],"replies":[{"embeddable":true,"href":"http:\/\/www.chateaudegoutelas.fr\/en\/wp-json\/wp\/v2\/comments?post=5920"}],"version-history":[{"count":5,"href":"http:\/\/www.chateaudegoutelas.fr\/en\/wp-json\/wp\/v2\/pages\/5920\/revisions"}],"predecessor-version":[{"id":10677,"href":"http:\/\/www.chateaudegoutelas.fr\/en\/wp-json\/wp\/v2\/pages\/5920\/revisions\/10677"}],"up":[{"embeddable":true,"href":"http:\/\/www.chateaudegoutelas.fr\/en\/wp-json\/wp\/v2\/pages\/8363"}],"wp:featuredmedia":[{"embeddable":true,"href":"http:\/\/www.chateaudegoutelas.fr\/en\/wp-json\/wp\/v2\/media\/7843"}],"wp:attachment":[{"href":"http:\/\/www.chateaudegoutelas.fr\/en\/wp-json\/wp\/v2\/media?parent=5920"}],"wp:term":[{"taxonomy":"category","embeddable":true,"href":"http:\/\/www.chateaudegoutelas.fr\/en\/wp-json\/wp\/v2\/categories?post=5920"},{"taxonomy":"post_tag","embeddable":true,"href":"http:\/\/www.chateaudegoutelas.fr\/en\/wp-json\/wp\/v2\/tags?post=5920"}],"curies":[{"name":"wp","href":"https:\/\/api.w.org\/{rel}","templated":true}]}}