{"id":10104,"date":"2024-12-20T10:30:51","date_gmt":"2024-12-20T09:30:51","guid":{"rendered":"https:\/\/www.chateaudegoutelas.fr\/?page_id=10104"},"modified":"2024-12-20T15:13:05","modified_gmt":"2024-12-20T14:13:05","slug":"ma-terre-vue-d-ici","status":"publish","type":"page","link":"http:\/\/www.chateaudegoutelas.fr\/en\/ma-terre-vue-d-ici\/","title":{"rendered":"Ma Terre vue d&rsquo;ici"},"content":{"rendered":"<h1>\n\t\t\t\tMa Terre vue d&rsquo;ici\n\t\t\t<\/h1>\n<h3>\n\t\t\u00c9ducation \u00e0 l&rsquo;image et \u00e0 l&rsquo;environnement avec les \u00e9l\u00e8ves du Forez\n\t<\/h3>\n\t<p>\u00a9 Ch\u00e2teau de Goutelas<\/p>\n<h1>\n\t\tMa Terre vue d&rsquo;ici\n\t<\/h1>\n<h3>\n\t\t\u00c9ducation \u00e0 l&rsquo;image et \u00e0 l&rsquo;environnement avec les \u00e9l\u00e8ves du Forez\n\t<\/h3>\n<p>Imagin\u00e9 par le Ch\u00e2teau de Goutelas et les \u00e9coles partenaires, <strong>Ma Terre vue d&rsquo;ici<\/strong> est un projet d&rsquo;\u00e9ducation artistique et culturelle qui accompagne des \u00e9l\u00e8ves dans la d\u00e9couverte des enjeux environnementaux \u00e0 l&rsquo;\u00e9chelle de leur \u00e9cole. Dans une d\u00e9marche d&rsquo;exploration et de cr\u00e9ation collective, le projet s&rsquo;\u00e9crit au fur et \u00e0 mesure, en lien avec les classes et les enseignant\u00b7e\u00b7s.<\/p>\n\t<p><em>Avec le soutien de la DRAC Auvergne &#8211; Rh\u00f4ne-Alpes, du Sou des \u00e9coles de Marcoux, Saint-Agathe-la-Bouteresse, et Bo\u00ebn-sur-Lignon.<\/em><\/p>\n<h2>\n\t\t\u00e9ditions pass\u00e9es\n\t<\/h2>\n<p>Au cours de l&rsquo;ann\u00e9e scolaire 2022-2023, les \u00e9coles de Marcoux, Sainte-Agathe-la Bouteresse et Bo\u00ebn-sur-Lignon ont particip\u00e9 au projet \u00e0 raison de 2 classes par \u00e9cole (une classe de cycle 1 et une classe de cycle 2).<\/p>\n<p>Accompagn\u00e9s par Cl\u00e9ment Gaumon, vid\u00e9aste, et Yanick Guillermin, metteur en sc\u00e8ne, les \u00e9l\u00e8ves ont collectivement r\u00e9alis\u00e9 une \u00e9mission de t\u00e9l\u00e9vision grandeur nature : \u00e9criture d&rsquo;interview, jeu au plateau, cadrage vid\u00e9o, initiation au montage&#8230;. Pour la restitution, la salle des Devises du ch\u00e2teau s&rsquo;est transform\u00e9e en plateau t\u00e9l\u00e9 avec retransmission en direct !<\/p>\n\t\t\t<h3>Projets partag\u00e9s &#038; droits culturels<\/h3>\t\t\t\n\t\t\t\t<p>Goutelas coordonne tout au long de l&rsquo;ann\u00e9e des projets artistiques et culturels avec les habitant\u00b7e\u00b7s du Forez, gr\u00e2ce aux liens forts tiss\u00e9s avec des \u00e9tablissements scolaires, socioculturels, de sant\u00e9,&#8230;\u00a0Toutes ces rencontres sont anim\u00e9es par l&rsquo;\u00e9thique et le r\u00e9f\u00e9rentiel des droits culturels : permettre \u00e0 chacun\u00b7e, seul\u00b7e ou en commun, de participer \u00e0 la vie culturelle, d&rsquo;y contribuer avec ses propres r\u00e9f\u00e9rences, exp\u00e9riences et pratiques tout en ayant acc\u00e8s \u00e0 une diversit\u00e9 de ressources culturelles.<\/p>\n<h2>\n\t\ten images\n\t<\/h2>\n<h2>\n\t\tvoir aussi\n\t<\/h2>\n\t\t\t\t<img loading=\"lazy\" decoding=\"async\" src=\"https:\/\/www.chateaudegoutelas.fr\/wp-content\/uploads\/2023\/06\/gimmick-goutelas-vert-rouge-720x720.png\" alt=\"gimmick-goutelas-vert-rouge\" itemprop=\"image\" height=\"720\" width=\"720\" title=\"gimmick-goutelas-vert-rouge\" onerror=\"this.style.display='none'\"  \/>\n\t\t<a href=\"https:\/\/www.chateaudegoutelas.fr\/en\/saison-culturelle\/en-famille\/\" title=\"View Box Content\" target=\"_self\"  aria-label=\"Post Element\"><\/a>\t\t\n\t\t\t\t\t\t\t\t\t\t\t\t\t\t<a href=\"https:\/\/www.chateaudegoutelas.fr\/en\/saison-culturelle\/en-famille\/\" target=\"_self\" title=\"En famille\">\n\t\t\t\t<img decoding=\"async\" src=\"https:\/\/www.chateaudegoutelas.fr\/wp-content\/uploads\/2023\/10\/DSC0112-720x720.jpg\" alt=\"\" \/>\n\t\t\t\t<\/a>\n\t\t\t\t\t\t<h4>\n\t\t\t\t<a href=\"https:\/\/www.chateaudegoutelas.fr\/en\/saison-culturelle\/en-famille\/\" title=\"En famille\" tabindex=\"0\">En famille<\/a>\t\t\t<\/h4>","protected":false},"excerpt":{"rendered":"<p>Ma Terre vue d&rsquo;ici \u00c9ducation \u00e0 l&rsquo;image et \u00e0 l&rsquo;environnement avec les \u00e9l\u00e8ves du Forez \u00a9 Ch\u00e2teau de Goutelas Ma Terre vue d&rsquo;ici \u00c9ducation \u00e0 l&rsquo;image et \u00e0 l&rsquo;environnement avec les \u00e9l\u00e8ves du Forez Imagin\u00e9 par le Ch\u00e2teau de Goutelas et les \u00e9coles partenaires, Ma Terre vue d&rsquo;ici est un projet d&rsquo;\u00e9ducation artistique et culturelle [&hellip;]<\/p>\n","protected":false},"author":7,"featured_media":9677,"parent":0,"menu_order":0,"comment_status":"closed","ping_status":"closed","template":"","meta":{"site-sidebar-layout":"no-sidebar","site-content-layout":null,"ast-site-content-layout":"full-width-container","site-content-style":"unboxed","site-sidebar-style":"unboxed","ast-global-header-display":"","ast-banner-title-visibility":"","ast-main-header-display":"","ast-hfb-above-header-display":null,"ast-hfb-below-header-display":null,"ast-hfb-mobile-header-display":"","site-post-title":"disabled","ast-breadcrumbs-content":null,"ast-featured-img":"disabled","footer-sml-layout":"","ast-disable-related-posts":"","theme-transparent-header-meta":"default","adv-header-id-meta":"","stick-header-meta":"default","header-above-stick-meta":null,"header-main-stick-meta":"","header-below-stick-meta":null,"astra-migrate-meta-layouts":"set","ast-page-background-enabled":"default","ast-page-background-meta":{"desktop":{"background-color":"","background-image":"","background-repeat":"repeat","background-position":"center center","background-size":"auto","background-attachment":"scroll","background-type":"","background-media":"","overlay-type":"","overlay-color":"","overlay-opacity":"","overlay-gradient":""},"tablet":{"background-color":"","background-image":"","background-repeat":"repeat","background-position":"center center","background-size":"auto","background-attachment":"scroll","background-type":"","background-media":"","overlay-type":"","overlay-color":"","overlay-opacity":"","overlay-gradient":""},"mobile":{"background-color":"","background-image":"","background-repeat":"repeat","background-position":"center center","background-size":"auto","background-attachment":"scroll","background-type":"","background-media":"","overlay-type":"","overlay-color":"","overlay-opacity":"","overlay-gradient":""}},"ast-content-background-meta":{"desktop":{"background-color":"var(--ast-global-color-5)","background-image":"","background-repeat":"repeat","background-position":"center center","background-size":"auto","background-attachment":"scroll","background-type":"","background-media":"","overlay-type":"","overlay-color":"","overlay-opacity":"","overlay-gradient":""},"tablet":{"background-color":"var(--ast-global-color-5)","background-image":"","background-repeat":"repeat","background-position":"center center","background-size":"auto","background-attachment":"scroll","background-type":"","background-media":"","overlay-type":"","overlay-color":"","overlay-opacity":"","overlay-gradient":""},"mobile":{"background-color":"var(--ast-global-color-5)","background-image":"","background-repeat":"repeat","background-position":"center center","background-size":"auto","background-attachment":"scroll","background-type":"","background-media":"","overlay-type":"","overlay-color":"","overlay-opacity":"","overlay-gradient":""}},"footnotes":""},"categories":[],"tags":[],"class_list":["post-10104","page","type-page","status-publish","has-post-thumbnail","hentry"],"yoast_head":"<!-- This site is optimized with the Yoast SEO plugin v27.5 - https:\/\/yoast.com\/product\/yoast-seo-wordpress\/ -->\n<title>Ma Terre vue d&#039;ici - Ch\u00e2teau de Goutelas<\/title>\n<meta name=\"robots\" content=\"index, follow, max-snippet:-1, max-image-preview:large, max-video-preview:-1\" \/>\n<link rel=\"canonical\" href=\"https:\/\/www.chateaudegoutelas.fr\/en\/ma-terre-vue-d-ici\/\" \/>\n<meta property=\"og:locale\" content=\"en_GB\" \/>\n<meta property=\"og:type\" content=\"article\" \/>\n<meta property=\"og:title\" content=\"Ma Terre vue d&#039;ici - Ch\u00e2teau de Goutelas\" \/>\n<meta property=\"og:description\" content=\"Ma Terre vue d&rsquo;ici \u00c9ducation \u00e0 l&rsquo;image et \u00e0 l&rsquo;environnement avec les \u00e9l\u00e8ves du Forez \u00a9 Ch\u00e2teau de Goutelas Ma Terre vue d&rsquo;ici \u00c9ducation \u00e0 l&rsquo;image et \u00e0 l&rsquo;environnement avec les \u00e9l\u00e8ves du Forez Imagin\u00e9 par le Ch\u00e2teau de Goutelas et les \u00e9coles partenaires, Ma Terre vue d&rsquo;ici est un projet d&rsquo;\u00e9ducation artistique et culturelle [&hellip;]\" \/>\n<meta property=\"og:url\" content=\"https:\/\/www.chateaudegoutelas.fr\/en\/ma-terre-vue-d-ici\/\" \/>\n<meta property=\"og:site_name\" content=\"Ch\u00e2teau de Goutelas\" \/>\n<meta property=\"article:modified_time\" content=\"2024-12-20T14:13:05+00:00\" \/>\n<meta property=\"og:image\" content=\"https:\/\/www.chateaudegoutelas.fr\/wp-content\/uploads\/2024\/09\/DSC0435-2-scaled.jpg\" \/>\n\t<meta property=\"og:image:width\" content=\"2560\" \/>\n\t<meta property=\"og:image:height\" content=\"1706\" \/>\n\t<meta property=\"og:image:type\" content=\"image\/jpeg\" \/>\n<meta name=\"twitter:card\" content=\"summary_large_image\" \/>\n<meta name=\"twitter:label1\" content=\"Estimated reading time\" \/>\n\t<meta name=\"twitter:data1\" content=\"4 minutes\" \/>\n<script type=\"application\/ld+json\" class=\"yoast-schema-graph\">{\"@context\":\"https:\\\/\\\/schema.org\",\"@graph\":[{\"@type\":\"WebPage\",\"@id\":\"https:\\\/\\\/www.chateaudegoutelas.fr\\\/ma-terre-vue-d-ici\\\/\",\"url\":\"https:\\\/\\\/www.chateaudegoutelas.fr\\\/ma-terre-vue-d-ici\\\/\",\"name\":\"Ma Terre vue d'ici - Ch\u00e2teau de Goutelas\",\"isPartOf\":{\"@id\":\"https:\\\/\\\/www.chateaudegoutelas.fr\\\/#website\"},\"primaryImageOfPage\":{\"@id\":\"https:\\\/\\\/www.chateaudegoutelas.fr\\\/ma-terre-vue-d-ici\\\/#primaryimage\"},\"image\":{\"@id\":\"https:\\\/\\\/www.chateaudegoutelas.fr\\\/ma-terre-vue-d-ici\\\/#primaryimage\"},\"thumbnailUrl\":\"https:\\\/\\\/www.chateaudegoutelas.fr\\\/wp-content\\\/uploads\\\/2024\\\/09\\\/DSC0435-2-scaled.jpg\",\"datePublished\":\"2024-12-20T09:30:51+00:00\",\"dateModified\":\"2024-12-20T14:13:05+00:00\",\"breadcrumb\":{\"@id\":\"https:\\\/\\\/www.chateaudegoutelas.fr\\\/ma-terre-vue-d-ici\\\/#breadcrumb\"},\"inLanguage\":\"en-GB\",\"potentialAction\":[{\"@type\":\"ReadAction\",\"target\":[\"https:\\\/\\\/www.chateaudegoutelas.fr\\\/ma-terre-vue-d-ici\\\/\"]}]},{\"@type\":\"ImageObject\",\"inLanguage\":\"en-GB\",\"@id\":\"https:\\\/\\\/www.chateaudegoutelas.fr\\\/ma-terre-vue-d-ici\\\/#primaryimage\",\"url\":\"https:\\\/\\\/www.chateaudegoutelas.fr\\\/wp-content\\\/uploads\\\/2024\\\/09\\\/DSC0435-2-scaled.jpg\",\"contentUrl\":\"https:\\\/\\\/www.chateaudegoutelas.fr\\\/wp-content\\\/uploads\\\/2024\\\/09\\\/DSC0435-2-scaled.jpg\",\"width\":2560,\"height\":1706},{\"@type\":\"BreadcrumbList\",\"@id\":\"https:\\\/\\\/www.chateaudegoutelas.fr\\\/ma-terre-vue-d-ici\\\/#breadcrumb\",\"itemListElement\":[{\"@type\":\"ListItem\",\"position\":1,\"name\":\"Accueil\",\"item\":\"https:\\\/\\\/www.chateaudegoutelas.fr\\\/\"},{\"@type\":\"ListItem\",\"position\":2,\"name\":\"Ma Terre vue d&rsquo;ici\"}]},{\"@type\":\"WebSite\",\"@id\":\"https:\\\/\\\/www.chateaudegoutelas.fr\\\/#website\",\"url\":\"https:\\\/\\\/www.chateaudegoutelas.fr\\\/\",\"name\":\"Ch\u00e2teau de Goutelas\",\"description\":\"Un centre culturel de rencontre en Forez\",\"publisher\":{\"@id\":\"https:\\\/\\\/www.chateaudegoutelas.fr\\\/#organization\"},\"potentialAction\":[{\"@type\":\"SearchAction\",\"target\":{\"@type\":\"EntryPoint\",\"urlTemplate\":\"https:\\\/\\\/www.chateaudegoutelas.fr\\\/?s={search_term_string}\"},\"query-input\":{\"@type\":\"PropertyValueSpecification\",\"valueRequired\":true,\"valueName\":\"search_term_string\"}}],\"inLanguage\":\"en-GB\"},{\"@type\":\"Organization\",\"@id\":\"https:\\\/\\\/www.chateaudegoutelas.fr\\\/#organization\",\"name\":\"Ch\u00e2teau de Goutelas\",\"url\":\"https:\\\/\\\/www.chateaudegoutelas.fr\\\/\",\"logo\":{\"@type\":\"ImageObject\",\"inLanguage\":\"en-GB\",\"@id\":\"https:\\\/\\\/www.chateaudegoutelas.fr\\\/#\\\/schema\\\/logo\\\/image\\\/\",\"url\":\"https:\\\/\\\/www.chateaudegoutelas.fr\\\/wp-content\\\/uploads\\\/2023\\\/05\\\/logo-chateau-goutelas-bleu.png\",\"contentUrl\":\"https:\\\/\\\/www.chateaudegoutelas.fr\\\/wp-content\\\/uploads\\\/2023\\\/05\\\/logo-chateau-goutelas-bleu.png\",\"width\":1123,\"height\":327,\"caption\":\"Ch\u00e2teau de Goutelas\"},\"image\":{\"@id\":\"https:\\\/\\\/www.chateaudegoutelas.fr\\\/#\\\/schema\\\/logo\\\/image\\\/\"}}]}<\/script>\n<!-- \/ Yoast SEO plugin. -->","yoast_head_json":{"title":"Ma Terre vue d'ici - Ch\u00e2teau de Goutelas","robots":{"index":"index","follow":"follow","max-snippet":"max-snippet:-1","max-image-preview":"max-image-preview:large","max-video-preview":"max-video-preview:-1"},"canonical":"https:\/\/www.chateaudegoutelas.fr\/en\/ma-terre-vue-d-ici\/","og_locale":"en_GB","og_type":"article","og_title":"Ma Terre vue d'ici - Ch\u00e2teau de Goutelas","og_description":"Ma Terre vue d&rsquo;ici \u00c9ducation \u00e0 l&rsquo;image et \u00e0 l&rsquo;environnement avec les \u00e9l\u00e8ves du Forez \u00a9 Ch\u00e2teau de Goutelas Ma Terre vue d&rsquo;ici \u00c9ducation \u00e0 l&rsquo;image et \u00e0 l&rsquo;environnement avec les \u00e9l\u00e8ves du Forez Imagin\u00e9 par le Ch\u00e2teau de Goutelas et les \u00e9coles partenaires, Ma Terre vue d&rsquo;ici est un projet d&rsquo;\u00e9ducation artistique et culturelle [&hellip;]","og_url":"https:\/\/www.chateaudegoutelas.fr\/en\/ma-terre-vue-d-ici\/","og_site_name":"Ch\u00e2teau de Goutelas","article_modified_time":"2024-12-20T14:13:05+00:00","og_image":[{"width":2560,"height":1706,"url":"https:\/\/www.chateaudegoutelas.fr\/wp-content\/uploads\/2024\/09\/DSC0435-2-scaled.jpg","type":"image\/jpeg"}],"twitter_card":"summary_large_image","twitter_misc":{"Estimated reading time":"4 minutes"},"schema":{"@context":"https:\/\/schema.org","@graph":[{"@type":"WebPage","@id":"https:\/\/www.chateaudegoutelas.fr\/ma-terre-vue-d-ici\/","url":"https:\/\/www.chateaudegoutelas.fr\/ma-terre-vue-d-ici\/","name":"Ma Terre vue d'ici - Ch\u00e2teau de Goutelas","isPartOf":{"@id":"https:\/\/www.chateaudegoutelas.fr\/#website"},"primaryImageOfPage":{"@id":"https:\/\/www.chateaudegoutelas.fr\/ma-terre-vue-d-ici\/#primaryimage"},"image":{"@id":"https:\/\/www.chateaudegoutelas.fr\/ma-terre-vue-d-ici\/#primaryimage"},"thumbnailUrl":"https:\/\/www.chateaudegoutelas.fr\/wp-content\/uploads\/2024\/09\/DSC0435-2-scaled.jpg","datePublished":"2024-12-20T09:30:51+00:00","dateModified":"2024-12-20T14:13:05+00:00","breadcrumb":{"@id":"https:\/\/www.chateaudegoutelas.fr\/ma-terre-vue-d-ici\/#breadcrumb"},"inLanguage":"en-GB","potentialAction":[{"@type":"ReadAction","target":["https:\/\/www.chateaudegoutelas.fr\/ma-terre-vue-d-ici\/"]}]},{"@type":"ImageObject","inLanguage":"en-GB","@id":"https:\/\/www.chateaudegoutelas.fr\/ma-terre-vue-d-ici\/#primaryimage","url":"https:\/\/www.chateaudegoutelas.fr\/wp-content\/uploads\/2024\/09\/DSC0435-2-scaled.jpg","contentUrl":"https:\/\/www.chateaudegoutelas.fr\/wp-content\/uploads\/2024\/09\/DSC0435-2-scaled.jpg","width":2560,"height":1706},{"@type":"BreadcrumbList","@id":"https:\/\/www.chateaudegoutelas.fr\/ma-terre-vue-d-ici\/#breadcrumb","itemListElement":[{"@type":"ListItem","position":1,"name":"Accueil","item":"https:\/\/www.chateaudegoutelas.fr\/"},{"@type":"ListItem","position":2,"name":"Ma Terre vue d&rsquo;ici"}]},{"@type":"WebSite","@id":"https:\/\/www.chateaudegoutelas.fr\/#website","url":"https:\/\/www.chateaudegoutelas.fr\/","name":"Ch\u00e2teau de Goutelas","description":"Un centre culturel de rencontre en Forez","publisher":{"@id":"https:\/\/www.chateaudegoutelas.fr\/#organization"},"potentialAction":[{"@type":"SearchAction","target":{"@type":"EntryPoint","urlTemplate":"https:\/\/www.chateaudegoutelas.fr\/?s={search_term_string}"},"query-input":{"@type":"PropertyValueSpecification","valueRequired":true,"valueName":"search_term_string"}}],"inLanguage":"en-GB"},{"@type":"Organization","@id":"https:\/\/www.chateaudegoutelas.fr\/#organization","name":"Ch\u00e2teau de Goutelas","url":"https:\/\/www.chateaudegoutelas.fr\/","logo":{"@type":"ImageObject","inLanguage":"en-GB","@id":"https:\/\/www.chateaudegoutelas.fr\/#\/schema\/logo\/image\/","url":"https:\/\/www.chateaudegoutelas.fr\/wp-content\/uploads\/2023\/05\/logo-chateau-goutelas-bleu.png","contentUrl":"https:\/\/www.chateaudegoutelas.fr\/wp-content\/uploads\/2023\/05\/logo-chateau-goutelas-bleu.png","width":1123,"height":327,"caption":"Ch\u00e2teau de Goutelas"},"image":{"@id":"https:\/\/www.chateaudegoutelas.fr\/#\/schema\/logo\/image\/"}}]}},"_links":{"self":[{"href":"http:\/\/www.chateaudegoutelas.fr\/en\/wp-json\/wp\/v2\/pages\/10104","targetHints":{"allow":["GET"]}}],"collection":[{"href":"http:\/\/www.chateaudegoutelas.fr\/en\/wp-json\/wp\/v2\/pages"}],"about":[{"href":"http:\/\/www.chateaudegoutelas.fr\/en\/wp-json\/wp\/v2\/types\/page"}],"author":[{"embeddable":true,"href":"http:\/\/www.chateaudegoutelas.fr\/en\/wp-json\/wp\/v2\/users\/7"}],"replies":[{"embeddable":true,"href":"http:\/\/www.chateaudegoutelas.fr\/en\/wp-json\/wp\/v2\/comments?post=10104"}],"version-history":[{"count":3,"href":"http:\/\/www.chateaudegoutelas.fr\/en\/wp-json\/wp\/v2\/pages\/10104\/revisions"}],"predecessor-version":[{"id":10122,"href":"http:\/\/www.chateaudegoutelas.fr\/en\/wp-json\/wp\/v2\/pages\/10104\/revisions\/10122"}],"wp:featuredmedia":[{"embeddable":true,"href":"http:\/\/www.chateaudegoutelas.fr\/en\/wp-json\/wp\/v2\/media\/9677"}],"wp:attachment":[{"href":"http:\/\/www.chateaudegoutelas.fr\/en\/wp-json\/wp\/v2\/media?parent=10104"}],"wp:term":[{"taxonomy":"category","embeddable":true,"href":"http:\/\/www.chateaudegoutelas.fr\/en\/wp-json\/wp\/v2\/categories?post=10104"},{"taxonomy":"post_tag","embeddable":true,"href":"http:\/\/www.chateaudegoutelas.fr\/en\/wp-json\/wp\/v2\/tags?post=10104"}],"curies":[{"name":"wp","href":"https:\/\/api.w.org\/{rel}","templated":true}]}}