{"id":7165,"date":"2023-06-01T15:46:09","date_gmt":"2023-06-01T13:46:09","guid":{"rendered":"https:\/\/dev.chateaudegoutelas.fr\/?p=7165"},"modified":"2023-09-12T14:09:51","modified_gmt":"2023-09-12T12:09:51","slug":"festival-futurs-possibles-2023-devenez-benevole","status":"publish","type":"archive","link":"http:\/\/www.chateaudegoutelas.fr\/en\/archive\/festival-futurs-possibles-2023-devenez-benevole\/","title":{"rendered":"FESTIVAL FUTURS POSSIBLES 2023 : Devenez b\u00e9n\u00e9vole !"},"content":{"rendered":"<p>DEVENEZ B\u00c9N\u00c9VOLE POUR LE FESTIVAL FUTURS POSSIBLES !<\/p>\n<p>Futurs possibles, c\u2019est le festival \u00e9cologique du Ch\u00e2teau de Goutelas (Marcoux \u2013 42).<\/p>\n<p>Du <strong>8 au 11 juin 2023<\/strong>, le ch\u00e2teau se transforme et devient le lieu o\u00f9 s\u2019imagine un avenir souhaitable et solidaire : conf\u00e9rences, ateliers, expositions, cin\u00e9 en plein air, grands repas partag\u00e9s, librairie\u2026<br \/>\nCette ann\u00e9e, nous nous int\u00e9resserons aux sols, \u00e0 la terre et \u00e0 l\u2019agriculture. Cette deuxi\u00e8me \u00e9dition ouvre un cycle sur l\u2019alimentation durable.<\/p>\n<p><strong>Rejoignez-nous pour partager cette grande aventure festive et engag\u00e9e !<\/strong><\/p>\n<p>Vous participerez \u00e0 l\u2019accueil du public (\u00e0 la librairie, au bar..), \u00e0 la m\u00e9diation des projets artistiques, ou encore \u00e0 l\u2019organisation g\u00e9n\u00e9rale du festival. Bien s\u00fbr, nous nous organiserons pour que vous puissiez aussi profiter de l\u2019\u00e9v\u00e9nement. En tant que b\u00e9n\u00e9vole, vos repas sont pris en charge et des solutions d\u2019h\u00e9bergement pourront vous \u00eatre sugg\u00e9r\u00e9es si n\u00e9cessaire.<\/p>\n<p>Vous \u00eates d\u00e9cid\u00e9\u00b7e ? Inscrivez-vous d\u00e8s maintenant : <a href=\"https:\/\/docs.google.com\/forms\/d\/e\/1FAIpQLScY-zEmT2LhcgXCLKVZrzVkZMfALyg4bUm8YXi7NdCyENDOtw\/viewform\" target=\"_blank\" rel=\"noopener\">Devenir b\u00e9n\u00e9vole<\/a><\/p>\n<p>Vous h\u00e9sitez ? Contactez Axelle pour en savoir plus : <a href=\"mailto:axelle.berlier@chateaudegoutelas.fr\">axelle.berlier@chateaudegoutelas.fr<\/a> \u2013 04 77 97 35 43<\/p>","protected":false},"author":8,"featured_media":6157,"template":"","meta":{"site-sidebar-layout":"default","site-content-layout":null,"ast-site-content-layout":"default","site-content-style":"default","site-sidebar-style":"default","ast-global-header-display":"","ast-banner-title-visibility":"","ast-main-header-display":"","ast-hfb-above-header-display":"","ast-hfb-below-header-display":"","ast-hfb-mobile-header-display":"","site-post-title":"","ast-breadcrumbs-content":null,"ast-featured-img":"","footer-sml-layout":"","ast-disable-related-posts":"","theme-transparent-header-meta":"default","adv-header-id-meta":"","stick-header-meta":"default","header-above-stick-meta":null,"header-main-stick-meta":"","header-below-stick-meta":null,"astra-migrate-meta-layouts":"default","ast-page-background-enabled":"default","ast-page-background-meta":{"desktop":{"background-color":"","background-image":"","background-repeat":"repeat","background-position":"center center","background-size":"auto","background-attachment":"scroll","background-type":"","background-media":"","overlay-type":"","overlay-color":"","overlay-opacity":"","overlay-gradient":""},"tablet":{"background-color":"","background-image":"","background-repeat":"repeat","background-position":"center center","background-size":"auto","background-attachment":"scroll","background-type":"","background-media":"","overlay-type":"","overlay-color":"","overlay-opacity":"","overlay-gradient":""},"mobile":{"background-color":"","background-image":"","background-repeat":"repeat","background-position":"center center","background-size":"auto","background-attachment":"scroll","background-type":"","background-media":"","overlay-type":"","overlay-color":"","overlay-opacity":"","overlay-gradient":""}},"ast-content-background-meta":{"desktop":{"background-color":"var(--ast-global-color-5)","background-image":"","background-repeat":"repeat","background-position":"center center","background-size":"auto","background-attachment":"scroll","background-type":"","background-media":"","overlay-type":"","overlay-color":"","overlay-opacity":"","overlay-gradient":""},"tablet":{"background-color":"var(--ast-global-color-5)","background-image":"","background-repeat":"repeat","background-position":"center center","background-size":"auto","background-attachment":"scroll","background-type":"","background-media":"","overlay-type":"","overlay-color":"","overlay-opacity":"","overlay-gradient":""},"mobile":{"background-color":"var(--ast-global-color-5)","background-image":"","background-repeat":"repeat","background-position":"center center","background-size":"auto","background-attachment":"scroll","background-type":"","background-media":"","overlay-type":"","overlay-color":"","overlay-opacity":"","overlay-gradient":""}}},"categories":[4],"tags":[],"class_list":["post-7165","archive","type-archive","status-publish","has-post-thumbnail","hentry","category-actualites"],"yoast_head":"<!-- This site is optimized with the Yoast SEO plugin v27.5 - https:\/\/yoast.com\/product\/yoast-seo-wordpress\/ -->\n<title>FESTIVAL FUTURS POSSIBLES 2023 : Devenez b\u00e9n\u00e9vole ! - Ch\u00e2teau de Goutelas<\/title>\n<meta name=\"robots\" content=\"index, follow, max-snippet:-1, max-image-preview:large, max-video-preview:-1\" \/>\n<link rel=\"canonical\" href=\"https:\/\/www.chateaudegoutelas.fr\/en\/archive\/festival-futurs-possibles-2023-devenez-benevole\/\" \/>\n<meta property=\"og:locale\" content=\"en_GB\" \/>\n<meta property=\"og:type\" content=\"article\" \/>\n<meta property=\"og:title\" content=\"FESTIVAL FUTURS POSSIBLES 2023 : Devenez b\u00e9n\u00e9vole ! - Ch\u00e2teau de Goutelas\" \/>\n<meta property=\"og:description\" content=\"DEVENEZ B\u00c9N\u00c9VOLE POUR LE FESTIVAL FUTURS POSSIBLES ! Futurs possibles, c\u2019est le festival \u00e9cologique du Ch\u00e2teau de Goutelas (Marcoux \u2013 42). Du 8 au 11 juin 2023, le ch\u00e2teau se transforme et devient le lieu o\u00f9 s\u2019imagine un avenir souhaitable et solidaire : conf\u00e9rences, ateliers, expositions, cin\u00e9 en plein air, grands repas partag\u00e9s, librairie\u2026 Cette [&hellip;]\" \/>\n<meta property=\"og:url\" content=\"https:\/\/www.chateaudegoutelas.fr\/en\/archive\/festival-futurs-possibles-2023-devenez-benevole\/\" \/>\n<meta property=\"og:site_name\" content=\"Ch\u00e2teau de Goutelas\" \/>\n<meta property=\"article:modified_time\" content=\"2023-09-12T12:09:51+00:00\" \/>\n<meta property=\"og:image\" content=\"https:\/\/www.chateaudegoutelas.fr\/wp-content\/uploads\/2023\/04\/devenez-benevole-chateau-de-goutelas.jpg\" \/>\n\t<meta property=\"og:image:width\" content=\"2048\" \/>\n\t<meta property=\"og:image:height\" content=\"1305\" \/>\n\t<meta property=\"og:image:type\" content=\"image\/jpeg\" \/>\n<meta name=\"twitter:card\" content=\"summary_large_image\" \/>\n<meta name=\"twitter:label1\" content=\"Estimated reading time\" \/>\n\t<meta name=\"twitter:data1\" content=\"1 minute\" \/>\n<script type=\"application\/ld+json\" class=\"yoast-schema-graph\">{\"@context\":\"https:\\\/\\\/schema.org\",\"@graph\":[{\"@type\":\"WebPage\",\"@id\":\"https:\\\/\\\/www.chateaudegoutelas.fr\\\/archive\\\/festival-futurs-possibles-2023-devenez-benevole\\\/\",\"url\":\"https:\\\/\\\/www.chateaudegoutelas.fr\\\/archive\\\/festival-futurs-possibles-2023-devenez-benevole\\\/\",\"name\":\"FESTIVAL FUTURS POSSIBLES 2023 : Devenez b\u00e9n\u00e9vole ! - Ch\u00e2teau de Goutelas\",\"isPartOf\":{\"@id\":\"https:\\\/\\\/www.chateaudegoutelas.fr\\\/#website\"},\"primaryImageOfPage\":{\"@id\":\"https:\\\/\\\/www.chateaudegoutelas.fr\\\/archive\\\/festival-futurs-possibles-2023-devenez-benevole\\\/#primaryimage\"},\"image\":{\"@id\":\"https:\\\/\\\/www.chateaudegoutelas.fr\\\/archive\\\/festival-futurs-possibles-2023-devenez-benevole\\\/#primaryimage\"},\"thumbnailUrl\":\"https:\\\/\\\/www.chateaudegoutelas.fr\\\/wp-content\\\/uploads\\\/2023\\\/04\\\/devenez-benevole-chateau-de-goutelas.jpg\",\"datePublished\":\"2023-06-01T13:46:09+00:00\",\"dateModified\":\"2023-09-12T12:09:51+00:00\",\"breadcrumb\":{\"@id\":\"https:\\\/\\\/www.chateaudegoutelas.fr\\\/archive\\\/festival-futurs-possibles-2023-devenez-benevole\\\/#breadcrumb\"},\"inLanguage\":\"en-GB\",\"potentialAction\":[{\"@type\":\"ReadAction\",\"target\":[\"https:\\\/\\\/www.chateaudegoutelas.fr\\\/archive\\\/festival-futurs-possibles-2023-devenez-benevole\\\/\"]}]},{\"@type\":\"ImageObject\",\"inLanguage\":\"en-GB\",\"@id\":\"https:\\\/\\\/www.chateaudegoutelas.fr\\\/archive\\\/festival-futurs-possibles-2023-devenez-benevole\\\/#primaryimage\",\"url\":\"https:\\\/\\\/www.chateaudegoutelas.fr\\\/wp-content\\\/uploads\\\/2023\\\/04\\\/devenez-benevole-chateau-de-goutelas.jpg\",\"contentUrl\":\"https:\\\/\\\/www.chateaudegoutelas.fr\\\/wp-content\\\/uploads\\\/2023\\\/04\\\/devenez-benevole-chateau-de-goutelas.jpg\",\"width\":2048,\"height\":1305},{\"@type\":\"BreadcrumbList\",\"@id\":\"https:\\\/\\\/www.chateaudegoutelas.fr\\\/archive\\\/festival-futurs-possibles-2023-devenez-benevole\\\/#breadcrumb\",\"itemListElement\":[{\"@type\":\"ListItem\",\"position\":1,\"name\":\"Accueil\",\"item\":\"https:\\\/\\\/www.chateaudegoutelas.fr\\\/\"},{\"@type\":\"ListItem\",\"position\":2,\"name\":\"FESTIVAL FUTURS POSSIBLES 2023 : Devenez b\u00e9n\u00e9vole !\"}]},{\"@type\":\"WebSite\",\"@id\":\"https:\\\/\\\/www.chateaudegoutelas.fr\\\/#website\",\"url\":\"https:\\\/\\\/www.chateaudegoutelas.fr\\\/\",\"name\":\"Ch\u00e2teau de Goutelas\",\"description\":\"Un centre culturel de rencontre en Forez\",\"publisher\":{\"@id\":\"https:\\\/\\\/www.chateaudegoutelas.fr\\\/#organization\"},\"potentialAction\":[{\"@type\":\"SearchAction\",\"target\":{\"@type\":\"EntryPoint\",\"urlTemplate\":\"https:\\\/\\\/www.chateaudegoutelas.fr\\\/?s={search_term_string}\"},\"query-input\":{\"@type\":\"PropertyValueSpecification\",\"valueRequired\":true,\"valueName\":\"search_term_string\"}}],\"inLanguage\":\"en-GB\"},{\"@type\":\"Organization\",\"@id\":\"https:\\\/\\\/www.chateaudegoutelas.fr\\\/#organization\",\"name\":\"Ch\u00e2teau de Goutelas\",\"url\":\"https:\\\/\\\/www.chateaudegoutelas.fr\\\/\",\"logo\":{\"@type\":\"ImageObject\",\"inLanguage\":\"en-GB\",\"@id\":\"https:\\\/\\\/www.chateaudegoutelas.fr\\\/#\\\/schema\\\/logo\\\/image\\\/\",\"url\":\"https:\\\/\\\/www.chateaudegoutelas.fr\\\/wp-content\\\/uploads\\\/2023\\\/05\\\/logo-chateau-goutelas-bleu.png\",\"contentUrl\":\"https:\\\/\\\/www.chateaudegoutelas.fr\\\/wp-content\\\/uploads\\\/2023\\\/05\\\/logo-chateau-goutelas-bleu.png\",\"width\":1123,\"height\":327,\"caption\":\"Ch\u00e2teau de Goutelas\"},\"image\":{\"@id\":\"https:\\\/\\\/www.chateaudegoutelas.fr\\\/#\\\/schema\\\/logo\\\/image\\\/\"}}]}<\/script>\n<!-- \/ Yoast SEO plugin. -->","yoast_head_json":{"title":"FESTIVAL FUTURS POSSIBLES 2023 : Devenez b\u00e9n\u00e9vole ! - Ch\u00e2teau de Goutelas","robots":{"index":"index","follow":"follow","max-snippet":"max-snippet:-1","max-image-preview":"max-image-preview:large","max-video-preview":"max-video-preview:-1"},"canonical":"https:\/\/www.chateaudegoutelas.fr\/en\/archive\/festival-futurs-possibles-2023-devenez-benevole\/","og_locale":"en_GB","og_type":"article","og_title":"FESTIVAL FUTURS POSSIBLES 2023 : Devenez b\u00e9n\u00e9vole ! - Ch\u00e2teau de Goutelas","og_description":"DEVENEZ B\u00c9N\u00c9VOLE POUR LE FESTIVAL FUTURS POSSIBLES ! Futurs possibles, c\u2019est le festival \u00e9cologique du Ch\u00e2teau de Goutelas (Marcoux \u2013 42). Du 8 au 11 juin 2023, le ch\u00e2teau se transforme et devient le lieu o\u00f9 s\u2019imagine un avenir souhaitable et solidaire : conf\u00e9rences, ateliers, expositions, cin\u00e9 en plein air, grands repas partag\u00e9s, librairie\u2026 Cette [&hellip;]","og_url":"https:\/\/www.chateaudegoutelas.fr\/en\/archive\/festival-futurs-possibles-2023-devenez-benevole\/","og_site_name":"Ch\u00e2teau de Goutelas","article_modified_time":"2023-09-12T12:09:51+00:00","og_image":[{"width":2048,"height":1305,"url":"https:\/\/www.chateaudegoutelas.fr\/wp-content\/uploads\/2023\/04\/devenez-benevole-chateau-de-goutelas.jpg","type":"image\/jpeg"}],"twitter_card":"summary_large_image","twitter_misc":{"Estimated reading time":"1 minute"},"schema":{"@context":"https:\/\/schema.org","@graph":[{"@type":"WebPage","@id":"https:\/\/www.chateaudegoutelas.fr\/archive\/festival-futurs-possibles-2023-devenez-benevole\/","url":"https:\/\/www.chateaudegoutelas.fr\/archive\/festival-futurs-possibles-2023-devenez-benevole\/","name":"FESTIVAL FUTURS POSSIBLES 2023 : Devenez b\u00e9n\u00e9vole ! - Ch\u00e2teau de Goutelas","isPartOf":{"@id":"https:\/\/www.chateaudegoutelas.fr\/#website"},"primaryImageOfPage":{"@id":"https:\/\/www.chateaudegoutelas.fr\/archive\/festival-futurs-possibles-2023-devenez-benevole\/#primaryimage"},"image":{"@id":"https:\/\/www.chateaudegoutelas.fr\/archive\/festival-futurs-possibles-2023-devenez-benevole\/#primaryimage"},"thumbnailUrl":"https:\/\/www.chateaudegoutelas.fr\/wp-content\/uploads\/2023\/04\/devenez-benevole-chateau-de-goutelas.jpg","datePublished":"2023-06-01T13:46:09+00:00","dateModified":"2023-09-12T12:09:51+00:00","breadcrumb":{"@id":"https:\/\/www.chateaudegoutelas.fr\/archive\/festival-futurs-possibles-2023-devenez-benevole\/#breadcrumb"},"inLanguage":"en-GB","potentialAction":[{"@type":"ReadAction","target":["https:\/\/www.chateaudegoutelas.fr\/archive\/festival-futurs-possibles-2023-devenez-benevole\/"]}]},{"@type":"ImageObject","inLanguage":"en-GB","@id":"https:\/\/www.chateaudegoutelas.fr\/archive\/festival-futurs-possibles-2023-devenez-benevole\/#primaryimage","url":"https:\/\/www.chateaudegoutelas.fr\/wp-content\/uploads\/2023\/04\/devenez-benevole-chateau-de-goutelas.jpg","contentUrl":"https:\/\/www.chateaudegoutelas.fr\/wp-content\/uploads\/2023\/04\/devenez-benevole-chateau-de-goutelas.jpg","width":2048,"height":1305},{"@type":"BreadcrumbList","@id":"https:\/\/www.chateaudegoutelas.fr\/archive\/festival-futurs-possibles-2023-devenez-benevole\/#breadcrumb","itemListElement":[{"@type":"ListItem","position":1,"name":"Accueil","item":"https:\/\/www.chateaudegoutelas.fr\/"},{"@type":"ListItem","position":2,"name":"FESTIVAL FUTURS POSSIBLES 2023 : Devenez b\u00e9n\u00e9vole !"}]},{"@type":"WebSite","@id":"https:\/\/www.chateaudegoutelas.fr\/#website","url":"https:\/\/www.chateaudegoutelas.fr\/","name":"Ch\u00e2teau de Goutelas","description":"Un centre culturel de rencontre en Forez","publisher":{"@id":"https:\/\/www.chateaudegoutelas.fr\/#organization"},"potentialAction":[{"@type":"SearchAction","target":{"@type":"EntryPoint","urlTemplate":"https:\/\/www.chateaudegoutelas.fr\/?s={search_term_string}"},"query-input":{"@type":"PropertyValueSpecification","valueRequired":true,"valueName":"search_term_string"}}],"inLanguage":"en-GB"},{"@type":"Organization","@id":"https:\/\/www.chateaudegoutelas.fr\/#organization","name":"Ch\u00e2teau de Goutelas","url":"https:\/\/www.chateaudegoutelas.fr\/","logo":{"@type":"ImageObject","inLanguage":"en-GB","@id":"https:\/\/www.chateaudegoutelas.fr\/#\/schema\/logo\/image\/","url":"https:\/\/www.chateaudegoutelas.fr\/wp-content\/uploads\/2023\/05\/logo-chateau-goutelas-bleu.png","contentUrl":"https:\/\/www.chateaudegoutelas.fr\/wp-content\/uploads\/2023\/05\/logo-chateau-goutelas-bleu.png","width":1123,"height":327,"caption":"Ch\u00e2teau de Goutelas"},"image":{"@id":"https:\/\/www.chateaudegoutelas.fr\/#\/schema\/logo\/image\/"}}]}},"_links":{"self":[{"href":"http:\/\/www.chateaudegoutelas.fr\/en\/wp-json\/wp\/v2\/archive\/7165","targetHints":{"allow":["GET"]}}],"collection":[{"href":"http:\/\/www.chateaudegoutelas.fr\/en\/wp-json\/wp\/v2\/archive"}],"about":[{"href":"http:\/\/www.chateaudegoutelas.fr\/en\/wp-json\/wp\/v2\/types\/archive"}],"author":[{"embeddable":true,"href":"http:\/\/www.chateaudegoutelas.fr\/en\/wp-json\/wp\/v2\/users\/8"}],"wp:featuredmedia":[{"embeddable":true,"href":"http:\/\/www.chateaudegoutelas.fr\/en\/wp-json\/wp\/v2\/media\/6157"}],"wp:attachment":[{"href":"http:\/\/www.chateaudegoutelas.fr\/en\/wp-json\/wp\/v2\/media?parent=7165"}],"wp:term":[{"taxonomy":"category","embeddable":true,"href":"http:\/\/www.chateaudegoutelas.fr\/en\/wp-json\/wp\/v2\/categories?post=7165"},{"taxonomy":"post_tag","embeddable":true,"href":"http:\/\/www.chateaudegoutelas.fr\/en\/wp-json\/wp\/v2\/tags?post=7165"}],"curies":[{"name":"wp","href":"https:\/\/api.w.org\/{rel}","templated":true}]}}