{"id":4764,"date":"2022-10-19T11:11:40","date_gmt":"2022-10-19T09:11:40","guid":{"rendered":"https:\/\/www.chateaudegoutelas.fr\/?p=4764"},"modified":"2023-05-26T09:53:02","modified_gmt":"2023-05-26T07:53:02","slug":"vendredi-27-01-concert-xavier-machault-et-morgane-carnet","status":"publish","type":"archive","link":"http:\/\/www.chateaudegoutelas.fr\/en\/archive\/vendredi-27-01-concert-xavier-machault-et-morgane-carnet\/","title":{"rendered":"VENDREDI 27\/01 &#8211; CONCERT : Xavier Machault et Morgane Carnet"},"content":{"rendered":"<div class=\"shmMigrate\"><\/div>\n<div class=\"shmMigrate\"><\/div>\n<div class=\"shmMigrate\"><\/div>\n<div class=\"shmMigrate\"><\/div>\n<h4><span style=\"font-weight: 400;\">Vendredi 27 janvier<\/span><\/h4>\n<h4><span style=\"font-weight: 400;\">19h30<\/span><\/h4>\n<div class=\"shmMigrate\"><\/div>\n<div class=\"shmMigrate\"><\/div>\n<div class=\"shmMigrate\"><\/div>\n<h4>Festival Poly&rsquo;sons<\/h4>\n<p><strong>Concert immersif<\/strong><\/p>\n<p>&nbsp;<\/p>\n<p>Installez-vous confortablement pour une exp\u00e9rience immersive : une chaise longue et un casque audio vous attendent. Le chanteur et com\u00e9dien Xavier Machault et la saxophoniste Morgane Carnet croisent leurs timbres sur la po\u00e9sie de la grande autrice auvergnate C\u00e9cile Coulon. La soir\u00e9e se prolonge par un d\u00eener au ch\u00e2teau.<\/p>\n<p>&nbsp;<\/p>\n<p><em>Xavier Machault : lecteur \/ chanteur<\/em><\/p>\n<p><em>Morgane Carnet : saxophoniste<\/em><\/p>\n<p>Johan Caball\u00e9 : son<\/p>\n<div class=\"shmMigrate\"><\/div>\n<div class=\"shmMigrate\"><\/div>\n<div class=\"shmMigrate\"><\/div>\n<p><strong>Tarif avec repas : de 5\u20ac (- de 10 ans) \u00e0 21\u20ac<\/strong><\/p>\n<p><strong>Sur r\u00e9servation aupr\u00e8s du Th\u00e9\u00e2tre des P\u00e9nitents<\/strong><\/p>\n<div class=\"shmMigrate\"><\/div>\n<div class=\"shmMigrate\"><\/div>\n<div class=\"shmMigrate\"><\/div>\n<div class=\"shmMigrate\"><\/div>\n<p><strong>En partenariat avec le <a href=\"https:\/\/www.theatredespenitents.fr\/\">Th\u00e9\u00e2tre des P\u00e9nitents &#8211; Ville de Montbrison<\/a> dans le cadre du festival Poly&rsquo;sons<\/strong><\/p>\n<div class=\"shmMigrate\"><\/div>\n<div class=\"shmMigrate\"><\/div>\n<div class=\"shmMigrate\"><\/div>\n<p>Photos \u00a9 Jeff Humbert \/ Thibault Lef\u00e9bure<\/p>\n<div class=\"shmMigrate\"><\/div>\n<div class=\"shmMigrate\"><\/div>\n<div class=\"shmMigrate\"><\/div>\n<div class=\"shmMigrate\"><\/div>","protected":false},"author":7,"featured_media":4797,"template":"","meta":{"site-sidebar-layout":"default","site-content-layout":"","ast-site-content-layout":"default","site-content-style":"default","site-sidebar-style":"default","ast-global-header-display":"","ast-banner-title-visibility":"","ast-main-header-display":"","ast-hfb-above-header-display":"","ast-hfb-below-header-display":"","ast-hfb-mobile-header-display":"","site-post-title":"","ast-breadcrumbs-content":null,"ast-featured-img":"","footer-sml-layout":"","ast-disable-related-posts":"","theme-transparent-header-meta":"","adv-header-id-meta":"","stick-header-meta":"","header-above-stick-meta":null,"header-main-stick-meta":"","header-below-stick-meta":null,"astra-migrate-meta-layouts":"default","ast-page-background-enabled":"default","ast-page-background-meta":{"desktop":{"background-color":"","background-image":"","background-repeat":"repeat","background-position":"center center","background-size":"auto","background-attachment":"scroll","background-type":"","background-media":"","overlay-type":"","overlay-color":"","overlay-opacity":"","overlay-gradient":""},"tablet":{"background-color":"","background-image":"","background-repeat":"repeat","background-position":"center center","background-size":"auto","background-attachment":"scroll","background-type":"","background-media":"","overlay-type":"","overlay-color":"","overlay-opacity":"","overlay-gradient":""},"mobile":{"background-color":"","background-image":"","background-repeat":"repeat","background-position":"center center","background-size":"auto","background-attachment":"scroll","background-type":"","background-media":"","overlay-type":"","overlay-color":"","overlay-opacity":"","overlay-gradient":""}},"ast-content-background-meta":{"desktop":{"background-color":"var(--ast-global-color-5)","background-image":"","background-repeat":"repeat","background-position":"center center","background-size":"auto","background-attachment":"scroll","background-type":"","background-media":"","overlay-type":"","overlay-color":"","overlay-opacity":"","overlay-gradient":""},"tablet":{"background-color":"var(--ast-global-color-5)","background-image":"","background-repeat":"repeat","background-position":"center center","background-size":"auto","background-attachment":"scroll","background-type":"","background-media":"","overlay-type":"","overlay-color":"","overlay-opacity":"","overlay-gradient":""},"mobile":{"background-color":"var(--ast-global-color-5)","background-image":"","background-repeat":"repeat","background-position":"center center","background-size":"auto","background-attachment":"scroll","background-type":"","background-media":"","overlay-type":"","overlay-color":"","overlay-opacity":"","overlay-gradient":""}}},"categories":[4,5],"tags":[],"class_list":["post-4764","archive","type-archive","status-publish","has-post-thumbnail","hentry","category-actualites","category-calendrier"],"yoast_head":"<!-- This site is optimized with the Yoast SEO plugin v27.5 - https:\/\/yoast.com\/product\/yoast-seo-wordpress\/ -->\n<title>VENDREDI 27\/01 - CONCERT : Xavier Machault et Morgane Carnet - Ch\u00e2teau de Goutelas<\/title>\n<meta name=\"robots\" content=\"index, follow, max-snippet:-1, max-image-preview:large, max-video-preview:-1\" \/>\n<link rel=\"canonical\" href=\"https:\/\/www.chateaudegoutelas.fr\/en\/archive\/vendredi-27-01-concert-xavier-machault-et-morgane-carnet\/\" \/>\n<meta property=\"og:locale\" content=\"en_GB\" \/>\n<meta property=\"og:type\" content=\"article\" \/>\n<meta property=\"og:title\" content=\"VENDREDI 27\/01 - CONCERT : Xavier Machault et Morgane Carnet - Ch\u00e2teau de Goutelas\" \/>\n<meta property=\"og:description\" content=\"Vendredi 27 janvier 19h30 Festival Poly&rsquo;sons Concert immersif &nbsp; Installez-vous confortablement pour une exp\u00e9rience immersive : une chaise longue et un casque audio vous attendent. Le chanteur et com\u00e9dien Xavier Machault et la saxophoniste Morgane Carnet croisent leurs timbres sur la po\u00e9sie de la grande autrice auvergnate C\u00e9cile Coulon. La soir\u00e9e se prolonge par un [&hellip;]\" \/>\n<meta property=\"og:url\" content=\"https:\/\/www.chateaudegoutelas.fr\/en\/archive\/vendredi-27-01-concert-xavier-machault-et-morgane-carnet\/\" \/>\n<meta property=\"og:site_name\" content=\"Ch\u00e2teau de Goutelas\" \/>\n<meta property=\"article:modified_time\" content=\"2023-05-26T07:53:02+00:00\" \/>\n<meta property=\"og:image\" content=\"https:\/\/www.chateaudegoutelas.fr\/wp-content\/uploads\/2022\/10\/polysons23.jpg\" \/>\n\t<meta property=\"og:image:width\" content=\"1080\" \/>\n\t<meta property=\"og:image:height\" content=\"1080\" \/>\n\t<meta property=\"og:image:type\" content=\"image\/jpeg\" \/>\n<meta name=\"twitter:card\" content=\"summary_large_image\" \/>\n<meta name=\"twitter:label1\" content=\"Estimated reading time\" \/>\n\t<meta name=\"twitter:data1\" content=\"1 minute\" \/>\n<script type=\"application\/ld+json\" class=\"yoast-schema-graph\">{\"@context\":\"https:\\\/\\\/schema.org\",\"@graph\":[{\"@type\":\"WebPage\",\"@id\":\"https:\\\/\\\/www.chateaudegoutelas.fr\\\/archive\\\/vendredi-27-01-concert-xavier-machault-et-morgane-carnet\\\/\",\"url\":\"https:\\\/\\\/www.chateaudegoutelas.fr\\\/archive\\\/vendredi-27-01-concert-xavier-machault-et-morgane-carnet\\\/\",\"name\":\"VENDREDI 27\\\/01 - CONCERT : Xavier Machault et Morgane Carnet - Ch\u00e2teau de Goutelas\",\"isPartOf\":{\"@id\":\"https:\\\/\\\/www.chateaudegoutelas.fr\\\/#website\"},\"primaryImageOfPage\":{\"@id\":\"https:\\\/\\\/www.chateaudegoutelas.fr\\\/archive\\\/vendredi-27-01-concert-xavier-machault-et-morgane-carnet\\\/#primaryimage\"},\"image\":{\"@id\":\"https:\\\/\\\/www.chateaudegoutelas.fr\\\/archive\\\/vendredi-27-01-concert-xavier-machault-et-morgane-carnet\\\/#primaryimage\"},\"thumbnailUrl\":\"https:\\\/\\\/www.chateaudegoutelas.fr\\\/wp-content\\\/uploads\\\/2022\\\/10\\\/polysons23.jpg\",\"datePublished\":\"2022-10-19T09:11:40+00:00\",\"dateModified\":\"2023-05-26T07:53:02+00:00\",\"breadcrumb\":{\"@id\":\"https:\\\/\\\/www.chateaudegoutelas.fr\\\/archive\\\/vendredi-27-01-concert-xavier-machault-et-morgane-carnet\\\/#breadcrumb\"},\"inLanguage\":\"en-GB\",\"potentialAction\":[{\"@type\":\"ReadAction\",\"target\":[\"https:\\\/\\\/www.chateaudegoutelas.fr\\\/archive\\\/vendredi-27-01-concert-xavier-machault-et-morgane-carnet\\\/\"]}]},{\"@type\":\"ImageObject\",\"inLanguage\":\"en-GB\",\"@id\":\"https:\\\/\\\/www.chateaudegoutelas.fr\\\/archive\\\/vendredi-27-01-concert-xavier-machault-et-morgane-carnet\\\/#primaryimage\",\"url\":\"https:\\\/\\\/www.chateaudegoutelas.fr\\\/wp-content\\\/uploads\\\/2022\\\/10\\\/polysons23.jpg\",\"contentUrl\":\"https:\\\/\\\/www.chateaudegoutelas.fr\\\/wp-content\\\/uploads\\\/2022\\\/10\\\/polysons23.jpg\",\"width\":1080,\"height\":1080},{\"@type\":\"BreadcrumbList\",\"@id\":\"https:\\\/\\\/www.chateaudegoutelas.fr\\\/archive\\\/vendredi-27-01-concert-xavier-machault-et-morgane-carnet\\\/#breadcrumb\",\"itemListElement\":[{\"@type\":\"ListItem\",\"position\":1,\"name\":\"Accueil\",\"item\":\"https:\\\/\\\/www.chateaudegoutelas.fr\\\/\"},{\"@type\":\"ListItem\",\"position\":2,\"name\":\"VENDREDI 27\\\/01 &#8211; CONCERT : Xavier Machault et Morgane Carnet\"}]},{\"@type\":\"WebSite\",\"@id\":\"https:\\\/\\\/www.chateaudegoutelas.fr\\\/#website\",\"url\":\"https:\\\/\\\/www.chateaudegoutelas.fr\\\/\",\"name\":\"Ch\u00e2teau de Goutelas\",\"description\":\"Un centre culturel de rencontre en Forez\",\"publisher\":{\"@id\":\"https:\\\/\\\/www.chateaudegoutelas.fr\\\/#organization\"},\"potentialAction\":[{\"@type\":\"SearchAction\",\"target\":{\"@type\":\"EntryPoint\",\"urlTemplate\":\"https:\\\/\\\/www.chateaudegoutelas.fr\\\/?s={search_term_string}\"},\"query-input\":{\"@type\":\"PropertyValueSpecification\",\"valueRequired\":true,\"valueName\":\"search_term_string\"}}],\"inLanguage\":\"en-GB\"},{\"@type\":\"Organization\",\"@id\":\"https:\\\/\\\/www.chateaudegoutelas.fr\\\/#organization\",\"name\":\"Ch\u00e2teau de Goutelas\",\"url\":\"https:\\\/\\\/www.chateaudegoutelas.fr\\\/\",\"logo\":{\"@type\":\"ImageObject\",\"inLanguage\":\"en-GB\",\"@id\":\"https:\\\/\\\/www.chateaudegoutelas.fr\\\/#\\\/schema\\\/logo\\\/image\\\/\",\"url\":\"https:\\\/\\\/www.chateaudegoutelas.fr\\\/wp-content\\\/uploads\\\/2023\\\/05\\\/logo-chateau-goutelas-bleu.png\",\"contentUrl\":\"https:\\\/\\\/www.chateaudegoutelas.fr\\\/wp-content\\\/uploads\\\/2023\\\/05\\\/logo-chateau-goutelas-bleu.png\",\"width\":1123,\"height\":327,\"caption\":\"Ch\u00e2teau de Goutelas\"},\"image\":{\"@id\":\"https:\\\/\\\/www.chateaudegoutelas.fr\\\/#\\\/schema\\\/logo\\\/image\\\/\"}}]}<\/script>\n<!-- \/ Yoast SEO plugin. -->","yoast_head_json":{"title":"VENDREDI 27\/01 - CONCERT : Xavier Machault et Morgane Carnet - Ch\u00e2teau de Goutelas","robots":{"index":"index","follow":"follow","max-snippet":"max-snippet:-1","max-image-preview":"max-image-preview:large","max-video-preview":"max-video-preview:-1"},"canonical":"https:\/\/www.chateaudegoutelas.fr\/en\/archive\/vendredi-27-01-concert-xavier-machault-et-morgane-carnet\/","og_locale":"en_GB","og_type":"article","og_title":"VENDREDI 27\/01 - CONCERT : Xavier Machault et Morgane Carnet - Ch\u00e2teau de Goutelas","og_description":"Vendredi 27 janvier 19h30 Festival Poly&rsquo;sons Concert immersif &nbsp; Installez-vous confortablement pour une exp\u00e9rience immersive : une chaise longue et un casque audio vous attendent. Le chanteur et com\u00e9dien Xavier Machault et la saxophoniste Morgane Carnet croisent leurs timbres sur la po\u00e9sie de la grande autrice auvergnate C\u00e9cile Coulon. La soir\u00e9e se prolonge par un [&hellip;]","og_url":"https:\/\/www.chateaudegoutelas.fr\/en\/archive\/vendredi-27-01-concert-xavier-machault-et-morgane-carnet\/","og_site_name":"Ch\u00e2teau de Goutelas","article_modified_time":"2023-05-26T07:53:02+00:00","og_image":[{"width":1080,"height":1080,"url":"https:\/\/www.chateaudegoutelas.fr\/wp-content\/uploads\/2022\/10\/polysons23.jpg","type":"image\/jpeg"}],"twitter_card":"summary_large_image","twitter_misc":{"Estimated reading time":"1 minute"},"schema":{"@context":"https:\/\/schema.org","@graph":[{"@type":"WebPage","@id":"https:\/\/www.chateaudegoutelas.fr\/archive\/vendredi-27-01-concert-xavier-machault-et-morgane-carnet\/","url":"https:\/\/www.chateaudegoutelas.fr\/archive\/vendredi-27-01-concert-xavier-machault-et-morgane-carnet\/","name":"VENDREDI 27\/01 - CONCERT : Xavier Machault et Morgane Carnet - Ch\u00e2teau de Goutelas","isPartOf":{"@id":"https:\/\/www.chateaudegoutelas.fr\/#website"},"primaryImageOfPage":{"@id":"https:\/\/www.chateaudegoutelas.fr\/archive\/vendredi-27-01-concert-xavier-machault-et-morgane-carnet\/#primaryimage"},"image":{"@id":"https:\/\/www.chateaudegoutelas.fr\/archive\/vendredi-27-01-concert-xavier-machault-et-morgane-carnet\/#primaryimage"},"thumbnailUrl":"https:\/\/www.chateaudegoutelas.fr\/wp-content\/uploads\/2022\/10\/polysons23.jpg","datePublished":"2022-10-19T09:11:40+00:00","dateModified":"2023-05-26T07:53:02+00:00","breadcrumb":{"@id":"https:\/\/www.chateaudegoutelas.fr\/archive\/vendredi-27-01-concert-xavier-machault-et-morgane-carnet\/#breadcrumb"},"inLanguage":"en-GB","potentialAction":[{"@type":"ReadAction","target":["https:\/\/www.chateaudegoutelas.fr\/archive\/vendredi-27-01-concert-xavier-machault-et-morgane-carnet\/"]}]},{"@type":"ImageObject","inLanguage":"en-GB","@id":"https:\/\/www.chateaudegoutelas.fr\/archive\/vendredi-27-01-concert-xavier-machault-et-morgane-carnet\/#primaryimage","url":"https:\/\/www.chateaudegoutelas.fr\/wp-content\/uploads\/2022\/10\/polysons23.jpg","contentUrl":"https:\/\/www.chateaudegoutelas.fr\/wp-content\/uploads\/2022\/10\/polysons23.jpg","width":1080,"height":1080},{"@type":"BreadcrumbList","@id":"https:\/\/www.chateaudegoutelas.fr\/archive\/vendredi-27-01-concert-xavier-machault-et-morgane-carnet\/#breadcrumb","itemListElement":[{"@type":"ListItem","position":1,"name":"Accueil","item":"https:\/\/www.chateaudegoutelas.fr\/"},{"@type":"ListItem","position":2,"name":"VENDREDI 27\/01 &#8211; CONCERT : Xavier Machault et Morgane Carnet"}]},{"@type":"WebSite","@id":"https:\/\/www.chateaudegoutelas.fr\/#website","url":"https:\/\/www.chateaudegoutelas.fr\/","name":"Ch\u00e2teau de Goutelas","description":"Un centre culturel de rencontre en Forez","publisher":{"@id":"https:\/\/www.chateaudegoutelas.fr\/#organization"},"potentialAction":[{"@type":"SearchAction","target":{"@type":"EntryPoint","urlTemplate":"https:\/\/www.chateaudegoutelas.fr\/?s={search_term_string}"},"query-input":{"@type":"PropertyValueSpecification","valueRequired":true,"valueName":"search_term_string"}}],"inLanguage":"en-GB"},{"@type":"Organization","@id":"https:\/\/www.chateaudegoutelas.fr\/#organization","name":"Ch\u00e2teau de Goutelas","url":"https:\/\/www.chateaudegoutelas.fr\/","logo":{"@type":"ImageObject","inLanguage":"en-GB","@id":"https:\/\/www.chateaudegoutelas.fr\/#\/schema\/logo\/image\/","url":"https:\/\/www.chateaudegoutelas.fr\/wp-content\/uploads\/2023\/05\/logo-chateau-goutelas-bleu.png","contentUrl":"https:\/\/www.chateaudegoutelas.fr\/wp-content\/uploads\/2023\/05\/logo-chateau-goutelas-bleu.png","width":1123,"height":327,"caption":"Ch\u00e2teau de Goutelas"},"image":{"@id":"https:\/\/www.chateaudegoutelas.fr\/#\/schema\/logo\/image\/"}}]}},"_links":{"self":[{"href":"http:\/\/www.chateaudegoutelas.fr\/en\/wp-json\/wp\/v2\/archive\/4764","targetHints":{"allow":["GET"]}}],"collection":[{"href":"http:\/\/www.chateaudegoutelas.fr\/en\/wp-json\/wp\/v2\/archive"}],"about":[{"href":"http:\/\/www.chateaudegoutelas.fr\/en\/wp-json\/wp\/v2\/types\/archive"}],"author":[{"embeddable":true,"href":"http:\/\/www.chateaudegoutelas.fr\/en\/wp-json\/wp\/v2\/users\/7"}],"wp:featuredmedia":[{"embeddable":true,"href":"http:\/\/www.chateaudegoutelas.fr\/en\/wp-json\/wp\/v2\/media\/4797"}],"wp:attachment":[{"href":"http:\/\/www.chateaudegoutelas.fr\/en\/wp-json\/wp\/v2\/media?parent=4764"}],"wp:term":[{"taxonomy":"category","embeddable":true,"href":"http:\/\/www.chateaudegoutelas.fr\/en\/wp-json\/wp\/v2\/categories?post=4764"},{"taxonomy":"post_tag","embeddable":true,"href":"http:\/\/www.chateaudegoutelas.fr\/en\/wp-json\/wp\/v2\/tags?post=4764"}],"curies":[{"name":"wp","href":"https:\/\/api.w.org\/{rel}","templated":true}]}}