{"id":4570,"date":"2022-05-09T11:00:04","date_gmt":"2022-05-09T09:00:04","guid":{"rendered":"https:\/\/www.chateaudegoutelas.fr\/?p=4570"},"modified":"2023-05-26T09:53:21","modified_gmt":"2023-05-26T07:53:21","slug":"samedi-30-07-concert-panorama-joao-selva-au-chateau-du-rozier","status":"publish","type":"archive","link":"http:\/\/www.chateaudegoutelas.fr\/en\/archive\/samedi-30-07-concert-panorama-joao-selva-au-chateau-du-rozier\/","title":{"rendered":"SAMEDI 30\/07 &#8211; CONCERT PANORAMA : Jo\u00e3o Selva (au Ch\u00e2teau du Rozier)"},"content":{"rendered":"<div class=\"shmMigrate\"><\/div>\n<div class=\"shmMigrate\"><\/div>\n<div class=\"shmMigrate\"><\/div>\n<div class=\"shmMigrate\"><\/div>\n<h4><span style=\"font-weight: 400;\">Samedi 30 juillet<\/span><\/h4>\n<h4><span style=\"font-weight: 400;\">20h<\/span><\/h4>\n<h4>PANORAMA #4 au Ch\u00e2teau du Rozier (Feurs)<\/h4>\n<div class=\"shmMigrate\"><\/div>\n<div class=\"shmMigrate\"><\/div>\n<div class=\"shmMigrate\"><\/div>\n<p>Fils d\u2019un pasteur d\u2019Ipanema, le carioca\u00a0<strong>Jo\u00e3o Selva<\/strong>\u00a0a grandi dans une communaut\u00e9 d\u2019anciens prisonniers et d\u2019artistes convertis. C\u2019est sous le regard bienveillant de Wanda S\u00e1 \u2013 une des ic\u00f4nes de la bossa nova \u2013 qu\u2019enfant, il \u00e9gr\u00e8ne ses premi\u00e8res notes de guitare. Influenc\u00e9 par son p\u00e8re, m\u00e9lomane et collectionneur de disques en tout genre, il se plonge dans la pratique des musiques br\u00e9siliennes et \u00e0 l\u2019\u00e2ge de 18 ans d\u00e9bute une carri\u00e8re d\u2019artiste itin\u00e9rant qui le m\u00e8nera \u00e0 Lyon, bien des ann\u00e9es plus tard. Son nouveau projet, fruit d\u2019une collaboration avec le prolifique producteur Bruno Patchworks (Voilaaa, David Walters, The Bongo Hop), est une plong\u00e9e dans l\u2019univers tropicaliste des ann\u00e9es 70 qui m\u00eale samba, soul, disco et funk vintage. Son 2e album, Navegar, c\u00e9l\u00e8bre les musiques de l\u2019Atlantique Noir, navigant \u00e0 vue entre Nordeste, Cap Vert et Cara\u00efbes.<\/p>\n<div class=\"shmMigrate\"><\/div>\n<div class=\"shmMigrate\"><\/div>\n<div class=\"shmMigrate\"><\/div>\n<p><strong>Au Ch\u00e2teau du Rozier, 1 rue d&rsquo;Assier, Feurs<\/strong><\/p>\n<p><strong>En plein air &#8211; Gratuit<\/strong><\/p>\n<p><strong>&#x1f374; Restauration sur place avec <a class=\"in-cell-link\" href=\"https:\/\/www.facebook.com\/PierreCalogeroButera\/\" target=\"_blank\" rel=\"noopener\">Arancina Sicilia Street Food<\/a><\/strong><\/p>\n<p><strong>R\u00e9servation aupr\u00e8s du <a href=\"https:\/\/www.chateaudurozier.fr\/\">Ch\u00e2teau du Rozier<\/a><\/strong><\/p>\n<div class=\"shmMigrate\"><\/div>\n<div class=\"shmMigrate\"><\/div>\n<div class=\"shmMigrate\"><\/div>\n<div class=\"shmMigrate\"><\/div>\n<p><span style=\"font-weight: 400;\">Le Ch\u00e2teau de Goutelas et le Ch\u00e2teau du Rozier (Feurs) s\u2019associent pour vous proposer les soir\u00e9es-concerts Panorama, une programmation qui s&rsquo;ouvre \u00e0 180\u00b0 sur les paysages musicaux actuels.<\/span><\/p>\n<div class=\"shmMigrate\"><\/div>\n<div class=\"shmMigrate\"><\/div>\n<div class=\"shmMigrate\"><\/div>\n<p>Photo \u00a9 JP GIMENEZ<\/p>\n<div class=\"shmMigrate\"><\/div>\n<div class=\"shmMigrate\"><\/div>\n<div class=\"shmMigrate\"><\/div>\n<div class=\"shmMigrate\"><\/div>","protected":false},"author":7,"featured_media":4571,"template":"","meta":{"site-sidebar-layout":"default","site-content-layout":"","ast-site-content-layout":"default","site-content-style":"default","site-sidebar-style":"default","ast-global-header-display":"","ast-banner-title-visibility":"","ast-main-header-display":"","ast-hfb-above-header-display":"","ast-hfb-below-header-display":"","ast-hfb-mobile-header-display":"","site-post-title":"","ast-breadcrumbs-content":null,"ast-featured-img":"","footer-sml-layout":"","ast-disable-related-posts":"","theme-transparent-header-meta":"","adv-header-id-meta":"","stick-header-meta":"","header-above-stick-meta":null,"header-main-stick-meta":"","header-below-stick-meta":null,"astra-migrate-meta-layouts":"default","ast-page-background-enabled":"default","ast-page-background-meta":{"desktop":{"background-color":"","background-image":"","background-repeat":"repeat","background-position":"center center","background-size":"auto","background-attachment":"scroll","background-type":"","background-media":"","overlay-type":"","overlay-color":"","overlay-opacity":"","overlay-gradient":""},"tablet":{"background-color":"","background-image":"","background-repeat":"repeat","background-position":"center center","background-size":"auto","background-attachment":"scroll","background-type":"","background-media":"","overlay-type":"","overlay-color":"","overlay-opacity":"","overlay-gradient":""},"mobile":{"background-color":"","background-image":"","background-repeat":"repeat","background-position":"center center","background-size":"auto","background-attachment":"scroll","background-type":"","background-media":"","overlay-type":"","overlay-color":"","overlay-opacity":"","overlay-gradient":""}},"ast-content-background-meta":{"desktop":{"background-color":"var(--ast-global-color-5)","background-image":"","background-repeat":"repeat","background-position":"center center","background-size":"auto","background-attachment":"scroll","background-type":"","background-media":"","overlay-type":"","overlay-color":"","overlay-opacity":"","overlay-gradient":""},"tablet":{"background-color":"var(--ast-global-color-5)","background-image":"","background-repeat":"repeat","background-position":"center center","background-size":"auto","background-attachment":"scroll","background-type":"","background-media":"","overlay-type":"","overlay-color":"","overlay-opacity":"","overlay-gradient":""},"mobile":{"background-color":"var(--ast-global-color-5)","background-image":"","background-repeat":"repeat","background-position":"center center","background-size":"auto","background-attachment":"scroll","background-type":"","background-media":"","overlay-type":"","overlay-color":"","overlay-opacity":"","overlay-gradient":""}}},"categories":[4],"tags":[],"class_list":["post-4570","archive","type-archive","status-publish","has-post-thumbnail","hentry","category-actualites"],"yoast_head":"<!-- This site is optimized with the Yoast SEO plugin v27.5 - https:\/\/yoast.com\/product\/yoast-seo-wordpress\/ -->\n<title>SAMEDI 30\/07 - CONCERT PANORAMA : Jo\u00e3o Selva (au Ch\u00e2teau du Rozier) - Ch\u00e2teau de Goutelas<\/title>\n<meta name=\"robots\" content=\"index, follow, max-snippet:-1, max-image-preview:large, max-video-preview:-1\" \/>\n<link rel=\"canonical\" href=\"https:\/\/www.chateaudegoutelas.fr\/en\/archive\/samedi-30-07-concert-panorama-joao-selva-au-chateau-du-rozier\/\" \/>\n<meta property=\"og:locale\" content=\"en_GB\" \/>\n<meta property=\"og:type\" content=\"article\" \/>\n<meta property=\"og:title\" content=\"SAMEDI 30\/07 - CONCERT PANORAMA : Jo\u00e3o Selva (au Ch\u00e2teau du Rozier) - Ch\u00e2teau de Goutelas\" \/>\n<meta property=\"og:description\" content=\"Samedi 30 juillet 20h PANORAMA #4 au Ch\u00e2teau du Rozier (Feurs) Fils d\u2019un pasteur d\u2019Ipanema, le carioca\u00a0Jo\u00e3o Selva\u00a0a grandi dans une communaut\u00e9 d\u2019anciens prisonniers et d\u2019artistes convertis. C\u2019est sous le regard bienveillant de Wanda S\u00e1 \u2013 une des ic\u00f4nes de la bossa nova \u2013 qu\u2019enfant, il \u00e9gr\u00e8ne ses premi\u00e8res notes de guitare. Influenc\u00e9 par son [&hellip;]\" \/>\n<meta property=\"og:url\" content=\"https:\/\/www.chateaudegoutelas.fr\/en\/archive\/samedi-30-07-concert-panorama-joao-selva-au-chateau-du-rozier\/\" \/>\n<meta property=\"og:site_name\" content=\"Ch\u00e2teau de Goutelas\" \/>\n<meta property=\"article:modified_time\" content=\"2023-05-26T07:53:21+00:00\" \/>\n<meta property=\"og:image\" content=\"https:\/\/www.chateaudegoutelas.fr\/wp-content\/uploads\/2022\/06\/joao-selva-hlm-scaled.jpg\" \/>\n\t<meta property=\"og:image:width\" content=\"2560\" \/>\n\t<meta property=\"og:image:height\" content=\"1440\" \/>\n\t<meta property=\"og:image:type\" content=\"image\/jpeg\" \/>\n<meta name=\"twitter:card\" content=\"summary_large_image\" \/>\n<meta name=\"twitter:label1\" content=\"Estimated reading time\" \/>\n\t<meta name=\"twitter:data1\" content=\"1 minute\" \/>\n<script type=\"application\/ld+json\" class=\"yoast-schema-graph\">{\"@context\":\"https:\\\/\\\/schema.org\",\"@graph\":[{\"@type\":\"WebPage\",\"@id\":\"https:\\\/\\\/www.chateaudegoutelas.fr\\\/archive\\\/samedi-30-07-concert-panorama-joao-selva-au-chateau-du-rozier\\\/\",\"url\":\"https:\\\/\\\/www.chateaudegoutelas.fr\\\/archive\\\/samedi-30-07-concert-panorama-joao-selva-au-chateau-du-rozier\\\/\",\"name\":\"SAMEDI 30\\\/07 - CONCERT PANORAMA : Jo\u00e3o Selva (au Ch\u00e2teau du Rozier) - Ch\u00e2teau de Goutelas\",\"isPartOf\":{\"@id\":\"https:\\\/\\\/www.chateaudegoutelas.fr\\\/#website\"},\"primaryImageOfPage\":{\"@id\":\"https:\\\/\\\/www.chateaudegoutelas.fr\\\/archive\\\/samedi-30-07-concert-panorama-joao-selva-au-chateau-du-rozier\\\/#primaryimage\"},\"image\":{\"@id\":\"https:\\\/\\\/www.chateaudegoutelas.fr\\\/archive\\\/samedi-30-07-concert-panorama-joao-selva-au-chateau-du-rozier\\\/#primaryimage\"},\"thumbnailUrl\":\"https:\\\/\\\/www.chateaudegoutelas.fr\\\/wp-content\\\/uploads\\\/2022\\\/06\\\/joao-selva-hlm-scaled.jpg\",\"datePublished\":\"2022-05-09T09:00:04+00:00\",\"dateModified\":\"2023-05-26T07:53:21+00:00\",\"breadcrumb\":{\"@id\":\"https:\\\/\\\/www.chateaudegoutelas.fr\\\/archive\\\/samedi-30-07-concert-panorama-joao-selva-au-chateau-du-rozier\\\/#breadcrumb\"},\"inLanguage\":\"en-GB\",\"potentialAction\":[{\"@type\":\"ReadAction\",\"target\":[\"https:\\\/\\\/www.chateaudegoutelas.fr\\\/archive\\\/samedi-30-07-concert-panorama-joao-selva-au-chateau-du-rozier\\\/\"]}]},{\"@type\":\"ImageObject\",\"inLanguage\":\"en-GB\",\"@id\":\"https:\\\/\\\/www.chateaudegoutelas.fr\\\/archive\\\/samedi-30-07-concert-panorama-joao-selva-au-chateau-du-rozier\\\/#primaryimage\",\"url\":\"https:\\\/\\\/www.chateaudegoutelas.fr\\\/wp-content\\\/uploads\\\/2022\\\/06\\\/joao-selva-hlm-scaled.jpg\",\"contentUrl\":\"https:\\\/\\\/www.chateaudegoutelas.fr\\\/wp-content\\\/uploads\\\/2022\\\/06\\\/joao-selva-hlm-scaled.jpg\",\"width\":2560,\"height\":1440,\"caption\":\"Optimized by JPEGmini 3.15.0.81154240 0x0c2f9ad9\"},{\"@type\":\"BreadcrumbList\",\"@id\":\"https:\\\/\\\/www.chateaudegoutelas.fr\\\/archive\\\/samedi-30-07-concert-panorama-joao-selva-au-chateau-du-rozier\\\/#breadcrumb\",\"itemListElement\":[{\"@type\":\"ListItem\",\"position\":1,\"name\":\"Accueil\",\"item\":\"https:\\\/\\\/www.chateaudegoutelas.fr\\\/\"},{\"@type\":\"ListItem\",\"position\":2,\"name\":\"SAMEDI 30\\\/07 &#8211; CONCERT PANORAMA : Jo\u00e3o Selva (au Ch\u00e2teau du Rozier)\"}]},{\"@type\":\"WebSite\",\"@id\":\"https:\\\/\\\/www.chateaudegoutelas.fr\\\/#website\",\"url\":\"https:\\\/\\\/www.chateaudegoutelas.fr\\\/\",\"name\":\"Ch\u00e2teau de Goutelas\",\"description\":\"Un centre culturel de rencontre en Forez\",\"publisher\":{\"@id\":\"https:\\\/\\\/www.chateaudegoutelas.fr\\\/#organization\"},\"potentialAction\":[{\"@type\":\"SearchAction\",\"target\":{\"@type\":\"EntryPoint\",\"urlTemplate\":\"https:\\\/\\\/www.chateaudegoutelas.fr\\\/?s={search_term_string}\"},\"query-input\":{\"@type\":\"PropertyValueSpecification\",\"valueRequired\":true,\"valueName\":\"search_term_string\"}}],\"inLanguage\":\"en-GB\"},{\"@type\":\"Organization\",\"@id\":\"https:\\\/\\\/www.chateaudegoutelas.fr\\\/#organization\",\"name\":\"Ch\u00e2teau de Goutelas\",\"url\":\"https:\\\/\\\/www.chateaudegoutelas.fr\\\/\",\"logo\":{\"@type\":\"ImageObject\",\"inLanguage\":\"en-GB\",\"@id\":\"https:\\\/\\\/www.chateaudegoutelas.fr\\\/#\\\/schema\\\/logo\\\/image\\\/\",\"url\":\"https:\\\/\\\/www.chateaudegoutelas.fr\\\/wp-content\\\/uploads\\\/2023\\\/05\\\/logo-chateau-goutelas-bleu.png\",\"contentUrl\":\"https:\\\/\\\/www.chateaudegoutelas.fr\\\/wp-content\\\/uploads\\\/2023\\\/05\\\/logo-chateau-goutelas-bleu.png\",\"width\":1123,\"height\":327,\"caption\":\"Ch\u00e2teau de Goutelas\"},\"image\":{\"@id\":\"https:\\\/\\\/www.chateaudegoutelas.fr\\\/#\\\/schema\\\/logo\\\/image\\\/\"}}]}<\/script>\n<!-- \/ Yoast SEO plugin. -->","yoast_head_json":{"title":"SAMEDI 30\/07 - CONCERT PANORAMA : Jo\u00e3o Selva (au Ch\u00e2teau du Rozier) - Ch\u00e2teau de Goutelas","robots":{"index":"index","follow":"follow","max-snippet":"max-snippet:-1","max-image-preview":"max-image-preview:large","max-video-preview":"max-video-preview:-1"},"canonical":"https:\/\/www.chateaudegoutelas.fr\/en\/archive\/samedi-30-07-concert-panorama-joao-selva-au-chateau-du-rozier\/","og_locale":"en_GB","og_type":"article","og_title":"SAMEDI 30\/07 - CONCERT PANORAMA : Jo\u00e3o Selva (au Ch\u00e2teau du Rozier) - Ch\u00e2teau de Goutelas","og_description":"Samedi 30 juillet 20h PANORAMA #4 au Ch\u00e2teau du Rozier (Feurs) Fils d\u2019un pasteur d\u2019Ipanema, le carioca\u00a0Jo\u00e3o Selva\u00a0a grandi dans une communaut\u00e9 d\u2019anciens prisonniers et d\u2019artistes convertis. C\u2019est sous le regard bienveillant de Wanda S\u00e1 \u2013 une des ic\u00f4nes de la bossa nova \u2013 qu\u2019enfant, il \u00e9gr\u00e8ne ses premi\u00e8res notes de guitare. Influenc\u00e9 par son [&hellip;]","og_url":"https:\/\/www.chateaudegoutelas.fr\/en\/archive\/samedi-30-07-concert-panorama-joao-selva-au-chateau-du-rozier\/","og_site_name":"Ch\u00e2teau de Goutelas","article_modified_time":"2023-05-26T07:53:21+00:00","og_image":[{"width":2560,"height":1440,"url":"https:\/\/www.chateaudegoutelas.fr\/wp-content\/uploads\/2022\/06\/joao-selva-hlm-scaled.jpg","type":"image\/jpeg"}],"twitter_card":"summary_large_image","twitter_misc":{"Estimated reading time":"1 minute"},"schema":{"@context":"https:\/\/schema.org","@graph":[{"@type":"WebPage","@id":"https:\/\/www.chateaudegoutelas.fr\/archive\/samedi-30-07-concert-panorama-joao-selva-au-chateau-du-rozier\/","url":"https:\/\/www.chateaudegoutelas.fr\/archive\/samedi-30-07-concert-panorama-joao-selva-au-chateau-du-rozier\/","name":"SAMEDI 30\/07 - CONCERT PANORAMA : Jo\u00e3o Selva (au Ch\u00e2teau du Rozier) - Ch\u00e2teau de Goutelas","isPartOf":{"@id":"https:\/\/www.chateaudegoutelas.fr\/#website"},"primaryImageOfPage":{"@id":"https:\/\/www.chateaudegoutelas.fr\/archive\/samedi-30-07-concert-panorama-joao-selva-au-chateau-du-rozier\/#primaryimage"},"image":{"@id":"https:\/\/www.chateaudegoutelas.fr\/archive\/samedi-30-07-concert-panorama-joao-selva-au-chateau-du-rozier\/#primaryimage"},"thumbnailUrl":"https:\/\/www.chateaudegoutelas.fr\/wp-content\/uploads\/2022\/06\/joao-selva-hlm-scaled.jpg","datePublished":"2022-05-09T09:00:04+00:00","dateModified":"2023-05-26T07:53:21+00:00","breadcrumb":{"@id":"https:\/\/www.chateaudegoutelas.fr\/archive\/samedi-30-07-concert-panorama-joao-selva-au-chateau-du-rozier\/#breadcrumb"},"inLanguage":"en-GB","potentialAction":[{"@type":"ReadAction","target":["https:\/\/www.chateaudegoutelas.fr\/archive\/samedi-30-07-concert-panorama-joao-selva-au-chateau-du-rozier\/"]}]},{"@type":"ImageObject","inLanguage":"en-GB","@id":"https:\/\/www.chateaudegoutelas.fr\/archive\/samedi-30-07-concert-panorama-joao-selva-au-chateau-du-rozier\/#primaryimage","url":"https:\/\/www.chateaudegoutelas.fr\/wp-content\/uploads\/2022\/06\/joao-selva-hlm-scaled.jpg","contentUrl":"https:\/\/www.chateaudegoutelas.fr\/wp-content\/uploads\/2022\/06\/joao-selva-hlm-scaled.jpg","width":2560,"height":1440,"caption":"Optimized by JPEGmini 3.15.0.81154240 0x0c2f9ad9"},{"@type":"BreadcrumbList","@id":"https:\/\/www.chateaudegoutelas.fr\/archive\/samedi-30-07-concert-panorama-joao-selva-au-chateau-du-rozier\/#breadcrumb","itemListElement":[{"@type":"ListItem","position":1,"name":"Accueil","item":"https:\/\/www.chateaudegoutelas.fr\/"},{"@type":"ListItem","position":2,"name":"SAMEDI 30\/07 &#8211; CONCERT PANORAMA : Jo\u00e3o Selva (au Ch\u00e2teau du Rozier)"}]},{"@type":"WebSite","@id":"https:\/\/www.chateaudegoutelas.fr\/#website","url":"https:\/\/www.chateaudegoutelas.fr\/","name":"Ch\u00e2teau de Goutelas","description":"Un centre culturel de rencontre en Forez","publisher":{"@id":"https:\/\/www.chateaudegoutelas.fr\/#organization"},"potentialAction":[{"@type":"SearchAction","target":{"@type":"EntryPoint","urlTemplate":"https:\/\/www.chateaudegoutelas.fr\/?s={search_term_string}"},"query-input":{"@type":"PropertyValueSpecification","valueRequired":true,"valueName":"search_term_string"}}],"inLanguage":"en-GB"},{"@type":"Organization","@id":"https:\/\/www.chateaudegoutelas.fr\/#organization","name":"Ch\u00e2teau de Goutelas","url":"https:\/\/www.chateaudegoutelas.fr\/","logo":{"@type":"ImageObject","inLanguage":"en-GB","@id":"https:\/\/www.chateaudegoutelas.fr\/#\/schema\/logo\/image\/","url":"https:\/\/www.chateaudegoutelas.fr\/wp-content\/uploads\/2023\/05\/logo-chateau-goutelas-bleu.png","contentUrl":"https:\/\/www.chateaudegoutelas.fr\/wp-content\/uploads\/2023\/05\/logo-chateau-goutelas-bleu.png","width":1123,"height":327,"caption":"Ch\u00e2teau de Goutelas"},"image":{"@id":"https:\/\/www.chateaudegoutelas.fr\/#\/schema\/logo\/image\/"}}]}},"_links":{"self":[{"href":"http:\/\/www.chateaudegoutelas.fr\/en\/wp-json\/wp\/v2\/archive\/4570","targetHints":{"allow":["GET"]}}],"collection":[{"href":"http:\/\/www.chateaudegoutelas.fr\/en\/wp-json\/wp\/v2\/archive"}],"about":[{"href":"http:\/\/www.chateaudegoutelas.fr\/en\/wp-json\/wp\/v2\/types\/archive"}],"author":[{"embeddable":true,"href":"http:\/\/www.chateaudegoutelas.fr\/en\/wp-json\/wp\/v2\/users\/7"}],"wp:featuredmedia":[{"embeddable":true,"href":"http:\/\/www.chateaudegoutelas.fr\/en\/wp-json\/wp\/v2\/media\/4571"}],"wp:attachment":[{"href":"http:\/\/www.chateaudegoutelas.fr\/en\/wp-json\/wp\/v2\/media?parent=4570"}],"wp:term":[{"taxonomy":"category","embeddable":true,"href":"http:\/\/www.chateaudegoutelas.fr\/en\/wp-json\/wp\/v2\/categories?post=4570"},{"taxonomy":"post_tag","embeddable":true,"href":"http:\/\/www.chateaudegoutelas.fr\/en\/wp-json\/wp\/v2\/tags?post=4570"}],"curies":[{"name":"wp","href":"https:\/\/api.w.org\/{rel}","templated":true}]}}