{"id":4486,"date":"2022-05-09T15:04:24","date_gmt":"2022-05-09T13:04:24","guid":{"rendered":"https:\/\/www.chateaudegoutelas.fr\/?p=4486"},"modified":"2023-05-26T09:53:18","modified_gmt":"2023-05-26T07:53:18","slug":"samedi-01-10-festival-baroque-en-forez-journee-douverture","status":"publish","type":"archive","link":"http:\/\/www.chateaudegoutelas.fr\/en\/archive\/samedi-01-10-festival-baroque-en-forez-journee-douverture\/","title":{"rendered":"SAMEDI 01\/10 &#8211; FESTIVAL BAROQUE EN FOREZ : Journ\u00e9e d&rsquo;ouverture"},"content":{"rendered":"<div class=\"shmMigrate\"><\/div>\n<div class=\"shmMigrate\"><\/div>\n<div class=\"shmMigrate\"><\/div>\n<div class=\"shmMigrate\"><\/div>\n<p><strong>Avec Loire Forez agglom\u00e9ration<\/strong><\/p>\n<div class=\"shmMigrate\"><\/div>\n<div class=\"shmMigrate\"><\/div>\n<div class=\"shmMigrate\"><\/div>\n<p><span style=\"font-weight: 400;\">Cette ann\u00e9e, le rendez-vous incontournable d\u00e9di\u00e9 \u00e0 la musique baroque s\u2019ouvre au Ch\u00e2teau de Goutelas. Ateliers familiaux, d\u00e9ambulation vocale a cappella, festin partag\u00e9 et concert d\u2019un instrumentarium inattendu : un programme aux petits oignons, \u00e0 prolonger le lendemain autour d\u2019un brunch !<\/span><\/p>\n<div class=\"shmMigrate\"><\/div>\n<div class=\"shmMigrate\"><\/div>\n<div class=\"shmMigrate\"><\/div>\n<h4><strong>16h | Atelier jeune public avec l&rsquo;Orchestre cucurbital<\/strong><\/h4>\n<p>&nbsp;<\/p>\n<p>Courges, citrouilles et autres calebasses : accompagn\u00e9s par les musiciens de l\u2019Orchestre cucurbital, les enfants d\u00e9couvrent et manipulent ces \u00e9tranges v\u00e9g\u00e9taux transform\u00e9s en instruments \u00e0 vent, \u00e0 cordes ou \u00e0 percussion.<\/p>\n<p>&nbsp;<\/p>\n<p><strong>\u00c0 partir de 6 ans | Dur\u00e9e : 1h<\/strong><br \/>\n<strong>Gratuit<\/strong><\/p>\n<p>&nbsp;<\/p>\n<h4><strong>16h | Visite historique du ch\u00e2teau<\/strong><\/h4>\n<p>&nbsp;<\/p>\n<p><span style=\"font-weight: 400;\">Gratuit<\/span><\/p>\n<p>&nbsp;<\/p>\n<h4><strong>18h | Les Itin\u00e9rantes : concert du trio vocal<br \/>\n<\/strong><\/h4>\n<p>&nbsp;<\/p>\n<p><span style=\"font-weight: 400;\">Le trio vocal Les Itin\u00e9rantes entreprend un voyage sonore, des musiques anciennes jusqu&rsquo;aux musiques du monde. Suivez-les dans une d\u00e9ambulation \u00e0 travers le ch\u00e2teau.<\/span><\/p>\n<p>&nbsp;<\/p>\n<p><strong>Gratuit<\/strong><\/p>\n<p>&nbsp;<\/p>\n<h4><strong>20h30 | Concert de l&rsquo;Orchestre cucurbital<\/strong><\/h4>\n<p>&nbsp;<\/p>\n<p><span style=\"font-weight: 400;\">Une fois s\u00e9ch\u00e9es et transform\u00e9es, les courges permettent les id\u00e9es les plus folles\u2026 L\u2019<\/span><span style=\"font-weight: 400;\">Orchestre cucurbital en fait des instruments de musique et cr\u00e9e ainsi un petit ensemble pas comme les autres. V\u00e9ritable OVNI dans la programmation du festival Baroque en Forez, ce concert est \u00e0 d\u00e9guster en famille !\u00a0<\/span><\/p>\n<p>&nbsp;<\/p>\n<p><em><span style=\"font-weight: 400;\">Henri-Charles Caget : percussions cucurbitales\u00a0<\/span><\/em><\/p>\n<p><em><span style=\"font-weight: 400;\">Val\u00e9rie Dulac : cordes cucurbitales<\/span><\/em><\/p>\n<p><em><span style=\"font-weight: 400;\">Gw\u00e9na\u00ebl Bihan : vents cucurbitaux<\/span><\/em><\/p>\n<p>&nbsp;<\/p>\n<p><strong>Tarif unique 5\u20ac<\/strong><\/p>\n<p>&nbsp;<\/p>\n<h4><strong>Dimanche 2 octobre, 13h | Brunch et surprise musicale<\/strong><\/h4>\n<p>&nbsp;<\/p>\n<p>Prolongez l&rsquo;ouverture du festival avec un brunch dans les salles \u00e0 manger du ch\u00e2teau ! Une surprise musicale vous y attend.<\/p>\n<p>&nbsp;<\/p>\n<p><strong>18\u20ac | 8\u20ac &#8211; de 12 ans<\/strong><\/p>\n<p><strong>Sur r\u00e9servation : <a href=\"https:\/\/www.billetweb.fr\/brunch-du-2-octobre\">https:\/\/www.billetweb.fr\/brunch-du-2-octobre<\/a><\/strong><\/p>\n<div class=\"shmMigrate\"><\/div>\n<div class=\"shmMigrate\"><\/div>\n<div class=\"shmMigrate\"><\/div>\n<p><strong>Renseignements et r\u00e9servations :\u00a0<\/strong><\/p>\n<p><strong>04 77 96 08 69\u00a0<\/strong><\/p>\n<p><strong>www.loireforez.com<\/strong><\/p>\n<p><strong>www.baroque-en-forez.fr<\/strong><\/p>\n<div class=\"shmMigrate\"><\/div>\n<div class=\"shmMigrate\"><\/div>\n<div class=\"shmMigrate\"><\/div>\n<p><b>D\u00eener du samedi 1er octobre (19h30) :<\/b><\/p>\n<p><strong>12\u20ac (6\u20ac enfants de moins de 12 ans)<\/strong><\/p>\n<p><strong>Sur r\u00e9servation : <a href=\"https:\/\/www.billetweb.fr\/diner-baroque-en-forez\">https:\/\/www.billetweb.fr\/diner-baroque-en-forez<\/a><\/strong><\/p>\n<div class=\"shmMigrate\"><\/div>\n<div class=\"shmMigrate\"><\/div>\n<div class=\"shmMigrate\"><\/div>\n<p><span style=\"font-weight: 400;\">Photo : Les Itin\u00e9rantes &#8211; \u00a9 Isabelle Banco<\/span><\/p>\n<div class=\"shmMigrate\"><\/div>\n<div class=\"shmMigrate\"><\/div>\n<div class=\"shmMigrate\"><\/div>","protected":false},"author":7,"featured_media":4487,"template":"","meta":{"site-sidebar-layout":"default","site-content-layout":"","ast-site-content-layout":"default","site-content-style":"default","site-sidebar-style":"default","ast-global-header-display":"","ast-banner-title-visibility":"","ast-main-header-display":"","ast-hfb-above-header-display":"","ast-hfb-below-header-display":"","ast-hfb-mobile-header-display":"","site-post-title":"","ast-breadcrumbs-content":null,"ast-featured-img":"","footer-sml-layout":"","ast-disable-related-posts":"","theme-transparent-header-meta":"","adv-header-id-meta":"","stick-header-meta":"","header-above-stick-meta":null,"header-main-stick-meta":"","header-below-stick-meta":null,"astra-migrate-meta-layouts":"default","ast-page-background-enabled":"default","ast-page-background-meta":{"desktop":{"background-color":"","background-image":"","background-repeat":"repeat","background-position":"center center","background-size":"auto","background-attachment":"scroll","background-type":"","background-media":"","overlay-type":"","overlay-color":"","overlay-opacity":"","overlay-gradient":""},"tablet":{"background-color":"","background-image":"","background-repeat":"repeat","background-position":"center center","background-size":"auto","background-attachment":"scroll","background-type":"","background-media":"","overlay-type":"","overlay-color":"","overlay-opacity":"","overlay-gradient":""},"mobile":{"background-color":"","background-image":"","background-repeat":"repeat","background-position":"center center","background-size":"auto","background-attachment":"scroll","background-type":"","background-media":"","overlay-type":"","overlay-color":"","overlay-opacity":"","overlay-gradient":""}},"ast-content-background-meta":{"desktop":{"background-color":"var(--ast-global-color-5)","background-image":"","background-repeat":"repeat","background-position":"center center","background-size":"auto","background-attachment":"scroll","background-type":"","background-media":"","overlay-type":"","overlay-color":"","overlay-opacity":"","overlay-gradient":""},"tablet":{"background-color":"var(--ast-global-color-5)","background-image":"","background-repeat":"repeat","background-position":"center center","background-size":"auto","background-attachment":"scroll","background-type":"","background-media":"","overlay-type":"","overlay-color":"","overlay-opacity":"","overlay-gradient":""},"mobile":{"background-color":"var(--ast-global-color-5)","background-image":"","background-repeat":"repeat","background-position":"center center","background-size":"auto","background-attachment":"scroll","background-type":"","background-media":"","overlay-type":"","overlay-color":"","overlay-opacity":"","overlay-gradient":""}}},"categories":[144],"tags":[],"class_list":["post-4486","archive","type-archive","status-publish","has-post-thumbnail","hentry","category-ete2022"],"yoast_head":"<!-- This site is optimized with the Yoast SEO plugin v27.5 - https:\/\/yoast.com\/product\/yoast-seo-wordpress\/ -->\n<title>SAMEDI 01\/10 - FESTIVAL BAROQUE EN FOREZ : Journ\u00e9e d&#039;ouverture - Ch\u00e2teau de Goutelas<\/title>\n<meta name=\"robots\" content=\"index, follow, max-snippet:-1, max-image-preview:large, max-video-preview:-1\" \/>\n<link rel=\"canonical\" href=\"https:\/\/www.chateaudegoutelas.fr\/en\/archive\/samedi-01-10-festival-baroque-en-forez-journee-douverture\/\" \/>\n<meta property=\"og:locale\" content=\"en_GB\" \/>\n<meta property=\"og:type\" content=\"article\" \/>\n<meta property=\"og:title\" content=\"SAMEDI 01\/10 - FESTIVAL BAROQUE EN FOREZ : Journ\u00e9e d&#039;ouverture - Ch\u00e2teau de Goutelas\" \/>\n<meta property=\"og:description\" content=\"Avec Loire Forez agglom\u00e9ration Cette ann\u00e9e, le rendez-vous incontournable d\u00e9di\u00e9 \u00e0 la musique baroque s\u2019ouvre au Ch\u00e2teau de Goutelas. Ateliers familiaux, d\u00e9ambulation vocale a cappella, festin partag\u00e9 et concert d\u2019un instrumentarium inattendu : un programme aux petits oignons, \u00e0 prolonger le lendemain autour d\u2019un brunch ! 16h | Atelier jeune public avec l&rsquo;Orchestre cucurbital &nbsp; [&hellip;]\" \/>\n<meta property=\"og:url\" content=\"https:\/\/www.chateaudegoutelas.fr\/en\/archive\/samedi-01-10-festival-baroque-en-forez-journee-douverture\/\" \/>\n<meta property=\"og:site_name\" content=\"Ch\u00e2teau de Goutelas\" \/>\n<meta property=\"article:modified_time\" content=\"2023-05-26T07:53:18+00:00\" \/>\n<meta property=\"og:image\" content=\"https:\/\/www.chateaudegoutelas.fr\/wp-content\/uploads\/2022\/05\/EVT15-\u00a9-Isabelle-Banco.jpg\" \/>\n\t<meta property=\"og:image:width\" content=\"1680\" \/>\n\t<meta property=\"og:image:height\" content=\"1121\" \/>\n\t<meta property=\"og:image:type\" content=\"image\/jpeg\" \/>\n<meta name=\"twitter:card\" content=\"summary_large_image\" \/>\n<meta name=\"twitter:label1\" content=\"Estimated reading time\" \/>\n\t<meta name=\"twitter:data1\" content=\"2 minutes\" \/>\n<script type=\"application\/ld+json\" class=\"yoast-schema-graph\">{\"@context\":\"https:\\\/\\\/schema.org\",\"@graph\":[{\"@type\":\"WebPage\",\"@id\":\"https:\\\/\\\/www.chateaudegoutelas.fr\\\/archive\\\/samedi-01-10-festival-baroque-en-forez-journee-douverture\\\/\",\"url\":\"https:\\\/\\\/www.chateaudegoutelas.fr\\\/archive\\\/samedi-01-10-festival-baroque-en-forez-journee-douverture\\\/\",\"name\":\"SAMEDI 01\\\/10 - FESTIVAL BAROQUE EN FOREZ : Journ\u00e9e d'ouverture - Ch\u00e2teau de Goutelas\",\"isPartOf\":{\"@id\":\"https:\\\/\\\/www.chateaudegoutelas.fr\\\/#website\"},\"primaryImageOfPage\":{\"@id\":\"https:\\\/\\\/www.chateaudegoutelas.fr\\\/archive\\\/samedi-01-10-festival-baroque-en-forez-journee-douverture\\\/#primaryimage\"},\"image\":{\"@id\":\"https:\\\/\\\/www.chateaudegoutelas.fr\\\/archive\\\/samedi-01-10-festival-baroque-en-forez-journee-douverture\\\/#primaryimage\"},\"thumbnailUrl\":\"https:\\\/\\\/www.chateaudegoutelas.fr\\\/wp-content\\\/uploads\\\/2022\\\/05\\\/EVT15-\u00a9-Isabelle-Banco.jpg\",\"datePublished\":\"2022-05-09T13:04:24+00:00\",\"dateModified\":\"2023-05-26T07:53:18+00:00\",\"breadcrumb\":{\"@id\":\"https:\\\/\\\/www.chateaudegoutelas.fr\\\/archive\\\/samedi-01-10-festival-baroque-en-forez-journee-douverture\\\/#breadcrumb\"},\"inLanguage\":\"en-GB\",\"potentialAction\":[{\"@type\":\"ReadAction\",\"target\":[\"https:\\\/\\\/www.chateaudegoutelas.fr\\\/archive\\\/samedi-01-10-festival-baroque-en-forez-journee-douverture\\\/\"]}]},{\"@type\":\"ImageObject\",\"inLanguage\":\"en-GB\",\"@id\":\"https:\\\/\\\/www.chateaudegoutelas.fr\\\/archive\\\/samedi-01-10-festival-baroque-en-forez-journee-douverture\\\/#primaryimage\",\"url\":\"https:\\\/\\\/www.chateaudegoutelas.fr\\\/wp-content\\\/uploads\\\/2022\\\/05\\\/EVT15-\u00a9-Isabelle-Banco.jpg\",\"contentUrl\":\"https:\\\/\\\/www.chateaudegoutelas.fr\\\/wp-content\\\/uploads\\\/2022\\\/05\\\/EVT15-\u00a9-Isabelle-Banco.jpg\",\"width\":1680,\"height\":1121},{\"@type\":\"BreadcrumbList\",\"@id\":\"https:\\\/\\\/www.chateaudegoutelas.fr\\\/archive\\\/samedi-01-10-festival-baroque-en-forez-journee-douverture\\\/#breadcrumb\",\"itemListElement\":[{\"@type\":\"ListItem\",\"position\":1,\"name\":\"Accueil\",\"item\":\"https:\\\/\\\/www.chateaudegoutelas.fr\\\/\"},{\"@type\":\"ListItem\",\"position\":2,\"name\":\"SAMEDI 01\\\/10 &#8211; FESTIVAL BAROQUE EN FOREZ : Journ\u00e9e d&rsquo;ouverture\"}]},{\"@type\":\"WebSite\",\"@id\":\"https:\\\/\\\/www.chateaudegoutelas.fr\\\/#website\",\"url\":\"https:\\\/\\\/www.chateaudegoutelas.fr\\\/\",\"name\":\"Ch\u00e2teau de Goutelas\",\"description\":\"Un centre culturel de rencontre en Forez\",\"publisher\":{\"@id\":\"https:\\\/\\\/www.chateaudegoutelas.fr\\\/#organization\"},\"potentialAction\":[{\"@type\":\"SearchAction\",\"target\":{\"@type\":\"EntryPoint\",\"urlTemplate\":\"https:\\\/\\\/www.chateaudegoutelas.fr\\\/?s={search_term_string}\"},\"query-input\":{\"@type\":\"PropertyValueSpecification\",\"valueRequired\":true,\"valueName\":\"search_term_string\"}}],\"inLanguage\":\"en-GB\"},{\"@type\":\"Organization\",\"@id\":\"https:\\\/\\\/www.chateaudegoutelas.fr\\\/#organization\",\"name\":\"Ch\u00e2teau de Goutelas\",\"url\":\"https:\\\/\\\/www.chateaudegoutelas.fr\\\/\",\"logo\":{\"@type\":\"ImageObject\",\"inLanguage\":\"en-GB\",\"@id\":\"https:\\\/\\\/www.chateaudegoutelas.fr\\\/#\\\/schema\\\/logo\\\/image\\\/\",\"url\":\"https:\\\/\\\/www.chateaudegoutelas.fr\\\/wp-content\\\/uploads\\\/2023\\\/05\\\/logo-chateau-goutelas-bleu.png\",\"contentUrl\":\"https:\\\/\\\/www.chateaudegoutelas.fr\\\/wp-content\\\/uploads\\\/2023\\\/05\\\/logo-chateau-goutelas-bleu.png\",\"width\":1123,\"height\":327,\"caption\":\"Ch\u00e2teau de Goutelas\"},\"image\":{\"@id\":\"https:\\\/\\\/www.chateaudegoutelas.fr\\\/#\\\/schema\\\/logo\\\/image\\\/\"}}]}<\/script>\n<!-- \/ Yoast SEO plugin. -->","yoast_head_json":{"title":"SAMEDI 01\/10 - FESTIVAL BAROQUE EN FOREZ : Journ\u00e9e d'ouverture - Ch\u00e2teau de Goutelas","robots":{"index":"index","follow":"follow","max-snippet":"max-snippet:-1","max-image-preview":"max-image-preview:large","max-video-preview":"max-video-preview:-1"},"canonical":"https:\/\/www.chateaudegoutelas.fr\/en\/archive\/samedi-01-10-festival-baroque-en-forez-journee-douverture\/","og_locale":"en_GB","og_type":"article","og_title":"SAMEDI 01\/10 - FESTIVAL BAROQUE EN FOREZ : Journ\u00e9e d'ouverture - Ch\u00e2teau de Goutelas","og_description":"Avec Loire Forez agglom\u00e9ration Cette ann\u00e9e, le rendez-vous incontournable d\u00e9di\u00e9 \u00e0 la musique baroque s\u2019ouvre au Ch\u00e2teau de Goutelas. Ateliers familiaux, d\u00e9ambulation vocale a cappella, festin partag\u00e9 et concert d\u2019un instrumentarium inattendu : un programme aux petits oignons, \u00e0 prolonger le lendemain autour d\u2019un brunch ! 16h | Atelier jeune public avec l&rsquo;Orchestre cucurbital &nbsp; [&hellip;]","og_url":"https:\/\/www.chateaudegoutelas.fr\/en\/archive\/samedi-01-10-festival-baroque-en-forez-journee-douverture\/","og_site_name":"Ch\u00e2teau de Goutelas","article_modified_time":"2023-05-26T07:53:18+00:00","og_image":[{"width":1680,"height":1121,"url":"https:\/\/www.chateaudegoutelas.fr\/wp-content\/uploads\/2022\/05\/EVT15-\u00a9-Isabelle-Banco.jpg","type":"image\/jpeg"}],"twitter_card":"summary_large_image","twitter_misc":{"Estimated reading time":"2 minutes"},"schema":{"@context":"https:\/\/schema.org","@graph":[{"@type":"WebPage","@id":"https:\/\/www.chateaudegoutelas.fr\/archive\/samedi-01-10-festival-baroque-en-forez-journee-douverture\/","url":"https:\/\/www.chateaudegoutelas.fr\/archive\/samedi-01-10-festival-baroque-en-forez-journee-douverture\/","name":"SAMEDI 01\/10 - FESTIVAL BAROQUE EN FOREZ : Journ\u00e9e d'ouverture - Ch\u00e2teau de Goutelas","isPartOf":{"@id":"https:\/\/www.chateaudegoutelas.fr\/#website"},"primaryImageOfPage":{"@id":"https:\/\/www.chateaudegoutelas.fr\/archive\/samedi-01-10-festival-baroque-en-forez-journee-douverture\/#primaryimage"},"image":{"@id":"https:\/\/www.chateaudegoutelas.fr\/archive\/samedi-01-10-festival-baroque-en-forez-journee-douverture\/#primaryimage"},"thumbnailUrl":"https:\/\/www.chateaudegoutelas.fr\/wp-content\/uploads\/2022\/05\/EVT15-\u00a9-Isabelle-Banco.jpg","datePublished":"2022-05-09T13:04:24+00:00","dateModified":"2023-05-26T07:53:18+00:00","breadcrumb":{"@id":"https:\/\/www.chateaudegoutelas.fr\/archive\/samedi-01-10-festival-baroque-en-forez-journee-douverture\/#breadcrumb"},"inLanguage":"en-GB","potentialAction":[{"@type":"ReadAction","target":["https:\/\/www.chateaudegoutelas.fr\/archive\/samedi-01-10-festival-baroque-en-forez-journee-douverture\/"]}]},{"@type":"ImageObject","inLanguage":"en-GB","@id":"https:\/\/www.chateaudegoutelas.fr\/archive\/samedi-01-10-festival-baroque-en-forez-journee-douverture\/#primaryimage","url":"https:\/\/www.chateaudegoutelas.fr\/wp-content\/uploads\/2022\/05\/EVT15-\u00a9-Isabelle-Banco.jpg","contentUrl":"https:\/\/www.chateaudegoutelas.fr\/wp-content\/uploads\/2022\/05\/EVT15-\u00a9-Isabelle-Banco.jpg","width":1680,"height":1121},{"@type":"BreadcrumbList","@id":"https:\/\/www.chateaudegoutelas.fr\/archive\/samedi-01-10-festival-baroque-en-forez-journee-douverture\/#breadcrumb","itemListElement":[{"@type":"ListItem","position":1,"name":"Accueil","item":"https:\/\/www.chateaudegoutelas.fr\/"},{"@type":"ListItem","position":2,"name":"SAMEDI 01\/10 &#8211; FESTIVAL BAROQUE EN FOREZ : Journ\u00e9e d&rsquo;ouverture"}]},{"@type":"WebSite","@id":"https:\/\/www.chateaudegoutelas.fr\/#website","url":"https:\/\/www.chateaudegoutelas.fr\/","name":"Ch\u00e2teau de Goutelas","description":"Un centre culturel de rencontre en Forez","publisher":{"@id":"https:\/\/www.chateaudegoutelas.fr\/#organization"},"potentialAction":[{"@type":"SearchAction","target":{"@type":"EntryPoint","urlTemplate":"https:\/\/www.chateaudegoutelas.fr\/?s={search_term_string}"},"query-input":{"@type":"PropertyValueSpecification","valueRequired":true,"valueName":"search_term_string"}}],"inLanguage":"en-GB"},{"@type":"Organization","@id":"https:\/\/www.chateaudegoutelas.fr\/#organization","name":"Ch\u00e2teau de Goutelas","url":"https:\/\/www.chateaudegoutelas.fr\/","logo":{"@type":"ImageObject","inLanguage":"en-GB","@id":"https:\/\/www.chateaudegoutelas.fr\/#\/schema\/logo\/image\/","url":"https:\/\/www.chateaudegoutelas.fr\/wp-content\/uploads\/2023\/05\/logo-chateau-goutelas-bleu.png","contentUrl":"https:\/\/www.chateaudegoutelas.fr\/wp-content\/uploads\/2023\/05\/logo-chateau-goutelas-bleu.png","width":1123,"height":327,"caption":"Ch\u00e2teau de Goutelas"},"image":{"@id":"https:\/\/www.chateaudegoutelas.fr\/#\/schema\/logo\/image\/"}}]}},"_links":{"self":[{"href":"http:\/\/www.chateaudegoutelas.fr\/en\/wp-json\/wp\/v2\/archive\/4486","targetHints":{"allow":["GET"]}}],"collection":[{"href":"http:\/\/www.chateaudegoutelas.fr\/en\/wp-json\/wp\/v2\/archive"}],"about":[{"href":"http:\/\/www.chateaudegoutelas.fr\/en\/wp-json\/wp\/v2\/types\/archive"}],"author":[{"embeddable":true,"href":"http:\/\/www.chateaudegoutelas.fr\/en\/wp-json\/wp\/v2\/users\/7"}],"wp:featuredmedia":[{"embeddable":true,"href":"http:\/\/www.chateaudegoutelas.fr\/en\/wp-json\/wp\/v2\/media\/4487"}],"wp:attachment":[{"href":"http:\/\/www.chateaudegoutelas.fr\/en\/wp-json\/wp\/v2\/media?parent=4486"}],"wp:term":[{"taxonomy":"category","embeddable":true,"href":"http:\/\/www.chateaudegoutelas.fr\/en\/wp-json\/wp\/v2\/categories?post=4486"},{"taxonomy":"post_tag","embeddable":true,"href":"http:\/\/www.chateaudegoutelas.fr\/en\/wp-json\/wp\/v2\/tags?post=4486"}],"curies":[{"name":"wp","href":"https:\/\/api.w.org\/{rel}","templated":true}]}}