{"id":3233,"date":"2021-03-02T10:14:44","date_gmt":"2021-03-02T09:14:44","guid":{"rendered":"https:\/\/www.chateaudegoutelas.fr\/?p=3233"},"modified":"2023-05-26T09:58:54","modified_gmt":"2023-05-26T07:58:54","slug":"jusquau-12-03-appel-a-candidatures-programme-nora-pour-la-residence-dartistes-refugies","status":"publish","type":"archive","link":"http:\/\/www.chateaudegoutelas.fr\/en\/archive\/jusquau-12-03-appel-a-candidatures-programme-nora-pour-la-residence-dartistes-refugies\/","title":{"rendered":"JUSQU&rsquo;AU 12\/03 &#8211; APPEL A CANDIDATURES : programme Nora pour la r\u00e9sidence d&rsquo;artistes r\u00e9fugi\u00e9s"},"content":{"rendered":"<div class=\"shmMigrate\"><\/div>\n<div class=\"shmMigrate\"><\/div>\n<div class=\"shmMigrate\"><\/div>\n<div class=\"shmMigrate\"><\/div>\n<p>L\u2019appel s\u2019adresse \u00e0 des artistes, chercheurs, professionnels de la culture r\u00e9fugi\u00e9s du Proche et Moyen Orient et d\u2019Afrique arriv\u00e9s r\u00e9cemment en exil en France, venant surtout de Syrie, Irak, Libye, Y\u00e9men, Soudan du Sud et \u00c9rythr\u00e9e.<\/p>\n<div class=\"shmMigrate\"><\/div>\n<div class=\"shmMigrate\"><\/div>\n<div class=\"shmMigrate\"><\/div>\n<p><strong>PROGRAMME NORA<\/strong><\/p>\n<p><strong>POUR LA RESIDENCE D&rsquo;ARTISTES REFUGI\u00c9S EN FRANCE<\/strong><\/p>\n<p>&nbsp;<\/p>\n<p>Avec le soutien du Minist\u00e8re de la Culture, l\u2019<strong>Association des Centres culturels de rencontre<\/strong> (ACCR) coordonne le programme de r\u00e9sidence \u00ab Nora \u00bb. Ce programme s\u2019adresse \u00e0 des artistes, chercheurs, professionnels de la culture, r\u00e9fugi\u00e9s des pays en conflit ouvert et arriv\u00e9s r\u00e9cemment en exil en France. Il a pour objectif de leur permettre de d\u00e9velopper des projets au sein des Centres culturels de rencontre fran\u00e7ais, et avec le soutien des \u00e9quipes des CCR et de leurs partenaires, d\u2019appr\u00e9hender les r\u00e9seaux culturels, artistiques, intellectuels fran\u00e7ais et d\u2019y tisser des liens sur le long terme.<\/p>\n<div class=\"shmMigrate\"><\/div>\n<div class=\"shmMigrate\"><\/div>\n<div class=\"shmMigrate\"><\/div>\n<div class=\"shmMigrate\"><\/div>\n<div class=\"shmMigrate\"><\/div>","protected":false},"author":7,"featured_media":3234,"template":"","meta":{"site-sidebar-layout":"default","site-content-layout":"","ast-site-content-layout":"default","site-content-style":"default","site-sidebar-style":"default","ast-global-header-display":"","ast-banner-title-visibility":"","ast-main-header-display":"","ast-hfb-above-header-display":"","ast-hfb-below-header-display":"","ast-hfb-mobile-header-display":"","site-post-title":"","ast-breadcrumbs-content":null,"ast-featured-img":"","footer-sml-layout":"","ast-disable-related-posts":"","theme-transparent-header-meta":"","adv-header-id-meta":"","stick-header-meta":"","header-above-stick-meta":null,"header-main-stick-meta":"","header-below-stick-meta":null,"astra-migrate-meta-layouts":"default","ast-page-background-enabled":"default","ast-page-background-meta":{"desktop":{"background-color":"","background-image":"","background-repeat":"repeat","background-position":"center center","background-size":"auto","background-attachment":"scroll","background-type":"","background-media":"","overlay-type":"","overlay-color":"","overlay-opacity":"","overlay-gradient":""},"tablet":{"background-color":"","background-image":"","background-repeat":"repeat","background-position":"center center","background-size":"auto","background-attachment":"scroll","background-type":"","background-media":"","overlay-type":"","overlay-color":"","overlay-opacity":"","overlay-gradient":""},"mobile":{"background-color":"","background-image":"","background-repeat":"repeat","background-position":"center center","background-size":"auto","background-attachment":"scroll","background-type":"","background-media":"","overlay-type":"","overlay-color":"","overlay-opacity":"","overlay-gradient":""}},"ast-content-background-meta":{"desktop":{"background-color":"var(--ast-global-color-5)","background-image":"","background-repeat":"repeat","background-position":"center center","background-size":"auto","background-attachment":"scroll","background-type":"","background-media":"","overlay-type":"","overlay-color":"","overlay-opacity":"","overlay-gradient":""},"tablet":{"background-color":"var(--ast-global-color-5)","background-image":"","background-repeat":"repeat","background-position":"center center","background-size":"auto","background-attachment":"scroll","background-type":"","background-media":"","overlay-type":"","overlay-color":"","overlay-opacity":"","overlay-gradient":""},"mobile":{"background-color":"var(--ast-global-color-5)","background-image":"","background-repeat":"repeat","background-position":"center center","background-size":"auto","background-attachment":"scroll","background-type":"","background-media":"","overlay-type":"","overlay-color":"","overlay-opacity":"","overlay-gradient":""}}},"categories":[4],"tags":[],"class_list":["post-3233","archive","type-archive","status-publish","has-post-thumbnail","hentry","category-actualites"],"yoast_head":"<!-- This site is optimized with the Yoast SEO plugin v27.5 - https:\/\/yoast.com\/product\/yoast-seo-wordpress\/ -->\n<title>JUSQU&#039;AU 12\/03 - APPEL A CANDIDATURES : programme Nora pour la r\u00e9sidence d&#039;artistes r\u00e9fugi\u00e9s - Ch\u00e2teau de Goutelas<\/title>\n<meta name=\"robots\" content=\"index, follow, max-snippet:-1, max-image-preview:large, max-video-preview:-1\" \/>\n<link rel=\"canonical\" href=\"https:\/\/www.chateaudegoutelas.fr\/en\/archive\/jusquau-12-03-appel-a-candidatures-programme-nora-pour-la-residence-dartistes-refugies\/\" \/>\n<meta property=\"og:locale\" content=\"en_GB\" \/>\n<meta property=\"og:type\" content=\"article\" \/>\n<meta property=\"og:title\" content=\"JUSQU&#039;AU 12\/03 - APPEL A CANDIDATURES : programme Nora pour la r\u00e9sidence d&#039;artistes r\u00e9fugi\u00e9s - Ch\u00e2teau de Goutelas\" \/>\n<meta property=\"og:description\" content=\"L\u2019appel s\u2019adresse \u00e0 des artistes, chercheurs, professionnels de la culture r\u00e9fugi\u00e9s du Proche et Moyen Orient et d\u2019Afrique arriv\u00e9s r\u00e9cemment en exil en France, venant surtout de Syrie, Irak, Libye, Y\u00e9men, Soudan du Sud et \u00c9rythr\u00e9e. PROGRAMME NORA POUR LA RESIDENCE D&rsquo;ARTISTES REFUGI\u00c9S EN FRANCE &nbsp; Avec le soutien du Minist\u00e8re de la Culture, l\u2019Association [&hellip;]\" \/>\n<meta property=\"og:url\" content=\"https:\/\/www.chateaudegoutelas.fr\/en\/archive\/jusquau-12-03-appel-a-candidatures-programme-nora-pour-la-residence-dartistes-refugies\/\" \/>\n<meta property=\"og:site_name\" content=\"Ch\u00e2teau de Goutelas\" \/>\n<meta property=\"article:modified_time\" content=\"2023-05-26T07:58:54+00:00\" \/>\n<meta property=\"og:image\" content=\"https:\/\/www.chateaudegoutelas.fr\/wp-content\/uploads\/2021\/03\/187560-focus_une_accr_nora_2021_test3-1-scaled.jpg\" \/>\n\t<meta property=\"og:image:width\" content=\"2560\" \/>\n\t<meta property=\"og:image:height\" content=\"2080\" \/>\n\t<meta property=\"og:image:type\" content=\"image\/jpeg\" \/>\n<meta name=\"twitter:card\" content=\"summary_large_image\" \/>\n<meta name=\"twitter:label1\" content=\"Estimated reading time\" \/>\n\t<meta name=\"twitter:data1\" content=\"1 minute\" \/>\n<script type=\"application\/ld+json\" class=\"yoast-schema-graph\">{\"@context\":\"https:\\\/\\\/schema.org\",\"@graph\":[{\"@type\":\"WebPage\",\"@id\":\"https:\\\/\\\/www.chateaudegoutelas.fr\\\/archive\\\/jusquau-12-03-appel-a-candidatures-programme-nora-pour-la-residence-dartistes-refugies\\\/\",\"url\":\"https:\\\/\\\/www.chateaudegoutelas.fr\\\/archive\\\/jusquau-12-03-appel-a-candidatures-programme-nora-pour-la-residence-dartistes-refugies\\\/\",\"name\":\"JUSQU'AU 12\\\/03 - APPEL A CANDIDATURES : programme Nora pour la r\u00e9sidence d'artistes r\u00e9fugi\u00e9s - Ch\u00e2teau de Goutelas\",\"isPartOf\":{\"@id\":\"https:\\\/\\\/www.chateaudegoutelas.fr\\\/#website\"},\"primaryImageOfPage\":{\"@id\":\"https:\\\/\\\/www.chateaudegoutelas.fr\\\/archive\\\/jusquau-12-03-appel-a-candidatures-programme-nora-pour-la-residence-dartistes-refugies\\\/#primaryimage\"},\"image\":{\"@id\":\"https:\\\/\\\/www.chateaudegoutelas.fr\\\/archive\\\/jusquau-12-03-appel-a-candidatures-programme-nora-pour-la-residence-dartistes-refugies\\\/#primaryimage\"},\"thumbnailUrl\":\"https:\\\/\\\/www.chateaudegoutelas.fr\\\/wp-content\\\/uploads\\\/2021\\\/03\\\/187560-focus_une_accr_nora_2021_test3-1-scaled.jpg\",\"datePublished\":\"2021-03-02T09:14:44+00:00\",\"dateModified\":\"2023-05-26T07:58:54+00:00\",\"breadcrumb\":{\"@id\":\"https:\\\/\\\/www.chateaudegoutelas.fr\\\/archive\\\/jusquau-12-03-appel-a-candidatures-programme-nora-pour-la-residence-dartistes-refugies\\\/#breadcrumb\"},\"inLanguage\":\"en-GB\",\"potentialAction\":[{\"@type\":\"ReadAction\",\"target\":[\"https:\\\/\\\/www.chateaudegoutelas.fr\\\/archive\\\/jusquau-12-03-appel-a-candidatures-programme-nora-pour-la-residence-dartistes-refugies\\\/\"]}]},{\"@type\":\"ImageObject\",\"inLanguage\":\"en-GB\",\"@id\":\"https:\\\/\\\/www.chateaudegoutelas.fr\\\/archive\\\/jusquau-12-03-appel-a-candidatures-programme-nora-pour-la-residence-dartistes-refugies\\\/#primaryimage\",\"url\":\"https:\\\/\\\/www.chateaudegoutelas.fr\\\/wp-content\\\/uploads\\\/2021\\\/03\\\/187560-focus_une_accr_nora_2021_test3-1-scaled.jpg\",\"contentUrl\":\"https:\\\/\\\/www.chateaudegoutelas.fr\\\/wp-content\\\/uploads\\\/2021\\\/03\\\/187560-focus_une_accr_nora_2021_test3-1-scaled.jpg\",\"width\":2560,\"height\":2080},{\"@type\":\"BreadcrumbList\",\"@id\":\"https:\\\/\\\/www.chateaudegoutelas.fr\\\/archive\\\/jusquau-12-03-appel-a-candidatures-programme-nora-pour-la-residence-dartistes-refugies\\\/#breadcrumb\",\"itemListElement\":[{\"@type\":\"ListItem\",\"position\":1,\"name\":\"Accueil\",\"item\":\"https:\\\/\\\/www.chateaudegoutelas.fr\\\/\"},{\"@type\":\"ListItem\",\"position\":2,\"name\":\"JUSQU&rsquo;AU 12\\\/03 &#8211; APPEL A CANDIDATURES : programme Nora pour la r\u00e9sidence d&rsquo;artistes r\u00e9fugi\u00e9s\"}]},{\"@type\":\"WebSite\",\"@id\":\"https:\\\/\\\/www.chateaudegoutelas.fr\\\/#website\",\"url\":\"https:\\\/\\\/www.chateaudegoutelas.fr\\\/\",\"name\":\"Ch\u00e2teau de Goutelas\",\"description\":\"Un centre culturel de rencontre en Forez\",\"publisher\":{\"@id\":\"https:\\\/\\\/www.chateaudegoutelas.fr\\\/#organization\"},\"potentialAction\":[{\"@type\":\"SearchAction\",\"target\":{\"@type\":\"EntryPoint\",\"urlTemplate\":\"https:\\\/\\\/www.chateaudegoutelas.fr\\\/?s={search_term_string}\"},\"query-input\":{\"@type\":\"PropertyValueSpecification\",\"valueRequired\":true,\"valueName\":\"search_term_string\"}}],\"inLanguage\":\"en-GB\"},{\"@type\":\"Organization\",\"@id\":\"https:\\\/\\\/www.chateaudegoutelas.fr\\\/#organization\",\"name\":\"Ch\u00e2teau de Goutelas\",\"url\":\"https:\\\/\\\/www.chateaudegoutelas.fr\\\/\",\"logo\":{\"@type\":\"ImageObject\",\"inLanguage\":\"en-GB\",\"@id\":\"https:\\\/\\\/www.chateaudegoutelas.fr\\\/#\\\/schema\\\/logo\\\/image\\\/\",\"url\":\"https:\\\/\\\/www.chateaudegoutelas.fr\\\/wp-content\\\/uploads\\\/2023\\\/05\\\/logo-chateau-goutelas-bleu.png\",\"contentUrl\":\"https:\\\/\\\/www.chateaudegoutelas.fr\\\/wp-content\\\/uploads\\\/2023\\\/05\\\/logo-chateau-goutelas-bleu.png\",\"width\":1123,\"height\":327,\"caption\":\"Ch\u00e2teau de Goutelas\"},\"image\":{\"@id\":\"https:\\\/\\\/www.chateaudegoutelas.fr\\\/#\\\/schema\\\/logo\\\/image\\\/\"}}]}<\/script>\n<!-- \/ Yoast SEO plugin. -->","yoast_head_json":{"title":"JUSQU'AU 12\/03 - APPEL A CANDIDATURES : programme Nora pour la r\u00e9sidence d'artistes r\u00e9fugi\u00e9s - Ch\u00e2teau de Goutelas","robots":{"index":"index","follow":"follow","max-snippet":"max-snippet:-1","max-image-preview":"max-image-preview:large","max-video-preview":"max-video-preview:-1"},"canonical":"https:\/\/www.chateaudegoutelas.fr\/en\/archive\/jusquau-12-03-appel-a-candidatures-programme-nora-pour-la-residence-dartistes-refugies\/","og_locale":"en_GB","og_type":"article","og_title":"JUSQU'AU 12\/03 - APPEL A CANDIDATURES : programme Nora pour la r\u00e9sidence d'artistes r\u00e9fugi\u00e9s - Ch\u00e2teau de Goutelas","og_description":"L\u2019appel s\u2019adresse \u00e0 des artistes, chercheurs, professionnels de la culture r\u00e9fugi\u00e9s du Proche et Moyen Orient et d\u2019Afrique arriv\u00e9s r\u00e9cemment en exil en France, venant surtout de Syrie, Irak, Libye, Y\u00e9men, Soudan du Sud et \u00c9rythr\u00e9e. PROGRAMME NORA POUR LA RESIDENCE D&rsquo;ARTISTES REFUGI\u00c9S EN FRANCE &nbsp; Avec le soutien du Minist\u00e8re de la Culture, l\u2019Association [&hellip;]","og_url":"https:\/\/www.chateaudegoutelas.fr\/en\/archive\/jusquau-12-03-appel-a-candidatures-programme-nora-pour-la-residence-dartistes-refugies\/","og_site_name":"Ch\u00e2teau de Goutelas","article_modified_time":"2023-05-26T07:58:54+00:00","og_image":[{"width":2560,"height":2080,"url":"https:\/\/www.chateaudegoutelas.fr\/wp-content\/uploads\/2021\/03\/187560-focus_une_accr_nora_2021_test3-1-scaled.jpg","type":"image\/jpeg"}],"twitter_card":"summary_large_image","twitter_misc":{"Estimated reading time":"1 minute"},"schema":{"@context":"https:\/\/schema.org","@graph":[{"@type":"WebPage","@id":"https:\/\/www.chateaudegoutelas.fr\/archive\/jusquau-12-03-appel-a-candidatures-programme-nora-pour-la-residence-dartistes-refugies\/","url":"https:\/\/www.chateaudegoutelas.fr\/archive\/jusquau-12-03-appel-a-candidatures-programme-nora-pour-la-residence-dartistes-refugies\/","name":"JUSQU'AU 12\/03 - APPEL A CANDIDATURES : programme Nora pour la r\u00e9sidence d'artistes r\u00e9fugi\u00e9s - Ch\u00e2teau de Goutelas","isPartOf":{"@id":"https:\/\/www.chateaudegoutelas.fr\/#website"},"primaryImageOfPage":{"@id":"https:\/\/www.chateaudegoutelas.fr\/archive\/jusquau-12-03-appel-a-candidatures-programme-nora-pour-la-residence-dartistes-refugies\/#primaryimage"},"image":{"@id":"https:\/\/www.chateaudegoutelas.fr\/archive\/jusquau-12-03-appel-a-candidatures-programme-nora-pour-la-residence-dartistes-refugies\/#primaryimage"},"thumbnailUrl":"https:\/\/www.chateaudegoutelas.fr\/wp-content\/uploads\/2021\/03\/187560-focus_une_accr_nora_2021_test3-1-scaled.jpg","datePublished":"2021-03-02T09:14:44+00:00","dateModified":"2023-05-26T07:58:54+00:00","breadcrumb":{"@id":"https:\/\/www.chateaudegoutelas.fr\/archive\/jusquau-12-03-appel-a-candidatures-programme-nora-pour-la-residence-dartistes-refugies\/#breadcrumb"},"inLanguage":"en-GB","potentialAction":[{"@type":"ReadAction","target":["https:\/\/www.chateaudegoutelas.fr\/archive\/jusquau-12-03-appel-a-candidatures-programme-nora-pour-la-residence-dartistes-refugies\/"]}]},{"@type":"ImageObject","inLanguage":"en-GB","@id":"https:\/\/www.chateaudegoutelas.fr\/archive\/jusquau-12-03-appel-a-candidatures-programme-nora-pour-la-residence-dartistes-refugies\/#primaryimage","url":"https:\/\/www.chateaudegoutelas.fr\/wp-content\/uploads\/2021\/03\/187560-focus_une_accr_nora_2021_test3-1-scaled.jpg","contentUrl":"https:\/\/www.chateaudegoutelas.fr\/wp-content\/uploads\/2021\/03\/187560-focus_une_accr_nora_2021_test3-1-scaled.jpg","width":2560,"height":2080},{"@type":"BreadcrumbList","@id":"https:\/\/www.chateaudegoutelas.fr\/archive\/jusquau-12-03-appel-a-candidatures-programme-nora-pour-la-residence-dartistes-refugies\/#breadcrumb","itemListElement":[{"@type":"ListItem","position":1,"name":"Accueil","item":"https:\/\/www.chateaudegoutelas.fr\/"},{"@type":"ListItem","position":2,"name":"JUSQU&rsquo;AU 12\/03 &#8211; APPEL A CANDIDATURES : programme Nora pour la r\u00e9sidence d&rsquo;artistes r\u00e9fugi\u00e9s"}]},{"@type":"WebSite","@id":"https:\/\/www.chateaudegoutelas.fr\/#website","url":"https:\/\/www.chateaudegoutelas.fr\/","name":"Ch\u00e2teau de Goutelas","description":"Un centre culturel de rencontre en Forez","publisher":{"@id":"https:\/\/www.chateaudegoutelas.fr\/#organization"},"potentialAction":[{"@type":"SearchAction","target":{"@type":"EntryPoint","urlTemplate":"https:\/\/www.chateaudegoutelas.fr\/?s={search_term_string}"},"query-input":{"@type":"PropertyValueSpecification","valueRequired":true,"valueName":"search_term_string"}}],"inLanguage":"en-GB"},{"@type":"Organization","@id":"https:\/\/www.chateaudegoutelas.fr\/#organization","name":"Ch\u00e2teau de Goutelas","url":"https:\/\/www.chateaudegoutelas.fr\/","logo":{"@type":"ImageObject","inLanguage":"en-GB","@id":"https:\/\/www.chateaudegoutelas.fr\/#\/schema\/logo\/image\/","url":"https:\/\/www.chateaudegoutelas.fr\/wp-content\/uploads\/2023\/05\/logo-chateau-goutelas-bleu.png","contentUrl":"https:\/\/www.chateaudegoutelas.fr\/wp-content\/uploads\/2023\/05\/logo-chateau-goutelas-bleu.png","width":1123,"height":327,"caption":"Ch\u00e2teau de Goutelas"},"image":{"@id":"https:\/\/www.chateaudegoutelas.fr\/#\/schema\/logo\/image\/"}}]}},"_links":{"self":[{"href":"http:\/\/www.chateaudegoutelas.fr\/en\/wp-json\/wp\/v2\/archive\/3233","targetHints":{"allow":["GET"]}}],"collection":[{"href":"http:\/\/www.chateaudegoutelas.fr\/en\/wp-json\/wp\/v2\/archive"}],"about":[{"href":"http:\/\/www.chateaudegoutelas.fr\/en\/wp-json\/wp\/v2\/types\/archive"}],"author":[{"embeddable":true,"href":"http:\/\/www.chateaudegoutelas.fr\/en\/wp-json\/wp\/v2\/users\/7"}],"wp:featuredmedia":[{"embeddable":true,"href":"http:\/\/www.chateaudegoutelas.fr\/en\/wp-json\/wp\/v2\/media\/3234"}],"wp:attachment":[{"href":"http:\/\/www.chateaudegoutelas.fr\/en\/wp-json\/wp\/v2\/media?parent=3233"}],"wp:term":[{"taxonomy":"category","embeddable":true,"href":"http:\/\/www.chateaudegoutelas.fr\/en\/wp-json\/wp\/v2\/categories?post=3233"},{"taxonomy":"post_tag","embeddable":true,"href":"http:\/\/www.chateaudegoutelas.fr\/en\/wp-json\/wp\/v2\/tags?post=3233"}],"curies":[{"name":"wp","href":"https:\/\/api.w.org\/{rel}","templated":true}]}}