{"id":1423,"date":"2019-01-23T16:23:28","date_gmt":"2019-01-23T15:23:28","guid":{"rendered":"https:\/\/www.chateaudegoutelas.fr\/?p=1423"},"modified":"2023-05-26T10:01:01","modified_gmt":"2023-05-26T08:01:01","slug":"07-o5-concert-commente-par-eoc-le-marteau-sans-maitre","status":"publish","type":"archive","link":"http:\/\/www.chateaudegoutelas.fr\/en\/archive\/07-o5-concert-commente-par-eoc-le-marteau-sans-maitre\/","title":{"rendered":"07\/O5 &#8211; CONCERT COMMENT\u00c9 PAR L&rsquo;EOC : Le marteau sans ma\u00eetre"},"content":{"rendered":"<div class=\"shmMigrate\"><\/div>\n<div class=\"shmMigrate\"><\/div>\n<div class=\"shmMigrate\"><\/div>\n<h3><span style=\"color: #993300;\">Mardi 7 mai | 19h\u00a0<\/span><\/h3>\n<div class=\"shmMigrate\"><\/div>\n<div class=\"shmMigrate\"><\/div>\n<div class=\"shmMigrate\"><\/div>\n<div class=\"shmMigrate\"><\/div>\n<div class=\"shmMigrate\"><\/div>\n<div class=\"shmMigrate\"><\/div>\n<div class=\"shmMigrate\"><\/div>\n<div class=\"shmMigrate\"><\/div>\n<div class=\"shmMigrate\"><\/div>\n<div class=\"shmMigrate\"><\/div>\n<div class=\"shmMigrate\"><\/div>\n<p>Le Marteau sans ma\u00eetre est assur\u00e9ment l\u2019\u0153uvre la plus inventive de la seconde moiti\u00e9 du XXe si\u00e8cle\u00a0: <strong>une musique venue d\u2019ailleurs<\/strong>, inou\u00efe, qui marque son temps et s\u2019inscrit dans <strong>la po\u00e9sie sonore universelle.<\/strong> Nous vous invitons \u00e0 entendre <strong>l\u2019\u0153uvre jou\u00e9e par l\u2019EOC<\/strong> et \u00e0 entrer au c\u0153ur du travail d\u2019interpr\u00e9tation.<\/p>\n<p>Daniel Kawka, direction<\/p>\n<p>Salom\u00e9 Haller, soprano<\/p>\n<div class=\"shmMigrate\"><\/div>\n<div class=\"shmMigrate\"><\/div>\n<div class=\"shmMigrate\"><\/div>\n<div class=\"shmMigrate\"><\/div>\n<div class=\"shmMigrate\"><\/div>\n<div class=\"shmMigrate\"><\/div>\n<div class=\"shmMigrate\"><\/div>\n<p>Dur\u00e9e\u00a0: 1 h 15<br \/>\n12 \u20ac | Tarif r\u00e9duit\u00a0: 6 \u20ac<\/p>\n<p>Gratuit pour moins de 12 ans Ap\u00e9ritif offert<\/p>\n<div class=\"shmMigrate\"><\/div>\n<div class=\"shmMigrate\"><\/div>\n<div class=\"shmMigrate\"><\/div>","protected":false},"author":4,"featured_media":1421,"template":"","meta":{"site-sidebar-layout":"default","site-content-layout":"","ast-site-content-layout":"default","site-content-style":"default","site-sidebar-style":"default","ast-global-header-display":"","ast-banner-title-visibility":"","ast-main-header-display":"","ast-hfb-above-header-display":"","ast-hfb-below-header-display":"","ast-hfb-mobile-header-display":"","site-post-title":"","ast-breadcrumbs-content":null,"ast-featured-img":"","footer-sml-layout":"","ast-disable-related-posts":"","theme-transparent-header-meta":"","adv-header-id-meta":"","stick-header-meta":"","header-above-stick-meta":null,"header-main-stick-meta":"","header-below-stick-meta":null,"astra-migrate-meta-layouts":"default","ast-page-background-enabled":"default","ast-page-background-meta":{"desktop":{"background-color":"","background-image":"","background-repeat":"repeat","background-position":"center center","background-size":"auto","background-attachment":"scroll","background-type":"","background-media":"","overlay-type":"","overlay-color":"","overlay-opacity":"","overlay-gradient":""},"tablet":{"background-color":"","background-image":"","background-repeat":"repeat","background-position":"center center","background-size":"auto","background-attachment":"scroll","background-type":"","background-media":"","overlay-type":"","overlay-color":"","overlay-opacity":"","overlay-gradient":""},"mobile":{"background-color":"","background-image":"","background-repeat":"repeat","background-position":"center center","background-size":"auto","background-attachment":"scroll","background-type":"","background-media":"","overlay-type":"","overlay-color":"","overlay-opacity":"","overlay-gradient":""}},"ast-content-background-meta":{"desktop":{"background-color":"var(--ast-global-color-5)","background-image":"","background-repeat":"repeat","background-position":"center center","background-size":"auto","background-attachment":"scroll","background-type":"","background-media":"","overlay-type":"","overlay-color":"","overlay-opacity":"","overlay-gradient":""},"tablet":{"background-color":"var(--ast-global-color-5)","background-image":"","background-repeat":"repeat","background-position":"center center","background-size":"auto","background-attachment":"scroll","background-type":"","background-media":"","overlay-type":"","overlay-color":"","overlay-opacity":"","overlay-gradient":""},"mobile":{"background-color":"var(--ast-global-color-5)","background-image":"","background-repeat":"repeat","background-position":"center center","background-size":"auto","background-attachment":"scroll","background-type":"","background-media":"","overlay-type":"","overlay-color":"","overlay-opacity":"","overlay-gradient":""}}},"categories":[4],"tags":[9,18],"class_list":["post-1423","archive","type-archive","status-publish","has-post-thumbnail","hentry","category-actualites","tag-concert","tag-musique"],"yoast_head":"<!-- This site is optimized with the Yoast SEO plugin v27.5 - https:\/\/yoast.com\/product\/yoast-seo-wordpress\/ -->\n<title>07\/O5 - CONCERT COMMENT\u00c9 PAR L&#039;EOC : Le marteau sans ma\u00eetre - Ch\u00e2teau de Goutelas<\/title>\n<meta name=\"robots\" content=\"index, follow, max-snippet:-1, max-image-preview:large, max-video-preview:-1\" \/>\n<link rel=\"canonical\" href=\"https:\/\/www.chateaudegoutelas.fr\/en\/archive\/07-o5-concert-commente-par-eoc-le-marteau-sans-maitre\/\" \/>\n<meta property=\"og:locale\" content=\"en_GB\" \/>\n<meta property=\"og:type\" content=\"article\" \/>\n<meta property=\"og:title\" content=\"07\/O5 - CONCERT COMMENT\u00c9 PAR L&#039;EOC : Le marteau sans ma\u00eetre - Ch\u00e2teau de Goutelas\" \/>\n<meta property=\"og:description\" content=\"Mardi 7 mai | 19h\u00a0 Le Marteau sans ma\u00eetre est assur\u00e9ment l\u2019\u0153uvre la plus inventive de la seconde moiti\u00e9 du XXe si\u00e8cle\u00a0: une musique venue d\u2019ailleurs, inou\u00efe, qui marque son temps et s\u2019inscrit dans la po\u00e9sie sonore universelle. Nous vous invitons \u00e0 entendre l\u2019\u0153uvre jou\u00e9e par l\u2019EOC et \u00e0 entrer au c\u0153ur du travail d\u2019interpr\u00e9tation. [&hellip;]\" \/>\n<meta property=\"og:url\" content=\"https:\/\/www.chateaudegoutelas.fr\/en\/archive\/07-o5-concert-commente-par-eoc-le-marteau-sans-maitre\/\" \/>\n<meta property=\"og:site_name\" content=\"Ch\u00e2teau de Goutelas\" \/>\n<meta property=\"article:modified_time\" content=\"2023-05-26T08:01:01+00:00\" \/>\n<meta property=\"og:image\" content=\"https:\/\/www.chateaudegoutelas.fr\/wp-content\/uploads\/2019\/03\/EOC.jpg\" \/>\n\t<meta property=\"og:image:width\" content=\"1100\" \/>\n\t<meta property=\"og:image:height\" content=\"618\" \/>\n\t<meta property=\"og:image:type\" content=\"image\/jpeg\" \/>\n<meta name=\"twitter:card\" content=\"summary_large_image\" \/>\n<script type=\"application\/ld+json\" class=\"yoast-schema-graph\">{\"@context\":\"https:\\\/\\\/schema.org\",\"@graph\":[{\"@type\":\"WebPage\",\"@id\":\"https:\\\/\\\/www.chateaudegoutelas.fr\\\/archive\\\/07-o5-concert-commente-par-eoc-le-marteau-sans-maitre\\\/\",\"url\":\"https:\\\/\\\/www.chateaudegoutelas.fr\\\/archive\\\/07-o5-concert-commente-par-eoc-le-marteau-sans-maitre\\\/\",\"name\":\"07\\\/O5 - CONCERT COMMENT\u00c9 PAR L'EOC : Le marteau sans ma\u00eetre - Ch\u00e2teau de Goutelas\",\"isPartOf\":{\"@id\":\"https:\\\/\\\/www.chateaudegoutelas.fr\\\/#website\"},\"primaryImageOfPage\":{\"@id\":\"https:\\\/\\\/www.chateaudegoutelas.fr\\\/archive\\\/07-o5-concert-commente-par-eoc-le-marteau-sans-maitre\\\/#primaryimage\"},\"image\":{\"@id\":\"https:\\\/\\\/www.chateaudegoutelas.fr\\\/archive\\\/07-o5-concert-commente-par-eoc-le-marteau-sans-maitre\\\/#primaryimage\"},\"thumbnailUrl\":\"https:\\\/\\\/www.chateaudegoutelas.fr\\\/wp-content\\\/uploads\\\/2019\\\/03\\\/EOC.jpg\",\"datePublished\":\"2019-01-23T15:23:28+00:00\",\"dateModified\":\"2023-05-26T08:01:01+00:00\",\"breadcrumb\":{\"@id\":\"https:\\\/\\\/www.chateaudegoutelas.fr\\\/archive\\\/07-o5-concert-commente-par-eoc-le-marteau-sans-maitre\\\/#breadcrumb\"},\"inLanguage\":\"en-GB\",\"potentialAction\":[{\"@type\":\"ReadAction\",\"target\":[\"https:\\\/\\\/www.chateaudegoutelas.fr\\\/archive\\\/07-o5-concert-commente-par-eoc-le-marteau-sans-maitre\\\/\"]}]},{\"@type\":\"ImageObject\",\"inLanguage\":\"en-GB\",\"@id\":\"https:\\\/\\\/www.chateaudegoutelas.fr\\\/archive\\\/07-o5-concert-commente-par-eoc-le-marteau-sans-maitre\\\/#primaryimage\",\"url\":\"https:\\\/\\\/www.chateaudegoutelas.fr\\\/wp-content\\\/uploads\\\/2019\\\/03\\\/EOC.jpg\",\"contentUrl\":\"https:\\\/\\\/www.chateaudegoutelas.fr\\\/wp-content\\\/uploads\\\/2019\\\/03\\\/EOC.jpg\",\"width\":1100,\"height\":618,\"caption\":\"SONY DSC\"},{\"@type\":\"BreadcrumbList\",\"@id\":\"https:\\\/\\\/www.chateaudegoutelas.fr\\\/archive\\\/07-o5-concert-commente-par-eoc-le-marteau-sans-maitre\\\/#breadcrumb\",\"itemListElement\":[{\"@type\":\"ListItem\",\"position\":1,\"name\":\"Accueil\",\"item\":\"https:\\\/\\\/www.chateaudegoutelas.fr\\\/\"},{\"@type\":\"ListItem\",\"position\":2,\"name\":\"07\\\/O5 &#8211; CONCERT COMMENT\u00c9 PAR L&rsquo;EOC : Le marteau sans ma\u00eetre\"}]},{\"@type\":\"WebSite\",\"@id\":\"https:\\\/\\\/www.chateaudegoutelas.fr\\\/#website\",\"url\":\"https:\\\/\\\/www.chateaudegoutelas.fr\\\/\",\"name\":\"Ch\u00e2teau de Goutelas\",\"description\":\"Un centre culturel de rencontre en Forez\",\"publisher\":{\"@id\":\"https:\\\/\\\/www.chateaudegoutelas.fr\\\/#organization\"},\"potentialAction\":[{\"@type\":\"SearchAction\",\"target\":{\"@type\":\"EntryPoint\",\"urlTemplate\":\"https:\\\/\\\/www.chateaudegoutelas.fr\\\/?s={search_term_string}\"},\"query-input\":{\"@type\":\"PropertyValueSpecification\",\"valueRequired\":true,\"valueName\":\"search_term_string\"}}],\"inLanguage\":\"en-GB\"},{\"@type\":\"Organization\",\"@id\":\"https:\\\/\\\/www.chateaudegoutelas.fr\\\/#organization\",\"name\":\"Ch\u00e2teau de Goutelas\",\"url\":\"https:\\\/\\\/www.chateaudegoutelas.fr\\\/\",\"logo\":{\"@type\":\"ImageObject\",\"inLanguage\":\"en-GB\",\"@id\":\"https:\\\/\\\/www.chateaudegoutelas.fr\\\/#\\\/schema\\\/logo\\\/image\\\/\",\"url\":\"https:\\\/\\\/www.chateaudegoutelas.fr\\\/wp-content\\\/uploads\\\/2023\\\/05\\\/logo-chateau-goutelas-bleu.png\",\"contentUrl\":\"https:\\\/\\\/www.chateaudegoutelas.fr\\\/wp-content\\\/uploads\\\/2023\\\/05\\\/logo-chateau-goutelas-bleu.png\",\"width\":1123,\"height\":327,\"caption\":\"Ch\u00e2teau de Goutelas\"},\"image\":{\"@id\":\"https:\\\/\\\/www.chateaudegoutelas.fr\\\/#\\\/schema\\\/logo\\\/image\\\/\"}}]}<\/script>\n<!-- \/ Yoast SEO plugin. -->","yoast_head_json":{"title":"07\/O5 - CONCERT COMMENT\u00c9 PAR L'EOC : Le marteau sans ma\u00eetre - Ch\u00e2teau de Goutelas","robots":{"index":"index","follow":"follow","max-snippet":"max-snippet:-1","max-image-preview":"max-image-preview:large","max-video-preview":"max-video-preview:-1"},"canonical":"https:\/\/www.chateaudegoutelas.fr\/en\/archive\/07-o5-concert-commente-par-eoc-le-marteau-sans-maitre\/","og_locale":"en_GB","og_type":"article","og_title":"07\/O5 - CONCERT COMMENT\u00c9 PAR L'EOC : Le marteau sans ma\u00eetre - Ch\u00e2teau de Goutelas","og_description":"Mardi 7 mai | 19h\u00a0 Le Marteau sans ma\u00eetre est assur\u00e9ment l\u2019\u0153uvre la plus inventive de la seconde moiti\u00e9 du XXe si\u00e8cle\u00a0: une musique venue d\u2019ailleurs, inou\u00efe, qui marque son temps et s\u2019inscrit dans la po\u00e9sie sonore universelle. Nous vous invitons \u00e0 entendre l\u2019\u0153uvre jou\u00e9e par l\u2019EOC et \u00e0 entrer au c\u0153ur du travail d\u2019interpr\u00e9tation. [&hellip;]","og_url":"https:\/\/www.chateaudegoutelas.fr\/en\/archive\/07-o5-concert-commente-par-eoc-le-marteau-sans-maitre\/","og_site_name":"Ch\u00e2teau de Goutelas","article_modified_time":"2023-05-26T08:01:01+00:00","og_image":[{"width":1100,"height":618,"url":"https:\/\/www.chateaudegoutelas.fr\/wp-content\/uploads\/2019\/03\/EOC.jpg","type":"image\/jpeg"}],"twitter_card":"summary_large_image","schema":{"@context":"https:\/\/schema.org","@graph":[{"@type":"WebPage","@id":"https:\/\/www.chateaudegoutelas.fr\/archive\/07-o5-concert-commente-par-eoc-le-marteau-sans-maitre\/","url":"https:\/\/www.chateaudegoutelas.fr\/archive\/07-o5-concert-commente-par-eoc-le-marteau-sans-maitre\/","name":"07\/O5 - CONCERT COMMENT\u00c9 PAR L'EOC : Le marteau sans ma\u00eetre - Ch\u00e2teau de Goutelas","isPartOf":{"@id":"https:\/\/www.chateaudegoutelas.fr\/#website"},"primaryImageOfPage":{"@id":"https:\/\/www.chateaudegoutelas.fr\/archive\/07-o5-concert-commente-par-eoc-le-marteau-sans-maitre\/#primaryimage"},"image":{"@id":"https:\/\/www.chateaudegoutelas.fr\/archive\/07-o5-concert-commente-par-eoc-le-marteau-sans-maitre\/#primaryimage"},"thumbnailUrl":"https:\/\/www.chateaudegoutelas.fr\/wp-content\/uploads\/2019\/03\/EOC.jpg","datePublished":"2019-01-23T15:23:28+00:00","dateModified":"2023-05-26T08:01:01+00:00","breadcrumb":{"@id":"https:\/\/www.chateaudegoutelas.fr\/archive\/07-o5-concert-commente-par-eoc-le-marteau-sans-maitre\/#breadcrumb"},"inLanguage":"en-GB","potentialAction":[{"@type":"ReadAction","target":["https:\/\/www.chateaudegoutelas.fr\/archive\/07-o5-concert-commente-par-eoc-le-marteau-sans-maitre\/"]}]},{"@type":"ImageObject","inLanguage":"en-GB","@id":"https:\/\/www.chateaudegoutelas.fr\/archive\/07-o5-concert-commente-par-eoc-le-marteau-sans-maitre\/#primaryimage","url":"https:\/\/www.chateaudegoutelas.fr\/wp-content\/uploads\/2019\/03\/EOC.jpg","contentUrl":"https:\/\/www.chateaudegoutelas.fr\/wp-content\/uploads\/2019\/03\/EOC.jpg","width":1100,"height":618,"caption":"SONY DSC"},{"@type":"BreadcrumbList","@id":"https:\/\/www.chateaudegoutelas.fr\/archive\/07-o5-concert-commente-par-eoc-le-marteau-sans-maitre\/#breadcrumb","itemListElement":[{"@type":"ListItem","position":1,"name":"Accueil","item":"https:\/\/www.chateaudegoutelas.fr\/"},{"@type":"ListItem","position":2,"name":"07\/O5 &#8211; CONCERT COMMENT\u00c9 PAR L&rsquo;EOC : Le marteau sans ma\u00eetre"}]},{"@type":"WebSite","@id":"https:\/\/www.chateaudegoutelas.fr\/#website","url":"https:\/\/www.chateaudegoutelas.fr\/","name":"Ch\u00e2teau de Goutelas","description":"Un centre culturel de rencontre en Forez","publisher":{"@id":"https:\/\/www.chateaudegoutelas.fr\/#organization"},"potentialAction":[{"@type":"SearchAction","target":{"@type":"EntryPoint","urlTemplate":"https:\/\/www.chateaudegoutelas.fr\/?s={search_term_string}"},"query-input":{"@type":"PropertyValueSpecification","valueRequired":true,"valueName":"search_term_string"}}],"inLanguage":"en-GB"},{"@type":"Organization","@id":"https:\/\/www.chateaudegoutelas.fr\/#organization","name":"Ch\u00e2teau de Goutelas","url":"https:\/\/www.chateaudegoutelas.fr\/","logo":{"@type":"ImageObject","inLanguage":"en-GB","@id":"https:\/\/www.chateaudegoutelas.fr\/#\/schema\/logo\/image\/","url":"https:\/\/www.chateaudegoutelas.fr\/wp-content\/uploads\/2023\/05\/logo-chateau-goutelas-bleu.png","contentUrl":"https:\/\/www.chateaudegoutelas.fr\/wp-content\/uploads\/2023\/05\/logo-chateau-goutelas-bleu.png","width":1123,"height":327,"caption":"Ch\u00e2teau de Goutelas"},"image":{"@id":"https:\/\/www.chateaudegoutelas.fr\/#\/schema\/logo\/image\/"}}]}},"_links":{"self":[{"href":"http:\/\/www.chateaudegoutelas.fr\/en\/wp-json\/wp\/v2\/archive\/1423","targetHints":{"allow":["GET"]}}],"collection":[{"href":"http:\/\/www.chateaudegoutelas.fr\/en\/wp-json\/wp\/v2\/archive"}],"about":[{"href":"http:\/\/www.chateaudegoutelas.fr\/en\/wp-json\/wp\/v2\/types\/archive"}],"author":[{"embeddable":true,"href":"http:\/\/www.chateaudegoutelas.fr\/en\/wp-json\/wp\/v2\/users\/4"}],"wp:featuredmedia":[{"embeddable":true,"href":"http:\/\/www.chateaudegoutelas.fr\/en\/wp-json\/wp\/v2\/media\/1421"}],"wp:attachment":[{"href":"http:\/\/www.chateaudegoutelas.fr\/en\/wp-json\/wp\/v2\/media?parent=1423"}],"wp:term":[{"taxonomy":"category","embeddable":true,"href":"http:\/\/www.chateaudegoutelas.fr\/en\/wp-json\/wp\/v2\/categories?post=1423"},{"taxonomy":"post_tag","embeddable":true,"href":"http:\/\/www.chateaudegoutelas.fr\/en\/wp-json\/wp\/v2\/tags?post=1423"}],"curies":[{"name":"wp","href":"https:\/\/api.w.org\/{rel}","templated":true}]}}