{"id":1075,"date":"2019-01-13T13:53:28","date_gmt":"2019-01-13T12:53:28","guid":{"rendered":"https:\/\/www.chateaudegoutelas.fr\/?p=1075"},"modified":"2023-05-26T10:01:08","modified_gmt":"2023-05-26T08:01:08","slug":"concert-lecture-lislande-a-velo-avec-le-quatuor-des-tisseurs-de-sons","status":"publish","type":"archive","link":"http:\/\/www.chateaudegoutelas.fr\/en\/archive\/concert-lecture-lislande-a-velo-avec-le-quatuor-des-tisseurs-de-sons\/","title":{"rendered":"24\/03 &#8211; CONCERT-LECTURE :  L&rsquo;Islande \u00e0 v\u00e9lo avec le quatuor des Tisseurs de Sons"},"content":{"rendered":"<div class=\"shmMigrate\"><\/div>\n<div class=\"shmMigrate\"><\/div>\n<div class=\"shmMigrate\"><\/div>\n<p>Dimanche 24 mars | 17h<\/p>\n<div class=\"shmMigrate\"><\/div>\n<div class=\"shmMigrate\"><\/div>\n<div class=\"shmMigrate\"><\/div>\n<div class=\"shmMigrate\"><\/div>\n<div class=\"shmMigrate\"><\/div>\n<div class=\"shmMigrate\"><\/div>\n<div class=\"shmMigrate\"><\/div>\n<p>Voyage en musique et en mots avec le quatuor de l\u2019acad\u00e9mie Tisseurs de Sons<\/p>\n<p>Autour du voyage et des \u0153uvres d\u2019Aur\u00e9lia Brivet (exposition \u00e0 la m\u00e9diath\u00e8que de Saint-Just-Saint-Rambert, conf\u00e9rence \u00e0 Goutelas le vendredi 15 mars), les quatre musiciens de l\u2019acad\u00e9mie Tisseurs de Sons nous invitent au voyage !<br \/>\nSous la direction artistique de Jean-Marie Gardette, ils proposent une \u00ab illustration sonore \u00bb du p\u00e9riple d\u2019Aur\u00e9lia Brivet, m\u00ealant extraits de r\u00e9cit et musique romantique du XIXe si\u00e8cle.<\/p>\n<p>Dur\u00e9e : 1 h 15 | Tout public<br \/>\nTarif : 12 \u20ac | Tarif r\u00e9duit 6 \u20ac<br \/>\nGratuit pour enfants de moins de 12 ans<\/p>\n<div class=\"shmMigrate\"><\/div>\n<div class=\"shmMigrate\"><\/div>\n<div class=\"shmMigrate\"><\/div>\n<div class=\"shmMigrate\"><\/div>\n<div class=\"shmMigrate\"><\/div>\n<div class=\"shmMigrate\"><\/div>\n<div class=\"shmMigrate\"><\/div>","protected":false},"author":4,"featured_media":1076,"template":"","meta":{"site-sidebar-layout":"default","site-content-layout":"","ast-site-content-layout":"default","site-content-style":"default","site-sidebar-style":"default","ast-global-header-display":"","ast-banner-title-visibility":"","ast-main-header-display":"","ast-hfb-above-header-display":"","ast-hfb-below-header-display":"","ast-hfb-mobile-header-display":"","site-post-title":"","ast-breadcrumbs-content":null,"ast-featured-img":"","footer-sml-layout":"","ast-disable-related-posts":"","theme-transparent-header-meta":"","adv-header-id-meta":"","stick-header-meta":"","header-above-stick-meta":null,"header-main-stick-meta":"","header-below-stick-meta":null,"astra-migrate-meta-layouts":"default","ast-page-background-enabled":"default","ast-page-background-meta":{"desktop":{"background-color":"","background-image":"","background-repeat":"repeat","background-position":"center center","background-size":"auto","background-attachment":"scroll","background-type":"","background-media":"","overlay-type":"","overlay-color":"","overlay-opacity":"","overlay-gradient":""},"tablet":{"background-color":"","background-image":"","background-repeat":"repeat","background-position":"center center","background-size":"auto","background-attachment":"scroll","background-type":"","background-media":"","overlay-type":"","overlay-color":"","overlay-opacity":"","overlay-gradient":""},"mobile":{"background-color":"","background-image":"","background-repeat":"repeat","background-position":"center center","background-size":"auto","background-attachment":"scroll","background-type":"","background-media":"","overlay-type":"","overlay-color":"","overlay-opacity":"","overlay-gradient":""}},"ast-content-background-meta":{"desktop":{"background-color":"var(--ast-global-color-5)","background-image":"","background-repeat":"repeat","background-position":"center center","background-size":"auto","background-attachment":"scroll","background-type":"","background-media":"","overlay-type":"","overlay-color":"","overlay-opacity":"","overlay-gradient":""},"tablet":{"background-color":"var(--ast-global-color-5)","background-image":"","background-repeat":"repeat","background-position":"center center","background-size":"auto","background-attachment":"scroll","background-type":"","background-media":"","overlay-type":"","overlay-color":"","overlay-opacity":"","overlay-gradient":""},"mobile":{"background-color":"var(--ast-global-color-5)","background-image":"","background-repeat":"repeat","background-position":"center center","background-size":"auto","background-attachment":"scroll","background-type":"","background-media":"","overlay-type":"","overlay-color":"","overlay-opacity":"","overlay-gradient":""}}},"categories":[4],"tags":[9],"class_list":["post-1075","archive","type-archive","status-publish","has-post-thumbnail","hentry","category-actualites","tag-concert"],"yoast_head":"<!-- This site is optimized with the Yoast SEO plugin v27.5 - https:\/\/yoast.com\/product\/yoast-seo-wordpress\/ -->\n<title>24\/03 - CONCERT-LECTURE : L&#039;Islande \u00e0 v\u00e9lo avec le quatuor des Tisseurs de Sons - Ch\u00e2teau de Goutelas<\/title>\n<meta name=\"robots\" content=\"index, follow, max-snippet:-1, max-image-preview:large, max-video-preview:-1\" \/>\n<link rel=\"canonical\" href=\"https:\/\/www.chateaudegoutelas.fr\/en\/archive\/concert-lecture-lislande-a-velo-avec-le-quatuor-des-tisseurs-de-sons\/\" \/>\n<meta property=\"og:locale\" content=\"en_GB\" \/>\n<meta property=\"og:type\" content=\"article\" \/>\n<meta property=\"og:title\" content=\"24\/03 - CONCERT-LECTURE : L&#039;Islande \u00e0 v\u00e9lo avec le quatuor des Tisseurs de Sons - Ch\u00e2teau de Goutelas\" \/>\n<meta property=\"og:description\" content=\"Dimanche 24 mars | 17h Voyage en musique et en mots avec le quatuor de l\u2019acad\u00e9mie Tisseurs de Sons Autour du voyage et des \u0153uvres d\u2019Aur\u00e9lia Brivet (exposition \u00e0 la m\u00e9diath\u00e8que de Saint-Just-Saint-Rambert, conf\u00e9rence \u00e0 Goutelas le vendredi 15 mars), les quatre musiciens de l\u2019acad\u00e9mie Tisseurs de Sons nous invitent au voyage ! Sous la [&hellip;]\" \/>\n<meta property=\"og:url\" content=\"https:\/\/www.chateaudegoutelas.fr\/en\/archive\/concert-lecture-lislande-a-velo-avec-le-quatuor-des-tisseurs-de-sons\/\" \/>\n<meta property=\"og:site_name\" content=\"Ch\u00e2teau de Goutelas\" \/>\n<meta property=\"article:modified_time\" content=\"2023-05-26T08:01:08+00:00\" \/>\n<meta property=\"og:image\" content=\"https:\/\/www.chateaudegoutelas.fr\/wp-content\/uploads\/2019\/01\/Tisseurs-de-Sons.jpg\" \/>\n\t<meta property=\"og:image:width\" content=\"1100\" \/>\n\t<meta property=\"og:image:height\" content=\"733\" \/>\n\t<meta property=\"og:image:type\" content=\"image\/jpeg\" \/>\n<meta name=\"twitter:card\" content=\"summary_large_image\" \/>\n<meta name=\"twitter:label1\" content=\"Estimated reading time\" \/>\n\t<meta name=\"twitter:data1\" content=\"1 minute\" \/>\n<script type=\"application\/ld+json\" class=\"yoast-schema-graph\">{\"@context\":\"https:\\\/\\\/schema.org\",\"@graph\":[{\"@type\":\"WebPage\",\"@id\":\"https:\\\/\\\/www.chateaudegoutelas.fr\\\/archive\\\/concert-lecture-lislande-a-velo-avec-le-quatuor-des-tisseurs-de-sons\\\/\",\"url\":\"https:\\\/\\\/www.chateaudegoutelas.fr\\\/archive\\\/concert-lecture-lislande-a-velo-avec-le-quatuor-des-tisseurs-de-sons\\\/\",\"name\":\"24\\\/03 - CONCERT-LECTURE : L'Islande \u00e0 v\u00e9lo avec le quatuor des Tisseurs de Sons - Ch\u00e2teau de Goutelas\",\"isPartOf\":{\"@id\":\"https:\\\/\\\/www.chateaudegoutelas.fr\\\/#website\"},\"primaryImageOfPage\":{\"@id\":\"https:\\\/\\\/www.chateaudegoutelas.fr\\\/archive\\\/concert-lecture-lislande-a-velo-avec-le-quatuor-des-tisseurs-de-sons\\\/#primaryimage\"},\"image\":{\"@id\":\"https:\\\/\\\/www.chateaudegoutelas.fr\\\/archive\\\/concert-lecture-lislande-a-velo-avec-le-quatuor-des-tisseurs-de-sons\\\/#primaryimage\"},\"thumbnailUrl\":\"https:\\\/\\\/www.chateaudegoutelas.fr\\\/wp-content\\\/uploads\\\/2019\\\/01\\\/Tisseurs-de-Sons.jpg\",\"datePublished\":\"2019-01-13T12:53:28+00:00\",\"dateModified\":\"2023-05-26T08:01:08+00:00\",\"breadcrumb\":{\"@id\":\"https:\\\/\\\/www.chateaudegoutelas.fr\\\/archive\\\/concert-lecture-lislande-a-velo-avec-le-quatuor-des-tisseurs-de-sons\\\/#breadcrumb\"},\"inLanguage\":\"en-GB\",\"potentialAction\":[{\"@type\":\"ReadAction\",\"target\":[\"https:\\\/\\\/www.chateaudegoutelas.fr\\\/archive\\\/concert-lecture-lislande-a-velo-avec-le-quatuor-des-tisseurs-de-sons\\\/\"]}]},{\"@type\":\"ImageObject\",\"inLanguage\":\"en-GB\",\"@id\":\"https:\\\/\\\/www.chateaudegoutelas.fr\\\/archive\\\/concert-lecture-lislande-a-velo-avec-le-quatuor-des-tisseurs-de-sons\\\/#primaryimage\",\"url\":\"https:\\\/\\\/www.chateaudegoutelas.fr\\\/wp-content\\\/uploads\\\/2019\\\/01\\\/Tisseurs-de-Sons.jpg\",\"contentUrl\":\"https:\\\/\\\/www.chateaudegoutelas.fr\\\/wp-content\\\/uploads\\\/2019\\\/01\\\/Tisseurs-de-Sons.jpg\",\"width\":1100,\"height\":733},{\"@type\":\"BreadcrumbList\",\"@id\":\"https:\\\/\\\/www.chateaudegoutelas.fr\\\/archive\\\/concert-lecture-lislande-a-velo-avec-le-quatuor-des-tisseurs-de-sons\\\/#breadcrumb\",\"itemListElement\":[{\"@type\":\"ListItem\",\"position\":1,\"name\":\"Accueil\",\"item\":\"https:\\\/\\\/www.chateaudegoutelas.fr\\\/\"},{\"@type\":\"ListItem\",\"position\":2,\"name\":\"24\\\/03 &#8211; CONCERT-LECTURE : L&rsquo;Islande \u00e0 v\u00e9lo avec le quatuor des Tisseurs de Sons\"}]},{\"@type\":\"WebSite\",\"@id\":\"https:\\\/\\\/www.chateaudegoutelas.fr\\\/#website\",\"url\":\"https:\\\/\\\/www.chateaudegoutelas.fr\\\/\",\"name\":\"Ch\u00e2teau de Goutelas\",\"description\":\"Un centre culturel de rencontre en Forez\",\"publisher\":{\"@id\":\"https:\\\/\\\/www.chateaudegoutelas.fr\\\/#organization\"},\"potentialAction\":[{\"@type\":\"SearchAction\",\"target\":{\"@type\":\"EntryPoint\",\"urlTemplate\":\"https:\\\/\\\/www.chateaudegoutelas.fr\\\/?s={search_term_string}\"},\"query-input\":{\"@type\":\"PropertyValueSpecification\",\"valueRequired\":true,\"valueName\":\"search_term_string\"}}],\"inLanguage\":\"en-GB\"},{\"@type\":\"Organization\",\"@id\":\"https:\\\/\\\/www.chateaudegoutelas.fr\\\/#organization\",\"name\":\"Ch\u00e2teau de Goutelas\",\"url\":\"https:\\\/\\\/www.chateaudegoutelas.fr\\\/\",\"logo\":{\"@type\":\"ImageObject\",\"inLanguage\":\"en-GB\",\"@id\":\"https:\\\/\\\/www.chateaudegoutelas.fr\\\/#\\\/schema\\\/logo\\\/image\\\/\",\"url\":\"https:\\\/\\\/www.chateaudegoutelas.fr\\\/wp-content\\\/uploads\\\/2023\\\/05\\\/logo-chateau-goutelas-bleu.png\",\"contentUrl\":\"https:\\\/\\\/www.chateaudegoutelas.fr\\\/wp-content\\\/uploads\\\/2023\\\/05\\\/logo-chateau-goutelas-bleu.png\",\"width\":1123,\"height\":327,\"caption\":\"Ch\u00e2teau de Goutelas\"},\"image\":{\"@id\":\"https:\\\/\\\/www.chateaudegoutelas.fr\\\/#\\\/schema\\\/logo\\\/image\\\/\"}}]}<\/script>\n<!-- \/ Yoast SEO plugin. -->","yoast_head_json":{"title":"24\/03 - CONCERT-LECTURE : L'Islande \u00e0 v\u00e9lo avec le quatuor des Tisseurs de Sons - Ch\u00e2teau de Goutelas","robots":{"index":"index","follow":"follow","max-snippet":"max-snippet:-1","max-image-preview":"max-image-preview:large","max-video-preview":"max-video-preview:-1"},"canonical":"https:\/\/www.chateaudegoutelas.fr\/en\/archive\/concert-lecture-lislande-a-velo-avec-le-quatuor-des-tisseurs-de-sons\/","og_locale":"en_GB","og_type":"article","og_title":"24\/03 - CONCERT-LECTURE : L'Islande \u00e0 v\u00e9lo avec le quatuor des Tisseurs de Sons - Ch\u00e2teau de Goutelas","og_description":"Dimanche 24 mars | 17h Voyage en musique et en mots avec le quatuor de l\u2019acad\u00e9mie Tisseurs de Sons Autour du voyage et des \u0153uvres d\u2019Aur\u00e9lia Brivet (exposition \u00e0 la m\u00e9diath\u00e8que de Saint-Just-Saint-Rambert, conf\u00e9rence \u00e0 Goutelas le vendredi 15 mars), les quatre musiciens de l\u2019acad\u00e9mie Tisseurs de Sons nous invitent au voyage ! Sous la [&hellip;]","og_url":"https:\/\/www.chateaudegoutelas.fr\/en\/archive\/concert-lecture-lislande-a-velo-avec-le-quatuor-des-tisseurs-de-sons\/","og_site_name":"Ch\u00e2teau de Goutelas","article_modified_time":"2023-05-26T08:01:08+00:00","og_image":[{"width":1100,"height":733,"url":"https:\/\/www.chateaudegoutelas.fr\/wp-content\/uploads\/2019\/01\/Tisseurs-de-Sons.jpg","type":"image\/jpeg"}],"twitter_card":"summary_large_image","twitter_misc":{"Estimated reading time":"1 minute"},"schema":{"@context":"https:\/\/schema.org","@graph":[{"@type":"WebPage","@id":"https:\/\/www.chateaudegoutelas.fr\/archive\/concert-lecture-lislande-a-velo-avec-le-quatuor-des-tisseurs-de-sons\/","url":"https:\/\/www.chateaudegoutelas.fr\/archive\/concert-lecture-lislande-a-velo-avec-le-quatuor-des-tisseurs-de-sons\/","name":"24\/03 - CONCERT-LECTURE : L'Islande \u00e0 v\u00e9lo avec le quatuor des Tisseurs de Sons - Ch\u00e2teau de Goutelas","isPartOf":{"@id":"https:\/\/www.chateaudegoutelas.fr\/#website"},"primaryImageOfPage":{"@id":"https:\/\/www.chateaudegoutelas.fr\/archive\/concert-lecture-lislande-a-velo-avec-le-quatuor-des-tisseurs-de-sons\/#primaryimage"},"image":{"@id":"https:\/\/www.chateaudegoutelas.fr\/archive\/concert-lecture-lislande-a-velo-avec-le-quatuor-des-tisseurs-de-sons\/#primaryimage"},"thumbnailUrl":"https:\/\/www.chateaudegoutelas.fr\/wp-content\/uploads\/2019\/01\/Tisseurs-de-Sons.jpg","datePublished":"2019-01-13T12:53:28+00:00","dateModified":"2023-05-26T08:01:08+00:00","breadcrumb":{"@id":"https:\/\/www.chateaudegoutelas.fr\/archive\/concert-lecture-lislande-a-velo-avec-le-quatuor-des-tisseurs-de-sons\/#breadcrumb"},"inLanguage":"en-GB","potentialAction":[{"@type":"ReadAction","target":["https:\/\/www.chateaudegoutelas.fr\/archive\/concert-lecture-lislande-a-velo-avec-le-quatuor-des-tisseurs-de-sons\/"]}]},{"@type":"ImageObject","inLanguage":"en-GB","@id":"https:\/\/www.chateaudegoutelas.fr\/archive\/concert-lecture-lislande-a-velo-avec-le-quatuor-des-tisseurs-de-sons\/#primaryimage","url":"https:\/\/www.chateaudegoutelas.fr\/wp-content\/uploads\/2019\/01\/Tisseurs-de-Sons.jpg","contentUrl":"https:\/\/www.chateaudegoutelas.fr\/wp-content\/uploads\/2019\/01\/Tisseurs-de-Sons.jpg","width":1100,"height":733},{"@type":"BreadcrumbList","@id":"https:\/\/www.chateaudegoutelas.fr\/archive\/concert-lecture-lislande-a-velo-avec-le-quatuor-des-tisseurs-de-sons\/#breadcrumb","itemListElement":[{"@type":"ListItem","position":1,"name":"Accueil","item":"https:\/\/www.chateaudegoutelas.fr\/"},{"@type":"ListItem","position":2,"name":"24\/03 &#8211; CONCERT-LECTURE : L&rsquo;Islande \u00e0 v\u00e9lo avec le quatuor des Tisseurs de Sons"}]},{"@type":"WebSite","@id":"https:\/\/www.chateaudegoutelas.fr\/#website","url":"https:\/\/www.chateaudegoutelas.fr\/","name":"Ch\u00e2teau de Goutelas","description":"Un centre culturel de rencontre en Forez","publisher":{"@id":"https:\/\/www.chateaudegoutelas.fr\/#organization"},"potentialAction":[{"@type":"SearchAction","target":{"@type":"EntryPoint","urlTemplate":"https:\/\/www.chateaudegoutelas.fr\/?s={search_term_string}"},"query-input":{"@type":"PropertyValueSpecification","valueRequired":true,"valueName":"search_term_string"}}],"inLanguage":"en-GB"},{"@type":"Organization","@id":"https:\/\/www.chateaudegoutelas.fr\/#organization","name":"Ch\u00e2teau de Goutelas","url":"https:\/\/www.chateaudegoutelas.fr\/","logo":{"@type":"ImageObject","inLanguage":"en-GB","@id":"https:\/\/www.chateaudegoutelas.fr\/#\/schema\/logo\/image\/","url":"https:\/\/www.chateaudegoutelas.fr\/wp-content\/uploads\/2023\/05\/logo-chateau-goutelas-bleu.png","contentUrl":"https:\/\/www.chateaudegoutelas.fr\/wp-content\/uploads\/2023\/05\/logo-chateau-goutelas-bleu.png","width":1123,"height":327,"caption":"Ch\u00e2teau de Goutelas"},"image":{"@id":"https:\/\/www.chateaudegoutelas.fr\/#\/schema\/logo\/image\/"}}]}},"_links":{"self":[{"href":"http:\/\/www.chateaudegoutelas.fr\/en\/wp-json\/wp\/v2\/archive\/1075","targetHints":{"allow":["GET"]}}],"collection":[{"href":"http:\/\/www.chateaudegoutelas.fr\/en\/wp-json\/wp\/v2\/archive"}],"about":[{"href":"http:\/\/www.chateaudegoutelas.fr\/en\/wp-json\/wp\/v2\/types\/archive"}],"author":[{"embeddable":true,"href":"http:\/\/www.chateaudegoutelas.fr\/en\/wp-json\/wp\/v2\/users\/4"}],"wp:featuredmedia":[{"embeddable":true,"href":"http:\/\/www.chateaudegoutelas.fr\/en\/wp-json\/wp\/v2\/media\/1076"}],"wp:attachment":[{"href":"http:\/\/www.chateaudegoutelas.fr\/en\/wp-json\/wp\/v2\/media?parent=1075"}],"wp:term":[{"taxonomy":"category","embeddable":true,"href":"http:\/\/www.chateaudegoutelas.fr\/en\/wp-json\/wp\/v2\/categories?post=1075"},{"taxonomy":"post_tag","embeddable":true,"href":"http:\/\/www.chateaudegoutelas.fr\/en\/wp-json\/wp\/v2\/tags?post=1075"}],"curies":[{"name":"wp","href":"https:\/\/api.w.org\/{rel}","templated":true}]}}